{"id":9,"date":"2021-01-26T16:38:02","date_gmt":"2021-01-26T16:38:02","guid":{"rendered":"http:\/\/museros.org\/?page_id=9"},"modified":"2025-07-15T16:15:32","modified_gmt":"2025-07-15T16:15:32","slug":"politica-de-privacidad","status":"publish","type":"page","link":"https:\/\/museros.org\/inici\/es\/politica-de-privacidad\/","title":{"rendered":"Pol\u00edtica de Privacidad"},"content":{"rendered":"<p>[et_pb_section fb_built=\u00bb1&#8243; _builder_version=\u00bb4.16&#8243; _module_preset=\u00bbdefault\u00bb custom_padding=\u00bb0px||||false|false\u00bb global_colors_info=\u00bb{}\u00bb][et_pb_row _builder_version=\u00bb4.23.1&#8243; _module_preset=\u00bbdefault\u00bb custom_margin=\u00bb40px||||false|false\u00bb custom_padding=\u00bb0px||||false|false\u00bb global_colors_info=\u00bb{}\u00bb][et_pb_column type=\u00bb4_4&#8243; _builder_version=\u00bb4.16&#8243; _module_preset=\u00bbdefault\u00bb global_colors_info=\u00bb{}\u00bb][et_pb_text _builder_version=\u00bb4.23.1&#8243; _module_preset=\u00bbdefault\u00bb global_colors_info=\u00bb{}\u00bb]<\/p>\n<p>De acuerdo con el art\u00edculo 10 de la Ley 34\/2002, de 11 de julio, de Servicios de la Sociedad de la Informaci\u00f3n y Comercio Electr\u00f3nico, ponemos en su conocimiento que <strong>Ayuntamiento de Museros<\/strong>, con C.I.F. P4617900H y domicilio en Plaza del Castell 1 &#8211; 46136 Museros es la encargada de la gesti\u00f3n y funcionamiento de la web www.museros.org y la aplicaci\u00f3n Reserva Paelleros Museros.<\/p>\n<p>Si desea contactar con nosotros puede hacerlo mediante correo postal a la direcci\u00f3n arriba indicada o bien a trav\u00e9s del correo electr\u00f3nico\u00a0<a href=\"mailto:museros@museros.es\">museros@museros.es<\/a><\/p>\n<p>El acceso a nuestro dominio puede realizarse directamente o a trav\u00e9s de cualquier redirecci\u00f3n existente, como es el caso de museros.es, ayunt-museros.com y ajunt-museros.com, siendo la Pol\u00edtica de Privacidad aplicable esta misma.<\/p>\n<p>&nbsp;<\/p>\n<h1>POL\u00cdTICA DE PRIVACIDAD<\/h1>\n<p>Esta Pol\u00edtica de Privacidad describe el modo en que tratamos sus datos personales (por ej. recogida, uso, comunicaci\u00f3n, conservaci\u00f3n y protecci\u00f3n de su informaci\u00f3n personal) y proporciona informaci\u00f3n acerca de sus derechos como interesado\/a.<\/p>\n<p><strong>Ayuntamiento de Museros <\/strong>es el responsable del tratamiento, as\u00ed como de la recogida, uso, comunicaci\u00f3n, conservaci\u00f3n y protecci\u00f3n de sus datos personales, de acuerdo con el Reglamento General de Protecci\u00f3n de Datos, reglas y pol\u00edticas internas o cualquier normativa nacional aplicable.<\/p>\n<p>En cumplimiento de la Ley Org\u00e1nica 3\/2018 de 5 de diciembre, de Protecci\u00f3n de Datos Personales y Garant\u00eda de los Derechos Digitales (LOPDGDD), as\u00ed como el Reglamento General (UE) 2016\/679 del Parlamento Europeo y del Consejo de 27 de Abril de 2016, por medio del presente documento, <strong>Ayuntamiento de Museros <\/strong>informa:<\/p>\n<p><strong><u>Identidad y datos de contacto del Responsable<\/u><\/strong><\/p>\n<p>Nuestra informaci\u00f3n identificativa:<\/p>\n<p><strong>Ayuntamiento de Museros<\/strong><\/p>\n<p>Puede contactar con nosotros<\/p>\n<ul>\n<li>Por correo postal: Plaza del Castell 1 &#8211; 46136 Museros<\/li>\n<li>Por e-mail: <a href=\"mailto:museros@museros.es\">museros@museros.es<\/a><\/li>\n<li>Por tel\u00e9fono: 961441680<\/li>\n<li>P\u00e1gina web: <a href=\"http:\/\/www.museros.es\">museros.es<\/a><\/li>\n<\/ul>\n<p>Le informamos que de conformidad con el RGPD en su art\u00edculo 37.1 recoge la obligatoriedad de la designaci\u00f3n de un Delegado de Protecci\u00f3n de Datos al cual podr\u00e1 dirigirse por correo electr\u00f3nico o bien por tel\u00e9fono y ante el que podr\u00e1 dirigir todas las cuestiones, dudas, sugerencias o para el ejercicio de sus derechos al amparo del presente Reglamento en lo relativo al tratamiento de sus datos personales.<\/p>\n<p>Datos de nuestro DPO:<\/p>\n<ul>\n<li>Caler Consultores, S.L.<\/li>\n<li>dpo@museros.es<\/li>\n<\/ul>\n<p><strong><u>Categor\u00edas de datos personales<\/u><\/strong><\/p>\n<p>Tratamos las siguientes categor\u00edas de datos personales:<\/p>\n<ul>\n<li><strong>Datos identificativos<\/strong>\u2013 nombre y apellidos, DNI o equivalente.<\/li>\n<li><strong>Datos de contacto<\/strong>\u2013 email, n\u00famero de tel\u00e9fono y direcci\u00f3n.<\/li>\n<\/ul>\n<ul>\n<li><strong>Datos digitales<\/strong>\u00a0\u2013 cookies, direcci\u00f3n IP, p\u00e1ginas webs y redes sociales y otros datos accesibles p\u00fablicamente en Internet, etc.<\/li>\n<li><strong>Datos municipales <\/strong>\u2013 datos como vecino de Museros.<\/li>\n<li><strong>Otros datos necesarios para el tratamiento &#8211; <\/strong>para m\u00e1s informaci\u00f3n sobre la categor\u00eda de datos personales en el desarrollo de nuestra Actividad, puede consultar nuestro Registro de Actividades.<\/li>\n<\/ul>\n<p><strong><u>\u00bfC\u00f3mo recogemos sus datos?<\/u><\/strong><\/p>\n<p><strong><u><\/u><\/strong>Recogemos informaci\u00f3n sobre usted de las siguientes fuentes:<\/p>\n<p>Desde nuestra web:<\/p>\n<ul>\n<li>A trav\u00e9s de formularios presentes en nuestra web como por ejemplo el OMAC en l\u00ednea.<\/li>\n<\/ul>\n<p>Desde otras fuentes de internet:<\/p>\n<ul>\n<li>A trav\u00e9s de nuestras redes sociales.<\/li>\n<li>A trav\u00e9s del email a Proveedores con los que ya ha existido una relaci\u00f3n comercial previa.<\/li>\n<li>A trav\u00e9s del email a interesados sin relaci\u00f3n comercial de los que a\u00fan no tenemos el consentimiento expl\u00edcito.<\/li>\n<li>A trav\u00e9s del email a Interesados de los que disponemos el consentimiento a trav\u00e9s de los diferentes formularios de contacto.<\/li>\n<\/ul>\n<p>Desde nuestra aplicaci\u00f3n:<\/p>\n<ul>\n<li>A trav\u00e9s del formulario de Registro del APP.<\/li>\n<\/ul>\n<p>Desde otras fuentes:<\/p>\n<ul>\n<li>A trav\u00e9s de los distintos canales de comunicaci\u00f3n del Ayuntamiento.<\/li>\n<li>De nuestras bases de datos internas<\/li>\n<li>Solicitudes presentadas en formato electr\u00f3nico o entregadas personalmente en el ayuntamiento relacionadas con los servicios municipales disponibles como la piscina.<\/li>\n<li>A trav\u00e9s de nuestro registro de entrada<\/li>\n<li>Padr\u00f3n municipal de habitantes<\/li>\n<li>Solicitudes de Subvenciones y Ayudas<\/li>\n<li>Solicitudes de Obras y Licencias<\/li>\n<li>Inscripciones en Bolsas de trabajo.<\/li>\n<li>Uso de la Biblioteca municipal<\/li>\n<\/ul>\n<p>Para m\u00e1s informaci\u00f3n sobre los diferentes mecanismos de recogidas de datos en el desarrollo de nuestra actividad, puede consultar nuestro Registro de Actividades.<\/p>\n<p><strong><u>\u00bfCu\u00e1nto tiempo conservamos sus datos? (Plazo de Conservaci\u00f3n)<\/u><\/strong><\/p>\n<p>Los datos ser\u00e1n conservados mientras exista una relaci\u00f3n comercial, contractual o profesional con el interesado\/a y posteriormente durante los a\u00f1os necesarios para cumplir con las obligaciones legales correspondientes en cada caso. Sin perjuicio de lo anterior, se conservar\u00e1n mientras sean necesarios para el tratamiento y el interesado\/a no solicite su supresi\u00f3n.<\/p>\n<p>En lo relativo a los datos de car\u00e1cter laboral o relacionados con la seguridad social, documentaci\u00f3n o los registros o soportes inform\u00e1ticos en que se hayan transmitido los correspondientes datos que acrediten el cumplimiento de las obligaciones en materia de afiliaci\u00f3n, altas, bajas o variaciones que, en su caso, se produjeran en relaci\u00f3n con dichas materias, as\u00ed como los documentos de cotizaci\u00f3n y los recibos justificativos del pago de salarios y del pago delegado de prestaciones, seg\u00fan el Art\u00edculo 21 del Real Decreto Legislativo 5\/2000, de 4 de agosto, por el que se aprueba el texto refundido de la Ley sobre Infracciones y Sanciones en el Orden Social, su conservaci\u00f3n ser\u00e1 de 4 a\u00f1os.<\/p>\n<p>En lo relativo a Documentaci\u00f3n contable y fiscal, a efectos fiscales, los libros de contabilidad y otros libros registros obligatorios seg\u00fan la normativa tributaria que proceda (IRPF, IVA, IS, etc), as\u00ed como los soportes documentales que justifiquen las anotaciones registradas en los libros (incluidos los programas y archivos inform\u00e1ticos y cualquier otro justificante que tenga trascendencia fiscal), deben conservarse, al menos, durante el periodo en que la Administraci\u00f3n tiene derecho a comprobar e investigar y en consecuencia, a liquidar deuda tributaria, seg\u00fan los Art\u00edculos del 66 al 70 de la Ley General Tributaria, ser\u00e1 de 4 a\u00f1os.<\/p>\n<p>En lo relativo a Documentaci\u00f3n contable y fiscal, a efectos mercantiles, libros, correspondencia, documentaci\u00f3n y justificantes concernientes a su negocio, debidamente ordenados a partir del \u00faltimo asiento realizado en los libros, salvo lo que se establezca por disposiciones generales o especiales (Esta obligaci\u00f3n mercantil se extiende tanto a los libros obligatorios (ingresos, gastos, bienes de inversi\u00f3n y provisiones adem\u00e1s de la documentaci\u00f3n y justificantes en que se soporten las anotaciones registradas en los libros (facturas emitidas y recibidas, tickets, facturas rectificativas, documentos bancarios, etc)), seg\u00fan el Art\u00edculo 30 del C\u00f3digo de Comercio, ser\u00e1 de 6 a\u00f1os.<\/p>\n<p>Los conjuntos documentales que constituyen los archivos de las administraciones locales tienen la categor\u00eda de patrimonio desde el momento en que la ley 16\/1985 de Patrimonio Hist\u00f3rico Espa\u00f1ol (Art. 46 y 149.1.28\u00aa. CE y Art. 25.2 LBRL y art. 42.2.e) Ley 7\/99 al hablar de \u201cpatrimonio hist\u00f3rico-art\u00edstico\u201d) establece en su art\u00edculo 49.2 que \u201cforman parte del Patrimonio Documental los documentos de cualquier \u00e9poca generados, conservados o reunidos en el ejercicio de su funci\u00f3n por cualquier organismo o entidad de car\u00e1cter p\u00fablico\u201d (incluidas, por tanto las Entidades Locales).<\/p>\n<p>Se aplicar\u00e1 la normativa de archivo y documentaci\u00f3n propia del ayuntamiento.<\/p>\n<p>Para m\u00e1s informaci\u00f3n sobre la conservaci\u00f3n de los datos en el desarrollo de nuestra actividad, puede consultar nuestro Registro de Actividades.<\/p>\n<p><strong><u>\u00bfA qui\u00e9n cedemos sus datos?<\/u><\/strong><\/p>\n<p><strong><u><\/u><\/strong>Dependiendo de la finalidad del tratamiento, se podri\u00e1n ceder sus datos personales a distintas categor\u00edas de destinatarios:<\/p>\n<ul>\n<li>Colaboradores (Mutua encargada de la vigilancia de la salud, Empresa de Prevenci\u00f3n de Riesgos Laborales, Entidades p\u00fablicas o privadas externas al Ayuntamiento para la correcta prestaci\u00f3n de sus servicios)<\/li>\n<li>Profesionales Externos (Empresas o Aut\u00f3nomo con trabajo puntual con acceso a datos)<\/li>\n<li>Administraciones p\u00fablicas (Tesorer\u00eda General de la Seguridad Social, al Servicio P\u00fablico de Empleo Estatal, al Ministerio de Trabajo, al Ministerio de Hacienda, y\/o a las entidades p\u00fablicas, que los utilizar\u00e1n en ejercicio leg\u00edtimo de sus competencias)<\/li>\n<\/ul>\n<p>De todas maneras, cedemos sus datos s\u00f3lo en la medida en que sea estrictamente necesario y en la forma que se requiere para llevar a cabo las finalidades descritas en esta pol\u00edtica de privacidad y \u00fanicamente a entidades con las que hemos firmado acuerdos protegiendo sus derechos y libertades en relaci\u00f3n con sus datos personales. Estas entidades y\/o profesionales considerados como Encargados del Tratamiento se regir\u00e1n por lo dispuesto en el Art. 28 del RGPD y esta entidad se encarga de que tomen todas las medidas de seguridad necesarias de conformidad con el Art. 32 del presente RGPD.<\/p>\n<p>El ayuntamiento, siempre elige un encargado del tratamiento que ofrezca garant\u00edas suficientes respecto a la implantaci\u00f3n y el mantenimiento de las medidas t\u00e9cnicas y organizativas apropiadas, de acuerdo con lo establecido en el RGPD, y que garantice la protecci\u00f3n de los derechos de las personas afectadas. Existe, por tanto, un deber de diligencia en la elecci\u00f3n del responsable. El Considerando 81 del RGPD prev\u00e9 que el encargado del tratamiento debe ofrecer suficientes garant\u00edas en lo referente a conocimientos especializados, fiabilidad y recursos, con vistas a la aplicaci\u00f3n de medidas t\u00e9cnicas y organizativas que cumplan los requisitos del Reglamento, incluida la seguridad del tratamiento, as\u00ed como del cumplimiento de la normativa de protecci\u00f3n de datos.<\/p>\n<p>Para m\u00e1s informaci\u00f3n sobre la cesi\u00f3n a terceros de los datos en el desarrollo de nuestra actividad, puede consultar nuestro Registro de Actividades.<\/p>\n<p><strong><u>\u00bfD\u00f3nde tratamos sus datos?<\/u><\/strong><\/p>\n<p>Con el fin de llevar a cabo nuestra actividad, la prestaci\u00f3n de nuestros servicios,\u00a0tratamos sus datos personales de acuerdo con las condiciones establecidas en esta pol\u00edtica de privacidad dentro de la Uni\u00f3n Europea (UE).<\/p>\n<p>Para m\u00e1s informaci\u00f3n sobre d\u00f3nde tratamos los datos en el desarrollo de nuestra actividad, puede consultar nuestro\u00a0Registro de Actividades.<\/p>\n<p><strong><u>\u00bfCon que finalidades tratamos sus datos?<\/u><\/strong><\/p>\n<p>Sus datos se recabar\u00e1n para las operaciones de tratamiento relevantes para las siguientes finalidades:<\/p>\n<p>Finalidades propias de los elementos de nuestra web:<\/p>\n<ul>\n<li>Formularios:<\/li>\n<ul>\n<li>Finalidades indicadas en el mismo formulario.<\/li>\n<\/ul>\n<li>Tratamiento espec\u00edfico en redes sociales (ver apartado redes sociales)<\/li>\n<li>En el caso de interesados de los que no disponemos el consentimiento expl\u00edcito, \u00e9ste se solicitar\u00e1 v\u00eda email para poder seguir manteniendo la comunicaci\u00f3n.<\/li>\n<\/ul>\n<p>Finalidades propias de la aplicaci\u00f3n:<\/p>\n<ul>\n<li>Gesti\u00f3n de la reserva y resoluci\u00f3n de problemas derivados de la misma.<\/li>\n<li>Confirmaci\u00f3n de los datos del usuario,<\/li>\n<\/ul>\n<p>Finalidades generales:<\/p>\n<ul>\n<li>Recibir informaci\u00f3n de contacto u otras solicitudes realizadas por usted a trav\u00e9s de cualquiera de nuestros canales de comunicaci\u00f3n.<\/li>\n<li>Padr\u00f3n municipal de habitantes<\/li>\n<li>Subvenciones y ayudas<\/li>\n<li>Sanciones<\/li>\n<li>Obras y licencias<\/li>\n<li>Polic\u00eda local<\/li>\n<li>Gesti\u00f3n de tributos<\/li>\n<li>Bolsas de trabajo<\/li>\n<li>Recaudaci\u00f3n ejecutiva<\/li>\n<li>Registro de documentos<\/li>\n<li>Cementerio municipal<\/li>\n<li>Recursos humanos<\/li>\n<li>Biblioteca municipal<\/li>\n<li>Servicios sociales<\/li>\n<li>Educaci\u00f3n infantil<\/li>\n<li>Gesti\u00f3n econ\u00f3mica<\/li>\n<li>Gesti\u00f3n de la tarjeta ciudadana<\/li>\n<\/ul>\n<p>Respecto al tratamiento en el marco funcionarial y laboral, tenemos los siguientes tratamientos:<\/p>\n<ul>\n<li>Recibir informaci\u00f3n, sobre la pol\u00edtica de personal, as\u00ed como sobre los datos referentes a la evoluci\u00f3n de las retribuciones, evoluci\u00f3n probable del empleo en el \u00e1mbito correspondiente y programas de mejora del rendimiento.<\/li>\n<li>Emitir informe, a solicitud de la Administraci\u00f3n P\u00fablica correspondiente, sobre el traslado total o parcial de las instalaciones e implantaci\u00f3n o revisi\u00f3n de sus sistemas de organizaci\u00f3n y m\u00e9todos de trabajo.<\/li>\n<li>Ser informados de todas las sanciones impuestas por faltas muy graves.<\/li>\n<li>Tener conocimiento y ser o\u00eddos en el establecimiento de la jornada laboral y horario de trabajo, as\u00ed como en el r\u00e9gimen de vacaciones y permisos.<\/li>\n<li>Vigilar el cumplimiento de las normas vigentes en materia de condiciones de trabajo, prevenci\u00f3n de riesgos laborales, Seguridad Social y empleo y ejercer, en su caso, las acciones legales oportunas ante los organismos competentes.<\/li>\n<li>Colaborar con la Administraci\u00f3n correspondiente para conseguir el establecimiento de cuantas medidas procuren el mantenimiento e incremento de la productividad.<\/li>\n<\/ul>\n<p>Para m\u00e1s informaci\u00f3n sobre las finalidades del tratamiento de los datos en el desarrollo de nuestra actividad, puede consultar nuestro Registro de Actividades<\/p>\n<p>Podr\u00e1 retirar su consentimiento en cualquier momento de forma gratuita ejercitando sus derechos, dirigiendo su petici\u00f3n por escrito y debidamente identificado mediante alg\u00fan documento acreditativo, en nuestra direcci\u00f3n Plaza del Castell 1 &#8211; 46136 Museros o por correo electr\u00f3nico en la direcci\u00f3n <a href=\"mailto:dpo@museros.es\">dpo@museros.es<\/a>, para una informaci\u00f3n m\u00e1s detallada sobre el Ejercicio de sus derechos puede consultar nuestro Registro de Actividades.<\/p>\n<p><strong><u>\u00bfPor qu\u00e9 podemos tratar sus datos? (Legitimaci\u00f3n)<\/u><\/strong><\/p>\n<p>El uso de sus datos en las condiciones anteriormente descritas est\u00e1 permitido por la normativa de protecci\u00f3n de datos europea y espa\u00f1ola de conformidad con las siguientes bases jur\u00eddicas:<\/p>\n<p><strong><em><u>Art.6. RGPD<\/u><\/em><\/strong><\/p>\n<ul>\n<li><em>El interesado\/a dio su consentimiento para el tratamiento de sus datos personales para uno o varios fines espec\u00edficos.<\/em><\/li>\n<li><em>El tratamiento es necesario para la ejecuci\u00f3n de un contrato en el que el interesado\/a es parte o para la aplicaci\u00f3n a petici\u00f3n de este de medidas precontractuales.<\/em><\/li>\n<li><em>El tratamiento es necesario para el cumplimiento de una obligaci\u00f3n legal aplicable al responsable del tratamiento.<\/em><\/li>\n<li><em>El tratamiento es necesario para proteger intereses vitales del interesado\/a o de otra persona f\u00edsica.<\/em><\/li>\n<li><em>El tratamiento es necesario para el cumplimiento de una misi\u00f3n realizada en inter\u00e9s p\u00fablico o en el ejercicio de poderes p\u00fablicos conferidos al responsable del tratamiento.<\/em><\/li>\n<li><em>El tratamiento es necesario para la satisfacci\u00f3n de intereses leg\u00edtimos perseguidos por el responsable del tratamiento o por un tercero, siempre que sobre dichos intereses no prevalezcan los intereses o los derechos y libertades fundamentales del interesado\/a que requieran la protecci\u00f3n de datos personales, en particular cuando el interesado\/a sea un ni\u00f1o.<\/em><\/li>\n<\/ul>\n<p>Para m\u00e1s informaci\u00f3n sobre la base jur\u00eddica del tratamiento de los datos en el desarrollo de nuestra actividad, puede consultar nuestro Registro de Actividades.<\/p>\n<p><strong><u>\u00bfQu\u00e9 y cu\u00e1les son sus derechos?<\/u><\/strong><\/p>\n<p>La normativa de protecci\u00f3n de datos permite que pueda ejercer ante el Responsable del tratamiento sus derechos de acceso, rectificaci\u00f3n, oposici\u00f3n, supresi\u00f3n (\u201cderecho al olvido\u201d), limitaci\u00f3n del tratamiento, portabilidad y de no ser objeto de decisiones individualizadas<\/p>\n<p>Cualquier interesado\/a tiene el Derecho a que se le facilite ANTES de que sus datos sean recogidos, de una informaci\u00f3n b\u00e1sica en un primer nivel, de forma resumida, en el mismo momento y en el mismo medio en el que se recojan sus datos personales y, por otra parte, que se le remita el resto de la informaci\u00f3n, en un medio m\u00e1s adecuado para su presentaci\u00f3n y compresi\u00f3n.<\/p>\n<p>La informaci\u00f3n que facilitar por capas o niveles ser\u00eda la siguiente:<\/p>\n<p><strong><u>Informaci\u00f3n 1\u00aa Capa<\/u><\/strong><\/p>\n<ul>\n<li>La identidad del Responsable del Tratamiento.<\/li>\n<li>Qu\u00e9 datos ser\u00e1n tratados.<\/li>\n<li>Con qu\u00e9 finalidad.<\/li>\n<li>D\u00f3nde y c\u00f3mo han sido obtenidos.<\/li>\n<li>La base jur\u00eddica del tratamiento.<\/li>\n<li>Si se comunicar\u00e1n, ceder\u00e1n o ser\u00e1n tratados por terceros.<\/li>\n<li>La referencia al procedimiento de Ejercicio de los Derechos.<\/li>\n<\/ul>\n<p><strong><u>Informaci\u00f3n 2\u00aa Capa<\/u><\/strong><\/p>\n<ul>\n<li>Datos de contacto del responsable. Identidad y datos del representante (si existiese). Datos de contacto del delegado de protecci\u00f3n de datos (si existiese).<\/li>\n<li>Descripci\u00f3n ampliada de los fines del tratamiento. Plazos o criterios de conservaci\u00f3n de los datos. Decisiones automatizadas, perfiles y l\u00f3gica aplicada.<\/li>\n<li>Detalle de la base jur\u00eddica del tratamiento, en los casos de obligaci\u00f3n legal, inter\u00e9s p\u00fablico o inter\u00e9s leg\u00edtimo. Obligaci\u00f3n o no de facilitar datos y consecuencias de no hacerlo.<\/li>\n<li>Destinatarios o categor\u00edas de destinatarios. Decisiones de adecuaci\u00f3n, garant\u00edas, normas corporativas vinculantes o situaciones espec\u00edficas aplicables.<\/li>\n<li>C\u00f3mo ejercer los derechos de acceso, rectificaci\u00f3n, supresi\u00f3n y portabilidad de los datos, y la limitaci\u00f3n u oposici\u00f3n a su tratamiento.<\/li>\n<li>Derecho a retirar el consentimiento prestado.<\/li>\n<li>Derecho a reclamar ante la Autoridad de Control.<\/li>\n<\/ul>\n<p><strong><em><u>(El siguiente cuadro indica cu\u00e1les son sus derechos).<\/u><\/em><\/strong><\/p>\n<table width=\"588\">\n<tbody>\n<tr>\n<td width=\"169\"><strong><u>Derecho de acceso<\/u><\/strong><\/td>\n<td width=\"419\">Para conocer qu\u00e9 datos suyos est\u00e1n siendo tratados, con qu\u00e9 finalidad se tratan, d\u00f3nde han conseguido los datos y si los van a comunicar o los han comunicado a alguien.<\/td>\n<\/tr>\n<tr>\n<td width=\"169\"><strong><u>Derecho de rectificaci\u00f3n<\/u><\/strong><\/td>\n<td width=\"419\">Para modificar aquellos datos suyos inexactos o incompletos.<\/td>\n<\/tr>\n<tr>\n<td width=\"169\"><strong><u>Derecho de cancelaci\u00f3n<\/u><\/strong><\/td>\n<td width=\"419\">Para cancelar sus datos inadecuados o excesivos.<\/td>\n<\/tr>\n<tr>\n<td width=\"169\"><strong><u>Derecho de oposici\u00f3n<\/u><\/strong><\/td>\n<td width=\"419\">Para evitar que se traten sus datos o que dejen de tratarse, aunque s\u00f3lo en los supuestos que establece la ley.<\/td>\n<\/tr>\n<tr>\n<td width=\"169\"><strong><u>Derecho de limitaci\u00f3n del tratamiento<\/u><\/strong><\/td>\n<td width=\"419\">Para solicitar que se suspenda el tratamiento de datos en los supuestos que establece la ley.<\/td>\n<\/tr>\n<tr>\n<td width=\"169\"><strong><u>Derecho a la portabilidad de los datos <\/u><\/strong><\/td>\n<td width=\"419\">Para poder recibir sus datos facilitados en un formato electr\u00f3nico estructurado, de uso habitual y poder transmitirlos a otro Responsable.<\/td>\n<\/tr>\n<tr>\n<td width=\"169\"><strong><u>Derecho a no ser objeto de decisiones individualizadas<\/u><\/strong><\/td>\n<td width=\"419\">Con el fin que no se tome una decisi\u00f3n sobre usted, que produzca efectos jur\u00eddicos o le afecte, basada \u00fanicamente en el tratamiento de sus datos.<\/td>\n<\/tr>\n<\/tbody>\n<\/table>\n<p>&nbsp;<\/p>\n<p>Estos derechos se caracterizan por lo siguiente:<\/p>\n<ul>\n<li>Su ejercicio es gratuito.<\/li>\n<li>Puede ejercitar los derechos directamente o por medio de alg\u00fan representante legal.<\/li>\n<li>Si la solicitud se presenta por medios electr\u00f3nicos, la informaci\u00f3n se facilitar\u00e1 por estos medios cuando sea posible, salvo que el interesado\/a solicite que sea de otro modo.<\/li>\n<li>Antes de ejercer sus derechos, debemos identificarle para proteger sus datos personales contra intentos fraudulentos.<\/li>\n<li>Su solicitud ser\u00e1 resuelta en el plazo de un mes.<\/li>\n<li>El responsable est\u00e1 obligado a informarle sobre los medios para ejercitar estos derechos. Estos medios deben ser accesibles y no se puede denegar este derecho solo por el motivo de que se opte por otro medio.<\/li>\n<li>Si el responsable no da curso a la solicitud, informar\u00e1 y a m\u00e1s tardar en un mes, de las razones de su no actuaci\u00f3n y la posibilidad de reclamar ante una Autoridad de Control.<\/li>\n<\/ul>\n<p>Si desea ejercer cualquiera de los derechos descritos, puede ponerse en contacto con nosotros a trav\u00e9s de nuestro Delegado de Protecci\u00f3n de Datos:<\/p>\n<ul>\n<li>Por direcci\u00f3n postal:<\/li>\n<\/ul>\n<p><strong>Ayuntamiento de Museros<\/strong><\/p>\n<p>Att. Delegado Protecci\u00f3n de Datos<\/p>\n<p>Plaza del Castell 1 &#8211; 46136 Museros<\/p>\n<ul>\n<li>O por correo electr\u00f3nico en la direcci\u00f3n: <a href=\"mailto:dpo@museros.es\">dpo@museros.es<\/a><\/li>\n<\/ul>\n<p>Le informamos que de conformidad con el RGPD en su art\u00edculo 37.1 recoge la obligatoriedad de la designaci\u00f3n de un Delegado de Protecci\u00f3n de Datos al cual podr\u00e1 dirigirse por correo electr\u00f3nico a la direcci\u00f3n indicada y ante el que podr\u00e1 dirigir todas las cuestiones, dudas, sugerencias o para el ejercicio de sus derechos debidamente identificado mediante alg\u00fan documento acreditativo al amparo del presente Reglamento en lo relativo al tratamiento de sus datos personales.<\/p>\n<p><strong><u>Autoridad de Control<\/u><\/strong><\/p>\n<p>Si desea plantear una reclamaci\u00f3n con relaci\u00f3n al tratamiento de sus datos por parte de <strong>Ayuntamiento de Museros<\/strong>, le informamos que puede ponerse en contacto con la Agencia Espa\u00f1ola de Protecci\u00f3n de datos, C\/ Jorge Juan, 6 28001-Madrid <a href=\"http:\/\/www.agpd.es\">http:\/\/www.agpd.es<\/a><\/p>\n<p><strong><u>Cookies<\/u><\/strong><\/p>\n<p>Las cookies son archivos que se descargan en su ordenador para recopilar informaci\u00f3n de registro de internet est\u00e1ndar e informaci\u00f3n sobre h\u00e1bitos de navegaci\u00f3n. Esta informaci\u00f3n se usa, por ejemplo, para rastrear el uso de visitantes del sitio web y recopilar informes estad\u00edsticos sobre la actividad del sitio web.<\/p>\n<p>Puede configurar su navegador para que no acepte cookies. Sin embargo, algunas cookies de primera parte son necesarias para permitir que la sesi\u00f3n del usuario del sitio web use nuestros servicios.<\/p>\n<p>Para m\u00e1s informaci\u00f3n, visite la Pol\u00edtica de Cookies del sitio web.<\/p>\n<p><strong><u>Redes sociales<\/u><\/strong><\/p>\n<p><strong>Ayuntamiento de Museros<\/strong> tiene presencia en redes sociales, tales como: Facebook, Twitter, YouTube e Instagram siendo la finalidad del tratamiento de datos personales las establecidas dentro de las condiciones afectas al servicio. En el caso que el registro a determinados servicios se efectuase mediante datos personales asociados a una cuenta de usuario, se informa que compartir\u00e1 determinada informaci\u00f3n contenida en su cuenta. <strong>Ayuntamiento de Museros<\/strong> recuerda que debe conocer las pol\u00edticas de privacidad de dichos medios o redes sociales en los que est\u00e9 registrado en aras a evitar compartir informaci\u00f3n no deseada.<\/p>\n<p>Dispone de las configuraciones de privacidad y gesti\u00f3n de la cuenta en las redes sociales para gestionar las preferencias de privacidad, identidad, publicidad y dem\u00e1s extremos afectos.<\/p>\n<p>En el caso que el registro a determinados servicios se efectuase mediante datos personales asociados a una cuenta de usuario, se informa que compartir\u00e1 determinada informaci\u00f3n contenida en su cuenta.<\/p>\n<p>Las finalidades de los datos recogidos en las diferentes redes sociales son:<\/p>\n<ul>\n<li>Publicidad y prospecci\u00f3n.<\/li>\n<li>Difusi\u00f3n de nuestras actividades y servicios entre nuestros seguidores.<\/li>\n<li>Comunicaci\u00f3n con interesados.<\/li>\n<\/ul>\n<p>Detallando cada una de las redes sociales, en\u00a0<strong>Facebook<\/strong>, cuando un usuario se hace fan de la de la Fan Page oficial a trav\u00e9s del bot\u00f3n \u201cMe gusta\u201d autoriza que sus datos personales se utilicen \u00fanicamente en esta plataforma de Facebook para la gesti\u00f3n de la \u201cFan Page\u201d y de las comunicaciones que se mantengan de forma bidireccional con dichos seguidores a trav\u00e9s de chat, publicaciones, comentarios, mensajes u otros medios de comunicaci\u00f3n que permita la red social ahora y en el futuro. Este tratamiento estar\u00e1 sujeto a las pol\u00edticas de privacidad de esta red social y que el usuario puede consultar en el siguiente enlace:\u00a0<a href=\"https:\/\/www.facebook.com\/policy.php\">https:\/\/www.facebook.com\/policy.php<\/a>. Al hacerse fan se tendr\u00e1 acceso al listado de miembros o seguidores que se han unido a la Fan Page. Tambi\u00e9n se informa que cuando un usuario se hace fan, las noticias que se publiquen aparecer\u00e1n tambi\u00e9n en su p\u00e1gina de inicio y que, si el usuario fan hace comentarios de estas publicaciones, ser\u00e1 accesible por los dem\u00e1s fans tanto su comentario como el nombre de su perfil y, en su caso, la fotograf\u00eda que tenga en el mismo o seg\u00fan su configuraci\u00f3n de privacidad, o biograf\u00eda y etiquetado. En todo caso, es responsabilidad del usuario el uso que haga de la red social.<\/p>\n<p>En relaci\u00f3n a\u00a0<strong>Twitter<\/strong>, cuando un usuario sigue nuestro perfil pinchando el bot\u00f3n \u201cSeguir\u201d, se tendr\u00e1 acceso a la p\u00e1gina de perfil de las personas que lo siguen, concretamente, el nombre de usuario, fotograf\u00eda (en caso de que el usuario haya puesto una fotograf\u00eda en el perfil), y comentarios o \u201cTweets\u201d o respuestas realizadas por el usuario o por otros mencion\u00e1ndolo a \u00e9ste, as\u00ed como al resto de la informaci\u00f3n que se haya publicado en el perfil del usuario como por ejemplo usuarios a los que se sigue, a sus seguidores o a los favoritos del perfil. Los datos de los usuarios que siguen en Twitter a nuestro perfil se utilizan \u00fanicamente para gestionar y responder los \u201cTweets\u201d o mensajes que se intercambian entre ambos. La pol\u00edtica de privacidad que rige en esta red social se puede consultar en el siguiente enlace: <a href=\"https:\/\/twitter.com\/privacy\">https:\/\/twitter.com\/privacy<\/a><\/p>\n<p>Del mismo modo, con relaci\u00f3n a\u00a0<strong>YouTube<\/strong>, se tendr\u00e1 acceso a la informaci\u00f3n de las personas que se subscriben a nuestro canal, concretamente, el nombre de usuario, fotograf\u00eda (en caso de que el usuario haya puesto una fotograf\u00eda en su perfil), y comentarios realizados a los v\u00eddeos del canal, los v\u00eddeos de suscriptor, las listas de reproducciones y otros canales a los que se ha suscrito.<\/p>\n<p>En relaci\u00f3n con\u00a0<strong>Instagram<\/strong>, cuando un usuario sigue nuestro perfil pinchando el bot\u00f3n \u201cSeguir\u201d, se tendr\u00e1 acceso a la p\u00e1gina de perfil de las personas que lo siguen, concretamente, el nombre de usuario, fotograf\u00edas (en caso de que el usuario haya puesto una fotograf\u00eda en el perfil), y publicaciones realizadas por el usuario, as\u00ed como al resto de la informaci\u00f3n que se haya publicado en el perfil del usuario como por ejemplo usuarios a los que se sigue o sus seguidores. Los datos de los usuarios que siguen en Instagram a nuestro perfil se utilizan \u00fanicamente para gestionar la informaci\u00f3n que se intercambian entre ambos. La pol\u00edtica de privacidad que rige en esta red social se puede consultar en el siguiente enlace: <a href=\"https:\/\/help.instagram.com\/519522125107875\">https:\/\/help.instagram.com\/519522125107875<\/a><\/p>\n<p><strong><u>Solicitud de Baja<\/u><\/strong><\/p>\n<p>Para solicitar la baja de cualquier servicio en el que est\u00e9 dado de alta, le informamos que puede ejercitar el derecho de cancelaci\u00f3n u oposici\u00f3n al tratamiento de sus datos dirigi\u00e9ndose a <strong>Plaza del Castell 1 &#8211; 46136 Museros <\/strong>o enviando un mensaje al correo electr\u00f3nico <a href=\"mailto:dpo@museros.es\">dpo@museros.es<\/a> , con el asunto SOLICITUD DE BAJA e indicando sus datos y la direcci\u00f3n de email con la que est\u00e1 dado de alta. Responderemos a su solicitud indicando el estado de esta o si precisamos m\u00e1s informaci\u00f3n al respecto.<\/p>\n<p><strong><u>Aplicaciones m\u00f3viles<\/u><\/strong><\/p>\n<p>Los usuarios que lo deseen pueden descargar e instalar software de la aplicaci\u00f3n para m\u00f3viles de Ayuntamiento de Museros, siendo aplicables para el uso de estas, las mismas condiciones que para el resto de los servicios en los que se recaben datos personales mediante el acceso y navegaci\u00f3n desde dicha aplicaci\u00f3n. La aplicaci\u00f3n puede recabar datos personales propios de la descarga y de la utilizaci\u00f3n de esta: IP de conexi\u00f3n, ubicaci\u00f3n, geolocalizaci\u00f3n, adem\u00e1s de datos recabados a trav\u00e9s de la c\u00e1mara o formularios dentro de la aplicaci\u00f3n. Para la comunicaci\u00f3n con dichas aplicaciones, se utilizar\u00e1 el sistema conocido como PUSH.<\/p>\n<p>Ayuntamiento de Museros no se hace responsable de la informaci\u00f3n personal recabada por terceros intervinientes: fabricantes de dispositivos, desarrolladores, prestadores de servicios de descarga.<\/p>\n<p>Actualmente las aplicaciones que tenemos activas en las diferentes plataformas son:<\/p>\n<p>\u201cPaelleros Museros\u201d cuya finalidad es la reserva del espacio p\u00fablico de los paelleros.<\/p>\n<p>\u201cReservar Espacios Culturales\u201d cuya finalidad es la reserva de espacios culturales del municipio.<\/p>\n<p>En todas nuestras aplicaciones, si se requiere alg\u00fan dato por parte del usuario, se indicar\u00e1 en el formulario el tratamiento de datos correspondiente.<\/p>\n<p><strong><u>Menores<\/u><\/strong><\/p>\n<p>El Usuario certifica que es mayor de 14 a\u00f1os y que por lo tanto posee la capacidad legal necesaria para la prestaci\u00f3n del consentimiento en cuanto al tratamiento de sus datos de car\u00e1cter personal y todo ello, de conformidad con lo establecido en la presente Pol\u00edtica de Privacidad.<\/p>\n<p>Si desea usar nuestros servicios a trav\u00e9s de la web y tienes 14 a\u00f1os o menos, necesitaremos el consentimiento de su tutor legal para almacenar sus datos, en caso de que no lo tengamos, podremos bloquear o eliminarlo.<\/p>\n<p><strong><u>Seguridad<\/u><\/strong><strong><\/strong><\/p>\n<p><strong>Ayuntamiento de Museros <\/strong>adopta medidas organizativas y t\u00e9cnicas con la finalidad de garantizar la seguridad de los datos de car\u00e1cter personal y evitar su alteraci\u00f3n, p\u00e9rdida, tratamiento o acceso no autorizado, habida cuenta del estado de la tecnolog\u00eda, la naturaleza de los datos almacenados y los riesgos a que est\u00e1n expuestos.<\/p>\n<p><strong><u>Actualizaciones<\/u><\/strong><\/p>\n<p><strong><u><\/u><\/strong>Mantenemos nuestra pol\u00edtica de privacidad bajo revisi\u00f3n y podemos cambiarla ocasionalmente (principalmente para cumplir con las pr\u00e1cticas legales y de protecci\u00f3n de datos).<\/p>\n<p>Las versiones actualizadas se publicar\u00e1n en nuestra p\u00e1gina web.<\/p>\n<p><strong><u>Legislaci\u00f3n Aplicable y tribunales competentes<\/u><\/strong><\/p>\n<p>Los t\u00e9rminos y condiciones que rigen este web site, as\u00ed como las relaciones que pudieran derivarse est\u00e1n protegidas y quedan sujetas a la legislaci\u00f3n espa\u00f1ola. Para la resoluci\u00f3n de cualquier tipo de controversia, litigio o discrepancia que pudiera suscitarse entre el usuario y <strong>Ayuntamiento de Museros <\/strong>por el uso de este sitio web, se acuerda el sometimiento de estas a los Juzgados y Tribunales de Valencia, Espa\u00f1a.<\/p>\n<p><em>\u00daltima Actualizaci\u00f3n: 05 de Diciembre de 2023<\/em><\/p>\n<p>[\/et_pb_text][\/et_pb_column][\/et_pb_row][et_pb_row _builder_version=\u00bb4.16&#8243; _module_preset=\u00bbdefault\u00bb global_colors_info=\u00bb{}\u00bb][et_pb_column type=\u00bb4_4&#8243; _builder_version=\u00bb4.16&#8243; _module_preset=\u00bbdefault\u00bb global_colors_info=\u00bb{}\u00bb][et_pb_divider color=\u00bb#E02B20&#8243; divider_weight=\u00bb4px\u00bb _builder_version=\u00bb4.16&#8243; _module_preset=\u00bbdefault\u00bb global_colors_info=\u00bb{}\u00bb][\/et_pb_divider][\/et_pb_column][\/et_pb_row][\/et_pb_section]<\/p>\n","protected":false},"excerpt":{"rendered":"<p>De acuerdo con el art\u00edculo 10 de la Ley 34\/2002, de 11 de julio, de Servicios de la Sociedad de la Informaci\u00f3n y Comercio Electr\u00f3nico, ponemos en su conocimiento que Ayuntamiento de Museros, con C.I.F. P4617900H y domicilio en Plaza del Castell 1 &#8211; 46136 Museros es la encargada de la gesti\u00f3n y funcionamiento de [&hellip;]<\/p>\n","protected":false},"author":8,"featured_media":0,"parent":0,"menu_order":0,"comment_status":"closed","ping_status":"closed","template":"","meta":{"_et_pb_use_builder":"on","_et_pb_old_content":"","_et_gb_content_width":"","_mc_calendar":[],"footnotes":""},"wf_page_folders":[153],"class_list":["post-9","page","type-page","status-publish","hentry"],"_links":{"self":[{"href":"https:\/\/museros.org\/inici\/wp-json\/wp\/v2\/pages\/9","targetHints":{"allow":["GET"]}}],"collection":[{"href":"https:\/\/museros.org\/inici\/wp-json\/wp\/v2\/pages"}],"about":[{"href":"https:\/\/museros.org\/inici\/wp-json\/wp\/v2\/types\/page"}],"author":[{"embeddable":true,"href":"https:\/\/museros.org\/inici\/wp-json\/wp\/v2\/users\/8"}],"replies":[{"embeddable":true,"href":"https:\/\/museros.org\/inici\/wp-json\/wp\/v2\/comments?post=9"}],"version-history":[{"count":20,"href":"https:\/\/museros.org\/inici\/wp-json\/wp\/v2\/pages\/9\/revisions"}],"predecessor-version":[{"id":276234,"href":"https:\/\/museros.org\/inici\/wp-json\/wp\/v2\/pages\/9\/revisions\/276234"}],"wp:attachment":[{"href":"https:\/\/museros.org\/inici\/wp-json\/wp\/v2\/media?parent=9"}],"wp:term":[{"taxonomy":"wf_page_folders","embeddable":true,"href":"https:\/\/museros.org\/inici\/wp-json\/wp\/v2\/wf_page_folders?post=9"}],"curies":[{"name":"wp","href":"https:\/\/api.w.org\/{rel}","templated":true}]}}