{"id":279505,"date":"2026-04-27T11:37:12","date_gmt":"2026-04-27T09:37:12","guid":{"rendered":"https:\/\/museros.org\/inici\/?page_id=279505"},"modified":"2026-04-27T11:39:12","modified_gmt":"2026-04-27T09:39:12","slug":"dia-de-la-madre-26","status":"publish","type":"page","link":"https:\/\/museros.org\/inici\/es\/dia-de-la-madre-26\/","title":{"rendered":"Dia de la Madre 26"},"content":{"rendered":"<p>[et_pb_section fb_built=\u00bb1&#8243; _builder_version=\u00bb4.16&#8243; _module_preset=\u00bbdefault\u00bb custom_padding=\u00bb0px||||false|false\u00bb locked=\u00bboff\u00bb global_colors_info=\u00bb{}\u00bb][et_pb_row column_structure=\u00bb1_4,3_4&#8243; _builder_version=\u00bb4.16&#8243; _module_preset=\u00bbdefault\u00bb custom_margin=\u00bb0px||0px||false|false\u00bb custom_padding=\u00bb0px||0px||false|false\u00bb global_colors_info=\u00bb{}\u00bb][et_pb_column type=\u00bb1_4&#8243; _builder_version=\u00bb4.16&#8243; _module_preset=\u00bbdefault\u00bb global_colors_info=\u00bb{}\u00bb][et_pb_image src=\u00bbhttps:\/\/museros.org\/wp-content\/uploads\/2021\/06\/logo-comercio-cl-230&#215;180-1.jpg\u00bb title_text=\u00bblogo-comercio-cl-230&#215;180&#8243; url=\u00bbhttps:\/\/museros.org\/inici\/area-de-comercio\u00bb use_overlay=\u00bbon\u00bb overlay_icon_color=\u00bb#E02B20&#8243; hover_overlay_color=\u00bbrgba(255,255,255,0.7)\u00bb hover_icon=\u00bb&#xe04d;||divi||400&#8243; align=\u00bbcenter\u00bb _builder_version=\u00bb4.27.4&#8243; _module_preset=\u00bbdefault\u00bb width=\u00bb100%\u00bb width_tablet=\u00bb\u00bb width_phone=\u00bb\u00bb width_last_edited=\u00bbon|phone\u00bb module_alignment=\u00bbcenter\u00bb custom_margin=\u00bb0px||0px||false|false\u00bb custom_padding=\u00bb0px||0px||false|false\u00bb global_colors_info=\u00bb{}\u00bb][\/et_pb_image][\/et_pb_column][et_pb_column type=\u00bb3_4&#8243; _builder_version=\u00bb4.16&#8243; _module_preset=\u00bbdefault\u00bb global_colors_info=\u00bb{}\u00bb][et_pb_image src=\u00bbhttps:\/\/museros.org\/wp-content\/uploads\/2026\/04\/dia-de-la-mare-26.jpg\u00bb title_text=\u00bbdia de la mare 26&#8243; _builder_version=\u00bb4.27.6&#8243; _module_preset=\u00bbdefault\u00bb global_colors_info=\u00bb{}\u00bb][\/et_pb_image][et_pb_text _builder_version=\u00bb4.27.6&#8243; _module_preset=\u00bbdefault\u00bb custom_margin=\u00bb40px||||false|false\u00bb hover_enabled=\u00bb0&#8243; global_colors_info=\u00bb{}\u00bb sticky_enabled=\u00bb0&#8243;]<\/p>\n<h1>D\u00eda de la Madre y comuniones:<br \/>cel\u00e9bralo en Museros, regala con coraz\u00f3n<\/p>\n<\/h1>\n<p>Bajo el lema \u201cD\u00eda de la Madre y comuniones: cel\u00e9bralo en Museros, regala con coraz\u00f3n\u201d, el Ayuntamiento de Museros, a trav\u00e9s de la Concejal\u00eda de Comercio, junto a la Asociaci\u00f3n de Comerciantes CAMU y con la colaboraci\u00f3n de Caixa Popular, pone en marcha una nueva campa\u00f1a con motivo de estas celebraciones.<\/p>\n<p>Esta iniciativa sigue fomentando el consumo en el comercio local, premiando a quienes realicen sus compras o hagan uso de los servicios profesionales y de restauraci\u00f3n del municipio.<\/p>\n<p>Los premios se entregar\u00e1n en forma de tarjetas monedero, que podr\u00e1n canjearse nuevamente en los comercios locales, generando as\u00ed un modelo de econom\u00eda circular.<\/p>\n<p>Esta campa\u00f1a da continuidad a la l\u00ednea de trabajo que el Ayuntamiento de Museros desarrolla junto a la Asociaci\u00f3n de Comerciantes, con el objetivo de impulsar, proteger y dinamizar el comercio tradicional, los servicios profesionales y la restauraci\u00f3n del municipio, pilares fundamentales de la econom\u00eda local.<\/p>\n<p>En esta ocasi\u00f3n, la campa\u00f1a se ampl\u00eda para que quienes deseen o necesiten realizar compras con motivo de las comuniones tambi\u00e9n puedan optar a los premios. Por ello, se desarrollar\u00e1 desde el 27 de abril hasta el 16 de mayo.<\/p>\n<p>La iniciativa contempla el sorteo de 20 tarjetas monedero, valoradas en 50 \u20ac cada una, que podr\u00e1n utilizarse en los comercios asociados a CAMU y en aquellos establecimientos adheridos a la campa\u00f1a.<\/p>\n<p>Las tarjetas se sortear\u00e1n entre las compras realizadas del 27 de abril al 16 de mayo, ambos inclusive, en los comercios de Museros, excluyendo grandes superficies y franquicias.<\/p>\n<p>Para participar, ser\u00e1 necesario alcanzar un gasto m\u00ednimo de 30 \u20ac, pudiendo acumular varios tickets hasta llegar a esa cantidad. En cada justificante de compra, o documento equivalente, deber\u00e1n figurar los datos del establecimiento, profesional o local de restauraci\u00f3n donde se haya realizado el gasto.<\/p>\n<p>Las personas participantes deber\u00e1n depositar los tickets en el punto habilitado en el Ayuntamiento y facilitar su nombre y n\u00famero de tel\u00e9fono para poder ser contactadas en caso de resultar premiadas.<\/p>\n<p>Los tickets se depositar\u00e1n en el ayuntamiento de Museros, en horario de 09.00 h a 14.00 h, hasta el d\u00eda 18 de mayo, los premios se sortear\u00e1n entre todos aquellos tickets o comprobantes del gasto que cumplan todos los requisitos.<\/p>\n<p>Solo se podr\u00e1 optar a una tarjeta por participante. El sorteo tendr\u00e1 lugar el mi\u00e9rcoles 20 de mayo.<\/p>\n<p>La entrega de los premios se efectuar\u00e1 en el sal\u00f3n de plenos del Ayuntamiento, en fecha que se comunicar\u00e1 previamente.<\/p>\n<p>\u200b<\/p>\n<p>[\/et_pb_text][\/et_pb_column][\/et_pb_row][et_pb_row _builder_version=\u00bb4.16&#8243; _module_preset=\u00bbdefault\u00bb custom_margin=\u00bb50px||0px||false|false\u00bb custom_padding=\u00bb0px||0px||false|false\u00bb global_colors_info=\u00bb{}\u00bb][et_pb_column type=\u00bb4_4&#8243; _builder_version=\u00bb4.16&#8243; _module_preset=\u00bbdefault\u00bb global_colors_info=\u00bb{}\u00bb][et_pb_divider color=\u00bb#E02B20&#8243; divider_weight=\u00bb4px\u00bb _builder_version=\u00bb4.16&#8243; _module_preset=\u00bbdefault\u00bb custom_margin=\u00bb0px||0px||false|false\u00bb custom_padding=\u00bb0px||0px||false|false\u00bb global_colors_info=\u00bb{}\u00bb][\/et_pb_divider][\/et_pb_column][\/et_pb_row][\/et_pb_section]<\/p>\n","protected":false},"excerpt":{"rendered":"<p>D\u00eda de la Madre y comuniones:cel\u00e9bralo en Museros, regala con coraz\u00f3n Bajo el lema \u201cD\u00eda de la Madre y comuniones: cel\u00e9bralo en Museros, regala con coraz\u00f3n\u201d, el Ayuntamiento de Museros, a trav\u00e9s de la Concejal\u00eda de Comercio, junto a la Asociaci\u00f3n de Comerciantes CAMU y con la colaboraci\u00f3n de Caixa Popular, pone en marcha una [&hellip;]<\/p>\n","protected":false},"author":9,"featured_media":0,"parent":0,"menu_order":0,"comment_status":"closed","ping_status":"closed","template":"","meta":{"_et_pb_use_builder":"on","_et_pb_old_content":"","_et_gb_content_width":"","_mc_calendar":[],"footnotes":""},"wf_page_folders":[281,294],"class_list":["post-279505","page","type-page","status-publish","hentry"],"_links":{"self":[{"href":"https:\/\/museros.org\/inici\/wp-json\/wp\/v2\/pages\/279505","targetHints":{"allow":["GET"]}}],"collection":[{"href":"https:\/\/museros.org\/inici\/wp-json\/wp\/v2\/pages"}],"about":[{"href":"https:\/\/museros.org\/inici\/wp-json\/wp\/v2\/types\/page"}],"author":[{"embeddable":true,"href":"https:\/\/museros.org\/inici\/wp-json\/wp\/v2\/users\/9"}],"replies":[{"embeddable":true,"href":"https:\/\/museros.org\/inici\/wp-json\/wp\/v2\/comments?post=279505"}],"version-history":[{"count":4,"href":"https:\/\/museros.org\/inici\/wp-json\/wp\/v2\/pages\/279505\/revisions"}],"predecessor-version":[{"id":279512,"href":"https:\/\/museros.org\/inici\/wp-json\/wp\/v2\/pages\/279505\/revisions\/279512"}],"wp:attachment":[{"href":"https:\/\/museros.org\/inici\/wp-json\/wp\/v2\/media?parent=279505"}],"wp:term":[{"taxonomy":"wf_page_folders","embeddable":true,"href":"https:\/\/museros.org\/inici\/wp-json\/wp\/v2\/wf_page_folders?post=279505"}],"curies":[{"name":"wp","href":"https:\/\/api.w.org\/{rel}","templated":true}]}}