{"id":277692,"date":"2025-11-21T18:00:28","date_gmt":"2025-11-21T16:00:28","guid":{"rendered":"https:\/\/museros.org\/inici\/?page_id=277692"},"modified":"2025-11-21T18:48:10","modified_gmt":"2025-11-21T16:48:10","slug":"nadalenca-museros-2025","status":"publish","type":"page","link":"https:\/\/museros.org\/inici\/es\/nadalenca-museros-2025\/","title":{"rendered":"Nadalenca Museros 2025"},"content":{"rendered":"<p>[et_pb_section fb_built=\u00bb1&#8243; _builder_version=\u00bb4.16&#8243; _module_preset=\u00bbdefault\u00bb custom_padding=\u00bb0px||||false|false\u00bb locked=\u00bboff\u00bb global_colors_info=\u00bb{}\u00bb][et_pb_row column_structure=\u00bb1_3,2_3&#8243; _builder_version=\u00bb4.16&#8243; _module_preset=\u00bbdefault\u00bb custom_margin=\u00bb0px||0px||false|false\u00bb custom_padding=\u00bb0px||0px||false|false\u00bb global_colors_info=\u00bb{}\u00bb][et_pb_column type=\u00bb1_3&#8243; _builder_version=\u00bb4.16&#8243; _module_preset=\u00bbdefault\u00bb global_colors_info=\u00bb{}\u00bb][et_pb_image src=\u00bbhttps:\/\/museros.org\/wp-content\/uploads\/2022\/12\/logo-fiestas-vl-cl-230&#215;115-1.jpg\u00bb title_text=\u00bblogo-fiestas-vl-cl-230&#215;115&#8243; url=\u00bbhttps:\/\/museros.org\/inici\/es\/area-de-fiestas\u00bb use_overlay=\u00bbon\u00bb overlay_icon_color=\u00bb#E02B20&#8243; hover_overlay_color=\u00bbrgba(255,255,255,0.67)\u00bb hover_icon=\u00bb&#xe04d;||divi||400&#8243; align=\u00bbcenter\u00bb _builder_version=\u00bb4.27.4&#8243; _module_preset=\u00bbdefault\u00bb locked=\u00bboff\u00bb global_colors_info=\u00bb{}\u00bb][\/et_pb_image][\/et_pb_column][et_pb_column type=\u00bb2_3&#8243; _builder_version=\u00bb4.16&#8243; _module_preset=\u00bbdefault\u00bb global_colors_info=\u00bb{}\u00bb][et_pb_text _builder_version=\u00bb4.27.4&#8243; _module_preset=\u00bbdefault\u00bb hover_enabled=\u00bb0&#8243; global_colors_info=\u00bb{}\u00bb sticky_enabled=\u00bb0&#8243;]<\/p>\n<h1>\u00a1La Nadalenca llega a Museros el 5 de diciembre!<\/h1>\n<p>Vive la magia de la Navidad en nuestro pueblo con una programaci\u00f3n con mucho encanto.<\/p>\n<p><strong>Viernes, 5 de diciembre<\/strong><br \/>Comenzamos la celebraci\u00f3n con:<br \/><strong>Actividades y talleres de Navidad<\/strong> para ni\u00f1as y ni\u00f1os a partir de 2 a\u00f1os.<br \/><strong>Merienda con chocolate y ensaimadas<\/strong>. *Ser\u00e1 necesario apuntarse y recoger el ticket en el ayuntamiento, del 24 de noviembre al 3 de diciembre, de 09.00 h a 14.00 h.<br \/><strong>Encendido de las luces del \u00e1rbol de Navidad<\/strong>, un momento m\u00e1gico para compartir en familia.<br \/>Y para terminar, <strong>espect\u00e1culo infantil <em>El Grinch<\/em><\/strong> en la Casa de Cultura. <br \/>Entradas a 3\u20ac, disponibles en l\u00ednea a partir del 24 de noviembre en <a href=\"https:\/\/www.agendamuseros.com\/index.html\" target=\"_blank\" rel=\"noopener\">agendamuseros.com<\/a> y\u00a0presencialmente\u00a0en la Casa de Cultura de lunes a jueves de 9.30 h a 12.30 h, y de 17.30 h a 19.30 h.<\/p>\n<p><strong>Viernes, 2 de enero<br \/><\/strong>A las 17.00 h, recibiremos la <strong>visita del cartero real.<br \/><\/strong>A las 18.30 h, disfrutaremos del <strong>musical infantil <em>Una aventura de Moana &amp; Stich. <\/em><\/strong>Las entradas estar\u00e1n disponibles a partir del 10 de diciembre en <a href=\"https:\/\/www.agendamuseros.com\/index.html\" target=\"_blank\" rel=\"noopener\">agendamuseros.com<\/a> y en la Casa de Cultura.<\/p>\n<p><strong>Lunes, 5 de enero<\/strong><br \/>La Navidad alcanza su punto \u00e1lgido con la gran Cabalgata de los Reyes de Oriente, que recorrer\u00e1 las calles de Museros repartiendo ilusi\u00f3n y alegr\u00eda.<\/p>\n<p>No dejes pasar la oportunidad de disfrutar de una Navidad \u00fanica en Museros.<\/p>\n<p>[\/et_pb_text][et_pb_image src=\u00bbhttps:\/\/museros.org\/wp-content\/uploads\/2025\/11\/nadalenca-2025.jpg\u00bb title_text=\u00bbnadalenca 2025&#8243; _builder_version=\u00bb4.27.4&#8243; _module_preset=\u00bbdefault\u00bb global_colors_info=\u00bb{}\u00bb][\/et_pb_image][et_pb_image src=\u00bbhttps:\/\/museros.org\/wp-content\/uploads\/2025\/11\/nadalenca-2025-5-gener.jpg\u00bb title_text=\u00bbnadalenca 2025 5 gener\u00bb _builder_version=\u00bb4.27.4&#8243; _module_preset=\u00bbdefault\u00bb global_colors_info=\u00bb{}\u00bb][\/et_pb_image][\/et_pb_column][\/et_pb_row][et_pb_row _builder_version=\u00bb4.16&#8243; _module_preset=\u00bbdefault\u00bb custom_margin=\u00bb50px||0px||false|false\u00bb custom_padding=\u00bb0px||0px||false|false\u00bb global_colors_info=\u00bb{}\u00bb][et_pb_column type=\u00bb4_4&#8243; _builder_version=\u00bb4.16&#8243; _module_preset=\u00bbdefault\u00bb global_colors_info=\u00bb{}\u00bb][et_pb_divider color=\u00bb#E02B20&#8243; divider_weight=\u00bb4px\u00bb _builder_version=\u00bb4.16&#8243; _module_preset=\u00bbdefault\u00bb custom_margin=\u00bb0px||0px||false|false\u00bb custom_padding=\u00bb0px||0px||false|false\u00bb global_colors_info=\u00bb{}\u00bb][\/et_pb_divider][\/et_pb_column][\/et_pb_row][\/et_pb_section]<\/p>\n","protected":false},"excerpt":{"rendered":"<p>\u00a1La Nadalenca llega a Museros el 5 de diciembre! Vive la magia de la Navidad en nuestro pueblo con una programaci\u00f3n con mucho encanto. Viernes, 5 de diciembreComenzamos la celebraci\u00f3n con:Actividades y talleres de Navidad para ni\u00f1as y ni\u00f1os a partir de 2 a\u00f1os.Merienda con chocolate y ensaimadas. *Ser\u00e1 necesario apuntarse y recoger el ticket [&hellip;]<\/p>\n","protected":false},"author":9,"featured_media":0,"parent":0,"menu_order":0,"comment_status":"closed","ping_status":"closed","template":"","meta":{"_et_pb_use_builder":"on","_et_pb_old_content":"","_et_gb_content_width":"","_mc_calendar":[],"footnotes":""},"wf_page_folders":[275,164,175],"class_list":["post-277692","page","type-page","status-publish","hentry"],"_links":{"self":[{"href":"https:\/\/museros.org\/inici\/wp-json\/wp\/v2\/pages\/277692","targetHints":{"allow":["GET"]}}],"collection":[{"href":"https:\/\/museros.org\/inici\/wp-json\/wp\/v2\/pages"}],"about":[{"href":"https:\/\/museros.org\/inici\/wp-json\/wp\/v2\/types\/page"}],"author":[{"embeddable":true,"href":"https:\/\/museros.org\/inici\/wp-json\/wp\/v2\/users\/9"}],"replies":[{"embeddable":true,"href":"https:\/\/museros.org\/inici\/wp-json\/wp\/v2\/comments?post=277692"}],"version-history":[{"count":4,"href":"https:\/\/museros.org\/inici\/wp-json\/wp\/v2\/pages\/277692\/revisions"}],"predecessor-version":[{"id":277717,"href":"https:\/\/museros.org\/inici\/wp-json\/wp\/v2\/pages\/277692\/revisions\/277717"}],"wp:attachment":[{"href":"https:\/\/museros.org\/inici\/wp-json\/wp\/v2\/media?parent=277692"}],"wp:term":[{"taxonomy":"wf_page_folders","embeddable":true,"href":"https:\/\/museros.org\/inici\/wp-json\/wp\/v2\/wf_page_folders?post=277692"}],"curies":[{"name":"wp","href":"https:\/\/api.w.org\/{rel}","templated":true}]}}