{"id":277540,"date":"2025-11-12T16:37:50","date_gmt":"2025-11-12T14:37:50","guid":{"rendered":"https:\/\/museros.org\/inici\/?page_id=277540"},"modified":"2026-01-09T16:01:24","modified_gmt":"2026-01-09T14:01:24","slug":"qui-va-ser-juan-bautista-munoz","status":"publish","type":"page","link":"https:\/\/museros.org\/inici\/qui-va-ser-juan-bautista-munoz\/","title":{"rendered":"Qui va ser Juan Bautista Mu\u00f1oz"},"content":{"rendered":"<p>[et_pb_section fb_built=\u00bb1&#8243; _builder_version=\u00bb4.16&#8243; _module_preset=\u00bbdefault\u00bb custom_padding=\u00bb0px||||false|false\u00bb locked=\u00bboff\u00bb global_colors_info=\u00bb{}\u00bb][et_pb_row column_structure=\u00bb1_4,3_4&#8243; _builder_version=\u00bb4.17.1&#8243; _module_preset=\u00bbdefault\u00bb min_height=\u00bb1057.3px\u00bb custom_margin=\u00bb0px||||false|false\u00bb custom_padding=\u00bb0px||||false|false\u00bb global_colors_info=\u00bb{}\u00bb][et_pb_column type=\u00bb1_4&#8243; _builder_version=\u00bb4.16&#8243; _module_preset=\u00bbdefault\u00bb global_colors_info=\u00bb{}\u00bb][et_pb_image src=\u00bbhttps:\/\/museros.org\/wp-content\/uploads\/2021\/08\/logo-cultura-cl-230&#215;180-1.jpg\u00bb title_text=\u00bblogo-cultura-cl-230&#215;180&#8243; url=\u00bbhttps:\/\/museros.org\/inici\/area-de-cultura\u00bb use_overlay=\u00bbon\u00bb overlay_icon_color=\u00bbrgba(224,43,32,0.49)\u00bb hover_overlay_color=\u00bbrgba(255,255,255,0.7)\u00bb hover_icon=\u00bb&#xe04d;||divi||400&#8243; src_tablet=\u00bb\u00bb src_phone=\u00bb\u00bb src_last_edited=\u00bbon|desktop\u00bb _builder_version=\u00bb4.27.4&#8243; _module_preset=\u00bbdefault\u00bb global_colors_info=\u00bb{}\u00bb][\/et_pb_image][\/et_pb_column][et_pb_column type=\u00bb3_4&#8243; _builder_version=\u00bb4.16&#8243; _module_preset=\u00bbdefault\u00bb global_colors_info=\u00bb{}\u00bb][et_pb_text admin_label=\u00bbtext\u00bb _builder_version=\u00bb4.27.4&#8243; _module_preset=\u00bbdefault\u00bb custom_margin=\u00bb40px||40px||false|false\u00bb global_colors_info=\u00bb{}\u00bb]<\/p>\n<h1><strong>Qui va ser Juan Bautista Mu\u00f1oz (1745\u20131799)?<\/strong><\/h1>\n<h3><strong>Historiador i fundador de l&#8217;Arxiu General d&#8217;\u00cdndies<\/strong><\/h3>\n<p><strong>Un fill il\u00b7lustre de Museros<br \/><\/strong>Juan Bautista Mu\u00f1oz va n\u00e0ixer a Museros (Val\u00e8ncia) el 12 de juny de 1745. El seu llegat com a fil\u00f2sof, historiador i figura clau de la Il\u00b7lustraci\u00f3 espanyola l\u2019ha convertit en un dels personatges m\u00e9s il\u00b7lustres de la nostra localitat. La seua vida i obra s\u00f3n exemple de l&#8217;esperit il\u00b7lustrat del segle XVIII i la contribuci\u00f3 que va fer a la hist\u00f2ria i al pensament el situen entre els grans intel\u00b7lectuals del seu temps.<\/p>\n<p><strong>Formaci\u00f3 i primers anys<br \/><\/strong>De fam\u00edlia humil, prompte va quedar orfe de pare, a l&#8217;edat de sis anys, per la qual cosa la seua mare, amb quatre fills als quals alimentar, va decidir concedir la tutela de Juan Bautista a un oncle: el dominic Gabriel Ferrandis, que residia en el convent del Pilar de Val\u00e8ncia. Transcorreguda una primera etapa de formaci\u00f3 amb els dominics, Mu\u00f1oz va passar al Seminari de Nobles de Val\u00e8ncia, centre cultural per excel\u00b7l\u00e8ncia dels jesu\u00eftes. Des de molt jove, Juan Bautista Mu\u00f1oz va mostrar un gran talent intel\u00b7lectual. Als 15 anys va obtindre el t\u00edtol de Mestre en arts i el batxillerat en Filosofia en la Universitat de Val\u00e8ncia, on, a m\u00e9s d&#8217;estudiar Filosofia i Teologia, dos disciplines fonamentals per a la formaci\u00f3 acad\u00e8mica de l&#8217;\u00e8poca, tamb\u00e9 es va especialitzar en matem\u00e0tiques i grec. M\u00e9s tard, va continuar els seus estudis a Salamanca, una de les universitats m\u00e9s prestigioses d&#8217;Espanya, on es va familiaritzar amb el pensament il\u00b7lustrat i amb els nous corrents filos\u00f2fics i cient\u00edfics que es difonien per Europa.<\/p>\n<p>A Salamanca es va interessar pel dret natural, el pensament cr\u00edtic i les idees de renovaci\u00f3 cultural i cient\u00edfica que marcarien la seua carrera.<\/p>\n<p><strong>Carrera acad\u00e8mica i labor filos\u00f2fica<br \/><\/strong>La seua brillantor acad\u00e8mica li va permetre obtindre una c\u00e0tedra de Filosofia en la Universitat de Val\u00e8ncia. Des d&#8217;eixa posici\u00f3, Mu\u00f1oz va comen\u00e7ar a desenvolupar i difondre el pensament il\u00b7lustrat a Espanya, promovent una filosofia m\u00e9s racional i allunyada dels dogmes tradicionals.<\/p>\n<p>Va ser un cr\u00edtic de l&#8217;escolasticisme tradicional i va advocar per una ensenyan\u00e7a moderna, influenciada per autors com Locke, Descartes i Newton. Tamb\u00e9 va mostrar un inter\u00e9s creixent per la hist\u00f2ria i la necessitat de renovar-la com a disciplina cient\u00edfica.<\/p>\n<p><strong>Historiador oficial d&#8217;\u00cdndies<br \/><\/strong>L\u2019any 1770, el rei Carles III li va concedir el t\u00edtol de Cosm\u00f2graf Major d&#8217;\u00cdndies. Uns anys m\u00e9s tard, el 1779, el va nomenar tamb\u00e9 Historiador Oficial d&#8217;\u00cdndies, un c\u00e0rrec creat expressament per a ell i un dels moments clau de la seua vida. Aquest nomenament va marcar un abans i un despr\u00e9s en la seua carrera i en la manera d&#8217;escriure la hist\u00f2ria colonial espanyola.<\/p>\n<p>La seua tasca era ambiciosa: revisar i sistematitzar la hist\u00f2ria del descobriment i colonitzaci\u00f3 d&#8217;Am\u00e8rica per a aportar una visi\u00f3 m\u00e9s rigorosa, cr\u00edtica i documentada. Perqu\u00e8 poguera dur a terme aquesta tasca, se li va donar acc\u00e9s a una gran quantitat de documents desats en els arxius de l&#8217;Estat, especialment en l&#8217;Arxiu d&#8217;\u00cdndies, amb seu a Sevilla.<\/p>\n<p><strong>La creaci\u00f3 de l&#8217;Arxiu General d&#8217;\u00cdndies<br \/><\/strong>Precisament, una de les contribucions m\u00e9s importants va ser el paper que va tindre en la creaci\u00f3 i organitzaci\u00f3 de l&#8217;Arxiu General d&#8217;\u00cdndies. Gr\u00e0cies a les seues recomanacions, el rei va ordenar reunir en un sol lloc tota la documentaci\u00f3 relativa als territoris americans de l&#8217;imperi espanyol, amb la finalitat de preservar-la i facilitar-ne l\u2019estudi. Aquest arxiu es va convertir en una font essencial per als historiadors del m\u00f3n sencer i hui \u00e9s patrimoni de la humanitat.<\/p>\n<p><strong>Obra destacada: <em>Hist\u00f2ria del Nou M\u00f3n<br \/><\/em><\/strong>Fruit d&#8217;anys de treball i investigaci\u00f3, Mu\u00f1oz va escriure l&#8217;obra titulada <em>Hist\u00f2ria del Nou M\u00f3n<\/em>, publicada p\u00f2stumament, en 1793, en la qual va intentar oferir una visi\u00f3 imparcial i rigorosa del proc\u00e9s de conquesta i colonitzaci\u00f3 d&#8217;Am\u00e8rica, allunyant-se tant de les visions glorificadores com de les extremadament cr\u00edtiques.<\/p>\n<p>En aquesta obra va introduir un m\u00e8tode m\u00e9s cient\u00edfic en la historiografia, basat en l&#8217;\u00fas de fonts prim\u00e0ries, l&#8217;an\u00e0lisi cr\u00edtica i l&#8217;intent de comprensi\u00f3 dels processos hist\u00f2rics en el seu context.<\/p>\n<p><strong>Pensador il\u00b7lustrat i reformista<br \/><\/strong>A m\u00e9s d&#8217;historiador, Juan Bautista Mu\u00f1oz va ser un defensor de les idees il\u00b7lustrades: va promoure l&#8217;educaci\u00f3, la ra\u00f3, la ci\u00e8ncia i el progr\u00e9s social. Va mantindre contacte amb altres il\u00b7lustrats espanyols com Jovellanos, Cabarr\u00fas i Floridablanca, i va participar activament en els projectes reformistes de la monarquia borb\u00f2nica.<\/p>\n<p>A trav\u00e9s del seu treball, Mu\u00f1oz va contribuir a modernitzar la visi\u00f3 que Espanya tenia del seu passat colonial, i va impulsar una manera nova d&#8217;escriure i entendre la hist\u00f2ria.<\/p>\n<p><strong>\u00daltims anys i llegat<br \/><\/strong>Juan Bautista Mu\u00f1oz va morir el 29 de gener de 1799, a Madrid. Encara que va morir relativament jove, va deixar un llegat intel\u00b7lectual immens. El seu paper com a historiador oficial d&#8217;\u00cdndies, com a organitzador de l&#8217;Arxiu General d&#8217;\u00cdndies i com a autor d&#8217;una de les primeres grans hist\u00f2ries cient\u00edfiques sobre Am\u00e8rica, el converteixen en una figura fonamental de la Il\u00b7lustraci\u00f3 espanyola.<\/p>\n<p>Al seu poble natal, Museros, continua sent recordat amb orgull. Se&#8217;l reconeix com un dels ve\u00efns m\u00e9s il\u00b7lustres de la hist\u00f2ria local, i la contribuci\u00f3 que va fer a la cultura i al coneixement ha transcendit les fronteres del seu temps i lloc.<\/p>\n<p>Juan Bautista Mu\u00f1oz representa la uni\u00f3 entre el saber il\u00b7lustrat, el comprom\u00eds amb la veritat hist\u00f2rica i l&#8217;esperit reformista del segle XVIII. Des de l\u2019humil origen a Museros fins a la posici\u00f3 en la cort il\u00b7lustrada de Carles III, la seua vida \u00e9s un exemple de com l&#8217;educaci\u00f3, la investigaci\u00f3 i el pensament cr\u00edtic poden transformar el m\u00f3n.<\/p>\n<p>El seu llegat, especialment en el camp de la historiografia i l&#8217;organitzaci\u00f3 del coneixement, continua vigent hui, i la seua figura mereix ser coneguda i valorada tant pels historiadors i historiadores com per totes aquelles persones interessades en el desenvolupament cultural d&#8217;Espanya.<\/p>\n<p>[\/et_pb_text][et_pb_image src=\u00bbhttps:\/\/museros.org\/wp-content\/uploads\/2025\/11\/juan-bautista-munoz-web.jpg\u00bb title_text=\u00bbjuan bautista munoz web\u00bb _builder_version=\u00bb4.27.4&#8243; _module_preset=\u00bbdefault\u00bb global_colors_info=\u00bb{}\u00bb][\/et_pb_image][\/et_pb_column][\/et_pb_row][et_pb_row _builder_version=\u00bb4.16&#8243; _module_preset=\u00bbdefault\u00bb locked=\u00bboff\u00bb global_colors_info=\u00bb{}\u00bb][et_pb_column type=\u00bb4_4&#8243; _builder_version=\u00bb4.16&#8243; _module_preset=\u00bbdefault\u00bb global_colors_info=\u00bb{}\u00bb][et_pb_divider color=\u00bb#cc0000&#8243; divider_weight=\u00bb4px\u00bb _builder_version=\u00bb4.16&#8243; _module_preset=\u00bbdefault\u00bb min_height=\u00bb23px\u00bb global_colors_info=\u00bb{}\u00bb][\/et_pb_divider][\/et_pb_column][\/et_pb_row][\/et_pb_section]<\/p>\n","protected":false},"excerpt":{"rendered":"<p>Qui va ser Juan Bautista Mu\u00f1oz (1745\u20131799)? Historiador i fundador de l&#8217;Arxiu General d&#8217;\u00cdndies Un fill il\u00b7lustre de MuserosJuan Bautista Mu\u00f1oz va n\u00e0ixer a Museros (Val\u00e8ncia) el 12 de juny de 1745. El seu llegat com a fil\u00f2sof, historiador i figura clau de la Il\u00b7lustraci\u00f3 espanyola l\u2019ha convertit en un dels personatges m\u00e9s il\u00b7lustres de [&hellip;]<\/p>\n","protected":false},"author":9,"featured_media":0,"parent":0,"menu_order":0,"comment_status":"closed","ping_status":"closed","template":"","meta":{"_et_pb_use_builder":"on","_et_pb_old_content":"","_et_gb_content_width":"","_mc_calendar":[],"footnotes":""},"wf_page_folders":[282,139],"class_list":["post-277540","page","type-page","status-publish","hentry"],"_links":{"self":[{"href":"https:\/\/museros.org\/inici\/wp-json\/wp\/v2\/pages\/277540","targetHints":{"allow":["GET"]}}],"collection":[{"href":"https:\/\/museros.org\/inici\/wp-json\/wp\/v2\/pages"}],"about":[{"href":"https:\/\/museros.org\/inici\/wp-json\/wp\/v2\/types\/page"}],"author":[{"embeddable":true,"href":"https:\/\/museros.org\/inici\/wp-json\/wp\/v2\/users\/9"}],"replies":[{"embeddable":true,"href":"https:\/\/museros.org\/inici\/wp-json\/wp\/v2\/comments?post=277540"}],"version-history":[{"count":7,"href":"https:\/\/museros.org\/inici\/wp-json\/wp\/v2\/pages\/277540\/revisions"}],"predecessor-version":[{"id":277552,"href":"https:\/\/museros.org\/inici\/wp-json\/wp\/v2\/pages\/277540\/revisions\/277552"}],"wp:attachment":[{"href":"https:\/\/museros.org\/inici\/wp-json\/wp\/v2\/media?parent=277540"}],"wp:term":[{"taxonomy":"wf_page_folders","embeddable":true,"href":"https:\/\/museros.org\/inici\/wp-json\/wp\/v2\/wf_page_folders?post=277540"}],"curies":[{"name":"wp","href":"https:\/\/api.w.org\/{rel}","templated":true}]}}