{"id":274184,"date":"2025-05-12T13:26:24","date_gmt":"2025-05-12T13:26:24","guid":{"rendered":"https:\/\/museros.org\/inici\/?page_id=274184"},"modified":"2026-04-07T16:48:11","modified_gmt":"2026-04-07T14:48:11","slug":"subvenciones-diputacion","status":"publish","type":"page","link":"https:\/\/museros.org\/inici\/es\/subvenciones-diputacion\/","title":{"rendered":"Subvenciones Diputaci\u00f3"},"content":{"rendered":"<p>[et_pb_section fb_built=\u00bb1&#8243; _builder_version=\u00bb4.16&#8243; _module_preset=\u00bbdefault\u00bb custom_margin=\u00bb0px||||false|false\u00bb custom_padding=\u00bb0px||||false|false\u00bb locked=\u00bboff\u00bb global_colors_info=\u00bb{}\u00bb][et_pb_row column_structure=\u00bb1_4,3_4&#8243; _builder_version=\u00bb4.18.0&#8243; _module_preset=\u00bbdefault\u00bb custom_margin=\u00bb0px||0px||false|false\u00bb custom_padding=\u00bb0px||0px||false|false\u00bb global_colors_info=\u00bb{}\u00bb][et_pb_column type=\u00bb1_4&#8243; _builder_version=\u00bb4.16&#8243; _module_preset=\u00bbdefault\u00bb global_colors_info=\u00bb{}\u00bb][et_pb_image src=\u00bbhttps:\/\/museros.org\/wp-content\/uploads\/2025\/05\/diputacio-230&#215;180-1.jpg\u00bb title_text=\u00bbdiputacio-230&#215;180&#8243; url=\u00bbhttps:\/\/museros.org\/inici\/subvenciones\/\u00bb use_overlay=\u00bbon\u00bb overlay_icon_color=\u00bb#E02B20&#8243; hover_overlay_color=\u00bbrgba(255,255,255,0.7)\u00bb hover_icon=\u00bb&#xe04d;||divi||400&#8243; align=\u00bbcenter\u00bb _builder_version=\u00bb4.27.4&#8243; _module_preset=\u00bbdefault\u00bb global_colors_info=\u00bb{}\u00bb][\/et_pb_image][\/et_pb_column][et_pb_column type=\u00bb3_4&#8243; _builder_version=\u00bb4.16&#8243; _module_preset=\u00bbdefault\u00bb global_colors_info=\u00bb{}\u00bb][et_pb_image src=\u00bbhttps:\/\/museros.org\/wp-content\/uploads\/2026\/01\/subvencion-turisme-25.jpg\u00bb title_text=\u00bbsubvencion turisme 25&#8243; _builder_version=\u00bb4.27.5&#8243; _module_preset=\u00bbdefault\u00bb locked=\u00bboff\u00bb global_colors_info=\u00bb{}\u00bb][\/et_pb_image][et_pb_button button_url=\u00bbhttps:\/\/museros.org\/wp-content\/uploads\/2026\/01\/subvencion-impulsem-turisme-25-museros.pdf\u00bb url_new_window=\u00bbon\u00bb button_text=\u00bbSUBVENCI\u00d3N 2025&#8243; _builder_version=\u00bb4.27.5&#8243; _module_preset=\u00bbdefault\u00bb hover_enabled=\u00bb0&#8243; locked=\u00bboff\u00bb global_colors_info=\u00bb{}\u00bb sticky_enabled=\u00bb0&#8243;][\/et_pb_button][et_pb_divider color=\u00bbrgba(0,0,0,0.49)\u00bb divider_style=\u00bbdotted\u00bb divider_weight=\u00bb7px\u00bb _builder_version=\u00bb4.27.4&#8243; _module_preset=\u00bbdefault\u00bb custom_margin=\u00bb40px||||false|false\u00bb locked=\u00bboff\u00bb global_colors_info=\u00bb{}\u00bb][\/et_pb_divider][\/et_pb_column][\/et_pb_row][et_pb_row column_structure=\u00bb1_4,3_4&#8243; _builder_version=\u00bb4.18.0&#8243; _module_preset=\u00bbdefault\u00bb custom_margin=\u00bb0px||0px||false|false\u00bb custom_padding=\u00bb0px||0px||false|false\u00bb global_colors_info=\u00bb{}\u00bb locked=\u00bboff\u00bb][et_pb_column type=\u00bb1_4&#8243; _builder_version=\u00bb4.16&#8243; _module_preset=\u00bbdefault\u00bb global_colors_info=\u00bb{}\u00bb][\/et_pb_column][et_pb_column type=\u00bb3_4&#8243; _builder_version=\u00bb4.16&#8243; _module_preset=\u00bbdefault\u00bb global_colors_info=\u00bb{}\u00bb][et_pb_image src=\u00bbhttps:\/\/museros.org\/wp-content\/uploads\/2026\/04\/banner-s-forestal-c.jpg\u00bb title_text=\u00bbbanner s forestal c\u00bb _builder_version=\u00bb4.27.6&#8243; _module_preset=\u00bbdefault\u00bb hover_enabled=\u00bb0&#8243; locked=\u00bboff\u00bb global_colors_info=\u00bb{}\u00bb sticky_enabled=\u00bb0&#8243;][\/et_pb_image][et_pb_button button_url=\u00bbhttps:\/\/museros.org\/wp-content\/uploads\/2026\/04\/subvencion-forestal-museros-25.pdf\u00bb url_new_window=\u00bbon\u00bb button_text=\u00bbSUBVENCI\u00d3N 2025&#8243; _builder_version=\u00bb4.27.6&#8243; _module_preset=\u00bbdefault\u00bb hover_enabled=\u00bb0&#8243; locked=\u00bboff\u00bb global_colors_info=\u00bb{}\u00bb sticky_enabled=\u00bb0&#8243;][\/et_pb_button][et_pb_divider color=\u00bbrgba(0,0,0,0.49)\u00bb divider_style=\u00bbdotted\u00bb divider_weight=\u00bb7px\u00bb _builder_version=\u00bb4.27.4&#8243; _module_preset=\u00bbdefault\u00bb custom_margin=\u00bb40px||||false|false\u00bb locked=\u00bboff\u00bb global_colors_info=\u00bb{}\u00bb][\/et_pb_divider][\/et_pb_column][\/et_pb_row][et_pb_row column_structure=\u00bb1_4,3_4&#8243; _builder_version=\u00bb4.18.0&#8243; _module_preset=\u00bbdefault\u00bb custom_margin=\u00bb0px||0px||false|false\u00bb custom_padding=\u00bb0px||0px||false|false\u00bb locked=\u00bboff\u00bb global_colors_info=\u00bb{}\u00bb][et_pb_column type=\u00bb1_4&#8243; _builder_version=\u00bb4.16&#8243; _module_preset=\u00bbdefault\u00bb global_colors_info=\u00bb{}\u00bb][\/et_pb_column][et_pb_column type=\u00bb3_4&#8243; _builder_version=\u00bb4.16&#8243; _module_preset=\u00bbdefault\u00bb global_colors_info=\u00bb{}\u00bb][et_pb_image src=\u00bbhttps:\/\/museros.org\/wp-content\/uploads\/2025\/01\/subvencion-1080&#215;158-1.jpg\u00bb title_text=\u00bbsubvencion-1080&#215;158&#8243; _builder_version=\u00bb4.27.4&#8243; _module_preset=\u00bbdefault\u00bb locked=\u00bboff\u00bb global_colors_info=\u00bb{}\u00bb][\/et_pb_image][et_pb_button button_url=\u00bbhttps:\/\/museros.org\/wp-content\/uploads\/2026\/02\/diversitat_cas2025.pdf\u00bb url_new_window=\u00bbon\u00bb button_text=\u00bbSUBVENCI\u00d3N 2025&#8243; admin_label=\u00bb2025&#8243; _builder_version=\u00bb4.27.5&#8243; _module_preset=\u00bbdefault\u00bb locked=\u00bboff\u00bb global_colors_info=\u00bb{}\u00bb][\/et_pb_button][et_pb_button button_url=\u00bbhttps:\/\/museros.org\/wp-content\/uploads\/2025\/01\/subvencio-diputacio-politiques-de-genere.pdf\u00bb url_new_window=\u00bbon\u00bb button_text=\u00bbSUBVENCI\u00d3N 2024&#8243; _builder_version=\u00bb4.27.4&#8243; _module_preset=\u00bbdefault\u00bb locked=\u00bboff\u00bb global_colors_info=\u00bb{}\u00bb][\/et_pb_button][et_pb_divider color=\u00bbrgba(0,0,0,0.49)\u00bb divider_style=\u00bbdotted\u00bb divider_weight=\u00bb7px\u00bb _builder_version=\u00bb4.27.4&#8243; _module_preset=\u00bbdefault\u00bb custom_margin=\u00bb40px||||false|false\u00bb locked=\u00bboff\u00bb global_colors_info=\u00bb{}\u00bb][\/et_pb_divider][et_pb_image src=\u00bbhttps:\/\/museros.org\/wp-content\/uploads\/2025\/01\/logo-xarxa-vg-900&#215;500-1.jpg\u00bb title_text=\u00bblogo-xarxa-vg-900&#215;500&#8243; align=\u00bbcenter\u00bb _builder_version=\u00bb4.27.4&#8243; _module_preset=\u00bbdefault\u00bb width=\u00bb50%\u00bb locked=\u00bboff\u00bb global_colors_info=\u00bb{}\u00bb][\/et_pb_image][\/et_pb_column][\/et_pb_row][et_pb_row column_structure=\u00bb1_3,1_3,1_3&#8243; _builder_version=\u00bb4.27.4&#8243; _module_preset=\u00bbdefault\u00bb custom_padding=\u00bb0px||0px||false|false\u00bb locked=\u00bboff\u00bb global_colors_info=\u00bb{}\u00bb][et_pb_column type=\u00bb1_3&#8243; _builder_version=\u00bb4.27.4&#8243; _module_preset=\u00bbdefault\u00bb global_colors_info=\u00bb{}\u00bb][\/et_pb_column][et_pb_column type=\u00bb1_3&#8243; _builder_version=\u00bb4.27.4&#8243; _module_preset=\u00bbdefault\u00bb global_colors_info=\u00bb{}\u00bb][et_pb_button button_url=\u00bbhttps:\/\/museros.org\/wp-content\/uploads\/2026\/01\/transparencia-museros-2025-c.pdf\u00bb url_new_window=\u00bbon\u00bb button_text=\u00bbSUBVENCI\u00d3N 2025&#8243; _builder_version=\u00bb4.27.5&#8243; _module_preset=\u00bbdefault\u00bb global_colors_info=\u00bb{}\u00bb][\/et_pb_button][et_pb_button button_url=\u00bbhttps:\/\/museros.org\/wp-content\/uploads\/2025\/01\/subvencio-Diputacio-2024.pdf\u00bb url_new_window=\u00bbon\u00bb button_text=\u00bbSUBVENCI\u00d3N 2024&#8243; _builder_version=\u00bb4.27.4&#8243; _module_preset=\u00bbdefault\u00bb global_colors_info=\u00bb{}\u00bb][\/et_pb_button][et_pb_button button_url=\u00bbhttps:\/\/museros.org\/wp-content\/uploads\/2024\/03\/subvencio-diputacio-violencia-de-genere.pdf\u00bb url_new_window=\u00bbon\u00bb button_text=\u00bbSUBVENCI\u00d3N 2023&#8243; _builder_version=\u00bb4.27.4&#8243; _module_preset=\u00bbdefault\u00bb global_colors_info=\u00bb{}\u00bb][\/et_pb_button][\/et_pb_column][et_pb_column type=\u00bb1_3&#8243; _builder_version=\u00bb4.27.4&#8243; _module_preset=\u00bbdefault\u00bb global_colors_info=\u00bb{}\u00bb][\/et_pb_column][\/et_pb_row][et_pb_row column_structure=\u00bb1_4,3_4&#8243; _builder_version=\u00bb4.27.4&#8243; _module_preset=\u00bbdefault\u00bb custom_padding=\u00bb0px||||false|false\u00bb global_colors_info=\u00bb{}\u00bb][et_pb_column type=\u00bb1_4&#8243; _builder_version=\u00bb4.27.4&#8243; _module_preset=\u00bbdefault\u00bb global_colors_info=\u00bb{}\u00bb][\/et_pb_column][et_pb_column type=\u00bb3_4&#8243; _builder_version=\u00bb4.27.4&#8243; _module_preset=\u00bbdefault\u00bb global_colors_info=\u00bb{}\u00bb][et_pb_divider color=\u00bbrgba(0,0,0,0.49)\u00bb divider_style=\u00bbdotted\u00bb divider_weight=\u00bb7px\u00bb _builder_version=\u00bb4.27.4&#8243; _module_preset=\u00bbdefault\u00bb custom_margin=\u00bb40px||||false|false\u00bb locked=\u00bboff\u00bb global_colors_info=\u00bb{}\u00bb][\/et_pb_divider][et_pb_image src=\u00bbhttps:\/\/museros.org\/wp-content\/uploads\/2025\/10\/banner-salud-publica-desratizacion-25.jpg\u00bb title_text=\u00bbbanner salud publica desratizacion 25&#8243; _builder_version=\u00bb4.27.4&#8243; _module_preset=\u00bbdefault\u00bb global_colors_info=\u00bb{}\u00bb][\/et_pb_image][et_pb_text _builder_version=\u00bb4.27.4&#8243; _module_preset=\u00bbdefault\u00bb locked=\u00bboff\u00bb global_colors_info=\u00bb{}\u00bb]<\/p>\n<h1>SUBVENCI\u00d3N DEL \u00c1REA DE BIENESTAR SOCIAL, DE LA EXCMA. DIPUTACI\u00d3N PROVINCIAL DE VALENCIA, DESTINADA A LA REALIZACI\u00d3N DE CAMPA\u00d1AS DE SALUD PUBLICA 2025.<\/h1>\n<p>Por parte del \u00c1rea de Bienestar Social de la Diputaci\u00f3n Provincial de Valencia, por acuerdo de 20\/05\/2025, dentro del programa de Salud P\u00fablica para el ejercicio 2025, se ha concedido al Ayuntamiento de Museros una subvenci\u00f3n por importe de 2.000 \u20ac, para llevar a cabo la desratizaci\u00f3n, desinsectaci\u00f3n y desinfecci\u00f3n del municipio de Museros.<\/p>\n<p>[\/et_pb_text][et_pb_divider color=\u00bbrgba(0,0,0,0.49)\u00bb divider_style=\u00bbdotted\u00bb divider_weight=\u00bb7px\u00bb _builder_version=\u00bb4.27.4&#8243; _module_preset=\u00bbdefault\u00bb custom_margin=\u00bb40px||||false|false\u00bb locked=\u00bboff\u00bb global_colors_info=\u00bb{}\u00bb][\/et_pb_divider][et_pb_text _builder_version=\u00bb4.27.2&#8243; _module_preset=\u00bbdefault\u00bb locked=\u00bboff\u00bb global_colors_info=\u00bb{}\u00bb]<\/p>\n<h1>SUBVENCI\u00d3N DEL \u00c1REA DE BIENESTAR SOCIAL, DE LA EXCMA. DIPUTACI\u00d3N PROVINCIAL DE VALENCIA, DESTINADA A LA REALIZACI\u00d3N DE CAMPA\u00d1AS DE SALUD PUBLICA 2024.<\/h1>\n<p>Por parte del \u00c1rea de Bienestar Social de la Diputaci\u00f3n Provincial de Valencia, por acuerdo de 21\/05\/2024, dentro del programa de Salud P\u00fablica para el ejercicio 2024, se ha concedido al Ayuntamiento de Museros una subvenci\u00f3n por importe de 2.000 \u20ac, para llevar a cabo la desratizaci\u00f3n, desinsectaci\u00f3n y desinfecci\u00f3n del municipio de Museros.<\/p>\n<p>[\/et_pb_text][et_pb_divider color=\u00bbrgba(0,0,0,0.49)\u00bb divider_style=\u00bbdotted\u00bb divider_weight=\u00bb7px\u00bb _builder_version=\u00bb4.27.4&#8243; _module_preset=\u00bbdefault\u00bb custom_margin=\u00bb40px||||false|false\u00bb locked=\u00bboff\u00bb global_colors_info=\u00bb{}\u00bb][\/et_pb_divider][et_pb_text _builder_version=\u00bb4.27.4&#8243; _module_preset=\u00bbdefault\u00bb locked=\u00bboff\u00bb global_colors_info=\u00bb{}\u00bb]<\/p>\n<h1>SUBVENCI\u00d3N EN MATERIA DE SMART CITIES, DE LA EXCMA. DIPUTACI\u00d3 PROVINCIAL DE VAL\u00c8NCIA, DESTINADA A LA IMPLANTACI\u00d3N DE UN PASO DE PEATONES INTELIGENTE EN 2023.<\/h1>\n<p>Dentro del programa de actuaciones en materia de Smart Cyties, convocatoria 2023, de la Diputaci\u00f3 Provincial de Val\u00e8ncia, se ha concedido provisionalmente una subvenci\u00f3n al Ayuntamiento de Museros, por importe de 19.999,99 \u20ac, por resoluci\u00f3n de 10 de marzo de 2023. El objeto de la misma ha sido la implantaci\u00f3n de un paso de peatones inteligente para el Ayuntamiento de Museros, cuyo presupuesto de ejecuci\u00f3n asciende a 29.123,20 \u20ac. Esta actuaci\u00f3n se ha situado a la altura de la avenida Blasco Ib\u00e1\u00f1ez, 83, de Museros.<\/p>\n<p>[\/et_pb_text][et_pb_image src=\u00bbhttps:\/\/museros.org\/wp-content\/uploads\/2025\/09\/smart-city-pas-vianants-23.jpg\u00bb title_text=\u00bbsmart city pas vianants 23&#8243; src_tablet=\u00bbhttps:\/\/museros.org\/wp-content\/uploads\/2025\/09\/smart-city-pas-vianants-23.jpg\u00bb src_phone=\u00bbhttps:\/\/museros.org\/wp-content\/uploads\/2025\/09\/smart-city-pas-vianants-23.jpg\u00bb src_last_edited=\u00bbon|desktop\u00bb _builder_version=\u00bb4.27.4&#8243; _module_preset=\u00bbdefault\u00bb global_colors_info=\u00bb{}\u00bb][\/et_pb_image][et_pb_divider color=\u00bbrgba(0,0,0,0.49)\u00bb divider_style=\u00bbdotted\u00bb divider_weight=\u00bb7px\u00bb _builder_version=\u00bb4.27.4&#8243; _module_preset=\u00bbdefault\u00bb custom_margin=\u00bb40px||||false|false\u00bb locked=\u00bboff\u00bb global_colors_info=\u00bb{}\u00bb][\/et_pb_divider][et_pb_text _builder_version=\u00bb4.23&#8243; _module_preset=\u00bbdefault\u00bb locked=\u00bboff\u00bb global_colors_info=\u00bb{}\u00bb]<\/p>\n<h1>SUBVENCI\u00d3N DEL \u00c1REA DE BIENESTAR SOCIAL, DE LA EXCMA. DIPUTACI\u00d3N PROVINCIAL DE VALENCIA, DESTINADA A LA REALIZACI\u00d3N DE CAMPA\u00d1AS DE SALUD PUBLICA 2023.<\/h1>\n<p>Por parte del \u00c1rea de Bienestar Social de la Diputaci\u00f3n Provincial de Valencia, por acuerdo de 23\/05\/2023, dentro del programa de Salud P\u00fablica para el ejercicio 2023, se ha concedido al Ayuntamiento de Museros una subvenci\u00f3n por importe de 2.000 \u20ac, para llevar a cabo la desratizaci\u00f3n, desinsectaci\u00f3n y desinfecci\u00f3n del municipio de Museros.<\/p>\n<p>[\/et_pb_text][et_pb_divider color=\u00bbrgba(0,0,0,0.49)\u00bb divider_style=\u00bbdotted\u00bb divider_weight=\u00bb7px\u00bb _builder_version=\u00bb4.27.4&#8243; _module_preset=\u00bbdefault\u00bb custom_margin=\u00bb40px||||false|false\u00bb locked=\u00bboff\u00bb global_colors_info=\u00bb{}\u00bb][\/et_pb_divider][et_pb_text _builder_version=\u00bb4.27.4&#8243; _module_preset=\u00bbdefault\u00bb global_colors_info=\u00bb{}\u00bb]<\/p>\n<h1>Pla Reacciona 2021 &#8211; Diputaci\u00f3 de Val\u00e8ncia<\/h1>\n<p><strong>PLA REACCIONA 2021. MILLORA DEL CICLE INTEGRAL DE L&#8217;AIGUA<\/strong><br \/><strong>SUBVENCI\u00d3 DE L&#8217;\u00c0REA DE MEDI AMBIENT DE LA DIPUTACI\u00d3 DE VAL\u00c8NCIA<\/strong><\/p>\n<p>Per acord de la Junta de Govern de l&#8217;Excma. Diputaci\u00f3 Provincial de Val\u00e8ncia, en sessi\u00f3 de data 26 d&#8217;octubre de 2021, es va acordar concedir a l&#8217;Ajuntament de Museros ajuda per import de 72.454,80 \u20ac, per a la millora del cicle integral de l&#8217;aigua en 2021, incl\u00f2s en el PLA REACCIONA 2021, l&#8217;acord del qual es va publicar en el BOP n\u00fam. 216, de 9 de novembre de 2021.<\/p>\n<p>Dins d&#8217;aquest Pla REACCIONA 2021, s&#8217;emmarca aquest projecte mitjan\u00e7ant el qual l&#8217;Ajuntament de Museros projecta substituir col\u00b7lectors en la C\/ Orde de Sant Jaume i Av. Corts Valencianes per a eliminar els regruixos que impedeixen la correcta evacuaci\u00f3 de les aig\u00fces.<\/p>\n<p>[\/et_pb_text][et_pb_video src=\u00bbhttps:\/\/museros.org\/wp-content\/uploads\/2022\/05\/Museros-Sub-Dipu.mp4&#8243; image_src=\u00bbhttps:\/\/museros.org\/wp-content\/uploads\/2022\/05\/portada-video-reacciona.jpg\u00bb play_icon_color=\u00bb#660000&#8243; thumbnail_overlay_color=\u00bbRGBA(255,255,255,0)\u00bb _builder_version=\u00bb4.18.0&#8243; _module_preset=\u00bbdefault\u00bb width=\u00bb70%\u00bb global_colors_info=\u00bb{}\u00bb][\/et_pb_video][\/et_pb_column][\/et_pb_row][et_pb_row _builder_version=\u00bb4.16&#8243; _module_preset=\u00bbdefault\u00bb global_colors_info=\u00bb{}\u00bb][et_pb_column type=\u00bb4_4&#8243; _builder_version=\u00bb4.16&#8243; _module_preset=\u00bbdefault\u00bb global_colors_info=\u00bb{}\u00bb][et_pb_divider color=\u00bb#E02B20&#8243; divider_weight=\u00bb4px\u00bb _builder_version=\u00bb4.16&#8243; _module_preset=\u00bbdefault\u00bb global_colors_info=\u00bb{}\u00bb][\/et_pb_divider][\/et_pb_column][\/et_pb_row][\/et_pb_section]<\/p>\n","protected":false},"excerpt":{"rendered":"<p>SUBVENCI\u00d3N DEL \u00c1REA DE BIENESTAR SOCIAL, DE LA EXCMA. DIPUTACI\u00d3N PROVINCIAL DE VALENCIA, DESTINADA A LA REALIZACI\u00d3N DE CAMPA\u00d1AS DE SALUD PUBLICA 2025. Por parte del \u00c1rea de Bienestar Social de la Diputaci\u00f3n Provincial de Valencia, por acuerdo de 20\/05\/2025, dentro del programa de Salud P\u00fablica para el ejercicio 2025, se ha concedido al Ayuntamiento [&hellip;]<\/p>\n","protected":false},"author":8,"featured_media":0,"parent":0,"menu_order":0,"comment_status":"closed","ping_status":"closed","template":"","meta":{"_et_pb_use_builder":"on","_et_pb_old_content":"","_et_gb_content_width":"","_mc_calendar":[],"footnotes":""},"wf_page_folders":[1328],"class_list":["post-274184","page","type-page","status-publish","hentry"],"_links":{"self":[{"href":"https:\/\/museros.org\/inici\/wp-json\/wp\/v2\/pages\/274184","targetHints":{"allow":["GET"]}}],"collection":[{"href":"https:\/\/museros.org\/inici\/wp-json\/wp\/v2\/pages"}],"about":[{"href":"https:\/\/museros.org\/inici\/wp-json\/wp\/v2\/types\/page"}],"author":[{"embeddable":true,"href":"https:\/\/museros.org\/inici\/wp-json\/wp\/v2\/users\/8"}],"replies":[{"embeddable":true,"href":"https:\/\/museros.org\/inici\/wp-json\/wp\/v2\/comments?post=274184"}],"version-history":[{"count":19,"href":"https:\/\/museros.org\/inici\/wp-json\/wp\/v2\/pages\/274184\/revisions"}],"predecessor-version":[{"id":279424,"href":"https:\/\/museros.org\/inici\/wp-json\/wp\/v2\/pages\/274184\/revisions\/279424"}],"wp:attachment":[{"href":"https:\/\/museros.org\/inici\/wp-json\/wp\/v2\/media?parent=274184"}],"wp:term":[{"taxonomy":"wf_page_folders","embeddable":true,"href":"https:\/\/museros.org\/inici\/wp-json\/wp\/v2\/wf_page_folders?post=274184"}],"curies":[{"name":"wp","href":"https:\/\/api.w.org\/{rel}","templated":true}]}}