{"id":272812,"date":"2025-01-28T13:09:48","date_gmt":"2025-01-28T13:09:48","guid":{"rendered":"https:\/\/museros.org\/inici\/?page_id=272812"},"modified":"2025-01-28T13:13:52","modified_gmt":"2025-01-28T13:13:52","slug":"san-valentin-2025","status":"publish","type":"page","link":"https:\/\/museros.org\/inici\/es\/san-valentin-2025\/","title":{"rendered":"San Valent\u00edn 2025"},"content":{"rendered":"<p>[et_pb_section fb_built=\u00bb1&#8243; _builder_version=\u00bb4.16&#8243; _module_preset=\u00bbdefault\u00bb custom_padding=\u00bb0px||||false|false\u00bb locked=\u00bboff\u00bb global_colors_info=\u00bb{}\u00bb theme_builder_area=\u00bbpost_content\u00bb][et_pb_row column_structure=\u00bb1_3,2_3&#8243; _builder_version=\u00bb4.16&#8243; _module_preset=\u00bbdefault\u00bb custom_margin=\u00bb0px||0px||false|false\u00bb custom_padding=\u00bb0px||0px||false|false\u00bb global_colors_info=\u00bb{}\u00bb theme_builder_area=\u00bbpost_content\u00bb][et_pb_column type=\u00bb1_3&#8243; _builder_version=\u00bb4.16&#8243; _module_preset=\u00bbdefault\u00bb global_colors_info=\u00bb{}\u00bb theme_builder_area=\u00bbpost_content\u00bb][et_pb_image src=\u00bbhttps:\/\/museros.org\/wp-content\/uploads\/2021\/06\/logo-comercio-cl-230&#215;180-1.jpg\u00bb title_text=\u00bblogo-comercio-cl-230&#215;180&#8243; url=\u00bbhttps:\/\/museros.org\/inici\/es\/area-de-comercio\u00bb use_overlay=\u00bbon\u00bb overlay_icon_color=\u00bb#E02B20&#8243; hover_overlay_color=\u00bbrgba(255,255,255,0.7)\u00bb hover_icon=\u00bb&#xe04d;||divi||400&#8243; align=\u00bbcenter\u00bb _builder_version=\u00bb4.17.3&#8243; _module_preset=\u00bbdefault\u00bb width=\u00bb100%\u00bb width_tablet=\u00bb\u00bb width_phone=\u00bb\u00bb width_last_edited=\u00bbon|phone\u00bb module_alignment=\u00bbcenter\u00bb custom_margin=\u00bb0px||0px||false|false\u00bb custom_padding=\u00bb0px||0px||false|false\u00bb global_colors_info=\u00bb{}\u00bb locked=\u00bboff\u00bb theme_builder_area=\u00bbpost_content\u00bb][\/et_pb_image][\/et_pb_column][et_pb_column type=\u00bb2_3&#8243; _builder_version=\u00bb4.16&#8243; _module_preset=\u00bbdefault\u00bb global_colors_info=\u00bb{}\u00bb theme_builder_area=\u00bbpost_content\u00bb][et_pb_image src=\u00bbhttps:\/\/museros.org\/wp-content\/uploads\/2025\/01\/santvalenti-900&#215;1125-1.jpg\u00bb title_text=\u00bbsantvalenti-900&#215;1125&#8243; _builder_version=\u00bb4.27.4&#8243; _module_preset=\u00bbdefault\u00bb hover_enabled=\u00bb0&#8243; global_colors_info=\u00bb{}\u00bb theme_builder_area=\u00bbpost_content\u00bb sticky_enabled=\u00bb0&#8243;][\/et_pb_image][et_pb_text _builder_version=\u00bb4.27.4&#8243; _module_preset=\u00bbdefault\u00bb custom_margin=\u00bb40px||||false|false\u00bb custom_padding=\u00bb||1px|0px|false|false\u00bb hover_enabled=\u00bb0&#8243; global_colors_info=\u00bb{}\u00bb theme_builder_area=\u00bbpost_content\u00bb sticky_enabled=\u00bb0&#8243;]<\/p>\n<h2 style=\"text-align: left;\">CAMPA\u00d1A DE SAN VALENT\u00cdN 2025<\/h2>\n<p style=\"text-align: justify;\">Bajo el lema \u201cCompra en el comercio local, regala con el coraz\u00f3n\u201d, el Ayuntamiento de Museros, y en concreto la Concejal\u00eda de Comercio, organiza, junto con la Asociaci\u00f3n de Comerciantes de Museros y con la colaboraci\u00f3n de Caja Popular, la campa\u00f1a comercial de San Valent\u00edn, con el fin de fomentar el uso del comercio local, y al mismo tiempo, incentivar y premiar aquellas personas que lo utilizan.<\/p>\n<p style=\"text-align: justify;\">Esta campa\u00f1a contin\u00faa con la l\u00ednea de trabajo que, hasta ahora, mantiene el Ayuntamiento, en colaboraci\u00f3n con la Asociaci\u00f3n de Comerciantes de Museros, para ayudar y para fomentar el uso del comercio local tradicional de nuestro municipio.<\/p>\n<p style=\"text-align: justify;\">La campa\u00f1a, en la cual se invita los ciudadanos a realizar sus compras en el comercio tradicional durante la campa\u00f1a comercial de San Valent\u00edn, incluye el sorteo de 15 tarjetas monedero por valor de 40 \u20ac cada una, para consumir en aquellos comercios locales adheridos. Estas tarjetas se sortear\u00e1n entre aquellas compras realizadas entre los d\u00edas 3 y 15 de febrero, ambos incluidos.<\/p>\n<p style=\"text-align: justify;\">Las compras tendr\u00e1n que hacerse en cualquier comercio de Museros, excepto grandes franquicias y grandes superficies. Las compras tendr\u00e1n que ser de 25 \u20ac como m\u00ednimo, y los tickets de compra se podr\u00e1n acumular hasta conseguir ese importe, en el ticket o en cualquier documento equivalente, tendr\u00e1n que figurar los datos del comercio o del bar o cafeter\u00eda donde se haya efectuado el gasto.<\/p>\n<p style=\"text-align: justify;\">Las personas usuarias, mientras dure la campa\u00f1a, podr\u00e1n depositar los tickets de compra o el documento equivalente, al lugar habilitado para esta finalidad en el Ayuntamiento de Museros, en horario de 09.00 h a 14.00 h. Las personas que participan, adem\u00e1s, tendr\u00e1n que indicar el nombre y tel\u00e9fono en los tickets, para contactar con ellas en caso de resultar ganadoras, y entre todos esos tickets, se sortear\u00e1n las tarjetas.<\/p>\n<p style=\"text-align: justify;\">El sorteo tendr\u00e1 lugar martes 18 de febrero.<\/p>\n<p style=\"text-align: justify;\">La entrega de premios ser\u00e1 en el sal\u00f3n de plenos del Ayuntamiento, jueves 20 de febrero a las 19.00 h.<\/p>\n<p>[\/et_pb_text][\/et_pb_column][\/et_pb_row][et_pb_row _builder_version=\u00bb4.16&#8243; _module_preset=\u00bbdefault\u00bb custom_margin=\u00bb50px||0px||false|false\u00bb custom_padding=\u00bb0px||0px||false|false\u00bb global_colors_info=\u00bb{}\u00bb theme_builder_area=\u00bbpost_content\u00bb][et_pb_column type=\u00bb4_4&#8243; _builder_version=\u00bb4.16&#8243; _module_preset=\u00bbdefault\u00bb global_colors_info=\u00bb{}\u00bb theme_builder_area=\u00bbpost_content\u00bb][et_pb_divider color=\u00bb#E02B20&#8243; divider_weight=\u00bb4px\u00bb _builder_version=\u00bb4.16&#8243; _module_preset=\u00bbdefault\u00bb custom_margin=\u00bb0px||0px||false|false\u00bb custom_padding=\u00bb0px||0px||false|false\u00bb global_colors_info=\u00bb{}\u00bb theme_builder_area=\u00bbpost_content\u00bb][\/et_pb_divider][\/et_pb_column][\/et_pb_row][\/et_pb_section]<\/p>\n","protected":false},"excerpt":{"rendered":"<p>CAMPA\u00d1A DE SAN VALENT\u00cdN 2025 Bajo el lema \u201cCompra en el comercio local, regala con el coraz\u00f3n\u201d, el Ayuntamiento de Museros, y en concreto la Concejal\u00eda de Comercio, organiza, junto con la Asociaci\u00f3n de Comerciantes de Museros y con la colaboraci\u00f3n de Caja Popular, la campa\u00f1a comercial de San Valent\u00edn, con el fin de fomentar [&hellip;]<\/p>\n","protected":false},"author":8,"featured_media":0,"parent":0,"menu_order":0,"comment_status":"closed","ping_status":"closed","template":"","meta":{"_et_pb_use_builder":"on","_et_pb_old_content":"","_et_gb_content_width":"","_mc_calendar":[],"footnotes":""},"wf_page_folders":[294],"class_list":["post-272812","page","type-page","status-publish","hentry"],"_links":{"self":[{"href":"https:\/\/museros.org\/inici\/wp-json\/wp\/v2\/pages\/272812","targetHints":{"allow":["GET"]}}],"collection":[{"href":"https:\/\/museros.org\/inici\/wp-json\/wp\/v2\/pages"}],"about":[{"href":"https:\/\/museros.org\/inici\/wp-json\/wp\/v2\/types\/page"}],"author":[{"embeddable":true,"href":"https:\/\/museros.org\/inici\/wp-json\/wp\/v2\/users\/8"}],"replies":[{"embeddable":true,"href":"https:\/\/museros.org\/inici\/wp-json\/wp\/v2\/comments?post=272812"}],"version-history":[{"count":3,"href":"https:\/\/museros.org\/inici\/wp-json\/wp\/v2\/pages\/272812\/revisions"}],"predecessor-version":[{"id":272819,"href":"https:\/\/museros.org\/inici\/wp-json\/wp\/v2\/pages\/272812\/revisions\/272819"}],"wp:attachment":[{"href":"https:\/\/museros.org\/inici\/wp-json\/wp\/v2\/media?parent=272812"}],"wp:term":[{"taxonomy":"wf_page_folders","embeddable":true,"href":"https:\/\/museros.org\/inici\/wp-json\/wp\/v2\/wf_page_folders?post=272812"}],"curies":[{"name":"wp","href":"https:\/\/api.w.org\/{rel}","templated":true}]}}