{"id":272621,"date":"2025-01-14T12:38:52","date_gmt":"2025-01-14T12:38:52","guid":{"rendered":"https:\/\/museros.org\/inici\/?page_id=272621"},"modified":"2025-01-16T11:15:30","modified_gmt":"2025-01-16T11:15:30","slug":"obres-de-la-placa","status":"publish","type":"page","link":"https:\/\/museros.org\/inici\/obres-de-la-placa\/","title":{"rendered":"Obres de la pla\u00e7a"},"content":{"rendered":"<p>[et_pb_section fb_built=\u00bb1&#8243; _builder_version=\u00bb4.16&#8243; _module_preset=\u00bbdefault\u00bb custom_margin=\u00bb0px||||false|false\u00bb custom_padding=\u00bb0px||||false|false\u00bb locked=\u00bboff\u00bb global_colors_info=\u00bb{}\u00bb][et_pb_row column_structure=\u00bb1_4,3_4&#8243; _builder_version=\u00bb4.16&#8243; _module_preset=\u00bbdefault\u00bb custom_margin=\u00bb0px||||false|false\u00bb custom_padding=\u00bb0px||||false|false\u00bb global_colors_info=\u00bb{}\u00bb][et_pb_column type=\u00bb1_4&#8243; _builder_version=\u00bb4.16&#8243; _module_preset=\u00bbdefault\u00bb global_colors_info=\u00bb{}\u00bb][et_pb_image src=\u00bbhttps:\/\/museros.org\/wp-content\/uploads\/2021\/08\/logo-estructures-cl-230&#215;180-1.jpg\u00bb title_text=\u00bblogo-estructures-cl-230&#215;180&#8243; url=\u00bbhttps:\/\/museros.org\/inici\/area-dinfraestructures\/\u00bb use_overlay=\u00bbon\u00bb overlay_icon_color=\u00bb#E02B20&#8243; hover_overlay_color=\u00bbrgba(255,255,255,0.71)\u00bb hover_icon=\u00bb&#xe04d;||divi||400&#8243; _builder_version=\u00bb4.27.4&#8243; _module_preset=\u00bbdefault\u00bb hover_enabled=\u00bb0&#8243; global_colors_info=\u00bb{}\u00bb sticky_enabled=\u00bb0&#8243;][\/et_pb_image][\/et_pb_column][et_pb_column type=\u00bb3_4&#8243; _builder_version=\u00bb4.16&#8243; _module_preset=\u00bbdefault\u00bb global_colors_info=\u00bb{}\u00bb][et_pb_image src=\u00bbhttps:\/\/museros.org\/wp-content\/uploads\/2025\/01\/obres900x300.jpg\u00bb title_text=\u00bbobres900x300&#8243; _builder_version=\u00bb4.27.4&#8243; _module_preset=\u00bbdefault\u00bb global_colors_info=\u00bb{}\u00bb][\/et_pb_image][et_pb_text _builder_version=\u00bb4.27.4&#8243; _module_preset=\u00bbdefault\u00bb locked=\u00bboff\u00bb global_colors_info=\u00bb{}\u00bb]<\/p>\n<h1>Obres de la pla\u00e7a Poeta Llorente<\/h1>\n<p>Obres de remodelaci\u00f3 de la pla\u00e7a del Poeta Llorente i del carrer de Lepant, un projecte de gran envergadura que t\u00e9 com a objectiu principal millorar la qualitat de vida de tot el ve\u00efnat i de les persones visitants de la nostra localitat. En l&#8217;espai web, pot visualitzar unes imatges virtuals de l&#8217;estat de la pla\u00e7a, una vegada executades les obres.<\/p>\n<p>Aquest projecte s&#8217;emmarca en un pla m\u00e9s ampli de remodelaci\u00f3 urbana que es desenvolupar\u00e0 en els pr\u00f2xims anys. Despr\u00e9s de la finalitzaci\u00f3 de les obres a la pla\u00e7a del Poeta Llorente i al carrer de Lepant, es portaran a terme les reformes del carrer Major, carrer de Costura i carrer de Jos\u00e9 Ruiz Gimeno. Totes aquestes inversions estan contemplades en les directrius del Pla de mobilitat urb\u00e0 sostenible (PMUS).<\/p>\n<h3>Objecte de les obres:<\/h3>\n<ul>\n<li>Millora d&#8217;infraestructures subterr\u00e0nies: les xarxes de subministrament d&#8217;aigua i de sanejament, que es troben en un estat obsolet, seran completament renovades per a garantir un servei eficient i durador.<\/li>\n<li>Transformaci\u00f3 de la pla\u00e7a del Poeta Llorente.<\/li>\n<li>Ampliaci\u00f3 de voreres i millora del paviment al carrer de Lepant.<\/li>\n<\/ul>\n<h3>Fases del projecte:<\/h3>\n<p>L&#8217;actuaci\u00f3 sobre el carrer de Lepant i sobre la pla\u00e7a del Poeta Llorente s&#8217;executar\u00e0 en dues fases:<\/p>\n<ul>\n<li><strong>\u00c0mbit de la pla\u00e7a del Poeta Llorente fins a l&#8217;embocadura del sequiol:<\/strong><br \/>La pla\u00e7a ser\u00e0 redissenyada per a convertir-se en un espai p\u00fablic de trobada i d\u2019esplai, es prioritzar\u00e0 el benestar de les persones. S&#8217;eliminaran les zones d&#8217;estacionament de vehicles i es crearan \u00e0rees verdes, zones de joc i espais per al descans.<\/li>\n<li><strong>\u00c0mbit del carrer de Lepant:<\/strong><br \/>Les voreres del carrer seran ampliades per a garantir la seguretat i l\u2019accessibilitat de totes les persones vianants, especialment de persones majors i amb mobilitat redu\u00efda.<\/li>\n<\/ul>\n<p>[\/et_pb_text][et_pb_gallery gallery_ids=\u00bb272620,272619,272618,272617,272616&#8243; fullwidth=\u00bbon\u00bb _builder_version=\u00bb4.27.4&#8243; _module_preset=\u00bbdefault\u00bb background_layout=\u00bbdark\u00bb global_colors_info=\u00bb{}\u00bb][\/et_pb_gallery][\/et_pb_column][\/et_pb_row][et_pb_row _builder_version=\u00bb4.16&#8243; _module_preset=\u00bbdefault\u00bb global_colors_info=\u00bb{}\u00bb][et_pb_column type=\u00bb4_4&#8243; _builder_version=\u00bb4.16&#8243; _module_preset=\u00bbdefault\u00bb global_colors_info=\u00bb{}\u00bb][et_pb_divider color=\u00bb#E02B20&#8243; divider_weight=\u00bb4px\u00bb _builder_version=\u00bb4.16&#8243; _module_preset=\u00bbdefault\u00bb global_colors_info=\u00bb{}\u00bb][\/et_pb_divider][\/et_pb_column][\/et_pb_row][\/et_pb_section]<\/p>\n","protected":false},"excerpt":{"rendered":"<p>Obres de la pla\u00e7a Poeta Llorente Obres de remodelaci\u00f3 de la pla\u00e7a del Poeta Llorente i del carrer de Lepant, un projecte de gran envergadura que t\u00e9 com a objectiu principal millorar la qualitat de vida de tot el ve\u00efnat i de les persones visitants de la nostra localitat. En l&#8217;espai web, pot visualitzar unes [&hellip;]<\/p>\n","protected":false},"author":8,"featured_media":0,"parent":0,"menu_order":0,"comment_status":"closed","ping_status":"closed","template":"","meta":{"_et_pb_use_builder":"on","_et_pb_old_content":"","_et_gb_content_width":"","_mc_calendar":[],"footnotes":""},"wf_page_folders":[286],"class_list":["post-272621","page","type-page","status-publish","hentry"],"_links":{"self":[{"href":"https:\/\/museros.org\/inici\/wp-json\/wp\/v2\/pages\/272621","targetHints":{"allow":["GET"]}}],"collection":[{"href":"https:\/\/museros.org\/inici\/wp-json\/wp\/v2\/pages"}],"about":[{"href":"https:\/\/museros.org\/inici\/wp-json\/wp\/v2\/types\/page"}],"author":[{"embeddable":true,"href":"https:\/\/museros.org\/inici\/wp-json\/wp\/v2\/users\/8"}],"replies":[{"embeddable":true,"href":"https:\/\/museros.org\/inici\/wp-json\/wp\/v2\/comments?post=272621"}],"version-history":[{"count":8,"href":"https:\/\/museros.org\/inici\/wp-json\/wp\/v2\/pages\/272621\/revisions"}],"predecessor-version":[{"id":272688,"href":"https:\/\/museros.org\/inici\/wp-json\/wp\/v2\/pages\/272621\/revisions\/272688"}],"wp:attachment":[{"href":"https:\/\/museros.org\/inici\/wp-json\/wp\/v2\/media?parent=272621"}],"wp:term":[{"taxonomy":"wf_page_folders","embeddable":true,"href":"https:\/\/museros.org\/inici\/wp-json\/wp\/v2\/wf_page_folders?post=272621"}],"curies":[{"name":"wp","href":"https:\/\/api.w.org\/{rel}","templated":true}]}}