{"id":272225,"date":"2024-11-28T12:40:10","date_gmt":"2024-11-28T12:40:10","guid":{"rendered":"https:\/\/museros.org\/inici\/?page_id=272225"},"modified":"2024-11-28T12:56:49","modified_gmt":"2024-11-28T12:56:49","slug":"navidenos-24","status":"publish","type":"page","link":"https:\/\/museros.org\/inici\/es\/navidenos-24\/","title":{"rendered":"Navide\u00f1os-24"},"content":{"rendered":"<p>[et_pb_section fb_built=\u00bb1&#8243; _builder_version=\u00bb4.16&#8243; _module_preset=\u00bbdefault\u00bb custom_padding=\u00bb0px||||false|false\u00bb locked=\u00bboff\u00bb global_colors_info=\u00bb{}\u00bb][et_pb_row column_structure=\u00bb1_3,2_3&#8243; _builder_version=\u00bb4.16&#8243; _module_preset=\u00bbdefault\u00bb custom_margin=\u00bb0px||0px||false|false\u00bb custom_padding=\u00bb0px||0px||false|false\u00bb global_colors_info=\u00bb{}\u00bb][et_pb_column type=\u00bb1_3&#8243; _builder_version=\u00bb4.16&#8243; _module_preset=\u00bbdefault\u00bb global_colors_info=\u00bb{}\u00bb][et_pb_image src=\u00bbhttps:\/\/museros.org\/wp-content\/uploads\/2022\/12\/logo-fiestas-vl-cl-230&#215;115-1.jpg\u00bb title_text=\u00bblogo-fiestas-vl-cl-230&#215;115&#8243; url=\u00bbhttps:\/\/museros.org\/inici\/es\/area-de-fiestas\u00bb use_overlay=\u00bbon\u00bb overlay_icon_color=\u00bb#E02B20&#8243; hover_overlay_color=\u00bbrgba(255,255,255,0.67)\u00bb hover_icon=\u00bb&#xe04d;||divi||400&#8243; align=\u00bbcenter\u00bb _builder_version=\u00bb4.27.4&#8243; _module_preset=\u00bbdefault\u00bb locked=\u00bboff\u00bb global_colors_info=\u00bb{}\u00bb][\/et_pb_image][\/et_pb_column][et_pb_column type=\u00bb2_3&#8243; _builder_version=\u00bb4.16&#8243; _module_preset=\u00bbdefault\u00bb global_colors_info=\u00bb{}\u00bb][et_pb_text _builder_version=\u00bb4.27.4&#8243; _module_preset=\u00bbdefault\u00bb global_colors_info=\u00bb{}\u00bb]<\/p>\n<h1>La Nadalenca llega a Museros!<\/h1>\n<p>Vive la magia de la Navidad en nuestro pueblo con actividades para todas las edades.<br \/>La programaci\u00f3n de actividades empezar\u00e1 el pr\u00f3ximo jueves, 5 de diciembre, con actividades y talleres para ni\u00f1os y ni\u00f1as a partir de 2 a\u00f1os, merienda con chocolate y ensaimadas y el encendido de las luces del \u00e1rbol de Navidad.<\/p>\n<p>Jueves, 2 de enero, recibiremos la visita del cartero real a las 17.00 h.<br \/>A las 18.30 h, empezar\u00e1 el musical infantil \u201cDisney &amp; tus pel\u00edculas favoritas\u00bb.<\/p>\n<p>Las entradas al musical estar\u00e1n disponibles a partir del 10 de diciembre en <a href=\"https:\/\/www.agendamuseros.com\/index.html\" target=\"_blank\" rel=\"noopener\">agendamuseros.com<\/a> y en la Casa de Cultura.<\/p>\n<p>Domingo, 5 de enero, tendremos la gran cabalgata de los Reyes de Oriente.<br \/>No dejes escapar la oportunidad de vivir una navidad \u00fanica en Museros.<\/p>\n<p>&nbsp;<\/p>\n<p>[\/et_pb_text][et_pb_image src=\u00bbhttps:\/\/museros.org\/wp-content\/uploads\/2024\/11\/nadalenca24-1200-1.jpg\u00bb title_text=\u00bbnadalenca24-1200-1&#8243; _builder_version=\u00bb4.27.4&#8243; _module_preset=\u00bbdefault\u00bb global_colors_info=\u00bb{}\u00bb][\/et_pb_image][et_pb_image src=\u00bbhttps:\/\/museros.org\/wp-content\/uploads\/2024\/11\/nadalenca24-1200-2.jpg\u00bb title_text=\u00bbnadalenca24-1200-2&#8243; _builder_version=\u00bb4.27.4&#8243; _module_preset=\u00bbdefault\u00bb global_colors_info=\u00bb{}\u00bb][\/et_pb_image][\/et_pb_column][\/et_pb_row][et_pb_row _builder_version=\u00bb4.16&#8243; _module_preset=\u00bbdefault\u00bb custom_margin=\u00bb50px||0px||false|false\u00bb custom_padding=\u00bb0px||0px||false|false\u00bb global_colors_info=\u00bb{}\u00bb][et_pb_column type=\u00bb4_4&#8243; _builder_version=\u00bb4.16&#8243; _module_preset=\u00bbdefault\u00bb global_colors_info=\u00bb{}\u00bb][et_pb_divider color=\u00bb#E02B20&#8243; divider_weight=\u00bb4px\u00bb _builder_version=\u00bb4.16&#8243; _module_preset=\u00bbdefault\u00bb custom_margin=\u00bb0px||0px||false|false\u00bb custom_padding=\u00bb0px||0px||false|false\u00bb global_colors_info=\u00bb{}\u00bb][\/et_pb_divider][\/et_pb_column][\/et_pb_row][\/et_pb_section]<\/p>\n","protected":false},"excerpt":{"rendered":"<p>La Nadalenca llega a Museros! Vive la magia de la Navidad en nuestro pueblo con actividades para todas las edades.La programaci\u00f3n de actividades empezar\u00e1 el pr\u00f3ximo jueves, 5 de diciembre, con actividades y talleres para ni\u00f1os y ni\u00f1as a partir de 2 a\u00f1os, merienda con chocolate y ensaimadas y el encendido de las luces del [&hellip;]<\/p>\n","protected":false},"author":8,"featured_media":0,"parent":0,"menu_order":0,"comment_status":"closed","ping_status":"closed","template":"","meta":{"_et_pb_use_builder":"on","_et_pb_old_content":"","_et_gb_content_width":"","_mc_calendar":[],"footnotes":""},"wf_page_folders":[175],"class_list":["post-272225","page","type-page","status-publish","hentry"],"_links":{"self":[{"href":"https:\/\/museros.org\/inici\/wp-json\/wp\/v2\/pages\/272225","targetHints":{"allow":["GET"]}}],"collection":[{"href":"https:\/\/museros.org\/inici\/wp-json\/wp\/v2\/pages"}],"about":[{"href":"https:\/\/museros.org\/inici\/wp-json\/wp\/v2\/types\/page"}],"author":[{"embeddable":true,"href":"https:\/\/museros.org\/inici\/wp-json\/wp\/v2\/users\/8"}],"replies":[{"embeddable":true,"href":"https:\/\/museros.org\/inici\/wp-json\/wp\/v2\/comments?post=272225"}],"version-history":[{"count":3,"href":"https:\/\/museros.org\/inici\/wp-json\/wp\/v2\/pages\/272225\/revisions"}],"predecessor-version":[{"id":272236,"href":"https:\/\/museros.org\/inici\/wp-json\/wp\/v2\/pages\/272225\/revisions\/272236"}],"wp:attachment":[{"href":"https:\/\/museros.org\/inici\/wp-json\/wp\/v2\/media?parent=272225"}],"wp:term":[{"taxonomy":"wf_page_folders","embeddable":true,"href":"https:\/\/museros.org\/inici\/wp-json\/wp\/v2\/wf_page_folders?post=272225"}],"curies":[{"name":"wp","href":"https:\/\/api.w.org\/{rel}","templated":true}]}}