{"id":267240,"date":"2024-01-12T17:45:21","date_gmt":"2024-01-12T17:45:21","guid":{"rendered":"https:\/\/museros.org\/inici\/?page_id=267240"},"modified":"2024-01-15T09:45:21","modified_gmt":"2024-01-15T09:45:21","slug":"unidad-de-respiro","status":"publish","type":"page","link":"https:\/\/museros.org\/inici\/es\/unidad-de-respiro\/","title":{"rendered":"Unidad de respiro"},"content":{"rendered":"<p>[et_pb_section fb_built=\u00bb1&#8243; _builder_version=\u00bb4.16&#8243; _module_preset=\u00bbdefault\u00bb custom_margin=\u00bb0px||||false|false\u00bb custom_padding=\u00bb0px||||false|false\u00bb locked=\u00bboff\u00bb global_colors_info=\u00bb{}\u00bb][et_pb_row column_structure=\u00bb1_4,3_4&#8243; _builder_version=\u00bb4.19.2&#8243; _module_preset=\u00bbdefault\u00bb custom_margin=\u00bb0px||||false|false\u00bb custom_padding=\u00bb0px||0px||false|false\u00bb global_colors_info=\u00bb{}\u00bb][et_pb_column type=\u00bb1_4&#8243; _builder_version=\u00bb4.16&#8243; _module_preset=\u00bbdefault\u00bb global_colors_info=\u00bb{}\u00bb][et_pb_image src=\u00bbhttps:\/\/museros.org\/wp-content\/uploads\/2022\/11\/serveissocials-230&#215;180-1.jpg\u00bb title_text=\u00bbserveissocials-230&#215;180&#8243; url=\u00bbhttps:\/\/museros.org\/inici\/es\/area-de-bienestar-social\u00bb use_overlay=\u00bbon\u00bb overlay_icon_color=\u00bb#E02B20&#8243; hover_overlay_color=\u00bbrgba(255,255,255,0.7)\u00bb hover_icon=\u00bb&#xe04d;||divi||400&#8243; align=\u00bbcenter\u00bb _builder_version=\u00bb4.23.4&#8243; _module_preset=\u00bbdefault\u00bb width=\u00bb100%\u00bb locked=\u00bboff\u00bb global_colors_info=\u00bb{}\u00bb][\/et_pb_image][\/et_pb_column][et_pb_column type=\u00bb3_4&#8243; _builder_version=\u00bb4.16&#8243; _module_preset=\u00bbdefault\u00bb global_colors_info=\u00bb{}\u00bb][et_pb_image src=\u00bbhttps:\/\/museros.org\/wp-content\/uploads\/2024\/01\/cabecerarespiro.jpg\u00bb title_text=\u00bbcabecerarespiro\u00bb align=\u00bbcenter\u00bb _builder_version=\u00bb4.23.4&#8243; _module_preset=\u00bbdefault\u00bb global_colors_info=\u00bb{}\u00bb][\/et_pb_image][et_pb_image src=\u00bbhttps:\/\/museros.org\/wp-content\/uploads\/2024\/01\/illustracio.jpg\u00bb title_text=\u00bbillustracio\u00bb _builder_version=\u00bb4.23.4&#8243; _module_preset=\u00bbdefault\u00bb hover_enabled=\u00bb0&#8243; global_colors_info=\u00bb{}\u00bb sticky_enabled=\u00bb0&#8243;][\/et_pb_image][et_pb_text _builder_version=\u00bb4.23.4&#8243; _module_preset=\u00bbdefault\u00bb custom_margin=\u00bb40px||||false|false\u00bb global_colors_info=\u00bb{}\u00bb]<\/p>\n<h1>Programa Unidad de Respiro<\/h1>\n<p>En los Servicios Sociales de Atenci\u00f3n Primaria del Ayuntamiento de Museros se enmarca el Servicio de autonom\u00eda personal. Desde esta \u00e1rea se desarrolla el Programa unidad de respiro.<\/p>\n<h3>\u00bfEN QU\u00c9 CONSISTE EL PROGRAMA UNIDAD DE RESPIRO?<\/h3>\n<p>Se trata de un programa que dar\u00e1, por primera vez en el municipio, dirigido a personas mayores de 65 a\u00f1os o con diversidad funcional y empadronadas en el municipio de Museros, y que necesitan una atenci\u00f3n continuada. <br \/>La unidad de respiro permite que las personas usuarias que no pueden estar solas en su domicilio sean atendidas durante la ma\u00f1ana, posibilitando a los familiares tener un tiempo de respiro.<br \/>El objetivo principal del programa es ofrecer un espacio donde los usuarios puedan permanecer realizando actividades terap\u00e9uticas adecuadas a cada uno de ellos, mientras la persona cuidadora puede conciliar vida familiar y laboral, adem\u00e1s de reducir la carga asociada a las tareas de cuidado.<br \/>La finalidad de este programa pretende ser un apoyo para los familiares, previniendo as\u00ed situaciones de carga y estr\u00e9s, y que las personas dependientes puedan permanecer en un entorno seguro.<\/p>\n<h3>\u00bfD\u00d3NDE Y EN QU\u00c9 HORARIO SE DESARROLLAR\u00c1 EL PROGRAMA UNIDAD DE RESPIRO?<\/h3>\n<p>En el Centro Social, situado en Av. Blasco Ib\u00e1\u00f1ez, 87, del municipio de Museros.<br \/>De lunes a viernes, en horario de 10.00 h a 13.30 h.<\/p>\n<h3>REQUISITOS DE ACCESO<\/h3>\n<p>S\u00f3lo podr\u00e1n acceder al servicio personas que est\u00e9n empadronadas en el municipio mayores de 65 a\u00f1os, que tengan reconocido grado de dependencia o solicitada la valoraci\u00f3n (Se acoger\u00e1 a personas que se encuentren en un nivel de dependencia f\u00edsica o cognitiva, leve o moderada. Excepcionalmente, los casos de personas con deterioro mayor ser\u00e1n valorados por la Comisi\u00f3n de Valoraci\u00f3n de Ayudas de Servicios Sociales del Ayuntamiento de Museros), y personas con diversidad funcional con certificado acreditativo.<br \/>No podr\u00e1n acceder aquellas personas que por presentar graves trastornos de conducta puedan alterar la convivencia del resto de usuarios.<\/p>\n<h3>PLAZO Y LUGAR DE PRESENTACI\u00d3N<\/h3>\n<p>El plazo de presentaci\u00f3n de solicitudes ser\u00e1 a partir de febrero de 2024, y permanecer\u00e1 abierto durante todos los meses del a\u00f1o.<br \/>Plazas limitadas. Orden de admisi\u00f3n por registro de entrada, siempre que cumplan requisitos.<br \/>Para m\u00e1s informaci\u00f3n, solicitar cita previa al tel\u00e9fono: 962062153<\/p>\n<p>&nbsp;<\/p>\n<p>[\/et_pb_text][\/et_pb_column][\/et_pb_row][et_pb_row _builder_version=\u00bb4.16&#8243; _module_preset=\u00bbdefault\u00bb min_height=\u00bb77px\u00bb global_colors_info=\u00bb{}\u00bb][et_pb_column type=\u00bb4_4&#8243; _builder_version=\u00bb4.16&#8243; _module_preset=\u00bbdefault\u00bb global_colors_info=\u00bb{}\u00bb][et_pb_divider color=\u00bb#E02B20&#8243; divider_weight=\u00bb4px\u00bb _builder_version=\u00bb4.16&#8243; _module_preset=\u00bbdefault\u00bb global_colors_info=\u00bb{}\u00bb][\/et_pb_divider][\/et_pb_column][\/et_pb_row][\/et_pb_section]<\/p>\n","protected":false},"excerpt":{"rendered":"<p>Programa Unidad de Respiro En los Servicios Sociales de Atenci\u00f3n Primaria del Ayuntamiento de Museros se enmarca el Servicio de autonom\u00eda personal. Desde esta \u00e1rea se desarrolla el Programa unidad de respiro. \u00bfEN QU\u00c9 CONSISTE EL PROGRAMA UNIDAD DE RESPIRO? Se trata de un programa que dar\u00e1, por primera vez en el municipio, dirigido a [&hellip;]<\/p>\n","protected":false},"author":8,"featured_media":0,"parent":0,"menu_order":0,"comment_status":"closed","ping_status":"closed","template":"","meta":{"_et_pb_use_builder":"on","_et_pb_old_content":"","_et_gb_content_width":"","_mc_calendar":[],"footnotes":""},"wf_page_folders":[288],"class_list":["post-267240","page","type-page","status-publish","hentry"],"_links":{"self":[{"href":"https:\/\/museros.org\/inici\/wp-json\/wp\/v2\/pages\/267240","targetHints":{"allow":["GET"]}}],"collection":[{"href":"https:\/\/museros.org\/inici\/wp-json\/wp\/v2\/pages"}],"about":[{"href":"https:\/\/museros.org\/inici\/wp-json\/wp\/v2\/types\/page"}],"author":[{"embeddable":true,"href":"https:\/\/museros.org\/inici\/wp-json\/wp\/v2\/users\/8"}],"replies":[{"embeddable":true,"href":"https:\/\/museros.org\/inici\/wp-json\/wp\/v2\/comments?post=267240"}],"version-history":[{"count":4,"href":"https:\/\/museros.org\/inici\/wp-json\/wp\/v2\/pages\/267240\/revisions"}],"predecessor-version":[{"id":267263,"href":"https:\/\/museros.org\/inici\/wp-json\/wp\/v2\/pages\/267240\/revisions\/267263"}],"wp:attachment":[{"href":"https:\/\/museros.org\/inici\/wp-json\/wp\/v2\/media?parent=267240"}],"wp:term":[{"taxonomy":"wf_page_folders","embeddable":true,"href":"https:\/\/museros.org\/inici\/wp-json\/wp\/v2\/wf_page_folders?post=267240"}],"curies":[{"name":"wp","href":"https:\/\/api.w.org\/{rel}","templated":true}]}}