{"id":267236,"date":"2024-01-12T17:37:17","date_gmt":"2024-01-12T17:37:17","guid":{"rendered":"https:\/\/museros.org\/inici\/?page_id=267236"},"modified":"2024-01-15T09:46:30","modified_gmt":"2024-01-15T09:46:30","slug":"unitat-de-respir","status":"publish","type":"page","link":"https:\/\/museros.org\/inici\/unitat-de-respir\/","title":{"rendered":"Unitat de respir"},"content":{"rendered":"<p>[et_pb_section fb_built=\u00bb1&#8243; _builder_version=\u00bb4.16&#8243; _module_preset=\u00bbdefault\u00bb custom_margin=\u00bb0px||||false|false\u00bb custom_padding=\u00bb0px||||false|false\u00bb locked=\u00bboff\u00bb global_colors_info=\u00bb{}\u00bb][et_pb_row column_structure=\u00bb1_4,3_4&#8243; _builder_version=\u00bb4.19.2&#8243; _module_preset=\u00bbdefault\u00bb custom_margin=\u00bb0px||||false|false\u00bb custom_padding=\u00bb0px||0px||false|false\u00bb global_colors_info=\u00bb{}\u00bb][et_pb_column type=\u00bb1_4&#8243; _builder_version=\u00bb4.16&#8243; _module_preset=\u00bbdefault\u00bb global_colors_info=\u00bb{}\u00bb][et_pb_image src=\u00bbhttps:\/\/museros.org\/wp-content\/uploads\/2022\/11\/serveissocials-230&#215;180-1.jpg\u00bb title_text=\u00bbserveissocials-230&#215;180&#8243; url=\u00bbhttps:\/\/museros.org\/inici\/area-de-benestar-social\u00bb use_overlay=\u00bbon\u00bb overlay_icon_color=\u00bb#E02B20&#8243; hover_overlay_color=\u00bbrgba(255,255,255,0.7)\u00bb hover_icon=\u00bb&#xe04d;||divi||400&#8243; align=\u00bbcenter\u00bb _builder_version=\u00bb4.19.4&#8243; _module_preset=\u00bbdefault\u00bb width=\u00bb100%\u00bb locked=\u00bboff\u00bb global_colors_info=\u00bb{}\u00bb][\/et_pb_image][\/et_pb_column][et_pb_column type=\u00bb3_4&#8243; _builder_version=\u00bb4.16&#8243; _module_preset=\u00bbdefault\u00bb global_colors_info=\u00bb{}\u00bb][et_pb_image src=\u00bbhttps:\/\/museros.org\/wp-content\/uploads\/2024\/01\/capselera-espir.jpg\u00bb title_text=\u00bbcapselera-espir\u00bb align=\u00bbcenter\u00bb _builder_version=\u00bb4.23.4&#8243; _module_preset=\u00bbdefault\u00bb global_colors_info=\u00bb{}\u00bb][\/et_pb_image][et_pb_image src=\u00bbhttps:\/\/museros.org\/wp-content\/uploads\/2024\/01\/illustracio.jpg\u00bb title_text=\u00bbillustracio\u00bb _builder_version=\u00bb4.23.4&#8243; _module_preset=\u00bbdefault\u00bb hover_enabled=\u00bb0&#8243; global_colors_info=\u00bb{}\u00bb sticky_enabled=\u00bb0&#8243;][\/et_pb_image][et_pb_text _builder_version=\u00bb4.23.4&#8243; _module_preset=\u00bbdefault\u00bb custom_margin=\u00bb40px||||false|false\u00bb global_colors_info=\u00bb{}\u00bb]<\/p>\n<h1>Programa Unitat de Respir<\/h1>\n<p>En els Serveis Socials d&#8217;Atenci\u00f3 Prim\u00e0ria de l&#8217;Ajuntament de Museros, s&#8217;emmarca el servei d&#8217;autonomia personal. Des d&#8217;esta \u00e0rea, es desenvolupa el Programa unitat de respir.<\/p>\n<h3>EN QU\u00c8 CONSISTIX EL PROGRAMA UNITAT DE RESPIR?<\/h3>\n<p>Es tracta d&#8217;un programa que es donar\u00e0, per primera vegada al municipi, dirigit a persones majors de 65 anys o amb diversitat funcional i empadronades al municipi de Museros, i que necessiten una atenci\u00f3 continuada. <br \/>La unitat de respir permet que les persones usu\u00e0ries que no poden estar soles al seu domicili siguen ateses durant el mat\u00ed i, aix\u00ed, possibilitar que els familiars tinguen un temps de respir.<br \/>L&#8217;objectiu principal del programa \u00e9s oferir un espai en el qual els usuaris i les usu\u00e0ries puguen romandre i realitzen activitats terap\u00e8utiques adequades a cadascun d&#8217;ells i d\u2019elles, mentre la persona cuidadora pot conciliar vida familiar i laboral, a m\u00e9s de reduir la c\u00e0rrega associada a les tasques de cura.<br \/>La finalitat d&#8217;este programa pret\u00e9n ser un suport per als familiars, i previndre, aix\u00ed, situacions de c\u00e0rrega i d\u2019estr\u00e9s, i que les persones dependents romanguen en un entorn segur.<\/p>\n<h3>ON I EN QUIN HORARI ES DESENVOLUPAR\u00c0 EL PROGRAMA UNITAT DE RESPIR?<\/h3>\n<p>Al Centre Social, situat a l\u2019avinguda de Blasco Ib\u00e1\u00f1ez, 87, del municipi de Museros.<br \/>De dilluns a divendres, en horari de 10.00 h a 13.30 h.<\/p>\n<h3>REQUISITS D&#8217;ACC\u00c9S<\/h3>\n<p>Nom\u00e9s podran accedir al servei persones que estiguen empadronades al municipi majors de 65 anys, que tinguen reconegut un grau de depend\u00e8ncia o sol\u00b7licitada la valoraci\u00f3 (s&#8217;acolliran persones que es troben en un nivell de depend\u00e8ncia f\u00edsica o cognitiva, lleu o moderada, i excepcionalment, els casos de persones amb deterioraci\u00f3 major seran valorats per la Comissi\u00f3 de Valoraci\u00f3 d&#8217;Ajudes de Serveis Socials de l\u2019Ajuntament de Museros), i persones amb diversitat funcional amb un certificat acreditatiu.<br \/>No podran accedir aquelles persones que per presentar greus trastorns de conducta puguen alterar la conviv\u00e8ncia de la resta d&#8217;usuaris i usu\u00e0ries.<\/p>\n<h3>TERMINI I LLOC DE PRESENTACI\u00d3<\/h3>\n<p>El termini de presentaci\u00f3 de sol\u00b7licituds ser\u00e0 a partir de febrer de 2024, i romandr\u00e0 obert durant tots els mesos de l&#8217;any.<br \/>Places limitades. Ordre d&#8217;admissi\u00f3 per registre d&#8217;entrada, sempre que complisquen els requisits.<br \/>Per a m\u00e9s informaci\u00f3, sol\u00b7liciteu cita pr\u00e8via al tel\u00e8fon 962062153.<\/p>\n<p>&nbsp;<\/p>\n<p>[\/et_pb_text][\/et_pb_column][\/et_pb_row][et_pb_row _builder_version=\u00bb4.16&#8243; _module_preset=\u00bbdefault\u00bb min_height=\u00bb77px\u00bb global_colors_info=\u00bb{}\u00bb][et_pb_column type=\u00bb4_4&#8243; _builder_version=\u00bb4.16&#8243; _module_preset=\u00bbdefault\u00bb global_colors_info=\u00bb{}\u00bb][et_pb_divider color=\u00bb#E02B20&#8243; divider_weight=\u00bb4px\u00bb _builder_version=\u00bb4.16&#8243; _module_preset=\u00bbdefault\u00bb global_colors_info=\u00bb{}\u00bb][\/et_pb_divider][\/et_pb_column][\/et_pb_row][\/et_pb_section]<\/p>\n","protected":false},"excerpt":{"rendered":"<p>Programa Unitat de Respir En els Serveis Socials d&#8217;Atenci\u00f3 Prim\u00e0ria de l&#8217;Ajuntament de Museros, s&#8217;emmarca el servei d&#8217;autonomia personal. Des d&#8217;esta \u00e0rea, es desenvolupa el Programa unitat de respir. EN QU\u00c8 CONSISTIX EL PROGRAMA UNITAT DE RESPIR? Es tracta d&#8217;un programa que es donar\u00e0, per primera vegada al municipi, dirigit a persones majors de 65 [&hellip;]<\/p>\n","protected":false},"author":8,"featured_media":0,"parent":0,"menu_order":0,"comment_status":"closed","ping_status":"closed","template":"","meta":{"_et_pb_use_builder":"on","_et_pb_old_content":"","_et_gb_content_width":"","_mc_calendar":[],"footnotes":""},"wf_page_folders":[288],"class_list":["post-267236","page","type-page","status-publish","hentry"],"_links":{"self":[{"href":"https:\/\/museros.org\/inici\/wp-json\/wp\/v2\/pages\/267236","targetHints":{"allow":["GET"]}}],"collection":[{"href":"https:\/\/museros.org\/inici\/wp-json\/wp\/v2\/pages"}],"about":[{"href":"https:\/\/museros.org\/inici\/wp-json\/wp\/v2\/types\/page"}],"author":[{"embeddable":true,"href":"https:\/\/museros.org\/inici\/wp-json\/wp\/v2\/users\/8"}],"replies":[{"embeddable":true,"href":"https:\/\/museros.org\/inici\/wp-json\/wp\/v2\/comments?post=267236"}],"version-history":[{"count":4,"href":"https:\/\/museros.org\/inici\/wp-json\/wp\/v2\/pages\/267236\/revisions"}],"predecessor-version":[{"id":267265,"href":"https:\/\/museros.org\/inici\/wp-json\/wp\/v2\/pages\/267236\/revisions\/267265"}],"wp:attachment":[{"href":"https:\/\/museros.org\/inici\/wp-json\/wp\/v2\/media?parent=267236"}],"wp:term":[{"taxonomy":"wf_page_folders","embeddable":true,"href":"https:\/\/museros.org\/inici\/wp-json\/wp\/v2\/wf_page_folders?post=267236"}],"curies":[{"name":"wp","href":"https:\/\/api.w.org\/{rel}","templated":true}]}}