{"id":264429,"date":"2023-05-05T09:02:23","date_gmt":"2023-05-05T09:02:23","guid":{"rendered":"https:\/\/museros.org\/inici\/?page_id=264429"},"modified":"2023-05-05T09:02:24","modified_gmt":"2023-05-05T09:02:24","slug":"cine-en-valenciano","status":"publish","type":"page","link":"https:\/\/museros.org\/inici\/es\/cine-en-valenciano\/","title":{"rendered":"Cine en valenciano"},"content":{"rendered":"<p>[et_pb_section fb_built=\u00bb1&#8243; _builder_version=\u00bb4.16&#8243; _module_preset=\u00bbdefault\u00bb custom_padding=\u00bb0px||||false|false\u00bb locked=\u00bboff\u00bb global_colors_info=\u00bb{}\u00bb theme_builder_area=\u00bbpost_content\u00bb][et_pb_row column_structure=\u00bb1_4,3_4&#8243; _builder_version=\u00bb4.17.1&#8243; _module_preset=\u00bbdefault\u00bb min_height=\u00bb1057.3px\u00bb custom_margin=\u00bb0px||||false|false\u00bb custom_padding=\u00bb0px||||false|false\u00bb global_colors_info=\u00bb{}\u00bb theme_builder_area=\u00bbpost_content\u00bb][et_pb_column type=\u00bb1_4&#8243; _builder_version=\u00bb4.16&#8243; _module_preset=\u00bbdefault\u00bb global_colors_info=\u00bb{}\u00bb theme_builder_area=\u00bbpost_content\u00bb][et_pb_image src=\u00bbhttps:\/\/museros.org\/wp-content\/uploads\/2021\/08\/logo-promocion-cl-230&#215;180-1.jpg\u00bb title_text=\u00bblogo-promocion-cl-230&#215;180&#8243; url=\u00bbhttps:\/\/museros.org\/inici\/es\/area-de-promocion-linguistica\u00bb use_overlay=\u00bbon\u00bb overlay_icon_color=\u00bbrgba(224,43,32,0.49)\u00bb hover_overlay_color=\u00bbrgba(255,255,255,0.7)\u00bb hover_icon=\u00bb&#xe04d;||divi||400&#8243; src_tablet=\u00bb\u00bb src_phone=\u00bb\u00bb src_last_edited=\u00bbon|desktop\u00bb _builder_version=\u00bb4.21.0&#8243; _module_preset=\u00bbdefault\u00bb hover_enabled=\u00bb0&#8243; global_colors_info=\u00bb{}\u00bb theme_builder_area=\u00bbpost_content\u00bb sticky_enabled=\u00bb0&#8243;][\/et_pb_image][\/et_pb_column][et_pb_column type=\u00bb3_4&#8243; _builder_version=\u00bb4.16&#8243; _module_preset=\u00bbdefault\u00bb global_colors_info=\u00bb{}\u00bb theme_builder_area=\u00bbpost_content\u00bb][et_pb_image src=\u00bbhttps:\/\/museros.org\/wp-content\/uploads\/2023\/05\/CINEMA-2023.jpg\u00bb title_text=\u00bbCINEMA-2023&#8243; _builder_version=\u00bb4.21.0&#8243; _module_preset=\u00bbdefault\u00bb hover_enabled=\u00bb0&#8243; global_colors_info=\u00bb{}\u00bb theme_builder_area=\u00bbpost_content\u00bb sticky_enabled=\u00bb0&#8243;][\/et_pb_image][et_pb_text _builder_version=\u00bb4.21.0&#8243; _module_preset=\u00bbdefault\u00bb custom_margin=\u00bb40px||||false|false\u00bb hover_enabled=\u00bb0&#8243; global_colors_info=\u00bb{}\u00bb theme_builder_area=\u00bbpost_content\u00bb sticky_enabled=\u00bb0&#8243;]<\/p>\n<h1>CAMPA\u00d1A DE CINE EN LA ESCUELA EN VALENCIANO 2023<\/h1>\n<p>La campa\u00f1a Cine en la Escuela en Valenciano 2023, tiene como objetivo contribuir a la normalizaci\u00f3n del valenciano en el \u00e1mbito del cine y destaca la importancia de hacer posible que el alumnado de Museros sea consciente de los referentes de uso del valenciano tanto en la escuela como en la calle.<\/p>\n<p>Esta campa\u00f1a, organizada conjuntamente por la Concejal\u00eda de Cultura y Promoci\u00f3n Ling\u00fc\u00edstica y por la Concejal\u00eda de Educaci\u00f3n y Deportes, se ha llevado a cabo del 30 de enero al 3 de febrero.<\/p>\n<p>Est\u00e1 dirigida al p\u00fablico escolar, y en esta, ha participado todo el alumnado del CEIP Blasco Ib\u00e1\u00f1ez, del IES Museros y de la Escola La Masia.<\/p>\n<p>Los alumnos y las alumnas, desde infantil hasta 4.\u00ba de ESO, distribuidos y distribuidas por edades y cursos, han visionado pel\u00edculas diversas. Se trata de una campa\u00f1a muy apreciada tanto por el alumnado como por el profesorado.<\/p>\n<p>&nbsp;<\/p>\n<p>[\/et_pb_text][\/et_pb_column][\/et_pb_row][et_pb_row _builder_version=\u00bb4.16&#8243; _module_preset=\u00bbdefault\u00bb locked=\u00bboff\u00bb global_colors_info=\u00bb{}\u00bb theme_builder_area=\u00bbpost_content\u00bb][et_pb_column type=\u00bb4_4&#8243; _builder_version=\u00bb4.16&#8243; _module_preset=\u00bbdefault\u00bb global_colors_info=\u00bb{}\u00bb theme_builder_area=\u00bbpost_content\u00bb][et_pb_divider color=\u00bb#cc0000&#8243; divider_weight=\u00bb4px\u00bb _builder_version=\u00bb4.16&#8243; _module_preset=\u00bbdefault\u00bb global_colors_info=\u00bb{}\u00bb theme_builder_area=\u00bbpost_content\u00bb][\/et_pb_divider][\/et_pb_column][\/et_pb_row][\/et_pb_section]<\/p>\n","protected":false},"excerpt":{"rendered":"<p>CAMPA\u00d1A DE CINE EN LA ESCUELA EN VALENCIANO 2023 La campa\u00f1a Cine en la Escuela en Valenciano 2023, tiene como objetivo contribuir a la normalizaci\u00f3n del valenciano en el \u00e1mbito del cine y destaca la importancia de hacer posible que el alumnado de Museros sea consciente de los referentes de uso del valenciano tanto en [&hellip;]<\/p>\n","protected":false},"author":8,"featured_media":0,"parent":0,"menu_order":0,"comment_status":"closed","ping_status":"closed","template":"","meta":{"_et_pb_use_builder":"on","_et_pb_old_content":"","_et_gb_content_width":"","_mc_calendar":[],"footnotes":""},"wf_page_folders":[140],"class_list":["post-264429","page","type-page","status-publish","hentry"],"_links":{"self":[{"href":"https:\/\/museros.org\/inici\/wp-json\/wp\/v2\/pages\/264429","targetHints":{"allow":["GET"]}}],"collection":[{"href":"https:\/\/museros.org\/inici\/wp-json\/wp\/v2\/pages"}],"about":[{"href":"https:\/\/museros.org\/inici\/wp-json\/wp\/v2\/types\/page"}],"author":[{"embeddable":true,"href":"https:\/\/museros.org\/inici\/wp-json\/wp\/v2\/users\/8"}],"replies":[{"embeddable":true,"href":"https:\/\/museros.org\/inici\/wp-json\/wp\/v2\/comments?post=264429"}],"version-history":[{"count":2,"href":"https:\/\/museros.org\/inici\/wp-json\/wp\/v2\/pages\/264429\/revisions"}],"predecessor-version":[{"id":264432,"href":"https:\/\/museros.org\/inici\/wp-json\/wp\/v2\/pages\/264429\/revisions\/264432"}],"wp:attachment":[{"href":"https:\/\/museros.org\/inici\/wp-json\/wp\/v2\/media?parent=264429"}],"wp:term":[{"taxonomy":"wf_page_folders","embeddable":true,"href":"https:\/\/museros.org\/inici\/wp-json\/wp\/v2\/wf_page_folders?post=264429"}],"curies":[{"name":"wp","href":"https:\/\/api.w.org\/{rel}","templated":true}]}}