{"id":264425,"date":"2023-05-05T08:59:48","date_gmt":"2023-05-05T08:59:48","guid":{"rendered":"https:\/\/museros.org\/inici\/?page_id=264425"},"modified":"2023-05-05T08:59:48","modified_gmt":"2023-05-05T08:59:48","slug":"cinema-en-valencia","status":"publish","type":"page","link":"https:\/\/museros.org\/inici\/cinema-en-valencia\/","title":{"rendered":"Cinema en valenci\u00e0"},"content":{"rendered":"<p>[et_pb_section fb_built=\u00bb1&#8243; _builder_version=\u00bb4.16&#8243; _module_preset=\u00bbdefault\u00bb custom_padding=\u00bb0px||||false|false\u00bb locked=\u00bboff\u00bb global_colors_info=\u00bb{}\u00bb theme_builder_area=\u00bbpost_content\u00bb][et_pb_row column_structure=\u00bb1_4,3_4&#8243; _builder_version=\u00bb4.17.1&#8243; _module_preset=\u00bbdefault\u00bb min_height=\u00bb1057.3px\u00bb custom_margin=\u00bb0px||||false|false\u00bb custom_padding=\u00bb0px||||false|false\u00bb global_colors_info=\u00bb{}\u00bb theme_builder_area=\u00bbpost_content\u00bb][et_pb_column type=\u00bb1_4&#8243; _builder_version=\u00bb4.16&#8243; _module_preset=\u00bbdefault\u00bb global_colors_info=\u00bb{}\u00bb theme_builder_area=\u00bbpost_content\u00bb][et_pb_image src=\u00bbhttps:\/\/museros.org\/wp-content\/uploads\/2021\/08\/logo-promocio-cl-230&#215;180-1.jpg\u00bb title_text=\u00bblogo-promocio-cl-230&#215;180&#8243; url=\u00bbhttps:\/\/museros.org\/inici\/area-de-promocio-linguistica\u00bb use_overlay=\u00bbon\u00bb overlay_icon_color=\u00bbrgba(224,43,32,0.49)\u00bb hover_overlay_color=\u00bbrgba(255,255,255,0.7)\u00bb hover_icon=\u00bb&#xe04d;||divi||400&#8243; src_tablet=\u00bb\u00bb src_phone=\u00bb\u00bb src_last_edited=\u00bbon|desktop\u00bb _builder_version=\u00bb4.16&#8243; _module_preset=\u00bbdefault\u00bb global_colors_info=\u00bb{}\u00bb theme_builder_area=\u00bbpost_content\u00bb][\/et_pb_image][\/et_pb_column][et_pb_column type=\u00bb3_4&#8243; _builder_version=\u00bb4.16&#8243; _module_preset=\u00bbdefault\u00bb global_colors_info=\u00bb{}\u00bb theme_builder_area=\u00bbpost_content\u00bb][et_pb_image src=\u00bbhttps:\/\/museros.org\/wp-content\/uploads\/2023\/05\/CINEMA-2023.jpg\u00bb title_text=\u00bbCINEMA-2023&#8243; _builder_version=\u00bb4.21.0&#8243; _module_preset=\u00bbdefault\u00bb hover_enabled=\u00bb0&#8243; global_colors_info=\u00bb{}\u00bb theme_builder_area=\u00bbpost_content\u00bb sticky_enabled=\u00bb0&#8243;][\/et_pb_image][et_pb_text _builder_version=\u00bb4.21.0&#8243; _module_preset=\u00bbdefault\u00bb custom_margin=\u00bb40px||||false|false\u00bb hover_enabled=\u00bb0&#8243; global_colors_info=\u00bb{}\u00bb theme_builder_area=\u00bbpost_content\u00bb sticky_enabled=\u00bb0&#8243;]<\/p>\n<h1>CAMPANYA DE CINEMA A L\u2019ESCOLA EN VALENCI\u00c0 2023<\/h1>\n<p>La campanya Cinema a l\u2019Escola en Valenci\u00e0 2023, t\u00e9 com a objectiu contribuir a la normalitzaci\u00f3 del valenci\u00e0 en l\u2019\u00e0mbit del cinema i destaca la import\u00e0ncia de fer possible que l\u2019alumnat de Museros siga conscient dels referents d\u2019\u00fas del valenci\u00e0 tant a l\u2019escola com al carrer.<\/p>\n<p>Aquesta campanya, organitzada conjuntament per la Regidoria de Cultura i Promoci\u00f3 Ling\u00fc\u00edstica i per la Regidoria d\u2019Educaci\u00f3 i Esports, s\u2019ha portat a terme del 30 de gener al 3 de febrer.<\/p>\n<p>Est\u00e0 dirigida al p\u00fablic escolar, i en aquesta, ha participat tot l\u2019alumnat del CEIP Blasco Ib\u00e1\u00f1ez, de l\u2019IES Museros i de l\u2019Escola La Masia.<\/p>\n<p>Els alumnes i les alumnes, des de infantil fins a 4t d\u2019ESO, distribu\u00efts i distribu\u00efdes per edats i cursos, han visionat pel\u00b7l\u00edcules diverses. Es tracta d\u2019una campanya molt apreciada tant per l\u2019alumnat com pel professorat.<\/p>\n<p>&nbsp;<\/p>\n<p>[\/et_pb_text][\/et_pb_column][\/et_pb_row][et_pb_row _builder_version=\u00bb4.16&#8243; _module_preset=\u00bbdefault\u00bb locked=\u00bboff\u00bb global_colors_info=\u00bb{}\u00bb theme_builder_area=\u00bbpost_content\u00bb][et_pb_column type=\u00bb4_4&#8243; _builder_version=\u00bb4.16&#8243; _module_preset=\u00bbdefault\u00bb global_colors_info=\u00bb{}\u00bb theme_builder_area=\u00bbpost_content\u00bb][et_pb_divider color=\u00bb#cc0000&#8243; divider_weight=\u00bb4px\u00bb _builder_version=\u00bb4.16&#8243; _module_preset=\u00bbdefault\u00bb global_colors_info=\u00bb{}\u00bb theme_builder_area=\u00bbpost_content\u00bb][\/et_pb_divider][\/et_pb_column][\/et_pb_row][\/et_pb_section]<\/p>\n","protected":false},"excerpt":{"rendered":"<p>CAMPANYA DE CINEMA A L\u2019ESCOLA EN VALENCI\u00c0 2023 La campanya Cinema a l\u2019Escola en Valenci\u00e0 2023, t\u00e9 com a objectiu contribuir a la normalitzaci\u00f3 del valenci\u00e0 en l\u2019\u00e0mbit del cinema i destaca la import\u00e0ncia de fer possible que l\u2019alumnat de Museros siga conscient dels referents d\u2019\u00fas del valenci\u00e0 tant a l\u2019escola com al carrer. Aquesta [&hellip;]<\/p>\n","protected":false},"author":8,"featured_media":0,"parent":0,"menu_order":0,"comment_status":"closed","ping_status":"closed","template":"","meta":{"_et_pb_use_builder":"on","_et_pb_old_content":"","_et_gb_content_width":"","_mc_calendar":[],"footnotes":""},"wf_page_folders":[140],"class_list":["post-264425","page","type-page","status-publish","hentry"],"_links":{"self":[{"href":"https:\/\/museros.org\/inici\/wp-json\/wp\/v2\/pages\/264425","targetHints":{"allow":["GET"]}}],"collection":[{"href":"https:\/\/museros.org\/inici\/wp-json\/wp\/v2\/pages"}],"about":[{"href":"https:\/\/museros.org\/inici\/wp-json\/wp\/v2\/types\/page"}],"author":[{"embeddable":true,"href":"https:\/\/museros.org\/inici\/wp-json\/wp\/v2\/users\/8"}],"replies":[{"embeddable":true,"href":"https:\/\/museros.org\/inici\/wp-json\/wp\/v2\/comments?post=264425"}],"version-history":[{"count":2,"href":"https:\/\/museros.org\/inici\/wp-json\/wp\/v2\/pages\/264425\/revisions"}],"predecessor-version":[{"id":264428,"href":"https:\/\/museros.org\/inici\/wp-json\/wp\/v2\/pages\/264425\/revisions\/264428"}],"wp:attachment":[{"href":"https:\/\/museros.org\/inici\/wp-json\/wp\/v2\/media?parent=264425"}],"wp:term":[{"taxonomy":"wf_page_folders","embeddable":true,"href":"https:\/\/museros.org\/inici\/wp-json\/wp\/v2\/wf_page_folders?post=264425"}],"curies":[{"name":"wp","href":"https:\/\/api.w.org\/{rel}","templated":true}]}}