{"id":262711,"date":"2022-11-30T21:54:51","date_gmt":"2022-11-30T21:54:51","guid":{"rendered":"https:\/\/museros.org\/inici\/?page_id=262711"},"modified":"2022-12-18T17:23:29","modified_gmt":"2022-12-18T17:23:29","slug":"museros-inclusivo","status":"publish","type":"page","link":"https:\/\/museros.org\/inici\/es\/museros-inclusivo\/","title":{"rendered":"Museros inclusivo"},"content":{"rendered":"<p>[et_pb_section fb_built=\u00bb1&#8243; _builder_version=\u00bb4.16&#8243; _module_preset=\u00bbdefault\u00bb custom_margin=\u00bb0px||||false|false\u00bb custom_padding=\u00bb0px||||false|false\u00bb locked=\u00bboff\u00bb global_colors_info=\u00bb{}\u00bb][et_pb_row column_structure=\u00bb1_4,3_4&#8243; _builder_version=\u00bb4.19.2&#8243; _module_preset=\u00bbdefault\u00bb custom_margin=\u00bb0px||||false|false\u00bb custom_padding=\u00bb0px||0px||false|false\u00bb global_colors_info=\u00bb{}\u00bb][et_pb_column type=\u00bb1_4&#8243; _builder_version=\u00bb4.16&#8243; _module_preset=\u00bbdefault\u00bb global_colors_info=\u00bb{}\u00bb][et_pb_image src=\u00bbhttps:\/\/museros.org\/wp-content\/uploads\/2022\/11\/serveissocials-230&#215;180-1.jpg\u00bb title_text=\u00bbserveissocials-230&#215;180&#8243; url=\u00bbhttps:\/\/museros.org\/inici\/es\/area-de-bienestar-social\u00bb use_overlay=\u00bbon\u00bb overlay_icon_color=\u00bb#E02B20&#8243; hover_overlay_color=\u00bbrgba(255,255,255,0.7)\u00bb hover_icon=\u00bb&#xe04d;||divi||400&#8243; align=\u00bbcenter\u00bb _builder_version=\u00bb4.19.4&#8243; _module_preset=\u00bbdefault\u00bb width=\u00bb100%\u00bb hover_enabled=\u00bb0&#8243; locked=\u00bboff\u00bb global_colors_info=\u00bb{}\u00bb sticky_enabled=\u00bb0&#8243;][\/et_pb_image][\/et_pb_column][et_pb_column type=\u00bb3_4&#8243; _builder_version=\u00bb4.16&#8243; _module_preset=\u00bbdefault\u00bb global_colors_info=\u00bb{}\u00bb][et_pb_image src=\u00bbhttps:\/\/museros.org\/wp-content\/uploads\/2022\/11\/iclusiu-800&#215;800-1.jpg\u00bb title_text=\u00bbiclusiu-800&#215;800&#8243; align=\u00bbcenter\u00bb _builder_version=\u00bb4.19.2&#8243; _module_preset=\u00bbdefault\u00bb global_colors_info=\u00bb{}\u00bb][\/et_pb_image][et_pb_text _builder_version=\u00bb4.19.2&#8243; _module_preset=\u00bbdefault\u00bb custom_margin=\u00bb40px||||false|false\u00bb global_colors_info=\u00bb{}\u00bb]<\/p>\n<h1>Servicios Sociales de Museros<\/h1>\n<p>Los Servicios Sociales de atenci\u00f3n primaria del Ayuntamiento de Museros se configuran como el\u00a0 primer nivel de acceso al Sistema P\u00fablico Valenciano de Servicios Sociales.<\/p>\n<p>Est\u00e1n orientados a garantizar una atenci\u00f3n integral, de car\u00e1cter individual, familiar o comunitario a las personas que accedan al sistema. Est\u00e1n formados por un conjunto de prestaciones y servicios, estrategias y proyectos destinados a la prevenci\u00f3n, promoci\u00f3n de la autonom\u00eda personal de car\u00e1cter integral, y atenci\u00f3n de las necesidades\u00a0 personales, familiares y sociales, as\u00ed como la garant\u00eda de la inclusi\u00f3n social.<\/p>\n<p>El equipo de \u00a0intervenci\u00f3n de los Servicios Sociales del municipio est\u00e1 formado por las siguientes figuras profesionales:<\/p>\n<p>&#8211; Trabajadoras sociales<\/p>\n<p>&#8211; Educadoras sociales<\/p>\n<p>&#8211; T\u00e9cnica de\u00a0 integraci\u00f3n social<\/p>\n<p>&#8211; Psic\u00f3loga<\/p>\n<p>Adem\u00e1s de otros profesionales como:<\/p>\n<p>&#8211; Asesora jur\u00eddica: Desarrolla prestaciones de asistencia t\u00e9cnica y jur\u00eddica para la adecuada protecci\u00f3n y ejercicio de los derechos de las personas.<\/p>\n<p>&#8211; Agente de igualdad: Garantiza la incorporaci\u00f3n de la perspectiva de g\u00e9nero, promoviendo la participaci\u00f3n, impulsando planes de igualdad y realizando actuaciones de prevenci\u00f3n de la violencia de g\u00e9nero y machista, entre otras, con el objetivo de hacer efectivo el principio de igualdad de mujeres y hombres de forma transversal en el conjunto de pol\u00edticas de \u00e1mbito local.<\/p>\n<p>Los Servicios Sociales est\u00e1n ubicados en el Centro Social de D\u00eda\u00a0 en la avenida Blasco Ib\u00e1\u00f1ez n\u00fam, 87.<\/p>\n<p>&#8211; Tel\u00e9fono de contacto: 960262153<\/p>\n<p>&#8211; Las Trabajadoras sociales atender\u00e1n al p\u00fablico los lunes y mi\u00e9rcoles mediante CITA PREVIA<\/p>\n<p>&#8211; Las consultas telef\u00f3nicas se atender\u00e1n los viernes<\/p>\n<p>&#8211; Correo electr\u00f3nico para consultas <a href=\"mailto:serveissocials@museros.es\"><em>serveissocials@museros.es<\/em><\/a><\/p>\n<p>&nbsp;<\/p>\n<h3>Los servicios de los que se dispone son:<\/h3>\n<p>[\/et_pb_text][\/et_pb_column][\/et_pb_row][et_pb_row column_structure=\u00bb1_5,1_5,1_5,1_5,1_5&#8243; use_custom_gutter=\u00bbon\u00bb gutter_width=\u00bb1&#8243; _builder_version=\u00bb4.19.2&#8243; _module_preset=\u00bbdefault\u00bb global_colors_info=\u00bb{}\u00bb][et_pb_column type=\u00bb1_5&#8243; _builder_version=\u00bb4.19.2&#8243; _module_preset=\u00bbdefault\u00bb global_colors_info=\u00bb{}\u00bb][et_pb_image src=\u00bbhttps:\/\/museros.org\/wp-content\/uploads\/2022\/11\/acogida-230&#215;180-1.jpg\u00bb title_text=\u00bbacogida-230&#215;180&#8243; url=\u00bbhttps:\/\/museros.org\/inici\/es\/acogida-y-atencion\u00bb use_overlay=\u00bbon\u00bb overlay_icon_color=\u00bb#E02B20&#8243; hover_overlay_color=\u00bbrgba(255,255,255,0.71)\u00bb hover_icon=\u00bb&#xe04e;||divi||400&#8243; _builder_version=\u00bb4.19.2&#8243; _module_preset=\u00bbdefault\u00bb global_colors_info=\u00bb{}\u00bb][\/et_pb_image][\/et_pb_column][et_pb_column type=\u00bb1_5&#8243; _builder_version=\u00bb4.19.2&#8243; _module_preset=\u00bbdefault\u00bb global_colors_info=\u00bb{}\u00bb][et_pb_image src=\u00bbhttps:\/\/museros.org\/wp-content\/uploads\/2022\/11\/inclusion-230&#215;180-1.jpg\u00bb title_text=\u00bbinclusion-230&#215;180&#8243; url=\u00bbhttps:\/\/museros.org\/inici\/es\/inclusion-social\u00bb use_overlay=\u00bbon\u00bb overlay_icon_color=\u00bb#E02B20&#8243; hover_overlay_color=\u00bbrgba(255,255,255,0.71)\u00bb hover_icon=\u00bb&#xe04e;||divi||400&#8243; _builder_version=\u00bb4.19.2&#8243; _module_preset=\u00bbdefault\u00bb global_colors_info=\u00bb{}\u00bb][\/et_pb_image][\/et_pb_column][et_pb_column type=\u00bb1_5&#8243; _builder_version=\u00bb4.19.2&#8243; _module_preset=\u00bbdefault\u00bb global_colors_info=\u00bb{}\u00bb][et_pb_image src=\u00bbhttps:\/\/museros.org\/wp-content\/uploads\/2022\/11\/promocion-230&#215;180-1.jpg\u00bb title_text=\u00bbpromocion-230&#215;180&#8243; url=\u00bbhttps:\/\/museros.org\/inici\/es\/promocion-de-la-autonomia\u00bb use_overlay=\u00bbon\u00bb overlay_icon_color=\u00bb#E02B20&#8243; hover_overlay_color=\u00bbrgba(255,255,255,0.71)\u00bb hover_icon=\u00bb&#xe04e;||divi||400&#8243; _builder_version=\u00bb4.19.2&#8243; _module_preset=\u00bbdefault\u00bb global_colors_info=\u00bb{}\u00bb][\/et_pb_image][\/et_pb_column][et_pb_column type=\u00bb1_5&#8243; _builder_version=\u00bb4.19.2&#8243; _module_preset=\u00bbdefault\u00bb global_colors_info=\u00bb{}\u00bb][et_pb_image src=\u00bbhttps:\/\/museros.org\/wp-content\/uploads\/2022\/11\/prevencion230x180.jpg\u00bb title_text=\u00bbprevencion230x180&#8243; url=\u00bbhttps:\/\/museros.org\/inici\/es\/prevencion-e-intervencion\u00bb use_overlay=\u00bbon\u00bb overlay_icon_color=\u00bb#E02B20&#8243; hover_overlay_color=\u00bbrgba(255,255,255,0.71)\u00bb hover_icon=\u00bb&#xe04e;||divi||400&#8243; _builder_version=\u00bb4.19.2&#8243; _module_preset=\u00bbdefault\u00bb global_colors_info=\u00bb{}\u00bb][\/et_pb_image][\/et_pb_column][et_pb_column type=\u00bb1_5&#8243; _builder_version=\u00bb4.19.2&#8243; _module_preset=\u00bbdefault\u00bb global_colors_info=\u00bb{}\u00bb][et_pb_image src=\u00bbhttps:\/\/museros.org\/wp-content\/uploads\/2022\/11\/accion-230&#215;180-1.jpg\u00bb title_text=\u00bbaccion-230&#215;180&#8243; url=\u00bbhttps:\/\/museros.org\/inici\/es\/accion-comunitaria\u00bb use_overlay=\u00bbon\u00bb overlay_icon_color=\u00bb#E02B20&#8243; hover_overlay_color=\u00bbrgba(255,255,255,0.71)\u00bb hover_icon=\u00bb&#xe04e;||divi||400&#8243; _builder_version=\u00bb4.19.2&#8243; _module_preset=\u00bbdefault\u00bb global_colors_info=\u00bb{}\u00bb][\/et_pb_image][\/et_pb_column][\/et_pb_row][et_pb_row _builder_version=\u00bb4.16&#8243; _module_preset=\u00bbdefault\u00bb global_colors_info=\u00bb{}\u00bb][et_pb_column type=\u00bb4_4&#8243; _builder_version=\u00bb4.16&#8243; _module_preset=\u00bbdefault\u00bb global_colors_info=\u00bb{}\u00bb][et_pb_divider color=\u00bb#E02B20&#8243; divider_weight=\u00bb4px\u00bb _builder_version=\u00bb4.16&#8243; _module_preset=\u00bbdefault\u00bb global_colors_info=\u00bb{}\u00bb][\/et_pb_divider][\/et_pb_column][\/et_pb_row][\/et_pb_section]<\/p>\n","protected":false},"excerpt":{"rendered":"<p>Servicios Sociales de Museros Los Servicios Sociales de atenci\u00f3n primaria del Ayuntamiento de Museros se configuran como el\u00a0 primer nivel de acceso al Sistema P\u00fablico Valenciano de Servicios Sociales. Est\u00e1n orientados a garantizar una atenci\u00f3n integral, de car\u00e1cter individual, familiar o comunitario a las personas que accedan al sistema. Est\u00e1n formados por un conjunto de [&hellip;]<\/p>\n","protected":false},"author":8,"featured_media":0,"parent":0,"menu_order":0,"comment_status":"closed","ping_status":"closed","template":"","meta":{"_et_pb_use_builder":"on","_et_pb_old_content":"","_et_gb_content_width":"","_mc_calendar":[],"footnotes":""},"wf_page_folders":[288],"class_list":["post-262711","page","type-page","status-publish","hentry"],"_links":{"self":[{"href":"https:\/\/museros.org\/inici\/wp-json\/wp\/v2\/pages\/262711","targetHints":{"allow":["GET"]}}],"collection":[{"href":"https:\/\/museros.org\/inici\/wp-json\/wp\/v2\/pages"}],"about":[{"href":"https:\/\/museros.org\/inici\/wp-json\/wp\/v2\/types\/page"}],"author":[{"embeddable":true,"href":"https:\/\/museros.org\/inici\/wp-json\/wp\/v2\/users\/8"}],"replies":[{"embeddable":true,"href":"https:\/\/museros.org\/inici\/wp-json\/wp\/v2\/comments?post=262711"}],"version-history":[{"count":6,"href":"https:\/\/museros.org\/inici\/wp-json\/wp\/v2\/pages\/262711\/revisions"}],"predecessor-version":[{"id":263022,"href":"https:\/\/museros.org\/inici\/wp-json\/wp\/v2\/pages\/262711\/revisions\/263022"}],"wp:attachment":[{"href":"https:\/\/museros.org\/inici\/wp-json\/wp\/v2\/media?parent=262711"}],"wp:term":[{"taxonomy":"wf_page_folders","embeddable":true,"href":"https:\/\/museros.org\/inici\/wp-json\/wp\/v2\/wf_page_folders?post=262711"}],"curies":[{"name":"wp","href":"https:\/\/api.w.org\/{rel}","templated":true}]}}