{"id":261083,"date":"2022-07-21T10:39:55","date_gmt":"2022-07-21T10:39:55","guid":{"rendered":"https:\/\/museros.org\/inici\/?page_id=261083"},"modified":"2023-05-16T07:10:46","modified_gmt":"2023-05-16T07:10:46","slug":"cursos-municipals-22-23","status":"publish","type":"page","link":"https:\/\/museros.org\/inici\/cursos-municipals-22-23\/","title":{"rendered":"Cursos municipals 22-23"},"content":{"rendered":"<p>[et_pb_section fb_built=\u00bb1&#8243; _builder_version=\u00bb4.16&#8243; _module_preset=\u00bbdefault\u00bb custom_margin=\u00bb0px||||false|false\u00bb custom_padding=\u00bb0px||||false|false\u00bb locked=\u00bboff\u00bb global_colors_info=\u00bb{}\u00bb][et_pb_row column_structure=\u00bb1_4,3_4&#8243; _builder_version=\u00bb4.17.6&#8243; _module_preset=\u00bbdefault\u00bb custom_margin=\u00bb0px|auto|-40px|auto|false|false\u00bb custom_padding=\u00bb0px||||false|false\u00bb global_colors_info=\u00bb{}\u00bb][et_pb_column type=\u00bb1_4&#8243; _builder_version=\u00bb4.16&#8243; _module_preset=\u00bbdefault\u00bb global_colors_info=\u00bb{}\u00bb][et_pb_image src=\u00bbhttps:\/\/museros.org\/wp-content\/uploads\/2021\/08\/logo-casacultura-200&#215;160-1.jpg\u00bb title_text=\u00bblogo-casacultura-200&#215;160&#8243; url=\u00bbhttps:\/\/museros.org\/ca\/casa-de-cultura-vl\u00bb use_overlay=\u00bbon\u00bb overlay_icon_color=\u00bb#E02B20&#8243; hover_overlay_color=\u00bbrgba(255,255,255,0.66)\u00bb hover_icon=\u00bb&#xe04d;||divi||400&#8243; align=\u00bbcenter\u00bb _builder_version=\u00bb4.16&#8243; _module_preset=\u00bbdefault\u00bb global_colors_info=\u00bb{}\u00bb][\/et_pb_image][\/et_pb_column][et_pb_column type=\u00bb3_4&#8243; _builder_version=\u00bb4.16&#8243; _module_preset=\u00bbdefault\u00bb global_colors_info=\u00bb{}\u00bb][et_pb_image src=\u00bbhttps:\/\/museros.org\/wp-content\/uploads\/2022\/07\/capselera-cursos-22-23.jpg\u00bb title_text=\u00bbcapselera-cursos-22-23&#8243; show_bottom_space=\u00bboff\u00bb _builder_version=\u00bb4.17.6&#8243; _module_preset=\u00bbdefault\u00bb custom_margin=\u00bb50px||||false|false\u00bb global_colors_info=\u00bb{}\u00bb][\/et_pb_image][\/et_pb_column][\/et_pb_row][et_pb_row column_structure=\u00bb1_2,1_2&#8243; _builder_version=\u00bb4.17.6&#8243; _module_preset=\u00bbdefault\u00bb min_height=\u00bb348px\u00bb custom_margin=\u00bb-40px|auto|-40px|auto|false|false\u00bb custom_padding=\u00bb||||false|false\u00bb global_colors_info=\u00bb{}\u00bb][et_pb_column type=\u00bb1_2&#8243; _builder_version=\u00bb4.17.6&#8243; _module_preset=\u00bbdefault\u00bb global_colors_info=\u00bb{}\u00bb][et_pb_image src=\u00bbhttps:\/\/museros.org\/wp-content\/uploads\/2022\/08\/dilluns-2022-23.jpg\u00bb title_text=\u00bbdilluns-2022-23&#8243; _builder_version=\u00bb4.17.6&#8243; _module_preset=\u00bbdefault\u00bb global_colors_info=\u00bb{}\u00bb][\/et_pb_image][\/et_pb_column][et_pb_column type=\u00bb1_2&#8243; _builder_version=\u00bb4.17.6&#8243; _module_preset=\u00bbdefault\u00bb global_colors_info=\u00bb{}\u00bb][et_pb_image src=\u00bbhttps:\/\/museros.org\/wp-content\/uploads\/2022\/07\/dimarts-22-23.jpg\u00bb title_text=\u00bbdimarts-22-23&#8243; _builder_version=\u00bb4.17.6&#8243; _module_preset=\u00bbdefault\u00bb global_colors_info=\u00bb{}\u00bb][\/et_pb_image][\/et_pb_column][\/et_pb_row][et_pb_row column_structure=\u00bb1_2,1_2&#8243; _builder_version=\u00bb4.17.6&#8243; _module_preset=\u00bbdefault\u00bb min_height=\u00bb348px\u00bb custom_margin=\u00bb-40px|auto||auto|false|false\u00bb custom_padding=\u00bb||||false|false\u00bb global_colors_info=\u00bb{}\u00bb][et_pb_column type=\u00bb1_2&#8243; _builder_version=\u00bb4.17.6&#8243; _module_preset=\u00bbdefault\u00bb global_colors_info=\u00bb{}\u00bb][et_pb_image src=\u00bbhttps:\/\/museros.org\/wp-content\/uploads\/2022\/08\/dimecres-2022-23.jpg\u00bb title_text=\u00bbdimecres-2022-23&#8243; _builder_version=\u00bb4.17.6&#8243; _module_preset=\u00bbdefault\u00bb global_colors_info=\u00bb{}\u00bb][\/et_pb_image][\/et_pb_column][et_pb_column type=\u00bb1_2&#8243; _builder_version=\u00bb4.17.6&#8243; _module_preset=\u00bbdefault\u00bb global_colors_info=\u00bb{}\u00bb][et_pb_image src=\u00bbhttps:\/\/museros.org\/wp-content\/uploads\/2022\/07\/dijous-22-23.jpg\u00bb title_text=\u00bbdijous-22-23&#8243; _builder_version=\u00bb4.17.6&#8243; _module_preset=\u00bbdefault\u00bb global_colors_info=\u00bb{}\u00bb][\/et_pb_image][\/et_pb_column][\/et_pb_row][et_pb_row column_structure=\u00bb1_4,3_4&#8243; _builder_version=\u00bb4.17.6&#8243; _module_preset=\u00bbdefault\u00bb global_colors_info=\u00bb{}\u00bb][et_pb_column type=\u00bb1_4&#8243; _builder_version=\u00bb4.17.6&#8243; _module_preset=\u00bbdefault\u00bb global_colors_info=\u00bb{}\u00bb][\/et_pb_column][et_pb_column type=\u00bb3_4&#8243; _builder_version=\u00bb4.17.6&#8243; _module_preset=\u00bbdefault\u00bb global_colors_info=\u00bb{}\u00bb][et_pb_text _builder_version=\u00bb4.17.6&#8243; _module_preset=\u00bbdefault\u00bb global_colors_info=\u00bb{}\u00bb]<\/p>\n<h2>PREINSCRIPCI\u00d3 I MATR\u00cdCULA ALS CURSOS MUNICIPALS 2022-2023<\/h2>\n<p>\u2022 La preinscripci\u00f3 no garanteix la pla\u00e7a fins que no la confirme la coordinadora de la Casa de Cultura i es fa\u00e7a el pagament de la matr\u00edcula del curs.<\/p>\n<p>\u2022 Les places s\u2019adjudicaran per rigor\u00f3s ordre de registre d\u2019entrada.<\/p>\n<p>\u2022 Les inscripcions en l\u00ednia amb certificat digital s\u2019hauran de fer dins del mateix horari que les inscripcions presencials.<\/p>\n<p>\u2022 Els cursos es regiran pel calendari escolar.<\/p>\n<p>\u2022 Qui no complisca el termini de pagament i la presentaci\u00f3 del justificant bancari del pagament de la matr\u00edcula, es quedar\u00e0 sense la pla\u00e7a i s\u2019avisar\u00e0 l\u2019alumne o l\u2019alumna que estiga en la llista d\u2019espera.<\/p>\n<p>\u2022 El m\u00e0xim \u00e9s de dues inscripcions per persona i curs.<\/p>\n<p>\u2022 El formulari per a les inscripcions es podr\u00e0 recollir a la Casa de Cultura o es podr\u00e0 descarregar en el seg\u00fcent enlla\u00e7:<\/p>\n<p><a href=\"https:\/\/museros.org\/wp-content\/uploads\/2022\/04\/a-inscripcio-cursos-municipals.pdf\" target=\"_blank\" rel=\"noopener\">https:\/\/museros.org\/wp-content\/uploads\/2022\/04\/a-inscripcio-cursos-municipals.pdf<\/a><\/p>\n<p>\u2022 El pagament on line es podr\u00e0 fer a trav\u00e9s del seg\u00fcent enlla\u00e7:<\/p>\n<p><a href=\"https:\/\/ayuntamientomuseros.tributoslocales.es\/va\/461775\/AMUSEROS\/tasas\" target=\"_blank\" rel=\"noopener\">https:\/\/ayuntamientomuseros.tributoslocales.es\/va\/461775\/AMUSEROS\/tasas<\/a><\/p>\n<p>\u2022 Places:<br \/>\u2022 M\u00e0xim: 15 persones per grup.<br \/>\u2022 M\u00ednim: 10 persones per grup.<\/p>\n<p>\u2022 Preus:<br \/>Gimn\u00e0stica preventiva (menors de 65 anys): 100 \u20ac<br \/>Ioga en cadira: 25 \u20ac<br \/>Ioga: 100 \u20ac<br \/>Pilates: 100 \u20ac<br \/>Funcional: 100 \u20ac<br \/>Dibuix i pintura (infantil i adult): 100 \u20ac<br \/>Artesania i restauraci\u00f3: 100 \u20ac<br \/>Inform\u00e0tica: 25 \u20ac<br \/>Tabal: 100 \u20ac<br \/>Dol\u00e7aina: 100 \u20ac<br \/>Teatre (infantil i adult): 50 \u20ac<\/p>\n<p>TERMINIS D\u2019INSCRIPCIONS<\/p>\n<p>INFORM\u00c0TICA I IOGA EN CADIRA (no hi ha registre en l\u00ednia)<br \/>Dies del 6 al 8 de setembre:<br \/>\u2022 Presencial: a la Casa de Cultura, de dimarts a dijous, de 10.00 h a 13.00 h i de 17.30 h a 20.00 h.<br \/>(Per ordre d\u2019arribada, es complimentaran les sol\u00b7licituds d\u2019inscripci\u00f3 a la Casa de Cultura, o es portaran ja complimentades).<\/p>\n<p>IOGA<br \/>Dies: del 6 al 8 de setembre:<br \/>\u2022 En l\u00ednia, amb certificat digital.<br \/>\u2022 Presencial: a la Casa de Cultura, de dimarts a dijous, de 10.00 h a 13.00 h i de 17.30 h a 20.00 h.<br \/>El dia 9 de setembre, s\u2019avisar\u00e0 la persona que tinga pla\u00e7a en el curs perqu\u00e8 fa\u00e7a el pagament de la matr\u00edcula.<br \/>Del 12 al 14 de setembre, caldr\u00e0 entregar el justificant del pagament de la matr\u00edcula:<br \/>\u2022 Correu electr\u00f2nic: <a href=\"mailto:museroscasacultura@gmail.com\" target=\"_blank\" rel=\"noopener\">museroscasacultura@gmail.com<\/a><br \/>\u2022 Presencial: a la Casa de Cultura, de dilluns a dimecres, de 10.00 h a 13.00 h i de 17.30 h a 20.00 h.<\/p>\n<p>PILATES I FUNCIONAL<br \/>Dies: del 12 al 14 de setembre:<br \/>\u2022 En l\u00ednia, amb certificat digital.<br \/>\u2022 Presencial: a la Casa de Cultura, de dilluns a dijous, de 10.00 h a 13.00 h i de 17.30 h a 20.00 h.<br \/>El dia 15 de setembre, s\u2019avisar\u00e0 la persona que tinga pla\u00e7a en el curs perqu\u00e8 fa\u00e7a el pagament de la matr\u00edcula.<br \/>Del 16 al 20 de setembre, entrega del justificant del pagament de la matr\u00edcula:<br \/>\u2022 Correu electr\u00f2nic: <a href=\"mailto:museroscasacultura@gmail.com\" target=\"_blank\" rel=\"noopener\">museroscasacultura@gmail.com<\/a><br \/>\u2022 Presencial: a la Casa de Cultura, divendres, de 10.00 h a 13.00 h i dilluns i dimarts, de 10.00 h a 13.00 i de 17.30 h a 20.00 h.<\/p>\n<p>DIBUIX I PINTURA, ARTESANIA I RESTAURACI\u00d3, TEATRE, TABAL, DOL\u00c7AINA<br \/>Dies: del 20 al 22 de setembre:<br \/>\u2022 En l\u00ednia, amb certificat digital.<br \/>\u2022 Presencial: a la Casa de Cultura, de dimarts a dijous, de 10.00 h a 13.00 h I de 17.30 h a 20.00 h.<br \/>El dia 23 de setembre, s\u2019avisar\u00e0 la persona que tinga pla\u00e7a en el curs perqu\u00e8 fa\u00e7a el pagament de la matr\u00edcula.<br \/>Del 26 al 28 de setembre, entrega del justificant del pagament de la matr\u00edcula:<br \/>\u2022 Correu electr\u00f2nic: <a href=\"mailto:museroscasacultura@gmail.com\" target=\"_blank\" rel=\"noopener\">museroscasacultura@gmail.com<\/a><br \/>\u2022 Presencial: a la Casa de Cultura, de dilluns a dimecres, de 10.00 h a 13.00 i de 17.30 h a 20.00 h.<\/p>\n<p>Els cursos de dibuix i pintura i teatre infantil, s\u2019impartiran al CEIP Blasco Ib\u00e1\u00f1ez, si hi ha aules disponibles al centre; en cas contrari, es faran a la Casa de Cultura.<br \/>\u2022 Dibuix i pintura infantil (de 3 a 12 anys).<br \/>\u2022 Teatre infantil (de 6 a 12 anys).<\/p>\n<p><span style=\"color: #333333; font-family: 'Open Sans', Arial, sans-serif; font-size: 16px; font-style: normal; font-variant-ligatures: normal; font-variant-caps: normal; font-weight: 500; letter-spacing: normal; orphans: 2; text-align: left; text-indent: 0px; text-transform: none; white-space: normal; widows: 2; word-spacing: 0px; -webkit-text-stroke-width: 0px; background-color: #ffffff; text-decoration-thickness: initial; text-decoration-style: initial; text-decoration-color: initial; display: inline !important; float: none;\">\u00a0<\/span><\/p>\n<p>[\/et_pb_text][et_pb_image src=\u00bbhttps:\/\/museros.org\/wp-content\/uploads\/2021\/09\/signatura-cursos.jpg\u00bb title_text=\u00bbsignatura-cursos\u00bb _builder_version=\u00bb4.16&#8243; _module_preset=\u00bbdefault\u00bb width=\u00bb75%\u00bb width_tablet=\u00bb75%\u00bb width_phone=\u00bb100%\u00bb width_last_edited=\u00bbon|desktop\u00bb custom_margin=\u00bb||50px||false|false\u00bb global_colors_info=\u00bb{}\u00bb][\/et_pb_image][et_pb_button button_url=\u00bbhttps:\/\/museros.org\/inici\/inscripcions-2\/\u00bb button_text=\u00bbSol\u00b7licitud d&#8217;inscripci\u00f3\u00bb _builder_version=\u00bb4.21.0&#8243; _module_preset=\u00bbdefault\u00bb hover_enabled=\u00bb0&#8243; global_colors_info=\u00bb{}\u00bb sticky_enabled=\u00bb0&#8243;][\/et_pb_button][et_pb_button button_url=\u00bbhttps:\/\/museros.org\/wp-content\/uploads\/2022\/08\/PREINSCRIPCIONS-CURSOS-22-23.pdf\u00bb url_new_window=\u00bbon\u00bb button_text=\u00bbPreinscripci\u00f3ns dels cursos en PDF\u00bb _builder_version=\u00bb4.17.6&#8243; _module_preset=\u00bbdefault\u00bb global_colors_info=\u00bb{}\u00bb][\/et_pb_button][\/et_pb_column][\/et_pb_row][et_pb_row _builder_version=\u00bb4.16&#8243; _module_preset=\u00bbdefault\u00bb global_colors_info=\u00bb{}\u00bb][et_pb_column type=\u00bb4_4&#8243; _builder_version=\u00bb4.16&#8243; _module_preset=\u00bbdefault\u00bb global_colors_info=\u00bb{}\u00bb][et_pb_divider color=\u00bb#E02B20&#8243; divider_weight=\u00bb4px\u00bb _builder_version=\u00bb4.16&#8243; _module_preset=\u00bbdefault\u00bb global_colors_info=\u00bb{}\u00bb][\/et_pb_divider][\/et_pb_column][\/et_pb_row][\/et_pb_section]<\/p>\n","protected":false},"excerpt":{"rendered":"<p>PREINSCRIPCI\u00d3 I MATR\u00cdCULA ALS CURSOS MUNICIPALS 2022-2023 \u2022 La preinscripci\u00f3 no garanteix la pla\u00e7a fins que no la confirme la coordinadora de la Casa de Cultura i es fa\u00e7a el pagament de la matr\u00edcula del curs. \u2022 Les places s\u2019adjudicaran per rigor\u00f3s ordre de registre d\u2019entrada. \u2022 Les inscripcions en l\u00ednia amb certificat digital s\u2019hauran [&hellip;]<\/p>\n","protected":false},"author":8,"featured_media":0,"parent":0,"menu_order":0,"comment_status":"closed","ping_status":"closed","template":"","meta":{"_et_pb_use_builder":"on","_et_pb_old_content":"","_et_gb_content_width":"","_mc_calendar":[],"footnotes":""},"wf_page_folders":[382],"class_list":["post-261083","page","type-page","status-publish","hentry"],"_links":{"self":[{"href":"https:\/\/museros.org\/inici\/wp-json\/wp\/v2\/pages\/261083","targetHints":{"allow":["GET"]}}],"collection":[{"href":"https:\/\/museros.org\/inici\/wp-json\/wp\/v2\/pages"}],"about":[{"href":"https:\/\/museros.org\/inici\/wp-json\/wp\/v2\/types\/page"}],"author":[{"embeddable":true,"href":"https:\/\/museros.org\/inici\/wp-json\/wp\/v2\/users\/8"}],"replies":[{"embeddable":true,"href":"https:\/\/museros.org\/inici\/wp-json\/wp\/v2\/comments?post=261083"}],"version-history":[{"count":13,"href":"https:\/\/museros.org\/inici\/wp-json\/wp\/v2\/pages\/261083\/revisions"}],"predecessor-version":[{"id":264482,"href":"https:\/\/museros.org\/inici\/wp-json\/wp\/v2\/pages\/261083\/revisions\/264482"}],"wp:attachment":[{"href":"https:\/\/museros.org\/inici\/wp-json\/wp\/v2\/media?parent=261083"}],"wp:term":[{"taxonomy":"wf_page_folders","embeddable":true,"href":"https:\/\/museros.org\/inici\/wp-json\/wp\/v2\/wf_page_folders?post=261083"}],"curies":[{"name":"wp","href":"https:\/\/api.w.org\/{rel}","templated":true}]}}