{"id":260821,"date":"2022-07-05T14:39:06","date_gmt":"2022-07-05T14:39:06","guid":{"rendered":"https:\/\/museros.org\/inici\/?page_id=260821"},"modified":"2022-07-15T11:15:33","modified_gmt":"2022-07-15T11:15:33","slug":"setmana-persones-majors-2022","status":"publish","type":"page","link":"https:\/\/museros.org\/inici\/setmana-persones-majors-2022\/","title":{"rendered":"Setmana persones majors 2022"},"content":{"rendered":"<p>[et_pb_section fb_built=\u00bb1&#8243; _builder_version=\u00bb4.17.4&#8243; _module_preset=\u00bbdefault\u00bb custom_margin=\u00bb40px||||false|false\u00bb custom_padding=\u00bb0px||||false|false\u00bb locked=\u00bboff\u00bb global_colors_info=\u00bb{}\u00bb][et_pb_row column_structure=\u00bb1_4,3_4&#8243; _builder_version=\u00bb4.17.4&#8243; _module_preset=\u00bbdefault\u00bb custom_padding=\u00bb0px||||false|false\u00bb global_colors_info=\u00bb{}\u00bb][et_pb_column type=\u00bb1_4&#8243; _builder_version=\u00bb4.16&#8243; _module_preset=\u00bbdefault\u00bb global_colors_info=\u00bb{}\u00bb][et_pb_image src=\u00bbhttps:\/\/museros.org\/wp-content\/uploads\/2022\/07\/setmana-pm-230&#215;180-1.jpg\u00bb title_text=\u00bbsetmana-pm-230&#215;180&#8243; url=\u00bbhttps:\/\/museros.org\/inici\/area-de-majors\/\u00bb use_overlay=\u00bbon\u00bb overlay_icon_color=\u00bb#E02B20&#8243; hover_overlay_color=\u00bbrgba(255,255,255,0.71)\u00bb hover_icon=\u00bb&#xe04d;||divi||400&#8243; show_bottom_space=\u00bboff\u00bb align=\u00bbcenter\u00bb _builder_version=\u00bb4.17.4&#8243; _module_preset=\u00bbdefault\u00bb locked=\u00bboff\u00bb global_colors_info=\u00bb{}\u00bb][\/et_pb_image][et_pb_button button_url=\u00bbhhttps:\/\/museros.org\/wp-content\/uploads\/2022\/07\/Setmana-persones-majors.pdf\u00bb url_new_window=\u00bbon\u00bb button_text=\u00bbPrograma en PDF\u00bb button_alignment=\u00bbcenter\u00bb _builder_version=\u00bb4.17.6&#8243; _module_preset=\u00bbdefault\u00bb hover_enabled=\u00bb0&#8243; global_colors_info=\u00bb{}\u00bb sticky_enabled=\u00bb0&#8243;][\/et_pb_button][\/et_pb_column][et_pb_column type=\u00bb3_4&#8243; _builder_version=\u00bb4.16&#8243; _module_preset=\u00bbdefault\u00bb global_colors_info=\u00bb{}\u00bb][et_pb_text _builder_version=\u00bb4.17.4&#8243; _module_preset=\u00bbdefault\u00bb custom_padding=\u00bb2px|||||\u00bb global_colors_info=\u00bb{}\u00bb]<\/p>\n<h1>SETMANA DE LES PERSONES MAJORS<\/h1>\n<h3>DEL 25 AL 29 DE JULIOL<\/h3>\n<h4><strong>Dilluns, 25 de juliol<\/strong><\/h4>\n<p><strong>10.00 h<\/strong><br \/>Primera part del taller de bijuteria de cer\u00e0mica polim\u00e8rica.<br \/>Places limitades a 15 persones.<br \/>Lloc: Llar del Jubilat.<\/p>\n<p><strong>17.30 h<\/strong><br \/>Berenar per a agafar forces.<br \/>Inscripcions per al campionat de parx\u00eds.<br \/>Premis per a les persones guanyadores participants.<br \/>Places limitades.<br \/>Lloc: Llar del Jubilat<\/p>\n<p><strong>18.00 h<\/strong><br \/>Taller de risoter\u00e0pia.<br \/>Places limitades a 25 persones.<br \/>Lloc: Llar del Jubilat.<\/p>\n<h4><strong>Dimarts, 26 de juliol<\/strong><\/h4>\n<p><strong>10.00 h<\/strong><br \/>Eixida amb destinaci\u00f3 a Sueca, on tornarem a visitar el museu i la f\u00e0brica Chocolates Comes, on podrem degustar i adquirir els seus productes.<br \/>Eixida des del Punt d&#8217;Amics.<br \/>Places fins a completar l&#8217;autob\u00fas.<\/p>\n<p><strong>17.30 h<\/strong><br \/>Berenar per a agafar forces.<br \/>Lloc: Llar del Jubilat.<\/p>\n<p><strong>18.00 h<\/strong><br \/>Comen\u00e7ament del campionat de parx\u00eds.<br \/>Lloc: Llar del Jubilat.<\/p>\n<h4><strong>Dimecres, 27 de juliol<\/strong><\/h4>\n<p><strong>11.00 h<\/strong><br \/>Taller d&#8217;alimentaci\u00f3 saludable (activitat de cuina relacionada amb el plat saludable i, posteriorment, tast dels resultats).<br \/>Places limitades a 20 persones.<br \/>Lloc: Llar del Jubilat.<\/p>\n<p><strong>20.30 h<\/strong><br \/>Sopar de pa i porta a la fresca, amb beguda i tapes a c\u00e0rrec de la Regidoria de Majors. Amenitza el grup musical Los Bohemios, que interpretaran m\u00fasica de tots els temps.<br \/>Places limitades.<br \/>Lloc: pla\u00e7a del Poeta Llorente.<br \/>Preu 2 \u20ac<\/p>\n<h4><strong>Dijous, 28 de juliol<\/strong><\/h4>\n<p><strong>10.00 h<\/strong><br \/>Eixida amb destinaci\u00f3 a Benissan\u00f3, on visitarem el seu castell, i al final de la visita, realitzarem una activitat de decoraci\u00f3 de taulells.<br \/>Eixida des del Punt d&#8217;Amics.<br \/>Places limitades fins a completar l&#8217;autobus.<\/p>\n<p><strong>17.30 h<\/strong><br \/>Berenar per a agafar forces.<br \/>Lloc: Llar del Jubilat.<\/p>\n<p><strong>18.00 h<\/strong><br \/>Continuem amb el campionat de parx\u00eds.<br \/>Lloc: Llar del Jubilat.<\/p>\n<p><strong>22.30 h<\/strong><br \/>Concert de la SUM Big Band Museros. M\u00fasica swing.<br \/>Lloc: pla\u00e7a del Poeta Llorente.<\/p>\n<h4><strong>Divendres, 29 de juliol<\/strong><\/h4>\n<p><strong>10.00 h<\/strong><br \/>Segona part del taller de cer\u00e0mica polim\u00e8rica.<br \/>Muntatge de peces.<br \/>Lloc: Llar del Jubilat.<\/p>\n<p><strong>17.30 h<\/strong><br \/>Berenar per a agafar forces.<br \/>Lloc: Llar del Jubilat.<\/p>\n<p><strong>18.00 h<\/strong><br \/>Final del campionat de pax\u00eds i lliurament de premis a les persones guanyadores i a les participants.<br \/>Lloc: Llar del Jubilat.<\/p>\n<p><strong>22.30 h<\/strong><br \/>Espectacle d&#8217;humor <em>Quarentena<\/em>, a c\u00e0rrec de la humorista Carol Tom\u00e1s.<br \/>Lloc: pla\u00e7a del Poeta Llorente.<\/p>\n<h4><strong>Inscripcions a la Llar del Jubilat<\/strong><\/h4>\n<p>Els dilluns, dijous i divendres, de 10.00 h a 13.00 h, de l&#8217;11 al 22 de juliol.<\/p>\n<p>[\/et_pb_text][\/et_pb_column][\/et_pb_row][et_pb_row _builder_version=\u00bb4.16&#8243; _module_preset=\u00bbdefault\u00bb custom_margin=\u00bb0px||||false|false\u00bb custom_padding=\u00bb0px||||false|false\u00bb global_colors_info=\u00bb{}\u00bb][et_pb_column type=\u00bb4_4&#8243; _builder_version=\u00bb4.16&#8243; _module_preset=\u00bbdefault\u00bb global_colors_info=\u00bb{}\u00bb][et_pb_divider color=\u00bb#E02B20&#8243; divider_weight=\u00bb4px\u00bb _builder_version=\u00bb4.16&#8243; _module_preset=\u00bbdefault\u00bb custom_margin=\u00bb40px||||false|false\u00bb global_colors_info=\u00bb{}\u00bb][\/et_pb_divider][\/et_pb_column][\/et_pb_row][\/et_pb_section]<\/p>\n","protected":false},"excerpt":{"rendered":"<p>SETMANA DE LES PERSONES MAJORS DEL 25 AL 29 DE JULIOL Dilluns, 25 de juliol 10.00 hPrimera part del taller de bijuteria de cer\u00e0mica polim\u00e8rica.Places limitades a 15 persones.Lloc: Llar del Jubilat. 17.30 hBerenar per a agafar forces.Inscripcions per al campionat de parx\u00eds.Premis per a les persones guanyadores participants.Places limitades.Lloc: Llar del Jubilat 18.00 hTaller [&hellip;]<\/p>\n","protected":false},"author":8,"featured_media":0,"parent":0,"menu_order":0,"comment_status":"closed","ping_status":"closed","template":"","meta":{"_et_pb_use_builder":"on","_et_pb_old_content":"","_et_gb_content_width":"","_mc_calendar":[],"footnotes":""},"wf_page_folders":[296],"class_list":["post-260821","page","type-page","status-publish","hentry"],"_links":{"self":[{"href":"https:\/\/museros.org\/inici\/wp-json\/wp\/v2\/pages\/260821","targetHints":{"allow":["GET"]}}],"collection":[{"href":"https:\/\/museros.org\/inici\/wp-json\/wp\/v2\/pages"}],"about":[{"href":"https:\/\/museros.org\/inici\/wp-json\/wp\/v2\/types\/page"}],"author":[{"embeddable":true,"href":"https:\/\/museros.org\/inici\/wp-json\/wp\/v2\/users\/8"}],"replies":[{"embeddable":true,"href":"https:\/\/museros.org\/inici\/wp-json\/wp\/v2\/comments?post=260821"}],"version-history":[{"count":13,"href":"https:\/\/museros.org\/inici\/wp-json\/wp\/v2\/pages\/260821\/revisions"}],"predecessor-version":[{"id":260973,"href":"https:\/\/museros.org\/inici\/wp-json\/wp\/v2\/pages\/260821\/revisions\/260973"}],"wp:attachment":[{"href":"https:\/\/museros.org\/inici\/wp-json\/wp\/v2\/media?parent=260821"}],"wp:term":[{"taxonomy":"wf_page_folders","embeddable":true,"href":"https:\/\/museros.org\/inici\/wp-json\/wp\/v2\/wf_page_folders?post=260821"}],"curies":[{"name":"wp","href":"https:\/\/api.w.org\/{rel}","templated":true}]}}