{"id":260484,"date":"2022-06-21T20:27:16","date_gmt":"2022-06-21T20:27:16","guid":{"rendered":"https:\/\/museros.org\/inici\/?page_id=260484"},"modified":"2025-04-25T16:28:39","modified_gmt":"2025-04-25T16:28:39","slug":"pintura-mural-en-la-huerta","status":"publish","type":"page","link":"https:\/\/museros.org\/inici\/es\/pintura-mural-en-la-huerta\/","title":{"rendered":"Pintura mural en la huerta"},"content":{"rendered":"<p>[et_pb_section fb_built=\u00bb1&#8243; _builder_version=\u00bb4.16&#8243; _module_preset=\u00bbdefault\u00bb custom_padding=\u00bb0px||||false|false\u00bb locked=\u00bboff\u00bb global_colors_info=\u00bb{}\u00bb][et_pb_row column_structure=\u00bb1_4,3_4&#8243; _builder_version=\u00bb4.16&#8243; _module_preset=\u00bbdefault\u00bb custom_margin=\u00bb0px||0px||true|false\u00bb custom_padding=\u00bb0px||0px||false|false\u00bb global_colors_info=\u00bb{}\u00bb][et_pb_column type=\u00bb1_4&#8243; _builder_version=\u00bb4.16&#8243; _module_preset=\u00bbdefault\u00bb global_colors_info=\u00bb{}\u00bb][et_pb_image src=\u00bbhttps:\/\/museros.org\/wp-content\/uploads\/2023\/07\/logo-transicion-cl-230&#215;180-1.jpg\u00bb title_text=\u00bblogo-transicion-cl-230&#215;180&#8243; url=\u00bbhttps:\/\/museros.org\/inici\/es\/area-de-transicion-ecologica\/\u00bb use_overlay=\u00bbon\u00bb overlay_icon_color=\u00bb#E02B20&#8243; hover_overlay_color=\u00bbrgba(255,255,255,0.71)\u00bb hover_icon=\u00bb&#xe04d;||divi||400&#8243; _builder_version=\u00bb4.27.4&#8243; _module_preset=\u00bbdefault\u00bb hover_enabled=\u00bb0&#8243; global_colors_info=\u00bb{}\u00bb sticky_enabled=\u00bb0&#8243; locked=\u00bboff\u00bb][\/et_pb_image][\/et_pb_column][et_pb_column type=\u00bb3_4&#8243; _builder_version=\u00bb4.16&#8243; _module_preset=\u00bbdefault\u00bb global_colors_info=\u00bb{}\u00bb][et_pb_gallery gallery_ids=\u00bb260481,260478,260479,260476,260474,260473&#8243; fullwidth=\u00bbon\u00bb _builder_version=\u00bb4.17.4&#8243; _module_preset=\u00bbdefault\u00bb pagination_font=\u00bb|800|||||||\u00bb global_colors_info=\u00bb{}\u00bb][\/et_pb_gallery][et_pb_text _builder_version=\u00bb4.17.4&#8243; _module_preset=\u00bbdefault\u00bb custom_margin=\u00bb40px||||false|false\u00bb global_colors_info=\u00bb{}\u00bb]<\/p>\n<h1>Campa\u00f1a de pintura mural en la huerta de Museros<\/h1>\n<p>Desde la Concejal\u00eda de Medio Ambiente y Agricultura y la Concejal\u00eda de Cultura y Promoci\u00f3n Ling\u00fc\u00edstica, queremos anunciar que el mural que se pintaba en el Pont de Vigues, situado a la huerta de Museros, en la partida de la Huitena, ya est\u00e1 finalizado.<\/p>\n<p>El artista Pedro Mecinas ha pintado las siguientes aves que son f\u00e1ciles de observar por la zona de la huerta: cern\u00edcalo com\u00fan, abubilla, alcarav\u00e1n com\u00fan, avi\u00f3n com\u00fan, mart\u00edn pescador, lavandera boyera, b\u00faho com\u00fan y curruca capirotada. Tambi\u00e9n encontrar\u00e9is una mariposa y una mariquita.<\/p>\n<p>Con este mural, se pretende dar m\u00e1s visibilidad y conocimiento de la fauna de nuestro entorno y, al mismo tiempo, concienciar a la poblaci\u00f3n de la importancia de respetar la huerta y todo lo que la rodea, de la mano del arte urbano.<\/p>\n<p>&nbsp;<\/p>\n<p>[\/et_pb_text][\/et_pb_column][\/et_pb_row][et_pb_row _builder_version=\u00bb4.16&#8243; _module_preset=\u00bbdefault\u00bb locked=\u00bboff\u00bb global_colors_info=\u00bb{}\u00bb][et_pb_column type=\u00bb4_4&#8243; _builder_version=\u00bb4.16&#8243; _module_preset=\u00bbdefault\u00bb global_colors_info=\u00bb{}\u00bb][et_pb_divider color=\u00bb#cc0000&#8243; divider_weight=\u00bb4px\u00bb _builder_version=\u00bb4.16&#8243; _module_preset=\u00bbdefault\u00bb global_colors_info=\u00bb{}\u00bb][\/et_pb_divider][\/et_pb_column][\/et_pb_row][\/et_pb_section]<\/p>\n","protected":false},"excerpt":{"rendered":"<p>Campa\u00f1a de pintura mural en la huerta de Museros Desde la Concejal\u00eda de Medio Ambiente y Agricultura y la Concejal\u00eda de Cultura y Promoci\u00f3n Ling\u00fc\u00edstica, queremos anunciar que el mural que se pintaba en el Pont de Vigues, situado a la huerta de Museros, en la partida de la Huitena, ya est\u00e1 finalizado. El artista [&hellip;]<\/p>\n","protected":false},"author":8,"featured_media":0,"parent":0,"menu_order":0,"comment_status":"closed","ping_status":"closed","template":"","meta":{"_et_pb_use_builder":"on","_et_pb_old_content":"","_et_gb_content_width":"","_mc_calendar":[],"footnotes":""},"wf_page_folders":[299],"class_list":["post-260484","page","type-page","status-publish","hentry"],"_links":{"self":[{"href":"https:\/\/museros.org\/inici\/wp-json\/wp\/v2\/pages\/260484","targetHints":{"allow":["GET"]}}],"collection":[{"href":"https:\/\/museros.org\/inici\/wp-json\/wp\/v2\/pages"}],"about":[{"href":"https:\/\/museros.org\/inici\/wp-json\/wp\/v2\/types\/page"}],"author":[{"embeddable":true,"href":"https:\/\/museros.org\/inici\/wp-json\/wp\/v2\/users\/8"}],"replies":[{"embeddable":true,"href":"https:\/\/museros.org\/inici\/wp-json\/wp\/v2\/comments?post=260484"}],"version-history":[{"count":15,"href":"https:\/\/museros.org\/inici\/wp-json\/wp\/v2\/pages\/260484\/revisions"}],"predecessor-version":[{"id":273867,"href":"https:\/\/museros.org\/inici\/wp-json\/wp\/v2\/pages\/260484\/revisions\/273867"}],"wp:attachment":[{"href":"https:\/\/museros.org\/inici\/wp-json\/wp\/v2\/media?parent=260484"}],"wp:term":[{"taxonomy":"wf_page_folders","embeddable":true,"href":"https:\/\/museros.org\/inici\/wp-json\/wp\/v2\/wf_page_folders?post=260484"}],"curies":[{"name":"wp","href":"https:\/\/api.w.org\/{rel}","templated":true}]}}