{"id":260348,"date":"2022-06-20T21:21:04","date_gmt":"2022-06-20T21:21:04","guid":{"rendered":"https:\/\/museros.org\/inici\/?page_id=260348"},"modified":"2022-06-21T05:40:00","modified_gmt":"2022-06-21T05:40:00","slug":"nivel-basico","status":"publish","type":"page","link":"https:\/\/museros.org\/inici\/es\/nivel-basico\/","title":{"rendered":"Nivel b\u00e1sico"},"content":{"rendered":"<p>[et_pb_section fb_built=\u00bb1&#8243; _builder_version=\u00bb4.16&#8243; _module_preset=\u00bbdefault\u00bb custom_padding=\u00bb0px||||false|false\u00bb locked=\u00bboff\u00bb global_colors_info=\u00bb{}\u00bb][et_pb_row column_structure=\u00bb1_4,3_4&#8243; _builder_version=\u00bb4.16&#8243; _module_preset=\u00bbdefault\u00bb custom_padding=\u00bb0px||||false|false\u00bb global_colors_info=\u00bb{}\u00bb][et_pb_column type=\u00bb1_4&#8243; _builder_version=\u00bb4.16&#8243; _module_preset=\u00bbdefault\u00bb global_colors_info=\u00bb{}\u00bb][et_pb_image src=\u00bbhttps:\/\/museros.org\/wp-content\/uploads\/2022\/06\/cusros-piscina-180&#215;230-1.jpg\u00bb title_text=\u00bbcusros-piscina-180&#215;230&#8243; url=\u00bbhttps:\/\/museros.org\/inici\/es\/cursos-natacion-2022\/\u00bb use_overlay=\u00bbon\u00bb overlay_icon_color=\u00bb#E02B20&#8243; hover_overlay_color=\u00bbrgba(255,255,255,0.71)\u00bb hover_icon=\u00bb&#xe04d;||divi||400&#8243; show_bottom_space=\u00bboff\u00bb align=\u00bbcenter\u00bb _builder_version=\u00bb4.17.4&#8243; _module_preset=\u00bbdefault\u00bb locked=\u00bboff\u00bb global_colors_info=\u00bb{}\u00bb][\/et_pb_image][\/et_pb_column][et_pb_column type=\u00bb3_4&#8243; _builder_version=\u00bb4.16&#8243; _module_preset=\u00bbdefault\u00bb global_colors_info=\u00bb{}\u00bb][et_pb_image src=\u00bbhttps:\/\/museros.org\/wp-content\/uploads\/2022\/06\/cursosnatacion-02-800&#215;500-1.jpg\u00bb title_text=\u00bbcursosnatacion-02-800&#215;500&#8243; _builder_version=\u00bb4.17.4&#8243; _module_preset=\u00bbdefault\u00bb global_colors_info=\u00bb{}\u00bb][\/et_pb_image][et_pb_text _builder_version=\u00bb4.17.4&#8243; _module_preset=\u00bbdefault\u00bb custom_padding=\u00bb2px|||||\u00bb hover_enabled=\u00bb0&#8243; global_colors_info=\u00bb{}\u00bb sticky_enabled=\u00bb0&#8243;]<\/p>\n<h1>Nivel b\u00e1sico<\/h1>\n<p><strong>PERSONAS DESTINATARIAS: <\/strong>ni\u00f1os y ni\u00f1as de 7 a 12 a\u00f1os (a\u00f1os de nacimiento 2010, 2011, 2012,2013, 2014 y 2015).<\/p>\n<p><strong>HORARIO: <\/strong>dos sesiones en d\u00edas alternos, de martes a viernes, a partir de las 11.00 h.<br \/>(Compatible para las personas participantes en la Escuela de Verano).<br \/><strong>PLAZAS: <\/strong>30, seg\u00fan orden de inscripci\u00f3n.<br \/><strong>PRECIO<\/strong>: 25 \u20ac.<br \/><strong>INSCRIPCIONES: <\/strong>hasta el 30 de junio, mediante la sede electr\u00f3nica.<\/p>\n<p>[\/et_pb_text][\/et_pb_column][\/et_pb_row][et_pb_row _builder_version=\u00bb4.16&#8243; _module_preset=\u00bbdefault\u00bb custom_margin=\u00bb0px||||false|false\u00bb custom_padding=\u00bb0px||||false|false\u00bb global_colors_info=\u00bb{}\u00bb][et_pb_column type=\u00bb4_4&#8243; _builder_version=\u00bb4.16&#8243; _module_preset=\u00bbdefault\u00bb global_colors_info=\u00bb{}\u00bb][et_pb_divider color=\u00bb#E02B20&#8243; divider_weight=\u00bb4px\u00bb _builder_version=\u00bb4.16&#8243; _module_preset=\u00bbdefault\u00bb custom_margin=\u00bb40px||||false|false\u00bb global_colors_info=\u00bb{}\u00bb][\/et_pb_divider][\/et_pb_column][\/et_pb_row][\/et_pb_section]<\/p>\n","protected":false},"excerpt":{"rendered":"<p>Nivel b\u00e1sico PERSONAS DESTINATARIAS: ni\u00f1os y ni\u00f1as de 7 a 12 a\u00f1os (a\u00f1os de nacimiento 2010, 2011, 2012,2013, 2014 y 2015). HORARIO: dos sesiones en d\u00edas alternos, de martes a viernes, a partir de las 11.00 h.(Compatible para las personas participantes en la Escuela de Verano).PLAZAS: 30, seg\u00fan orden de inscripci\u00f3n.PRECIO: 25 \u20ac.INSCRIPCIONES: hasta el [&hellip;]<\/p>\n","protected":false},"author":8,"featured_media":0,"parent":0,"menu_order":0,"comment_status":"closed","ping_status":"closed","template":"","meta":{"_et_pb_use_builder":"on","_et_pb_old_content":"","_et_gb_content_width":"","_mc_calendar":[],"footnotes":""},"wf_page_folders":[297],"class_list":["post-260348","page","type-page","status-publish","hentry"],"_links":{"self":[{"href":"https:\/\/museros.org\/inici\/wp-json\/wp\/v2\/pages\/260348","targetHints":{"allow":["GET"]}}],"collection":[{"href":"https:\/\/museros.org\/inici\/wp-json\/wp\/v2\/pages"}],"about":[{"href":"https:\/\/museros.org\/inici\/wp-json\/wp\/v2\/types\/page"}],"author":[{"embeddable":true,"href":"https:\/\/museros.org\/inici\/wp-json\/wp\/v2\/users\/8"}],"replies":[{"embeddable":true,"href":"https:\/\/museros.org\/inici\/wp-json\/wp\/v2\/comments?post=260348"}],"version-history":[{"count":7,"href":"https:\/\/museros.org\/inici\/wp-json\/wp\/v2\/pages\/260348\/revisions"}],"predecessor-version":[{"id":260397,"href":"https:\/\/museros.org\/inici\/wp-json\/wp\/v2\/pages\/260348\/revisions\/260397"}],"wp:attachment":[{"href":"https:\/\/museros.org\/inici\/wp-json\/wp\/v2\/media?parent=260348"}],"wp:term":[{"taxonomy":"wf_page_folders","embeddable":true,"href":"https:\/\/museros.org\/inici\/wp-json\/wp\/v2\/wf_page_folders?post=260348"}],"curies":[{"name":"wp","href":"https:\/\/api.w.org\/{rel}","templated":true}]}}