{"id":259806,"date":"2022-06-09T16:46:30","date_gmt":"2022-06-09T16:46:30","guid":{"rendered":"https:\/\/museros.org\/inici\/?page_id=259806"},"modified":"2022-07-10T18:06:52","modified_gmt":"2022-07-10T18:06:52","slug":"red-de-espacios-amigables","status":"publish","type":"page","link":"https:\/\/museros.org\/inici\/es\/red-de-espacios-amigables\/","title":{"rendered":"Red de Espacios Amigables"},"content":{"rendered":"<p>[et_pb_section fb_built=\u00bb1&#8243; _builder_version=\u00bb4.17.4&#8243; _module_preset=\u00bbdefault\u00bb custom_margin=\u00bb40px||||false|false\u00bb custom_padding=\u00bb0px||||false|false\u00bb locked=\u00bboff\u00bb global_colors_info=\u00bb{}\u00bb][et_pb_row column_structure=\u00bb1_3,2_3&#8243; _builder_version=\u00bb4.17.4&#8243; _module_preset=\u00bbdefault\u00bb custom_margin=\u00bb0px||0px||false|false\u00bb custom_padding=\u00bb0px||0px||false|false\u00bb global_colors_info=\u00bb{}\u00bb][et_pb_column type=\u00bb1_3&#8243; _builder_version=\u00bb4.16&#8243; _module_preset=\u00bbdefault\u00bb global_colors_info=\u00bb{}\u00bb][et_pb_image src=\u00bbhttps:\/\/museros.org\/wp-content\/uploads\/2022\/06\/logo-250&#215;250-ff3333-bis.jpg\u00bb title_text=\u00bblogo-250&#215;250-ff3333-bis\u00bb url=\u00bbhttps:\/\/museros.org\/inici\/es\/foro-vecinal\/\u00bb use_overlay=\u00bbon\u00bb overlay_icon_color=\u00bb#E02B20&#8243; hover_overlay_color=\u00bbrgba(255,255,255,0.68)\u00bb hover_icon=\u00bb&#xe04d;||divi||400&#8243; align=\u00bbcenter\u00bb _builder_version=\u00bb4.17.4&#8243; _module_preset=\u00bbdefault\u00bb width=\u00bb100%\u00bb width_tablet=\u00bb100%\u00bb width_phone=\u00bb100%\u00bb width_last_edited=\u00bbon|desktop\u00bb custom_margin=\u00bb0px||||false|false\u00bb custom_margin_tablet=\u00bb30px||||false|false\u00bb custom_margin_phone=\u00bb\u00bb custom_margin_last_edited=\u00bbon|phone\u00bb hover_enabled=\u00bb0&#8243; global_colors_info=\u00bb{}\u00bb sticky_enabled=\u00bb0&#8243;][\/et_pb_image][\/et_pb_column][et_pb_column type=\u00bb2_3&#8243; _builder_version=\u00bb4.16&#8243; _module_preset=\u00bbdefault\u00bb global_colors_info=\u00bb{}\u00bb][et_pb_text _builder_version=\u00bb4.17.4&#8243; _module_preset=\u00bbdefault\u00bb locked=\u00bboff\u00bb global_colors_info=\u00bb{}\u00bb]<\/p>\n<h2 style=\"text-align: left;\">Museros crea una Red de Espacios Amigables<br \/>con el vecindario<\/h2>\n<p>[\/et_pb_text][et_pb_image src=\u00bbhttps:\/\/museros.org\/wp-content\/uploads\/2022\/06\/iconos-1080&#215;225-ff9900.jpg\u00bb title_text=\u00bbiconos-534&#215;461-ff9900&#8243; src_tablet=\u00bbhttps:\/\/museros.org\/wp-content\/uploads\/2022\/06\/iconos-1080&#215;225-ff9900.jpg\u00bb src_phone=\u00bbhttps:\/\/museros.org\/wp-content\/uploads\/2022\/06\/iconos-534&#215;461-ff9900.jpg\u00bb src_last_edited=\u00bbon|desktop\u00bb _builder_version=\u00bb4.17.4&#8243; _module_preset=\u00bbdefault\u00bb custom_margin=\u00bb30px||30px||false|false\u00bb global_colors_info=\u00bb{}\u00bb][\/et_pb_image][et_pb_text _builder_version=\u00bb4.17.4&#8243; _module_preset=\u00bbdefault\u00bb global_colors_info=\u00bb{}\u00bb]<\/p>\n<h5><strong>El Foro Vecinal de Museros, con la colaboraci\u00f3n del Ayuntamiento, impulsa una iniciativa para dar a conocer y potenciar la actitud acogedora que caracteriza en el municipio.<\/strong><\/h5>\n<p>Durante 2022, el Foro Vecinal de Museros, conformado por asociaciones del pueblo y vecindario a t\u00edtulo individual, se ha reunido peri\u00f3dicamente para definir e impulsar una Red de Espacios Amigables. Esta iniciativa pretende hacer visible y reforzar el potencial comunitario de las equipaciones locales y de las asociaciones, a la hora de facilitar la vida cotidiana del vecindario y fortalecer las relaciones sociales.<br \/>Un tr\u00edptico informativo compila los espacios adheridos en la red, los cuales cuentan con una placa identificativa en la fachada. Por su parte, estos se comprometen a tener una actitud sensible al atender a cualquier persona que se encuentre en una situaci\u00f3n de urgencia especial (mareo, desorientaci\u00f3n, acoso, etc.). Adem\u00e1s, intentar\u00e1n garantizar la confortabilidad de todas las personas vecinas que se quieran acercar al espacio, atendiendo su diversidad y sus necesidades vitales.<br \/>Seg\u00fan la alcaldesa de Museros, Cristina Civera: \u201cse trata de una iniciativa muy bonita que pretende poner en valor una inquietud que todav\u00eda mantenemos en los pueblos: cuidar del vecindario y hacer red entre nosotros\u201d. Y es que, en cierto modo, esta propuesta promovida por el \u00f3rgano de participaci\u00f3n municipal, quiere mantener y extender las pr\u00e1cticas de cuidados vecinales a todos los espacios de encuentro. Y, importante, sin perder de vista que el objetivo es potenciar relaciones igualitarias e inclusivas.<br \/>As\u00ed pues, se trata de una iniciativa que establecer\u00e1 alianzas de trabajo conjunto entre vecindario, asociaciones locales y administraciones diversas (como por ejemplo el Ayuntamiento o el Centro de Salud). De hecho, en el marco de este proyecto, el personal t\u00e9cnico vinculado a las equipaciones p\u00fablicas har\u00e1 una sesi\u00f3n formativa despu\u00e9s del verano. Adem\u00e1s, se pretende que en un futuro la red crezca contando con el comercio local y a los negocios de hosteler\u00eda que lo desean. Seg\u00fan el teniente alcalde, Vicent P\u00e9rez, \u201clos bares y las tiendas son espacios de encuentro y de relaci\u00f3n vecinal, es muy interesante que se puedan sumar a este proyecto en un futuro\u201d.<\/p>\n<p>[\/et_pb_text][et_pb_divider color=\u00bb#999999&#8243; divider_style=\u00bbdotted\u00bb divider_weight=\u00bb7px\u00bb _builder_version=\u00bb4.17.4&#8243; _module_preset=\u00bbdefault\u00bb custom_margin=\u00bb40px||||false|false\u00bb global_colors_info=\u00bb{}\u00bb][\/et_pb_divider][et_pb_image src=\u00bbhttps:\/\/museros.org\/wp-content\/uploads\/2022\/06\/planol-900&#215;624-1.jpg\u00bb title_text=\u00bbplanol-900&#215;624&#8243; _builder_version=\u00bb4.17.4&#8243; _module_preset=\u00bbdefault\u00bb global_colors_info=\u00bb{}\u00bb][\/et_pb_image][et_pb_button button_url=\u00bbhttps:\/\/museros.org\/wp-content\/uploads\/2022\/06\/triptic-espai-amigable.pdf\u00bb url_new_window=\u00bbon\u00bb button_text=\u00bbTr\u00edptico Espacio Amigable\u00bb _builder_version=\u00bb4.17.4&#8243; _module_preset=\u00bbdefault\u00bb custom_margin=\u00bb40px||||false|false\u00bb global_colors_info=\u00bb{}\u00bb][\/et_pb_button][et_pb_divider color=\u00bb#999999&#8243; divider_style=\u00bbdotted\u00bb divider_weight=\u00bb7px\u00bb _builder_version=\u00bb4.17.4&#8243; _module_preset=\u00bbdefault\u00bb custom_margin=\u00bb40px||40px||false|false\u00bb global_colors_info=\u00bb{}\u00bb][\/et_pb_divider][et_pb_text module_id=\u00bbpresentacion\u00bb _builder_version=\u00bb4.17.4&#8243; _module_preset=\u00bbdefault\u00bb locked=\u00bboff\u00bb global_colors_info=\u00bb{}\u00bb]<\/p>\n<h1>Museros presenta la Red de Espacios Amigables<\/h1>\n<h4><strong>El F\u00f2rum Ve\u00efnal, formado por representantes de los vecinos y vecinas y del teijdo asociativo del pueblo, han celebrado una actividad participativa en el polideportivo municipal para exponer y constatar que Museros es un pueblo acojedor.<\/strong><\/h4>\n<p><span>El pasado s\u00e1bado, 18 de junio de 2022, el F\u00f2rum Ve\u00efnal de Museros present\u00f3 en las instalaciones de la piscina municipal la iniciativa impulsada por su segunda edici\u00f3n: la Xarxa d\u2019Espais Amigables.<br \/>Se trata de una propuesta en clave sociocomunitaria, trabajada junto con una Mesa T\u00e9cnica Intersectorial y apoyada por el gobierno municipal, que pretende poner en valor los cuidados entre vecinos y vecinas y a su vez extender estos c\u00f3digos afectivos a los espacios institucionales.<\/span><\/p>\n<p>As\u00ed, a esta red se han adherido equipamientos p\u00fablicos y locales asociativos con sede, tales como: el Centro de Salud, el Ayuntamiento, el Centro de Dia, la Agencia Municipal de Lectura, el Espai Jove, la Casa de Cultura, el Polideportivo Municipal, la Asociaci\u00f3n Obreras de la Cruz,\u00a0 la Societat Uni\u00f3 Musical de Museros, la Falla de Museros, la Falla el Castell, la Penya Taurina Sant Roc, la Penya Taurina Gent Jove, la Penya Taurina els de la Por, i la Penya Taurina els Valents.<\/p>\n<p>El compromiso de estos espacios conlleva procurar una mirada atenta a las necesidades de las personas usuarias y de las personas no usuarias que en un momento de vulnerabilidad puedan requerir apoyo. Estas pr\u00e1cticas se entienden desde la actitud emp\u00e1tica y paciente hacia personas con dificultades de mobilidad, cognitivas o de integraci\u00f3n, hasta el ofrecimiento de un vaso de agua, ir al lavabo o un asiento para reposar en caso de mareo, desorientaci\u00f3n, o alimentar a un beb\u00e9. Esto queda reflejado en la imagen gr\u00e1fica de la iniciativa, y las placas instaladas en cada uno de los espacios miembros de la red con su designaci\u00f3n y pictogramas.<\/p>\n<p><span>El proyecto se ha difundido a trav\u00e9s de una campa\u00f1a comunicativa por los canales oficiales del Ayuntamiento, como por ejemplo el canal de <a href=\"https:\/\/www.youtube.com\/watch?v=OPn2RsSh0iE&amp;list=PL4rXC_Vz2LmYqhYaVEsF96_VsP5-BvwDF\" target=\"_blank\" rel=\"noopener\">Youtube<\/a> , y tambi\u00e9n por la acci\u00f3n en la piscina, en la que los y las miembros del F\u00f2rum explicaron qu\u00e9 representa ser un Espacio Amigable y recogieron an\u00e9cdotas propias de los y las ba\u00f1istas de Museros que demostraban que, en efecto, se trata de un pueblo acogedor, como por ejemplo, ayudar a personas mayores a cargar la compra, ofrecer el tel\u00e9fono para llamar a sus padres a ni\u00f1os que hab\u00edan perdido las llaves, proteger a compa\u00f1eros\/as que estaban sufriendo acoso o devolver objetos perdidos. La participaci\u00f3n fue muy alta, por parte de gente de todas las edades (de beb\u00e9s a personas de la tercera edad). La repercusi\u00f3n de la iniciativa ha sido considerable de modo que, seg\u00fan cuenta Vicente P\u00e9rez Costa, teniente de alcalde, \u00abvarios comerciantes del pueblo han contactado ya con el Ayuntamiento preguntando por la implementaci\u00f3n de la segunda fase del proyecto, en la que se adherir\u00e1 a la red el comercio local\u00bb. Tambi\u00e9n, la alcaldesa Cristina Civera Balaguer ha declarado que dicha ampliaci\u00f3n \u00abest\u00e1 prevista para el tercer trimestre de 2021, junto con una formaci\u00f3n en perspectiva de g\u00e9nero para los espacios integrantes de la red, y la posible extensi\u00f3n de la denominaci\u00f3n a acontecimientos sociales y culturales de corte festivo y deportivo\u00bb.<\/span><\/p>\n<p>[\/et_pb_text][et_pb_button button_url=\u00bbhttps:\/\/www.youtube.com\/watch?v=OPn2RsSh0iE&#038;list=PL4rXC_Vz2LmYqhYaVEsF96_VsP5-BvwDF\u00bb url_new_window=\u00bbon\u00bb button_text=\u00bbCanal Youtube del Ayuntamiento\u00bb _builder_version=\u00bb4.17.4&#8243; _module_preset=\u00bbdefault\u00bb custom_margin=\u00bb40px||40px||false|false\u00bb global_colors_info=\u00bb{}\u00bb][\/et_pb_button][\/et_pb_column][\/et_pb_row][et_pb_row column_structure=\u00bb1_4,1_4,1_4,1_4&#8243; _builder_version=\u00bb4.17.4&#8243; _module_preset=\u00bbdefault\u00bb global_colors_info=\u00bb{}\u00bb][et_pb_column type=\u00bb1_4&#8243; _builder_version=\u00bb4.17.4&#8243; _module_preset=\u00bbdefault\u00bb global_colors_info=\u00bb{}\u00bb][et_pb_image src=\u00bbhttps:\/\/museros.org\/wp-content\/uploads\/2022\/07\/presentacion-01.jpg\u00bb title_text=\u00bbpresentacion-01&#8243; _builder_version=\u00bb4.17.4&#8243; _module_preset=\u00bbdefault\u00bb global_colors_info=\u00bb{}\u00bb][\/et_pb_image][\/et_pb_column][et_pb_column type=\u00bb1_4&#8243; _builder_version=\u00bb4.17.4&#8243; _module_preset=\u00bbdefault\u00bb global_colors_info=\u00bb{}\u00bb][et_pb_image src=\u00bbhttps:\/\/museros.org\/wp-content\/uploads\/2022\/07\/presentacion-02.jpg\u00bb title_text=\u00bbpresentacion-02&#8243; _builder_version=\u00bb4.17.4&#8243; _module_preset=\u00bbdefault\u00bb global_colors_info=\u00bb{}\u00bb][\/et_pb_image][\/et_pb_column][et_pb_column type=\u00bb1_4&#8243; _builder_version=\u00bb4.17.4&#8243; _module_preset=\u00bbdefault\u00bb global_colors_info=\u00bb{}\u00bb][et_pb_image src=\u00bbhttps:\/\/museros.org\/wp-content\/uploads\/2022\/07\/presentacion-03.jpg\u00bb title_text=\u00bbpresentacion-03&#8243; _builder_version=\u00bb4.17.4&#8243; _module_preset=\u00bbdefault\u00bb global_colors_info=\u00bb{}\u00bb][\/et_pb_image][\/et_pb_column][et_pb_column type=\u00bb1_4&#8243; _builder_version=\u00bb4.17.4&#8243; _module_preset=\u00bbdefault\u00bb global_colors_info=\u00bb{}\u00bb][et_pb_image src=\u00bbhttps:\/\/museros.org\/wp-content\/uploads\/2022\/07\/presentacion-04.jpg\u00bb title_text=\u00bbpresentacion-04&#8243; _builder_version=\u00bb4.17.4&#8243; _module_preset=\u00bbdefault\u00bb global_colors_info=\u00bb{}\u00bb][\/et_pb_image][\/et_pb_column][\/et_pb_row][et_pb_row _builder_version=\u00bb4.16&#8243; _module_preset=\u00bbdefault\u00bb global_colors_info=\u00bb{}\u00bb][et_pb_column type=\u00bb4_4&#8243; _builder_version=\u00bb4.16&#8243; _module_preset=\u00bbdefault\u00bb global_colors_info=\u00bb{}\u00bb][et_pb_divider color=\u00bb#cc0000&#8243; divider_weight=\u00bb4px\u00bb _builder_version=\u00bb4.16&#8243; _module_preset=\u00bbdefault\u00bb global_colors_info=\u00bb{}\u00bb][\/et_pb_divider][\/et_pb_column][\/et_pb_row][\/et_pb_section]<\/p>\n","protected":false},"excerpt":{"rendered":"<p>Museros crea una Red de Espacios Amigablescon el vecindarioEl Foro Vecinal de Museros, con la colaboraci\u00f3n del Ayuntamiento, impulsa una iniciativa para dar a conocer y potenciar la actitud acogedora que caracteriza en el municipio. Durante 2022, el Foro Vecinal de Museros, conformado por asociaciones del pueblo y vecindario a t\u00edtulo individual, se ha reunido [&hellip;]<\/p>\n","protected":false},"author":8,"featured_media":0,"parent":0,"menu_order":0,"comment_status":"closed","ping_status":"closed","template":"","meta":{"_et_pb_use_builder":"on","_et_pb_old_content":"","_et_gb_content_width":"","_mc_calendar":[],"footnotes":""},"wf_page_folders":[1067],"class_list":["post-259806","page","type-page","status-publish","hentry"],"_links":{"self":[{"href":"https:\/\/museros.org\/inici\/wp-json\/wp\/v2\/pages\/259806","targetHints":{"allow":["GET"]}}],"collection":[{"href":"https:\/\/museros.org\/inici\/wp-json\/wp\/v2\/pages"}],"about":[{"href":"https:\/\/museros.org\/inici\/wp-json\/wp\/v2\/types\/page"}],"author":[{"embeddable":true,"href":"https:\/\/museros.org\/inici\/wp-json\/wp\/v2\/users\/8"}],"replies":[{"embeddable":true,"href":"https:\/\/museros.org\/inici\/wp-json\/wp\/v2\/comments?post=259806"}],"version-history":[{"count":10,"href":"https:\/\/museros.org\/inici\/wp-json\/wp\/v2\/pages\/259806\/revisions"}],"predecessor-version":[{"id":260942,"href":"https:\/\/museros.org\/inici\/wp-json\/wp\/v2\/pages\/259806\/revisions\/260942"}],"wp:attachment":[{"href":"https:\/\/museros.org\/inici\/wp-json\/wp\/v2\/media?parent=259806"}],"wp:term":[{"taxonomy":"wf_page_folders","embeddable":true,"href":"https:\/\/museros.org\/inici\/wp-json\/wp\/v2\/wf_page_folders?post=259806"}],"curies":[{"name":"wp","href":"https:\/\/api.w.org\/{rel}","templated":true}]}}