{"id":259783,"date":"2022-06-09T15:33:24","date_gmt":"2022-06-09T15:33:24","guid":{"rendered":"https:\/\/museros.org\/inici\/?page_id=259783"},"modified":"2022-07-05T17:43:02","modified_gmt":"2022-07-05T17:43:02","slug":"xarxa-despais-amigables","status":"publish","type":"page","link":"https:\/\/museros.org\/inici\/xarxa-despais-amigables\/","title":{"rendered":"Xarxa d&#8217;Espais Amigables"},"content":{"rendered":"<p>[et_pb_section fb_built=\u00bb1&#8243; _builder_version=\u00bb4.17.4&#8243; _module_preset=\u00bbdefault\u00bb custom_margin=\u00bb40px||||false|false\u00bb custom_padding=\u00bb0px||||false|false\u00bb locked=\u00bboff\u00bb global_colors_info=\u00bb{}\u00bb][et_pb_row column_structure=\u00bb1_3,2_3&#8243; _builder_version=\u00bb4.17.4&#8243; _module_preset=\u00bbdefault\u00bb custom_margin=\u00bb0px||0px||false|false\u00bb custom_padding=\u00bb0px||0px||false|false\u00bb global_colors_info=\u00bb{}\u00bb][et_pb_column type=\u00bb1_3&#8243; _builder_version=\u00bb4.16&#8243; _module_preset=\u00bbdefault\u00bb global_colors_info=\u00bb{}\u00bb][et_pb_image src=\u00bbhttps:\/\/museros.org\/wp-content\/uploads\/2022\/06\/logo-250&#215;250-ff3333-bis.jpg\u00bb title_text=\u00bblogo-250&#215;250-ff3333-bis\u00bb url=\u00bbhttps:\/\/museros.org\/inici\/forum-veinal\/\u00bb use_overlay=\u00bbon\u00bb overlay_icon_color=\u00bb#E02B20&#8243; hover_overlay_color=\u00bbrgba(255,255,255,0.68)\u00bb hover_icon=\u00bb&#xe04d;||divi||400&#8243; align=\u00bbcenter\u00bb _builder_version=\u00bb4.17.4&#8243; _module_preset=\u00bbdefault\u00bb width=\u00bb100%\u00bb width_tablet=\u00bb100%\u00bb width_phone=\u00bb100%\u00bb width_last_edited=\u00bbon|desktop\u00bb custom_margin=\u00bb0px||||false|false\u00bb custom_margin_tablet=\u00bb30px||||false|false\u00bb custom_margin_phone=\u00bb\u00bb custom_margin_last_edited=\u00bbon|phone\u00bb global_colors_info=\u00bb{}\u00bb][\/et_pb_image][\/et_pb_column][et_pb_column type=\u00bb2_3&#8243; _builder_version=\u00bb4.16&#8243; _module_preset=\u00bbdefault\u00bb global_colors_info=\u00bb{}\u00bb][et_pb_text _builder_version=\u00bb4.17.4&#8243; _module_preset=\u00bbdefault\u00bb locked=\u00bboff\u00bb global_colors_info=\u00bb{}\u00bb]<\/p>\n<h2>Museros crea una Xarxa d\u2019Espais Amigables amb el ve\u00efnat<\/h2>\n<p>[\/et_pb_text][et_pb_image src=\u00bbhttps:\/\/museros.org\/wp-content\/uploads\/2022\/06\/iconos-1080&#215;225-ff9900.jpg\u00bb title_text=\u00bbiconos-534&#215;461-ff9900&#8243; src_tablet=\u00bbhttps:\/\/museros.org\/wp-content\/uploads\/2022\/06\/iconos-1080&#215;225-ff9900.jpg\u00bb src_phone=\u00bbhttps:\/\/museros.org\/wp-content\/uploads\/2022\/06\/iconos-534&#215;461-ff9900.jpg\u00bb src_last_edited=\u00bbon|desktop\u00bb _builder_version=\u00bb4.17.4&#8243; _module_preset=\u00bbdefault\u00bb custom_margin=\u00bb30px||30px||false|false\u00bb global_colors_info=\u00bb{}\u00bb][\/et_pb_image][et_pb_text _builder_version=\u00bb4.17.4&#8243; _module_preset=\u00bbdefault\u00bb global_colors_info=\u00bb{}\u00bb]<\/p>\n<h5><strong>El F\u00f2rum Ve\u00efnal de Museros, amb la col\u00b7laboraci\u00f3 de l\u2019Ajuntament, impulsa una iniciativa per a donar a con\u00e9ixer i potenciar l\u2019actitud acollidora que caracteritza al municipi.<\/strong><\/h5>\n<p>Durant 2022, el F\u00f2rum Ve\u00efnal de Museros, conformat per associacions del poble i ve\u00efnat a t\u00edtol individual, s\u2019ha reunit peri\u00f2dicament per a definir i impulsar una Xarxa d\u2019Espais Amigables. Aquesta iniciativa pret\u00e9n fer visible i refor\u00e7ar el potencial comunitari dels equipaments locals i de les associacions, a l\u2019hora de facilitar la vida quotidiana del ve\u00efnat i enfortir les relacions socials.<br \/>Un tr\u00edptic informatiu recull els espais adherits a la xarxa, els quals compten amb una placa identificativa en la fa\u00e7ana. Per la seua part, aquests es comprometen a tindre una actitud sensible per a atendre qualsevol persona que es trobe en una situaci\u00f3 d&#8217;urg\u00e8ncia especial (mareig, desorientaci\u00f3, assetjament, etc.). A m\u00e9s, intentaran garantir la confortabilitat de totes les persones ve\u00efnes que es vulguen apropar a l\u2019espai, atenent la seua diversitat i les seues necessitats vitals.<br \/>Segons l\u2019alcaldessa de Museros, Cristina Civera: \u201ces tracta d\u2019una iniciativa molt bonica que pret\u00e9n posar en valor una inquietud que encara mantenim als pobles: cuidar del ve\u00efnat i fer xarxa entre nosaltres\u201d. I \u00e9s que, en certa manera, aquesta proposta promoguda per l\u2019\u00f2rgan de participaci\u00f3 municipal, vol mantindre i estendre les pr\u00e0ctiques de cures ve\u00efnals a tots els espais de trobada. I, important, sense perdre de vista que l\u2019objectiu \u00e9s potenciar relacions igualit\u00e0ries i inclusives.<br \/>A la fi, es tracta d\u2019una iniciativa que establir\u00e0 aliances de treball conjunt entre ve\u00efnat, associacions locals i administracions diverses (com ara l\u2019Ajuntament o el Centre de Salut). De fet, en el marc d\u2019aquest projecte, el personal t\u00e8cnic vinculat als equipaments p\u00fablics far\u00e0 una sessi\u00f3 formativa despr\u00e9s de l\u2019estiu. A m\u00e9s, es pret\u00e9n que en un futur la xarxa cresca tot comptant amb el comer\u00e7 local i als negocis d\u2019hostaleria que ho desitgen. Segons el tinent alcalde, Vicent P\u00e9rez, \u201cels bars i les tendes s\u00f3n espais de trobada i de relaci\u00f3 ve\u00efnal, \u00e9s molt interessant que es puguen sumar a aquest projecte en un futur\u201d.<\/p>\n<p>[\/et_pb_text][et_pb_divider color=\u00bb#999999&#8243; divider_style=\u00bbdotted\u00bb divider_weight=\u00bb7px\u00bb _builder_version=\u00bb4.17.4&#8243; _module_preset=\u00bbdefault\u00bb custom_margin=\u00bb40px||||false|false\u00bb global_colors_info=\u00bb{}\u00bb][\/et_pb_divider][et_pb_image src=\u00bbhttps:\/\/museros.org\/wp-content\/uploads\/2022\/06\/planol-900&#215;624-1.jpg\u00bb title_text=\u00bbplanol-900&#215;624&#8243; _builder_version=\u00bb4.17.4&#8243; _module_preset=\u00bbdefault\u00bb global_colors_info=\u00bb{}\u00bb][\/et_pb_image][et_pb_button url_new_window=\u00bbon\u00bb button_text=\u00bbTr\u00edptic Espai Amigable\u00bb _builder_version=\u00bb4.17.4&#8243; _module_preset=\u00bbdefault\u00bb custom_margin=\u00bb40px||||false|false\u00bb global_colors_info=\u00bb{}\u00bb][\/et_pb_button][et_pb_divider color=\u00bb#999999&#8243; divider_style=\u00bbdotted\u00bb divider_weight=\u00bb7px\u00bb _builder_version=\u00bb4.17.4&#8243; _module_preset=\u00bbdefault\u00bb custom_margin=\u00bb40px||||false|false\u00bb global_colors_info=\u00bb{}\u00bb][\/et_pb_divider][et_pb_text module_id=\u00bbpresentacio\u00bb _builder_version=\u00bb4.17.4&#8243; _module_preset=\u00bbdefault\u00bb hover_enabled=\u00bb0&#8243; global_colors_info=\u00bb{}\u00bb sticky_enabled=\u00bb0&#8243;]<\/p>\n<h1>Museros presenta la Xarxa d&#8217;Espais Amigables<\/h1>\n<h4><strong>El F\u00f2rum Ve\u00efnal, format per representants dels ve\u00efns i ve\u00efnes i del teixit associatiu del poble, han celebrat una activitat participativa en el poliesportiu municipal per a exposar i constatar que Museros \u00e9s un poble acollidor.<\/strong><\/h4>\n<p>Dissabte passat, 18 de juny de 2022, el F\u00f2rum Ve\u00efnal de Museros va presentar en les instal\u00b7lacions de la piscina municipal la iniciativa impulsada per la seua segona edici\u00f3: la Xarxa d\u2019Espais Amigables.<br \/>Es tracta d&#8217;una proposta en clau sociocomunitaria, treballada juntament amb una Taula T\u00e8cnica Intersectorial i secundada pel govern municipal, que pret\u00e9n posar en valor les cures entre ve\u00efns i ve\u00efnes i al seu torn estendre aquests codis afectius als espais institucionals.<\/p>\n<p>Aix\u00ed, a aquesta xarxa s&#8217;han adherit equipaments p\u00fablics i locals associatius amb seu, com ara: el Centre de Salut, l&#8217;Ajuntament, el Centre de Dia, l&#8217;Ag\u00e8ncia Municipal de Lectura, l&#8217;Espai Jove, la Casa de Cultura, el Poliesportiu Municipal, l&#8217;Associaci\u00f3 Obreres de la Creu, la Societat Uni\u00f3 Musical de Museros, la Falla de Museros, la Falla es Castell, la Penya Taurina Sant Roc, la Penya Taurina Gent Jove, la Penya Taurina els de la Por, i la Penya Taurina els Valents.<\/p>\n<p>El comprom\u00eds d&#8217;aquests espais comporta procurar una mirada atenta a les necessitats de les persones usu\u00e0ries i de les persones no usu\u00e0ries que en un moment de vulnerabilitat puguen requerir suport. Aquestes pr\u00e0ctiques s&#8217;entenen des de l&#8217;actitud emp\u00e0tica i pacient cap a persones amb dificultats de mobilitat, cognitives o d&#8217;integraci\u00f3, fins a l&#8217;oferiment d&#8217;un got d&#8217;aigua, anar al lavabo o un seient per a reposar en cas de mareig, desorientaci\u00f3, o alimentar a un beb\u00e9. Aix\u00f2 queda reflectit en la imatge gr\u00e0fica de la iniciativa, i les plaques instal\u00b7lades en cadascun dels espais membres de la xarxa amb la seua designaci\u00f3 i pictogrames.<\/p>\n<p>El projecte s&#8217;ha dif\u00f3s a trav\u00e9s d&#8217;una campanya comunicativa pels canals oficials de l&#8217;Ajuntament, com per exemple el canal de <a href=\"https:\/\/www.youtube.com\/watch?v=OPn2RsSh0iE&amp;list=PL4rXC_Vz2LmYqhYaVEsF96_VsP5-BvwDF\" target=\"_blank\" rel=\"noopener\">Youtube<\/a> , i tamb\u00e9 per l&#8217;acci\u00f3 en la piscina, en la qual els i les membres del F\u00f2rum van explicar qu\u00e8 representa ser un Espai Amigable i van recollir an\u00e8cdotes pr\u00f2pies dels i les banyistes de Museros que demostraven que, en efecte, es tracta d&#8217;un poble acollidor, com per exemple, ajudar persones majors a carregar la compra, oferir el tel\u00e8fon per a cridar als seus pares a xiquets que havien perdut les claus, protegir companys\/as que estaven patint assetjament o retornar objectes perduts. La participaci\u00f3 va ser molt alta, per part de gent de totes les edats (de beb\u00e9s a persones de la tercera edat). La repercussi\u00f3 de la iniciativa ha sigut considerable de manera que, segons compte Vicente P\u00e9rez Costa, tinent d&#8217;alcalde, \u00abdiversos comerciants del poble han contactat ja amb l&#8217;Ajuntament preguntant per la implementaci\u00f3 de la segona fase del projecte, en la qual s&#8217;adherir\u00e0 a la xarxa el comer\u00e7 local\u00bb. Tamb\u00e9, l&#8217;alcaldessa Cristina Civera Balaguer ha declarat que aquesta ampliaci\u00f3 \u00abest\u00e0 prevista per al tercer trimestre de 2021, juntament amb una formaci\u00f3 en perspectiva de g\u00e8nere per als espais integrants de la xarxa, i la possible extensi\u00f3 de la denominaci\u00f3 a esdeveniments socials i culturals de tall festiu i esportiu\u00bb.<\/p>\n<p>[\/et_pb_text][et_pb_button button_url=\u00bbhttps:\/\/www.youtube.com\/watch?v=OPn2RsSh0iE&#038;list=PL4rXC_Vz2LmYqhYaVEsF96_VsP5-BvwDF\u00bb url_new_window=\u00bbon\u00bb button_text=\u00bbCanal Youtube de l&#8217;Ajuntament\u00bb _builder_version=\u00bb4.17.4&#8243; _module_preset=\u00bbdefault\u00bb custom_margin=\u00bb40px||40px||false|false\u00bb global_colors_info=\u00bb{}\u00bb][\/et_pb_button][\/et_pb_column][\/et_pb_row][et_pb_row column_structure=\u00bb1_4,1_4,1_4,1_4&#8243; _builder_version=\u00bb4.17.4&#8243; _module_preset=\u00bbdefault\u00bb locked=\u00bboff\u00bb global_colors_info=\u00bb{}\u00bb][et_pb_column type=\u00bb1_4&#8243; _builder_version=\u00bb4.17.4&#8243; _module_preset=\u00bbdefault\u00bb global_colors_info=\u00bb{}\u00bb][et_pb_image src=\u00bbhttps:\/\/museros.org\/wp-content\/uploads\/2022\/07\/presentacion-01.jpg\u00bb title_text=\u00bbpresentacion-01&#8243; _builder_version=\u00bb4.17.4&#8243; _module_preset=\u00bbdefault\u00bb global_colors_info=\u00bb{}\u00bb][\/et_pb_image][\/et_pb_column][et_pb_column type=\u00bb1_4&#8243; _builder_version=\u00bb4.17.4&#8243; _module_preset=\u00bbdefault\u00bb global_colors_info=\u00bb{}\u00bb][et_pb_image src=\u00bbhttps:\/\/museros.org\/wp-content\/uploads\/2022\/07\/presentacion-02.jpg\u00bb title_text=\u00bbpresentacion-02&#8243; _builder_version=\u00bb4.17.4&#8243; _module_preset=\u00bbdefault\u00bb global_colors_info=\u00bb{}\u00bb][\/et_pb_image][\/et_pb_column][et_pb_column type=\u00bb1_4&#8243; _builder_version=\u00bb4.17.4&#8243; _module_preset=\u00bbdefault\u00bb global_colors_info=\u00bb{}\u00bb][et_pb_image src=\u00bbhttps:\/\/museros.org\/wp-content\/uploads\/2022\/07\/presentacion-03.jpg\u00bb title_text=\u00bbpresentacion-03&#8243; _builder_version=\u00bb4.17.4&#8243; _module_preset=\u00bbdefault\u00bb global_colors_info=\u00bb{}\u00bb][\/et_pb_image][\/et_pb_column][et_pb_column type=\u00bb1_4&#8243; _builder_version=\u00bb4.17.4&#8243; _module_preset=\u00bbdefault\u00bb global_colors_info=\u00bb{}\u00bb][et_pb_image src=\u00bbhttps:\/\/museros.org\/wp-content\/uploads\/2022\/07\/presentacion-04.jpg\u00bb title_text=\u00bbpresentacion-04&#8243; _builder_version=\u00bb4.17.4&#8243; _module_preset=\u00bbdefault\u00bb global_colors_info=\u00bb{}\u00bb][\/et_pb_image][\/et_pb_column][\/et_pb_row][et_pb_row _builder_version=\u00bb4.16&#8243; _module_preset=\u00bbdefault\u00bb global_colors_info=\u00bb{}\u00bb][et_pb_column type=\u00bb4_4&#8243; _builder_version=\u00bb4.16&#8243; _module_preset=\u00bbdefault\u00bb global_colors_info=\u00bb{}\u00bb][et_pb_divider color=\u00bb#cc0000&#8243; divider_weight=\u00bb4px\u00bb _builder_version=\u00bb4.16&#8243; _module_preset=\u00bbdefault\u00bb global_colors_info=\u00bb{}\u00bb][\/et_pb_divider][\/et_pb_column][\/et_pb_row][\/et_pb_section]<\/p>\n","protected":false},"excerpt":{"rendered":"<p>Museros crea una Xarxa d\u2019Espais Amigables amb el ve\u00efnatEl F\u00f2rum Ve\u00efnal de Museros, amb la col\u00b7laboraci\u00f3 de l\u2019Ajuntament, impulsa una iniciativa per a donar a con\u00e9ixer i potenciar l\u2019actitud acollidora que caracteritza al municipi. Durant 2022, el F\u00f2rum Ve\u00efnal de Museros, conformat per associacions del poble i ve\u00efnat a t\u00edtol individual, s\u2019ha reunit peri\u00f2dicament per [&hellip;]<\/p>\n","protected":false},"author":8,"featured_media":0,"parent":0,"menu_order":0,"comment_status":"closed","ping_status":"closed","template":"","meta":{"_et_pb_use_builder":"on","_et_pb_old_content":"","_et_gb_content_width":"","_mc_calendar":[],"footnotes":""},"wf_page_folders":[1067],"class_list":["post-259783","page","type-page","status-publish","hentry"],"_links":{"self":[{"href":"https:\/\/museros.org\/inici\/wp-json\/wp\/v2\/pages\/259783","targetHints":{"allow":["GET"]}}],"collection":[{"href":"https:\/\/museros.org\/inici\/wp-json\/wp\/v2\/pages"}],"about":[{"href":"https:\/\/museros.org\/inici\/wp-json\/wp\/v2\/types\/page"}],"author":[{"embeddable":true,"href":"https:\/\/museros.org\/inici\/wp-json\/wp\/v2\/users\/8"}],"replies":[{"embeddable":true,"href":"https:\/\/museros.org\/inici\/wp-json\/wp\/v2\/comments?post=259783"}],"version-history":[{"count":14,"href":"https:\/\/museros.org\/inici\/wp-json\/wp\/v2\/pages\/259783\/revisions"}],"predecessor-version":[{"id":260890,"href":"https:\/\/museros.org\/inici\/wp-json\/wp\/v2\/pages\/259783\/revisions\/260890"}],"wp:attachment":[{"href":"https:\/\/museros.org\/inici\/wp-json\/wp\/v2\/media?parent=259783"}],"wp:term":[{"taxonomy":"wf_page_folders","embeddable":true,"href":"https:\/\/museros.org\/inici\/wp-json\/wp\/v2\/wf_page_folders?post=259783"}],"curies":[{"name":"wp","href":"https:\/\/api.w.org\/{rel}","templated":true}]}}