{"id":259055,"date":"2022-05-18T10:10:29","date_gmt":"2022-05-18T10:10:29","guid":{"rendered":"https:\/\/museros.org\/inici\/?page_id=259055"},"modified":"2022-05-18T10:46:25","modified_gmt":"2022-05-18T10:46:25","slug":"finales-descala-i-corda-individual-al-7-i-mig","status":"publish","type":"page","link":"https:\/\/museros.org\/inici\/es\/finales-descala-i-corda-individual-al-7-i-mig\/","title":{"rendered":"Finales d&#8217;Escala i Corda Individual al 7 i mig"},"content":{"rendered":"\n\n[et_pb_section fb_built=\u00bb1&#8243; _builder_version=\u00bb4.16&#8243; _module_preset=\u00bbdefault\u00bb locked=\u00bboff\u00bb global_colors_info=\u00bb{}\u00bb][et_pb_row column_structure=\u00bb1_4,3_4&#8243; _builder_version=\u00bb4.17.4&#8243; _module_preset=\u00bbdefault\u00bb custom_margin=\u00bb0px||||false|false\u00bb custom_padding=\u00bb0px||0px||false|false\u00bb global_colors_info=\u00bb{}\u00bb][et_pb_column type=\u00bb1_4&#8243; _builder_version=\u00bb4.17.4&#8243; _module_preset=\u00bbdefault\u00bb global_colors_info=\u00bb{}\u00bb][et_pb_image src=\u00bbhttps:\/\/museros.org\/wp-content\/uploads\/2021\/06\/logo-deportes-cl-230&#215;180-1.jpg\u00bb title_text=\u00bblogo-deportes-cl-230&#215;180&#8243; url=\u00bbhttps:\/\/museros.org\/inici\/es\/area-de-deportes\u00bb use_overlay=\u00bbon\u00bb overlay_icon_color=\u00bb#E02B20&#8243; hover_overlay_color=\u00bbrgba(255,255,255,0.69)\u00bb hover_icon=\u00bb&#xe04d;||divi||400&#8243; align=\u00bbcenter\u00bb _builder_version=\u00bb4.17.4&#8243; _module_preset=\u00bbdefault\u00bb width=\u00bb100%\u00bb module_alignment=\u00bbcenter\u00bb global_colors_info=\u00bb{}\u00bb][\/et_pb_image][\/et_pb_column][et_pb_column type=\u00bb3_4&#8243; _builder_version=\u00bb4.17.4&#8243; _module_preset=\u00bbdefault\u00bb global_colors_info=\u00bb{}\u00bb][et_pb_text _builder_version=\u00bb4.17.4&#8243; _module_preset=\u00bbdefault\u00bb global_colors_info=\u00bb{}\u00bb]<h3>I Campeonato Auton\u00f3mico d&#8217;Escala i Corda Individual al 7 i mig<\/h3>\n<h1>TROFEO DIPUTACI\u00d3N DE VAL\u00c8NCIA<\/h1>\n<h1>Finales<\/h1>[\/et_pb_text][\/et_pb_column][\/et_pb_row][et_pb_row column_structure=\u00bb1_4,1_2,1_4&#8243; _builder_version=\u00bb4.17.4&#8243; _module_preset=\u00bbdefault\u00bb custom_margin=\u00bb0px||||false|false\u00bb custom_padding=\u00bb0px||0px||false|false\u00bb global_colors_info=\u00bb{}\u00bb][et_pb_column type=\u00bb1_4&#8243; _builder_version=\u00bb4.16&#8243; _module_preset=\u00bbdefault\u00bb global_colors_info=\u00bb{}\u00bb][\/et_pb_column][et_pb_column type=\u00bb1_2&#8243; _builder_version=\u00bb4.16&#8243; _module_preset=\u00bbdefault\u00bb global_colors_info=\u00bb{}\u00bb][et_pb_text _builder_version=\u00bb4.17.4&#8243; _module_preset=\u00bbdefault\u00bb hover_enabled=\u00bb0&#8243; global_colors_info=\u00bb{}\u00bb sticky_enabled=\u00bb0&#8243;]<h3>Trinquete Municipal \u00abLl\u00edria I\u00bb de Ll\u00edria<\/h3>\n<p>Mi\u00e9rcoles 18 de mayo<br \/>19.00 h 4\u00aaB: Rub\u00e9n CPV Crevillent &#8211; V\u00edctor CPV Pobla Vallbona<br \/>20.00 h 3\u00aaB: Alberto CPV Pelayo &#8211; Alberto CPV Torrent<\/p>\n<p>S\u00e1bado 21 de mayo<br \/>10.00 h Veteranos: Chenoll CPV Manises &#8211; Pedro CPV Onda<br \/>11.00 h Juveniles: Sim\u00f3n d&#8217;Ontinyent &#8211; \u00c0ngela de Faura<br \/>12:00 2\u00aa: Marcos CPV Algemes\u00ed &#8211; Mart\u00edn CPV Faura<\/p>[\/et_pb_text][\/et_pb_column][et_pb_column type=\u00bb1_4&#8243; _builder_version=\u00bb4.16&#8243; _module_preset=\u00bbdefault\u00bb global_colors_info=\u00bb{}\u00bb][et_pb_image src=\u00bbhttps:\/\/museros.org\/wp-content\/uploads\/2022\/05\/trinquet-de-lliria.jpg\u00bb title_text=\u00bbtrinquet-de-lliria\u00bb _builder_version=\u00bb4.17.4&#8243; _module_preset=\u00bbdefault\u00bb global_colors_info=\u00bb{}\u00bb][\/et_pb_image][\/et_pb_column][\/et_pb_row][et_pb_row column_structure=\u00bb1_4,3_4&#8243; _builder_version=\u00bb4.17.4&#8243; _module_preset=\u00bbdefault\u00bb global_colors_info=\u00bb{}\u00bb][et_pb_column type=\u00bb1_4&#8243; _builder_version=\u00bb4.17.4&#8243; _module_preset=\u00bbdefault\u00bb global_colors_info=\u00bb{}\u00bb][\/et_pb_column][et_pb_column type=\u00bb3_4&#8243; _builder_version=\u00bb4.17.4&#8243; _module_preset=\u00bbdefault\u00bb global_colors_info=\u00bb{}\u00bb][et_pb_divider color=\u00bb#999999&#8243; divider_style=\u00bbdotted\u00bb divider_weight=\u00bb7px\u00bb _builder_version=\u00bb4.17.4&#8243; _module_preset=\u00bbdefault\u00bb global_colors_info=\u00bb{}\u00bb][\/et_pb_divider][\/et_pb_column][\/et_pb_row][et_pb_row column_structure=\u00bb1_4,1_2,1_4&#8243; _builder_version=\u00bb4.17.4&#8243; _module_preset=\u00bbdefault\u00bb custom_margin=\u00bb0px||||false|false\u00bb custom_padding=\u00bb0px||||false|false\u00bb global_colors_info=\u00bb{}\u00bb][et_pb_column type=\u00bb1_4&#8243; _builder_version=\u00bb4.16&#8243; _module_preset=\u00bbdefault\u00bb global_colors_info=\u00bb{}\u00bb][\/et_pb_column][et_pb_column type=\u00bb1_2&#8243; _builder_version=\u00bb4.16&#8243; _module_preset=\u00bbdefault\u00bb global_colors_info=\u00bb{}\u00bb][et_pb_text _builder_version=\u00bb4.17.4&#8243; _module_preset=\u00bbdefault\u00bb hover_enabled=\u00bb0&#8243; global_colors_info=\u00bb{}\u00bb sticky_enabled=\u00bb0&#8243;]<h3>Trinquete Municipal de Museros<\/h3>\n<p>Viernes 20 de mayo<br \/>17.30 h 3\u00aaA: Terio CPV L&#8217;Eliana &#8211; Carlos CPV Faura<br \/>18.30 h 4\u00aaA: Miguel CPV Ll\u00edria &#8211; Javi CPV Riba-roja<br \/>19.30 h 1\u00aa: Gabri CPV Museros &#8211; Alex CPV X\u00faquer<\/p>\n<p>&nbsp;<\/p>[\/et_pb_text][\/et_pb_column][et_pb_column type=\u00bb1_4&#8243; _builder_version=\u00bb4.16&#8243; _module_preset=\u00bbdefault\u00bb global_colors_info=\u00bb{}\u00bb][et_pb_image src=\u00bbhttps:\/\/museros.org\/wp-content\/uploads\/2022\/05\/trinquet-de-museros.jpg\u00bb title_text=\u00bbtrinquet-de-museros\u00bb _builder_version=\u00bb4.17.4&#8243; _module_preset=\u00bbdefault\u00bb global_colors_info=\u00bb{}\u00bb][\/et_pb_image][\/et_pb_column][\/et_pb_row][et_pb_row _builder_version=\u00bb4.16&#8243; _module_preset=\u00bbdefault\u00bb global_colors_info=\u00bb{}\u00bb][et_pb_column type=\u00bb4_4&#8243; _builder_version=\u00bb4.16&#8243; _module_preset=\u00bbdefault\u00bb global_colors_info=\u00bb{}\u00bb][et_pb_divider color=\u00bb#E02B20&#8243; divider_weight=\u00bb4px\u00bb _builder_version=\u00bb4.16&#8243; _module_preset=\u00bbdefault\u00bb global_colors_info=\u00bb{}\u00bb][\/et_pb_divider][\/et_pb_column][\/et_pb_row][\/et_pb_section]\n\n","protected":false},"excerpt":{"rendered":"<p>I Campeonato Auton\u00f3mico d&#8217;Escala i Corda Individual al 7 i mig TROFEO DIPUTACI\u00d3N DE VAL\u00c8NCIA FinalesTrinquete Municipal \u00abLl\u00edria I\u00bb de Ll\u00edria Mi\u00e9rcoles 18 de mayo19.00 h 4\u00aaB: Rub\u00e9n CPV Crevillent &#8211; V\u00edctor CPV Pobla Vallbona20.00 h 3\u00aaB: Alberto CPV Pelayo &#8211; Alberto CPV Torrent S\u00e1bado 21 de mayo10.00 h Veteranos: Chenoll CPV Manises &#8211; Pedro [&hellip;]<\/p>\n","protected":false},"author":8,"featured_media":0,"parent":0,"menu_order":0,"comment_status":"closed","ping_status":"closed","template":"","meta":{"_et_pb_use_builder":"on","_et_pb_old_content":"","_et_gb_content_width":"","_mc_calendar":[],"footnotes":""},"wf_page_folders":[297],"class_list":["post-259055","page","type-page","status-publish","hentry"],"_links":{"self":[{"href":"https:\/\/museros.org\/inici\/wp-json\/wp\/v2\/pages\/259055","targetHints":{"allow":["GET"]}}],"collection":[{"href":"https:\/\/museros.org\/inici\/wp-json\/wp\/v2\/pages"}],"about":[{"href":"https:\/\/museros.org\/inici\/wp-json\/wp\/v2\/types\/page"}],"author":[{"embeddable":true,"href":"https:\/\/museros.org\/inici\/wp-json\/wp\/v2\/users\/8"}],"replies":[{"embeddable":true,"href":"https:\/\/museros.org\/inici\/wp-json\/wp\/v2\/comments?post=259055"}],"version-history":[{"count":5,"href":"https:\/\/museros.org\/inici\/wp-json\/wp\/v2\/pages\/259055\/revisions"}],"predecessor-version":[{"id":259069,"href":"https:\/\/museros.org\/inici\/wp-json\/wp\/v2\/pages\/259055\/revisions\/259069"}],"wp:attachment":[{"href":"https:\/\/museros.org\/inici\/wp-json\/wp\/v2\/media?parent=259055"}],"wp:term":[{"taxonomy":"wf_page_folders","embeddable":true,"href":"https:\/\/museros.org\/inici\/wp-json\/wp\/v2\/wf_page_folders?post=259055"}],"curies":[{"name":"wp","href":"https:\/\/api.w.org\/{rel}","templated":true}]}}