{"id":258434,"date":"2022-04-24T19:48:30","date_gmt":"2022-04-24T19:48:30","guid":{"rendered":"https:\/\/museros.org\/inici\/?page_id=258434"},"modified":"2022-05-23T09:26:21","modified_gmt":"2022-05-23T09:26:21","slug":"8a-feria-del-comercio","status":"publish","type":"page","link":"https:\/\/museros.org\/inici\/es\/8a-feria-del-comercio\/","title":{"rendered":"8a Feria del comercio"},"content":{"rendered":"<p>[et_pb_section fb_built=\u00bb1&#8243; _builder_version=\u00bb4.16&#8243; _module_preset=\u00bbdefault\u00bb custom_padding=\u00bb0px||||false|false\u00bb locked=\u00bboff\u00bb global_colors_info=\u00bb{}\u00bb][et_pb_row column_structure=\u00bb1_3,2_3&#8243; _builder_version=\u00bb4.16&#8243; _module_preset=\u00bbdefault\u00bb custom_margin=\u00bb0px||0px||false|false\u00bb custom_padding=\u00bb0px||0px||false|false\u00bb global_colors_info=\u00bb{}\u00bb][et_pb_column type=\u00bb1_3&#8243; _builder_version=\u00bb4.16&#8243; _module_preset=\u00bbdefault\u00bb global_colors_info=\u00bb{}\u00bb][et_pb_image src=\u00bbhttps:\/\/museros.org\/wp-content\/uploads\/2021\/06\/logo-comercio-cl-230&#215;180-1.jpg\u00bb title_text=\u00bblogo-comercio-cl-230&#215;180&#8243; url=\u00bbhttps:\/\/museros.org\/inici\/es\/area-de-comercio\u00bb use_overlay=\u00bbon\u00bb overlay_icon_color=\u00bb#E02B20&#8243; hover_overlay_color=\u00bbrgba(255,255,255,0.7)\u00bb hover_icon=\u00bb&#xe04d;||divi||400&#8243; align=\u00bbcenter\u00bb _builder_version=\u00bb4.17.3&#8243; _module_preset=\u00bbdefault\u00bb width=\u00bb100%\u00bb width_tablet=\u00bb\u00bb width_phone=\u00bb\u00bb width_last_edited=\u00bbon|phone\u00bb module_alignment=\u00bbcenter\u00bb custom_margin=\u00bb0px||0px||false|false\u00bb custom_padding=\u00bb0px||0px||false|false\u00bb global_colors_info=\u00bb{}\u00bb][\/et_pb_image][\/et_pb_column][et_pb_column type=\u00bb2_3&#8243; _builder_version=\u00bb4.16&#8243; _module_preset=\u00bbdefault\u00bb global_colors_info=\u00bb{}\u00bb][et_pb_image src=\u00bbhttps:\/\/museros.org\/wp-content\/uploads\/2022\/04\/cabecera-logos.jpg\u00bb title_text=\u00bbcabecera-logos\u00bb _builder_version=\u00bb4.17.3&#8243; _module_preset=\u00bbdefault\u00bb global_colors_info=\u00bb{}\u00bb][\/et_pb_image][et_pb_text _builder_version=\u00bb4.17.3&#8243; _module_preset=\u00bbdefault\u00bb custom_margin=\u00bb||||false|false\u00bb custom_padding=\u00bb0px||||false|false\u00bb global_colors_info=\u00bb{}\u00bb]<\/p>\n<h2>VIII FIRA DEL COMER\u00c7 LOCAL<\/h2>\n<p>Durante los pr\u00f3ximos d\u00edas 28 y 29 de mayo tendr\u00e1 lugar la VIII Fira del Comer\u00e7 Local de Museros.<\/p>\n<p>La inauguraci\u00f3n de la feria ser\u00e1 el s\u00e1bado 28 a las 18.30 h y la clausura el domingo d\u00eda 29 a las 19.30 h.<\/p>\n<p>Estar\u00e1 ubicada en la Av. de la Cruz y calles adyacentes, calle 1 de Mayo y la plaza Pr\u00edncipe de Espa\u00f1a.<\/p>\n<p>[\/et_pb_text][et_pb_button button_url=\u00bbhttps:\/\/museros.org\/wp-content\/uploads\/2022\/05\/programa-fira.pdf\u00bb url_new_window=\u00bbon\u00bb button_text=\u00bbPrograma\u00bb _builder_version=\u00bb4.17.4&#8243; _module_preset=\u00bbdefault\u00bb hover_enabled=\u00bb0&#8243; global_colors_info=\u00bb{}\u00bb sticky_enabled=\u00bb0&#8243;][\/et_pb_button][et_pb_image src=\u00bbhttps:\/\/museros.org\/wp-content\/uploads\/2022\/04\/plano-localitzacio-700.jpg\u00bb title_text=\u00bbplano-localitzacio-700&#8243; show_bottom_space=\u00bboff\u00bb src_tablet=\u00bbhttps:\/\/museros.org\/wp-content\/uploads\/2022\/04\/plano-localitzacio-610.jpg\u00bb src_phone=\u00bbhttps:\/\/museros.org\/wp-content\/uploads\/2022\/04\/plano-localitzacio-300.jpg\u00bb src_last_edited=\u00bbon|desktop\u00bb _builder_version=\u00bb4.17.3&#8243; _module_preset=\u00bbdefault\u00bb custom_margin=\u00bb40px||||false|false\u00bb global_colors_info=\u00bb{}\u00bb][\/et_pb_image][\/et_pb_column][\/et_pb_row][et_pb_row _builder_version=\u00bb4.16&#8243; _module_preset=\u00bbdefault\u00bb custom_margin=\u00bb50px||0px||false|false\u00bb custom_padding=\u00bb0px||0px||false|false\u00bb global_colors_info=\u00bb{}\u00bb][et_pb_column type=\u00bb4_4&#8243; _builder_version=\u00bb4.16&#8243; _module_preset=\u00bbdefault\u00bb global_colors_info=\u00bb{}\u00bb][et_pb_divider color=\u00bb#E02B20&#8243; divider_weight=\u00bb4px\u00bb _builder_version=\u00bb4.16&#8243; _module_preset=\u00bbdefault\u00bb custom_margin=\u00bb0px||0px||false|false\u00bb custom_padding=\u00bb0px||0px||false|false\u00bb global_colors_info=\u00bb{}\u00bb][\/et_pb_divider][\/et_pb_column][\/et_pb_row][\/et_pb_section]<\/p>\n","protected":false},"excerpt":{"rendered":"<p>VIII FIRA DEL COMER\u00c7 LOCAL Durante los pr\u00f3ximos d\u00edas 28 y 29 de mayo tendr\u00e1 lugar la VIII Fira del Comer\u00e7 Local de Museros. La inauguraci\u00f3n de la feria ser\u00e1 el s\u00e1bado 28 a las 18.30 h y la clausura el domingo d\u00eda 29 a las 19.30 h. Estar\u00e1 ubicada en la Av. de la [&hellip;]<\/p>\n","protected":false},"author":8,"featured_media":0,"parent":0,"menu_order":0,"comment_status":"closed","ping_status":"closed","template":"","meta":{"_et_pb_use_builder":"on","_et_pb_old_content":"","_et_gb_content_width":"","_mc_calendar":[],"footnotes":""},"wf_page_folders":[294],"class_list":["post-258434","page","type-page","status-publish","hentry"],"_links":{"self":[{"href":"https:\/\/museros.org\/inici\/wp-json\/wp\/v2\/pages\/258434","targetHints":{"allow":["GET"]}}],"collection":[{"href":"https:\/\/museros.org\/inici\/wp-json\/wp\/v2\/pages"}],"about":[{"href":"https:\/\/museros.org\/inici\/wp-json\/wp\/v2\/types\/page"}],"author":[{"embeddable":true,"href":"https:\/\/museros.org\/inici\/wp-json\/wp\/v2\/users\/8"}],"replies":[{"embeddable":true,"href":"https:\/\/museros.org\/inici\/wp-json\/wp\/v2\/comments?post=258434"}],"version-history":[{"count":17,"href":"https:\/\/museros.org\/inici\/wp-json\/wp\/v2\/pages\/258434\/revisions"}],"predecessor-version":[{"id":273471,"href":"https:\/\/museros.org\/inici\/wp-json\/wp\/v2\/pages\/258434\/revisions\/273471"}],"wp:attachment":[{"href":"https:\/\/museros.org\/inici\/wp-json\/wp\/v2\/media?parent=258434"}],"wp:term":[{"taxonomy":"wf_page_folders","embeddable":true,"href":"https:\/\/museros.org\/inici\/wp-json\/wp\/v2\/wf_page_folders?post=258434"}],"curies":[{"name":"wp","href":"https:\/\/api.w.org\/{rel}","templated":true}]}}