{"id":256363,"date":"2022-03-27T17:47:52","date_gmt":"2022-03-27T17:47:52","guid":{"rendered":"https:\/\/museros.org\/inici\/?page_id=256363"},"modified":"2025-06-04T08:04:22","modified_gmt":"2025-06-04T08:04:22","slug":"documents","status":"publish","type":"page","link":"https:\/\/museros.org\/inici\/documents\/","title":{"rendered":"Documents"},"content":{"rendered":"<p>[et_pb_section fb_built=\u00bb1&#8243; _builder_version=\u00bb4.16&#8243; _module_preset=\u00bbdefault\u00bb custom_padding=\u00bb0px||||false|false\u00bb locked=\u00bboff\u00bb global_colors_info=\u00bb{}\u00bb][et_pb_row column_structure=\u00bb1_4,3_4&#8243; _builder_version=\u00bb4.16&#8243; _module_preset=\u00bbdefault\u00bb custom_padding=\u00bb0px||||false|false\u00bb global_colors_info=\u00bb{}\u00bb][et_pb_column type=\u00bb1_4&#8243; _builder_version=\u00bb4.16&#8243; _module_preset=\u00bbdefault\u00bb global_colors_info=\u00bb{}\u00bb][et_pb_image src=\u00bbhttps:\/\/museros.org\/wp-content\/uploads\/2022\/03\/documents-180&#215;230-2.jpg\u00bb title_text=\u00bbdocuments-180&#215;230&#8243; url=\u00bbhttps:\/\/museros.org\/inici\/escola-infantil-municipal\/\u00bb use_overlay=\u00bbon\u00bb overlay_icon_color=\u00bb#E02B20&#8243; hover_overlay_color=\u00bbrgba(255,255,255,0.7)\u00bb hover_icon=\u00bb&#xe04d;||divi||400&#8243; align=\u00bbcenter\u00bb _builder_version=\u00bb4.16&#8243; _module_preset=\u00bbdefault\u00bb width=\u00bb100%\u00bb module_alignment=\u00bbcenter\u00bb global_colors_info=\u00bb{}\u00bb][\/et_pb_image][\/et_pb_column][et_pb_column type=\u00bb3_4&#8243; _builder_version=\u00bb4.16&#8243; _module_preset=\u00bbdefault\u00bb global_colors_info=\u00bb{}\u00bb][et_pb_accordion icon_color=\u00bb#990000&#8243; _builder_version=\u00bb4.27.4&#8243; _module_preset=\u00bbdefault\u00bb hover_enabled=\u00bb0&#8243; global_colors_info=\u00bb{}\u00bb sticky_enabled=\u00bb0&#8243;][et_pb_accordion_item title=\u00bbDOCUMENTS\u00bb open=\u00bbon\u00bb open_toggle_text_color=\u00bb#990000&#8243; icon_color=\u00bb#996666&#8243; toggle_icon=\u00bb&#xe04b;||divi||400&#8243; _builder_version=\u00bb4.16.1&#8243; _module_preset=\u00bbdefault\u00bb background_color=\u00bb#cccccc\u00bb background_enable_color=\u00bbon\u00bb global_colors_info=\u00bb{}\u00bb][\/et_pb_accordion_item][et_pb_accordion_item title=\u00bbReglament Org\u00e0nic i Funcional\u00bb open_toggle_text_color=\u00bb#990000&#8243; icon_color=\u00bb#996666&#8243; toggle_icon=\u00bb&#xf477;||fa||900&#8243; _builder_version=\u00bb4.20.0&#8243; _module_preset=\u00bbdefault\u00bb global_colors_info=\u00bb{}\u00bb open=\u00bboff\u00bb]<\/p>\n<p>Edicte modificaci\u00f3 del Reglament <a href=\"https:\/\/museros.org\/wp-content\/uploads\/2022\/03\/Edicte-modificacio-Reglament-BOP-12-06-2020.pdf\" target=\"_blank\" rel=\"noopener\">pdf &gt;<\/a><\/p>\n<p>[\/et_pb_accordion_item][et_pb_accordion_item title=\u00bbCalendari escolar 2024-2025&#8243; open_toggle_text_color=\u00bb#990000&#8243; icon_color=\u00bb#996666&#8243; toggle_icon=\u00bb&#xf477;||fa||900&#8243; _builder_version=\u00bb4.27.4&#8243; _module_preset=\u00bbdefault\u00bb global_colors_info=\u00bb{}\u00bb open=\u00bboff\u00bb]<\/p>\n<p>Calendari Escolar Infantil Primer Cicle 2024-2025 <a href=\"https:\/\/museros.org\/wp-content\/uploads\/2024\/08\/Calendario-escolar-2024-2025.pdf\" target=\"_blank\" rel=\"noopener\">pdf&gt;<\/a><\/p>\n<p>[\/et_pb_accordion_item][et_pb_accordion_item title=\u00bbNormes d&#8217;Organitzaci\u00f3 i Funcionament\u00bb open_toggle_text_color=\u00bb#990000&#8243; icon_color=\u00bb#996666&#8243; toggle_icon=\u00bb&#xf477;||fa||900&#8243; _builder_version=\u00bb4.27.4&#8243; _module_preset=\u00bbdefault\u00bb global_colors_info=\u00bb{}\u00bb open=\u00bboff\u00bb]<\/p>\n<p>Normes d&#8217;Organitzaci\u00f3 i Funcionament <a href=\"https:\/\/museros.org\/wp-content\/uploads\/2024\/12\/NOF-24-25-1.pdf\" target=\"_blank\" rel=\"noopener\">pdf &gt;<\/a><br \/>Annex 1. Pla de salut i higiene <a href=\"https:\/\/museros.org\/wp-content\/uploads\/2024\/12\/Annex-I-Pla-de-Salut-i-Higiene-24-25.pdf\" target=\"_blank\" rel=\"noopener\">pdf &gt;<\/a><\/p>\n<p>[\/et_pb_accordion_item][et_pb_accordion_item title=\u00bbProjecte educatiu de centre \u00bb open_toggle_text_color=\u00bb#990000&#8243; icon_color=\u00bb#996666&#8243; toggle_icon=\u00bb&#xf477;||fa||900&#8243; _builder_version=\u00bb4.27.4&#8243; _module_preset=\u00bbdefault\u00bb global_colors_info=\u00bb{}\u00bb open=\u00bboff\u00bb]<\/p>\n<p>Projecte educatiu <a href=\"https:\/\/museros.org\/wp-content\/uploads\/2024\/12\/PROJECTE-EDUCATIU-24-25.pdf\" target=\"_blank\" rel=\"noopener\">pdf &gt;<\/a><br \/>Annex 1. Poposta pedago\u0300gica <a href=\"https:\/\/museros.org\/wp-content\/uploads\/2024\/12\/Annex-1-Proposta-pedagogica-2024-2025.pdf\" target=\"_blank\" rel=\"noopener\">pdf &gt;<\/a><br \/>Annex 2. Pla d&#8217;\u00fas de les lleng\u00fces en l&#8217;\u00e0mbit no curricular <a href=\"https:\/\/museros.org\/wp-content\/uploads\/2024\/12\/Annex-2-Pla-dus-de-les-llengues-en-lambit-no-curricular-24-25.pdf\" target=\"_blank\" rel=\"noopener\">pdf &gt;<\/a><br \/>Annex 3. Pla de foment lector <a href=\"https:\/\/museros.org\/wp-content\/uploads\/2024\/12\/Annex-3-Pla-de-foment-lector-24-25.pdf\" target=\"_blank\" rel=\"noopener\">pdf &gt;<\/a><br \/>Anex 4. Pla d&#8217;igualtat i conviv\u00e8ncia <a href=\"https:\/\/museros.org\/wp-content\/uploads\/2024\/12\/Annex-4-Pla-digualtat-i-convivencia-24-25-1-doc-1-1.pdf\" target=\"_blank\" rel=\"noopener\">pdf&gt;<\/a><br \/>Annex 5. Pla d&#8217;acci\u00f3 tutorial <a href=\"https:\/\/museros.org\/wp-content\/uploads\/2024\/12\/Annex-5-Pla-daccio-tutorial-24-25-2.pdf\" target=\"_blank\" rel=\"noopener\">pdf&gt;<\/a><br \/>Annex 6. Pla d&#8217;adaptacio\u0301 i acollida <a href=\"https:\/\/museros.org\/wp-content\/uploads\/2024\/12\/Annex-6-Pla-dadaptacio-i-acollida-24-25.pdf\" target=\"_blank\" rel=\"noopener\">pdf &gt;<\/a><br \/>Annex 7. Planificacio\u0301 del menjador <a href=\"https:\/\/museros.org\/wp-content\/uploads\/2024\/12\/Annex-7-Planificacio-del-menjador-24-25.pdf\" target=\"_blank\" rel=\"noopener\">pdf &gt;<\/a><\/p>\n<p>[\/et_pb_accordion_item][et_pb_accordion_item title=\u00bbProgramaci\u00f3 general anual\u00bb open_toggle_text_color=\u00bb#990000&#8243; icon_color=\u00bb#996666&#8243; toggle_icon=\u00bb&#xf477;||fa||900&#8243; _builder_version=\u00bb4.27.4&#8243; _module_preset=\u00bbdefault\u00bb global_colors_info=\u00bb{}\u00bb open=\u00bboff\u00bb]<\/p>\n<p>PGA <a href=\"https:\/\/museros.org\/wp-content\/uploads\/2024\/12\/PGA-24-25.pdf\" target=\"_blank\" rel=\"noopener\">pdf &gt;<\/a><br \/>Annex I. Programaci\u00f3 did\u00e0ctica d&#8217;1 a 2 anys (Estrelles) <a href=\"https:\/\/museros.org\/wp-content\/uploads\/2024\/12\/ANNEX-I-PROGRAMACIO-DIDACTICA-1-2-ANYS-Estrelesdoc.pdf\" target=\"_blank\" rel=\"noopener\">pdf &gt;<\/a><br \/>Annex II. Programaci\u00f3 did\u00e0ctica d&#8217;1 a 2 anys (Llunes) <a href=\"https:\/\/museros.org\/wp-content\/uploads\/2024\/12\/ANNEX-II-PROGRAMACIO-DIDACTICA-1-2-ANYS-Llunes.pdf\" target=\"_blank\" rel=\"noopener\">pdf &gt;<\/a><br \/>Annex III. Programaci\u00f3 did\u00e0ctica de 2 a 3 anys (Solets) <a href=\"https:\/\/museros.org\/wp-content\/uploads\/2024\/12\/ANNEX-III-PROGRAMACIO-DIDACTICA-2-3-ANYSsolets.pdf\" target=\"_blank\" rel=\"noopener\">pdf&gt;<\/a><br \/>Annex IV. Programaci\u00f3 did\u00e0ctica de 2 a 3 anys (Nuvolets) <a href=\"https:\/\/museros.org\/wp-content\/uploads\/2024\/12\/ANNEX-IV.-PROGRAMACIO-DIDACTICA-2-3-ANYS-NUVOLETS.pdf\" target=\"_blank\" rel=\"noopener\">pdf&gt;<\/a><\/p>\n<p>[\/et_pb_accordion_item][et_pb_accordion_item title=\u00bbConsell escolar\u00bb open_toggle_text_color=\u00bb#990000&#8243; icon_color=\u00bb#996666&#8243; toggle_icon=\u00bb&#xf477;||fa||900&#8243; _builder_version=\u00bb4.27.0&#8243; _module_preset=\u00bbdefault\u00bb global_colors_info=\u00bb{}\u00bb open=\u00bboff\u00bb]<\/p>\n<p>Consell escolar <a href=\"https:\/\/museros.org\/wp-content\/uploads\/2022\/04\/e-regim-intern-consell-escolar.pdf\" target=\"_blank\" rel=\"noopener\">pdf&gt;<\/a><br \/>Aprobaci\u00f3 inicial <a href=\"https:\/\/museros.org\/wp-content\/uploads\/2021\/07\/Reglament-aprovacio-inicial.pdf\" target=\"_blank\" rel=\"noopener\">pdf &gt;<\/a><\/p>\n<p>[\/et_pb_accordion_item][et_pb_accordion_item title=\u00bbInst\u00e0ncies\u00bb open_toggle_text_color=\u00bb#990000&#8243; icon_color=\u00bb#996666&#8243; toggle_icon=\u00bb&#xf477;||fa||900&#8243; _builder_version=\u00bb4.27.4&#8243; _module_preset=\u00bbdefault\u00bb hover_enabled=\u00bb0&#8243; global_colors_info=\u00bb{}\u00bb open=\u00bboff\u00bb sticky_enabled=\u00bb0&#8243;]<\/p>\n<p>Sol\u00b7licitud de servei d\u2019horari extra en l\u2019Escola Infantil Municipal de Primer Cicle <a href=\"https:\/\/museros.org\/wp-content\/uploads\/2025\/06\/solicitud-de-servicio-de-horario-extra-en-la-escoleta.pdf\" target=\"_blank\" rel=\"noopener\">pdf&gt;<\/a><\/p>\n<p>[\/et_pb_accordion_item][\/et_pb_accordion][\/et_pb_column][\/et_pb_row][et_pb_row _builder_version=\u00bb4.16&#8243; _module_preset=\u00bbdefault\u00bb global_colors_info=\u00bb{}\u00bb][et_pb_column type=\u00bb4_4&#8243; _builder_version=\u00bb4.16&#8243; _module_preset=\u00bbdefault\u00bb global_colors_info=\u00bb{}\u00bb][et_pb_divider color=\u00bb#E02B20&#8243; divider_weight=\u00bb4px\u00bb _builder_version=\u00bb4.16&#8243; _module_preset=\u00bbdefault\u00bb global_colors_info=\u00bb{}\u00bb][\/et_pb_divider][\/et_pb_column][\/et_pb_row][\/et_pb_section]<\/p>\n","protected":false},"excerpt":{"rendered":"<p>Edicte modificaci\u00f3 del Reglament pdf &gt;Calendari Escolar Infantil Primer Cicle 2024-2025 pdf&gt;Normes d&#8217;Organitzaci\u00f3 i Funcionament pdf &gt;Annex 1. Pla de salut i higiene pdf &gt;Projecte educatiu pdf &gt;Annex 1. Poposta pedago\u0300gica pdf &gt;Annex 2. Pla d&#8217;\u00fas de les lleng\u00fces en l&#8217;\u00e0mbit no curricular pdf &gt;Annex 3. Pla de foment lector pdf &gt;Anex 4. Pla d&#8217;igualtat [&hellip;]<\/p>\n","protected":false},"author":8,"featured_media":0,"parent":0,"menu_order":0,"comment_status":"closed","ping_status":"closed","template":"","meta":{"_et_pb_use_builder":"on","_et_pb_old_content":"","_et_gb_content_width":"","_mc_calendar":[],"footnotes":""},"wf_page_folders":[298],"class_list":["post-256363","page","type-page","status-publish","hentry"],"_links":{"self":[{"href":"https:\/\/museros.org\/inici\/wp-json\/wp\/v2\/pages\/256363","targetHints":{"allow":["GET"]}}],"collection":[{"href":"https:\/\/museros.org\/inici\/wp-json\/wp\/v2\/pages"}],"about":[{"href":"https:\/\/museros.org\/inici\/wp-json\/wp\/v2\/types\/page"}],"author":[{"embeddable":true,"href":"https:\/\/museros.org\/inici\/wp-json\/wp\/v2\/users\/8"}],"replies":[{"embeddable":true,"href":"https:\/\/museros.org\/inici\/wp-json\/wp\/v2\/comments?post=256363"}],"version-history":[{"count":40,"href":"https:\/\/museros.org\/inici\/wp-json\/wp\/v2\/pages\/256363\/revisions"}],"predecessor-version":[{"id":275197,"href":"https:\/\/museros.org\/inici\/wp-json\/wp\/v2\/pages\/256363\/revisions\/275197"}],"wp:attachment":[{"href":"https:\/\/museros.org\/inici\/wp-json\/wp\/v2\/media?parent=256363"}],"wp:term":[{"taxonomy":"wf_page_folders","embeddable":true,"href":"https:\/\/museros.org\/inici\/wp-json\/wp\/v2\/wf_page_folders?post=256363"}],"curies":[{"name":"wp","href":"https:\/\/api.w.org\/{rel}","templated":true}]}}