{"id":253971,"date":"2022-03-02T18:28:25","date_gmt":"2022-03-02T18:28:25","guid":{"rendered":"https:\/\/museros.org\/inici\/?page_id=253971"},"modified":"2022-03-02T18:28:55","modified_gmt":"2022-03-02T18:28:55","slug":"2e-sisena-reunio","status":"publish","type":"page","link":"https:\/\/museros.org\/inici\/2e-sisena-reunio\/","title":{"rendered":"2e Sisena reuni\u00f3"},"content":{"rendered":"<p>[et_pb_section fb_built=\u00bb1&#8243; _builder_version=\u00bb4.10.4&#8243; _module_preset=\u00bbdefault\u00bb custom_margin=\u00bb0px||||false|false\u00bb custom_padding=\u00bb0px||||false|false\u00bb locked=\u00bboff\u00bb global_colors_info=\u00bb{}\u00bb theme_builder_area=\u00bbpost_content\u00bb][et_pb_row column_structure=\u00bb1_3,2_3&#8243; _builder_version=\u00bb4.10.4&#8243; _module_preset=\u00bbdefault\u00bb custom_margin=\u00bb0px||||false|false\u00bb custom_padding=\u00bb0px||||false|false\u00bb global_colors_info=\u00bb{}\u00bb theme_builder_area=\u00bbpost_content\u00bb][et_pb_column type=\u00bb1_3&#8243; _builder_version=\u00bb4.6.5&#8243; _module_preset=\u00bbdefault\u00bb global_colors_info=\u00bb{}\u00bb theme_builder_area=\u00bbpost_content\u00bb][et_pb_image src=\u00bbhttps:\/\/museros.org\/wp-content\/uploads\/2021\/06\/logo-forumvecinal-230&#215;180-1.jpg\u00bb title_text=\u00bblogo-forumvecinal-230&#215;180&#8243; url=\u00bbhttps:\/\/museros.org\/inici\/forum-veinal\/\u00bb use_overlay=\u00bbon\u00bb overlay_icon_color=\u00bb#E02B20&#8243; hover_overlay_color=\u00bbrgba(255,255,255,0.7)\u00bb hover_icon=\u00bb&#xe04d;||divi||400&#8243; align=\u00bbcenter\u00bb admin_label=\u00bblogo forum vecinal\u00bb _builder_version=\u00bb4.14.4&#8243; _module_preset=\u00bbdefault\u00bb width_tablet=\u00bb\u00bb width_phone=\u00bb100%\u00bb width_last_edited=\u00bbon|desktop\u00bb custom_margin=\u00bb60px||||false|false\u00bb custom_margin_tablet=\u00bb\u00bb custom_margin_phone=\u00bb0px||||false|false\u00bb custom_margin_last_edited=\u00bbon|desktop\u00bb locked=\u00bboff\u00bb global_colors_info=\u00bb{}\u00bb src__hover_enabled=\u00bbon|desktop\u00bb src__hover=\u00bbhttps:\/\/museros.org\/wp-content\/uploads\/2021\/06\/logo-forumvecinal-230&#215;180-1.jpg\u00bb theme_builder_area=\u00bbpost_content\u00bb][\/et_pb_image][\/et_pb_column][et_pb_column type=\u00bb2_3&#8243; _builder_version=\u00bb4.6.5&#8243; _module_preset=\u00bbdefault\u00bb global_colors_info=\u00bb{}\u00bb theme_builder_area=\u00bbpost_content\u00bb][et_pb_text _builder_version=\u00bb4.14.4&#8243; _module_preset=\u00bbdefault\u00bb global_colors_info=\u00bb{}\u00bb theme_builder_area=\u00bbpost_content\u00bb]<\/p>\n<h3>Segona edici\u00f3<\/h3>\n<h1>Sisena reuni\u00f3<\/h1>\n<h5>2022<\/h5>\n<p>[\/et_pb_text][et_pb_image src=\u00bbhttps:\/\/museros.org\/wp-content\/uploads\/2022\/03\/6a-reunio.jpg\u00bb title_text=\u00bb6a-reunio\u00bb _builder_version=\u00bb4.14.8&#8243; _module_preset=\u00bbdefault\u00bb custom_margin=\u00bb30px||30px||false|false\u00bb hover_enabled=\u00bb0&#8243; global_colors_info=\u00bb{}\u00bb theme_builder_area=\u00bbpost_content\u00bb align=\u00bbcenter\u00bb sticky_enabled=\u00bb0&#8243;][\/et_pb_image][et_pb_text _builder_version=\u00bb4.14.8&#8243; _module_preset=\u00bbdefault\u00bb hover_enabled=\u00bb0&#8243; global_colors_info=\u00bb{}\u00bb theme_builder_area=\u00bbpost_content\u00bb sticky_enabled=\u00bb0&#8243;]<\/p>\n<p>El passat dilluns, 21 de febrer de 2022, a les 19.00 h de la vesprada, tingu\u00e9 lloc la sisena reuni\u00f3 del II F\u00f2rum Ve\u00efnal de Museros a la Casa de Cultura. Hi assistiren nou persones (2 homes i 7 dones) representants de l\u2019AMPA de l\u2019IES, de l\u2019Associaci\u00f3 de Ve\u00efnes i Ve\u00efns de Museros, de l\u2019Associaci\u00f3 de Comer\u00e7os Associats de Museros (CAMU) i de l\u2019InstitutoSecular Obreras de la Cruz.<br \/>Els objectius de la sessi\u00f3 s\u00f3n en com\u00fa la recepci\u00f3 de la iniciativa dels Espais acollidors tant per part de la Mesa T\u00e8cnica com dels comer\u00e7os, de les associacions i de l\u2019hostaleria, i pensar possibles millores a partir de les aportacions rebudes.<br \/>En primer lloc, les dinamitzadores transmeten que les persones membresde la Mesa T\u00e8cnica es van entusiasmar amb la proposta i que les que treballen en equipaments p\u00fablics van demanar que aquests foren inclosos en la xarxa d\u2019Espais acollidors (Centre de Salut, biblioteca, Espai Jove i Casa de Cultura). Com que aquesta proposta coincideix amb la realitzada pel F\u00f2rum, es decideix incloure\u2019ls amb un distintiu similar al de la resta de la xarxa per\u00f2 en un color diferent.<\/p>\n<p>En segon lloc, pel que fa a la reuni\u00f3 duta a terme el 17 de febrer amb el teixit comercial i hostaler i les associacions amb seu a la localitat,s\u2019hi reflexiona que:<br \/>\u2022 La convocat\u00f2ria no arrib\u00e0 o no va aconseguir motivar els comer\u00e7os, en faltaren molts. Des de CAMU, s\u2019informa que, sovint, costa comptar amb la implicaci\u00f3 del teixit comercial perqu\u00e8 molts van desbordats de feina. A m\u00e9s, algunes comerciants amb les quals s\u2019havia contactat pr\u00e8viament havien suggerit que l\u2019horari ideal per a l\u2019encontre \u00e9s a les 20.30h, en tancar els negocis al p\u00fablic.<br \/>\u2022 En general, es va corroborar el plantejament de la iniciativa: visibilitzar i potenciar una disposici\u00f3 que els comer\u00e7os, a hores d\u2019ara, ja tenen. \u00c9s a dir, es destac\u00e0 que la major part dels comer\u00e7os del poble ja tenen una actitud emp\u00e0tica i acollidora amb els ve\u00efns i les ve\u00efnes i amb les situacions d\u2019emerg\u00e8ncia que es puguen donar.<br \/>\u2022 Ara b\u00e9, el fet de recon\u00e9ixer aquesta labor amb un adhesiu identificatiu es va percebre, per part d\u2019algunes persones assistents, com unfactor de risc: exposar-se podria comportar una mena d\u2019efecte \u201ccrida\u201d perqu\u00e8 la gent se n\u2019aprofite i, fins i tot, es faciliten robatoris. Tanmateix, l\u2019hostaleria assistent no connect\u00e0 amb aquesta por perqu\u00e8 sempre sol haver-hi gent en l\u2019establiment. Les associacions presents en aquella reuni\u00f3, tampoc.<br \/>\u2022 Pel que fa a les icones dels cartells, l\u2019Associaci\u00f3 Amamanta pens\u00e0 que podria ser positiu incloure\u2019n algun relacionat amb la lact\u00e0ncia materna. La Falla de Museros va demanarque es destacaren els dibuixos dels col\u00b7lectius poblacionals als quals m\u00e9s pot facilitar el dia a dia aquesta iniciativa.<br \/>\u2022 Per \u00faltim, quant al nom, es va matisar que Museros est\u00e0 designat per la Conselleria d\u2019Igualtat i Pol\u00edtiques Inclusives com a \u201cpoble acollidor\u201d per la seua vinculaci\u00f3 amb iniciatives d\u2019acollida familiar. Per aix\u00f2, el nom pot ser ambigu o remetre a un altre imaginari distint de l\u2019assignat pel F\u00f2rum.<\/p>\n<p>Arran d\u2019aquestes reflexions, es va realitzar una pluja d\u2019idees sobre possibles adaptacions del plantejament inicial:<br \/>1. Comen\u00e7ar la xarxa per equipaments p\u00fablics, locals associatius i l\u2019hostaleria que estiga interessada. I, a poc a poc, en comprovar que no t\u00e9 cap impacte negatiu, sumar uns altres comer\u00e7os.<br \/>2. Recon\u00e9ixer el teixit comercial, en general, com a espai acollidor amb un acte o acci\u00f3 p\u00fablica; sense obligatorietat de col\u00b7locar l\u2019adhesiu.<br \/>3. Focalitzar la iniciativa en un col\u00b7lectiu poblacional concret, per ampliar-lo posteriorment. Per exemple, espais acollidors amb la gent gran.<br \/>4. Adaptar el nom del projecte, ja que Museros est\u00e0 designat oficialment per la Conselleria d\u2019Igualtat i Pol\u00edtiques Inclusives com a \u201cpoble acollidor\u201d per les iniciatives familiars. Aquest concepte pot remetre a un imaginari diferent al que es promou en aquest projecte i pot resultar conf\u00fas.<br \/>5. Com a soluci\u00f3 per a generar confian\u00e7a envers la iniciativa, s\u2019acorda fer una ronda de visites als comer\u00e7os per a informar personalment de la pr\u00f2xima reuni\u00f3 presencial i temptejar, per endavant, com es podria adaptar la iniciativa.<br \/>Finalment, es conclou que entre Falles i Pasqua es convocar\u00e0 la reuni\u00f3 participativa amb els negocis i les associacions interessades i el F\u00f2rum per acabar de definir la proposta, a les 20.30 h, a el sal\u00f3 de plens de l\u2019Ajuntament.<\/p>\n<p>[\/et_pb_text][\/et_pb_column][\/et_pb_row][et_pb_row _builder_version=\u00bb4.6.5&#8243; _module_preset=\u00bbdefault\u00bb global_colors_info=\u00bb{}\u00bb theme_builder_area=\u00bbpost_content\u00bb][et_pb_column type=\u00bb4_4&#8243; _builder_version=\u00bb4.6.5&#8243; _module_preset=\u00bbdefault\u00bb global_colors_info=\u00bb{}\u00bb theme_builder_area=\u00bbpost_content\u00bb][et_pb_divider color=\u00bb#cc0000&#8243; divider_weight=\u00bb4px\u00bb _builder_version=\u00bb4.6.5&#8243; _module_preset=\u00bbdefault\u00bb global_colors_info=\u00bb{}\u00bb theme_builder_area=\u00bbpost_content\u00bb][\/et_pb_divider][\/et_pb_column][\/et_pb_row][\/et_pb_section]<\/p>\n","protected":false},"excerpt":{"rendered":"<p>Segona edici\u00f3 Sisena reuni\u00f3 2022El passat dilluns, 21 de febrer de 2022, a les 19.00 h de la vesprada, tingu\u00e9 lloc la sisena reuni\u00f3 del II F\u00f2rum Ve\u00efnal de Museros a la Casa de Cultura. Hi assistiren nou persones (2 homes i 7 dones) representants de l\u2019AMPA de l\u2019IES, de l\u2019Associaci\u00f3 de Ve\u00efnes i Ve\u00efns [&hellip;]<\/p>\n","protected":false},"author":8,"featured_media":0,"parent":0,"menu_order":0,"comment_status":"closed","ping_status":"closed","template":"","meta":{"_et_pb_use_builder":"on","_et_pb_old_content":"","_et_gb_content_width":"","_mc_calendar":[],"footnotes":""},"wf_page_folders":[1066],"class_list":["post-253971","page","type-page","status-publish","hentry"],"_links":{"self":[{"href":"https:\/\/museros.org\/inici\/wp-json\/wp\/v2\/pages\/253971","targetHints":{"allow":["GET"]}}],"collection":[{"href":"https:\/\/museros.org\/inici\/wp-json\/wp\/v2\/pages"}],"about":[{"href":"https:\/\/museros.org\/inici\/wp-json\/wp\/v2\/types\/page"}],"author":[{"embeddable":true,"href":"https:\/\/museros.org\/inici\/wp-json\/wp\/v2\/users\/8"}],"replies":[{"embeddable":true,"href":"https:\/\/museros.org\/inici\/wp-json\/wp\/v2\/comments?post=253971"}],"version-history":[{"count":2,"href":"https:\/\/museros.org\/inici\/wp-json\/wp\/v2\/pages\/253971\/revisions"}],"predecessor-version":[{"id":253975,"href":"https:\/\/museros.org\/inici\/wp-json\/wp\/v2\/pages\/253971\/revisions\/253975"}],"wp:attachment":[{"href":"https:\/\/museros.org\/inici\/wp-json\/wp\/v2\/media?parent=253971"}],"wp:term":[{"taxonomy":"wf_page_folders","embeddable":true,"href":"https:\/\/museros.org\/inici\/wp-json\/wp\/v2\/wf_page_folders?post=253971"}],"curies":[{"name":"wp","href":"https:\/\/api.w.org\/{rel}","templated":true}]}}