{"id":253863,"date":"2022-02-28T13:01:55","date_gmt":"2022-02-28T13:01:55","guid":{"rendered":"https:\/\/museros.org\/inici\/?page_id=253863"},"modified":"2022-07-28T07:56:14","modified_gmt":"2022-07-28T07:56:14","slug":"eventos-deportivos","status":"publish","type":"page","link":"https:\/\/museros.org\/inici\/es\/eventos-deportivos\/","title":{"rendered":"Eventos deportivos"},"content":{"rendered":"<p>[et_pb_section fb_built=\u00bb1&#8243; _builder_version=\u00bb4.16&#8243; _module_preset=\u00bbdefault\u00bb custom_margin=\u00bb0px||||false|false\u00bb custom_padding=\u00bb0px||||false|false\u00bb locked=\u00bboff\u00bb global_colors_info=\u00bb{}\u00bb][et_pb_row column_structure=\u00bb1_4,3_4&#8243; _builder_version=\u00bb4.16.1&#8243; _module_preset=\u00bbdefault\u00bb custom_margin=\u00bb0px||||false|false\u00bb custom_padding=\u00bb0px||||false|false\u00bb global_colors_info=\u00bb{}\u00bb][et_pb_column type=\u00bb1_4&#8243; _builder_version=\u00bb4.16&#8243; _module_preset=\u00bbdefault\u00bb global_colors_info=\u00bb{}\u00bb][et_pb_image src=\u00bbhttps:\/\/museros.org\/wp-content\/uploads\/2022\/03\/eventos-dep-230&#215;180-1.jpg\u00bb title_text=\u00bbeventos-dep-230&#215;180&#8243; url=\u00bbhttps:\/\/museros.org\/inici\/es\/area-de-deportes\u00bb use_overlay=\u00bbon\u00bb overlay_icon_color=\u00bb#E02B20&#8243; hover_overlay_color=\u00bbrgba(255,255,255,0.69)\u00bb hover_icon=\u00bb&#xe04d;||divi||400&#8243; _builder_version=\u00bb4.16&#8243; _module_preset=\u00bbdefault\u00bb width=\u00bb70%\u00bb module_alignment=\u00bbcenter\u00bb global_colors_info=\u00bb{}\u00bb][\/et_pb_image][\/et_pb_column][et_pb_column type=\u00bb3_4&#8243; _builder_version=\u00bb4.16&#8243; _module_preset=\u00bbdefault\u00bb global_colors_info=\u00bb{}\u00bb][et_pb_gallery gallery_ids=\u00bb261313,261312,261311,261310,261309,261308,261307,261306,261305&#8243; gallery_orderby=\u00bbrand\u00bb fullwidth=\u00bbon\u00bb _builder_version=\u00bb4.17.6&#8243; _module_preset=\u00bbdefault\u00bb animation_style=\u00bbfade\u00bb auto=\u00bbon\u00bb hover_enabled=\u00bb0&#8243; global_colors_info=\u00bb{}\u00bb sticky_enabled=\u00bb0&#8243;][\/et_pb_gallery][et_pb_text admin_label=\u00bbTexto carreara solidaria\u00bb _builder_version=\u00bb4.17.6&#8243; _module_preset=\u00bbdefault\u00bb hover_enabled=\u00bb0&#8243; locked=\u00bboff\u00bb global_colors_info=\u00bb{}\u00bb sticky_enabled=\u00bb0&#8243;]<\/p>\n<h3>Yincana acu\u00e1tica<br \/><strong><\/strong><strong><\/strong><\/h3>\n<p>Ayer lunes se celebr\u00f3 una divertida yincana acu\u00e1tica en la piscina municipal, en la cual un total de 120 ni\u00f1as y ni\u00f1os pudieron disfrutar de las diferentes actividad acu\u00e1ticas que se prepararon para esta actividad.<br \/>Os dejamos unas fotos donde pod\u00e9is comprobar el buen ambiente y la diversi\u00f3n.<\/p>\n<p>[\/et_pb_text][et_pb_divider color=\u00bb#999999&#8243; divider_style=\u00bbdotted\u00bb divider_weight=\u00bb7px\u00bb _builder_version=\u00bb4.17.6&#8243; _module_preset=\u00bbdefault\u00bb custom_margin=\u00bb40px||30px||false|false\u00bb hover_enabled=\u00bb0&#8243; global_colors_info=\u00bb{}\u00bb sticky_enabled=\u00bb0&#8243;][\/et_pb_divider][et_pb_gallery gallery_ids=\u00bb261314,261315&#8243; gallery_orderby=\u00bbrand\u00bb fullwidth=\u00bbon\u00bb _builder_version=\u00bb4.17.6&#8243; _module_preset=\u00bbdefault\u00bb animation_style=\u00bbfade\u00bb auto=\u00bbon\u00bb hover_enabled=\u00bb0&#8243; global_colors_info=\u00bb{}\u00bb sticky_enabled=\u00bb0&#8243;][\/et_pb_gallery][et_pb_text admin_label=\u00bbTexto carreara solidaria\u00bb _builder_version=\u00bb4.17.6&#8243; _module_preset=\u00bbdefault\u00bb hover_enabled=\u00bb0&#8243; locked=\u00bboff\u00bb global_colors_info=\u00bb{}\u00bb sticky_enabled=\u00bb0&#8243;]<\/p>\n<h3>Finales del Torneo Auton\u00f3mico Individual de Galotxa<br \/><strong><\/strong><strong><\/strong><\/h3>\n<p>El s\u00e1bado 23, en el trinquete municipal, tuvieron lugar las XI finales del Torneo Auton\u00f3mico Individual de Galotxa, en las categor\u00edas de primera y segunda.<br \/>En la primera categor\u00eda, Jorge del CPV Massalfassar se impon\u00eda 70 por 45 a Carlos S\u00e1ez, del CPV Petrer. Y en la final de segunda categor\u00eda, Isaac del CPV Torrent ganaba a Terio, del CPV L&#8217;Eliana, por un ajustado 70 a 65.<br \/>Una buena tarde de pilota valenciana en nuestro trinquete municipal.<\/p>\n<p>[\/et_pb_text][et_pb_divider color=\u00bb#999999&#8243; divider_style=\u00bbdotted\u00bb divider_weight=\u00bb7px\u00bb _builder_version=\u00bb4.17.6&#8243; _module_preset=\u00bbdefault\u00bb custom_margin=\u00bb40px||30px||false|false\u00bb hover_enabled=\u00bb0&#8243; global_colors_info=\u00bb{}\u00bb sticky_enabled=\u00bb0&#8243;][\/et_pb_divider][et_pb_gallery gallery_ids=\u00bb261278,261277,261276,261275,261274,261261,261260,261258,261256,261255,261254,261253,261252,261251,261250,261247,261245&#8243; gallery_orderby=\u00bbrand\u00bb fullwidth=\u00bbon\u00bb _builder_version=\u00bb4.17.6&#8243; _module_preset=\u00bbdefault\u00bb animation_style=\u00bbfade\u00bb auto=\u00bbon\u00bb global_colors_info=\u00bb{}\u00bb][\/et_pb_gallery][et_pb_text admin_label=\u00bbTexto carreara solidaria\u00bb _builder_version=\u00bb4.17.6&#8243; _module_preset=\u00bbdefault\u00bb locked=\u00bboff\u00bb global_colors_info=\u00bb{}\u00bb]<\/p>\n<h3>Fiesta del running<strong><\/strong><strong><\/strong><\/h3>\n<p>El viernes pasado celebramos la fiesta del \u00abrunning\u00bb en la calle Major de Museros, donde un total de 149 participantes, ni\u00f1os y ni\u00f1as de diferentes categor\u00edas, realizaron carreras no competitivas con distancias adecuadas a su edad.<br \/>Una tarde deportiva en la cual la colaboraci\u00f3n del Grup de C\u00f3rrer de Museros fue imprescindible para que todo funcionara a la perfecci\u00f3n. Desde aqu\u00ed trasladamos nuestro agradecimiento a este club, que cada vez se va haciendo m\u00e1s grande. \u00a1Haz deporte en Museros!<\/p>\n<p>[\/et_pb_text][et_pb_divider color=\u00bb#999999&#8243; divider_style=\u00bbdotted\u00bb divider_weight=\u00bb7px\u00bb _builder_version=\u00bb4.16&#8243; _module_preset=\u00bbdefault\u00bb custom_margin=\u00bb40px||30px||false|false\u00bb global_colors_info=\u00bb{}\u00bb][\/et_pb_divider][et_pb_gallery gallery_ids=\u00bb261239,261240,261241,261242,261262&#8243; gallery_orderby=\u00bbrand\u00bb fullwidth=\u00bbon\u00bb _builder_version=\u00bb4.17.6&#8243; _module_preset=\u00bbdefault\u00bb animation_style=\u00bbfade\u00bb auto=\u00bbon\u00bb global_colors_info=\u00bb{}\u00bb][\/et_pb_gallery][et_pb_text admin_label=\u00bbTexto carreara solidaria\u00bb _builder_version=\u00bb4.17.6&#8243; _module_preset=\u00bbdefault\u00bb locked=\u00bboff\u00bb global_colors_info=\u00bb{}\u00bb]<\/p>\n<h3>Fiesta ciclista<strong><\/strong><strong><\/strong><\/h3>\n<p>El pasado jueves por la tarde celebramos la fiesta ciclista, con m\u00e1s de 160 participantes que van disfrutar del deporte de las dos ruedas. Los m\u00e1s peque\u00f1os y peque\u00f1as pudieron rodar al circuito que se habilit\u00f3 al aparcamiento de la avenida Blasco Ib\u00e1\u00f1ez. El resto, m\u00e1s de 120 participantes, rodaron por el circuito exterior, por los caminos de huerta a las cercan\u00edas del municipio. Una gran fiesta ciclista donde todo el mundo va disfrutar a su ritmo. Tuvimos m\u00fasica de ambiente, merendar de horchata y fartons, y unos detallitos para las personas participantes.<br \/>Agradecemos la colaboraci\u00f3n del Club Ciclista Pasqual Bolea, de la Pe\u00f1a Ciclista Museros y del Club Deportivo Peque\u00f1as bici Museros, que estuvieron delante en toda la organizaci\u00f3n. Gracias a todas las personas que quisieron participar de esta actividad. Pr\u00f3xima parada, 22 de julio con la fiesta del \u00abrunning\u00bb infantil.<br \/>Fez deporte en Museros!<\/p>\n<p>[\/et_pb_text][et_pb_divider color=\u00bb#999999&#8243; divider_style=\u00bbdotted\u00bb divider_weight=\u00bb7px\u00bb _builder_version=\u00bb4.16&#8243; _module_preset=\u00bbdefault\u00bb custom_margin=\u00bb40px||30px||false|false\u00bb global_colors_info=\u00bb{}\u00bb][\/et_pb_divider][et_pb_gallery gallery_ids=\u00bb261272,261271&#8243; gallery_orderby=\u00bbrand\u00bb fullwidth=\u00bbon\u00bb _builder_version=\u00bb4.17.6&#8243; _module_preset=\u00bbdefault\u00bb animation_style=\u00bbfade\u00bb auto=\u00bbon\u00bb global_colors_info=\u00bb{}\u00bb][\/et_pb_gallery][et_pb_text admin_label=\u00bbTexto carreara solidaria\u00bb _builder_version=\u00bb4.17.6&#8243; _module_preset=\u00bbdefault\u00bb locked=\u00bboff\u00bb global_colors_info=\u00bb{}\u00bb]<\/p>\n<h3>Campeonato de frontenis<strong><\/strong><strong><\/strong><\/h3>\n<p>Este lunes, 18 de julio, se disputaron en el front\u00f3n municipal, las finales del Campeonato de Frontenis que ha estado disput\u00e1ndose desde el 4 de julio.<br \/>En la final infantil, la pareja formada por Daniel Ramos y \u00c0lvaro Lujan ganaban por 31 a 28 a la pareja formada por Bryan Alonso y Cristian Lujan. Y en la final de la categor\u00eda \u00abamateur\u00bb, Jos\u00e9 Bautista y Pedro Cabrera se impon\u00edan 31 a 23 a \u00c0lex Besante y Eduard Mart\u00ednez.<br \/>Un torneo que ha tenido una excelente participaci\u00f3n y seguimiento y ha sido coordinado por Antonio Cortell. Enhorabuena a todos los participantes. \u00a1Haz deporte en Museros!<\/p>\n<p>[\/et_pb_text][et_pb_divider color=\u00bb#999999&#8243; divider_style=\u00bbdotted\u00bb divider_weight=\u00bb7px\u00bb _builder_version=\u00bb4.16&#8243; _module_preset=\u00bbdefault\u00bb custom_margin=\u00bb40px||30px||false|false\u00bb global_colors_info=\u00bb{}\u00bb][\/et_pb_divider][et_pb_gallery gallery_ids=\u00bb258993,258994,258995,258996,258997,258998&#8243; gallery_orderby=\u00bbrand\u00bb fullwidth=\u00bbon\u00bb _builder_version=\u00bb4.17.6&#8243; _module_preset=\u00bbdefault\u00bb animation_style=\u00bbfade\u00bb auto=\u00bbon\u00bb global_colors_info=\u00bb{}\u00bb][\/et_pb_gallery][et_pb_text admin_label=\u00bbTexto carreara solidaria\u00bb _builder_version=\u00bb4.17.4&#8243; _module_preset=\u00bbdefault\u00bb locked=\u00bboff\u00bb global_colors_info=\u00bb{}\u00bb]<\/p>\n<h3>Ruta de senderismo en Pe\u00f1\u00edscola<br \/><strong><\/strong><\/h3>\n<p><strong>El domingo pasado se celebr\u00f3 la pen\u00faltima ruta del programa municipal de senderismo.<\/strong><\/p>\n<p>Nos desplaz\u00e1bamos a Pe\u00f1\u00edscola para hacer un itinerario por el Parque Natural de la Serra de Irta, visitando el despoblado y disfrutando de las maravillosas vistas que nos ofrece esta ruta. Una ma\u00f1ana soleada, con muy buena temperatura dada la proximidad del mar. \u00a1Repetiremos seguro!<\/p>\n<p>La concejal\u00eda de Educaci\u00f3n y Deportes y la concejal\u00eda de Juventud, informan que en breve se abrir\u00e1n las inscripciones a la \u00faltima ruta, la cascada del Corbinet, en Cortes de Pall\u00e1s, que se celebrar\u00e1 el pr\u00f3ximo 12 de junio.<\/p>\n<p>Encontrar\u00e9is toda la informaci\u00f3n en: https:\/\/esportactiu.com\/senderisme-museros\/<\/p>\n<p>[\/et_pb_text][et_pb_divider color=\u00bb#999999&#8243; divider_style=\u00bbdotted\u00bb divider_weight=\u00bb7px\u00bb _builder_version=\u00bb4.16&#8243; _module_preset=\u00bbdefault\u00bb custom_margin=\u00bb40px||30px||false|false\u00bb global_colors_info=\u00bb{}\u00bb][\/et_pb_divider][et_pb_gallery gallery_ids=\u00bb259000,258999&#8243; gallery_orderby=\u00bbrand\u00bb fullwidth=\u00bbon\u00bb _builder_version=\u00bb4.17.6&#8243; _module_preset=\u00bbdefault\u00bb animation_style=\u00bbfade\u00bb auto=\u00bbon\u00bb global_colors_info=\u00bb{}\u00bb][\/et_pb_gallery][et_pb_text admin_label=\u00bbTexto carreara solidaria\u00bb _builder_version=\u00bb4.17.4&#8243; _module_preset=\u00bbdefault\u00bb locked=\u00bboff\u00bb global_colors_info=\u00bb{}\u00bb]<\/p>\n<h3>Carrera de cinco kil\u00f3metros<strong><\/strong><\/h3>\n<p>El domingo 8 de mayo tuvo lugar la V Edici\u00f3n de la 5k de Emperador, dentro del Circuito de L\u2019Horta Nord. El Grupo de correr de Museros, coorganitzador del Circuito, tuvo una excelente participaci\u00f3n en esta carrera. Hasta 32 miembros del club tomaron parte de la carrera, consiguiendo el premio en la clasificaci\u00f3n final como equipo m\u00e1s numeroso.<br \/>Queremos reconocer el esfuerzo y dedicaci\u00f3n del Grupo de correr de Museros, uno de los clubes m\u00e1s j\u00f3venes del Circuito, fundado en 2019, y de los m\u00e1s numerosos, ya que cuenta con un total de 92 corredores y corredoras, 56 adultos y 36 menores. \u00a1Enhorabuena!<\/p>\n<p>[\/et_pb_text][et_pb_divider color=\u00bb#999999&#8243; divider_style=\u00bbdotted\u00bb divider_weight=\u00bb7px\u00bb _builder_version=\u00bb4.16&#8243; _module_preset=\u00bbdefault\u00bb custom_margin=\u00bb40px||30px||false|false\u00bb global_colors_info=\u00bb{}\u00bb][\/et_pb_divider][et_pb_gallery gallery_ids=\u00bb259001,259002,259004,259003&#8243; fullwidth=\u00bbon\u00bb _builder_version=\u00bb4.17.6&#8243; _module_preset=\u00bbdefault\u00bb animation_style=\u00bbfade\u00bb auto=\u00bbon\u00bb global_colors_info=\u00bb{}\u00bb][\/et_pb_gallery][et_pb_text admin_label=\u00bbTexto carreara solidaria\u00bb _builder_version=\u00bb4.17.4&#8243; _module_preset=\u00bbdefault\u00bb locked=\u00bboff\u00bb global_colors_info=\u00bb{}\u00bb]<\/p>\n<h3>Open de Espa\u00f1a de Jiu jitsu<strong><\/strong><\/h3>\n<p>El Club de Jiu jitsu de Museros particip\u00f3 el s\u00e1bado 7 de mayo en el Open de Espa\u00f1a, celebrado en el polideportivo de Alaqu\u00e0s. El club present\u00f3 a 20 participantes en esta competici\u00f3n, obteniendo unos resultados excelentes.<\/p>\n<p>El equipo cadete obtuvo la primera y la segunda posici\u00f3n en el medallero, medalla de oro y de plata. En categor\u00eda infantil se obtuvieran tres medallas de bronce, mientras que la categor\u00eda alevina consegu\u00eda sumar dos medallas de bronce m\u00e1s. Cerraba el medallero del equipo benjam\u00edn, con dos medallas de plata.<\/p>\n<p>Enhorabuena a los deportistas y al club por estos resultados. \u00a1A seguir adelante!<\/p>\n<p>[\/et_pb_text][et_pb_divider color=\u00bb#999999&#8243; divider_style=\u00bbdotted\u00bb divider_weight=\u00bb7px\u00bb _builder_version=\u00bb4.16&#8243; _module_preset=\u00bbdefault\u00bb custom_margin=\u00bb40px||30px||false|false\u00bb global_colors_info=\u00bb{}\u00bb][\/et_pb_divider][et_pb_image src=\u00bbhttps:\/\/museros.org\/wp-content\/uploads\/2022\/04\/carrera-solidaria-04-22.jpg\u00bb title_text=\u00bbcarrera-solidaria-04-22&#8243; admin_label=\u00bbImagen carrera solidaria \u00bb _builder_version=\u00bb4.17.1&#8243; _module_preset=\u00bbdefault\u00bb global_colors_info=\u00bb{}\u00bb][\/et_pb_image][et_pb_text admin_label=\u00bbTexto carreara solidaria\u00bb _builder_version=\u00bb4.17.1&#8243; _module_preset=\u00bbdefault\u00bb locked=\u00bboff\u00bb global_colors_info=\u00bb{}\u00bb]<\/p>\n<h3>Museros recauda m\u00e1s de 4.500 euros para ayudar a las personas que padecen distrofia muscular \u2018Duchenne\u2019<\/h3>\n<p><strong>La carrera de 5K fue organizada por el Grup de Correr Museros en colaboraci\u00f3n con el Ayuntamiento<\/strong><\/p>\n<p>El pasado 26 de marzo los vecinos y las vecinas de Museros participaron en una carrera con el objetivo de recaudar fondos y destinarlos a Duchenne Parent Project Espa\u00f1a, la asociaci\u00f3n que ayuda a las personas que padecen distrofia muscular \u2018Duchenne\u2019, un desorden progresivo del m\u00fasculo que causa la p\u00e9rdida de su funci\u00f3n y por lo tanto los afectados terminan perdiendo totalmente su independencia.<\/p>\n<p>La carrera, organizada por el Grup de Correr Museros en colaboraci\u00f3n con el Ayuntamiento del municipio, tuvo un recorrido de cinco kil\u00f3metros y logr\u00f3 la participaci\u00f3n de un total de 383 personas, las cuales mostraron su agradecimiento por la buena iniciativa y la organizaci\u00f3n del evento deportivo.<\/p>\n<p>\u201cGracias a la gran participaci\u00f3n de la gente de Museros, hemos conseguido recaudar un total de 4.577,59 euros para destinarlos \u00edntegramente a esta asociaci\u00f3n. Desde el Ayuntamiento siempre apoyaremos iniciativas solidarias, porque adem\u00e1s de recaudar fondos y ayudar a la gente, sirven para crear un buen ambiente sano y participativo en nuestras calles\u201d, coment\u00f3 Cristina Civera, alcaldesa de Museros.<\/p>\n<p>\u201cEsperamos que esto sea el principio y sigamos haciendo iniciativas como esta en nuestro pueblo. Museros es muy solidario y creo que lo hemos conseguido demostrar. Con todo esto puedo afirmar que el gran sacrificio que llevamos haciendo desde el mes de septiembre ha sido m\u00e1s que recompensado y es con todo esto con lo que nos queremos quedar\u201d a\u00f1adi\u00f3 Raquel Alcover, presidenta del Grup de Correr Museros.<\/p>\n<p>La pr\u00f3xima carrera en Museros ser\u00e1 la del Circuito Horta Nord, que tendr\u00e1 un recorrido de siete kil\u00f3metros y se realizar\u00e1 el 24 de septiembre.<\/p>\n<p>[\/et_pb_text][et_pb_divider color=\u00bb#999999&#8243; divider_style=\u00bbdotted\u00bb divider_weight=\u00bb7px\u00bb _builder_version=\u00bb4.16&#8243; _module_preset=\u00bbdefault\u00bb custom_margin=\u00bb40px||30px||false|false\u00bb global_colors_info=\u00bb{}\u00bb][\/et_pb_divider][et_pb_image src=\u00bbhttps:\/\/museros.org\/wp-content\/uploads\/2022\/03\/cartel-carrera.jpg\u00bb title_text=\u00bbcartel-carrera\u00bb admin_label=\u00bbImagen carrera solidaria \u00bb _builder_version=\u00bb4.16&#8243; _module_preset=\u00bbdefault\u00bb global_colors_info=\u00bb{}\u00bb][\/et_pb_image][et_pb_text admin_label=\u00bbTexto carreara solidaria\u00bb _builder_version=\u00bb4.16&#8243; _module_preset=\u00bbdefault\u00bb locked=\u00bboff\u00bb global_colors_info=\u00bb{}\u00bb]<\/p>\n<h3>Carrera solidaria<\/h3>\n<p>5 km en favor de Duchenne Espa\u00f1a. En Museros, el s\u00e1bado 26 de marzo, a las 17.00 h.<br \/>Organiza: Grup de C\u00f2rrer Museros<br \/>Inscripciones: <a href=\"https:\/\/cronorunner.com\/evento.php?ref=435-1582\" target=\"_blank\" rel=\"noopener\">www.cronorunner.com<\/a><\/p>\n<p>[\/et_pb_text][et_pb_divider color=\u00bb#999999&#8243; divider_style=\u00bbdotted\u00bb divider_weight=\u00bb7px\u00bb _builder_version=\u00bb4.16&#8243; _module_preset=\u00bbdefault\u00bb custom_margin=\u00bb40px||30px||false|false\u00bb global_colors_info=\u00bb{}\u00bb][\/et_pb_divider][et_pb_text admin_label=\u00bbT\u00edtulo Nevera de Castro\u00bb _builder_version=\u00bb4.16&#8243; _module_preset=\u00bbdefault\u00bb global_colors_info=\u00bb{}\u00bb]<\/p>\n<h1>Quinta ruta, la Nevera de Castro<\/h1>\n<p>[\/et_pb_text][et_pb_image src=\u00bbhttps:\/\/museros.org\/wp-content\/uploads\/2022\/02\/neveradecastro.jpg\u00bb title_text=\u00bbneveradecastro\u00bb admin_label=\u00bbImagen Nevera de Castro\u00bb _builder_version=\u00bb4.16&#8243; _module_preset=\u00bbdefault\u00bb global_colors_info=\u00bb{}\u00bb][\/et_pb_image][et_pb_text admin_label=\u00bbTexto Nevera de Castro\u00bb _builder_version=\u00bb4.16&#8243; _module_preset=\u00bbdefault\u00bb global_colors_info=\u00bb{}\u00bb]<\/p>\n<p>La concejal\u00eda de Educaci\u00f3n y Deportes y la concejal\u00eda de Juventud informan que ya est\u00e1n abiertas las inscripciones en la quinta ruta, Nevera de Castro, que se celebrar\u00e1 el pr\u00f3ximo 3 de abril. Encontrar\u00e9is toda la informaci\u00f3n en <a href=\"https:\/\/esportactiu.com\/senderisme-museros\/\" target=\"_blank\" rel=\"noopener\">https:\/\/esportactiu.com\/senderisme-museros\/<\/a><\/p>\n<p>[\/et_pb_text][et_pb_divider color=\u00bb#999999&#8243; divider_style=\u00bbdotted\u00bb divider_weight=\u00bb7px\u00bb _builder_version=\u00bb4.16&#8243; _module_preset=\u00bbdefault\u00bb custom_margin=\u00bb40px||30px||false|false\u00bb global_colors_info=\u00bb{}\u00bb][\/et_pb_divider][et_pb_text admin_label=\u00bbT\u00edtulo Garb\u00ed\u00bb _builder_version=\u00bb4.16.1&#8243; _module_preset=\u00bbdefault\u00bb global_colors_info=\u00bb{}\u00bb]<\/p>\n<h1>Garb\u00ed desde Estivella<\/h1>\n<p>[\/et_pb_text][et_pb_gallery gallery_ids=\u00bb257614,257615,257616,257617,257618&#8243; fullwidth=\u00bbon\u00bb admin_label=\u00bbGaler\u00eda Garb\u00ed\u00bb _builder_version=\u00bb4.17.0&#8243; _module_preset=\u00bbdefault\u00bb background_layout=\u00bbdark\u00bb global_colors_info=\u00bb{}\u00bb][\/et_pb_gallery][et_pb_text admin_label=\u00bbTexto Garb\u00ed\u00bb _builder_version=\u00bb4.16.1&#8243; _module_preset=\u00bbdefault\u00bb global_colors_info=\u00bb{}\u00bb]<\/p>\n<p><span style=\"color: #808080;\">3 de febreo de 2022<\/span><br \/>Este domingo se ha celebrado la cuarta ruta del programa municipal de senderismo. Nos hemos desplazado hasta Estivella para hacer la ruta del Garb\u00ed. Hemos disfrutado de un d\u00eda soleado y de una excelente ruta que hemos podido disfrutar todas las personas participantes.<br \/>La concejal\u00eda de Educaci\u00f3n y Deportes, y la concejal\u00eda de Juventud, informan que ya est\u00e1n abiertas las inscripciones en la quinta ruta, Nevera de Castro, que se celebrar\u00e1 el pr\u00f3ximo 3 de abril.<br \/>Encontrar\u00e9is toda la informaci\u00f3n en <a href=\"https:\/\/esportactiu.com\/senderisme-museros\/\" target=\"_blank\" rel=\"noopener\">https:\/\/esportactiu.com\/senderisme-museros\/<\/a><\/p>\n<p>[\/et_pb_text][et_pb_divider color=\u00bb#999999&#8243; divider_style=\u00bbdotted\u00bb divider_weight=\u00bb7px\u00bb _builder_version=\u00bb4.16.1&#8243; _module_preset=\u00bbdefault\u00bb custom_margin=\u00bb40px||30px||false|false\u00bb global_colors_info=\u00bb{}\u00bb][\/et_pb_divider][et_pb_text admin_label=\u00bbT\u00edtulo Acueducto\u00bb _builder_version=\u00bb4.16.1&#8243; _module_preset=\u00bbdefault\u00bb global_colors_info=\u00bb{}\u00bb]<\/p>\n<h1>Acueducto romano de Pe\u00f1a Cortada<\/h1>\n<p>[\/et_pb_text][et_pb_gallery gallery_ids=\u00bb257610,257611,257612,257613&#8243; fullwidth=\u00bbon\u00bb admin_label=\u00bbGaler\u00eda Aq\u00fceducte\u00bb _builder_version=\u00bb4.17.0&#8243; _module_preset=\u00bbdefault\u00bb background_layout=\u00bbdark\u00bb global_colors_info=\u00bb{}\u00bb][\/et_pb_gallery][et_pb_text admin_label=\u00bbTexto Acueducto\u00bb _builder_version=\u00bb4.16.1&#8243; _module_preset=\u00bbdefault\u00bb global_colors_info=\u00bb{}\u00bb]<\/p>\n<p><span style=\"color: #808080;\">14 de diciembre de 2021<\/span><br \/>El domingo 12 de diciembre celebramos la tercera de las rutas del programa de Senderismo Municipal. Nos desplazamos hasta la localidad de Calles, en la comarca de los Serranos, para visitar el Acueducto romano de Pe\u00f1a Cortada.<br \/>Una ma\u00f1ana soleada nos permiti\u00f3 disfrutar de una excelente ruta en un entorno privilegiado.<br \/>La concejal\u00eda de Educaci\u00f3n y Deportes y la concejal\u00eda de Juventud informan que ya est\u00e1n abiertas las inscripciones para la cuarta ruta, Pico del \u00c1guila, que se celebrar\u00e1 el pr\u00f3ximo 2 de febrero. Encontrar\u00e9is toda la informaci\u00f3n en <a href=\"https:\/\/esportactiu.com\/senderisme-museros\/\" target=\"_blank\" rel=\"noopener\">https:\/\/esportactiu.com\/senderisme-museros\/<\/a><\/p>\n<p>[\/et_pb_text][et_pb_divider color=\u00bb#999999&#8243; divider_style=\u00bbdotted\u00bb divider_weight=\u00bb7px\u00bb _builder_version=\u00bb4.16.1&#8243; _module_preset=\u00bbdefault\u00bb custom_margin=\u00bb40px||30px||false|false\u00bb global_colors_info=\u00bb{}\u00bb][\/et_pb_divider][et_pb_text admin_label=\u00bbT\u00edtulo la Hoz\u00bb _builder_version=\u00bb4.16.1&#8243; _module_preset=\u00bbdefault\u00bb global_colors_info=\u00bb{}\u00bb]<\/p>\n<h1>Vuelta de la Hoz desde J\u00e9rica<\/h1>\n<p>[\/et_pb_text][et_pb_gallery gallery_ids=\u00bb257605,257606,257607,257608,257609&#8243; fullwidth=\u00bbon\u00bb admin_label=\u00bbGaler\u00eda la Hoz\u00bb _builder_version=\u00bb4.17.0&#8243; _module_preset=\u00bbdefault\u00bb background_layout=\u00bbdark\u00bb global_colors_info=\u00bb{}\u00bb][\/et_pb_gallery][et_pb_text admin_label=\u00bbTexto la Hoz\u00bb _builder_version=\u00bb4.16.1&#8243; _module_preset=\u00bbdefault\u00bb global_colors_info=\u00bb{}\u00bb]<\/p>\n<p><span style=\"color: #808080;\">30 de noviembre de 2021<\/span><br \/>El pasado domingo se celebr\u00f3 la segunda de las rutas del programa de Senderismo Municipal, La Vuelta de la Hoz en el t\u00e9rmino municipal de J\u00e9rica en la Sierra de Espad\u00e1n.<br \/>Tuvimos una ma\u00f1ana fr\u00eda y con viento, pero pudimos disfrutar de una ruta muy entretenida.<br \/>La concejal\u00eda de Educaci\u00f3n y Deportes y la concejal\u00eda de Juventud informan que ya est\u00e1n abiertas las inscripciones a la tercera ruta, Acueducto de Pe\u00f1a Cortada, que se celebrar\u00e1 el pr\u00f3ximo 12 de diciembre. Encontrar\u00e9is toda la informaci\u00f3n en <a href=\"https:\/\/esportactiu.com\/senderisme-museros\/\" target=\"_blank\" rel=\"noopener\">https:\/\/esportactiu.com\/senderisme-museros\/<\/a><\/p>\n<p>[\/et_pb_text][et_pb_divider color=\u00bb#999999&#8243; divider_style=\u00bbdotted\u00bb divider_weight=\u00bb7px\u00bb _builder_version=\u00bb4.16.1&#8243; _module_preset=\u00bbdefault\u00bb custom_margin=\u00bb40px||30px||false|false\u00bb global_colors_info=\u00bb{}\u00bb][\/et_pb_divider][et_pb_text admin_label=\u00bbT\u00edtulo Castell de Benial\u00ed\u00bb _builder_version=\u00bb4.16.1&#8243; _module_preset=\u00bbdefault\u00bb global_colors_info=\u00bb{}\u00bb]<\/p>\n<h1>\u2018Castell de Benial\u00ed\u2019, Sierra de Espad\u00e1n<\/h1>\n<p>[\/et_pb_text][et_pb_gallery gallery_ids=\u00bb257599,257600,257601,257602,257603,257604&#8243; fullwidth=\u00bbon\u00bb admin_label=\u00bbGaler\u00eda Benial\u00ed\u00bb _builder_version=\u00bb4.17.0&#8243; _module_preset=\u00bbdefault\u00bb background_layout=\u00bbdark\u00bb global_colors_info=\u00bb{}\u00bb][\/et_pb_gallery][et_pb_text admin_label=\u00bbTexto Castell de Benial\u00ed\u00bb _builder_version=\u00bb4.16.1&#8243; _module_preset=\u00bbdefault\u00bb global_colors_info=\u00bb{}\u00bb]<\/p>\n<p><span style=\"color: #808080;\">26 de octubre de 2021<\/span><br \/>El pasado domingo se celebr\u00f3 la primera de las rutas del programa de Senderismo Municipal, en la cual se visit\u00f3 el \u2018Castell de Benial\u00ed\u2019, en el parque natural de la Sierra de Espad\u00e1n. Un total de 50 participantes se desplazaron desde Museros para completar este recorrido.<br \/>La concejal\u00eda de Educaci\u00f3n y Deportes y la concejal\u00eda de Juventud informan que ya est\u00e1n abiertas las inscripciones a la segunda ruta, Vuelta de la Hoz, que se celebrar\u00e1 el pr\u00f3ximo 28 de noviembre. Encontrar\u00e9is toda la informaci\u00f3n en <a href=\"https:\/\/esportactiu.com\/senderisme-museros\/\" target=\"_blank\" rel=\"noopener\">https:\/\/esportactiu.com\/senderisme-museros\/<\/a><\/p>\n<p>[\/et_pb_text][\/et_pb_column][\/et_pb_row][et_pb_row _builder_version=\u00bb4.16&#8243; _module_preset=\u00bbdefault\u00bb global_colors_info=\u00bb{}\u00bb][et_pb_column type=\u00bb4_4&#8243; _builder_version=\u00bb4.16&#8243; _module_preset=\u00bbdefault\u00bb global_colors_info=\u00bb{}\u00bb][et_pb_divider color=\u00bb#E02B20&#8243; divider_weight=\u00bb4px\u00bb _builder_version=\u00bb4.16&#8243; _module_preset=\u00bbdefault\u00bb global_colors_info=\u00bb{}\u00bb][\/et_pb_divider][\/et_pb_column][\/et_pb_row][\/et_pb_section]<\/p>\n","protected":false},"excerpt":{"rendered":"<p>Yincana acu\u00e1tica Ayer lunes se celebr\u00f3 una divertida yincana acu\u00e1tica en la piscina municipal, en la cual un total de 120 ni\u00f1as y ni\u00f1os pudieron disfrutar de las diferentes actividad acu\u00e1ticas que se prepararon para esta actividad.Os dejamos unas fotos donde pod\u00e9is comprobar el buen ambiente y la diversi\u00f3n.Finales del Torneo Auton\u00f3mico Individual de Galotxa [&hellip;]<\/p>\n","protected":false},"author":8,"featured_media":0,"parent":0,"menu_order":0,"comment_status":"closed","ping_status":"closed","template":"","meta":{"_et_pb_use_builder":"on","_et_pb_old_content":"","_et_gb_content_width":"","_mc_calendar":[],"footnotes":""},"wf_page_folders":[297],"class_list":["post-253863","page","type-page","status-publish","hentry"],"_links":{"self":[{"href":"https:\/\/museros.org\/inici\/wp-json\/wp\/v2\/pages\/253863","targetHints":{"allow":["GET"]}}],"collection":[{"href":"https:\/\/museros.org\/inici\/wp-json\/wp\/v2\/pages"}],"about":[{"href":"https:\/\/museros.org\/inici\/wp-json\/wp\/v2\/types\/page"}],"author":[{"embeddable":true,"href":"https:\/\/museros.org\/inici\/wp-json\/wp\/v2\/users\/8"}],"replies":[{"embeddable":true,"href":"https:\/\/museros.org\/inici\/wp-json\/wp\/v2\/comments?post=253863"}],"version-history":[{"count":17,"href":"https:\/\/museros.org\/inici\/wp-json\/wp\/v2\/pages\/253863\/revisions"}],"predecessor-version":[{"id":261318,"href":"https:\/\/museros.org\/inici\/wp-json\/wp\/v2\/pages\/253863\/revisions\/261318"}],"wp:attachment":[{"href":"https:\/\/museros.org\/inici\/wp-json\/wp\/v2\/media?parent=253863"}],"wp:term":[{"taxonomy":"wf_page_folders","embeddable":true,"href":"https:\/\/museros.org\/inici\/wp-json\/wp\/v2\/wf_page_folders?post=253863"}],"curies":[{"name":"wp","href":"https:\/\/api.w.org\/{rel}","templated":true}]}}