{"id":253856,"date":"2022-02-28T12:53:04","date_gmt":"2022-02-28T12:53:04","guid":{"rendered":"https:\/\/museros.org\/inici\/?page_id=253856"},"modified":"2022-07-28T07:48:59","modified_gmt":"2022-07-28T07:48:59","slug":"esdeveniments-esportius","status":"publish","type":"page","link":"https:\/\/museros.org\/inici\/esdeveniments-esportius\/","title":{"rendered":"Esdeveniments esportius"},"content":{"rendered":"<p>[et_pb_section fb_built=\u00bb1&#8243; _builder_version=\u00bb4.16&#8243; _module_preset=\u00bbdefault\u00bb custom_margin=\u00bb0px||||false|false\u00bb custom_padding=\u00bb0px||||false|false\u00bb locked=\u00bboff\u00bb global_colors_info=\u00bb{}\u00bb][et_pb_row column_structure=\u00bb1_4,3_4&#8243; _builder_version=\u00bb4.17.1&#8243; _module_preset=\u00bbdefault\u00bb custom_margin=\u00bb0px||||false|false\u00bb custom_padding=\u00bb0px||||false|false\u00bb global_colors_info=\u00bb{}\u00bb][et_pb_column type=\u00bb1_4&#8243; _builder_version=\u00bb4.16&#8243; _module_preset=\u00bbdefault\u00bb global_colors_info=\u00bb{}\u00bb][et_pb_image src=\u00bbhttps:\/\/museros.org\/wp-content\/uploads\/2022\/03\/esdeveniments-dep-230&#215;180-1.jpg\u00bb title_text=\u00bbesdeveniments-dep-230&#215;180&#8243; url=\u00bbhttps:\/\/museros.org\/inici\/area-desports\u00bb use_overlay=\u00bbon\u00bb overlay_icon_color=\u00bb#E02B20&#8243; hover_overlay_color=\u00bbrgba(255,255,255,0.69)\u00bb hover_icon=\u00bb&#xe04d;||divi||400&#8243; _builder_version=\u00bb4.16&#8243; _module_preset=\u00bbdefault\u00bb width=\u00bb70%\u00bb module_alignment=\u00bbcenter\u00bb global_colors_info=\u00bb{}\u00bb][\/et_pb_image][\/et_pb_column][et_pb_column type=\u00bb3_4&#8243; _builder_version=\u00bb4.16&#8243; _module_preset=\u00bbdefault\u00bb global_colors_info=\u00bb{}\u00bb][et_pb_gallery gallery_ids=\u00bb261313,261305,261306,261307,261308,261309,261310,261311,261312&#8243; fullwidth=\u00bbon\u00bb _builder_version=\u00bb4.17.6&#8243; _module_preset=\u00bbdefault\u00bb animation_style=\u00bbfade\u00bb auto=\u00bbon\u00bb hover_enabled=\u00bb0&#8243; global_colors_info=\u00bb{}\u00bb sticky_enabled=\u00bb0&#8243;][\/et_pb_gallery][et_pb_text admin_label=\u00bbText carrera solid\u00e0ria\u00bb _builder_version=\u00bb4.17.6&#8243; _module_preset=\u00bbdefault\u00bb hover_enabled=\u00bb0&#8243; global_colors_info=\u00bb{}\u00bb sticky_enabled=\u00bb0&#8243;]<\/p>\n<h3>Gimcana aqu\u00e0tica<br \/><strong><\/strong><strong><\/strong><\/h3>\n<p><span style=\"color: #333333; font-family: 'Open Sans', Arial, sans-serif; font-size: 16px; font-style: normal; font-variant-ligatures: normal; font-variant-caps: normal; font-weight: 500; letter-spacing: normal; orphans: 2; text-align: start; text-indent: 0px; text-transform: none; white-space: normal; widows: 2; word-spacing: 0px; -webkit-text-stroke-width: 0px; background-color: #ffffff; text-decoration-thickness: initial; text-decoration-style: initial; text-decoration-color: initial; display: inline !important; float: none;\"><\/span><span style=\"color: #333333; font-family: 'Open Sans', Arial, sans-serif; font-size: 16px; font-style: normal; font-variant-ligatures: normal; font-variant-caps: normal; font-weight: 500; letter-spacing: normal; orphans: 2; text-align: start; text-indent: 0px; text-transform: none; white-space: normal; widows: 2; word-spacing: 0px; -webkit-text-stroke-width: 0px; background-color: #ffffff; text-decoration-thickness: initial; text-decoration-style: initial; text-decoration-color: initial; display: inline !important; float: none;\">Ahir dilluns es va celebrar una divertida gimcana aqu\u00e0tica a la piscina municipal, en la qual un total de 120 xiquetes i xiquets van poder disfrutar de les diferents activitat aqu\u00e0tiques que es van preparar per a aquesta activitat.<br \/>Vos deixem unes fotos on podeu comprovar el bon ambient i la diversi\u00f3.<\/span><\/p>\n<p>[\/et_pb_text][et_pb_divider color=\u00bb#999999&#8243; divider_style=\u00bbdotted\u00bb divider_weight=\u00bb7px\u00bb _builder_version=\u00bb4.16&#8243; _module_preset=\u00bbdefault\u00bb custom_margin=\u00bb40px||30px||false|false\u00bb custom_padding=\u00bb||0px|||\u00bb global_colors_info=\u00bb{}\u00bb][\/et_pb_divider][et_pb_gallery gallery_ids=\u00bb261314,261315&#8243; fullwidth=\u00bbon\u00bb _builder_version=\u00bb4.17.6&#8243; _module_preset=\u00bbdefault\u00bb animation_style=\u00bbfade\u00bb auto=\u00bbon\u00bb hover_enabled=\u00bb0&#8243; global_colors_info=\u00bb{}\u00bb sticky_enabled=\u00bb0&#8243;][\/et_pb_gallery][et_pb_text admin_label=\u00bbText carrera solid\u00e0ria\u00bb _builder_version=\u00bb4.17.6&#8243; _module_preset=\u00bbdefault\u00bb hover_enabled=\u00bb0&#8243; global_colors_info=\u00bb{}\u00bb sticky_enabled=\u00bb0&#8243;]<\/p>\n<h3>Finals del Torneig Auton\u00f2mic Individual de Galotxa<br \/><strong><\/strong><strong><\/strong><\/h3>\n<p><span style=\"color: #333333; font-family: 'Open Sans', Arial, sans-serif; font-size: 16px; font-style: normal; font-variant-ligatures: normal; font-variant-caps: normal; font-weight: 500; letter-spacing: normal; orphans: 2; text-align: start; text-indent: 0px; text-transform: none; white-space: normal; widows: 2; word-spacing: 0px; -webkit-text-stroke-width: 0px; background-color: #ffffff; text-decoration-thickness: initial; text-decoration-style: initial; text-decoration-color: initial; display: inline !important; float: none;\"><\/span><span style=\"color: #333333; font-family: 'Open Sans', Arial, sans-serif; font-size: 16px; font-style: normal; font-variant-ligatures: normal; font-variant-caps: normal; font-weight: 500; letter-spacing: normal; orphans: 2; text-align: start; text-indent: 0px; text-transform: none; white-space: normal; widows: 2; word-spacing: 0px; -webkit-text-stroke-width: 0px; background-color: #ffffff; text-decoration-thickness: initial; text-decoration-style: initial; text-decoration-color: initial; display: inline !important; float: none;\">Dissabte 23, al trinquet municipal, van tindre lloc les XI finals del Torneig Auton\u00f2mic Individual de Galotxa, en les categories de primera i segona.<br \/>A la primera categoria, Jorge del CPV Massalfassar s&#8217;imposava 70 per 45 a Carlos S\u00e1ez, del CPV Petrer. I en la final de segona categoria, Isaac del CPV Torrent guanyava a Terio, del CPV L&#8217;Eliana, per un ajustat 70 a 65.<br \/>Una bona vesprada de pilota valenciana al nostre trinquet municipal.<\/span><\/p>\n<p>[\/et_pb_text][et_pb_divider color=\u00bb#999999&#8243; divider_style=\u00bbdotted\u00bb divider_weight=\u00bb7px\u00bb _builder_version=\u00bb4.16&#8243; _module_preset=\u00bbdefault\u00bb custom_margin=\u00bb40px||30px||false|false\u00bb custom_padding=\u00bb||0px|||\u00bb global_colors_info=\u00bb{}\u00bb][\/et_pb_divider][et_pb_gallery gallery_ids=\u00bb261247,261250,261251,261252,261253,261254,261255,261256,261258,261260,261278,261277,261276,261275,261274&#8243; fullwidth=\u00bbon\u00bb _builder_version=\u00bb4.17.6&#8243; _module_preset=\u00bbdefault\u00bb animation_style=\u00bbfade\u00bb auto=\u00bbon\u00bb global_colors_info=\u00bb{}\u00bb][\/et_pb_gallery][et_pb_text admin_label=\u00bbText carrera solid\u00e0ria\u00bb _builder_version=\u00bb4.17.6&#8243; _module_preset=\u00bbdefault\u00bb global_colors_info=\u00bb{}\u00bb]<\/p>\n<h3>Festa del running<strong><\/strong><strong><\/strong><\/h3>\n<p><span style=\"color: #333333; font-family: 'Open Sans', Arial, sans-serif; font-size: 16px; font-style: normal; font-variant-ligatures: normal; font-variant-caps: normal; font-weight: 500; letter-spacing: normal; orphans: 2; text-align: start; text-indent: 0px; text-transform: none; white-space: normal; widows: 2; word-spacing: 0px; -webkit-text-stroke-width: 0px; background-color: #ffffff; text-decoration-thickness: initial; text-decoration-style: initial; text-decoration-color: initial; display: inline !important; float: none;\"><\/span><span style=\"color: #333333; font-family: 'Open Sans', Arial, sans-serif; font-size: 16px; font-style: normal; font-variant-ligatures: normal; font-variant-caps: normal; font-weight: 500; letter-spacing: normal; orphans: 2; text-align: start; text-indent: 0px; text-transform: none; white-space: normal; widows: 2; word-spacing: 0px; -webkit-text-stroke-width: 0px; background-color: #ffffff; text-decoration-thickness: initial; text-decoration-style: initial; text-decoration-color: initial; display: inline !important; float: none;\">Divendres passat vam celebrar la festa del \u00abrunning\u00bb al carrer Major de Museros, on un total de 149 participants, xiquets i xiquetes de diferents categories, van realitzar curses no competitives amb dist\u00e0ncies adequades a la seua edat.<br \/>Una vesprada esportiva en la qual la col\u00b7laboraci\u00f3 del Grup de C\u00f2rrer de Museros va ser imprescindible perqu\u00e8 tot funcionara a la perfecci\u00f3. Des d&#8217;ac\u00ed traslladem el nostre agra\u00efment a aquest club, que cada vegada es va fent m\u00e9s gran! Fes esport a Museros!<\/span><\/p>\n<p>[\/et_pb_text][et_pb_divider color=\u00bb#999999&#8243; divider_style=\u00bbdotted\u00bb divider_weight=\u00bb7px\u00bb _builder_version=\u00bb4.16&#8243; _module_preset=\u00bbdefault\u00bb custom_margin=\u00bb40px||30px||false|false\u00bb custom_padding=\u00bb||0px|||\u00bb global_colors_info=\u00bb{}\u00bb][\/et_pb_divider][et_pb_gallery gallery_ids=\u00bb261239,261240,261241,261242,261262&#8243; fullwidth=\u00bbon\u00bb _builder_version=\u00bb4.17.6&#8243; _module_preset=\u00bbdefault\u00bb title_text_align=\u00bbcenter\u00bb text_orientation=\u00bbcenter\u00bb module_alignment=\u00bbcenter\u00bb animation_style=\u00bbfade\u00bb auto=\u00bbon\u00bb global_colors_info=\u00bb{}\u00bb][\/et_pb_gallery][et_pb_text admin_label=\u00bbText carrera solid\u00e0ria\u00bb _builder_version=\u00bb4.17.6&#8243; _module_preset=\u00bbdefault\u00bb global_colors_info=\u00bb{}\u00bb]<\/p>\n<h3>Festa ciclista<strong><\/strong><strong><\/strong><\/h3>\n<p><span style=\"color: #333333; font-family: 'Open Sans', Arial, sans-serif; font-size: 16px; font-style: normal; font-variant-ligatures: normal; font-variant-caps: normal; font-weight: 500; letter-spacing: normal; orphans: 2; text-align: start; text-indent: 0px; text-transform: none; white-space: normal; widows: 2; word-spacing: 0px; -webkit-text-stroke-width: 0px; background-color: #ffffff; text-decoration-thickness: initial; text-decoration-style: initial; text-decoration-color: initial; display: inline !important; float: none;\">Dijous passat de vesprada vam celebrar la festa ciclista, amb m\u00e9s de 160 participants que van gaudir de l\u2019esport de les dues rodes. Els m\u00e9s menuts i menudes van poder rodar al circuit que es va habilitar a l\u2019aparcament de l\u2019avinguda Blasco Ib\u00e1\u00f1ez. La resta, m\u00e9s de 120 participants, van rodar pel circuit exterior, pels camins d\u2019horta a les rodalies del municipi. Una gran festa ciclista on tothom va gaudir al seu ritme. Vam tindre m\u00fasica d\u2019ambient, berenar d\u2019orxata i fartons, i uns detallets per a les persones participants.<\/span><br style=\"box-sizing: border-box; color: #333333; font-family: 'Open Sans', Arial, sans-serif; font-size: 16px; font-style: normal; font-variant-ligatures: normal; font-variant-caps: normal; font-weight: 500; letter-spacing: normal; orphans: 2; text-align: start; text-indent: 0px; text-transform: none; white-space: normal; widows: 2; word-spacing: 0px; -webkit-text-stroke-width: 0px; background-color: #ffffff; text-decoration-thickness: initial; text-decoration-style: initial; text-decoration-color: initial;\" \/><span style=\"color: #333333; font-family: 'Open Sans', Arial, sans-serif; font-size: 16px; font-style: normal; font-variant-ligatures: normal; font-variant-caps: normal; font-weight: 500; letter-spacing: normal; orphans: 2; text-align: start; text-indent: 0px; text-transform: none; white-space: normal; widows: 2; word-spacing: 0px; -webkit-text-stroke-width: 0px; background-color: #ffffff; text-decoration-thickness: initial; text-decoration-style: initial; text-decoration-color: initial; display: inline !important; float: none;\">Agra\u00efm la col\u00b7laboraci\u00f3 del Club Ciclista Pasqual Bolea, de la Penya Ciclista Museros i del Club Esportiu Xiques bici Museros, que van estar al davant en tota l\u2019organitzaci\u00f3. Gr\u00e0cies a totes les persones que volgueren participar d\u2019aquesta activitat. Pr\u00f2xima parada, 22 de juliol amb la festa del running infantil.<\/span><br style=\"box-sizing: border-box; color: #333333; font-family: 'Open Sans', Arial, sans-serif; font-size: 16px; font-style: normal; font-variant-ligatures: normal; font-variant-caps: normal; font-weight: 500; letter-spacing: normal; orphans: 2; text-align: start; text-indent: 0px; text-transform: none; white-space: normal; widows: 2; word-spacing: 0px; -webkit-text-stroke-width: 0px; background-color: #ffffff; text-decoration-thickness: initial; text-decoration-style: initial; text-decoration-color: initial;\" \/><span style=\"color: #333333; font-family: 'Open Sans', Arial, sans-serif; font-size: 16px; font-style: normal; font-variant-ligatures: normal; font-variant-caps: normal; font-weight: 500; letter-spacing: normal; orphans: 2; text-align: start; text-indent: 0px; text-transform: none; white-space: normal; widows: 2; word-spacing: 0px; -webkit-text-stroke-width: 0px; background-color: #ffffff; text-decoration-thickness: initial; text-decoration-style: initial; text-decoration-color: initial; display: inline !important; float: none;\">Fes esport a Museros!<\/span><\/p>\n<p>[\/et_pb_text][et_pb_divider color=\u00bb#999999&#8243; divider_style=\u00bbdotted\u00bb divider_weight=\u00bb7px\u00bb _builder_version=\u00bb4.16&#8243; _module_preset=\u00bbdefault\u00bb custom_margin=\u00bb40px||30px||false|false\u00bb global_colors_info=\u00bb{}\u00bb][\/et_pb_divider][et_pb_gallery gallery_ids=\u00bb261271,261272&#8243; fullwidth=\u00bbon\u00bb _builder_version=\u00bb4.17.6&#8243; _module_preset=\u00bbdefault\u00bb title_text_align=\u00bbcenter\u00bb text_orientation=\u00bbcenter\u00bb module_alignment=\u00bbcenter\u00bb animation_style=\u00bbfade\u00bb auto=\u00bbon\u00bb global_colors_info=\u00bb{}\u00bb][\/et_pb_gallery][et_pb_text admin_label=\u00bbText carrera solid\u00e0ria\u00bb _builder_version=\u00bb4.17.6&#8243; _module_preset=\u00bbdefault\u00bb custom_padding=\u00bb0px|||||\u00bb global_colors_info=\u00bb{}\u00bb]<\/p>\n<h3>Campionat de frontennis<strong><\/strong><strong><\/strong><\/h3>\n<p><span style=\"color: #333333; font-family: 'Open Sans', Arial, sans-serif; font-size: 16px; font-style: normal; font-variant-ligatures: normal; font-variant-caps: normal; font-weight: 500; letter-spacing: normal; orphans: 2; text-align: start; text-indent: 0px; text-transform: none; white-space: normal; widows: 2; word-spacing: 0px; -webkit-text-stroke-width: 0px; background-color: #ffffff; text-decoration-thickness: initial; text-decoration-style: initial; text-decoration-color: initial; display: inline !important; float: none;\"><\/span><span style=\"color: #333333; font-family: 'Open Sans', Arial, sans-serif; font-size: 16px; font-style: normal; font-variant-ligatures: normal; font-variant-caps: normal; font-weight: 500; letter-spacing: normal; orphans: 2; text-align: start; text-indent: 0px; text-transform: none; white-space: normal; widows: 2; word-spacing: 0px; -webkit-text-stroke-width: 0px; background-color: #ffffff; text-decoration-thickness: initial; text-decoration-style: initial; text-decoration-color: initial; display: inline !important; float: none;\">Aquest dilluns, 18 de juliol, es van disputar al front\u00f3 municipal, les finals del Campionat de Frontennis que ha estat disputant-se des del 4 de juliol.<br \/>A la final infantil, la parella formada per Daniel Ramos i \u00c0lvaro Lujan guanyaven per 31 a 28 a la parella formada per Bryan Alonso i Cristian Lujan. I a la final de la categoria \u00abamateur\u00bb, Jos\u00e9 Bautista i Pedro Cabrera s&#8217;imposaven 31 a 23 a \u00c0lex Besante i Eduard Mart\u00ednez.<br \/>Un torneig que ha tingut una excel\u00b7lent participaci\u00f3 i seguiment i ha estat coordinat per Antonio Cortell. Enhorabona a tots els participants. Fes esport a Museros!<\/span><\/p>\n<p>[\/et_pb_text][et_pb_divider color=\u00bb#999999&#8243; divider_style=\u00bbdotted\u00bb divider_weight=\u00bb7px\u00bb _builder_version=\u00bb4.16&#8243; _module_preset=\u00bbdefault\u00bb custom_margin=\u00bb40px||30px||false|false\u00bb global_colors_info=\u00bb{}\u00bb][\/et_pb_divider][et_pb_gallery gallery_ids=\u00bb258993,258994,258995,258996,258997,258998&#8243; fullwidth=\u00bbon\u00bb _builder_version=\u00bb4.17.6&#8243; _module_preset=\u00bbdefault\u00bb animation_style=\u00bbfade\u00bb auto=\u00bbon\u00bb global_colors_info=\u00bb{}\u00bb][\/et_pb_gallery][et_pb_text admin_label=\u00bbText carrera solid\u00e0ria\u00bb _builder_version=\u00bb4.17.4&#8243; _module_preset=\u00bbdefault\u00bb global_colors_info=\u00bb{}\u00bb]<\/p>\n<h3>Ruta de senderisme a Pen\u00edscola<br \/><strong><\/strong><\/h3>\n<p><strong>El diumenge passat es va celebrar la pen\u00faltima ruta del programa municipal de senderisme.<\/strong><\/p>\n<p>Ens despla\u00e7\u00e0vem a Pen\u00edscola per a fer un itinerari pel Parc Natural de la Serra d&#8217;Irta, visitant el despoblat i gaudint de les meravelloses vistes que ens ofereix aquesta ruta. Un mat\u00ed assolellat, amb molt bona temperatura donada la proximitat de la mar. Repetirem segur!<\/p>\n<p>La regidoria d&#8217;Educaci\u00f3 i Esports i la regidoria de Joventut, informen que en breu s&#8217;obriran les inscripcions a l&#8217;\u00faltima ruta, cascada del Corbinet, a Cortes de Pall\u00e1s, que se celebrar\u00e0 el pr\u00f2xim 12 de juny.<\/p>\n<p>Trobareu tota la informaci\u00f3 en https:\/\/esportactiu.com\/senderisme-museros\/<\/p>\n<p>[\/et_pb_text][et_pb_divider color=\u00bb#999999&#8243; divider_style=\u00bbdotted\u00bb divider_weight=\u00bb7px\u00bb _builder_version=\u00bb4.16&#8243; _module_preset=\u00bbdefault\u00bb custom_margin=\u00bb40px||30px||false|false\u00bb global_colors_info=\u00bb{}\u00bb][\/et_pb_divider][et_pb_gallery gallery_ids=\u00bb259000,258999&#8243; fullwidth=\u00bbon\u00bb _builder_version=\u00bb4.17.6&#8243; _module_preset=\u00bbdefault\u00bb animation_style=\u00bbfade\u00bb auto=\u00bbon\u00bb global_colors_info=\u00bb{}\u00bb][\/et_pb_gallery][et_pb_text admin_label=\u00bbText carrera solid\u00e0ria\u00bb _builder_version=\u00bb4.17.4&#8243; _module_preset=\u00bbdefault\u00bb global_colors_info=\u00bb{}\u00bb]<\/p>\n<h3>Cursa de cinc quil\u00f2metres<br \/><strong><\/strong><\/h3>\n<p>El diumenge 8 de maig va tindre lloc la V Edici\u00f3 de la 5k d&#8217;Emperador, dins del Circuit de l&#8217;Horta Nord. El Grup de c\u00f3rrer de Museros, coorganitzador del Circuit, va tindre una excel\u00b7lent participaci\u00f3 en aquesta cursa. Fins a 32 membres del club van prendre part en la carrera, aconseguint el premi en la classificaci\u00f3 final com a equip m\u00e9s nombr\u00f3s.<br \/>Volem recon\u00e9ixer l&#8217;esfor\u00e7 i dedicaci\u00f3 del Grup de c\u00f3rrer de Museros, un dels clubs m\u00e9s joves del Circuit, fundat en 2019, i dels m\u00e9s nombrosos, ja que compta amb un total de 92 corredors i corredores, 56 adults i 36 menors. Enhorabona!<\/p>\n<p>[\/et_pb_text][et_pb_divider color=\u00bb#999999&#8243; divider_style=\u00bbdotted\u00bb divider_weight=\u00bb7px\u00bb _builder_version=\u00bb4.16&#8243; _module_preset=\u00bbdefault\u00bb custom_margin=\u00bb40px||30px||false|false\u00bb global_colors_info=\u00bb{}\u00bb][\/et_pb_divider][et_pb_gallery gallery_ids=\u00bb259001,259002,259003,259004&#8243; fullwidth=\u00bbon\u00bb _builder_version=\u00bb4.17.6&#8243; _module_preset=\u00bbdefault\u00bb animation_style=\u00bbfade\u00bb auto=\u00bbon\u00bb global_colors_info=\u00bb{}\u00bb][\/et_pb_gallery][et_pb_text admin_label=\u00bbText carrera solid\u00e0ria\u00bb _builder_version=\u00bb4.17.4&#8243; _module_preset=\u00bbdefault\u00bb global_colors_info=\u00bb{}\u00bb]<\/p>\n<h3>Open d&#8217;Espanya de Jiu jitsu<strong><\/strong><\/h3>\n<p>El Club de Jiu jitsu de Museros va participar dissabte 7 de maig a l&#8217;Open d&#8217;Espanya, celebrat al poliesportiu d&#8217;Alaqu\u00e0s. El club va presentar a 20 participants en aquesta competici\u00f3, obtenint uns resultats excel\u00b7lents.<\/p>\n<p>L&#8217;equip cadet va obtindre la primera i la segona posici\u00f3 al medaller, medalla d&#8217;or i de plata. En categoria infantil es van obtindre tres medalles de bronze, mentre que la categoria alev\u00ed aconseguia sumar dos medalles de bronze m\u00e9s. Tancava el medaller l&#8217;equip benjam\u00ed, amb dos medalles de plata.<\/p>\n<p>Enhorabona als esportistes i al club per aquests resultats. A seguir endavant!<\/p>\n<p>[\/et_pb_text][et_pb_divider color=\u00bb#999999&#8243; divider_style=\u00bbdotted\u00bb divider_weight=\u00bb7px\u00bb _builder_version=\u00bb4.16&#8243; _module_preset=\u00bbdefault\u00bb custom_margin=\u00bb40px||30px||false|false\u00bb global_colors_info=\u00bb{}\u00bb][\/et_pb_divider][et_pb_image src=\u00bbhttps:\/\/museros.org\/wp-content\/uploads\/2022\/04\/carrera-solidaria-04-22.jpg\u00bb title_text=\u00bbcarrera-solidaria-04-22&#8243; admin_label=\u00bbImage carrera solid\u00e0ria\u00bb _builder_version=\u00bb4.17.6&#8243; _module_preset=\u00bbdefault\u00bb global_colors_info=\u00bb{}\u00bb][\/et_pb_image][et_pb_text admin_label=\u00bbText carrera solid\u00e0ria\u00bb _builder_version=\u00bb4.17.1&#8243; _module_preset=\u00bbdefault\u00bb global_colors_info=\u00bb{}\u00bb]<\/p>\n<h3>Museros recapta m\u00e9s de 4.500 euros per a ajudar a les persones que pateixen distr\u00f2fia muscular \u2018Duchenne\u2019<\/h3>\n<p><strong>La carrera de 5K va ser organitzada pel Grup de C\u00f3rrer Museros en col\u00b7laboraci\u00f3 amb l&#8217;Ajuntament<\/strong><\/p>\n<p>El passat 26 de mar\u00e7 els ve\u00efns i les ve\u00efnes de Museros van participar en una carrera amb l&#8217;objectiu de recaptar fons i destinar-los a Duchenne Parent Project Espa\u00f1a, l&#8217;associaci\u00f3 que ajuda a les persones que pateixen distr\u00f2fia muscular \u2018Duchenne\u2019, un desordre progressiu del m\u00fascul que causa la p\u00e8rdua de la seua funci\u00f3 i per tant els afectats acaben perdent totalment la seua independ\u00e8ncia.<\/p>\n<p>La carrera, organitzada pel Grup de C\u00f3rrer Museros en col\u00b7laboraci\u00f3 amb l&#8217;Ajuntament del municipi, va tindre un recorregut de cinc quil\u00f2metres i va aconseguir la participaci\u00f3 d&#8217;un total de 383 persones, les quals van mostrar el seu agra\u00efment per la bona iniciativa i l&#8217;organitzaci\u00f3 de l&#8217;esdeveniment esportiu.<\/p>\n<p>\u201cGr\u00e0cies a la gran participaci\u00f3 de la gent de Museros, hem aconseguit recaptar un total de 4.577,59 euros per a destinar-los \u00edntegrament a aquesta associaci\u00f3. Des de l&#8217;Ajuntament sempre donarem suport a iniciatives solid\u00e0ries, perqu\u00e8 a m\u00e9s de recaptar fons i ajudar a la gent, serveixen per a crear un bon ambient sa i participatiu als nostres carrers\u201d, va comentar Cristina Civera, alcaldessa de Museros.<\/p>\n<p>\u201cEsperem que aix\u00f2 siga el principi i continuem fent iniciatives com aquesta al nostre poble. Museros \u00e9s molt solidari i crec que ho hem aconseguit demostrar. Amb tot aix\u00f2 puc afirmar que el gran sacrifici que portem fent des del mes de setembre ha sigut m\u00e9s que recompensat i \u00e9s amb tot aix\u00f2 amb el que ens volem quedar\u201d va afegir Raquel Alcover, presidenta del Grup de C\u00f3rrer Museros.<\/p>\n<p>La pr\u00f2xima carrera a Museros ser\u00e0 la del Circuit Horta Nord, que tindr\u00e0 un recorregut de set quil\u00f2metres i es realitzar\u00e0 el 24 de setembre.<\/p>\n<p>[\/et_pb_text][et_pb_divider color=\u00bb#999999&#8243; divider_style=\u00bbdotted\u00bb divider_weight=\u00bb7px\u00bb _builder_version=\u00bb4.16&#8243; _module_preset=\u00bbdefault\u00bb custom_margin=\u00bb40px||30px||false|false\u00bb global_colors_info=\u00bb{}\u00bb][\/et_pb_divider][et_pb_image src=\u00bbhttps:\/\/museros.org\/wp-content\/uploads\/2022\/03\/cartell-carrera.jpg\u00bb title_text=\u00bbcartell-carrera\u00bb admin_label=\u00bbImage carrera solid\u00e0ria\u00bb _builder_version=\u00bb4.16.1&#8243; _module_preset=\u00bbdefault\u00bb global_colors_info=\u00bb{}\u00bb][\/et_pb_image][et_pb_text admin_label=\u00bbText carrera solid\u00e0ria\u00bb _builder_version=\u00bb4.17.1&#8243; _module_preset=\u00bbdefault\u00bb global_colors_info=\u00bb{}\u00bb]<\/p>\n<h3>Carrera solid\u00e0ria<\/h3>\n<p>5 km en favor de Duchenne Espa\u00f1a. A Museros, el dissabte 26 de mar\u00e7, a les 17.00 h.<br \/>Organitza: Grup de C\u00f3rrer Museros<br \/>Inscripcions: <a href=\"https:\/\/cronorunner.com\/evento.php?ref=435-1582\" target=\"_blank\" rel=\"noopener\">www.cronorunner.com<\/a><\/p>\n<p>[\/et_pb_text][et_pb_divider color=\u00bb#999999&#8243; divider_style=\u00bbdotted\u00bb divider_weight=\u00bb7px\u00bb _builder_version=\u00bb4.16&#8243; _module_preset=\u00bbdefault\u00bb custom_margin=\u00bb40px||30px||false|false\u00bb global_colors_info=\u00bb{}\u00bb][\/et_pb_divider][et_pb_text admin_label=\u00bbT\u00edtol nevera de castro\u00bb _builder_version=\u00bb4.17.1&#8243; _module_preset=\u00bbdefault\u00bb global_colors_info=\u00bb{}\u00bb]<\/p>\n<h1>Cinquena ruta, la Nevera de Castro<\/h1>\n<p>[\/et_pb_text][et_pb_image src=\u00bbhttps:\/\/museros.org\/wp-content\/uploads\/2022\/02\/neveradecastro.jpg\u00bb title_text=\u00bbneveradecastro\u00bb admin_label=\u00bbImage nevera de castro\u00bb _builder_version=\u00bb4.16&#8243; _module_preset=\u00bbdefault\u00bb global_colors_info=\u00bb{}\u00bb][\/et_pb_image][et_pb_text admin_label=\u00bbText neverade castro\u00bb _builder_version=\u00bb4.17.1&#8243; _module_preset=\u00bbdefault\u00bb global_colors_info=\u00bb{}\u00bb]<\/p>\n<h3><\/h3>\n<p>La regidoria d&#8217;Educaci\u00f3 i Esports i la regidoria de Joventut informen que ja estan obertes les inscripcions a la cinquena ruta, Nevera de Castro, que se celebrar\u00e0 el pr\u00f2xim 3 d&#8217;abril. Trobareu tota la informaci\u00f3 en <a href=\"https:\/\/esportactiu.com\/senderisme-museros\/\" target=\"_blank\" rel=\"noopener\">https:\/\/esportactiu.com\/senderisme-museros\/<\/a><\/p>\n<p>[\/et_pb_text][et_pb_divider color=\u00bb#999999&#8243; divider_style=\u00bbdotted\u00bb divider_weight=\u00bb7px\u00bb _builder_version=\u00bb4.16&#8243; _module_preset=\u00bbdefault\u00bb custom_margin=\u00bb40px||30px||false|false\u00bb global_colors_info=\u00bb{}\u00bb][\/et_pb_divider][et_pb_text admin_label=\u00bbT\u00edtol Garb\u00ed\u00bb _builder_version=\u00bb4.17.1&#8243; _module_preset=\u00bbdefault\u00bb global_colors_info=\u00bb{}\u00bb]<\/p>\n<h1>Garb\u00ed des d&#8217;Estivella<\/h1>\n<p>[\/et_pb_text][et_pb_gallery gallery_ids=\u00bb257614,257615,257616,257617,257618&#8243; fullwidth=\u00bbon\u00bb _builder_version=\u00bb4.17.0&#8243; _module_preset=\u00bbdefault\u00bb background_layout=\u00bbdark\u00bb global_colors_info=\u00bb{}\u00bb][\/et_pb_gallery][et_pb_text admin_label=\u00bbText Garb\u00ed\u00bb _builder_version=\u00bb4.17.1&#8243; _module_preset=\u00bbdefault\u00bb global_colors_info=\u00bb{}\u00bb]<\/p>\n<p><span style=\"color: #808080;\">3 de febrer de 2022<\/span><br \/>Aquest diumenge s\u2019ha celebrat la quarta ruta del programa municipal de senderisme. Ens hem despla\u00e7at fins a Estivella per a fer la ruta del Garb\u00ed. Hem disfrutat d\u2019un dia assolellat i d\u2019una excel\u00b7lent ruta que hem pogut gaudir totes les persones participants.<br \/>La regidoria d\u2019Educaci\u00f3 i Esports, i la regidoria de Joventut, informen que ja estan obertes les inscripcions a la cinquena ruta, Nevera de Castro, que se celebrar\u00e0 el pr\u00f2xim 3 d\u2019abril.<br \/>Trobareu tota la informaci\u00f3 en <a href=\"https:\/\/esportactiu.com\/senderisme-museros\/\" target=\"_blank\" rel=\"noopener\">https:\/\/esportactiu.com\/senderisme-museros\/<\/a><\/p>\n<p>[\/et_pb_text][et_pb_divider color=\u00bb#999999&#8243; divider_style=\u00bbdotted\u00bb divider_weight=\u00bb7px\u00bb _builder_version=\u00bb4.16.1&#8243; _module_preset=\u00bbdefault\u00bb custom_margin=\u00bb40px||30px||false|false\u00bb global_colors_info=\u00bb{}\u00bb][\/et_pb_divider][et_pb_text admin_label=\u00bbT\u00edtol Aq\u00fceducte\u00bb _builder_version=\u00bb4.16.1&#8243; _module_preset=\u00bbdefault\u00bb global_colors_info=\u00bb{}\u00bb]<\/p>\n<h1>Aq\u00fceducte rom\u00e0 de \u2018Pe\u00f1a Cortada\u2019<\/h1>\n<p>[\/et_pb_text][et_pb_gallery gallery_ids=\u00bb257610,257611,257612,257613&#8243; fullwidth=\u00bbon\u00bb _builder_version=\u00bb4.17.0&#8243; _module_preset=\u00bbdefault\u00bb background_layout=\u00bbdark\u00bb global_colors_info=\u00bb{}\u00bb][\/et_pb_gallery][et_pb_text admin_label=\u00bbText Aq\u00fceducte\u00bb _builder_version=\u00bb4.16.1&#8243; _module_preset=\u00bbdefault\u00bb global_colors_info=\u00bb{}\u00bb]<\/p>\n<p><span style=\"color: #808080;\">14 de decembre de 2021<\/span><br \/>El diumenge 12 de desembre vam celebrar la tercera de les rutes del programa de Senderisme Municipal. Ens despla\u00e7arem fins a la localitat de Calles, a la comarca dels Serrans, per visitar l\u2019Aq\u00fceducte rom\u00e0 de \u2018Pe\u00f1a Cortada\u2018.<br \/>Un mat\u00ed assolellat ens va permetre gaudir d\u2019una excel\u00b7lent ruta en un entorn privilegiat.<br \/>La regidoria d\u2019Educaci\u00f3 i Esports i la regidoria de Joventut informen que ja estan obertes les inscripcions a la quarta ruta, \u2018Pic de l\u2019\u00c0guila\u2019, que es celebrar\u00e0 el pr\u00f2xim 23 de gener. Trobareu tota la informaci\u00f3 en <a href=\"https:\/\/esportactiu.com\/senderisme-museros\/\" target=\"_blank\" rel=\"noopener\">https:\/\/esportactiu.com\/senderisme-museros\/<\/a><\/p>\n<p>[\/et_pb_text][et_pb_divider color=\u00bb#999999&#8243; divider_style=\u00bbdotted\u00bb divider_weight=\u00bb7px\u00bb _builder_version=\u00bb4.16.1&#8243; _module_preset=\u00bbdefault\u00bb custom_margin=\u00bb40px||30px||false|false\u00bb global_colors_info=\u00bb{}\u00bb][\/et_pb_divider][et_pb_text admin_label=\u00bbT\u00edtol la Hoz\u00bb _builder_version=\u00bb4.16.1&#8243; _module_preset=\u00bbdefault\u00bb global_colors_info=\u00bb{}\u00bb]<\/p>\n<h1>\u2018La Vuelta de la Hoz\u2019 X\u00e8rica<\/h1>\n<p>[\/et_pb_text][et_pb_gallery gallery_ids=\u00bb257605,257606,257607,257608,257609&#8243; fullwidth=\u00bbon\u00bb _builder_version=\u00bb4.17.0&#8243; _module_preset=\u00bbdefault\u00bb background_layout=\u00bbdark\u00bb global_colors_info=\u00bb{}\u00bb][\/et_pb_gallery][et_pb_text admin_label=\u00bbText la Hoz\u00bb _builder_version=\u00bb4.16.1&#8243; _module_preset=\u00bbdefault\u00bb global_colors_info=\u00bb{}\u00bb]<\/p>\n<p><span style=\"color: #808080;\">30 de novembre de 2021<\/span><br \/>El diumenge passat es va celebrar la segona de les rutes del programa de Senderisme Municipal, \u2018La Vuelta de la Hoz\u2019 al terme municipal de X\u00e8rica a la Serra d\u2019Espad\u00e0.<br \/>Vam tindre un mat\u00ed fred i amb vent, per\u00f2 vam poder disfrutar d\u2019una ruta molt entretinguda.<br \/>La regidoria d\u2019Educaci\u00f3 i Esports i la regidoria de Joventut informen que ja estan obertes les inscripcions a la tercera ruta, Aq\u00fceducte de Penya Tallada, que se celebrar\u00e0 el pr\u00f2xim 12 de desembre. Trobareu tota la informaci\u00f3 en <a href=\"https:\/\/esportactiu.com\/senderisme-museros\/\" target=\"_blank\" rel=\"noopener\">https:\/\/esportactiu.com\/senderisme-museros\/<\/a><\/p>\n<p>[\/et_pb_text][et_pb_divider color=\u00bb#999999&#8243; divider_style=\u00bbdotted\u00bb divider_weight=\u00bb7px\u00bb _builder_version=\u00bb4.16.1&#8243; _module_preset=\u00bbdefault\u00bb custom_margin=\u00bb40px||30px||false|false\u00bb global_colors_info=\u00bb{}\u00bb][\/et_pb_divider][et_pb_text admin_label=\u00bbT\u00edtol Castell de Benial\u00ed\u00bb _builder_version=\u00bb4.16.1&#8243; _module_preset=\u00bbdefault\u00bb global_colors_info=\u00bb{}\u00bb]<\/p>\n<h1>Castell de Benial\u00ed, serra d\u2019Espad\u00e0<\/h1>\n<p>[\/et_pb_text][et_pb_gallery gallery_ids=\u00bb257599,257600,257601,257602,257603,257604&#8243; fullwidth=\u00bbon\u00bb _builder_version=\u00bb4.17.0&#8243; _module_preset=\u00bbdefault\u00bb background_layout=\u00bbdark\u00bb global_colors_info=\u00bb{}\u00bb][\/et_pb_gallery][et_pb_text admin_label=\u00bbText Castell de Benial\u00ed\u00bb _builder_version=\u00bb4.16.1&#8243; _module_preset=\u00bbdefault\u00bb global_colors_info=\u00bb{}\u00bb]<\/p>\n<p><span style=\"color: #808080;\">26 d&#8217;octubre de 2021<\/span><br \/>El diumenge passat es va celebrar la primera de les rutes del programa de Senderisme Municipal, en la qual es va visitar el Castell de Benial\u00ed, al parc natural de la Serra d\u2019Espad\u00e0. Un total de 50 participants es van despla\u00e7ar des de Museros per a completar aquest recorregut.<br \/>La regidoria d\u2019Educaci\u00f3 i Esports i la regidoria de Joventut informen que ja estan obertes les inscripcions a la segona ruta, \u2018Volta de la Hoz\u2019, que se celebrar\u00e0 el pr\u00f2xim 28 de novembre. Trobareu tota la informaci\u00f3 en <a href=\"https:\/\/esportactiu.com\/senderisme-museros\/\" target=\"_blank\" rel=\"noopener\">https:\/\/esportactiu.com\/senderisme-museros\/<\/a><\/p>\n<p>[\/et_pb_text][\/et_pb_column][\/et_pb_row][et_pb_row _builder_version=\u00bb4.16&#8243; _module_preset=\u00bbdefault\u00bb global_colors_info=\u00bb{}\u00bb][et_pb_column type=\u00bb4_4&#8243; _builder_version=\u00bb4.16&#8243; _module_preset=\u00bbdefault\u00bb global_colors_info=\u00bb{}\u00bb][et_pb_divider color=\u00bb#E02B20&#8243; divider_weight=\u00bb4px\u00bb _builder_version=\u00bb4.16&#8243; _module_preset=\u00bbdefault\u00bb global_colors_info=\u00bb{}\u00bb][\/et_pb_divider][\/et_pb_column][\/et_pb_row][\/et_pb_section]<\/p>\n","protected":false},"excerpt":{"rendered":"<p>Gimcana aqu\u00e0tica Ahir dilluns es va celebrar una divertida gimcana aqu\u00e0tica a la piscina municipal, en la qual un total de 120 xiquetes i xiquets van poder disfrutar de les diferents activitat aqu\u00e0tiques que es van preparar per a aquesta activitat.Vos deixem unes fotos on podeu comprovar el bon ambient i la diversi\u00f3.Finals del Torneig [&hellip;]<\/p>\n","protected":false},"author":8,"featured_media":0,"parent":0,"menu_order":0,"comment_status":"closed","ping_status":"closed","template":"","meta":{"_et_pb_use_builder":"on","_et_pb_old_content":"","_et_gb_content_width":"","_mc_calendar":[],"footnotes":""},"wf_page_folders":[297],"class_list":["post-253856","page","type-page","status-publish","hentry"],"_links":{"self":[{"href":"https:\/\/museros.org\/inici\/wp-json\/wp\/v2\/pages\/253856","targetHints":{"allow":["GET"]}}],"collection":[{"href":"https:\/\/museros.org\/inici\/wp-json\/wp\/v2\/pages"}],"about":[{"href":"https:\/\/museros.org\/inici\/wp-json\/wp\/v2\/types\/page"}],"author":[{"embeddable":true,"href":"https:\/\/museros.org\/inici\/wp-json\/wp\/v2\/users\/8"}],"replies":[{"embeddable":true,"href":"https:\/\/museros.org\/inici\/wp-json\/wp\/v2\/comments?post=253856"}],"version-history":[{"count":22,"href":"https:\/\/museros.org\/inici\/wp-json\/wp\/v2\/pages\/253856\/revisions"}],"predecessor-version":[{"id":261316,"href":"https:\/\/museros.org\/inici\/wp-json\/wp\/v2\/pages\/253856\/revisions\/261316"}],"wp:attachment":[{"href":"https:\/\/museros.org\/inici\/wp-json\/wp\/v2\/media?parent=253856"}],"wp:term":[{"taxonomy":"wf_page_folders","embeddable":true,"href":"https:\/\/museros.org\/inici\/wp-json\/wp\/v2\/wf_page_folders?post=253856"}],"curies":[{"name":"wp","href":"https:\/\/api.w.org\/{rel}","templated":true}]}}