{"id":253396,"date":"2022-02-26T17:10:12","date_gmt":"2022-02-26T17:10:12","guid":{"rendered":"https:\/\/museros.org\/inici\/?page_id=253396"},"modified":"2025-04-26T20:09:28","modified_gmt":"2025-04-26T20:09:28","slug":"a-museros-es-recicla","status":"publish","type":"page","link":"https:\/\/museros.org\/inici\/a-museros-es-recicla\/","title":{"rendered":"A Museros es recicla"},"content":{"rendered":"<p>[et_pb_section fb_built=\u00bb1&#8243; _builder_version=\u00bb4.16&#8243; _module_preset=\u00bbdefault\u00bb custom_margin=\u00bb0px||||false|false\u00bb custom_padding=\u00bb0px||||false|false\u00bb locked=\u00bboff\u00bb global_colors_info=\u00bb{}\u00bb][et_pb_row column_structure=\u00bb1_4,3_4&#8243; _builder_version=\u00bb4.16&#8243; _module_preset=\u00bbdefault\u00bb custom_margin=\u00bb0px||||false|false\u00bb custom_padding=\u00bb0px||||false|false\u00bb global_colors_info=\u00bb{}\u00bb][et_pb_column type=\u00bb1_4&#8243; _builder_version=\u00bb4.16&#8243; _module_preset=\u00bbdefault\u00bb global_colors_info=\u00bb{}\u00bb][et_pb_image src=\u00bbhttps:\/\/museros.org\/wp-content\/uploads\/2021\/08\/logo-3rm-redueix.jpg\u00bb title_text=\u00bblogo-3rm-redueix\u00bb url=\u00bbhttps:\/\/museros.org\/inici\/area-de-transicio-ecologica\/\u00bb use_overlay=\u00bbon\u00bb overlay_icon_color=\u00bb#E02B20&#8243; hover_overlay_color=\u00bbrgba(255,255,255,0.71)\u00bb hover_icon=\u00bb&#xe04d;||divi||400&#8243; _builder_version=\u00bb4.27.4&#8243; _module_preset=\u00bbdefault\u00bb hover_enabled=\u00bb0&#8243; global_colors_info=\u00bb{}\u00bb sticky_enabled=\u00bb0&#8243;][\/et_pb_image][\/et_pb_column][et_pb_column type=\u00bb3_4&#8243; _builder_version=\u00bb4.16&#8243; _module_preset=\u00bbdefault\u00bb global_colors_info=\u00bb{}\u00bb][et_pb_text _builder_version=\u00bb4.17.1&#8243; _module_preset=\u00bbdefault\u00bb custom_margin=\u00bb||5px||false|false\u00bb global_colors_info=\u00bb{}\u00bb]<\/p>\n<h1>Museros recicla! #Campanya 3R<\/h1>\n<p><strong>Al contenidor marr\u00f3:<\/strong><br \/>Es deposita: tovallons o paper utilitzat, corfes d&#8217;ou, p\u00f2sits de caf\u00e9, restes de menjar com fruita, verdura, carn, peix&#8230;<br \/>No es deposita: envasos, vidre, paper, cart\u00f3, porcellana&#8230;<br \/>Sabies que la fracci\u00f3 org\u00e0nica \u00e9s dels residus que m\u00e9s es produeix a Espanya, s\u2019aconsegueixen valors sobre el 40 % de residu total generat pel que fa a la resta de fraccions?<br \/>Font: Ecoembes.<\/p>\n<p>[\/et_pb_text][et_pb_image src=\u00bbhttps:\/\/museros.org\/wp-content\/uploads\/2022\/02\/cache_2488264571.jpg\u00bb title_text=\u00bbcache_2488264571&#8243; _builder_version=\u00bb4.16&#8243; _module_preset=\u00bbdefault\u00bb custom_margin=\u00bb40px||||false|false\u00bb custom_padding=\u00bb0px||40px||false|false\u00bb global_colors_info=\u00bb{}\u00bb][\/et_pb_image][et_pb_divider color=\u00bb#999999&#8243; divider_style=\u00bbdotted\u00bb divider_weight=\u00bb7px\u00bb _builder_version=\u00bb4.16&#8243; _module_preset=\u00bbdefault\u00bb locked=\u00bboff\u00bb global_colors_info=\u00bb{}\u00bb][\/et_pb_divider][et_pb_text _builder_version=\u00bb4.17.1&#8243; _module_preset=\u00bbdefault\u00bb global_colors_info=\u00bb{}\u00bb]<\/p>\n<p><strong>Al contenidor groc:<\/strong><br \/>Es deposita: botelles i envasos de pl\u00e0stic, paper d\u2019alumini, llandes, brics&#8230;<br \/>No es deposita: joguets, CDs, bolquers&#8230;<br \/>Sabies que existeixen 7 tipus diferents de pl\u00e0stics que formen els envasos sobre la base de la seua composici\u00f3 qu\u00edmica? Pots saber quin pl\u00e0stic \u00e9s pels codis d&#8217;identificaci\u00f3 que es representen a l&#8217;env\u00e0s.<br \/>Font: Ecoembes.<\/p>\n<p>[\/et_pb_text][et_pb_image src=\u00bbhttps:\/\/museros.org\/wp-content\/uploads\/2022\/02\/cache_2488264576.jpg\u00bb title_text=\u00bbcache_2488264576&#8243; _builder_version=\u00bb4.16&#8243; _module_preset=\u00bbdefault\u00bb custom_margin=\u00bb40px||||false|false\u00bb custom_padding=\u00bb0px||40px||false|false\u00bb global_colors_info=\u00bb{}\u00bb][\/et_pb_image][et_pb_divider color=\u00bb#999999&#8243; divider_style=\u00bbdotted\u00bb divider_weight=\u00bb7px\u00bb _builder_version=\u00bb4.16&#8243; _module_preset=\u00bbdefault\u00bb locked=\u00bboff\u00bb global_colors_info=\u00bb{}\u00bb][\/et_pb_divider][et_pb_text _builder_version=\u00bb4.17.1&#8243; _module_preset=\u00bbdefault\u00bb global_colors_info=\u00bb{}\u00bb]<\/p>\n<p><strong>Al contenidor blau:<\/strong><br \/>Es deposita: diaris, revistes, caixes de cart\u00f3&#8230;<br \/>No es deposita: brics, metalls, papers bruts&#8230;<br \/>Sabies que el paper \u00e9s un material 100 % reciclable i m\u00e9s del 80 % de la mat\u00e8ria primera de la ind\u00fastria paperera prov\u00e9 d&#8217;aquest material reciclat?<br \/>Font: MITECO.<\/p>\n<p>[\/et_pb_text][et_pb_image src=\u00bbhttps:\/\/museros.org\/wp-content\/uploads\/2022\/02\/cache_2488264577.jpg\u00bb title_text=\u00bbcache_2488264577&#8243; _builder_version=\u00bb4.16&#8243; _module_preset=\u00bbdefault\u00bb custom_margin=\u00bb40px||||false|false\u00bb custom_padding=\u00bb0px||40px||false|false\u00bb global_colors_info=\u00bb{}\u00bb][\/et_pb_image][et_pb_divider color=\u00bb#999999&#8243; divider_style=\u00bbdotted\u00bb divider_weight=\u00bb7px\u00bb _builder_version=\u00bb4.16&#8243; _module_preset=\u00bbdefault\u00bb locked=\u00bboff\u00bb global_colors_info=\u00bb{}\u00bb][\/et_pb_divider][et_pb_text _builder_version=\u00bb4.16&#8243; _module_preset=\u00bbdefault\u00bb global_colors_info=\u00bb{}\u00bb]<\/p>\n<p><strong>Al contenidor verd:<\/strong><br \/>Es deposita: botelles de vidre, recipients de cristall&#8230;<br \/>No es deposita: bombetes, espills, objectes de cer\u00e0mica&#8230;<br \/>Sabies que el vidre \u00e9s la fracci\u00f3 amb una major efici\u00e8ncia i efic\u00e0cia en l&#8217;etapa de reciclatge, i que s\u2019aprofita quasi sense l\u00edmits i sense perdre cap de les seues propietats d&#8217;origen?<br \/>\nFont: MITECO.<\/p>\n<p>[\/et_pb_text][et_pb_image src=\u00bbhttps:\/\/museros.org\/wp-content\/uploads\/2022\/02\/cache_2488264354.jpg\u00bb title_text=\u00bbcache_2488264354&#8243; _builder_version=\u00bb4.16&#8243; _module_preset=\u00bbdefault\u00bb custom_margin=\u00bb40px||||false|false\u00bb custom_padding=\u00bb0px||40px||false|false\u00bb global_colors_info=\u00bb{}\u00bb][\/et_pb_image][et_pb_divider color=\u00bb#999999&#8243; divider_style=\u00bbdotted\u00bb divider_weight=\u00bb7px\u00bb _builder_version=\u00bb4.16&#8243; _module_preset=\u00bbdefault\u00bb locked=\u00bboff\u00bb global_colors_info=\u00bb{}\u00bb][\/et_pb_divider][et_pb_text _builder_version=\u00bb4.16&#8243; _module_preset=\u00bbdefault\u00bb global_colors_info=\u00bb{}\u00bb]<\/p>\n<p><strong>Al contenidor de l\u2019oli:<\/strong><br \/>Es deposita: oli usat de cuina en botelles de pl\u00e0stic.<br \/>No es deposita: altres\u00a0 o l\u2019oli directament sense botella.<br \/>Punts de localitzaci\u00f3:<br \/>&#8211; Avinguda de la Senyera, 2<br \/>&#8211; Avinguda de la Creu (junt a l&#8217;estaci\u00f3)<br \/>&#8211; Carrer de la Senda Germana, 23 (parc de Mercadona)<br \/>Sabies que tirar l\u2019oli per la pica implica risc d&#8217;embossos de canonades i pot afectar l&#8217;intercanvi d&#8217;oxigen en crear-se pel\u00b7l\u00edcules en les aig\u00fces dels rius o llacs?<br \/>\nFont: MITECO.<\/p>\n<p>[\/et_pb_text][et_pb_image src=\u00bbhttps:\/\/museros.org\/wp-content\/uploads\/2022\/02\/cache_2488264359.jpg\u00bb title_text=\u00bbcache_2488264359&#8243; _builder_version=\u00bb4.16&#8243; _module_preset=\u00bbdefault\u00bb custom_margin=\u00bb40px||||false|false\u00bb custom_padding=\u00bb0px||40px||false|false\u00bb global_colors_info=\u00bb{}\u00bb][\/et_pb_image][et_pb_text _builder_version=\u00bb4.16&#8243; _module_preset=\u00bbdefault\u00bb global_colors_info=\u00bb{}\u00bb]<\/p>\n<p><strong>Al contenedor de ropa:<\/strong><br \/>Se deposita: ropa, complementos textiles, calzado&#8230;<br \/>Puntos de localizaci\u00f3n:<br \/>&#8211; Calle del Maestro Climent (garaje del se\u00f1or rector) &#8211; Avenida de Blasco Ib\u00e1\u00f1ez (rotonda de Verdolaga)<br \/>&#8211; Avenida de la Cruz (junto a la estaci\u00f3n)<br \/>&#8211; Avenida de la Cruz (ante la ferreter\u00eda)<br \/>Sab\u00edas que, en Espa\u00f1a, se generaron m\u00e1s de 900 millones de kilogramos de ropa usada en 2017, porque cada persona espa\u00f1ola compr\u00f3 34 piezas, aproximadamente, en el a\u00f1o, y rechaz\u00f3 unos 14 kg anuales?<br \/>\nFont: ASIRTEX.<\/p>\n<p>[\/et_pb_text][et_pb_divider color=\u00bb#999999&#8243; divider_style=\u00bbdotted\u00bb divider_weight=\u00bb7px\u00bb _builder_version=\u00bb4.16&#8243; _module_preset=\u00bbdefault\u00bb locked=\u00bboff\u00bb global_colors_info=\u00bb{}\u00bb][\/et_pb_divider][et_pb_text _builder_version=\u00bb4.16&#8243; _module_preset=\u00bbdefault\u00bb global_colors_info=\u00bb{}\u00bb]<\/p>\n<p><strong>Al contenidor de piles<\/strong><br \/>Es deposita: alcalines, de bot\u00f3, prism\u00e0tiques, cil\u00edndriques de petaca o bateries de m\u00f2bil o d\u2019ordinador&#8230;<br \/>Sabies que les piles contenen diferents metalls pesants, com el mercuri o el plom, i que s\u00f3n potencialment perillosos per a la salut i el medi ambient?<br \/>\nFont: MITECO<\/p>\n<p>[\/et_pb_text][et_pb_image src=\u00bbhttps:\/\/museros.org\/wp-content\/uploads\/2022\/02\/cache_2488264363.jpg\u00bb title_text=\u00bbcache_2488264363&#8243; _builder_version=\u00bb4.16&#8243; _module_preset=\u00bbdefault\u00bb custom_margin=\u00bb40px||||false|false\u00bb custom_padding=\u00bb0px||40px||false|false\u00bb global_colors_info=\u00bb{}\u00bb][\/et_pb_image][et_pb_text _builder_version=\u00bb4.16&#8243; _module_preset=\u00bbdefault\u00bb global_colors_info=\u00bb{}\u00bb]<\/p>\n<p><strong>Al contenidor de tubs fluorescents<\/strong><br \/>Es deposita: bombetes, bombetes led, tubs&#8230;<br \/>Sabies que es poden reciclar diferents parts d&#8217;aquests objectes una vegada finalitzat el seu \u00fas? El vidre podr\u00e0 ser utilitzat per a fer nous envasos i el mercuri moltes vegades per a maquin\u00e0ria o electr\u00f2nica.<br \/>\nFont: ECOEMBES.[\/et_pb_text][et_pb_divider color=\u00bb#999999&#8243; divider_style=\u00bbdotted\u00bb divider_weight=\u00bb7px\u00bb _builder_version=\u00bb4.16&#8243; _module_preset=\u00bbdefault\u00bb locked=\u00bboff\u00bb global_colors_info=\u00bb{}\u00bb][\/et_pb_divider][et_pb_text _builder_version=\u00bb4.16&#8243; _module_preset=\u00bbdefault\u00bb global_colors_info=\u00bb{}\u00bb]<\/p>\n<p><strong>Punts de localitzaci\u00f3:<\/strong><br \/>&#8211; Ajuntament de Museros<br \/>&#8211; Centre Social de Dia<br \/>&#8211; Ag\u00e8ncia de lectura<\/p>\n<p>[\/et_pb_text][\/et_pb_column][\/et_pb_row][et_pb_row _builder_version=\u00bb4.16&#8243; _module_preset=\u00bbdefault\u00bb global_colors_info=\u00bb{}\u00bb][et_pb_column type=\u00bb4_4&#8243; _builder_version=\u00bb4.16&#8243; _module_preset=\u00bbdefault\u00bb global_colors_info=\u00bb{}\u00bb][et_pb_divider color=\u00bb#E02B20&#8243; divider_weight=\u00bb4px\u00bb _builder_version=\u00bb4.16&#8243; _module_preset=\u00bbdefault\u00bb global_colors_info=\u00bb{}\u00bb][\/et_pb_divider][\/et_pb_column][\/et_pb_row][\/et_pb_section]<\/p>\n","protected":false},"excerpt":{"rendered":"<p>Museros recicla! #Campanya 3R Al contenidor marr\u00f3:Es deposita: tovallons o paper utilitzat, corfes d&#8217;ou, p\u00f2sits de caf\u00e9, restes de menjar com fruita, verdura, carn, peix&#8230;No es deposita: envasos, vidre, paper, cart\u00f3, porcellana&#8230;Sabies que la fracci\u00f3 org\u00e0nica \u00e9s dels residus que m\u00e9s es produeix a Espanya, s\u2019aconsegueixen valors sobre el 40 % de residu total generat [&hellip;]<\/p>\n","protected":false},"author":8,"featured_media":0,"parent":0,"menu_order":0,"comment_status":"closed","ping_status":"closed","template":"","meta":{"_et_pb_use_builder":"on","_et_pb_old_content":"","_et_gb_content_width":"","_mc_calendar":[],"footnotes":""},"wf_page_folders":[299],"class_list":["post-253396","page","type-page","status-publish","hentry"],"_links":{"self":[{"href":"https:\/\/museros.org\/inici\/wp-json\/wp\/v2\/pages\/253396","targetHints":{"allow":["GET"]}}],"collection":[{"href":"https:\/\/museros.org\/inici\/wp-json\/wp\/v2\/pages"}],"about":[{"href":"https:\/\/museros.org\/inici\/wp-json\/wp\/v2\/types\/page"}],"author":[{"embeddable":true,"href":"https:\/\/museros.org\/inici\/wp-json\/wp\/v2\/users\/8"}],"replies":[{"embeddable":true,"href":"https:\/\/museros.org\/inici\/wp-json\/wp\/v2\/comments?post=253396"}],"version-history":[{"count":12,"href":"https:\/\/museros.org\/inici\/wp-json\/wp\/v2\/pages\/253396\/revisions"}],"predecessor-version":[{"id":273884,"href":"https:\/\/museros.org\/inici\/wp-json\/wp\/v2\/pages\/253396\/revisions\/273884"}],"wp:attachment":[{"href":"https:\/\/museros.org\/inici\/wp-json\/wp\/v2\/media?parent=253396"}],"wp:term":[{"taxonomy":"wf_page_folders","embeddable":true,"href":"https:\/\/museros.org\/inici\/wp-json\/wp\/v2\/wf_page_folders?post=253396"}],"curies":[{"name":"wp","href":"https:\/\/api.w.org\/{rel}","templated":true}]}}