{"id":253147,"date":"2022-02-24T14:20:32","date_gmt":"2022-02-24T14:20:32","guid":{"rendered":"https:\/\/museros.org\/inici\/?page_id=253147"},"modified":"2022-03-16T14:14:27","modified_gmt":"2022-03-16T14:14:27","slug":"programacion-cultural-2022","status":"publish","type":"page","link":"https:\/\/museros.org\/inici\/es\/programacion-cultural-2022\/","title":{"rendered":"Programaci\u00f3n cultural 2022"},"content":{"rendered":"<p>[et_pb_section fb_built=\u00bb1&#8243; _builder_version=\u00bb4.14.8&#8243; _module_preset=\u00bbdefault\u00bb custom_margin=\u00bb0px||||false|false\u00bb custom_padding=\u00bb0px||||false|false\u00bb locked=\u00bboff\u00bb global_colors_info=\u00bb{}\u00bb][et_pb_row column_structure=\u00bb1_4,3_4&#8243; _builder_version=\u00bb4.14.8&#8243; _module_preset=\u00bbdefault\u00bb custom_margin=\u00bb0px||||false|false\u00bb custom_padding=\u00bb0px||||false|false\u00bb global_colors_info=\u00bb{}\u00bb][et_pb_column type=\u00bb1_4&#8243; _builder_version=\u00bb4.14.8&#8243; _module_preset=\u00bbdefault\u00bb global_colors_info=\u00bb{}\u00bb][et_pb_image src=\u00bbhttps:\/\/museros.org\/wp-content\/uploads\/2021\/08\/logo-casacultura-200&#215;160-1.jpg\u00bb title_text=\u00bblogo-casacultura-200&#215;160&#8243; url=\u00bbhttps:\/\/museros.org\/inici\/es\/casa-de-cultura-cs\u00bb use_overlay=\u00bbon\u00bb overlay_icon_color=\u00bb#E02B20&#8243; hover_overlay_color=\u00bbrgba(219,219,219,0.66)\u00bb hover_icon=\u00bb&#xe04d;||divi||400&#8243; align=\u00bbcenter\u00bb _builder_version=\u00bb4.14.9&#8243; _module_preset=\u00bbdefault\u00bb hover_enabled=\u00bb0&#8243; global_colors_info=\u00bb{}\u00bb sticky_enabled=\u00bb0&#8243;][\/et_pb_image][\/et_pb_column][et_pb_column type=\u00bb3_4&#8243; _builder_version=\u00bb4.14.8&#8243; _module_preset=\u00bbdefault\u00bb global_colors_info=\u00bb{}\u00bb][et_pb_text _builder_version=\u00bb4.14.8&#8243; _module_preset=\u00bbdefault\u00bb global_colors_info=\u00bb{}\u00bb]<\/p>\n<h1>PROGRAMACI\u00d3N CULTURAL<\/h1>\n<h3>CASA DE CULTURA DE MUSEROS 2022<\/h3>\n<h4>MARZO<\/h4>\n<p>5, s\u00e1bado, a las 20.00 h<br \/><strong>AGUA<\/strong><br \/>Espect\u00e1culo juvenil y adulto<br \/>SaludArte Teatro<\/p>\n<h4>ABRIL<\/h4>\n<p>2, s\u00e1bado, a las 19.00 h<br \/><strong>PA\u00dcRA<\/strong><br \/>Espect\u00e1culo familiar<br \/>Compa\u00f1\u00eda Lucas Escobedo<br \/>*Premio Millor Espectacle de Circ de les Arts Esc\u00e8niques Valencianes 2021<\/p>\n<p>10, domingo, a les 12.00 h<br \/><strong>PERE I EL LLOP I LA SIMFONIA DELS JOGUETS<\/strong><br \/>Concierto infantil teatralizado<br \/>Societat Uni\u00f3 Musical de Museros y Maria Colomer<\/p>\n<h4>MAYO<\/h4>\n<p>13, viernes, a las 22.30 h<br \/><strong>TENDUR MON AMOUR<\/strong><br \/>Mon\u00f3logos<br \/>Maria Juan y Toni de l\u2019Hostal<\/p>\n<p>21, s\u00e1bado, a las 20.00 h<br \/><strong>CONCIERTO DE CUERDA BANDAS SONORAS<\/strong><br \/>Todos los p\u00fablicos<br \/>Quartet de Corda Val\u00e8ncia<\/p>\n<p>29, dommingo, a las 12.00 h<br \/><strong>PINOTXO, UN MUSICAL D\u2019AVENTURES<\/strong><br \/>Espect\u00e1culo infantil<br \/>Trencad\u00eds Teatre<\/p>\n<h4>JUNIO<\/h4>\n<p>18, s\u00e1bado, a las 19.00 h<br \/><strong>REBEL\u00b7LI\u00d3<\/strong><br \/>Espect\u00e1culo familiar<br \/>Marea Danza<br \/>*Premio Millor Espectacle per a Xiquetes i Xiquets de les Arts Esc\u00e8niques Valencianes 2021<\/p>\n<p>Entrades i informaci\u00f3 a la Casa de Cultura o al web<br \/><a href=\"http:\/\/www.agendamuseros.com%20\" target=\"_blank\" rel=\"noopener\">www.agendamuseros.com<\/a><\/p>\n<p>&nbsp;<\/p>\n<p>&nbsp;<\/p>\n<p>[\/et_pb_text][\/et_pb_column][\/et_pb_row][et_pb_row _builder_version=\u00bb4.14.8&#8243; _module_preset=\u00bbdefault\u00bb global_colors_info=\u00bb{}\u00bb][et_pb_column type=\u00bb4_4&#8243; _builder_version=\u00bb4.14.8&#8243; _module_preset=\u00bbdefault\u00bb global_colors_info=\u00bb{}\u00bb][et_pb_divider color=\u00bb#E02B20&#8243; divider_weight=\u00bb4px\u00bb _builder_version=\u00bb4.14.8&#8243; _module_preset=\u00bbdefault\u00bb global_colors_info=\u00bb{}\u00bb][\/et_pb_divider][\/et_pb_column][\/et_pb_row][\/et_pb_section]<\/p>\n","protected":false},"excerpt":{"rendered":"<p>PROGRAMACI\u00d3N CULTURAL CASA DE CULTURA DE MUSEROS 2022 MARZO 5, s\u00e1bado, a las 20.00 hAGUAEspect\u00e1culo juvenil y adultoSaludArte Teatro ABRIL 2, s\u00e1bado, a las 19.00 hPA\u00dcRAEspect\u00e1culo familiarCompa\u00f1\u00eda Lucas Escobedo*Premio Millor Espectacle de Circ de les Arts Esc\u00e8niques Valencianes 2021 10, domingo, a les 12.00 hPERE I EL LLOP I LA SIMFONIA DELS JOGUETSConcierto infantil teatralizadoSocietat [&hellip;]<\/p>\n","protected":false},"author":8,"featured_media":0,"parent":0,"menu_order":0,"comment_status":"closed","ping_status":"closed","template":"","meta":{"_et_pb_use_builder":"on","_et_pb_old_content":"","_et_gb_content_width":"","_mc_calendar":[],"footnotes":""},"wf_page_folders":[382],"class_list":["post-253147","page","type-page","status-publish","hentry"],"_links":{"self":[{"href":"https:\/\/museros.org\/inici\/wp-json\/wp\/v2\/pages\/253147","targetHints":{"allow":["GET"]}}],"collection":[{"href":"https:\/\/museros.org\/inici\/wp-json\/wp\/v2\/pages"}],"about":[{"href":"https:\/\/museros.org\/inici\/wp-json\/wp\/v2\/types\/page"}],"author":[{"embeddable":true,"href":"https:\/\/museros.org\/inici\/wp-json\/wp\/v2\/users\/8"}],"replies":[{"embeddable":true,"href":"https:\/\/museros.org\/inici\/wp-json\/wp\/v2\/comments?post=253147"}],"version-history":[{"count":9,"href":"https:\/\/museros.org\/inici\/wp-json\/wp\/v2\/pages\/253147\/revisions"}],"predecessor-version":[{"id":254891,"href":"https:\/\/museros.org\/inici\/wp-json\/wp\/v2\/pages\/253147\/revisions\/254891"}],"wp:attachment":[{"href":"https:\/\/museros.org\/inici\/wp-json\/wp\/v2\/media?parent=253147"}],"wp:term":[{"taxonomy":"wf_page_folders","embeddable":true,"href":"https:\/\/museros.org\/inici\/wp-json\/wp\/v2\/wf_page_folders?post=253147"}],"curies":[{"name":"wp","href":"https:\/\/api.w.org\/{rel}","templated":true}]}}