{"id":252762,"date":"2022-02-18T15:23:58","date_gmt":"2022-02-18T15:23:58","guid":{"rendered":"https:\/\/museros.org\/inici\/?page_id=252762"},"modified":"2022-02-27T22:08:33","modified_gmt":"2022-02-27T22:08:33","slug":"setmana-de-lemprenedoria","status":"publish","type":"page","link":"https:\/\/museros.org\/inici\/setmana-de-lemprenedoria\/","title":{"rendered":"Setmana de l&#8217;emprenedoria"},"content":{"rendered":"<p>[et_pb_section fb_built=\u00bb1&#8243; _builder_version=\u00bb4.14.8&#8243; _module_preset=\u00bbdefault\u00bb custom_margin=\u00bb0px||0px||false|false\u00bb custom_padding=\u00bb0px||0px||false|false\u00bb global_colors_info=\u00bb{}\u00bb][et_pb_row column_structure=\u00bb1_4,3_4&#8243; _builder_version=\u00bb4.14.8&#8243; _module_preset=\u00bbdefault\u00bb custom_margin=\u00bb0px||0px||false|false\u00bb custom_padding=\u00bb0px||0px||false|false\u00bb global_colors_info=\u00bb{}\u00bb][et_pb_column type=\u00bb1_4&#8243; _builder_version=\u00bb4.14.8&#8243; _module_preset=\u00bbdefault\u00bb global_colors_info=\u00bb{}\u00bb][et_pb_image src=\u00bbhttps:\/\/museros.org\/wp-content\/uploads\/2021\/08\/logo-pactemnord.jpg\u00bb title_text=\u00bblogo-pactemnord\u00bb url=\u00bbhttps:\/\/museros.org\/inici\/area-docupacio\u00bb use_overlay=\u00bbon\u00bb overlay_icon_color=\u00bb#E02B20&#8243; hover_overlay_color=\u00bbrgba(255,255,255,0.7)\u00bb hover_icon=\u00bb&#xe04d;||divi||400&#8243; _builder_version=\u00bb4.14.8&#8243; _module_preset=\u00bbdefault\u00bb hover_enabled=\u00bb0&#8243; global_colors_info=\u00bb{}\u00bb sticky_enabled=\u00bb0&#8243;][\/et_pb_image][\/et_pb_column][et_pb_column type=\u00bb3_4&#8243; _builder_version=\u00bb4.14.8&#8243; _module_preset=\u00bbdefault\u00bb global_colors_info=\u00bb{}\u00bb][et_pb_text _builder_version=\u00bb4.14.8&#8243; _module_preset=\u00bbdefault\u00bb global_colors_info=\u00bb{}\u00bb]<\/p>\n<h3>Setmana de l&#8217;emprenedoria i responsabilitat social de l\u00b4Horta Nord, dies 8, 9 i 10 de mar\u00e7, en els municipis d&#8217;Alboraia, Pu\u00e7ol i Paterna.<\/h3>\n<p>Setmana dirigida a empreses, persones emprenedores, aut\u00f2nomas, responsables de RH, profesionals del desesenvolupament local i de la promoci\u00f3 econ\u00f2mica.<br \/>Es prendan les mesures de prevenci\u00f3 higi\u00e8nic sanit\u00e0ries enfront del covid-19 en cadascuna de les instal\u00b7lacions.<\/p>\n<p>[\/et_pb_text][\/et_pb_column][\/et_pb_row][et_pb_row column_structure=\u00bb1_3,1_3,1_3&#8243; _builder_version=\u00bb4.14.8&#8243; _module_preset=\u00bbdefault\u00bb global_colors_info=\u00bb{}\u00bb][et_pb_column type=\u00bb1_3&#8243; _builder_version=\u00bb4.14.8&#8243; _module_preset=\u00bbdefault\u00bb global_colors_info=\u00bb{}\u00bb][et_pb_image src=\u00bbhttps:\/\/museros.org\/wp-content\/uploads\/2022\/02\/alboraia-vl.jpg\u00bb title_text=\u00bbalboraia-vl\u00bb _builder_version=\u00bb4.14.8&#8243; _module_preset=\u00bbdefault\u00bb global_colors_info=\u00bb{}\u00bb][\/et_pb_image][\/et_pb_column][et_pb_column type=\u00bb1_3&#8243; _builder_version=\u00bb4.14.8&#8243; _module_preset=\u00bbdefault\u00bb global_colors_info=\u00bb{}\u00bb][et_pb_image src=\u00bbhttps:\/\/museros.org\/wp-content\/uploads\/2022\/02\/paterna-vl.jpg\u00bb title_text=\u00bbpaterna-vl\u00bb _builder_version=\u00bb4.14.8&#8243; _module_preset=\u00bbdefault\u00bb global_colors_info=\u00bb{}\u00bb][\/et_pb_image][\/et_pb_column][et_pb_column type=\u00bb1_3&#8243; _builder_version=\u00bb4.14.8&#8243; _module_preset=\u00bbdefault\u00bb global_colors_info=\u00bb{}\u00bb][et_pb_image src=\u00bbhttps:\/\/museros.org\/wp-content\/uploads\/2022\/02\/pusol-vl.jpg\u00bb title_text=\u00bbpusol-vl\u00bb _builder_version=\u00bb4.14.8&#8243; _module_preset=\u00bbdefault\u00bb global_colors_info=\u00bb{}\u00bb][\/et_pb_image][\/et_pb_column][\/et_pb_row][et_pb_row column_structure=\u00bb1_3,1_3,1_3&#8243; _builder_version=\u00bb4.14.8&#8243; _module_preset=\u00bbdefault\u00bb global_colors_info=\u00bb{}\u00bb][et_pb_column type=\u00bb1_3&#8243; _builder_version=\u00bb4.14.8&#8243; _module_preset=\u00bbdefault\u00bb global_colors_info=\u00bb{}\u00bb][et_pb_text _builder_version=\u00bb4.14.8&#8243; _module_preset=\u00bbdefault\u00bb global_colors_info=\u00bb{}\u00bb]<\/p>\n<p>@pactemnord<br \/>pactemnord@consorci.info<br \/>www.consorci.info\/webempresas<\/p>\n<p>[\/et_pb_text][\/et_pb_column][et_pb_column type=\u00bb1_3&#8243; _builder_version=\u00bb4.14.8&#8243; _module_preset=\u00bbdefault\u00bb global_colors_info=\u00bb{}\u00bb][et_pb_text _builder_version=\u00bb4.14.8&#8243; _module_preset=\u00bbdefault\u00bb global_colors_info=\u00bb{}\u00bb]<\/p>\n<p>Col\u00b7laboren:<\/p>\n<p>[\/et_pb_text][et_pb_image src=\u00bbhttps:\/\/museros.org\/wp-content\/uploads\/2022\/02\/pie-1.jpg\u00bb title_text=\u00bbpie-1&#8243; _builder_version=\u00bb4.14.8&#8243; _module_preset=\u00bbdefault\u00bb global_colors_info=\u00bb{}\u00bb][\/et_pb_image][\/et_pb_column][et_pb_column type=\u00bb1_3&#8243; _builder_version=\u00bb4.14.8&#8243; _module_preset=\u00bbdefault\u00bb global_colors_info=\u00bb{}\u00bb][et_pb_image src=\u00bbhttps:\/\/museros.org\/wp-content\/uploads\/2022\/02\/pie-2.jpg\u00bb title_text=\u00bbpie-2&#8243; _builder_version=\u00bb4.14.8&#8243; _module_preset=\u00bbdefault\u00bb width=\u00bb61%\u00bb global_colors_info=\u00bb{}\u00bb][\/et_pb_image][et_pb_image src=\u00bbhttps:\/\/museros.org\/wp-content\/uploads\/2022\/02\/pie-3.jpg\u00bb title_text=\u00bbpie-3&#8243; _builder_version=\u00bb4.14.8&#8243; _module_preset=\u00bbdefault\u00bb global_colors_info=\u00bb{}\u00bb][\/et_pb_image][\/et_pb_column][\/et_pb_row][et_pb_row _builder_version=\u00bb4.14.8&#8243; _module_preset=\u00bbdefault\u00bb global_colors_info=\u00bb{}\u00bb][et_pb_column type=\u00bb4_4&#8243; _builder_version=\u00bb4.14.8&#8243; _module_preset=\u00bbdefault\u00bb global_colors_info=\u00bb{}\u00bb][et_pb_divider color=\u00bb#E02B20&#8243; divider_weight=\u00bb4px\u00bb _builder_version=\u00bb4.14.8&#8243; _module_preset=\u00bbdefault\u00bb global_colors_info=\u00bb{}\u00bb][\/et_pb_divider][\/et_pb_column][\/et_pb_row][\/et_pb_section]<\/p>\n","protected":false},"excerpt":{"rendered":"<p>Setmana de l&#8217;emprenedoria i responsabilitat social de l\u00b4Horta Nord, dies 8, 9 i 10 de mar\u00e7, en els municipis d&#8217;Alboraia, Pu\u00e7ol i Paterna. Setmana dirigida a empreses, persones emprenedores, aut\u00f2nomas, responsables de RH, profesionals del desesenvolupament local i de la promoci\u00f3 econ\u00f2mica.Es prendan les mesures de prevenci\u00f3 higi\u00e8nic sanit\u00e0ries enfront del covid-19 en cadascuna de [&hellip;]<\/p>\n","protected":false},"author":8,"featured_media":0,"parent":0,"menu_order":0,"comment_status":"closed","ping_status":"closed","template":"","meta":{"_et_pb_use_builder":"on","_et_pb_old_content":"","_et_gb_content_width":"","_mc_calendar":[],"footnotes":""},"wf_page_folders":[157],"class_list":["post-252762","page","type-page","status-publish","hentry"],"_links":{"self":[{"href":"https:\/\/museros.org\/inici\/wp-json\/wp\/v2\/pages\/252762","targetHints":{"allow":["GET"]}}],"collection":[{"href":"https:\/\/museros.org\/inici\/wp-json\/wp\/v2\/pages"}],"about":[{"href":"https:\/\/museros.org\/inici\/wp-json\/wp\/v2\/types\/page"}],"author":[{"embeddable":true,"href":"https:\/\/museros.org\/inici\/wp-json\/wp\/v2\/users\/8"}],"replies":[{"embeddable":true,"href":"https:\/\/museros.org\/inici\/wp-json\/wp\/v2\/comments?post=252762"}],"version-history":[{"count":6,"href":"https:\/\/museros.org\/inici\/wp-json\/wp\/v2\/pages\/252762\/revisions"}],"predecessor-version":[{"id":253830,"href":"https:\/\/museros.org\/inici\/wp-json\/wp\/v2\/pages\/252762\/revisions\/253830"}],"wp:attachment":[{"href":"https:\/\/museros.org\/inici\/wp-json\/wp\/v2\/media?parent=252762"}],"wp:term":[{"taxonomy":"wf_page_folders","embeddable":true,"href":"https:\/\/museros.org\/inici\/wp-json\/wp\/v2\/wf_page_folders?post=252762"}],"curies":[{"name":"wp","href":"https:\/\/api.w.org\/{rel}","templated":true}]}}