{"id":251662,"date":"2021-12-26T08:52:53","date_gmt":"2021-12-26T08:52:53","guid":{"rendered":"https:\/\/museros.org\/inici\/?page_id=251662"},"modified":"2021-12-26T12:19:33","modified_gmt":"2021-12-26T12:19:33","slug":"2e-cuarta-reunion","status":"publish","type":"page","link":"https:\/\/museros.org\/inici\/es\/2e-cuarta-reunion\/","title":{"rendered":"2e Cuarta reuni\u00f3n"},"content":{"rendered":"<p>[et_pb_section fb_built=\u00bb1&#8243; _builder_version=\u00bb4.10.4&#8243; _module_preset=\u00bbdefault\u00bb custom_margin=\u00bb0px||||false|false\u00bb custom_padding=\u00bb0px||||false|false\u00bb locked=\u00bboff\u00bb global_colors_info=\u00bb{}\u00bb][et_pb_row column_structure=\u00bb1_3,2_3&#8243; _builder_version=\u00bb4.10.4&#8243; _module_preset=\u00bbdefault\u00bb custom_margin=\u00bb0px||||false|false\u00bb custom_padding=\u00bb0px||||false|false\u00bb global_colors_info=\u00bb{}\u00bb][et_pb_column type=\u00bb1_3&#8243; _builder_version=\u00bb4.6.5&#8243; _module_preset=\u00bbdefault\u00bb global_colors_info=\u00bb{}\u00bb][et_pb_image src=\u00bbhttps:\/\/museros.org\/wp-content\/uploads\/2021\/06\/logo-forumvecinal-230&#215;180-1.jpg\u00bb title_text=\u00bblogo-forumvecinal-230&#215;180&#8243; url=\u00bbhttps:\/\/museros.org\/inici\/es\/foro-vecinal\/\u00bb use_overlay=\u00bbon\u00bb overlay_icon_color=\u00bb#E02B20&#8243; hover_overlay_color=\u00bbrgba(255,255,255,0.7)\u00bb hover_icon=\u00bb&#xe04d;||divi||400&#8243; align=\u00bbcenter\u00bb admin_label=\u00bblogo forum vecinal\u00bb _builder_version=\u00bb4.14.4&#8243; _module_preset=\u00bbdefault\u00bb width_tablet=\u00bb\u00bb width_phone=\u00bb100%\u00bb width_last_edited=\u00bbon|desktop\u00bb custom_margin=\u00bb60px||||false|false\u00bb custom_margin_tablet=\u00bb\u00bb custom_margin_phone=\u00bb0px||||false|false\u00bb custom_margin_last_edited=\u00bbon|desktop\u00bb hover_enabled=\u00bb0&#8243; locked=\u00bboff\u00bb global_colors_info=\u00bb{}\u00bb src__hover_enabled=\u00bbon|desktop\u00bb src__hover=\u00bbhttps:\/\/museros.org\/wp-content\/uploads\/2021\/06\/logo-forumvecinal-230&#215;180-1.jpg\u00bb sticky_enabled=\u00bb0&#8243;][\/et_pb_image][\/et_pb_column][et_pb_column type=\u00bb2_3&#8243; _builder_version=\u00bb4.6.5&#8243; _module_preset=\u00bbdefault\u00bb global_colors_info=\u00bb{}\u00bb][et_pb_text _builder_version=\u00bb4.14.4&#8243; _module_preset=\u00bbdefault\u00bb global_colors_info=\u00bb{}\u00bb]<\/p>\n<h3>Segunda edici\u00f3n<\/h3>\n<h1>Cuarta reuni\u00f3n<\/h1>\n<h5>8 de noviembre de 2021<\/h5>\n<p>[\/et_pb_text][et_pb_image src=\u00bbhttps:\/\/museros.org\/wp-content\/uploads\/2021\/12\/2e-4a-reunio-forum.jpg\u00bb title_text=\u00bb2e-4a-reunio-forum\u00bb _builder_version=\u00bb4.14.4&#8243; _module_preset=\u00bbdefault\u00bb custom_margin=\u00bb30px||30px||false|false\u00bb global_colors_info=\u00bb{}\u00bb][\/et_pb_image][et_pb_text _builder_version=\u00bb4.14.4&#8243; _module_preset=\u00bbdefault\u00bb global_colors_info=\u00bb{}\u00bb]<\/p>\n<p>El lunes 08 de noviembre, a las 19.00 h, se convoc\u00f3 un taller presencial en la sala polivalente de la Casa de Cultura de Museros, a la cual asistieron las persones miembros del Foro que responden a estas categor\u00edas sociodemogr\u00e1ficas: 1 representante de la asociaci\u00f3n Comercios Asociados de Museros CAMU, 1 representante de la Asociaci\u00f3n de Vecinas y Vecinos de Museros, 2 representantes de la Asociaci\u00f3n de Jubilados y Pensionistas, 1 representante del Instituto Secular de Obreras de Cruz, 1 hombre adulto, 3 mujeres adultas.<br \/>El objetivo principal de la reuni\u00f3n fue empezar el dise\u00f1o de la pr\u00f3xima acci\u00f3n comunitaria que desarrollar\u00e1 el II Foro Vecinal en la primavera de 2022. Esta, fue esbozada por la primera edici\u00f3n el a\u00f1o pasado como una ampliaci\u00f3n de la l\u00ednea de trabajo de los entornos escolares seguros, y ahora, es la segunda la que recoge el testigo.<br \/>Mediante unas din\u00e1micas participativas, de trabajo en grupos peque\u00f1os y consenso en plenario, se decidi\u00f3 que:<br \/>\u2022 La iniciativa consistir\u00e1 a impulsar una red con el distintivo: ESPAI ACOLLIDOR.<br \/>\u2022 La imagen gr\u00e1fica de la iniciativa se ha encomendado en un estudio de artes gr\u00e1ficas externo al Ayuntamiento, quien ha presentado ya una propuesta sobre la cual el Foro aporta: emplear tipograf\u00edas y tonalidades \u00abacogedoras\u00bb, es decir, verde, amarillo o naranja pasteles (que, adem\u00e1s, pueden remitir a los cultivos de la huerta de la alcachofa, o la calabaza, por ejemplo); que el logo juego con la letra \u00aba\u00bb de la palabra \u00abacogedor\u00bb y la imagen de un abrazo; adem\u00e1s de la pegatina con el logo como distintivo, generar un d\u00edptico con el mapa de los espacios acogedores y una leyenda con iconos o pictogramas de los recursos que se pueden ofrecer (ba\u00f1o, agua&#8230;).<br \/>\u2022 Podr\u00e1n ser \u00abespais acollidors\u00bb el peque\u00f1o comercio local y los locales de las asociaciones del pueblo. Se sobreentiende que cualquier equipaci\u00f3n municipal tambi\u00e9n tiene que ser un espacio acogedor.<br \/>\u2022 Los requisitos m\u00ednimos para obtener el distintivo son: que el personal est\u00e9 sensibilizado y tenga empat\u00eda para atender cualquier persona que se encuentre en una situaci\u00f3n de urgencia especial (mareo, cambiar o amamantar un beb\u00e9, desorientaci\u00f3n, necesidad de utilizar el ba\u00f1o, etc.), contar\u00e1 con una lista con los tel\u00e9fonos de todos los recursos municipales para telefonear a qui\u00e9n convenga en cada caso (polic\u00eda, Centro de Salud, ambulancia&#8230;), ser\u00e1 accesible en t\u00e9rminos de movilidad y dificultades visuales o ling\u00fc\u00edsticas y procurar\u00e1 un cobijo de intimidad (con una silla, o en la trastienda, al ba\u00f1o&#8230;) a la persona que lo necesito.<br \/>\u2022 Se valoran como extras poder ofrecer un vaso de agua, ir al ba\u00f1o y facilitar hacer el pedido por tel\u00e9fono. A largo plazo convendr\u00eda que pudieron ser tambi\u00e9n puntos violeta para detectar, sin poner en riesgo nadie, v\u00edctimas de violencia (esta medida comportar\u00eda pasar por un proceso de sensibilizaci\u00f3n y formaci\u00f3n).<br \/>\u2022 Los comercios que se quieran adherir firmar\u00e1n un compromiso de desempe\u00f1o de los requisitos establecidos y regularmente se har\u00e1 una revisi\u00f3n. M\u00e1s adelante, el Ayuntamiento podr\u00eda considerar un reconocimiento p\u00fablico en la red adem\u00e1s de facilitar ayudas econ\u00f3micas o recursos para mejorar la accesibilidad o los medios de curas en esos espacios.<br \/>\u2022 Cuando los criterios sobre qu\u00e9 es un espacio acogedor est\u00e9n consensuados y se hayan cumplido las adhesiones, el Foro impulsar\u00e1 una acci\u00f3n de presentaci\u00f3n p\u00fablica, la cual podr\u00eda consistir en un pasacalle con la animaci\u00f3n de m\u00fasicos del pueblo.<\/p>\n<p>[\/et_pb_text][\/et_pb_column][\/et_pb_row][et_pb_row _builder_version=\u00bb4.6.5&#8243; _module_preset=\u00bbdefault\u00bb global_colors_info=\u00bb{}\u00bb][et_pb_column type=\u00bb4_4&#8243; _builder_version=\u00bb4.6.5&#8243; _module_preset=\u00bbdefault\u00bb global_colors_info=\u00bb{}\u00bb][et_pb_divider color=\u00bb#cc0000&#8243; divider_weight=\u00bb4px\u00bb _builder_version=\u00bb4.6.5&#8243; _module_preset=\u00bbdefault\u00bb global_colors_info=\u00bb{}\u00bb][\/et_pb_divider][\/et_pb_column][\/et_pb_row][\/et_pb_section]<\/p>\n","protected":false},"excerpt":{"rendered":"<p>Segunda edici\u00f3n Cuarta reuni\u00f3n 8 de noviembre de 2021El lunes 08 de noviembre, a las 19.00 h, se convoc\u00f3 un taller presencial en la sala polivalente de la Casa de Cultura de Museros, a la cual asistieron las persones miembros del Foro que responden a estas categor\u00edas sociodemogr\u00e1ficas: 1 representante de la asociaci\u00f3n Comercios Asociados [&hellip;]<\/p>\n","protected":false},"author":8,"featured_media":0,"parent":0,"menu_order":0,"comment_status":"closed","ping_status":"closed","template":"","meta":{"_et_pb_use_builder":"on","_et_pb_old_content":"","_et_gb_content_width":"","_mc_calendar":[],"footnotes":""},"wf_page_folders":[1066],"class_list":["post-251662","page","type-page","status-publish","hentry"],"_links":{"self":[{"href":"https:\/\/museros.org\/inici\/wp-json\/wp\/v2\/pages\/251662","targetHints":{"allow":["GET"]}}],"collection":[{"href":"https:\/\/museros.org\/inici\/wp-json\/wp\/v2\/pages"}],"about":[{"href":"https:\/\/museros.org\/inici\/wp-json\/wp\/v2\/types\/page"}],"author":[{"embeddable":true,"href":"https:\/\/museros.org\/inici\/wp-json\/wp\/v2\/users\/8"}],"replies":[{"embeddable":true,"href":"https:\/\/museros.org\/inici\/wp-json\/wp\/v2\/comments?post=251662"}],"version-history":[{"count":5,"href":"https:\/\/museros.org\/inici\/wp-json\/wp\/v2\/pages\/251662\/revisions"}],"predecessor-version":[{"id":251743,"href":"https:\/\/museros.org\/inici\/wp-json\/wp\/v2\/pages\/251662\/revisions\/251743"}],"wp:attachment":[{"href":"https:\/\/museros.org\/inici\/wp-json\/wp\/v2\/media?parent=251662"}],"wp:term":[{"taxonomy":"wf_page_folders","embeddable":true,"href":"https:\/\/museros.org\/inici\/wp-json\/wp\/v2\/wf_page_folders?post=251662"}],"curies":[{"name":"wp","href":"https:\/\/api.w.org\/{rel}","templated":true}]}}