{"id":251502,"date":"2021-12-25T11:18:03","date_gmt":"2021-12-25T11:18:03","guid":{"rendered":"https:\/\/museros.org\/inici\/?page_id=251502"},"modified":"2021-12-25T12:16:18","modified_gmt":"2021-12-25T12:16:18","slug":"1e-primera-reunion","status":"publish","type":"page","link":"https:\/\/museros.org\/inici\/es\/1e-primera-reunion\/","title":{"rendered":"1e Primera reuni\u00f3n"},"content":{"rendered":"\n[et_pb_section fb_built=\u00bb1&#8243; _builder_version=\u00bb4.10.4&#8243; _module_preset=\u00bbdefault\u00bb custom_margin=\u00bb0px||||false|false\u00bb custom_padding=\u00bb0px||||false|false\u00bb locked=\u00bboff\u00bb global_colors_info=\u00bb{}\u00bb][et_pb_row column_structure=\u00bb1_3,2_3&#8243; _builder_version=\u00bb4.10.4&#8243; _module_preset=\u00bbdefault\u00bb custom_margin=\u00bb0px||||false|false\u00bb custom_padding=\u00bb0px||||false|false\u00bb global_colors_info=\u00bb{}\u00bb][et_pb_column type=\u00bb1_3&#8243; _builder_version=\u00bb4.6.5&#8243; _module_preset=\u00bbdefault\u00bb global_colors_info=\u00bb{}\u00bb][et_pb_image src=\u00bbhttps:\/\/museros.org\/wp-content\/uploads\/2021\/06\/logo-forumvecinal-230&#215;180-1.jpg\u00bb title_text=\u00bblogo-forumvecinal-230&#215;180&#8243; url=\u00bbhttps:\/\/museros.org\/inici\/es\/foro-vecinal\/\u00bb align=\u00bbcenter\u00bb _builder_version=\u00bb4.14.4&#8243; _module_preset=\u00bbdefault\u00bb width=\u00bb100%\u00bb width_tablet=\u00bb100%\u00bb width_phone=\u00bb100%\u00bb width_last_edited=\u00bbon|desktop\u00bb custom_margin=\u00bb145px||||false|false\u00bb custom_margin_tablet=\u00bb30px||||false|false\u00bb custom_margin_phone=\u00bb\u00bb custom_margin_last_edited=\u00bbon|phone\u00bb global_colors_info=\u00bb{}\u00bb][\/et_pb_image][\/et_pb_column][et_pb_column type=\u00bb2_3&#8243; _builder_version=\u00bb4.6.5&#8243; _module_preset=\u00bbdefault\u00bb global_colors_info=\u00bb{}\u00bb][et_pb_text _builder_version=\u00bb4.14.4&#8243; _module_preset=\u00bbdefault\u00bb hover_enabled=\u00bb0&#8243; global_colors_info=\u00bb{}\u00bb sticky_enabled=\u00bb0&#8243;]<h3>Primera edici\u00f3n<\/h3>\n<h1>Primera reuni\u00f3n<\/h1>\n<h5>3 de marzo de 2020<\/h5>[\/et_pb_text][et_pb_image src=\u00bbhttps:\/\/museros.org\/wp-content\/uploads\/2021\/12\/1a-reunio-forum.jpg\u00bb title_text=\u00bb1a-reunio-forum\u00bb _builder_version=\u00bb4.14.4&#8243; _module_preset=\u00bbdefault\u00bb custom_margin=\u00bb30px||30px||false|false\u00bb global_colors_info=\u00bb{}\u00bb][\/et_pb_image][et_pb_text _builder_version=\u00bb4.14.4&#8243; _module_preset=\u00bbdefault\u00bb global_colors_info=\u00bb{}\u00bb]<p>La tarde del 3 de marzo tuvo lugar la primera reuni\u00f3n del Foro Vecinal de Museros. A esta, asistieron 16 personas (9 mujeres y 7 hombres), de las 25 iniciales que conforman este \u00f3rgano. El objetivo principal fue realizar una aproximaci\u00f3n a los cimientos te\u00f3ricos relacionados con los temas que ser\u00e1n tratados durante la primera edici\u00f3n del Foro Vecinal.<br \/>Al inicio, el grupo hizo una peque\u00f1a din\u00e1mica mediante la cual empezaron a hablar sobre el concepto de salud. A partir de la experiencia cotidiana de cada una de las personas participantes, se intercambiaron pareceres y se gener\u00f3 un clima de confianza entre las personas asistentes que facilit\u00f3 que intervinieron animadamente en la segunda parte de la sesi\u00f3n.<br \/>A continuaci\u00f3n, se abordaron los contenidos<br \/>te\u00f3ricos mediante una presentaci\u00f3n en PowerPoint sobre el IV Plan de salud de la Comunidad Valenciana y los planes de movilidad urbana sostenible, dos directrices pol\u00edticas que el Ayuntamiento quiere impulsar en Museros con la colaboraci\u00f3n del Foro Vecinal. Por lo tanto, esta sesi\u00f3n formativa trataba de ofrecer herramientas de reflexi\u00f3n porque la participaci\u00f3n de entidades y vecindario en este proceso sea significativa y est\u00e9 enmarcada en un lenguaje compartido.<br \/>As\u00ed pues, la presentaci\u00f3n abord\u00f3 fundamentalmente cu\u00e1les son los determinantes sociales de la salud, enfatizando como el modelo urban\u00edstico configura nuestros pueblos e influye en la salud del vecindario. Se reflexion\u00f3 sobre algunos espacios de Museros y las oportunidades que ofrecen para promover el encuentro y las relaciones vecinales. En este sentido, el grupo habl\u00f3 del papel de las asociaciones y de la fiesta como espacio de sociabilidad. Adem\u00e1s, se trataron temas como la contaminaci\u00f3n atmosf\u00e9rica y ac\u00fastica, la calidad de las zonas verdes y la necesidad de generar espacios realmente inclusivos, teniendo en cuenta las personas de diferentes edades, or\u00edgenes y capacidades diversas. Otras cuestiones como la soledad no deseada o la relaci\u00f3n con el Centro de Salud tambi\u00e9n despertaron el inter\u00e9s del grupo.<br \/>La sesi\u00f3n acab\u00f3 con la contextualizaci\u00f3n de la elaboraci\u00f3n del Plan de movilidad urbana sostenible de Museros, que actualmente se encuentra en fase de redacci\u00f3n. Se explic\u00f3 que se realizar\u00e1n diferentes acciones participativas porque la ciudadan\u00eda se pueda implicar. En concreto, en cuanto al Foro, se transmiti\u00f3 que en la pr\u00f3xima sesi\u00f3n, que ser\u00e1 31 de marzo, a las 19.30 h, se har\u00e1 un taller para tratar este tema.<br \/>Para finalizar, se acord\u00f3 generar, en la pr\u00f3xima reuni\u00f3n, un grupo de Whatsapp que sirva solo para recordar convocatorias, enviar res\u00famenes de las reuniones y confirmar la asistencia a las sesiones.<\/p>[\/et_pb_text][\/et_pb_column][\/et_pb_row][et_pb_row _builder_version=\u00bb4.6.5&#8243; _module_preset=\u00bbdefault\u00bb global_colors_info=\u00bb{}\u00bb][et_pb_column type=\u00bb4_4&#8243; _builder_version=\u00bb4.6.5&#8243; _module_preset=\u00bbdefault\u00bb global_colors_info=\u00bb{}\u00bb][et_pb_divider color=\u00bb#cc0000&#8243; divider_weight=\u00bb4px\u00bb _builder_version=\u00bb4.6.5&#8243; _module_preset=\u00bbdefault\u00bb global_colors_info=\u00bb{}\u00bb][\/et_pb_divider][\/et_pb_column][\/et_pb_row][\/et_pb_section]\n","protected":false},"excerpt":{"rendered":"<p>Primera edici\u00f3n Primera reuni\u00f3n 3 de marzo de 2020La tarde del 3 de marzo tuvo lugar la primera reuni\u00f3n del Foro Vecinal de Museros. A esta, asistieron 16 personas (9 mujeres y 7 hombres), de las 25 iniciales que conforman este \u00f3rgano. El objetivo principal fue realizar una aproximaci\u00f3n a los cimientos te\u00f3ricos relacionados con [&hellip;]<\/p>\n","protected":false},"author":8,"featured_media":0,"parent":0,"menu_order":0,"comment_status":"closed","ping_status":"closed","template":"","meta":{"_et_pb_use_builder":"on","_et_pb_old_content":"","_et_gb_content_width":"","_mc_calendar":[],"footnotes":""},"wf_page_folders":[1065],"class_list":["post-251502","page","type-page","status-publish","hentry"],"_links":{"self":[{"href":"https:\/\/museros.org\/inici\/wp-json\/wp\/v2\/pages\/251502","targetHints":{"allow":["GET"]}}],"collection":[{"href":"https:\/\/museros.org\/inici\/wp-json\/wp\/v2\/pages"}],"about":[{"href":"https:\/\/museros.org\/inici\/wp-json\/wp\/v2\/types\/page"}],"author":[{"embeddable":true,"href":"https:\/\/museros.org\/inici\/wp-json\/wp\/v2\/users\/8"}],"replies":[{"embeddable":true,"href":"https:\/\/museros.org\/inici\/wp-json\/wp\/v2\/comments?post=251502"}],"version-history":[{"count":4,"href":"https:\/\/museros.org\/inici\/wp-json\/wp\/v2\/pages\/251502\/revisions"}],"predecessor-version":[{"id":251541,"href":"https:\/\/museros.org\/inici\/wp-json\/wp\/v2\/pages\/251502\/revisions\/251541"}],"wp:attachment":[{"href":"https:\/\/museros.org\/inici\/wp-json\/wp\/v2\/media?parent=251502"}],"wp:term":[{"taxonomy":"wf_page_folders","embeddable":true,"href":"https:\/\/museros.org\/inici\/wp-json\/wp\/v2\/wf_page_folders?post=251502"}],"curies":[{"name":"wp","href":"https:\/\/api.w.org\/{rel}","templated":true}]}}