{"id":249625,"date":"2021-10-19T20:09:11","date_gmt":"2021-10-19T20:09:11","guid":{"rendered":"https:\/\/museros.org\/?page_id=249625"},"modified":"2022-10-28T11:53:32","modified_gmt":"2022-10-28T11:53:32","slug":"paellers-municipals","status":"publish","type":"page","link":"https:\/\/museros.org\/inici\/paellers-municipals\/","title":{"rendered":"Paellers municipals"},"content":{"rendered":"<p>[et_pb_section fb_built=\u00bb1&#8243; _builder_version=\u00bb4.16&#8243; _module_preset=\u00bbdefault\u00bb custom_margin=\u00bb0px||||false|false\u00bb custom_padding=\u00bb0px||||false|false\u00bb locked=\u00bboff\u00bb global_colors_info=\u00bb{}\u00bb][et_pb_row column_structure=\u00bb1_4,3_4&#8243; _builder_version=\u00bb4.16&#8243; _module_preset=\u00bbdefault\u00bb custom_margin=\u00bb0px||||false|false\u00bb custom_padding=\u00bb0px||||false|false\u00bb global_colors_info=\u00bb{}\u00bb][et_pb_column type=\u00bb1_4&#8243; _builder_version=\u00bb4.16&#8243; _module_preset=\u00bbdefault\u00bb global_colors_info=\u00bb{}\u00bb][et_pb_image src=\u00bbhttps:\/\/museros.org\/wp-content\/uploads\/2021\/10\/paellers-230&#215;180-1.jpg\u00bb title_text=\u00bbpaellers-230&#215;180&#8243; url=\u00bbhttps:\/\/museros.org\/ca\/directori-municipal\u00bb use_overlay=\u00bbon\u00bb overlay_icon_color=\u00bb#E02B20&#8243; hover_overlay_color=\u00bbrgba(255,255,255,0.67)\u00bb hover_icon=\u00bb&#xe04d;||divi||400&#8243; _builder_version=\u00bb4.16&#8243; _module_preset=\u00bbdefault\u00bb global_colors_info=\u00bb{}\u00bb][\/et_pb_image][\/et_pb_column][et_pb_column type=\u00bb3_4&#8243; _builder_version=\u00bb4.16&#8243; _module_preset=\u00bbdefault\u00bb global_colors_info=\u00bb{}\u00bb][et_pb_image src=\u00bbhttps:\/\/museros.org\/wp-content\/uploads\/2021\/10\/paellers.jpg\u00bb title_text=\u00bbpaellers\u00bb _builder_version=\u00bb4.16&#8243; _module_preset=\u00bbdefault\u00bb global_colors_info=\u00bb{}\u00bb][\/et_pb_image][et_pb_text _builder_version=\u00bb4.18.1&#8243; _module_preset=\u00bbdefault\u00bb hover_enabled=\u00bb0&#8243; global_colors_info=\u00bb{}\u00bb sticky_enabled=\u00bb0&#8243;]<\/p>\n<h1>Paellers municipals<\/h1>\n<p>Una zona recreativa dins del municipi, que compta amb diverses taules i bancs de fusta, paellers per a torrar i cuinar i una zona infantil. Un entorn agradable per a gaudir de l&#8217;espai i passar una bona estona amb familiars i amics.<\/p>\n<h3>HORARI<\/h3>\n<p><strong>D&#8217;abril a octubre<\/strong><br \/>Dissabtes i diumenges, de 10.00 h a 20.00 h<br \/><strong>De novembre a mar\u00e7<\/strong><br \/>Dissabtes i diumenges, de 10.00 h a 19.00 h<\/p>\n<p>Els dies festius estaran tancats, excepte que es comunique el contrari a les xarxes socials.<br \/>Queda prohibida l&#8217;entrada d&#8217;animals, exceptuant els gossos guia.<\/p>\n<p>Reserves a trav\u00e9s del m\u00f2bil.<\/p>\n<p>[\/et_pb_text][et_pb_divider color=\u00bb#999999&#8243; divider_style=\u00bbdotted\u00bb divider_weight=\u00bb7px\u00bb _builder_version=\u00bb4.16&#8243; _module_preset=\u00bbdefault\u00bb custom_margin=\u00bb30px||||false|false\u00bb global_colors_info=\u00bb{}\u00bb][\/et_pb_divider][\/et_pb_column][\/et_pb_row][et_pb_row column_structure=\u00bb1_5,1_5,3_5&#8243; _builder_version=\u00bb4.16&#8243; _module_preset=\u00bbdefault\u00bb min_height=\u00bb568.2px\u00bb custom_margin=\u00bb0px||||false|false\u00bb custom_padding=\u00bb0px||||false|false\u00bb global_colors_info=\u00bb{}\u00bb][et_pb_column type=\u00bb1_5&#8243; _builder_version=\u00bb4.16&#8243; _module_preset=\u00bbdefault\u00bb global_colors_info=\u00bb{}\u00bb][\/et_pb_column][et_pb_column type=\u00bb1_5&#8243; _builder_version=\u00bb4.16&#8243; _module_preset=\u00bbdefault\u00bb global_colors_info=\u00bb{}\u00bb][et_pb_image src=\u00bbhttps:\/\/museros.org\/wp-content\/uploads\/2022\/07\/app-paellers.jpg\u00bb title_text=\u00bbapp-paellers\u00bb _builder_version=\u00bb4.17.4&#8243; _module_preset=\u00bbdefault\u00bb global_colors_info=\u00bb{}\u00bb][\/et_pb_image][\/et_pb_column][et_pb_column type=\u00bb3_5&#8243; _builder_version=\u00bb4.16&#8243; _module_preset=\u00bbdefault\u00bb global_colors_info=\u00bb{}\u00bb][et_pb_text _builder_version=\u00bb4.17.4&#8243; _module_preset=\u00bbdefault\u00bb global_colors_info=\u00bb{}\u00bb]<\/p>\n<h2>Ja teniu disponible l\u2019aplicaci\u00f3 m\u00f2bil per a reservar els paellers municipals.<\/h2>\n<p>Si voleu fer \u00fas dels paellers municipals, ja podeu descarregar gratu\u00eftament l&#8217;aplicaci\u00f3 m\u00f2bil \u2018Reserva Paelleros Museros\u2019. Una vegada fet el registre, podreu escollir la data, l\u2019hora i la taula que voleu reservar.<\/p>\n<p><strong>1. Busca l\u2019aplicaci\u00f3<\/strong><br \/>Si tens un dispositiu Android, la trobar\u00e0s en Google Play en buscar les paraules \u2018Paelleros Museros\u2019. Si tens un iPhone, busca \u2018Reserva Paelleros\u2019 en l\u2019App Store.<\/p>\n<p><strong>2. Descarrega-la en el teu m\u00f2bil<\/strong><br \/>Una vegada l\u2019hages trobada, nom\u00e9s haur\u00e0s d\u2019instal\u00b7lar-la en el teu dispositiu. Assegura&#8217;t que tens espai d\u2019emmagatzematge suficient.<\/p>\n<p><strong>3. Registra&#8217;t amb un n\u00famero de tel\u00e8fon<\/strong><br \/>Ompli els camps sol-licitats i accepta la pol\u00edtica de privacitat. Una vegada efectuat aquest proc\u00e9s, torna a entrar en l&#8217;aplicaci\u00f3 amb l&#8217;usuari (correu electr\u00f2nic) i la clau que hages definit en el proc\u00e9s de registre.<\/p>\n<p><strong>4. Ja pots reservar taula!<\/strong><br \/>En el moment que elegisques una taula per a una data determinada, el sistema et remetr\u00e0 un missatge al teu correu electr\u00f2nic. Entra en aquest i confirma la reserva perqu\u00e8 quede validada. Amb l&#8217;aplicaci\u00f3, tamb\u00e9 podr\u00e0s consultar les reserves que hages fet, i anullar-les, si ho desitges.<\/p>\n<p>Descarrega-la en Google Play:<br \/><a href=\"http:\/\/bit.ly\/2v53OWR\" target=\"_blank\" rel=\"noopener\"><img loading=\"lazy\" decoding=\"async\" src=\"https:\/\/museros.org\/wp-content\/uploads\/2021\/10\/googleplay.jpg\" alt=\"\" class=\"wp-image-249611 alignnone size-full\" width=\"156\" height=\"51\" \/><\/a><\/p>\n<p>Descarrega-la en l&#8217;App Store:<br \/><a href=\"https:\/\/apple.co\/2Pcbdg6\" target=\"_blank\" rel=\"noopener\"><img loading=\"lazy\" decoding=\"async\" src=\"https:\/\/museros.org\/wp-content\/uploads\/2021\/10\/applestore.jpg\" alt=\"\" class=\"wp-image-249610 alignnone size-full\" width=\"156\" height=\"61\" \/><\/a><\/p>\n<p>[\/et_pb_text][et_pb_divider color=\u00bb#999999&#8243; divider_style=\u00bbdotted\u00bb divider_weight=\u00bb7px\u00bb _builder_version=\u00bb4.16&#8243; _module_preset=\u00bbdefault\u00bb custom_margin=\u00bb30px||||false|false\u00bb global_colors_info=\u00bb{}\u00bb][\/et_pb_divider][et_pb_button button_url=\u00bbhttps:\/\/museros.org\/wp-content\/uploads\/2021\/10\/Reglament-du\u0301s-dels-paellers.pdf\u00bb url_new_window=\u00bbon\u00bb button_text=\u00bbReglament d&#8217;\u00fas dels paellers\u00bb _builder_version=\u00bb4.16&#8243; _module_preset=\u00bbdefault\u00bb global_colors_info=\u00bb{}\u00bb][\/et_pb_button][\/et_pb_column][\/et_pb_row][et_pb_row _builder_version=\u00bb4.16&#8243; _module_preset=\u00bbdefault\u00bb global_colors_info=\u00bb{}\u00bb][et_pb_column type=\u00bb4_4&#8243; _builder_version=\u00bb4.16&#8243; _module_preset=\u00bbdefault\u00bb global_colors_info=\u00bb{}\u00bb][et_pb_divider color=\u00bb#E02B20&#8243; divider_weight=\u00bb4px\u00bb _builder_version=\u00bb4.16&#8243; _module_preset=\u00bbdefault\u00bb global_colors_info=\u00bb{}\u00bb][\/et_pb_divider][\/et_pb_column][\/et_pb_row][\/et_pb_section]<\/p>\n","protected":false},"excerpt":{"rendered":"<p>Paellers municipals Una zona recreativa dins del municipi, que compta amb diverses taules i bancs de fusta, paellers per a torrar i cuinar i una zona infantil. Un entorn agradable per a gaudir de l&#8217;espai i passar una bona estona amb familiars i amics. HORARI D&#8217;abril a octubreDissabtes i diumenges, de 10.00 h a 20.00 [&hellip;]<\/p>\n","protected":false},"author":8,"featured_media":0,"parent":0,"menu_order":0,"comment_status":"closed","ping_status":"closed","template":"","meta":{"_et_pb_use_builder":"on","_et_pb_old_content":"","_et_gb_content_width":"","_mc_calendar":[],"footnotes":""},"wf_page_folders":[1013],"class_list":["post-249625","page","type-page","status-publish","hentry"],"_links":{"self":[{"href":"https:\/\/museros.org\/inici\/wp-json\/wp\/v2\/pages\/249625","targetHints":{"allow":["GET"]}}],"collection":[{"href":"https:\/\/museros.org\/inici\/wp-json\/wp\/v2\/pages"}],"about":[{"href":"https:\/\/museros.org\/inici\/wp-json\/wp\/v2\/types\/page"}],"author":[{"embeddable":true,"href":"https:\/\/museros.org\/inici\/wp-json\/wp\/v2\/users\/8"}],"replies":[{"embeddable":true,"href":"https:\/\/museros.org\/inici\/wp-json\/wp\/v2\/comments?post=249625"}],"version-history":[{"count":19,"href":"https:\/\/museros.org\/inici\/wp-json\/wp\/v2\/pages\/249625\/revisions"}],"predecessor-version":[{"id":262378,"href":"https:\/\/museros.org\/inici\/wp-json\/wp\/v2\/pages\/249625\/revisions\/262378"}],"wp:attachment":[{"href":"https:\/\/museros.org\/inici\/wp-json\/wp\/v2\/media?parent=249625"}],"wp:term":[{"taxonomy":"wf_page_folders","embeddable":true,"href":"https:\/\/museros.org\/inici\/wp-json\/wp\/v2\/wf_page_folders?post=249625"}],"curies":[{"name":"wp","href":"https:\/\/api.w.org\/{rel}","templated":true}]}}