{"id":249207,"date":"2021-10-02T20:04:52","date_gmt":"2021-10-02T20:04:52","guid":{"rendered":"https:\/\/museros.org\/?page_id=249207"},"modified":"2022-03-25T18:39:17","modified_gmt":"2022-03-25T18:39:17","slug":"seguim-amb-tu-vl","status":"publish","type":"page","link":"https:\/\/museros.org\/inici\/seguim-amb-tu-vl\/","title":{"rendered":"Seguim amb tu-vl"},"content":{"rendered":"<p>[et_pb_section fb_built=\u00bb1&#8243; _builder_version=\u00bb4.15&#8243; _module_preset=\u00bbdefault\u00bb custom_margin=\u00bb0px||||false|false\u00bb custom_padding=\u00bb0px||||false|false\u00bb locked=\u00bboff\u00bb global_colors_info=\u00bb{}\u00bb][et_pb_row column_structure=\u00bb1_4,3_4&#8243; _builder_version=\u00bb4.15&#8243; _module_preset=\u00bbdefault\u00bb custom_margin=\u00bb0px||||false|false\u00bb custom_padding=\u00bb0px||0px||false|false\u00bb global_colors_info=\u00bb{}\u00bb][et_pb_column type=\u00bb1_4&#8243; _builder_version=\u00bb4.15&#8243; _module_preset=\u00bbdefault\u00bb global_colors_info=\u00bb{}\u00bb][et_pb_image src=\u00bbhttps:\/\/museros.org\/wp-content\/uploads\/2022\/03\/seguim-amtu-180&#215;230-1.jpg\u00bb title_text=\u00bbseguim-amtu-180&#215;230&#8243; url=\u00bbhttps:\/\/museros.org\/inici\/activitats-deducacio\/\u00bb use_overlay=\u00bbon\u00bb overlay_icon_color=\u00bb#E02B20&#8243; hover_overlay_color=\u00bbrgba(255,255,255,0.68)\u00bb hover_icon=\u00bb&#xe04d;||divi||400&#8243; align=\u00bbcenter\u00bb _builder_version=\u00bb4.15.1&#8243; _module_preset=\u00bbdefault\u00bb width=\u00bb100%\u00bb width_tablet=\u00bb30%\u00bb width_phone=\u00bb50%\u00bb width_last_edited=\u00bbon|phone\u00bb hover_enabled=\u00bb0&#8243; global_colors_info=\u00bb{}\u00bb sticky_enabled=\u00bb0&#8243;][\/et_pb_image][et_pb_text _builder_version=\u00bb4.15&#8243; _module_preset=\u00bbdefault\u00bb global_colors_info=\u00bb{}\u00bb]<\/p>\n<h2 style=\"text-align: center;\">Inscripcions<\/h2>\n<p style=\"text-align: center;\">Del 30 de setembre al 13 d&#8217;octubre.<br \/>Per registre d&#8217;entrada a l&#8217;Ajuntament o per la <a href=\"http:\/\/museros.sedelectronica.es\/info.0\" target=\"_blank\" rel=\"noopener\">seu electr\u00f2nica<\/a>. <\/p>\n<p>[\/et_pb_text][\/et_pb_column][et_pb_column type=\u00bb3_4&#8243; _builder_version=\u00bb4.15&#8243; _module_preset=\u00bbdefault\u00bb global_colors_info=\u00bb{}\u00bb][et_pb_text _builder_version=\u00bb4.15&#8243; _module_preset=\u00bbdefault\u00bb custom_padding=\u00bb|||2px||\u00bb global_colors_info=\u00bb{}\u00bb]<\/p>\n<h1>Projecte Seguim amb tu, Curs escolar 2021-2022<\/h1>\n<h5>Regidoria d\u2019Educaci\u00f3 i Esports i Regidoria d\u2019Inf\u00e0ncia<\/h5>\n<h3>Descripci\u00f3 del projecte<\/h3>\n<p>Amb l\u2019inici del nou curs escolar, l\u2019Ajuntament de Museros posa en marxa una nova edici\u00f3 el projecte Seguim amb tu. Es tracta d\u2019un conjunt de propostes educatives i esportives dirigides als xiquets i a les xiquetes en edat escolar.<br \/>Aquestes activitats es desenvoluparan al llarg del curs acad\u00e8mic 2021-2022, sempre que la situaci\u00f3 epidemiol\u00f2gica ho permeta, segons les indicacions de les autoritats sanit\u00e0ries. Estaran subvencionades per l\u2019Ajuntament de Museros, amb la col\u00b7laboraci\u00f3 de la Conselleria d\u2019Educaci\u00f3, Cultura i Esport. Per tant, seran activitats gratu\u00eftes per a les fam\u00edlies.<\/p>\n<h4>Activitats esportives<\/h4>\n<p><strong>Educaci\u00f3 f\u00edsica de base<\/strong><br \/>Descripci\u00f3: activitat f\u00edsica b\u00e0sica per als m\u00e9s menuts, en la qual l\u2019objectiu principal que es treballar\u00e0 seran jocs per a estar en continu moviment, en els quals implicarem el descobriment guiat, el treball mental i el treball f\u00edsic, \u00e9s a dir, un treball b\u00e0sic general que forme la persona d\u2019una manera motriu completa i amb el descobriment de noves activitats.<br \/>Ser\u00e0 una activitat que es basar\u00e0 en fer activitat f\u00edsica mitjan\u00e7ant el joc i que buscar\u00e0, principalment, l\u2019oci i la diversi\u00f3 del xiquet o de la xiqueta.<br \/>Destinataris: xiquets i xiquetes nascuts l\u2019any 2018.<br \/>Lloc de realitzaci\u00f3: poliesportiu municipal o CEIP Blasco Ib\u00e1\u00f1ez.<br \/>Places: l\u2019activitat podr\u00e0 atendre un m\u00e0xim de 15 participants.<br \/>Dates i horari: del 18 d\u2019octubre de 2021 al 30 de juny de 2022, dilluns i dimecres, de 17.30 h a 18.30 h.<br \/><strong>Preesport<\/strong><br \/>Descripci\u00f3: activitat f\u00edsica b\u00e0sica multiesportiva abans de l\u2019especialitzaci\u00f3 del xiquet o de la xiqueta en un esport o en diversos esports. L\u2019objectiu principal ser\u00e0 donar a con\u00e9ixer diferents modalitats esportives, tot aprofitant els beneficis de cada activitat per a la formaci\u00f3 completa de la persona i per a visibilitzar en el xiquet o en la xiqueta altres tipus d\u2019esports que no sols siguen els majoritaris. Es treballar\u00e0 amb el joc, amb exercicis espec\u00edfics de cada disciplina i es buscar\u00e0 principalment l\u2019oci i la diversi\u00f3 del xiquet o de la xiqueta, per\u00f2 amb una determinada transfer\u00e8ncia real de l\u2019aprenentatge per al xiquet o la xiqueta en cadascuna de les modalitats esportives.<br \/>Destinataris: xiquets i xiquetes nascuts el 2016 o 2017.<br \/>Lloc de realitzaci\u00f3: poliesportiu municipal o CEIP Blasco Ib\u00e1\u00f1ez.<br \/>Places: l\u2019activitat podr\u00e0 atendre un m\u00e0xim de 15 participants.<br \/>Dates i horari: del 18 d\u2019octubre de 2021 al 30 de juny de 2022, dimarts i dijous, de 17.30 h a 18.30 h.<\/p>\n<h4>Activitats educatives<\/h4>\n<p><strong>Refor\u00e7 educatiu<\/strong><br \/>Descripci\u00f3: el programa de refor\u00e7 educatiu pret\u00e9n donar resposta a les necessitats educatives existents dins de la poblaci\u00f3 escolar, i donar un suport d\u2019acompanyament escolar a aquell alumnat amb m\u00e9s dificultats d\u2019aprenentatge mitjan\u00e7ant diverses accions espec\u00edfiques que permetran un millor desenvolupament de cada curs acad\u00e8mic per als usuaris i usu\u00e0ries d\u2019aquest programa. Els objectius espec\u00edfics del programa seran els seg\u00fcents:<br \/>\u2022 Adquirir els coneixements imprescindibles per al desenvolupament de les compet\u00e8ncies b\u00e0siques en els \u00e0mbits cient\u00edfic i socioling\u00fc\u00edstic.<br \/>\u2022 Ampliar i incrementar l\u2019oferta de les activitats dirigides a l\u2019alumnat amb dificultats d\u2019aprenentatge i falta de recursos.<br \/>\u2022 Aprendre a estudiar mitjan\u00e7ant l\u2019aprenentatge de t\u00e8cniques, l\u2019\u00fas d\u2019eines i recursos que fomenten l\u2019h\u00e0bit i l\u2019inter\u00e9s per l\u2019estudi.<br \/>\u2022 Refor\u00e7ar i ampliar els coneixements adquirits a classe.<br \/>\u2022 Facilitar que l\u2019alumnat s\u2019adapte al nou ritme i entorn escolar.<br \/>\u2022 Afavorir en l\u2019alumnat una actitud positiva i activa davant l\u2019aprenentatge.<br \/>\u2022 Facilitar una atenci\u00f3 m\u00e9s personalitzada dels alumnes i de les alumnes, segons les seues necessitats.<br \/>\u2022 Refor\u00e7ar l\u2019autoestima personal, escolar i social de l\u2019alumnat.<br \/>\u2022 Combatre la bretxa educativa de l\u2019alumnat m\u00e9s vulnerable.<br \/>Destinataris: aquest programa est\u00e0 destinat a tot l\u2019alumnat matriculat als centres de la localitat en el curs acad\u00e8mic 2021-2022, en els cursos 5\u00e9 i 6\u00e9 d\u2019educaci\u00f3 prim\u00e0ria o 1r, 2n, 3r i 4t d\u2019educaci\u00f3 secund\u00e0ria obligat\u00f2ria (ESO). Els tutors i la coordinaci\u00f3 pedag\u00f2gica de cada centre seleccionaran, d\u2019acord amb els criteris establerts, l\u2019alumnat que participar\u00e0 en el programa. Els grups seran redu\u00efts, de la mateixa etapa i, si \u00e9s possible, del mateix cicle. Es proposa, a m\u00e9s a m\u00e9s, que els grups d\u2019ESO es confeccionen d\u2019acord amb l\u2019\u00e0mbit de refor\u00e7 que necessiten, \u00e9s a dir, cient\u00edfic o socioling\u00fc\u00edstic.<br \/>Lloc de realitzaci\u00f3: CEIP Blasco Ib\u00e1\u00f1ez.<br \/>Dates i horari: del 18 d\u2019octubre de 2021 al 17 de juny de 2022. Horari de vesprada (extraescolar) a determinar.<\/p>\n<h3>Condicions de participaci\u00f3<\/h3>\n<p>1. Les diferents activitats del projecte es desenvoluparan sempre que la situaci\u00f3 epidemiol\u00f2gica ho permeta, segons les indicacions de les autoritats sanit\u00e0ries.<br \/>2. Per a participar en cada activitat, s\u2019haur\u00e0 de presentar la sol\u00b7licitud corresponent amb la documentaci\u00f3 requerida per registre d\u2019entrada de l\u2019Ajuntament de Museros.<br \/>3. Les persones participants i els seus responsables legals acceptaran totes les condicions de participaci\u00f3, i es comprometen a complir-les, i en tot moment, seguiran les indicacions de les persones responsables de l\u2019activitat.<br \/>4. Els xiquets i les xiquetes hauran d&#8217;accedir a l\u2019activitat prove\u00efts de la seua mascareta de protecci\u00f3 a partir dels 6 anys. Hauran de complir els protocols de seguretat i les mesures personals d&#8217;higiene i prevenci\u00f3 obligat\u00f2ries establides o que es disposen en funci\u00f3 de les recomanacions sanit\u00e0ries.<br \/>5. A les activitats, no podr\u00e0 assistir cap xiquet o xiqueta que haja tingut contacte estret amb un cas sospit\u00f3s, o confirmat en almenys 14 dies, o que presente s\u00edmptomes compatibles amb la COVID-19, i els pares o les mares estan obligats a informar a les persones responsables de l\u2019activitat, mitjan\u00e7ant el tel\u00e8fon de l&#8217;Ajuntament (961441680).<br \/>6. Es dur\u00e0 un registre de l&#8217;alumnat assistent, de manera que, si es detecta un contagi, es puga fer la tra\u00e7abilitat sobre les persones que s&#8217;haurien d&#8217;a\u00efllar.<br \/>7. El xiquet o la xiqueta que presente condicions de salut que el fa\u00e7a m\u00e9s vulnerable per a la COVID-19 (com, per exemple, malalties cardiovasculars, diabetis, malalties pulmonars cr\u00f2niques, c\u00e0ncer, immunodepressi\u00f3 o hipertensi\u00f3 arterial), podr\u00e0 assistir a les activitats, sempre que mantinga les mesures de protecci\u00f3 rigoroses, si la seua condici\u00f3 cl\u00ednica est\u00e0 controlada i que no hi haja indicaci\u00f3 m\u00e8dica de no fer-ho, amb declaraci\u00f3 responsable que es troba a la sol\u00b7licitud.<br \/>8. Les activitats esportives (educaci\u00f3 f\u00edsica de base i preesport) tenen un l\u00edmit de places, que seran assignades per rigor\u00f3s ordre de registre de les sol\u00b7licituds. Les persones participants es comprometen a assistir a l\u2019activitat en els horaris establerts. En cas de no assist\u00e8ncia sense causa justificada, podr\u00e0 suposar l\u2019expulsi\u00f3 de l\u2019activitat i la seua pla\u00e7a ser\u00e0 ocupada per una altra persona interessada.<br \/>9. Les persones que podran participar en l\u2019activitat de refor\u00e7 educatiu seran seleccionades per la coordinaci\u00f3 pedag\u00f2gica de cada centre i es comprometen a assistir a l\u2019activitat en els horaris establerts. Hauran d\u2019acceptar les normes establertes en el reglament de r\u00e8gim intern del programa de refor\u00e7 educatiu aprovat per l\u2019Ajuntament de Museros. En cas de no assist\u00e8ncia sense causa justificada, podr\u00e0 suposar l\u2019expulsi\u00f3 de l\u2019activitat i la seua pla\u00e7a ser\u00e0 ocupada per una altra persona interessada.<\/p>\n<p><strong>Totes les mesures i recomanacions indicades s&#8217;hauran d&#8217;adaptar d&#8217;acord amb l&#8217;evoluci\u00f3 de la situaci\u00f3 epidemiol\u00f2gica, a les indicacions de les autoritats sanit\u00e0ries i a les guies, als protocols i als procediments d&#8217;actuaci\u00f3 existents o que es desenvolupen per a cada escenari previst de transmissi\u00f3 del SARS-CoV-2.<\/strong><\/p>\n<p>[\/et_pb_text][et_pb_button button_url=\u00bbhttps:\/\/museros.org\/wp-content\/uploads\/2021\/10\/PROGRAMA-DE-REFORC\u0327-EDUCATIU.pdf\u00bb url_new_window=\u00bbon\u00bb button_text=\u00bbPrograma de refor\u00e7 educatiu\u00bb _builder_version=\u00bb4.11.1&#8243; _module_preset=\u00bbdefault\u00bb custom_margin=\u00bb40px||40px||true|false\u00bb custom_padding=\u00bb||||false|false\u00bb global_colors_info=\u00bb{}\u00bb][\/et_pb_button][\/et_pb_column][\/et_pb_row][et_pb_row _builder_version=\u00bb4.15&#8243; _module_preset=\u00bbdefault\u00bb global_colors_info=\u00bb{}\u00bb][et_pb_column type=\u00bb4_4&#8243; _builder_version=\u00bb4.15&#8243; _module_preset=\u00bbdefault\u00bb global_colors_info=\u00bb{}\u00bb][et_pb_divider color=\u00bb#E02B20&#8243; divider_weight=\u00bb4px\u00bb _builder_version=\u00bb4.15&#8243; _module_preset=\u00bbdefault\u00bb global_colors_info=\u00bb{}\u00bb][\/et_pb_divider][\/et_pb_column][\/et_pb_row][\/et_pb_section]<\/p>\n","protected":false},"excerpt":{"rendered":"<p>Inscripcions Del 30 de setembre al 13 d&#8217;octubre.Per registre d&#8217;entrada a l&#8217;Ajuntament o per la seu electr\u00f2nica. Projecte Seguim amb tu, Curs escolar 2021-2022 Regidoria d\u2019Educaci\u00f3 i Esports i Regidoria d\u2019Inf\u00e0ncia Descripci\u00f3 del projecte Amb l\u2019inici del nou curs escolar, l\u2019Ajuntament de Museros posa en marxa una nova edici\u00f3 el projecte Seguim amb tu. Es [&hellip;]<\/p>\n","protected":false},"author":8,"featured_media":0,"parent":0,"menu_order":0,"comment_status":"closed","ping_status":"closed","template":"","meta":{"_et_pb_use_builder":"on","_et_pb_old_content":"","_et_gb_content_width":"","_mc_calendar":[],"footnotes":""},"wf_page_folders":[298],"class_list":["post-249207","page","type-page","status-publish","hentry"],"_links":{"self":[{"href":"https:\/\/museros.org\/inici\/wp-json\/wp\/v2\/pages\/249207","targetHints":{"allow":["GET"]}}],"collection":[{"href":"https:\/\/museros.org\/inici\/wp-json\/wp\/v2\/pages"}],"about":[{"href":"https:\/\/museros.org\/inici\/wp-json\/wp\/v2\/types\/page"}],"author":[{"embeddable":true,"href":"https:\/\/museros.org\/inici\/wp-json\/wp\/v2\/users\/8"}],"replies":[{"embeddable":true,"href":"https:\/\/museros.org\/inici\/wp-json\/wp\/v2\/comments?post=249207"}],"version-history":[{"count":16,"href":"https:\/\/museros.org\/inici\/wp-json\/wp\/v2\/pages\/249207\/revisions"}],"predecessor-version":[{"id":256187,"href":"https:\/\/museros.org\/inici\/wp-json\/wp\/v2\/pages\/249207\/revisions\/256187"}],"wp:attachment":[{"href":"https:\/\/museros.org\/inici\/wp-json\/wp\/v2\/media?parent=249207"}],"wp:term":[{"taxonomy":"wf_page_folders","embeddable":true,"href":"https:\/\/museros.org\/inici\/wp-json\/wp\/v2\/wf_page_folders?post=249207"}],"curies":[{"name":"wp","href":"https:\/\/api.w.org\/{rel}","templated":true}]}}