{"id":249190,"date":"2021-10-02T19:27:05","date_gmt":"2021-10-02T19:27:05","guid":{"rendered":"https:\/\/museros.org\/?page_id=249190"},"modified":"2022-03-25T18:40:45","modified_gmt":"2022-03-25T18:40:45","slug":"seguim-amb-tu-cs","status":"publish","type":"page","link":"https:\/\/museros.org\/inici\/es\/seguim-amb-tu-cs\/","title":{"rendered":"Seguim amb tu-cs"},"content":{"rendered":"<p>[et_pb_section fb_built=\u00bb1&#8243; _builder_version=\u00bb4.15&#8243; _module_preset=\u00bbdefault\u00bb custom_margin=\u00bb0px||||false|false\u00bb custom_padding=\u00bb0px||||false|false\u00bb locked=\u00bboff\u00bb global_colors_info=\u00bb{}\u00bb][et_pb_row column_structure=\u00bb1_4,3_4&#8243; _builder_version=\u00bb4.15&#8243; _module_preset=\u00bbdefault\u00bb custom_margin=\u00bb0px||||false|false\u00bb custom_padding=\u00bb0px||0px||false|false\u00bb global_colors_info=\u00bb{}\u00bb][et_pb_column type=\u00bb1_4&#8243; _builder_version=\u00bb4.15&#8243; _module_preset=\u00bbdefault\u00bb global_colors_info=\u00bb{}\u00bb][et_pb_image src=\u00bbhttps:\/\/museros.org\/wp-content\/uploads\/2022\/03\/seguim-amtu-180&#215;230-1.jpg\u00bb title_text=\u00bbseguim-amtu-180&#215;230&#8243; url=\u00bbhttp:\/\/museros.org\/inici\/es\/actividades-de-educacion\u00bb use_overlay=\u00bbon\u00bb overlay_icon_color=\u00bb#E02B20&#8243; hover_overlay_color=\u00bbrgba(255,255,255,0.66)\u00bb hover_icon=\u00bb&#xe04d;||divi||400&#8243; align=\u00bbcenter\u00bb _builder_version=\u00bb4.15.1&#8243; _module_preset=\u00bbdefault\u00bb width=\u00bb100%\u00bb width_tablet=\u00bb30%\u00bb width_phone=\u00bb51%\u00bb width_last_edited=\u00bbon|phone\u00bb hover_enabled=\u00bb0&#8243; global_colors_info=\u00bb{}\u00bb sticky_enabled=\u00bb0&#8243;][\/et_pb_image][et_pb_text _builder_version=\u00bb4.15&#8243; _module_preset=\u00bbdefault\u00bb global_colors_info=\u00bb{}\u00bb]<\/p>\n<h2 style=\"text-align: center;\">Inscripciones<\/h2>\n<p style=\"text-align: center;\">Del 30 de septiembre al 13 de octubre.<br \/>Por registro de entrada en el Ayuntamiento o por la <a href=\"https:\/\/museros.sedelectronica.es\/info.0\" target=\"_blank\" rel=\"noopener\">sede electr\u00f3nica<\/a>.<\/p>\n<p>[\/et_pb_text][\/et_pb_column][et_pb_column type=\u00bb3_4&#8243; _builder_version=\u00bb4.15&#8243; _module_preset=\u00bbdefault\u00bb global_colors_info=\u00bb{}\u00bb][et_pb_text _builder_version=\u00bb4.15&#8243; _module_preset=\u00bbdefault\u00bb custom_padding=\u00bb|||2px||\u00bb global_colors_info=\u00bb{}\u00bb]<\/p>\n<h1>Proyecto Seguim amb tu, Curso escolar 2021-2022<\/h1>\n<h5>Concejal\u00eda de Educaci\u00f3n y Deportes, y Concejal\u00eda de Infancia<\/h5>\n<h3>Descripci\u00f3n del proyecto<\/h3>\n<p>Con el inicio del nuevo curso escolar, el Ayuntamiento de Museros pone en marcha una nueva edici\u00f3n el proyecto Seguim amb tu. Se trata de un conjunto de propuestas educativas y deportivas dirigidas a los ni\u00f1os y a las ni\u00f1as en edad escolar.<br \/>Estas actividades se desarrollar\u00e1n a lo largo del curso acad\u00e9mico 2021-2022, siempre que la situaci\u00f3n epidemiol\u00f3gica lo permita, seg\u00fan las indicaciones de las autoridades sanitarias. Estar\u00e1n subvencionadas por el Ayuntamiento de Museros, con la colaboraci\u00f3n de la Conseller\u00eda de Educaci\u00f3n, Cultura y Deporte. Por lo tanto, ser\u00e1n actividades gratuitas para las familias.<\/p>\n<h4>Actividades deportivas<\/h4>\n<p><strong>Educaci\u00f3n f\u00edsica de base<\/strong><br \/>Descripci\u00f3n: actividad f\u00edsica b\u00e1sica para los m\u00e1s peque\u00f1os, en la cual el objetivo principal que se trabajar\u00e1 ser\u00e1n juegos para estar en continuo movimiento, en los cuales implicaremos el descubrimiento guiado, el trabajo mental y el trabajo f\u00edsico, es decir, un trabajo b\u00e1sico general que formo la persona de una manera motriz completa y con el descubrimiento de nuevas actividades.<br \/>Ser\u00e1 una actividad que se basar\u00e1 al hacer actividad f\u00edsica mediante el juego y que buscar\u00e1, principalmente, el ocio y la diversi\u00f3n del ni\u00f1o o de la ni\u00f1a.<br \/>Destinatarios: ni\u00f1os y ni\u00f1as nacidos en 2018.<br \/>Lugar de realizaci\u00f3n: polideportivo municipal o CEIP Blasco Ib\u00e1\u00f1ez.<br \/>Plazas: la actividad podr\u00e1 atender un m\u00e1ximo de 15 participantes.<br \/>Fechas y horario: del 18 de octubre de 2021 al 30 de junio de 2022, lunes y mi\u00e9rcoles, de 17.30 h a 18.30 h.<br \/><strong>Predeporte<\/strong><br \/>Descripci\u00f3n: actividad f\u00edsica b\u00e1sica multideportiva antes de la especializaci\u00f3n del ni\u00f1o o de la ni\u00f1a en un deporte o en varios deportes. El objetivo principal ser\u00e1 dar a conocer diferentes modalidades deportivas, aprovechando los beneficios de cada actividad para la formaci\u00f3n completa de la persona y para visibilizar en el ni\u00f1o o en la ni\u00f1a otras tipo de deportes que no solo sean los mayoritarios. Se trabajar\u00e1 con el juego, con ejercicios espec\u00edficos de cada disciplina y se buscar\u00e1 principalmente el ocio y la diversi\u00f3n del ni\u00f1o o de la ni\u00f1a, pero con una determinada transferencia real del aprendizaje para el ni\u00f1o o la ni\u00f1a en cada una de las modalidades deportivas.<br \/>Destinatarios: ni\u00f1os y ni\u00f1as nacidos el 2016 o 2017.<br \/>Lugar de realizaci\u00f3n: polideportivo municipal o CEIP Blasco Ib\u00e1\u00f1ez.<br \/>Plazas: la actividad podr\u00e1 atender un m\u00e1ximo de 15 participantes.<br \/>Fechas y horario: del 18 de octubre de 2021 al 30 de junio de 2022, martes y jueves, de 17.30 h a 18.30 h.<\/p>\n<h4>Actividades educativas<\/h4>\n<p><strong>Refuerzo educativo<\/strong><br \/>Descripci\u00f3n: el programa de refuerzo educativo pretende dar respuesta a las necesidades educativas existentes dentro de la poblaci\u00f3n escolar, y dar un apoyo de acompa\u00f1amiento escolar a aquel alumnado con m\u00e1s dificultades de aprendizaje mediante varias acciones espec\u00edficas que permitir\u00e1n un mejor desarrollo de cada curso acad\u00e9mico para los usuarios y usuarias de este programa. Los objetivos espec\u00edficos del programa ser\u00e1n los siguientes:<br \/>\u2022 Adquirir los conocimientos imprescindibles para el desarrollo de las competencias b\u00e1sicas en los \u00e1mbitos cient\u00edfico y socioling\u00fc\u00edstico.<br \/>\u2022 Ampliar e incrementar la oferta de las actividades dirigidas al alumnado con dificultades de aprendizaje y falta de recursos.<br \/>\u2022 Aprender a estudiar mediante el aprendizaje de t\u00e9cnicas, el uso de herramientas y recursos que fomentan el h\u00e1bito y el inter\u00e9s por el estudio.<br \/>\u2022 Reforzar y ampliar los conocimientos adquiridos a clase.<br \/>\u2022 Facilitar que el alumnado se adapte al nuevo ritmo y entorno escolar.<br \/>\u2022 Favorecer en el alumnado una actitud positiva y activa ante el aprendizaje.<br \/>\u2022 Facilitar una atenci\u00f3n m\u00e1s personalizada de los alumnos y de las alumnas, seg\u00fan sus necesidades.<br \/>\u2022 Reforzar la autoestima personal, escolar y social del alumnado.<br \/>\u2022 Combatir la brecha educativa del alumnado m\u00e1s vulnerable.<br \/>Destinatarios: este programa est\u00e1 destinado a todo el alumnado matriculado en los centros de la localidad en el curso acad\u00e9mico 2021-2022, en los cursos 5.\u00ba y 6.\u00ba de educaci\u00f3n primaria o 1.\u00ba, 2.\u00ba, 3.\u00ba y 4.\u00ba de educaci\u00f3n secundaria obligatoria (ESO). Los tutores y la coordinaci\u00f3n pedag\u00f3gica de cada centro seleccionar\u00e1n, de acuerdo con los criterios establecidos, el alumnado que participar\u00e1 en el programa. Los grupos ser\u00e1n reducidos, de la misma etapa y, si es posible, del mismo ciclo. Se propone, adem\u00e1s, que los grupos de ESO se confeccionen de acuerdo con el \u00e1mbito de refuerzo que necesiten, es decir, cient\u00edfico o socioling\u00fc\u00edstico.<br \/>Lugar de realizaci\u00f3n: CEIP Blasco Ib\u00e1\u00f1ez.<br \/>Fechas y horario: del 18 de octubre de 2021 al 17 de junio de 2022. Horario por la tarde (extraescolar) a determinar.<\/p>\n<h3>Condiciones de participaci\u00f3n<\/h3>\n<p>11. Las diferentes actividades del proyecto se desarrollar\u00e1n siempre que la situaci\u00f3n epidemiol\u00f3gica lo permita, seg\u00fan las indicaciones de las autoridades sanitarias.<br \/>2. Para participar en cada actividad, se tendr\u00e1 que presentar la solicitud correspondiente con la documentaci\u00f3n requerida por registro de entrada del Ayuntamiento de Museros.<br \/>3. Las persones participantes y sus responsables legales aceptar\u00e1n todas las condiciones de participaci\u00f3n, y se comprometen a cumplirlas, y en todo momento, seguir\u00e1n las indicaciones de las personas responsables de la actividad.<br \/>4. Los ni\u00f1os y las ni\u00f1as tendr\u00e1n que acceder a la actividad prove\u00eddos de su mascarilla de protecci\u00f3n a partir de los 6 a\u00f1os. Tendr\u00e1n que cumplir los protocolos de seguridad y las medidas personales de higiene y prevenci\u00f3n obligatorias establecidas o que se disponen en funci\u00f3n de las recomendaciones sanitarias.<br \/>5. A las actividades, no podr\u00e1 asistir ning\u00fan ni\u00f1o o ni\u00f1a que haya tenido contacto estrecho con un caso sospechoso, o confirmado en al menos 14 d\u00edas, o que presento s\u00edntomas compatibles con la COVID-19, y los padres o las madres est\u00e1n obligados a informar a las personas responsables de la actividad, mediante el tel\u00e9fono del Ayuntamiento (961441680).<br \/>6. Se llevar\u00e1 un registro del alumnado asistente, de forma que, si se detecta un contagio, se pueda hacer la trazabilidad sobre las personas que se tendr\u00edan que aislar.<br \/>7. El ni\u00f1o o la ni\u00f1a que presento condiciones de salud que lo haga m\u00e1s vulnerable para la COVID-19 (como, por ejemplo, enfermedades cardiovasculares, diabetes, enfermedades pulmonares cr\u00f3nicas, c\u00e1ncer, inmunodepresi\u00f3n o hipertensi\u00f3n arterial), podr\u00e1 asistir a las actividades, siempre que mantenga las medidas de protecci\u00f3n rigurosas, si su condici\u00f3n cl\u00ednica est\u00e1 controlada y que no haya indicaci\u00f3n m\u00e9dica de no hacerlo, con declaraci\u00f3n responsable que se encuentra a la solicitud.<br \/>8. Las actividades deportivas (educaci\u00f3n f\u00edsica de base y predeporte) tienen un l\u00edmite de plazas, que ser\u00e1n asignadas por riguroso orden de registro de las solicitudes. Las persones participantes se comprometen a asistir a la actividad en los horarios establecidos. En caso de no asistencia sin causa justificada, podr\u00e1 suponer la expulsi\u00f3n de la actividad y su plaza ser\u00e1 ocupada por otra persona interesada.<br \/>9. Las personas que podr\u00e1n participar en la actividad de refuerzo educativo ser\u00e1n seleccionadas por la coordinaci\u00f3n pedag\u00f3gica de cada centro y se comprometen a asistir a la actividad en los horarios establecidos. Tendr\u00e1n que aceptar las normas establecidas en el reglamento de r\u00e9gimen interno del programa de refuerzo educativo aprobado por el Ayuntamiento de Museros. En caso de no asistencia sin causa justificada, podr\u00e1 suponer la expulsi\u00f3n de la actividad y su plaza ser\u00e1 ocupada por otra persona interesada.<\/p>\n<p><strong>Todas las medidas y recomendaciones indicadas se tendr\u00e1n que adaptar de acuerdo con la evoluci\u00f3n de la situaci\u00f3n epidemiol\u00f3gica, a las indicaciones de las autoridades sanitarias y a las gu\u00edas, a los protocolos y a los procedimientos de actuaci\u00f3n existentes o que se desarrollan para cada escenario previsto de transmisi\u00f3n del SARS-CoV-2.<br \/><\/strong><\/p>\n<p>[\/et_pb_text][et_pb_button button_url=\u00bbhttps:\/\/museros.org\/wp-content\/uploads\/2021\/10\/PROGRAMA-DE-REFORC\u0327-EDUCATIU.pdf\u00bb url_new_window=\u00bbon\u00bb button_text=\u00bbPrograma de refor\u00e7 educatiu\u00bb _builder_version=\u00bb4.11.1&#8243; _module_preset=\u00bbdefault\u00bb custom_margin=\u00bb40px||40px||true|false\u00bb custom_padding=\u00bb||||false|false\u00bb global_colors_info=\u00bb{}\u00bb][\/et_pb_button][\/et_pb_column][\/et_pb_row][et_pb_row _builder_version=\u00bb4.15&#8243; _module_preset=\u00bbdefault\u00bb global_colors_info=\u00bb{}\u00bb][et_pb_column type=\u00bb4_4&#8243; _builder_version=\u00bb4.15&#8243; _module_preset=\u00bbdefault\u00bb global_colors_info=\u00bb{}\u00bb][et_pb_divider color=\u00bb#E02B20&#8243; divider_weight=\u00bb4px\u00bb _builder_version=\u00bb4.15&#8243; _module_preset=\u00bbdefault\u00bb global_colors_info=\u00bb{}\u00bb][\/et_pb_divider][\/et_pb_column][\/et_pb_row][\/et_pb_section]<\/p>\n","protected":false},"excerpt":{"rendered":"<p>Inscripciones Del 30 de septiembre al 13 de octubre.Por registro de entrada en el Ayuntamiento o por la sede electr\u00f3nica.Proyecto Seguim amb tu, Curso escolar 2021-2022 Concejal\u00eda de Educaci\u00f3n y Deportes, y Concejal\u00eda de Infancia Descripci\u00f3n del proyecto Con el inicio del nuevo curso escolar, el Ayuntamiento de Museros pone en marcha una nueva edici\u00f3n [&hellip;]<\/p>\n","protected":false},"author":8,"featured_media":0,"parent":0,"menu_order":0,"comment_status":"closed","ping_status":"closed","template":"","meta":{"_et_pb_use_builder":"on","_et_pb_old_content":"","_et_gb_content_width":"","_mc_calendar":[],"footnotes":""},"wf_page_folders":[298],"class_list":["post-249190","page","type-page","status-publish","hentry"],"_links":{"self":[{"href":"https:\/\/museros.org\/inici\/wp-json\/wp\/v2\/pages\/249190","targetHints":{"allow":["GET"]}}],"collection":[{"href":"https:\/\/museros.org\/inici\/wp-json\/wp\/v2\/pages"}],"about":[{"href":"https:\/\/museros.org\/inici\/wp-json\/wp\/v2\/types\/page"}],"author":[{"embeddable":true,"href":"https:\/\/museros.org\/inici\/wp-json\/wp\/v2\/users\/8"}],"replies":[{"embeddable":true,"href":"https:\/\/museros.org\/inici\/wp-json\/wp\/v2\/comments?post=249190"}],"version-history":[{"count":24,"href":"https:\/\/museros.org\/inici\/wp-json\/wp\/v2\/pages\/249190\/revisions"}],"predecessor-version":[{"id":256191,"href":"https:\/\/museros.org\/inici\/wp-json\/wp\/v2\/pages\/249190\/revisions\/256191"}],"wp:attachment":[{"href":"https:\/\/museros.org\/inici\/wp-json\/wp\/v2\/media?parent=249190"}],"wp:term":[{"taxonomy":"wf_page_folders","embeddable":true,"href":"https:\/\/museros.org\/inici\/wp-json\/wp\/v2\/wf_page_folders?post=249190"}],"curies":[{"name":"wp","href":"https:\/\/api.w.org\/{rel}","templated":true}]}}