{"id":247739,"date":"2021-08-26T11:57:05","date_gmt":"2021-08-26T11:57:05","guid":{"rendered":"https:\/\/museros.org\/?page_id=247739"},"modified":"2024-08-27T17:39:58","modified_gmt":"2024-08-27T17:39:58","slug":"area-deducacio","status":"publish","type":"page","link":"https:\/\/museros.org\/inici\/area-deducacio\/","title":{"rendered":"\u00c0rea d&#8217;educaci\u00f3"},"content":{"rendered":"<p>[et_pb_section fb_built=\u00bb1&#8243; _builder_version=\u00bb4.16&#8243; _module_preset=\u00bbdefault\u00bb custom_padding=\u00bb0px||||false|false\u00bb locked=\u00bboff\u00bb global_colors_info=\u00bb{}\u00bb][et_pb_row column_structure=\u00bb1_4,3_4&#8243; _builder_version=\u00bb4.16&#8243; _module_preset=\u00bbdefault\u00bb custom_padding=\u00bb0px||||false|false\u00bb locked=\u00bboff\u00bb global_colors_info=\u00bb{}\u00bb][et_pb_column type=\u00bb1_4&#8243; _builder_version=\u00bb4.16&#8243; _module_preset=\u00bbdefault\u00bb global_colors_info=\u00bb{}\u00bb][et_pb_image src=\u00bbhttps:\/\/museros.org\/wp-content\/uploads\/2021\/06\/logo-educacio-cl-230&#215;180-1.jpg\u00bb title_text=\u00bblogo-educacio-cl-230&#215;180&#8243; url=\u00bbhttps:\/\/museros.org\/ca\/regidories\u00bb use_overlay=\u00bbon\u00bb overlay_icon_color=\u00bb#E02B20&#8243; hover_overlay_color=\u00bbrgba(255,255,255,0.7)\u00bb hover_icon=\u00bb&#xe04d;||divi||400&#8243; align=\u00bbcenter\u00bb admin_label=\u00bb\u00e0rea educaio\u00bb _builder_version=\u00bb4.16&#8243; _module_preset=\u00bbdefault\u00bb module_alignment=\u00bbcenter\u00bb global_colors_info=\u00bb{}\u00bb][\/et_pb_image][\/et_pb_column][et_pb_column type=\u00bb3_4&#8243; _builder_version=\u00bb4.16&#8243; _module_preset=\u00bbdefault\u00bb global_colors_info=\u00bb{}\u00bb][et_pb_text _builder_version=\u00bb4.16.0&#8243; _module_preset=\u00bbdefault\u00bb custom_padding=\u00bb||1px|||\u00bb global_colors_info=\u00bb{}\u00bb]<\/p>\n<h1>\u00c0rea d&#8217;Educaci\u00f3<\/h1>\n<p>Des de l&#8217;\u00c0rea d&#8217;Educaci\u00f3 facilitem informaci\u00f3 sobre escolaritzaci\u00f3, recursos i centres educatius. L&#8217;objectiu \u00e9s comunicar a les mares i pares amb fills en edat escolar sobretot el relacionat amb l&#8217;educaci\u00f3, aix\u00ed com informaci\u00f3 sobre diferents recursos socials i culturals del municipi de Museros.<\/p>\n<p>[\/et_pb_text][et_pb_divider color=\u00bb#999999&#8243; divider_style=\u00bbdotted\u00bb divider_weight=\u00bb7px\u00bb _builder_version=\u00bb4.16&#8243; _module_preset=\u00bbdefault\u00bb custom_margin=\u00bb45px||||false|false\u00bb global_colors_info=\u00bb{}\u00bb][\/et_pb_divider][\/et_pb_column][\/et_pb_row][et_pb_row column_structure=\u00bb1_4,1_4,1_4,1_4&#8243; _builder_version=\u00bb4.16&#8243; _module_preset=\u00bbdefault\u00bb min_height=\u00bb196.6px\u00bb custom_margin=\u00bb0px||-25px||false|false\u00bb custom_padding=\u00bb0px||0px||false|false\u00bb global_colors_info=\u00bb{}\u00bb][et_pb_column type=\u00bb1_4&#8243; _builder_version=\u00bb4.16&#8243; _module_preset=\u00bbdefault\u00bb global_colors_info=\u00bb{}\u00bb][et_pb_image src=\u00bbhttps:\/\/museros.org\/wp-content\/uploads\/2022\/03\/escola-inf-180&#215;230-1.jpg\u00bb title_text=\u00bbescola-inf-180&#215;230&#8243; url=\u00bbhttps:\/\/museros.org\/inici\/escola-infantil-municipal\/\u00bb use_overlay=\u00bbon\u00bb overlay_icon_color=\u00bb#E02B20&#8243; hover_overlay_color=\u00bbrgba(255,255,255,0.7)\u00bb hover_icon=\u00bb&#xe04e;||divi||400&#8243; align=\u00bbcenter\u00bb admin_label=\u00bbescola infantil\u00bb _builder_version=\u00bb4.16&#8243; _module_preset=\u00bbdefault\u00bb global_colors_info=\u00bb{}\u00bb][\/et_pb_image][et_pb_image src=\u00bbhttps:\/\/museros.org\/wp-content\/uploads\/2022\/04\/calendari-admisio-180&#215;230-1.jpg\u00bb title_text=\u00bbcalendari-admisio-180&#215;230&#8243; url=\u00bbhttps:\/\/museros.org\/wp-content\/uploads\/2024\/08\/Anexo-IV-Calendario-RESOLUCIO-Admissio-24-25.pdf\u00bb url_new_window=\u00bbon\u00bb use_overlay=\u00bbon\u00bb overlay_icon_color=\u00bb#E02B20&#8243; hover_overlay_color=\u00bbrgba(255,255,255,0.7)\u00bb hover_icon=\u00bb&#xe04e;||divi||400&#8243; align=\u00bbcenter\u00bb admin_label=\u00bbactivitats\u00bb _builder_version=\u00bb4.27.0&#8243; _module_preset=\u00bbdefault\u00bb width=\u00bb100%\u00bb module_alignment=\u00bbcenter\u00bb hover_enabled=\u00bb0&#8243; global_colors_info=\u00bb{}\u00bb sticky_enabled=\u00bb0&#8243;][\/et_pb_image][\/et_pb_column][et_pb_column type=\u00bb1_4&#8243; _builder_version=\u00bb4.16&#8243; _module_preset=\u00bbdefault\u00bb global_colors_info=\u00bb{}\u00bb][et_pb_image src=\u00bbhttps:\/\/museros.org\/wp-content\/uploads\/2022\/03\/centres-esc-180&#215;230-1.jpg\u00bb title_text=\u00bbcentres-esc-180&#215;230&#8243; url=\u00bbhttps:\/\/museros.org\/inici\/centres-escolars\u00bb use_overlay=\u00bbon\u00bb overlay_icon_color=\u00bb#E02B20&#8243; hover_overlay_color=\u00bbrgba(255,255,255,0.68)\u00bb hover_icon=\u00bb&#xe04e;||divi||400&#8243; align=\u00bbcenter\u00bb admin_label=\u00bbcentres\u00bb _builder_version=\u00bb4.16&#8243; _module_preset=\u00bbdefault\u00bb width=\u00bb100%\u00bb module_alignment=\u00bbcenter\u00bb global_colors_info=\u00bb{}\u00bb][\/et_pb_image][et_pb_image src=\u00bbhttps:\/\/museros.org\/wp-content\/uploads\/2022\/03\/activitats-edu-180&#215;230-1.jpg\u00bb title_text=\u00bbactivitats-edu-180&#215;230&#8243; url=\u00bbhttps:\/\/museros.org\/inici\/activitats-deducacio\/\u00bb use_overlay=\u00bbon\u00bb overlay_icon_color=\u00bb#E02B20&#8243; hover_overlay_color=\u00bbrgba(255,255,255,0.7)\u00bb hover_icon=\u00bb&#xe04e;||divi||400&#8243; align=\u00bbcenter\u00bb admin_label=\u00bbactivitats\u00bb _builder_version=\u00bb4.16&#8243; _module_preset=\u00bbdefault\u00bb width=\u00bb100%\u00bb module_alignment=\u00bbcenter\u00bb global_colors_info=\u00bb{}\u00bb][\/et_pb_image][\/et_pb_column][et_pb_column type=\u00bb1_4&#8243; _builder_version=\u00bb4.16&#8243; _module_preset=\u00bbdefault\u00bb global_colors_info=\u00bb{}\u00bb][et_pb_image src=\u00bbhttps:\/\/museros.org\/wp-content\/uploads\/2022\/03\/consell-esc-180&#215;230-1.jpg\u00bb title_text=\u00bbconsell-esc-180&#215;230&#8243; url=\u00bbhttps:\/\/museros.org\/inici\/consell-escolar\u00bb use_overlay=\u00bbon\u00bb overlay_icon_color=\u00bb#E02B20&#8243; hover_overlay_color=\u00bbrgba(255,255,255,0.7)\u00bb hover_icon=\u00bb&#xe04e;||divi||400&#8243; align=\u00bbcenter\u00bb admin_label=\u00bbconsell\u00bb _builder_version=\u00bb4.16&#8243; _module_preset=\u00bbdefault\u00bb width=\u00bb100%\u00bb module_alignment=\u00bbcenter\u00bb global_colors_info=\u00bb{}\u00bb][\/et_pb_image][et_pb_image src=\u00bbhttps:\/\/museros.org\/wp-content\/uploads\/2022\/03\/servei-lab-180&#215;230-1.jpg\u00bb title_text=\u00bbservei-lab-180&#215;230&#8243; url=\u00bbhttps:\/\/museros.org\/inici\/servei-laboral\u00bb use_overlay=\u00bbon\u00bb overlay_icon_color=\u00bb#E02B20&#8243; hover_overlay_color=\u00bbrgba(255,255,255,0.7)\u00bb hover_icon=\u00bb&#xe04e;||divi||400&#8243; align=\u00bbcenter\u00bb admin_label=\u00bbservei\u00bb _builder_version=\u00bb4.16&#8243; _module_preset=\u00bbdefault\u00bb width=\u00bb100%\u00bb module_alignment=\u00bbcenter\u00bb global_colors_info=\u00bb{}\u00bb][\/et_pb_image][\/et_pb_column][et_pb_column type=\u00bb1_4&#8243; _builder_version=\u00bb4.16&#8243; _module_preset=\u00bbdefault\u00bb global_colors_info=\u00bb{}\u00bb][et_pb_image src=\u00bbhttps:\/\/museros.org\/wp-content\/uploads\/2022\/03\/calendari-esc-180&#215;230-1.jpg\u00bb title_text=\u00bbcalendari-esc-180&#215;230&#8243; url=\u00bbhttps:\/\/museros.org\/inici\/calendari-escolar\u00bb use_overlay=\u00bbon\u00bb overlay_icon_color=\u00bb#E02B20&#8243; hover_overlay_color=\u00bbrgba(255,255,255,0.7)\u00bb hover_icon=\u00bb&#xe04e;||divi||400&#8243; align=\u00bbcenter\u00bb admin_label=\u00bbcalendari\u00bb _builder_version=\u00bb4.16&#8243; _module_preset=\u00bbdefault\u00bb width=\u00bb100%\u00bb module_alignment=\u00bbcenter\u00bb global_colors_info=\u00bb{}\u00bb][\/et_pb_image][et_pb_image src=\u00bbhttps:\/\/museros.org\/wp-content\/uploads\/2022\/03\/gabinet-psic-180&#215;230-1.jpg\u00bb title_text=\u00bbgabinet-psic-180&#215;230&#8243; url=\u00bbhttps:\/\/museros.org\/inici\/gabinet-psicopedagogic\/\u00bb use_overlay=\u00bbon\u00bb overlay_icon_color=\u00bb#E02B20&#8243; hover_overlay_color=\u00bbrgba(255,255,255,0.66)\u00bb hover_icon=\u00bb&#xe04e;||divi||400&#8243; admin_label=\u00bbgabinet\u00bb _builder_version=\u00bb4.16.0&#8243; _module_preset=\u00bbdefault\u00bb locked=\u00bboff\u00bb global_colors_info=\u00bb{}\u00bb][\/et_pb_image][\/et_pb_column][\/et_pb_row][et_pb_row _builder_version=\u00bb4.16&#8243; _module_preset=\u00bbdefault\u00bb custom_margin=\u00bb0px||1px||false|false\u00bb custom_padding=\u00bb0px|||||\u00bb global_colors_info=\u00bb{}\u00bb][et_pb_column type=\u00bb4_4&#8243; _builder_version=\u00bb4.16&#8243; _module_preset=\u00bbdefault\u00bb global_colors_info=\u00bb{}\u00bb][et_pb_divider color=\u00bb#E02B20&#8243; divider_weight=\u00bb4px\u00bb _builder_version=\u00bb4.16&#8243; _module_preset=\u00bbdefault\u00bb min_height=\u00bb26px\u00bb custom_margin=\u00bb40px||0px||false|false\u00bb custom_padding=\u00bb||0px||false|false\u00bb locked=\u00bboff\u00bb global_colors_info=\u00bb{}\u00bb][\/et_pb_divider][\/et_pb_column][\/et_pb_row][\/et_pb_section]<\/p>\n","protected":false},"excerpt":{"rendered":"<p>\u00c0rea d&#8217;Educaci\u00f3 Des de l&#8217;\u00c0rea d&#8217;Educaci\u00f3 facilitem informaci\u00f3 sobre escolaritzaci\u00f3, recursos i centres educatius. L&#8217;objectiu \u00e9s comunicar a les mares i pares amb fills en edat escolar sobretot el relacionat amb l&#8217;educaci\u00f3, aix\u00ed com informaci\u00f3 sobre diferents recursos socials i culturals del municipi de Museros.<\/p>\n","protected":false},"author":8,"featured_media":0,"parent":0,"menu_order":0,"comment_status":"closed","ping_status":"closed","template":"","meta":{"_et_pb_use_builder":"on","_et_pb_old_content":"","_et_gb_content_width":"","_mc_calendar":[],"footnotes":""},"wf_page_folders":[298],"class_list":["post-247739","page","type-page","status-publish","hentry"],"_links":{"self":[{"href":"https:\/\/museros.org\/inici\/wp-json\/wp\/v2\/pages\/247739","targetHints":{"allow":["GET"]}}],"collection":[{"href":"https:\/\/museros.org\/inici\/wp-json\/wp\/v2\/pages"}],"about":[{"href":"https:\/\/museros.org\/inici\/wp-json\/wp\/v2\/types\/page"}],"author":[{"embeddable":true,"href":"https:\/\/museros.org\/inici\/wp-json\/wp\/v2\/users\/8"}],"replies":[{"embeddable":true,"href":"https:\/\/museros.org\/inici\/wp-json\/wp\/v2\/comments?post=247739"}],"version-history":[{"count":30,"href":"https:\/\/museros.org\/inici\/wp-json\/wp\/v2\/pages\/247739\/revisions"}],"predecessor-version":[{"id":271193,"href":"https:\/\/museros.org\/inici\/wp-json\/wp\/v2\/pages\/247739\/revisions\/271193"}],"wp:attachment":[{"href":"https:\/\/museros.org\/inici\/wp-json\/wp\/v2\/media?parent=247739"}],"wp:term":[{"taxonomy":"wf_page_folders","embeddable":true,"href":"https:\/\/museros.org\/inici\/wp-json\/wp\/v2\/wf_page_folders?post=247739"}],"curies":[{"name":"wp","href":"https:\/\/api.w.org\/{rel}","templated":true}]}}