{"id":247563,"date":"2021-08-25T17:34:40","date_gmt":"2021-08-25T17:34:40","guid":{"rendered":"https:\/\/museros.org\/?page_id=247563"},"modified":"2026-03-31T10:04:14","modified_gmt":"2026-03-31T08:04:14","slug":"area-de-transicio-ecologica","status":"publish","type":"page","link":"https:\/\/museros.org\/inici\/area-de-transicio-ecologica\/","title":{"rendered":"\u00c0rea de Transici\u00f3 Ecol\u00f2gica"},"content":{"rendered":"<p>[et_pb_section fb_built=\u00bb1&#8243; _builder_version=\u00bb4.16&#8243; _module_preset=\u00bbdefault\u00bb custom_padding=\u00bb0px||||false|false\u00bb locked=\u00bboff\u00bb global_colors_info=\u00bb{}\u00bb][et_pb_row column_structure=\u00bb1_4,3_4&#8243; _builder_version=\u00bb4.16&#8243; _module_preset=\u00bbdefault\u00bb custom_margin=\u00bb0px||||false|false\u00bb custom_padding=\u00bb0px||||false|false\u00bb global_colors_info=\u00bb{}\u00bb][et_pb_column type=\u00bb1_4&#8243; _builder_version=\u00bb4.16&#8243; _module_preset=\u00bbdefault\u00bb global_colors_info=\u00bb{}\u00bb][et_pb_image src=\u00bbhttps:\/\/museros.org\/wp-content\/uploads\/2023\/07\/logo-transicio-cl-230&#215;180-1.jpg\u00bb title_text=\u00bblogo-transicio-cl-230&#215;180&#8243; url=\u00bbhttps:\/\/museros.org\/inici\/regidories\u00bb use_overlay=\u00bbon\u00bb overlay_icon_color=\u00bb#E02B20&#8243; hover_overlay_color=\u00bbrgba(255,255,255,0.69)\u00bb hover_icon=\u00bb&#xe04d;||divi||400&#8243; align=\u00bbcenter\u00bb _builder_version=\u00bb4.21.0&#8243; _module_preset=\u00bbdefault\u00bb width=\u00bb100%\u00bb width_tablet=\u00bb\u00bb width_phone=\u00bb\u00bb width_last_edited=\u00bbon|phone\u00bb locked=\u00bboff\u00bb global_colors_info=\u00bb{}\u00bb][\/et_pb_image][\/et_pb_column][et_pb_column type=\u00bb3_4&#8243; _builder_version=\u00bb4.16&#8243; _module_preset=\u00bbdefault\u00bb global_colors_info=\u00bb{}\u00bb][et_pb_accordion open_toggle_text_color=\u00bb#990000&#8243; icon_color=\u00bb#990000&#8243; _builder_version=\u00bb4.27.6&#8243; _module_preset=\u00bbdefault\u00bb toggle_font=\u00bb||||||||\u00bb toggle_font_size=\u00bb23px\u00bb locked=\u00bboff\u00bb global_colors_info=\u00bb{}\u00bb][et_pb_accordion_item title=\u00bbTransici\u00f3 Ecol\u00f2gica\u00bb open=\u00bbon\u00bb _builder_version=\u00bb4.21.0&#8243; _module_preset=\u00bbdefault\u00bb global_colors_info=\u00bb{}\u00bb toggle_font_size=\u00bb30px\u00bb]<\/p>\n<p>Aquesta \u00c0rea \u00e9s la responsable de dirigir la pol\u00edtica mediambiental de l&#8217;Ajuntament de Museros, participant en tots els procediments i serveis que puguen produir un efecte directe sobre el mitj\u00e0, els recursos naturals, la fauna i la flora locals, els h\u00e0bits sostenibles i l&#8217;ecologia, entre altres.<br \/>Tracta de millorar les condicions ambientals de la localitat des d&#8217;un paradigma col\u00b7lectiu i participatiu, aix\u00ed com d&#8217;educar a la ciutadania del dem\u00e0 en el respecte al nostre planeta i a la resta d&#8217;esp\u00e8cies amb els qui el compartim, per la qual cosa principalment desenvolupa l&#8217;Educaci\u00f3 Ambiental en el seu ampli espectre.<\/p>\n<p>&#8211; Promoci\u00f3 dels Objectius de Desenvolupament Sostenible (ODS) fixats per l&#8217;ONU per a l&#8217;horitz\u00f3 de l&#8217;any 2030.<br \/>&#8211; Fomentar l&#8217;Educaci\u00f3 Ambiental en el municipi de Museros, mitjan\u00e7ant agents dinamitzadors (centres escolars, comer\u00e7 local, teixit associatiu i el ve\u00efnat del poble en general).<br \/>&#8211; Incidir en els h\u00e0bits sostenibles que la societat ha d&#8217;adoptar davant la crisi clim\u00e0tica que t\u00e9 lloc.<br \/>&#8211; Campanyes de conscienciaci\u00f3 mediambiental que sensibilitzen sobre la valoraci\u00f3 i cura al Medi Ambient.<br \/>&#8211; Posar en valor la flora i la fauna del nostre entorn.<br \/>&#8211; Cura i manteniment de les zones verdes p\u00fabliques i parcs municipals.<br \/>&#8211; Gesti\u00f3 i coordinaci\u00f3 de la poda de l&#8217;arbratge local.<br \/>&#8211; Benestar animal.<br \/>&#8211; Protecci\u00f3 de l&#8217;avifauna.<br \/>&#8211; Treballar en pro de la creaci\u00f3 d&#8217;una comunitat energ\u00e8tica local.<br \/>&#8211; Ampliaci\u00f3 de les instal\u00b7lacions de plaques fotovoltaiques en edificis municipals.<\/p>\n<p>&nbsp;<\/p>\n<p>[\/et_pb_accordion_item][et_pb_accordion_item title=\u00bbAnimals\u00bb open_toggle_text_color=\u00bb#990000&#8243; _builder_version=\u00bb4.27.6&#8243; _module_preset=\u00bbdefault\u00bb global_colors_info=\u00bb{}\u00bb open=\u00bboff\u00bb]<\/p>\n<h3>\u00a0<\/h3>\n<p><strong>\u2022 Gesti\u00f3 de col\u00f2nies i animals abandonats<\/strong>:Amb\u00a0el cofinan\u00e7ament\u00a0del Ministeri de Drets Socials, Consum i Agenda 2030 del Govern d&#8217;Espanya, i amb la col\u00b7laboraci\u00f3 de les protectores locals, es protegeix els animals dom\u00e8stics (principalment felins i c\u00e0nids) que es troben abandonats o perduts. D&#8217;aquesta manera, es pret\u00e9n fomentar l&#8217;adopci\u00f3 (amb cartells, posts de comunicaci\u00f3, etc.).<\/p>\n<p><strong>\u2022 Rutes ornitol\u00f2giques<\/strong>: Per a despertar l&#8217;inter\u00e9s de la poblaci\u00f3 per la fauna local i incentivar la seua protecci\u00f3, la regidoria ha organitzat per primera vegada diverses rutes ornitol\u00f2giques per l&#8217;horta i el nucli urb\u00e0. D&#8217;aquesta manera, guiats per un ornit\u00f2leg, poden veure i aprendre dels ocells localitzats en el municipi. Addicionalment, s&#8217;est\u00e0 preparant una guia sobre els ocells de Museros, amb una descripci\u00f3 concisa dels seus h\u00e0bitats, el seu nivell de conservaci\u00f3 i l&#8217;\u00e8poca de reproducci\u00f3 procliu a cada esp\u00e8cie.<\/p>\n<p><strong>\u2022 Xarrades escolars amb associacions<\/strong>: S&#8217;organitzen diverses xarrades, en col\u00b7laboraci\u00f3 amb professionals, per a impartir-les en els centres escolars del municipi. Recentment, l&#8217;Associaci\u00f3 de Professionals en Defensa dels Animals (PRODA) ha realitzat una explicaci\u00f3 als estudiants de l&#8217;IES sobre el respecte i la cura de les mascotes (i la seua extrapolaci\u00f3 a la conviv\u00e8ncia amb altres estudiants).<\/p>\n<p><strong>\u2022 Protecci\u00f3 de fauna silvestre<\/strong>: En cerca de la cura de les esp\u00e8cies que integren l&#8217;ecosistema, es busca la protecci\u00f3 d&#8217;esp\u00e8cies amena\u00e7ades. Actualment, s&#8217;estan portant actuacions per a protegir i fomentar l&#8217;aparici\u00f3 de pol\u00b7linitzadors (com a \u201chotels per a insectes\u201d) i s&#8217;est\u00e0 portant un control i registre dels nius actius d&#8217;avi\u00f3 com\u00fa i de la ratapinyada troben repartits pel municipi (amb la finalitat de protegir-los i sancionar als qui els destru\u00efsquen). A m\u00e9s, amb la participaci\u00f3 ciutadana s&#8217;ha realitzat un concurs de fotografia de papallones (amb el posterior repartiment de guies per a aprendre sobre els lepid\u00f2pters).<\/p>\n<p>[\/et_pb_accordion_item][et_pb_accordion_item title=\u00bbManteniment del municipi\u00bb _builder_version=\u00bb4.17.1&#8243; _module_preset=\u00bbdefault\u00bb global_colors_info=\u00bb{}\u00bb open=\u00bboff\u00bb]<\/p>\n<h3><\/h3>\n<p><strong>\u2022 Control de plagues<\/strong>: La regidoria mant\u00e9 i combat les plagues que puguen assolar Museros (siguen de manera constant o estacionals). D&#8217;aquesta manera, i en col\u00b7laboraci\u00f3 amb empreses com *Anticimex, es realitza la detecci\u00f3 i extermini de plagues que inclouen rosegadors (principalment rates), mosquits (com el mosquit tigre) i mosques (mosca de la fruita).<\/p>\n<p><strong>\u2022 Neteja de solars<\/strong>: Cada any, Museros realitza una neteja dels solars del municipi amb la finalitat de mantindre&#8217;ls lliures de plagues. Aix\u00ed doncs, s&#8217;inspeccionen les parcel\u00b7les i es notifica als propietaris per a dur a terme aquesta pr\u00e0ctica, en compliment de l&#8217;ordenan\u00e7a local vigent.<\/p>\n<p><strong>\u2022 Control de deixalles animals<\/strong>: En concret, l&#8217;orina i femta dels gossos en via p\u00fablica est\u00e0 sancionada en el municipi. D&#8217;aquesta manera, es fomenta constantment la conscienciaci\u00f3 amb posts de comunicaci\u00f3 i cartells on prohibeixen deixar abandonades les deposicions. A m\u00e9s, s&#8217;est\u00e0 estudiant la implantaci\u00f3 de l&#8217;ADN can\u00ed.<\/p>\n<p>[\/et_pb_accordion_item][et_pb_accordion_item title=\u00bbManteniment de flora, esp\u00e8cies vegetals i esp\u00e0is verds\u00bb _builder_version=\u00bb4.17.1&#8243; _module_preset=\u00bbdefault\u00bb global_colors_info=\u00bb{}\u00bb open=\u00bboff\u00bb]<\/p>\n<h3><\/h3>\n<p><strong>\u2022 Redacci\u00f3 d&#8217;un pla local redu\u00eft de prevenci\u00f3 d&#8217;incendis forestals<\/strong>: Rem\u00e9s a la Conselleria de Medi Ambient i realitzat el passat 2020.<\/p>\n<p>\u2022<strong> Contractaci\u00f3 del servei peri\u00f2dic de poda<\/strong>: Encarregat de mantindre l&#8217;arbratge del municipi en condicions \u00f2ptimes (en l&#8217;ambit est\u00e8tic i de seguretat) i de tractar els exemplars enfront de malalties concretes, com la procession\u00e0ria.<\/p>\n<p><strong>\u2022 Gesti\u00f3 de l&#8217;arbratge en via p\u00fablica, aix\u00ed com en parcs i jardins<\/strong>: Es tenen inventariades totes les esp\u00e8cies vegetals del municipi amb la finalitat de reposar-les en el cas que muiren i de comprovar el seu poda, aix\u00ed com el manteniment de les zones verdes enjardinades de la localitat.<\/p>\n<p>[\/et_pb_accordion_item][\/et_pb_accordion][et_pb_divider color=\u00bb#999999&#8243; divider_style=\u00bbdotted\u00bb divider_weight=\u00bb7px\u00bb _builder_version=\u00bb4.16&#8243; _module_preset=\u00bbdefault\u00bb custom_margin=\u00bb42px||||false|false\u00bb global_colors_info=\u00bb{}\u00bb][\/et_pb_divider][\/et_pb_column][\/et_pb_row][et_pb_row column_structure=\u00bb1_3,1_3,1_3&#8243; _builder_version=\u00bb4.16&#8243; _module_preset=\u00bbdefault\u00bb global_colors_info=\u00bb{}\u00bb][et_pb_column type=\u00bb1_3&#8243; _builder_version=\u00bb4.16&#8243; _module_preset=\u00bbdefault\u00bb global_colors_info=\u00bb{}\u00bb][et_pb_image src=\u00bbhttps:\/\/museros.org\/wp-content\/uploads\/2026\/03\/colonies-felines-400&#215;320-1-m.jpg\u00bb title_text=\u00bbcolonies-felines-400&#215;320-1 m\u00bb url=\u00bbhttps:\/\/museros.org\/wp-content\/uploads\/2025\/04\/Plan-etico-de-gestion-y-control-de-colonias-felinas-de-Museros.pdf\u00bb url_new_window=\u00bbon\u00bb use_overlay=\u00bbon\u00bb overlay_icon_color=\u00bb#E02B20&#8243; hover_overlay_color=\u00bbrgba(255,255,255,0.7)\u00bb hover_icon=\u00bb&#xe04e;||divi||400&#8243; admin_label=\u00bbImage\u00bb _builder_version=\u00bb4.27.6&#8243; _module_preset=\u00bbdefault\u00bb global_colors_info=\u00bb{}\u00bb][\/et_pb_image][\/et_pb_column][et_pb_column type=\u00bb1_3&#8243; _builder_version=\u00bb4.16&#8243; _module_preset=\u00bbdefault\u00bb global_colors_info=\u00bb{}\u00bb][et_pb_image src=\u00bbhttps:\/\/museros.org\/wp-content\/uploads\/2022\/06\/mural-a-lhorta-400&#215;320-1.jpg\u00bb title_text=\u00bbmural-a-lhorta-400&#215;320&#8243; url=\u00bbhttps:\/\/museros.org\/inici\/pintura-mural-a-lhorta\/\u00bb use_overlay=\u00bbon\u00bb overlay_icon_color=\u00bb#E02B20&#8243; hover_overlay_color=\u00bbrgba(255,255,255,0.7)\u00bb hover_icon=\u00bb&#xe04e;||divi||400&#8243; admin_label=\u00bbImage\u00bb _builder_version=\u00bb4.27.4&#8243; _module_preset=\u00bbdefault\u00bb global_colors_info=\u00bb{}\u00bb][\/et_pb_image][\/et_pb_column][et_pb_column type=\u00bb1_3&#8243; _builder_version=\u00bb4.16&#8243; _module_preset=\u00bbdefault\u00bb global_colors_info=\u00bb{}\u00bb][et_pb_image src=\u00bbhttps:\/\/museros.org\/wp-content\/uploads\/2022\/02\/enllas-oroneta-cb-400&#215;320-1.jpg\u00bb title_text=\u00bbenllas-oroneta-cb-400&#215;320&#8243; url=\u00bbhttps:\/\/museros.org\/inici\/nius-doroneta\/\u00bb use_overlay=\u00bbon\u00bb overlay_icon_color=\u00bb#E02B20&#8243; hover_overlay_color=\u00bbrgba(255,255,255,0.7)\u00bb hover_icon=\u00bb&#xe04e;||divi||400&#8243; _builder_version=\u00bb4.27.4&#8243; _module_preset=\u00bbdefault\u00bb global_colors_info=\u00bb{}\u00bb][\/et_pb_image][\/et_pb_column][\/et_pb_row][et_pb_row column_structure=\u00bb1_4,1_4,1_4,1_4&#8243; _builder_version=\u00bb4.27.4&#8243; _module_preset=\u00bbdefault\u00bb global_colors_info=\u00bb{}\u00bb][et_pb_column type=\u00bb1_4&#8243; _builder_version=\u00bb4.27.4&#8243; _module_preset=\u00bbdefault\u00bb global_colors_info=\u00bb{}\u00bb][et_pb_image src=\u00bbhttps:\/\/museros.org\/wp-content\/uploads\/2022\/02\/enllas-net-400&#215;320-1.jpg\u00bb title_text=\u00bbenllas-net-400&#215;320&#8243; url=\u00bbhttps:\/\/museros.org\/inici\/poble-net\/\u00bb use_overlay=\u00bbon\u00bb overlay_icon_color=\u00bb#E02B20&#8243; hover_overlay_color=\u00bbrgba(255,255,255,0.7)\u00bb hover_icon=\u00bb&#xe04e;||divi||400&#8243; _builder_version=\u00bb4.27.4&#8243; _module_preset=\u00bbdefault\u00bb global_colors_info=\u00bb{}\u00bb][\/et_pb_image][\/et_pb_column][et_pb_column type=\u00bb1_4&#8243; _builder_version=\u00bb4.27.4&#8243; _module_preset=\u00bbdefault\u00bb global_colors_info=\u00bb{}\u00bb][et_pb_image src=\u00bbhttps:\/\/museros.org\/wp-content\/uploads\/2022\/02\/enlace-recicla-400&#215;320-1.jpg\u00bb title_text=\u00bbenlace-recicla-400&#215;320&#8243; url=\u00bbhttps:\/\/museros.org\/inici\/a-museros-es-recicla\/\u00bb use_overlay=\u00bbon\u00bb overlay_icon_color=\u00bb#E02B20&#8243; hover_overlay_color=\u00bbrgba(255,255,255,0.7)\u00bb hover_icon=\u00bb&#xe04e;||divi||400&#8243; _builder_version=\u00bb4.27.4&#8243; _module_preset=\u00bbdefault\u00bb global_colors_info=\u00bb{}\u00bb][\/et_pb_image][\/et_pb_column][et_pb_column type=\u00bb1_4&#8243; _builder_version=\u00bb4.27.4&#8243; _module_preset=\u00bbdefault\u00bb global_colors_info=\u00bb{}\u00bb][et_pb_image src=\u00bbhttps:\/\/museros.org\/wp-content\/uploads\/2022\/02\/enlace-ecoparc-400&#215;320-1.jpg\u00bb title_text=\u00bbenlace-ecoparc-400&#215;320&#8243; url=\u00bbhttps:\/\/museros.org\/inici\/eco-parc\/\u00bb use_overlay=\u00bbon\u00bb overlay_icon_color=\u00bb#E02B20&#8243; hover_overlay_color=\u00bbrgba(255,255,255,0.7)\u00bb hover_icon=\u00bb&#xe04e;||divi||400&#8243; _builder_version=\u00bb4.27.4&#8243; _module_preset=\u00bbdefault\u00bb global_colors_info=\u00bb{}\u00bb][\/et_pb_image][\/et_pb_column][et_pb_column type=\u00bb1_4&#8243; _builder_version=\u00bb4.27.4&#8243; _module_preset=\u00bbdefault\u00bb global_colors_info=\u00bb{}\u00bb][et_pb_image src=\u00bbhttps:\/\/museros.org\/wp-content\/uploads\/2023\/04\/SOSTENIBLE-400&#215;320-1.jpg\u00bb title_text=\u00bbSOSTENIBLE-400&#215;320&#8243; url=\u00bbhttps:\/\/museros.org\/inici\/museros-sostenible\u00bb use_overlay=\u00bbon\u00bb overlay_icon_color=\u00bb#E02B20&#8243; hover_overlay_color=\u00bbrgba(255,255,255,0.7)\u00bb hover_icon=\u00bb&#xe04e;||divi||400&#8243; _builder_version=\u00bb4.20.2&#8243; _module_preset=\u00bbdefault\u00bb locked=\u00bboff\u00bb global_colors_info=\u00bb{}\u00bb][\/et_pb_image][\/et_pb_column][\/et_pb_row][et_pb_row _builder_version=\u00bb4.16&#8243; _module_preset=\u00bbdefault\u00bb custom_margin=\u00bb10px||0px||false|false\u00bb custom_padding=\u00bb||0px||false|false\u00bb locked=\u00bboff\u00bb global_colors_info=\u00bb{}\u00bb][et_pb_column type=\u00bb4_4&#8243; _builder_version=\u00bb4.16&#8243; _module_preset=\u00bbdefault\u00bb global_colors_info=\u00bb{}\u00bb][et_pb_divider color=\u00bb#999999&#8243; divider_style=\u00bbdotted\u00bb divider_weight=\u00bb8px\u00bb _builder_version=\u00bb4.16&#8243; _module_preset=\u00bbdefault\u00bb width=\u00bb100%\u00bb module_alignment=\u00bbright\u00bb custom_margin=\u00bb0px||20px||false|false\u00bb custom_padding=\u00bb0px||0px||false|false\u00bb global_colors_info=\u00bb{}\u00bb][\/et_pb_divider][et_pb_image src=\u00bbhttps:\/\/museros.org\/wp-content\/uploads\/2021\/12\/passeigperlhorta.jpg\u00bb title_text=\u00bbpasseig-mobil\u00bb url=\u00bbhttps:\/\/museros.org\/inici\/faristol-inici\/\u00bb use_overlay=\u00bbon\u00bb overlay_icon_color=\u00bb#E02B20&#8243; hover_overlay_color=\u00bbrgba(255,255,255,0.71)\u00bb hover_icon=\u00bb&#xe04e;||divi||400&#8243; align=\u00bbcenter\u00bb src_tablet=\u00bbhttps:\/\/museros.org\/wp-content\/uploads\/2021\/12\/passeigperlhorta.jpg\u00bb src_phone=\u00bbhttps:\/\/museros.org\/wp-content\/uploads\/2021\/12\/passeig-mobil.jpg\u00bb src_last_edited=\u00bbon|phone\u00bb admin_label=\u00bbpasseig per l&#8217;horta\u00bb _builder_version=\u00bb4.16&#8243; _module_preset=\u00bbdefault\u00bb global_colors_info=\u00bb{}\u00bb][\/et_pb_image][et_pb_divider color=\u00bb#999999&#8243; divider_style=\u00bbdotted\u00bb divider_weight=\u00bb8px\u00bb _builder_version=\u00bb4.18.0&#8243; _module_preset=\u00bbdefault\u00bb width=\u00bb100%\u00bb module_alignment=\u00bbright\u00bb custom_margin=\u00bb40px||40px||false|false\u00bb custom_padding=\u00bb0px||0px||false|false\u00bb global_colors_info=\u00bb{}\u00bb][\/et_pb_divider][et_pb_text _builder_version=\u00bb4.18.0&#8243; _module_preset=\u00bbdefault\u00bb global_colors_info=\u00bb{}\u00bb]<\/p>\n<h2 id=\":1or\" class=\"hP\" data-thread-perm-id=\"thread-f:1746666124246787757\" data-legacy-thread-id=\"183d6795f4f026ad\" tabindex=\"-1\">Publicitat sobre la Campanya de desratitzaci\u00f3, desinfectaci\u00f3 i desinfecci\u00f3<\/h2>\n<p>[\/et_pb_text][\/et_pb_column][\/et_pb_row][et_pb_row column_structure=\u00bb1_5,3_5,1_5&#8243; _builder_version=\u00bb4.18.0&#8243; _module_preset=\u00bbdefault\u00bb global_colors_info=\u00bb{}\u00bb][et_pb_column type=\u00bb1_5&#8243; _builder_version=\u00bb4.18.0&#8243; _module_preset=\u00bbdefault\u00bb global_colors_info=\u00bb{}\u00bb][\/et_pb_column][et_pb_column type=\u00bb3_5&#8243; _builder_version=\u00bb4.18.0&#8243; _module_preset=\u00bbdefault\u00bb global_colors_info=\u00bb{}\u00bb][et_pb_image src=\u00bbhttps:\/\/museros.org\/wp-content\/uploads\/2022\/10\/programa-control-plagues.jpg\u00bb title_text=\u00bbprograma-control-plagues\u00bb _builder_version=\u00bb4.18.0&#8243; _module_preset=\u00bbdefault\u00bb global_colors_info=\u00bb{}\u00bb][\/et_pb_image][\/et_pb_column][et_pb_column type=\u00bb1_5&#8243; _builder_version=\u00bb4.18.0&#8243; _module_preset=\u00bbdefault\u00bb global_colors_info=\u00bb{}\u00bb][\/et_pb_column][\/et_pb_row][et_pb_row _builder_version=\u00bb4.16&#8243; _module_preset=\u00bbdefault\u00bb global_colors_info=\u00bb{}\u00bb][et_pb_column type=\u00bb4_4&#8243; _builder_version=\u00bb4.16&#8243; _module_preset=\u00bbdefault\u00bb global_colors_info=\u00bb{}\u00bb][et_pb_divider color=\u00bb#E02B20&#8243; divider_weight=\u00bb4px\u00bb _builder_version=\u00bb4.16&#8243; _module_preset=\u00bbdefault\u00bb global_colors_info=\u00bb{}\u00bb][\/et_pb_divider][\/et_pb_column][\/et_pb_row][\/et_pb_section]<\/p>\n","protected":false},"excerpt":{"rendered":"<p>Aquesta \u00c0rea \u00e9s la responsable de dirigir la pol\u00edtica mediambiental de l&#8217;Ajuntament de Museros, participant en tots els procediments i serveis que puguen produir un efecte directe sobre el mitj\u00e0, els recursos naturals, la fauna i la flora locals, els h\u00e0bits sostenibles i l&#8217;ecologia, entre altres.Tracta de millorar les condicions ambientals de la localitat des [&hellip;]<\/p>\n","protected":false},"author":8,"featured_media":0,"parent":0,"menu_order":0,"comment_status":"closed","ping_status":"closed","template":"","meta":{"_et_pb_use_builder":"on","_et_pb_old_content":"","_et_gb_content_width":"","_mc_calendar":[],"footnotes":""},"wf_page_folders":[299],"class_list":["post-247563","page","type-page","status-publish","hentry"],"_links":{"self":[{"href":"https:\/\/museros.org\/inici\/wp-json\/wp\/v2\/pages\/247563","targetHints":{"allow":["GET"]}}],"collection":[{"href":"https:\/\/museros.org\/inici\/wp-json\/wp\/v2\/pages"}],"about":[{"href":"https:\/\/museros.org\/inici\/wp-json\/wp\/v2\/types\/page"}],"author":[{"embeddable":true,"href":"https:\/\/museros.org\/inici\/wp-json\/wp\/v2\/users\/8"}],"replies":[{"embeddable":true,"href":"https:\/\/museros.org\/inici\/wp-json\/wp\/v2\/comments?post=247563"}],"version-history":[{"count":43,"href":"https:\/\/museros.org\/inici\/wp-json\/wp\/v2\/pages\/247563\/revisions"}],"predecessor-version":[{"id":279310,"href":"https:\/\/museros.org\/inici\/wp-json\/wp\/v2\/pages\/247563\/revisions\/279310"}],"wp:attachment":[{"href":"https:\/\/museros.org\/inici\/wp-json\/wp\/v2\/media?parent=247563"}],"wp:term":[{"taxonomy":"wf_page_folders","embeddable":true,"href":"https:\/\/museros.org\/inici\/wp-json\/wp\/v2\/wf_page_folders?post=247563"}],"curies":[{"name":"wp","href":"https:\/\/api.w.org\/{rel}","templated":true}]}}