{"id":246973,"date":"2021-08-24T10:30:48","date_gmt":"2021-08-24T10:30:48","guid":{"rendered":"https:\/\/museros.org\/?page_id=246973"},"modified":"2026-03-16T14:08:55","modified_gmt":"2026-03-16T12:08:55","slug":"area-durbanisme","status":"publish","type":"page","link":"https:\/\/museros.org\/inici\/area-durbanisme\/","title":{"rendered":"\u00c0rea d&#8217;Urbanisme"},"content":{"rendered":"<p>[et_pb_section fb_built=\u00bb1&#8243; _builder_version=\u00bb4.16&#8243; _module_preset=\u00bbdefault\u00bb custom_padding=\u00bb0px||||false|false\u00bb locked=\u00bboff\u00bb global_colors_info=\u00bb{}\u00bb][et_pb_row column_structure=\u00bb1_4,3_4&#8243; _builder_version=\u00bb4.16&#8243; _module_preset=\u00bbdefault\u00bb custom_margin=\u00bb0px||40px||false|false\u00bb custom_padding=\u00bb0px||0px||false|false\u00bb global_colors_info=\u00bb{}\u00bb][et_pb_column type=\u00bb1_4&#8243; _builder_version=\u00bb4.16&#8243; _module_preset=\u00bbdefault\u00bb global_colors_info=\u00bb{}\u00bb][et_pb_image src=\u00bbhttps:\/\/museros.org\/wp-content\/uploads\/2021\/08\/logo-urbanisme-cl-230&#215;180-1.jpg\u00bb title_text=\u00bblogo-urbanisme-cl-230&#215;180&#8243; url=\u00bbhttps:\/\/museros.org\/inici\/regidories\u00bb use_overlay=\u00bbon\u00bb overlay_icon_color=\u00bb#E02B20&#8243; hover_overlay_color=\u00bbrgba(255,255,255,0.7)\u00bb hover_icon=\u00bb&#xe04d;||divi||400&#8243; align=\u00bbcenter\u00bb _builder_version=\u00bb4.16&#8243; _module_preset=\u00bbdefault\u00bb width=\u00bb100%\u00bb width_tablet=\u00bb\u00bb width_phone=\u00bb\u00bb width_last_edited=\u00bbon|phone\u00bb custom_margin=\u00bb0px||0px||false|false\u00bb custom_padding=\u00bb0px||0px||false|false\u00bb global_colors_info=\u00bb{}\u00bb][\/et_pb_image][\/et_pb_column][et_pb_column type=\u00bb3_4&#8243; _builder_version=\u00bb4.16&#8243; _module_preset=\u00bbdefault\u00bb global_colors_info=\u00bb{}\u00bb][et_pb_text _builder_version=\u00bb4.16&#8243; _module_preset=\u00bbdefault\u00bb custom_padding=\u00bb1px|||||\u00bb global_colors_info=\u00bb{}\u00bb]<\/p>\n<h1>Urbanisme<\/h1>\n<p>La funci\u00f3 de l&#8217;\u00c0rea d&#8217;Urbanisme \u00e9s la definici\u00f3 i gesti\u00f3 del model d&#8217;evoluci\u00f3 urbana del municipi de Museros en el seu conjunt. Aix\u00ed mateix li correspon la planificaci\u00f3 i execuci\u00f3 de les grans infraestructures municipals i la gesti\u00f3 del patrimoni municipal.<\/p>\n<p>Exerceix funcions de control dels actes d&#8217;\u00fas, transformaci\u00f3 i edificaci\u00f3 del s\u00f2l mitjan\u00e7ant la tramitaci\u00f3 de llic\u00e8ncies i declaracions responsables, aix\u00ed com, de protecci\u00f3 de la legalitat urban\u00edstica.<\/p>\n<p>L&#8217;objectiu fonamental de la Regidoria \u00e9s vetlar per un desenvolupament equilibrat i sostenible, propiciant l&#8217;acc\u00e9s de tots els ciutadans a les xarxes d&#8217;infraestructures de la ciutat.<\/p>\n<p>&nbsp;<\/p>\n<p>[\/et_pb_text][\/et_pb_column][\/et_pb_row][et_pb_row column_structure=\u00bb1_5,1_5,1_5,1_5,1_5&#8243; _builder_version=\u00bb4.16&#8243; _module_preset=\u00bbdefault\u00bb global_colors_info=\u00bb{}\u00bb][et_pb_column type=\u00bb1_5&#8243; _builder_version=\u00bb4.16&#8243; _module_preset=\u00bbdefault\u00bb global_colors_info=\u00bb{}\u00bb][\/et_pb_column][et_pb_column type=\u00bb1_5&#8243; _builder_version=\u00bb4.16&#8243; _module_preset=\u00bbdefault\u00bb global_colors_info=\u00bb{}\u00bb][et_pb_image src=\u00bbhttps:\/\/museros.org\/wp-content\/uploads\/2024\/09\/anunci-RCE-400&#215;320-1.jpg\u00bb title_text=\u00bbanunci-RCE-400&#215;320&#8243; url=\u00bbhttps:\/\/museros.org\/inici\/anunci-rce\/\u00bb use_overlay=\u00bbon\u00bb overlay_icon_color=\u00bb#E02B20&#8243; hover_overlay_color=\u00bbrgba(255,255,255,0.7)\u00bb hover_icon=\u00bb&#xe04e;||divi||400&#8243; _builder_version=\u00bb4.27.0&#8243; _module_preset=\u00bbdefault\u00bb locked=\u00bboff\u00bb global_colors_info=\u00bb{}\u00bb][\/et_pb_image][et_pb_image src=\u00bbhttps:\/\/museros.org\/wp-content\/uploads\/2022\/10\/PUAM-400&#215;320-1.jpg\u00bb title_text=\u00bbPUAM-400&#215;320&#8243; url=\u00bbhttps:\/\/museros.org\/inici\/puam-vlc\/\u00bb use_overlay=\u00bbon\u00bb overlay_icon_color=\u00bb#E02B20&#8243; hover_overlay_color=\u00bbrgba(255,255,255,0.7)\u00bb hover_icon=\u00bb&#xe04e;||divi||400&#8243; align=\u00bbcenter\u00bb _builder_version=\u00bb4.18.0&#8243; _module_preset=\u00bbdefault\u00bb width=\u00bb100%\u00bb width_tablet=\u00bb40%\u00bb width_phone=\u00bb40%\u00bb width_last_edited=\u00bbon|phone\u00bb max_width=\u00bb100%\u00bb locked=\u00bboff\u00bb global_colors_info=\u00bb{}\u00bb][\/et_pb_image][\/et_pb_column][et_pb_column type=\u00bb1_5&#8243; _builder_version=\u00bb4.16&#8243; _module_preset=\u00bbdefault\u00bb global_colors_info=\u00bb{}\u00bb][et_pb_image src=\u00bbhttps:\/\/museros.org\/wp-content\/uploads\/2023\/03\/pmus.jpg\u00bb title_text=\u00bbpmus\u00bb url=\u00bbhttps:\/\/museros.org\/wp-content\/uploads\/2023\/03\/PMUS_Completo_Fdo.pdf\u00bb url_new_window=\u00bbon\u00bb use_overlay=\u00bbon\u00bb overlay_icon_color=\u00bb#E02B20&#8243; hover_overlay_color=\u00bbrgba(255,255,255,0.7)\u00bb hover_icon=\u00bb&#xe04e;||divi||400&#8243; align=\u00bbcenter\u00bb _builder_version=\u00bb4.20.2&#8243; _module_preset=\u00bbdefault\u00bb width=\u00bb100%\u00bb width_tablet=\u00bb40%\u00bb width_phone=\u00bb40%\u00bb width_last_edited=\u00bbon|phone\u00bb max_width=\u00bb100%\u00bb locked=\u00bboff\u00bb global_colors_info=\u00bb{}\u00bb][\/et_pb_image][et_pb_image src=\u00bbhttps:\/\/museros.org\/wp-content\/uploads\/2026\/03\/organambiental-i-territorial-municipal-banner-p.jpg\u00bb title_text=\u00bborganambiental i territorial municipal banner p\u00bb url=\u00bbhttps:\/\/museros.org\/inici\/organ-ambiental\/\u00bb use_overlay=\u00bbon\u00bb overlay_icon_color=\u00bb#E02B20&#8243; hover_overlay_color=\u00bbrgba(255,255,255,0.7)\u00bb hover_icon=\u00bb&#xe04e;||divi||400&#8243; align=\u00bbcenter\u00bb _builder_version=\u00bb4.27.6&#8243; _module_preset=\u00bbdefault\u00bb width=\u00bb100%\u00bb width_tablet=\u00bb40%\u00bb width_phone=\u00bb40%\u00bb width_last_edited=\u00bbon|phone\u00bb max_width=\u00bb100%\u00bb locked=\u00bboff\u00bb global_colors_info=\u00bb{}\u00bb][\/et_pb_image][\/et_pb_column][et_pb_column type=\u00bb1_5&#8243; _builder_version=\u00bb4.16&#8243; _module_preset=\u00bbdefault\u00bb global_colors_info=\u00bb{}\u00bb][et_pb_image src=\u00bbhttps:\/\/museros.org\/wp-content\/uploads\/2023\/03\/Pla-GE-400&#215;320-2.jpg\u00bb title_text=\u00bbPla-GE-400&#215;320&#8243; url=\u00bbhttps:\/\/museros.org\/inici\/pge-versio-preliminar\u00bb use_overlay=\u00bbon\u00bb overlay_icon_color=\u00bb#E02B20&#8243; hover_overlay_color=\u00bbrgba(255,255,255,0.7)\u00bb hover_icon=\u00bb&#xe04e;||divi||400&#8243; align=\u00bbcenter\u00bb _builder_version=\u00bb4.20.2&#8243; _module_preset=\u00bbdefault\u00bb width=\u00bb100%\u00bb width_tablet=\u00bb40%\u00bb width_phone=\u00bb40%\u00bb width_last_edited=\u00bbon|phone\u00bb max_width=\u00bb100%\u00bb locked=\u00bboff\u00bb global_colors_info=\u00bb{}\u00bb][\/et_pb_image][\/et_pb_column][et_pb_column type=\u00bb1_5&#8243; _builder_version=\u00bb4.16&#8243; _module_preset=\u00bbdefault\u00bb global_colors_info=\u00bb{}\u00bb][et_pb_image src=\u00bbhttps:\/\/museros.org\/wp-content\/uploads\/2021\/12\/anunci-ee-400&#215;320-1.jpg\u00bb title_text=\u00bbanunci-ee-400&#215;320&#8243; url=\u00bbhttps:\/\/museros.org\/inici\/anunci-eficiencia-energetica\/\u00bb use_overlay=\u00bbon\u00bb overlay_icon_color=\u00bb#E02B20&#8243; hover_overlay_color=\u00bbrgba(255,255,255,0.7)\u00bb hover_icon=\u00bb&#xe04e;||divi||400&#8243; align=\u00bbcenter\u00bb _builder_version=\u00bb4.16&#8243; _module_preset=\u00bbdefault\u00bb width=\u00bb100%\u00bb width_tablet=\u00bb40%\u00bb width_phone=\u00bb40%\u00bb width_last_edited=\u00bbon|phone\u00bb max_width=\u00bb100%\u00bb locked=\u00bboff\u00bb global_colors_info=\u00bb{}\u00bb][\/et_pb_image][\/et_pb_column][\/et_pb_row][et_pb_row column_structure=\u00bb1_4,3_4&#8243; _builder_version=\u00bb4.16&#8243; _module_preset=\u00bbdefault\u00bb custom_margin=\u00bb0px||40px||false|false\u00bb custom_padding=\u00bb0px||0px||false|false\u00bb global_colors_info=\u00bb{}\u00bb][et_pb_column type=\u00bb1_4&#8243; _builder_version=\u00bb4.16&#8243; _module_preset=\u00bbdefault\u00bb global_colors_info=\u00bb{}\u00bb][\/et_pb_column][et_pb_column type=\u00bb3_4&#8243; _builder_version=\u00bb4.16&#8243; _module_preset=\u00bbdefault\u00bb global_colors_info=\u00bb{}\u00bb][et_pb_button button_url=\u00bbhttps:\/\/museros.org\/inici\/normes-subsidiaries-de-planejament-de-museros\/\u00bb url_new_window=\u00bbon\u00bb button_text=\u00bbTEXT CONSOLIDAT DE PLANEJAMENT URBAN\u00cdSTIC DE MUSEROS\u00bb admin_label=\u00bbTEXT CONSOLIDAT DE PLANEJAMENT URBAN\u00cdSTIC DE MUSEROS\u00bb _builder_version=\u00bb4.27.5&#8243; _module_preset=\u00bbdefault\u00bb custom_margin=\u00bb0px||||false|false\u00bb global_colors_info=\u00bb{}\u00bb][\/et_pb_button][et_pb_button button_url=\u00bbhttps:\/\/museros.org\/wp-content\/uploads\/2025\/04\/Homologacio-dels-Plans-municipals-de-Emergencies-Risc-Sismic-i-Risc-Inundacions.pdf\u00bb url_new_window=\u00bbon\u00bb button_text=\u00bbHOMOLOGACI\u00d3 DELS PLANS MUNICIPALS D&#8217;EMERGENCIES\u00bb admin_label=\u00bbPlan\u00bb _builder_version=\u00bb4.27.4&#8243; _module_preset=\u00bbdefault\u00bb custom_margin=\u00bb0px||||false|false\u00bb global_colors_info=\u00bb{}\u00bb][\/et_pb_button][et_pb_button button_url=\u00bbhttps:\/\/museros.org\/wp-content\/uploads\/2024\/04\/PAM-SIS-23-FEBRER-2024-reducido.pdf\u00bb url_new_window=\u00bbon\u00bb button_text=\u00bbPla d&#8217;Actuaci\u00f3 Municipal davant del risc s\u00edsmic de Museros\u00bb admin_label=\u00bbPlan\u00bb _builder_version=\u00bb4.27.3&#8243; _module_preset=\u00bbdefault\u00bb custom_margin=\u00bb0px||||false|false\u00bb global_colors_info=\u00bb{}\u00bb][\/et_pb_button][et_pb_button button_url=\u00bbhttps:\/\/museros.org\/wp-content\/uploads\/2024\/11\/Pla-local-reduit-de-prevencio-dincendis-forestals-de-Museros.pdf\u00bb url_new_window=\u00bbon\u00bb button_text=\u00bbPla local redu\u00eft de prevenci\u00f3 d\u2019incendis forestals de Museros\u00bb admin_label=\u00bbPlan\u00bb _builder_version=\u00bb4.27.3&#8243; _module_preset=\u00bbdefault\u00bb custom_margin=\u00bb0px||20px||false|false\u00bb global_colors_info=\u00bb{}\u00bb][\/et_pb_button][et_pb_button button_url=\u00bbhttps:\/\/museros.org\/wp-content\/uploads\/2024\/11\/Plan-de-Actuacion-Municipal-frente-al-riesgo-de-inundaciones-de-Museros.pdf\u00bb url_new_window=\u00bbon\u00bb button_text=\u00bbPla d&#8217;Actuaci\u00f3 Municipal enfront del risc d&#8217;inundacions de Museros\u00bb admin_label=\u00bbPlan\u00bb _builder_version=\u00bb4.27.3&#8243; _module_preset=\u00bbdefault\u00bb custom_margin=\u00bb0px||20px||false|false\u00bb global_colors_info=\u00bb{}\u00bb][\/et_pb_button][et_pb_button button_url=\u00bbhttps:\/\/museros.org\/wp-content\/uploads\/2024\/11\/Plan-Territorial-Municipal-de-emergencias-de-Museros.pdf\u00bb url_new_window=\u00bbon\u00bb button_text=\u00bbPla Territorial Municipal d&#8217;emerg\u00e8ncies de Museros\u00bb admin_label=\u00bbPlan\u00bb _builder_version=\u00bb4.27.3&#8243; _module_preset=\u00bbdefault\u00bb custom_margin=\u00bb0px||0px||false|false\u00bb global_colors_info=\u00bb{}\u00bb][\/et_pb_button][et_pb_divider color=\u00bb#E02B20&#8243; divider_weight=\u00bb4px\u00bb _builder_version=\u00bb4.27.3&#8243; _module_preset=\u00bbdefault\u00bb custom_margin=\u00bb40px||||false|false\u00bb global_colors_info=\u00bb{}\u00bb][\/et_pb_divider][\/et_pb_column][\/et_pb_row][et_pb_row _builder_version=\u00bb4.16&#8243; _module_preset=\u00bbdefault\u00bb global_colors_info=\u00bb{}\u00bb][et_pb_column type=\u00bb4_4&#8243; _builder_version=\u00bb4.16&#8243; _module_preset=\u00bbdefault\u00bb global_colors_info=\u00bb{}\u00bb][\/et_pb_column][\/et_pb_row][\/et_pb_section]<\/p>\n","protected":false},"excerpt":{"rendered":"<p>Urbanisme La funci\u00f3 de l&#8217;\u00c0rea d&#8217;Urbanisme \u00e9s la definici\u00f3 i gesti\u00f3 del model d&#8217;evoluci\u00f3 urbana del municipi de Museros en el seu conjunt. Aix\u00ed mateix li correspon la planificaci\u00f3 i execuci\u00f3 de les grans infraestructures municipals i la gesti\u00f3 del patrimoni municipal. Exerceix funcions de control dels actes d&#8217;\u00fas, transformaci\u00f3 i edificaci\u00f3 del s\u00f2l mitjan\u00e7ant [&hellip;]<\/p>\n","protected":false},"author":8,"featured_media":0,"parent":0,"menu_order":0,"comment_status":"closed","ping_status":"closed","template":"","meta":{"_et_pb_use_builder":"on","_et_pb_old_content":"","_et_gb_content_width":"","_mc_calendar":[],"footnotes":""},"wf_page_folders":[285],"class_list":["post-246973","page","type-page","status-publish","hentry"],"_links":{"self":[{"href":"https:\/\/museros.org\/inici\/wp-json\/wp\/v2\/pages\/246973","targetHints":{"allow":["GET"]}}],"collection":[{"href":"https:\/\/museros.org\/inici\/wp-json\/wp\/v2\/pages"}],"about":[{"href":"https:\/\/museros.org\/inici\/wp-json\/wp\/v2\/types\/page"}],"author":[{"embeddable":true,"href":"https:\/\/museros.org\/inici\/wp-json\/wp\/v2\/users\/8"}],"replies":[{"embeddable":true,"href":"https:\/\/museros.org\/inici\/wp-json\/wp\/v2\/comments?post=246973"}],"version-history":[{"count":27,"href":"https:\/\/museros.org\/inici\/wp-json\/wp\/v2\/pages\/246973\/revisions"}],"predecessor-version":[{"id":279196,"href":"https:\/\/museros.org\/inici\/wp-json\/wp\/v2\/pages\/246973\/revisions\/279196"}],"wp:attachment":[{"href":"https:\/\/museros.org\/inici\/wp-json\/wp\/v2\/media?parent=246973"}],"wp:term":[{"taxonomy":"wf_page_folders","embeddable":true,"href":"https:\/\/museros.org\/inici\/wp-json\/wp\/v2\/wf_page_folders?post=246973"}],"curies":[{"name":"wp","href":"https:\/\/api.w.org\/{rel}","templated":true}]}}