{"id":246951,"date":"2021-08-23T18:04:47","date_gmt":"2021-08-23T18:04:47","guid":{"rendered":"https:\/\/museros.org\/?page_id=246951"},"modified":"2026-03-30T13:41:30","modified_gmt":"2026-03-30T11:41:30","slug":"area-de-festes","status":"publish","type":"page","link":"https:\/\/museros.org\/inici\/area-de-festes\/","title":{"rendered":"\u00c0rea de Festes"},"content":{"rendered":"<p>[et_pb_section fb_built=\u00bb1&#8243; _builder_version=\u00bb4.16&#8243; _module_preset=\u00bbdefault\u00bb custom_padding=\u00bb0px||||false|false\u00bb locked=\u00bboff\u00bb global_colors_info=\u00bb{}\u00bb][et_pb_row column_structure=\u00bb1_4,3_4&#8243; _builder_version=\u00bb4.16&#8243; _module_preset=\u00bbdefault\u00bb custom_margin=\u00bb0px||0px||false|false\u00bb custom_padding=\u00bb0px||0px||false|false\u00bb locked=\u00bboff\u00bb global_colors_info=\u00bb{}\u00bb][et_pb_column type=\u00bb1_4&#8243; _builder_version=\u00bb4.16&#8243; _module_preset=\u00bbdefault\u00bb global_colors_info=\u00bb{}\u00bb][et_pb_image src=\u00bbhttps:\/\/museros.org\/wp-content\/uploads\/2022\/12\/logo-festes-cl-230&#215;115-1.jpg\u00bb title_text=\u00bblogo-festes-cl-230&#215;115&#8243; url=\u00bbhttps:\/\/museros.org\/ca\/regidories\u00bb use_overlay=\u00bbon\u00bb overlay_icon_color=\u00bb#E02B20&#8243; hover_overlay_color=\u00bbrgba(255,255,255,0.7)\u00bb hover_icon=\u00bb&#xe04d;||divi||400&#8243; align=\u00bbcenter\u00bb _builder_version=\u00bb4.19.4&#8243; _module_preset=\u00bbdefault\u00bb width=\u00bb100%\u00bb width_tablet=\u00bb\u00bb width_phone=\u00bb\u00bb width_last_edited=\u00bbon|desktop\u00bb custom_margin=\u00bb0px||0px||false|false\u00bb global_colors_info=\u00bb{}\u00bb][\/et_pb_image][\/et_pb_column][et_pb_column type=\u00bb3_4&#8243; _builder_version=\u00bb4.16&#8243; _module_preset=\u00bbdefault\u00bb global_colors_info=\u00bb{}\u00bb][et_pb_text _builder_version=\u00bb4.19.4&#8243; _module_preset=\u00bbdefault\u00bb custom_margin=\u00bb0px||0px||false|false\u00bb custom_padding=\u00bb0px||0px||false|false\u00bb global_colors_info=\u00bb{}\u00bb]<\/p>\n<h1>Festes locals<\/h1>\n<p>[\/et_pb_text][\/et_pb_column][\/et_pb_row][et_pb_row column_structure=\u00bb1_4,1_4,1_4,1_4&#8243; _builder_version=\u00bb4.19.3&#8243; _module_preset=\u00bbdefault\u00bb custom_margin=\u00bb0px||0px||false|false\u00bb custom_padding=\u00bb0px||0px||false|false\u00bb global_colors_info=\u00bb{}\u00bb][et_pb_column type=\u00bb1_4&#8243; _builder_version=\u00bb4.16&#8243; _module_preset=\u00bbdefault\u00bb global_colors_info=\u00bb{}\u00bb][\/et_pb_column][et_pb_column type=\u00bb1_4&#8243; _builder_version=\u00bb4.16&#8243; _module_preset=\u00bbdefault\u00bb global_colors_info=\u00bb{}\u00bb][et_pb_image src=\u00bbhttps:\/\/museros.org\/wp-content\/uploads\/2026\/02\/santvicent26.jpg\u00bb title_text=\u00bbsantvicent26&#8243; _builder_version=\u00bb4.27.5&#8243; _module_preset=\u00bbdefault\u00bb custom_margin=\u00bb||||false|false\u00bb global_colors_info=\u00bb{}\u00bb][\/et_pb_image][\/et_pb_column][et_pb_column type=\u00bb1_4&#8243; _builder_version=\u00bb4.18.0&#8243; _module_preset=\u00bbdefault\u00bb global_colors_info=\u00bb{}\u00bb][et_pb_image src=\u00bbhttps:\/\/museros.org\/wp-content\/uploads\/2026\/02\/santroc26.jpg\u00bb title_text=\u00bbsantroc26&#8243; _builder_version=\u00bb4.27.5&#8243; _module_preset=\u00bbdefault\u00bb custom_margin=\u00bb||||false|false\u00bb global_colors_info=\u00bb{}\u00bb][\/et_pb_image][\/et_pb_column][et_pb_column type=\u00bb1_4&#8243; _builder_version=\u00bb4.16&#8243; _module_preset=\u00bbdefault\u00bb global_colors_info=\u00bb{}\u00bb][et_pb_button button_url=\u00bbhttps:\/\/museros.org\/wp-content\/uploads\/2026\/02\/dogv-10238-festius-local.pdf\u00bb url_new_window=\u00bbon\u00bb button_text=\u00bbCalendari de festes locals de la Comunitat Valenciana per a l&#8217;any 2026&#8243; _builder_version=\u00bb4.27.5&#8243; _module_preset=\u00bbdefault\u00bb global_colors_info=\u00bb{}\u00bb][\/et_pb_button][et_pb_button button_url=\u00bbhttps:\/\/museros.org\/wp-content\/uploads\/2026\/02\/autorizacion-generalitat-artificios-2026.pdf\u00bb url_new_window=\u00bbon\u00bb button_text=\u00bbAutoritzaci\u00f3 \u00fas de petards per menors d&#8217;edat\u00bb _builder_version=\u00bb4.27.5&#8243; _module_preset=\u00bbdefault\u00bb global_colors_info=\u00bb{}\u00bb][\/et_pb_button][\/et_pb_column][\/et_pb_row][et_pb_row _builder_version=\u00bb4.24.0&#8243; _module_preset=\u00bbdefault\u00bb custom_margin=\u00bb40px||0px||false|false\u00bb custom_padding=\u00bb0px||0px||false|false\u00bb global_colors_info=\u00bb{}\u00bb][et_pb_column type=\u00bb4_4&#8243; _builder_version=\u00bb4.23.1&#8243; _module_preset=\u00bbdefault\u00bb global_colors_info=\u00bb{}\u00bb][et_pb_divider color=\u00bb#999999&#8243; divider_style=\u00bbdotted\u00bb divider_weight=\u00bb7px\u00bb _builder_version=\u00bb4.23.1&#8243; _module_preset=\u00bbdefault\u00bb min_height=\u00bb26px\u00bb custom_margin=\u00bb0px||0px||false|false\u00bb custom_padding=\u00bb||0px||false|false\u00bb locked=\u00bboff\u00bb global_colors_info=\u00bb{}\u00bb][\/et_pb_divider][\/et_pb_column][\/et_pb_row][et_pb_row column_structure=\u00bb1_4,1_4,1_4,1_4&#8243; _builder_version=\u00bb4.23.1&#8243; _module_preset=\u00bbdefault\u00bb global_colors_info=\u00bb{}\u00bb][et_pb_column type=\u00bb1_4&#8243; _builder_version=\u00bb4.23.1&#8243; _module_preset=\u00bbdefault\u00bb global_colors_info=\u00bb{}\u00bb][et_pb_button button_url=\u00bbhttps:\/\/museros.org\/wp-content\/uploads\/2025\/07\/festes-museros-2025-programa.pdf\u00bb url_new_window=\u00bbon\u00bb button_text=\u00bbFESTES PATRONALS 2025&#8243; admin_label=\u00bbFestes 2025&#8243; _builder_version=\u00bb4.27.4&#8243; _module_preset=\u00bbdefault\u00bb locked=\u00bboff\u00bb global_colors_info=\u00bb{}\u00bb][\/et_pb_button][et_pb_button button_url=\u00bbhttps:\/\/museros.org\/wp-content\/uploads\/2024\/07\/programa-museros-20224.pdf\u00bb url_new_window=\u00bbon\u00bb button_text=\u00bbFESTES PATRONALS 2024&#8243; admin_label=\u00bbFestes 2024&#8243; _builder_version=\u00bb4.27.4&#8243; _module_preset=\u00bbdefault\u00bb locked=\u00bboff\u00bb global_colors_info=\u00bb{}\u00bb][\/et_pb_button][et_pb_button button_url=\u00bbhttps:\/\/museros.org\/wp-content\/uploads\/2024\/08\/Festes-2023.pdf\u00bb url_new_window=\u00bbon\u00bb button_text=\u00bbFESTES PATRONALS 2023&#8243; admin_label=\u00bbFestes 2023&#8243; _builder_version=\u00bb4.27.4&#8243; _module_preset=\u00bbdefault\u00bb locked=\u00bboff\u00bb global_colors_info=\u00bb{}\u00bb][\/et_pb_button][et_pb_button button_url=\u00bbhttps:\/\/museros.org\/wp-content\/uploads\/2022\/07\/Llibre-Festes-Patronals-Museros-2022.pdf\u00bb url_new_window=\u00bbon\u00bb button_text=\u00bbFESTES PATRONALS 2022&#8243; admin_label=\u00bbFestes 2022&#8243; _builder_version=\u00bb4.27.0&#8243; _module_preset=\u00bbdefault\u00bb global_colors_info=\u00bb{}\u00bb][\/et_pb_button][et_pb_button button_url=\u00bbhttps:\/\/museros.org\/wp-content\/uploads\/2023\/11\/llibre-de-festes.pdf\u00bb url_new_window=\u00bbon\u00bb button_text=\u00bbFESTES PATRONALS 2021&#8243; admin_label=\u00bbFestes 2021&#8243; _builder_version=\u00bb4.24.0&#8243; _module_preset=\u00bbdefault\u00bb global_colors_info=\u00bb{}\u00bb][\/et_pb_button][et_pb_button button_url=\u00bbhttps:\/\/museros.org\/wp-content\/uploads\/2024\/07\/LLIBRE-DE-FESTES-2020.pdf\u00bb url_new_window=\u00bbon\u00bb button_text=\u00bbFESTES PATRONALS 2020&#8243; admin_label=\u00bbFestes 2020&#8243; _builder_version=\u00bb4.26.0&#8243; _module_preset=\u00bbdefault\u00bb global_colors_info=\u00bb{}\u00bb][\/et_pb_button][et_pb_button button_url=\u00bbhttps:\/\/museros.org\/wp-content\/uploads\/2024\/07\/LLIBRE-DE-FESTES-2019.pdf\u00bb url_new_window=\u00bbon\u00bb button_text=\u00bbFESTES PATRONALS 2019&#8243; admin_label=\u00bbFestes 2019&#8243; _builder_version=\u00bb4.26.0&#8243; _module_preset=\u00bbdefault\u00bb global_colors_info=\u00bb{}\u00bb][\/et_pb_button][et_pb_button button_url=\u00bbhttps:\/\/museros.org\/wp-content\/uploads\/2024\/03\/LLIBRE-DE-FESTES-2018.pdf\u00bb url_new_window=\u00bbon\u00bb button_text=\u00bbFESTES PATRONALS 2018&#8243; admin_label=\u00bbFestes 2018&#8243; _builder_version=\u00bb4.27.0&#8243; _module_preset=\u00bbdefault\u00bb global_colors_info=\u00bb{}\u00bb][\/et_pb_button][et_pb_button button_url=\u00bbhttps:\/\/museros.org\/wp-content\/uploads\/2024\/07\/LLIBRE-DE-FESTES-2017.pdf\u00bb url_new_window=\u00bbon\u00bb button_text=\u00bbFESTES PATRONALS 2017&#8243; admin_label=\u00bbFestes 2017&#8243; _builder_version=\u00bb4.26.0&#8243; _module_preset=\u00bbdefault\u00bb global_colors_info=\u00bb{}\u00bb][\/et_pb_button][et_pb_button button_url=\u00bbhttps:\/\/museros.org\/wp-content\/uploads\/2024\/08\/LLIBRE-FESTES-2016.pdf\u00bb url_new_window=\u00bbon\u00bb button_text=\u00bbFESTES PATRONALS 2016&#8243; admin_label=\u00bbFestes 2016&#8243; _builder_version=\u00bb4.27.0&#8243; _module_preset=\u00bbdefault\u00bb global_colors_info=\u00bb{}\u00bb][\/et_pb_button][et_pb_button button_url=\u00bbhttps:\/\/museros.org\/wp-content\/uploads\/2024\/03\/LLIBRE-DE-FESTES-2015.pdf\u00bb url_new_window=\u00bbon\u00bb button_text=\u00bbFESTES PATRONALS 2015&#8243; admin_label=\u00bbFestes 2015&#8243; _builder_version=\u00bb4.24.2&#8243; _module_preset=\u00bbdefault\u00bb global_colors_info=\u00bb{}\u00bb][\/et_pb_button][\/et_pb_column][et_pb_column type=\u00bb1_4&#8243; _builder_version=\u00bb4.23.1&#8243; _module_preset=\u00bbdefault\u00bb global_colors_info=\u00bb{}\u00bb][et_pb_button button_url=\u00bbhttps:\/\/museros.org\/inici\/concurs-balcons-2025-2\/\u00bb button_text=\u00bbVI CONCURS DE BALCONS\u00bb admin_label=\u00bbBalcons 2025&#8243; _builder_version=\u00bb4.27.4&#8243; _module_preset=\u00bbdefault\u00bb global_colors_info=\u00bb{}\u00bb][\/et_pb_button][et_pb_button button_url=\u00bbhttps:\/\/museros.org\/inici\/concurs-balcons-2024\/\u00bb button_text=\u00bbV CONCURS DE BALCONS\u00bb admin_label=\u00bbBalcons 2024&#8243; _builder_version=\u00bb4.27.4&#8243; _module_preset=\u00bbdefault\u00bb global_colors_info=\u00bb{}\u00bb][\/et_pb_button][et_pb_button button_url=\u00bbhttps:\/\/museros.org\/inici\/concurs-balcons-2023\/\u00bb button_text=\u00bbIV CONCURS DE BALCONS\u00bb admin_label=\u00bbBalcons 2023&#8243; _builder_version=\u00bb4.24.0&#8243; _module_preset=\u00bbdefault\u00bb global_colors_info=\u00bb{}\u00bb][\/et_pb_button][et_pb_button button_url=\u00bbhttps:\/\/museros.org\/inici\/tercer-concurs-balcons\/\u00bb button_text=\u00bbIII CONCURS DE BALCONS\u00bb admin_label=\u00bbBalcons 2022&#8243; _builder_version=\u00bb4.24.0&#8243; _module_preset=\u00bbdefault\u00bb global_colors_info=\u00bb{}\u00bb][\/et_pb_button][et_pb_button button_url=\u00bbhttps:\/\/museros.org\/inici\/concurs-balcons-2021\/\u00bb button_text=\u00bbII CONCURS DE BALCONS\u00bb admin_label=\u00bbBalcons 2021&#8243; _builder_version=\u00bb4.24.0&#8243; _module_preset=\u00bbdefault\u00bb global_colors_info=\u00bb{}\u00bb][\/et_pb_button][\/et_pb_column][et_pb_column type=\u00bb1_4&#8243; _builder_version=\u00bb4.23.1&#8243; _module_preset=\u00bbdefault\u00bb global_colors_info=\u00bb{}\u00bb][et_pb_button button_url=\u00bbhttps:\/\/museros.org\/inici\/la-nadalenca-2025\/\u00bb button_text=\u00bbLA NADALENCA 2025&#8243; admin_label=\u00bbLa Nadalenca 2025&#8243; _builder_version=\u00bb4.27.4&#8243; _module_preset=\u00bbdefault\u00bb global_colors_info=\u00bb{}\u00bb][\/et_pb_button][et_pb_button button_url=\u00bbhttps:\/\/museros.org\/inici\/nadalencs-24\/\u00bb button_text=\u00bbLA NADALENCA 2024&#8243; admin_label=\u00bbLa Nadalenca 2024&#8243; _builder_version=\u00bb4.27.4&#8243; _module_preset=\u00bbdefault\u00bb global_colors_info=\u00bb{}\u00bb][\/et_pb_button][et_pb_button button_url=\u00bbhttps:\/\/museros.org\/inici\/nadalencs\/\u00bb button_text=\u00bbLA NADALENCA 2023&#8243; admin_label=\u00bbLa Nadalenca 2023&#8243; _builder_version=\u00bb4.24.0&#8243; _module_preset=\u00bbdefault\u00bb global_colors_info=\u00bb{}\u00bb][\/et_pb_button][et_pb_button button_url=\u00bbhttps:\/\/museros.org\/inici\/nadal-a-museros\/\u00bb button_text=\u00bbNADAL A MUSEROS 2022&#8243; admin_label=\u00bbNadal a Museros 2022&#8243; _builder_version=\u00bb4.24.0&#8243; _module_preset=\u00bbdefault\u00bb global_colors_info=\u00bb{}\u00bb][\/et_pb_button][et_pb_button button_url=\u00bbhttps:\/\/museros.org\/inici\/actes-nadal-2021-2\/\u00bb button_text=\u00bbACTES NADAL 2021&#8243; admin_label=\u00bbAcres Nadal 2021&#8243; _builder_version=\u00bb4.24.0&#8243; _module_preset=\u00bbdefault\u00bb global_colors_info=\u00bb{}\u00bb][\/et_pb_button][\/et_pb_column][et_pb_column type=\u00bb1_4&#8243; _builder_version=\u00bb4.23.1&#8243; _module_preset=\u00bbdefault\u00bb global_colors_info=\u00bb{}\u00bb][et_pb_button button_url=\u00bbhttps:\/\/museros.org\/inici\/sant-vicent-2026\/\u00bb button_text=\u00bbSANT VICENT 2026&#8243; admin_label=\u00bbSant Vicent 2026&#8243; _builder_version=\u00bb4.27.6&#8243; _module_preset=\u00bbdefault\u00bb hover_enabled=\u00bb0&#8243; global_colors_info=\u00bb{}\u00bb sticky_enabled=\u00bb0&#8243;][\/et_pb_button][et_pb_button button_url=\u00bbhttps:\/\/museros.org\/inici\/sant-vicent-2025\/\u00bb button_text=\u00bbSANT VICENT 2025&#8243; admin_label=\u00bbSant Vicent 2025&#8243; _builder_version=\u00bb4.27.4&#8243; _module_preset=\u00bbdefault\u00bb global_colors_info=\u00bb{}\u00bb][\/et_pb_button][et_pb_button button_url=\u00bbhttps:\/\/museros.org\/inici\/sant-vicent-2024\/\u00bb button_text=\u00bbSANT VICENT 2024&#8243; admin_label=\u00bbSant Vicent 2024&#8243; _builder_version=\u00bb4.24.3&#8243; _module_preset=\u00bbdefault\u00bb global_colors_info=\u00bb{}\u00bb][\/et_pb_button][et_pb_divider color=\u00bb#E02B20&#8243; divider_style=\u00bbdotted\u00bb divider_weight=\u00bb5px\u00bb _builder_version=\u00bb4.24.0&#8243; _module_preset=\u00bbdefault\u00bb custom_margin=\u00bb||0px||false|false\u00bb custom_padding=\u00bb0px||0px||false|false\u00bb locked=\u00bboff\u00bb global_colors_info=\u00bb{}\u00bb][\/et_pb_divider][et_pb_button button_url=\u00bbhttps:\/\/museros.org\/inici\/sant-antoni-2026\/\u00bb button_text=\u00bbSANT ANTONI 2026&#8243; admin_label=\u00bbSant Antoni 2026&#8243; _builder_version=\u00bb4.27.5&#8243; _module_preset=\u00bbdefault\u00bb global_colors_info=\u00bb{}\u00bb][\/et_pb_button][et_pb_button button_url=\u00bbhttps:\/\/museros.org\/inici\/sant-antoni-25\/\u00bb button_text=\u00bbSANT ANTONI 2025&#8243; admin_label=\u00bbSant Antoni 2025&#8243; _builder_version=\u00bb4.27.4&#8243; _module_preset=\u00bbdefault\u00bb global_colors_info=\u00bb{}\u00bb][\/et_pb_button][et_pb_button button_url=\u00bbhttps:\/\/museros.org\/inici\/sant-antoni-2024\/\u00bb button_text=\u00bbSANT ANTONI 2024&#8243; admin_label=\u00bbSant Antoni 2024&#8243; _builder_version=\u00bb4.24.0&#8243; _module_preset=\u00bbdefault\u00bb global_colors_info=\u00bb{}\u00bb][\/et_pb_button][et_pb_button button_url=\u00bbhttps:\/\/museros.org\/inici\/sant-antoni-23\/\u00bb button_text=\u00bbSANT ANTONI 2023&#8243; admin_label=\u00bbSant Antoni 2023&#8243; _builder_version=\u00bb4.24.0&#8243; _module_preset=\u00bbdefault\u00bb global_colors_info=\u00bb{}\u00bb][\/et_pb_button][et_pb_button button_url=\u00bbhttps:\/\/museros.org\/inici\/sant-antoni-2022\/\u00bb button_text=\u00bbSANT ANTONI 2022&#8243; admin_label=\u00bbSant Antoni 2022&#8243; _builder_version=\u00bb4.27.4&#8243; _module_preset=\u00bbdefault\u00bb global_colors_info=\u00bb{}\u00bb][\/et_pb_button][\/et_pb_column][\/et_pb_row][et_pb_row _builder_version=\u00bb4.23.1&#8243; _module_preset=\u00bbdefault\u00bb global_colors_info=\u00bb{}\u00bb][et_pb_column type=\u00bb4_4&#8243; _builder_version=\u00bb4.23.1&#8243; _module_preset=\u00bbdefault\u00bb global_colors_info=\u00bb{}\u00bb][et_pb_divider color=\u00bb#999999&#8243; divider_style=\u00bbdotted\u00bb divider_weight=\u00bb7px\u00bb _builder_version=\u00bb4.23.1&#8243; _module_preset=\u00bbdefault\u00bb min_height=\u00bb26px\u00bb custom_margin=\u00bb0px||0px||false|false\u00bb custom_padding=\u00bb||0px||false|false\u00bb locked=\u00bboff\u00bb global_colors_info=\u00bb{}\u00bb][\/et_pb_divider][\/et_pb_column][\/et_pb_row][et_pb_row column_structure=\u00bb1_4,3_4&#8243; _builder_version=\u00bb4.27.0&#8243; _module_preset=\u00bbdefault\u00bb custom_margin=\u00bb0px||0px||false|false\u00bb custom_padding=\u00bb0px||0px||false|false\u00bb locked=\u00bboff\u00bb global_colors_info=\u00bb{}\u00bb][et_pb_column type=\u00bb1_4&#8243; _builder_version=\u00bb4.16&#8243; _module_preset=\u00bbdefault\u00bb global_colors_info=\u00bb{}\u00bb][\/et_pb_column][et_pb_column type=\u00bb3_4&#8243; _builder_version=\u00bb4.16&#8243; _module_preset=\u00bbdefault\u00bb global_colors_info=\u00bb{}\u00bb][et_pb_accordion open_toggle_text_color=\u00bb#FFFFFF\u00bb open_toggle_background_color=\u00bb#ffffff\u00bb closed_toggle_background_color=\u00bb#ffffff\u00bb icon_color=\u00bb#336666&#8243; use_icon_font_size=\u00bbon\u00bb icon_font_size=\u00bb20px\u00bb admin_label=\u00bbAcorde\u00f3n 2020&#8243; _builder_version=\u00bb4.25.0&#8243; _module_preset=\u00bbdefault\u00bb toggle_text_color=\u00bb#990000&#8243; toggle_font=\u00bb|600|||||||\u00bb toggle_font_size=\u00bb16px\u00bb body_font=\u00bb||||||||\u00bb custom_margin=\u00bb30px||||false|false\u00bb locked=\u00bboff\u00bb global_colors_info=\u00bb{}\u00bb][et_pb_accordion_item title=\u00bbAnuari festiu de Museros\u00bb open=\u00bbon\u00bb open_toggle_text_color=\u00bb#FFFFFF\u00bb open_toggle_background_color=\u00bb#669999&#8243; closed_toggle_text_color=\u00bb#ffffff\u00bb closed_toggle_background_color=\u00bb#669999&#8243; icon_color=\u00bbrgba(99,0,0,0.2)\u00bb use_icon_font_size=\u00bbon\u00bb icon_font_size=\u00bb20px\u00bb _builder_version=\u00bb4.17.1&#8243; _module_preset=\u00bbdefault\u00bb body_text_color=\u00bb#ffffff\u00bb background_color=\u00bb#990000&#8243; background_enable_color=\u00bbon\u00bb width=\u00bb100%\u00bb global_colors_info=\u00bb{}\u00bb toggle_text_color=\u00bb#FFFFFF\u00bb toggle_level=\u00bbh4&#8243; toggle_font=\u00bb|600|||||||\u00bb toggle_font_size=\u00bb22px\u00bb closed_toggle_font_size=\u00bb22px\u00bb]<\/p>\n<p>Les festes s\u00f3n una part important del nostre poble, ja que representen un espai de socialitzaci\u00f3 i arrelament. Durant tot l\u2019any Museros acull una diversitat de festes; algunes de car\u00e0cter m\u00e9s tradicional i altres noves. Les festes patronals de Sant Roc tenen lloc durant el mes d\u2019agost. Des de l\u2019Ajuntament us convidem a participat i gaudir de totes elles.<\/p>\n<p>[\/et_pb_accordion_item][et_pb_accordion_item title=\u00bbSant Antoni del Porquet\u00bb open_toggle_text_color=\u00bb#336666&#8243; use_icon_font_size=\u00bbon\u00bb icon_font_size=\u00bb24px\u00bb _builder_version=\u00bb4.17.1&#8243; _module_preset=\u00bbdefault\u00bb global_colors_info=\u00bb{}\u00bb toggle_text_color=\u00bb#000000&#8243; open=\u00bboff\u00bb]<\/p>\n<p><img loading=\"lazy\" decoding=\"async\" src=\"https:\/\/museros.org\/wp-content\/uploads\/2021\/05\/santantoni-200x300.jpg\" alt=\"\" class=\"wp-image-242897 alignnone size-medium\" width=\"200\" height=\"300\" \/><\/p>\n<p>Antigament, aquesta festa celebrada al mes de gener, inclo\u00efa carreres de cavalls i competicions al m\u00e9s pur estil medieval, i es feien fogueres a tots els carres. En l\u2019actualitat, la festa dura dos dies. El primer dia, de vesprada, t\u00e9 lloc el trasllat de la imatge de Sant Antoni acompanyada amb tabal i dol\u00e7aina, la crem\u00e0 de la gran foguera de Sant Antoni i la missa solemne en honor al sant. Al mat\u00ed de l&#8217;endem\u00e0, el carrer Major es converteix en una desfilada dels tradicionals carros tirats per cavalls i muls, aix\u00ed com de genets amb impressionants cavalls, que esperen la seua benedicci\u00f3 a la porta de l\u2019esgl\u00e9sia. A m\u00e9s de les ve\u00efnes i dels ve\u00efns de Museros, que apropen els seus animals dom\u00e8stics.<\/p>\n<p>[\/et_pb_accordion_item][et_pb_accordion_item title=\u00bbSant Vicent\u00bb open_toggle_text_color=\u00bb#336666&#8243; _builder_version=\u00bb4.17.1&#8243; _module_preset=\u00bbdefault\u00bb global_colors_info=\u00bb{}\u00bb toggle_text_color=\u00bb#000000&#8243; open=\u00bboff\u00bb]<\/p>\n<p><img loading=\"lazy\" decoding=\"async\" src=\"https:\/\/museros.org\/wp-content\/uploads\/2021\/05\/sant-vicent-265x300.jpg\" alt=\"\" class=\"wp-image-242911 alignnone size-medium\" width=\"265\" height=\"300\" \/><\/p>\n<p>La festa de Sant Vicent se celebra als primers dies del mes d\u2019abril i t\u00e9 un car\u00e0cter principalment religi\u00f3s. Unes setmanes abans l\u2019Associaci\u00f3 d\u2019Amics de la Festa de Sant Vicent realitzen un acte per a tot el poble on es presenta el cartell i la programaci\u00f3. La festa comen\u00e7a de vesprada amb el trasllat de la imatge de Sant Vicent des de l\u2019esgl\u00e9sia a la Casa de Cultura, on es fa una representaci\u00f3 teatral dels miracles de Sant Vicent. L&#8217;endem\u00e1, el carrer s\u2019ompli de vida amb les activitats organitzades per l\u2019Ajuntament, per a les m\u00e9s menudes i els m\u00e9s menuts, i les tradicionals paelles de Sant Vicent. A continuaci\u00f3, una orquestra amenitza la vetlada fins a l\u2019hora de la passejada de la imatge de Sant Vicent, acompanyada de l\u2019espectacle de coets i la cord\u00e0 infantil. A la nit els ve\u00efns i les ve\u00efnes de Museros es tornen a reunir per sopar de pa i porta al voltat del recinte on, a les dotze de la nit, tindr\u00e0 lloc la cord\u00e0 pels carrers del poble, i la cord\u00e0 pel recinte tancat. L\u2019\u00faltim dia de festa, t\u00e9 lloc la process\u00f3 de combregar d\u2019impedit i, a continuaci\u00f3, la missa solemne en honor a Sant Vicent.<\/p>\n<p>[\/et_pb_accordion_item][et_pb_accordion_item title=\u00bbTxupinazo\u00bb open_toggle_text_color=\u00bb#336666&#8243; _builder_version=\u00bb4.17.1&#8243; _module_preset=\u00bbdefault\u00bb global_colors_info=\u00bb{}\u00bb toggle_text_color=\u00bb#000000&#8243; open=\u00bboff\u00bb]<\/p>\n<p><img loading=\"lazy\" decoding=\"async\" src=\"https:\/\/museros.org\/wp-content\/uploads\/2021\/05\/el-txupinazo-262x300.jpg\" alt=\"\" class=\"wp-image-242966 alignnone size-medium\" width=\"262\" height=\"300\" \/><\/p>\n<p>Els \u00faltims dies del mes de juliol els ve\u00efns i les ve\u00efnes de Museros es concentren davant de l\u2019Ajuntament per celebrar l\u2019inici de les festes municipals. \u00c9s tradici\u00f3 que l\u2019alcaldessa o alcalde, junt amb els festers i festeres d\u2019eixe any, llance des del balc\u00f3 de l\u2019Ajuntament el &#8216;txupinazo&#8217;. A continuaci\u00f3, una cercavila acompanyada d\u2019una xaranga recorre els carrers del poble, i a la nit, la vetlada continua amb una discom\u00f2bil.<\/p>\n<p>[\/et_pb_accordion_item][et_pb_accordion_item title=\u00bbSetmana taurina\u00bb open_toggle_text_color=\u00bb#336666&#8243; _builder_version=\u00bb4.17.1&#8243; _module_preset=\u00bbdefault\u00bb global_colors_info=\u00bb{}\u00bb toggle_text_color=\u00bb#000000&#8243; open=\u00bboff\u00bb]<\/p>\n<p><img loading=\"lazy\" decoding=\"async\" src=\"https:\/\/museros.org\/wp-content\/uploads\/2021\/05\/setmanataurina-300x300.jpg\" alt=\"\" class=\"wp-image-243121 alignnone size-medium\" width=\"300\" height=\"300\" \/><\/p>\n<p>Museros sempre ha sigut un poble molt vinculat a les celebracions taurines, \u00e9s per aix\u00f2 que cada any el poble dedica l&#8217;\u00faltima setmana de juliol a la festa dels bous. Durant la setmana taurina, diferents ramaderies participen en concursos que tenen lloc durant les vesprades. A la nit t\u00e9 lloc la festa del bou embolat, on cada nit va a c\u00e0rrec d\u2019una ramaderia. L\u2019\u00faltima nit, a m\u00e9s, t\u00e9 lloc l&#8217;exhibici\u00f3 de retalls amb la intervenci\u00f3 dels retalladors del poble. I per acabar, una discom\u00f2bil amenitza la vetlada.<\/p>\n<p>[\/et_pb_accordion_item][et_pb_accordion_item title=\u00bbCavalcada i ball de disfresses\u00bb open_toggle_text_color=\u00bb#336666&#8243; _builder_version=\u00bb4.17.1&#8243; _module_preset=\u00bbdefault\u00bb global_colors_info=\u00bb{}\u00bb toggle_text_color=\u00bb#000000&#8243; open=\u00bboff\u00bb]<\/p>\n<p><img loading=\"lazy\" decoding=\"async\" src=\"https:\/\/museros.org\/wp-content\/uploads\/2021\/05\/disfresses-300x300.jpg\" alt=\"\" class=\"wp-image-243124 alignnone size-medium\" width=\"300\" height=\"300\" \/><\/p>\n<p>La nit de disfresses d&#8217;agost en Museros \u00e9s una de les nits m\u00e9s divertides de l\u2019any. Fam\u00edlies i colles d\u2019amics i amigues, es reuneixen per disfressar-se i gaudir d\u2019una nit m\u00e0gica. La nit comen\u00e7a amb la tradicional cavalcada de disfresses acompanyada d\u2019una xaranga i finalitza amb una discom\u00f2bil.<\/p>\n<p>[\/et_pb_accordion_item][et_pb_accordion_item title=\u00bbSolemnitat de la Inmaculada Concepci\u00f3\u00bb open_toggle_text_color=\u00bb#336666&#8243; _builder_version=\u00bb4.17.3&#8243; _module_preset=\u00bbdefault\u00bb global_colors_info=\u00bb{}\u00bb toggle_text_color=\u00bb#000000&#8243; open=\u00bboff\u00bb]<\/p>\n<p><img loading=\"lazy\" decoding=\"async\" src=\"https:\/\/museros.org\/wp-content\/uploads\/2022\/04\/inmaculada.jpg\" alt=\"\" class=\"wp-image-258554 alignnone size-full\" width=\"220\" height=\"262\" \/><\/p>\n<p>La festa de la Inmaculada Concepci\u00f3 est\u00e0 dedicada a les xiques fadrines del poble: Les Filles de Maria. Antigament es celebrava al mes de desembre per\u00f2 traslladaren la data al primer cap de setmanqa d\u2019agost amb un clima m\u00e9s c\u00e0lid. Tradicionalment, es celebra el diumenge anterior a Sant Roc, quan les festeres obrin les portes de les seues cases per mostrar els vestits. La festa comen\u00e7a el dia anterior amb el volteig general de campanes i el llan\u00e7ament de trons i carcasses. A la nit t\u00e9 lloc la Nit d\u2019Albades, on es canten a les festeres i familiars. El tabal i la dol\u00e7aina amenitzen la nit. L\u2019endem\u00e0 es celebr\u00e0 la despert\u00e0 amb les campanes i els trons. A continuaci\u00f3 la recollida de les festeres i la missa en honor de la Inmaculada Concepci\u00f3. A mig dia t\u00e9 lloc la masclet\u00e0 quilom\u00e8trica. Per la vesprada es torna a tindre lloc la recollida de les festeres i la process\u00f3 de la Inmaculada Concepci\u00f3. El dia acaba amb espectacle a la pla\u00e7a del poble.<\/p>\n<p>[\/et_pb_accordion_item][et_pb_accordion_item title=\u00bbNit de conill amb tomaca\u00bb open_toggle_text_color=\u00bb#336666&#8243; _builder_version=\u00bb4.17.3&#8243; _module_preset=\u00bbdefault\u00bb global_colors_info=\u00bb{}\u00bb toggle_text_color=\u00bb#000000&#8243; open=\u00bboff\u00bb]<\/p>\n<p><img loading=\"lazy\" decoding=\"async\" src=\"https:\/\/museros.org\/wp-content\/uploads\/2022\/04\/conillambtomaca1.jpg\" alt=\"\" class=\"wp-image-258568 alignnone size-full\" width=\"300\" height=\"300\" \/><\/p>\n<p>El 12 d\u2019agost t\u00e9 lloc el sopar popular de conill amb tomaca, un tradicional menjar valenci\u00e0 molt arrelat al nostre poble. Despr\u00e9s de sopar, fam\u00edlies i amics gaudeixen amb l\u2019actuaci\u00f3 d\u2019una orquestra.<\/p>\n<p>[\/et_pb_accordion_item][et_pb_accordion_item title=\u00bbNit de les paelles\u00bb open_toggle_text_color=\u00bb#336666&#8243; _builder_version=\u00bb4.17.3&#8243; _module_preset=\u00bbdefault\u00bb global_colors_info=\u00bb{}\u00bb toggle_text_color=\u00bb#000000&#8243; open=\u00bboff\u00bb]<\/p>\n<p><img loading=\"lazy\" decoding=\"async\" src=\"https:\/\/museros.org\/wp-content\/uploads\/2022\/04\/nitdepaelles.jpg\" alt=\"\" class=\"wp-image-258555 alignnone size-full\" width=\"300\" height=\"300\" \/><\/p>\n<p>La nit de les paelles, celebrada el 13 d\u2019agost, \u00e9s una de les nits m\u00e9s populars del nostre poble, on amics i fam\u00edlies es reuneixen als carrers per cuinar i gaudir junts de les paelles fetes a llenya. Tamb\u00e9 \u00e9s la nit de festa m\u00e9s llarga, ja que despr\u00e9s de les paelles una orquestra acompanya la gent fins all\u00e0 les quatre del mat\u00ed, on els m\u00e9s nocturns ballen i acompanyen la xaranga. Al voltant de les cinc del mat\u00ed la festa continua amb la discom\u00f2bil. Al mat\u00ed, festers i matinadors \u00e9s junten per gaudir de l\u2019orxata i els fartons repartits per l\u2019Ajuntament.<\/p>\n<p>[\/et_pb_accordion_item][et_pb_accordion_item title=\u00bb14 d&#8217;agost. Bou del poble\u00bb open_toggle_text_color=\u00bb#336666&#8243; _builder_version=\u00bb4.25.0&#8243; _module_preset=\u00bbdefault\u00bb global_colors_info=\u00bb{}\u00bb toggle_text_color=\u00bb#000000&#8243; open=\u00bboff\u00bb]<\/p>\n<p><img loading=\"lazy\" decoding=\"async\" src=\"https:\/\/museros.org\/wp-content\/uploads\/2021\/05\/bou-del-poble-1-300x300.jpg\" alt=\"\" class=\"wp-image-243106 alignnone size-medium\" width=\"300\" height=\"300\" \/><\/p>\n<p>El 14 d\u2019agost \u00e9s el dia de la festa taurina per excel\u00b7l\u00e8ncia. Aquesta festa comen\u00e7a ben prompte de mat\u00ed, just quan acaba la festa les paelles. La xaranga dona l\u2019inici al dia tauri, i a continuaci\u00f3 es realitzen els c\u00e0ntics a sant Roc. A les huit del mat\u00ed, t\u00e9 lloc el <em>encierro<\/em>. En acabar, la xaranga infantil precedeix al <em>encierro<\/em> infantil amb carretons. De vesprada, els ve\u00efns i les ve\u00efnes de Museros es concentren a l\u2019avinguda de la Creu per gaudir de la pujada de caixons tirats per haques, acompanyada per la xaranga. Una volta al carrer Major, es realitza l\u2019espectacular desencaixonada, i l\u2019embolada del bou. A la nit, altra xaranga amenitza la vetlada fins a l\u2019embolada de bous de la vesprada a la pla\u00e7a de la Llibertat.<\/p>\n<p>[\/et_pb_accordion_item][et_pb_accordion_item title=\u00bbSolemnitat de l\u2019Assumpci\u00f3 de la Mare de D\u00e9u als Cels\u00bb open_toggle_text_color=\u00bb#336666&#8243; _builder_version=\u00bb4.17.3&#8243; _module_preset=\u00bbdefault\u00bb global_colors_info=\u00bb{}\u00bb toggle_text_color=\u00bb#000000&#8243; toggle_text_align=\u00bbjustify\u00bb open=\u00bboff\u00bb]<\/p>\n<p><img loading=\"lazy\" decoding=\"async\" src=\"https:\/\/museros.org\/wp-content\/uploads\/2022\/04\/asuncion.jpg\" alt=\"\" class=\"wp-image-258567 alignnone size-full\" width=\"300\" height=\"300\" \/><\/p>\n<p>La nit anterior al 15 d\u2019agost, el volteig general de campanes anuncia la festa en honor de la Verge titular de la parr\u00f2quia. L&#8217;endem\u00e0 al mat\u00ed, la Santa missa de la solemnitat obri el dia. Despr\u00e9s, t\u00e9 lloc la recollida de les festeres, que continua amb la Benedicci\u00f3 de les alf\u00e0begues, la qual acompanyen les filles de Maria. Al migdia es celebra la Solemne eucaristia en honor de l\u2019Assumpci\u00f3 de la Mare de D\u00e9u i les seues clavariesses. A la vesprada tona a tindre lloc la recollida de les festeres, qui acompanyaran la figura de la Mare de D\u00e9u a la solemne process\u00f3. En acabar aquesta, t\u00e9 lloc la &#8216;masclet\u00e0&#8217; nocturna. Per acabar la nit, els ve\u00efns i les ve\u00efnes de Museros gaudeixen amb una vetlada de teatre i m\u00fasica.<\/p>\n<p>[\/et_pb_accordion_item][et_pb_accordion_item title=\u00bbFestivitat en honor a Sant Roc\u00bb open_toggle_text_color=\u00bb#336666&#8243; _builder_version=\u00bb4.17.5&#8243; _module_preset=\u00bbdefault\u00bb global_colors_info=\u00bb{}\u00bb toggle_text_color=\u00bb#000000&#8243; open=\u00bboff\u00bb]<\/p>\n<p><img loading=\"lazy\" decoding=\"async\" src=\"https:\/\/museros.org\/wp-content\/uploads\/2022\/07\/sant-roc-color-120x300.jpg\" alt=\"\" class=\"wp-image-260959 alignnone size-medium\" width=\"120\" height=\"300\" \/><\/p>\n<p>Els &#8216;anderos&#8217; de Sant Roc organitzen cada any la festa dedicada al patr\u00f3 de Museros, Sant Roc. El mat\u00ed del 16 d\u2019agost, el volteig general de campanes anuncia l\u2019inici de la festa, que continua amb la santa missa a l\u2019Ermita de Sant Roc. A continuaci\u00f3, es trasllada la imatge de Sant Roc des de l\u2019esgl\u00e9sia fins a l\u2019ermita, on t\u00e9 lloc l\u2019altra missa en honor al patr\u00f3, amb la participaci\u00f3 dels clavaris i acompanyats pel grup de festers. Al migdia, la gran &#8216;masclet\u00e0&#8217; amb traca quilom\u00e8trica ressona als carrers de Museros. De nit es realitza la solemne process\u00f3, que dona pas a la nit de festa amenitzada per algun espectacle musical.<\/p>\n<p>El any 2017 la imatge de Sant Roc va complir 75 anys. Per a celebrar-ho les ve\u00efnes i els ve\u00efns de Museros pintaren i decoraren els carrers, i engalonaren els seus balcons amb els tapissos de la imatge del nostre patr\u00f3, per rebre\u2019l a les romeries que tingueren lloc durant cinc dies al poble.<\/p>\n<p>[\/et_pb_accordion_item][et_pb_accordion_item title=\u00bbDia d\u2019Acci\u00f3 de Gr\u00e0cies\u00bb open_toggle_text_color=\u00bb#336666&#8243; _builder_version=\u00bb4.17.3&#8243; _module_preset=\u00bbdefault\u00bb global_colors_info=\u00bb{}\u00bb toggle_text_color=\u00bb#000000&#8243; open=\u00bboff\u00bb]<\/p>\n<p><img loading=\"lazy\" decoding=\"async\" src=\"https:\/\/museros.org\/wp-content\/uploads\/2022\/04\/acciondegracias.jpg\" alt=\"\" class=\"wp-image-258612 alignnone size-full\" width=\"289\" height=\"300\" \/><\/p>\n<p>Aquesta festa, celebrada el dia 17 d\u2019agost, comen\u00e7a amb el volteig general de campanes i continua amb la Solemne eucaristia en l\u2019acci\u00f3 de gr\u00e0cies, on participen els festers de Sant Roc, els clavaris i les clavariesses de l\u2019Assumpci\u00f3 i de la Immaculada Concepci\u00f3. Al migdia es prepara una enorme paella per a tot el ve\u00efnat. La nit comen\u00e7a amb la solemne process\u00f3 amb les imatges dels nostres patrons. La festa finalitza amb alguna actuaci\u00f3 teatral o musical per a tota la fam\u00edlia.<\/p>\n<p>[\/et_pb_accordion_item][et_pb_accordion_item title=\u00bb9 d\u2019Octubre\u00bb open_toggle_text_color=\u00bb#336666&#8243; _builder_version=\u00bb4.17.3&#8243; _module_preset=\u00bbdefault\u00bb global_colors_info=\u00bb{}\u00bb toggle_text_color=\u00bb#000000&#8243; open=\u00bboff\u00bb]<\/p>\n<p><img loading=\"lazy\" decoding=\"async\" src=\"https:\/\/museros.org\/wp-content\/uploads\/2022\/04\/noudoctubre.jpg\" alt=\"\" class=\"wp-image-258618 alignnone size-full\" width=\"300\" height=\"300\" \/><\/p>\n<p>Des de la inauguraci\u00f3 de la democr\u00e0cia s\u2019ha celebrat la festivitat del 9 d\u2019Octubre amb gran diversitat d\u2019actes culturals i festius organitzats per l\u2019Ajuntament. El m\u00e9s important s\u00f3n les calderes populars per a tots els ve\u00efns i totes les ve\u00efnes del poble. Aquesta festa sempre va acompanyada de m\u00fasica, cercaviles i espectacles musicals i teatrals.<\/p>\n<p>[\/et_pb_accordion_item][et_pb_accordion_item title=\u00bbFestes de Nadal\u00bb open_toggle_text_color=\u00bb#336666&#8243; _builder_version=\u00bb4.17.3&#8243; _module_preset=\u00bbdefault\u00bb global_colors_info=\u00bb{}\u00bb toggle_text_color=\u00bb#000000&#8243; open=\u00bboff\u00bb]<\/p>\n<p><img loading=\"lazy\" decoding=\"async\" src=\"https:\/\/museros.org\/wp-content\/uploads\/2022\/04\/nadal.jpg\" alt=\"\" class=\"wp-image-258613 alignnone size-full\" width=\"300\" height=\"261\" \/><\/p>\n<p>Durant les festes nadalenques Museros acull una gran diversitat d\u2019actes tradicional i no tan tradicionals per a tota la fam\u00edlia. L\u2019Associaci\u00f3 d\u2019Amics del Betlem munta, cada any, un betlem a gran escala que es pot visitar a la sala d\u2019exposicions de la Casa de Cultura. La m\u00fasica tamb\u00e9 t\u00e9 un paper fonamental durant aquestes festes, ja que \u00e9s tradici\u00f3 el concert de Nadal de la Banda Sif\u00f2nica de la Societat Uni\u00f3 Musical de Museros. Aix\u00ed mateix, a banda de la visita del carter reial els dies abans de reis, i la tradicional cavalcada de reis mags, l\u2019Ajuntament organitza diverses activitats teatrals i musicals per als m\u00e9s menuts i les m\u00e9s menudes.<\/p>\n<p>[\/et_pb_accordion_item][\/et_pb_accordion][\/et_pb_column][\/et_pb_row][et_pb_row _builder_version=\u00bb4.16&#8243; _module_preset=\u00bbdefault\u00bb custom_margin=\u00bb50px||||false|false\u00bb custom_padding=\u00bb0px|||||\u00bb global_colors_info=\u00bb{}\u00bb][et_pb_column type=\u00bb4_4&#8243; _builder_version=\u00bb4.16&#8243; _module_preset=\u00bbdefault\u00bb global_colors_info=\u00bb{}\u00bb][et_pb_divider color=\u00bb#E02B20&#8243; divider_weight=\u00bb4px\u00bb _builder_version=\u00bb4.16&#8243; _module_preset=\u00bbdefault\u00bb global_colors_info=\u00bb{}\u00bb][\/et_pb_divider][\/et_pb_column][\/et_pb_row][\/et_pb_section]<\/p>\n","protected":false},"excerpt":{"rendered":"<p>Festes localsLes festes s\u00f3n una part important del nostre poble, ja que representen un espai de socialitzaci\u00f3 i arrelament. Durant tot l\u2019any Museros acull una diversitat de festes; algunes de car\u00e0cter m\u00e9s tradicional i altres noves. Les festes patronals de Sant Roc tenen lloc durant el mes d\u2019agost. Des de l\u2019Ajuntament us convidem a participat [&hellip;]<\/p>\n","protected":false},"author":8,"featured_media":0,"parent":0,"menu_order":0,"comment_status":"closed","ping_status":"closed","template":"","meta":{"_et_pb_use_builder":"on","_et_pb_old_content":"","_et_gb_content_width":"","_mc_calendar":[],"footnotes":""},"wf_page_folders":[175],"class_list":["post-246951","page","type-page","status-publish","hentry"],"_links":{"self":[{"href":"https:\/\/museros.org\/inici\/wp-json\/wp\/v2\/pages\/246951","targetHints":{"allow":["GET"]}}],"collection":[{"href":"https:\/\/museros.org\/inici\/wp-json\/wp\/v2\/pages"}],"about":[{"href":"https:\/\/museros.org\/inici\/wp-json\/wp\/v2\/types\/page"}],"author":[{"embeddable":true,"href":"https:\/\/museros.org\/inici\/wp-json\/wp\/v2\/users\/8"}],"replies":[{"embeddable":true,"href":"https:\/\/museros.org\/inici\/wp-json\/wp\/v2\/comments?post=246951"}],"version-history":[{"count":151,"href":"https:\/\/museros.org\/inici\/wp-json\/wp\/v2\/pages\/246951\/revisions"}],"predecessor-version":[{"id":279278,"href":"https:\/\/museros.org\/inici\/wp-json\/wp\/v2\/pages\/246951\/revisions\/279278"}],"wp:attachment":[{"href":"https:\/\/museros.org\/inici\/wp-json\/wp\/v2\/media?parent=246951"}],"wp:term":[{"taxonomy":"wf_page_folders","embeddable":true,"href":"https:\/\/museros.org\/inici\/wp-json\/wp\/v2\/wf_page_folders?post=246951"}],"curies":[{"name":"wp","href":"https:\/\/api.w.org\/{rel}","templated":true}]}}