{"id":246784,"date":"2021-08-20T15:36:11","date_gmt":"2021-08-20T15:36:11","guid":{"rendered":"https:\/\/museros.org\/?page_id=246784"},"modified":"2022-04-16T11:13:34","modified_gmt":"2022-04-16T11:13:34","slug":"localitzacio","status":"publish","type":"page","link":"https:\/\/museros.org\/inici\/localitzacio\/","title":{"rendered":"Localitzaci\u00f3"},"content":{"rendered":"<p>[et_pb_section fb_built=\u00bb1&#8243; _builder_version=\u00bb4.16&#8243; _module_preset=\u00bbdefault\u00bb custom_padding=\u00bb0px||||false|false\u00bb locked=\u00bboff\u00bb global_colors_info=\u00bb{}\u00bb][et_pb_row column_structure=\u00bb1_4,3_4&#8243; _builder_version=\u00bb4.16&#8243; _module_preset=\u00bbdefault\u00bb custom_margin=\u00bb0px||||false|false\u00bb custom_padding=\u00bb0px||||false|false\u00bb global_colors_info=\u00bb{}\u00bb][et_pb_column type=\u00bb1_4&#8243; _builder_version=\u00bb4.16&#8243; _module_preset=\u00bbdefault\u00bb global_colors_info=\u00bb{}\u00bb][et_pb_image src=\u00bbhttps:\/\/museros.org\/wp-content\/uploads\/2021\/08\/logo-localitzacio.jpg\u00bb title_text=\u00bblogo-localitzacio\u00bb url=\u00bbhttps:\/\/museros.org\/ca\/inici\u00bb use_overlay=\u00bbon\u00bb overlay_icon_color=\u00bb#E02B20&#8243; hover_overlay_color=\u00bbrgba(255,255,255,0.69)\u00bb hover_icon=\u00bb&#xe04d;||divi||400&#8243; align=\u00bbcenter\u00bb _builder_version=\u00bb4.16&#8243; _module_preset=\u00bbdefault\u00bb global_colors_info=\u00bb{}\u00bb][\/et_pb_image][\/et_pb_column][et_pb_column type=\u00bb3_4&#8243; _builder_version=\u00bb4.16&#8243; _module_preset=\u00bbdefault\u00bb global_colors_info=\u00bb{}\u00bb][et_pb_text _builder_version=\u00bb4.16&#8243; _module_preset=\u00bbdefault\u00bb min_height=\u00bb301px\u00bb custom_padding=\u00bb0px|||||\u00bb global_colors_info=\u00bb{}\u00bb]<\/p>\n<h1>Localitzaci\u00f3<\/h1>\n<p>Museros \u00e9s un poble de la comarca de l\u2019Horta Nord a la prov\u00edncia de Val\u00e8ncia. Aquest est\u00e0 situat a 11,7 km al nord de la ciutat de Val\u00e8ncia i a 17 km al sud de Sagunt sobre l\u2019eix mediterrani litoral de la pen\u00ednsula Ib\u00e8rica. El municipi t\u00e9 un cens de poblaci\u00f3 de 6.164 habitants (cens de 2017).<\/p>\n<p>El poble gaudeix de bons accessos per carretera i transport p\u00fablic. La l\u00ednia 3 (l\u00ednia roja) de Metrovalencia uneix Museros amb la ciutat de Val\u00e8ncia i l\u2019aeroport. Aix\u00ed mateix, el municipi es troba a 10 minuts de l\u2019autovia V-21, que connecta amb l\u2019AP-7 i l\u2019A-7 (en direcci\u00f3 a Castell\u00f3), i la qual arriba fins a Val\u00e8ncia. Tamb\u00e9, des de Museros, s\u2019agafa la carretera comarcal CV-32, des de la qual es pot arribar de manera senzilla a alguns pobles de la comarca del Camp del T\u00faria. La CV-32 connecta amb el tram de l\u2019A-7, conegut com el <em>by-pass<\/em>, que facilita l\u2019acc\u00e9s a pobles m\u00e9s llunyans com B\u00e9tera, Burjassot, Godella, Rocafort i Paterna. Amb Ll\u00edria, Adem\u00fas, la Fira de Mostres, el Parc Tecnol\u00f2gic, la Ciutat Esportiva del Valencia CF, Mislata, Quart de Poblet, la ronda Nord i l\u2019Horta Sud. A m\u00e9s, permet arribar a l\u2019aeroport en menys de 20 minuts. Des de l\u2019A7, trobem les connexions cap a Madrid, Alacant, Albacete i M\u00farcia.<\/p>\n<p>[\/et_pb_text][et_pb_code _builder_version=\u00bb4.16&#8243; _module_preset=\u00bbdefault\u00bb custom_margin=\u00bb50px||||false|false\u00bb global_colors_info=\u00bb{}\u00bb]<iframe src=\"https:\/\/www.google.com\/maps\/embed?pb=!1m18!1m12!1m3!1d11282.163547627822!2d-0.34139567582944513!3d39.56361745422797!2m3!1f0!2f0!3f0!3m2!1i1024!2i768!4f13.1!3m3!1m2!1s0xd6046d279f2a34d%3A0xf944dd77d7db185b!2sAjuntament%20de%20Museros!5e0!3m2!1ses!2ses!4v1622647054167!5m2!1ses!2ses\" width=\"900\" height=\"500\" style=\"border:0;\" allowfullscreen=\"\" loading=\"lazy\"><\/iframe>[\/et_pb_code][\/et_pb_column][\/et_pb_row][et_pb_row _builder_version=\u00bb4.16&#8243; _module_preset=\u00bbdefault\u00bb min_height=\u00bb79px\u00bb global_colors_info=\u00bb{}\u00bb][et_pb_column type=\u00bb4_4&#8243; _builder_version=\u00bb4.16&#8243; _module_preset=\u00bbdefault\u00bb global_colors_info=\u00bb{}\u00bb][et_pb_divider color=\u00bb#E02B20&#8243; divider_weight=\u00bb4px\u00bb _builder_version=\u00bb4.16&#8243; _module_preset=\u00bbdefault\u00bb global_colors_info=\u00bb{}\u00bb][\/et_pb_divider][\/et_pb_column][\/et_pb_row][\/et_pb_section]<\/p>\n","protected":false},"excerpt":{"rendered":"<p>Localitzaci\u00f3 Museros \u00e9s un poble de la comarca de l\u2019Horta Nord a la prov\u00edncia de Val\u00e8ncia. Aquest est\u00e0 situat a 11,7 km al nord de la ciutat de Val\u00e8ncia i a 17 km al sud de Sagunt sobre l\u2019eix mediterrani litoral de la pen\u00ednsula Ib\u00e8rica. El municipi t\u00e9 un cens de poblaci\u00f3 de 6.164 habitants [&hellip;]<\/p>\n","protected":false},"author":8,"featured_media":0,"parent":0,"menu_order":0,"comment_status":"closed","ping_status":"closed","template":"","meta":{"_et_pb_use_builder":"on","_et_pb_old_content":"<!-- wp:divi\/placeholder \/-->","_et_gb_content_width":"","_mc_calendar":[],"footnotes":""},"wf_page_folders":[376],"class_list":["post-246784","page","type-page","status-publish","hentry"],"_links":{"self":[{"href":"https:\/\/museros.org\/inici\/wp-json\/wp\/v2\/pages\/246784","targetHints":{"allow":["GET"]}}],"collection":[{"href":"https:\/\/museros.org\/inici\/wp-json\/wp\/v2\/pages"}],"about":[{"href":"https:\/\/museros.org\/inici\/wp-json\/wp\/v2\/types\/page"}],"author":[{"embeddable":true,"href":"https:\/\/museros.org\/inici\/wp-json\/wp\/v2\/users\/8"}],"replies":[{"embeddable":true,"href":"https:\/\/museros.org\/inici\/wp-json\/wp\/v2\/comments?post=246784"}],"version-history":[{"count":10,"href":"https:\/\/museros.org\/inici\/wp-json\/wp\/v2\/pages\/246784\/revisions"}],"predecessor-version":[{"id":258070,"href":"https:\/\/museros.org\/inici\/wp-json\/wp\/v2\/pages\/246784\/revisions\/258070"}],"wp:attachment":[{"href":"https:\/\/museros.org\/inici\/wp-json\/wp\/v2\/media?parent=246784"}],"wp:term":[{"taxonomy":"wf_page_folders","embeddable":true,"href":"https:\/\/museros.org\/inici\/wp-json\/wp\/v2\/wf_page_folders?post=246784"}],"curies":[{"name":"wp","href":"https:\/\/api.w.org\/{rel}","templated":true}]}}