{"id":246340,"date":"2021-08-18T10:33:28","date_gmt":"2021-08-18T10:33:28","guid":{"rendered":"https:\/\/museros.org\/?page_id=246340"},"modified":"2023-11-07T07:03:25","modified_gmt":"2023-11-07T07:03:25","slug":"pla-museros-plus","status":"publish","type":"page","link":"https:\/\/museros.org\/inici\/pla-museros-plus\/","title":{"rendered":"Pla Museros Plus"},"content":{"rendered":"<p>[et_pb_section fb_built=\u00bb1&#8243; _builder_version=\u00bb4.16&#8243; _module_preset=\u00bbdefault\u00bb custom_padding=\u00bb0px||||false|false\u00bb locked=\u00bboff\u00bb global_colors_info=\u00bb{}\u00bb][et_pb_row column_structure=\u00bb1_4,3_4&#8243; _builder_version=\u00bb4.16&#8243; _module_preset=\u00bbdefault\u00bb custom_margin=\u00bb0px||0px||false|false\u00bb custom_padding=\u00bb0px||0px||false|false\u00bb global_colors_info=\u00bb{}\u00bb][et_pb_column type=\u00bb1_4&#8243; _builder_version=\u00bb4.16&#8243; _module_preset=\u00bbdefault\u00bb global_colors_info=\u00bb{}\u00bb][et_pb_image src=\u00bbhttps:\/\/museros.org\/wp-content\/uploads\/2021\/08\/logo-plamuseros-200&#215;160-1.jpg\u00bb title_text=\u00bblogo-plamuseros-200&#215;160&#8243; url=\u00bbhttps:\/\/museros.org\/ca\/otam-en-linia\u00bb align=\u00bbcenter\u00bb src_tablet=\u00bbhttps:\/\/museros.org\/wp-content\/uploads\/2021\/08\/logo-plamuseros-200&#215;160-1.jpg\u00bb src_phone=\u00bbhttps:\/\/museros.org\/wp-content\/uploads\/2021\/08\/logo-plamuseros-200&#215;160-1.jpg\u00bb src_last_edited=\u00bbon|phone\u00bb _builder_version=\u00bb4.16&#8243; _module_preset=\u00bbdefault\u00bb width=\u00bb100%\u00bb width_tablet=\u00bb40%\u00bb width_phone=\u00bb60%\u00bb width_last_edited=\u00bbon|phone\u00bb custom_margin=\u00bb||||false|false\u00bb custom_margin_tablet=\u00bb\u00bb custom_margin_phone=\u00bb\u00bb custom_margin_last_edited=\u00bbon|tablet\u00bb global_colors_info=\u00bb{}\u00bb src__hover_enabled=\u00bbon|desktop\u00bb src__hover=\u00bbhttps:\/\/museros.org\/wp-content\/uploads\/2021\/08\/logo-plamuseros-200&#215;160-1.jpg\u00bb][\/et_pb_image][\/et_pb_column][et_pb_column type=\u00bb3_4&#8243; _builder_version=\u00bb4.16&#8243; _module_preset=\u00bbdefault\u00bb global_colors_info=\u00bb{}\u00bb][et_pb_text admin_label=\u00bbText\u00bb _builder_version=\u00bb4.23&#8243; _module_preset=\u00bbdefault\u00bb custom_padding=\u00bb0px|||||\u00bb hover_enabled=\u00bb0&#8243; global_colors_info=\u00bb{}\u00bb sticky_enabled=\u00bb0&#8243;]<\/p>\n<h2><span style=\"color: #0094ff;\">Pla Museros Plus<br \/><\/span><\/h2>\n<p>Amb el Pla Museros Plus, podr\u00e0 pagar en 10 quotes mensuals, de febrer a novembre, els seus impostos locals (IBI, IVTM, guals i IAE), i et beneficiar\u00e0s d&#8217;un 2 % de bonificaci\u00f3 sobre el total a pagar.<\/p>\n<p>Per a sol\u00b7licitar-lo, nom\u00e9s cal presentar la sol\u00b7licitud abans del 15 de desembre en les oficines de l\u2019Ajuntament de Museros, a tav\u00e9s de la seu electr\u00f2nica\u00a0 o trav\u00e9s de l&#8217;OTAM.<span style=\"color: #808080;\"><\/span><\/p>\n<h2><span style=\"color: #0094ff;\"><\/span><\/h2>\n<h2><span style=\"color: #0094ff;\">Sol\u00b7licitud:<\/span><\/h2>\n<p>[\/et_pb_text][\/et_pb_column][\/et_pb_row][et_pb_row column_structure=\u00bb1_4,1_4,1_4,1_4&#8243; _builder_version=\u00bb4.23&#8243; _module_preset=\u00bbdefault\u00bb custom_margin=\u00bb0px||||false|false\u00bb custom_padding=\u00bb0px||||false|false\u00bb global_colors_info=\u00bb{}\u00bb][et_pb_column type=\u00bb1_4&#8243; _builder_version=\u00bb4.16&#8243; _module_preset=\u00bbdefault\u00bb global_colors_info=\u00bb{}\u00bb][\/et_pb_column][et_pb_column type=\u00bb1_4&#8243; _builder_version=\u00bb4.16&#8243; _module_preset=\u00bbdefault\u00bb global_colors_info=\u00bb{}\u00bb][et_pb_button button_url=\u00bbhttps:\/\/museros.sedelectronica.es\/info.0&#8243; url_new_window=\u00bbon\u00bb button_text=\u00bbSeu electr\u00f2nica\u00bb admin_label=\u00bbPlan Museros Plus PDF\u00bb _builder_version=\u00bb4.23&#8243; _module_preset=\u00bbdefault\u00bb custom_button=\u00bbon\u00bb button_text_color=\u00bb#ffffff\u00bb button_bg_color=\u00bb#0099cc\u00bb button_bg_use_color_gradient=\u00bbon\u00bb button_bg_color_gradient_stops=\u00bb#0099cc 0%|#0099cc 100%\u00bb button_bg_color_gradient_start=\u00bb#0099cc\u00bb button_bg_color_gradient_end=\u00bb#0099cc\u00bb button_border_color=\u00bbrgba(0,0,0,0)\u00bb animation_style=\u00bbfade\u00bb button_bg_color_tablet=\u00bb\u00bb button_bg_color_phone=\u00bb\u00bb button_bg_color_last_edited=\u00bbon|desktop\u00bb global_colors_info=\u00bb{}\u00bb button_bg_color__hover_enabled=\u00bbon|desktop\u00bb button_bg_color__hover=\u00bb#0099cc\u00bb][\/et_pb_button][\/et_pb_column][et_pb_column type=\u00bb1_4&#8243; _builder_version=\u00bb4.16&#8243; _module_preset=\u00bbdefault\u00bb global_colors_info=\u00bb{}\u00bb][et_pb_button button_url=\u00bbhttps:\/\/ayuntamientomuseros.tributoslocales.es\/va\/461775\/AMUSEROS\u00bb url_new_window=\u00bbon\u00bb button_text=\u00bbOTAM\u00bb admin_label=\u00bbPlan Museros Plus PDF\u00bb _builder_version=\u00bb4.23&#8243; _module_preset=\u00bbdefault\u00bb custom_button=\u00bbon\u00bb button_text_color=\u00bb#ffffff\u00bb button_bg_color=\u00bb#0099cc\u00bb button_bg_use_color_gradient=\u00bbon\u00bb button_bg_color_gradient_stops=\u00bb#0099cc 0%|#0099cc 100%\u00bb button_bg_color_gradient_start=\u00bb#0099cc\u00bb button_bg_color_gradient_end=\u00bb#0099cc\u00bb button_border_color=\u00bbrgba(0,0,0,0)\u00bb animation_style=\u00bbfade\u00bb button_bg_color_tablet=\u00bb\u00bb button_bg_color_phone=\u00bb\u00bb button_bg_color_last_edited=\u00bbon|desktop\u00bb global_colors_info=\u00bb{}\u00bb button_bg_color__hover_enabled=\u00bbon|desktop\u00bb button_bg_color__hover=\u00bb#0099cc\u00bb][\/et_pb_button][\/et_pb_column][et_pb_column type=\u00bb1_4&#8243; _builder_version=\u00bb4.16&#8243; _module_preset=\u00bbdefault\u00bb global_colors_info=\u00bb{}\u00bb][\/et_pb_column][\/et_pb_row][et_pb_row column_structure=\u00bb1_4,3_4&#8243; _builder_version=\u00bb4.16&#8243; _module_preset=\u00bbdefault\u00bb custom_margin=\u00bb0px||||false|false\u00bb custom_padding=\u00bb0px||||false|false\u00bb global_colors_info=\u00bb{}\u00bb][et_pb_column type=\u00bb1_4&#8243; _builder_version=\u00bb4.16&#8243; _module_preset=\u00bbdefault\u00bb global_colors_info=\u00bb{}\u00bb][\/et_pb_column][et_pb_column type=\u00bb3_4&#8243; _builder_version=\u00bb4.16&#8243; _module_preset=\u00bbdefault\u00bb global_colors_info=\u00bb{}\u00bb][et_pb_text _builder_version=\u00bb4.19.1&#8243; _module_preset=\u00bbdefault\u00bb custom_margin=\u00bb0px||||false|false\u00bb custom_padding=\u00bb0px||||false|false\u00bb global_colors_info=\u00bb{}\u00bb]<\/p>\n<p><strong>1. Definici\u00f3<\/strong><\/p>\n<p>El Pla Museros Plus \u00e9s un sistema especial de pagament de rebuts que permet realitzar ingressos peri\u00f2dics a compte del deute anual estimat corresponent als rebuts de padr\u00f3 seg\u00fcents: IBI, IVTM i taxa per l&#8217;aprofitament especial de la via p\u00fablica amb entrada de vehicles i impost sobre activitats econ\u00f2miques.<\/p>\n<p>No es cobraran interessos de demora, sempre que es paguen les fraccions en els terminis indicats.<\/p>\n<p><strong>2. Requisits<\/strong><\/p>\n<p><em>a)<\/em> No tindre deute pendent en executiva amb l&#8217;Administraci\u00f3 municipal.<\/p>\n<p><em>b)<\/em> La quota m\u00ednima que resulte d&#8217;aplicar a la suma dels tributs assenyalats en el par\u00e0graf 1 la periodicitat dels pagaments seleccionats per la persona interessada, no podr\u00e0 ser inferior a 20 \u20ac.<\/p>\n<p><em>c)<\/em> Haur\u00e0 de domiciliar obligat\u00f2riament el pagament de les quotes en un \u00fanic compte.<\/p>\n<p><strong>3. Periodicitat dels pagaments<\/strong><\/p>\n<p>Ser\u00e0 mensual. Consistir\u00e0 en deu quotes el cobrament de les quals es realitzar\u00e0 els dies 10 de cada mes, del 10 de febrer al 10 de novembre tot dos inclosos.<\/p>\n<p><strong>4. Sol\u00b7licitud<\/strong><\/p>\n<p>La persona interessada a acollir-se al Pla Museros Plus haur\u00e0 de presentar la sol\u00b7licitud abans del 15 de desembre de l&#8217;exercici anterior al qual es refereix la petici\u00f3. A partir d&#8217;aqueix moment, quedar\u00e0 adherida al Pla Museros Plus per a tots els objectes tributaris dels quals siga titular i que es troben gravats per algun dels tributs enumerats en l&#8217;apartat 1, excepte que l&#8217;Ajuntament de Museros comunique la denegaci\u00f3 per incompliment dels requisits.<\/p>\n<p>Si el responsable del servei que gestiona la sol\u00b7licitud estimara que aquesta compleix els requisits exigits per a la seua concessi\u00f3, podr\u00e0 elaborar la proposta de resoluci\u00f3 del Pla Museros Plus sol\u00b7licitat i notificar-la a la persona interessada. Una vegada dictada la resoluci\u00f3 per l&#8217;\u00f2rgan competent, si aquesta coincideix en tots els seus termes amb la proposta de resoluci\u00f3 notificada a la persona interessada, quedar\u00e0 alliberada l&#8217;Administraci\u00f3 municipal de l&#8217;obligaci\u00f3 de notificar a l&#8217;interessat o a la interessada la resoluci\u00f3, sempre que aquest extrem li anara aix\u00ed comunicat a la persona interessada en el moment de notificar-se-li la proposta de resoluci\u00f3 i se li haja advertit de l&#8217;obligaci\u00f3 de realitzar els pagaments en les dates o terminis fixats en aquesta proposta, excepte que reba notificaci\u00f3 en sentit contrari abans de l&#8217;inici d&#8217;aquests terminis de pagament.<\/p>\n<p><strong>5. Quotes<\/strong><\/p>\n<p>D&#8217;acord amb les dades que t\u00e9 en el seu poder, l&#8217;Administraci\u00f3 efectuar\u00e0 una estimaci\u00f3 de l&#8217;import de les quotes que l&#8217;interessat o la interessada ha de pagar en cada fracci\u00f3. L&#8217;import de l&#8217;\u00faltim termini estar\u00e0 constitu\u00eft per la difer\u00e8ncia entre la quantia dels rebuts corresponent a l&#8217;exercici i les quantitats abonades en els terminis anteriors. En qualsevol moment, la persona interessada podr\u00e0 efectuar el pagament d&#8217;una sola vegada de totes les quotes no ven\u00e7udes, i ser baixa en el Pla.<\/p>\n<p><strong>6. Descompte<\/strong><\/p>\n<p>Aquells que s&#8217;acullen a aquest sistema, i atenguen puntualment les mensualitats que se li giren pel banc, gaudiran d&#8217;un 2 % de descompte sobre el total del deute incl\u00f2s en el Pla Museros Plus.<\/p>\n<p><strong>7. Termini<\/strong><\/p>\n<p>Sempre abans de l&#8217;1 de desembre, l&#8217;interessat o la interessada haur\u00e0 de comunicar expressament, a l&#8217;Ajuntament de Museros, qualsevol canvi en les dades de l&#8217;adhesi\u00f3 inicial, referida a periodicitat dels pagaments, rebuts inclosos o n\u00famero de compte, que produir\u00e0 efectes en l&#8217;exercici seg\u00fcent.<\/p>\n<p><strong>8. Condici\u00f3<\/strong><\/p>\n<p>Per a obtindre un certificat d&#8217;estar al corrent del pagament de qualsevol dels tributs acollits a aquesta modalitat de pagament, ser\u00e0 necessari que s&#8217;haja produ\u00eft el pagament \u00edntegre d&#8217;aquest tribut.<\/p>\n<p><strong>9. Duraci\u00f3<\/strong><\/p>\n<p>La sol\u00b7licitud far\u00e0 efecte per als seg\u00fcents per\u00edodes voluntaris de pagament, i tindr\u00e0 validesa per temps indefinit per als rebuts per als quals es va sol\u00b7licitar, sempre que no existisca manifestaci\u00f3 expressa en contra del subjecte passiu i no deixen de realitzar-se els pagaments en la manera establida. Per a renunciar a aquesta modalitat de pagament, la persona interessada haur\u00e0 d&#8217;abonar tots els rebuts dels quals haja finalitzat el per\u00edode voluntari de pagament.<\/p>\n<p><strong>10. Falta de pagament<\/strong><\/p>\n<p>Des del moment en el qual l&#8217;Administraci\u00f3 tinga coneixement de l&#8217;impagament d&#8217;un dels terminis, podr\u00e0 deixar de carregar els terminis seg\u00fcents, i es considerar\u00e0 cancel\u00b7lat el fraccionament. En aqueix moment, el r\u00e8gim de pagament anual passar\u00e0 a ser el general, amb els terminis normals en volunt\u00e0ria. Si el deute estiguera ven\u00e7ut, es procedir\u00e0 al seu cobrament per les vies legalment establides. Les quantitats ingressades en l&#8217;exercici pel Pla Museros Plus s&#8217;aplicaran, en primer lloc, als pagaments ja ven\u00e7uts i la quantitat sobrant als pagaments futurs a criteri de l&#8217;Administraci\u00f3, es tindran en compte els imports que no cobrisquen els documents de cobrament, i s&#8217;indicar\u00e0 si queden quantitats pendents d&#8217;ingressar.<\/p>\n<h3><span style=\"color: #0066b5;\">Bonificacions o exempcions a l&#8217;IBI<\/span><\/h3>\n<p><strong>1.<\/strong> <strong>Fam\u00edlia nombrosa<\/strong><br \/><em>a)<\/em> Categoria general: bonificaci\u00f3 en la quota del 70 % amb un l\u00edmit m\u00e0xim de 300 \u20ac.<br \/><em>b)<\/em> Categoria especial: bonificaci\u00f3 en la quota del 80 % amb un l\u00edmit m\u00e0xim de 300 \u20ac.<br \/>\u00c9s condici\u00f3 indispensable que siga habitatge habitual i el termini de sol\u00b7licitud \u00e9s fins al 28 de febrer per als rebuts de l&#8217;exercici en curs.<br \/><strong>2.<\/strong> <strong>Energia solar<\/strong><br \/><em>a)<\/em> Per a producci\u00f3 d&#8217;aigua calenta sanit\u00e0ria: bonificaci\u00f3 del 33 % de la quota i amb els l\u00edmits establits quan es complisquen els requisits fixats en l&#8217;ordenan\u00e7a fiscal reguladora.<br \/><em>b)<\/em> Per a producci\u00f3 d&#8217;energia el\u00e8ctrica en el percentatge determinat en la taula A per a consum propi: bonificaci\u00f3 del 33 % de la quota i amb els l\u00edmits establits quan es complisquen els requisits fixats en l&#8217;ordenan\u00e7a fiscal reguladora.<br \/>En cas d&#8217;habitatges subjectes al r\u00e8gim de propietat horitzontal, la sol\u00b7licitud de bonificaci\u00f3 la presentar\u00e0 la representaci\u00f3 de la comunitat de propietaris.<br \/>El termini de sol\u00b7licitud \u00e9s fins al 28 de febrer per als rebuts de l&#8217;exercici en curs.<\/p>\n<h3><span style=\"color: #0066b5;\">Bonificacions o exempcions en l\u2019IVTM<\/span><\/h3>\n<p>1. Exempci\u00f3 del 100 % per a persones amb diversitat funcional amb grau igual o superior al 33 %, d\u2019acord amb el que estableix el RDL 2\/2004, de 5 de mar\u00e7, regulador de les hisendes locals.<\/p>\n<p>2. Bonificaci\u00f3 del 100 % per a vehicles qualificats d&#8217;hist\u00f2rics o amb una antiguitat m\u00ednima de 25 anys, d\u2019acord amb el que estableix el RDL 2\/2004, de 5 de mar\u00e7, regulador de les hisendes locals, i l&#8217;ordenan\u00e7a fiscal.<\/p>\n<p>3. Bonificacions per a vehicles no contaminants:<br \/><em>a)<\/em> Del 75 % en la quota incrementada de l&#8217;impost sobre vehicles de tracci\u00f3 mec\u00e0nica, els vehicles classificats com a \u201czero emissions\u201d.<br \/><em>b)<\/em> Del 50 % en la quota incrementada de l&#8217;impost sobre vehicles de tracci\u00f3 mec\u00e0nica, els vehicles classificats com a \u201ceco\u201d.<br \/>La petici\u00f3 de l&#8217;exempci\u00f3 i de les bonificacions anteriors haur\u00e0 de realitzar-se abans de la data de meritaci\u00f3 de l&#8217;impost (1 de gener ). Si la bonificaci\u00f3 se sol\u00b7licita posteriorment a aquesta data, la bonificaci\u00f3 s&#8217;aplicar\u00e0 a partir del per\u00edode impositiu seg\u00fcent.<br \/>Totes les bonificacions anteriorment descrites, estan condicionades tant a estar al corrent del pagament de tributs municipals, com a estar empadronat o empadronada en el padr\u00f3 municipal d&#8217;habitants del municipi.<\/p>\n<p>[\/et_pb_text][\/et_pb_column][\/et_pb_row][et_pb_row _builder_version=\u00bb4.16&#8243; _module_preset=\u00bbdefault\u00bb custom_margin=\u00bb25px||-25px||false|false\u00bb custom_padding=\u00bb0px||0px||false|false\u00bb locked=\u00bboff\u00bb global_colors_info=\u00bb{}\u00bb][et_pb_column type=\u00bb4_4&#8243; _builder_version=\u00bb4.16&#8243; _module_preset=\u00bbdefault\u00bb global_colors_info=\u00bb{}\u00bb][et_pb_divider color=\u00bb#999999&#8243; divider_style=\u00bbdotted\u00bb divider_weight=\u00bb7px\u00bb _builder_version=\u00bb4.16&#8243; _module_preset=\u00bbdefault\u00bb width=\u00bb100%\u00bb module_alignment=\u00bbright\u00bb custom_margin=\u00bb0px||20px||false|false\u00bb custom_padding=\u00bb0px||0px||false|false\u00bb locked=\u00bboff\u00bb global_colors_info=\u00bb{}\u00bb][\/et_pb_divider][et_pb_text _builder_version=\u00bb4.16&#8243; _module_preset=\u00bbdefault\u00bb text_text_color=\u00bb#0094ff\u00bb header_text_color=\u00bb#0094ff\u00bb header_2_text_color=\u00bb#0094ff\u00bb global_colors_info=\u00bb{}\u00bb]<\/p>\n<h3><span style=\"color: #3366ff;\">Informaci\u00f3n \u00fatil<\/span><\/h3>\n<p>[\/et_pb_text][\/et_pb_column][\/et_pb_row][et_pb_row column_structure=\u00bb1_5,1_5,1_5,1_5,1_5&#8243; _builder_version=\u00bb4.16&#8243; _module_preset=\u00bbdefault\u00bb locked=\u00bboff\u00bb global_colors_info=\u00bb{}\u00bb][et_pb_column type=\u00bb1_5&#8243; _builder_version=\u00bb4.16&#8243; _module_preset=\u00bbdefault\u00bb global_colors_info=\u00bb{}\u00bb][et_pb_image src=\u00bbhttps:\/\/museros.org\/wp-content\/uploads\/2021\/08\/logo-calendarifis-200&#215;160-1.jpg\u00bb title_text=\u00bblogo-calendarifis-200&#215;160&#8243; url=\u00bbhttps:\/\/www.museros.org\/ca\/calendari-fiscal\/\u00bb use_overlay=\u00bbon\u00bb overlay_icon_color=\u00bbrgba(12,113,195,0.7)\u00bb hover_overlay_color=\u00bbrgba(255,255,255,0.5)\u00bb hover_icon=\u00bb&#xe04e;||divi||400&#8243; align=\u00bbcenter\u00bb src_tablet=\u00bbhttp:\/\/museros.org\/wp-content\/uploads\/2020\/12\/calendario-fiscal-410.png\u00bb src_phone=\u00bbhttp:\/\/museros.org\/wp-content\/uploads\/2020\/12\/calendario-fiscal-410.png\u00bb src_last_edited=\u00bbon|desktop\u00bb _builder_version=\u00bb4.16&#8243; _module_preset=\u00bbdefault\u00bb width=\u00bb100%\u00bb width_tablet=\u00bb70%\u00bb width_phone=\u00bb60%\u00bb width_last_edited=\u00bbon|phone\u00bb global_colors_info=\u00bb{}\u00bb src__hover_enabled=\u00bbon|desktop\u00bb src__hover=\u00bb\u00bb][\/et_pb_image][\/et_pb_column][et_pb_column type=\u00bb1_5&#8243; _builder_version=\u00bb4.16&#8243; _module_preset=\u00bbdefault\u00bb global_colors_info=\u00bb{}\u00bb][et_pb_image src=\u00bbhttps:\/\/museros.org\/wp-content\/uploads\/2021\/08\/logo-famnombrosa-200&#215;160-1.jpg\u00bb title_text=\u00bblogo-famnombrosa-200&#215;160&#8243; url=\u00bbhttps:\/\/www.museros.org\/ca\/familia-nombrosa\/\u00bb use_overlay=\u00bbon\u00bb overlay_icon_color=\u00bbrgba(12,113,195,0.7)\u00bb hover_overlay_color=\u00bbrgba(255,255,255,0.5)\u00bb hover_icon=\u00bb&#xe04e;||divi||400&#8243; align=\u00bbcenter\u00bb src_tablet=\u00bbhttp:\/\/museros.org\/wp-content\/uploads\/2020\/12\/familia-numerosa-410.png\u00bb src_phone=\u00bbhttp:\/\/museros.org\/wp-content\/uploads\/2020\/12\/familia-numerosa-410.png\u00bb src_last_edited=\u00bbon|desktop\u00bb _builder_version=\u00bb4.16&#8243; _module_preset=\u00bbdefault\u00bb width=\u00bb100%\u00bb width_tablet=\u00bb69%\u00bb width_phone=\u00bb60%\u00bb width_last_edited=\u00bbon|tablet\u00bb global_colors_info=\u00bb{}\u00bb src__hover_enabled=\u00bbon|desktop\u00bb src__hover=\u00bb\u00bb][\/et_pb_image][\/et_pb_column][et_pb_column type=\u00bb1_5&#8243; _builder_version=\u00bb4.16&#8243; _module_preset=\u00bbdefault\u00bb global_colors_info=\u00bb{}\u00bb][et_pb_image src=\u00bbhttps:\/\/museros.org\/wp-content\/uploads\/2021\/08\/logo-domiciliacio-200&#215;160-1.jpg\u00bb title_text=\u00bblogo-domiciliacio-200&#215;160&#8243; url=\u00bbhttps:\/\/www.museros.org\/ca\/domiciliacio\/\u00bb use_overlay=\u00bbon\u00bb overlay_icon_color=\u00bbrgba(12,113,195,0.7)\u00bb hover_overlay_color=\u00bbrgba(255,255,255,0.5)\u00bb hover_icon=\u00bb&#xe04e;||divi||400&#8243; align=\u00bbcenter\u00bb src_tablet=\u00bbhttp:\/\/museros.org\/wp-content\/uploads\/2020\/12\/domiciliacion410.png\u00bb src_phone=\u00bbhttp:\/\/museros.org\/wp-content\/uploads\/2020\/12\/domiciliacion410.png\u00bb src_last_edited=\u00bbon|desktop\u00bb _builder_version=\u00bb4.16&#8243; _module_preset=\u00bbdefault\u00bb width_tablet=\u00bb70%\u00bb width_phone=\u00bb60%\u00bb width_last_edited=\u00bbon|phone\u00bb global_colors_info=\u00bb{}\u00bb src__hover_enabled=\u00bbon|desktop\u00bb src__hover=\u00bb\u00bb][\/et_pb_image][\/et_pb_column][et_pb_column type=\u00bb1_5&#8243; _builder_version=\u00bb4.16&#8243; _module_preset=\u00bbdefault\u00bb global_colors_info=\u00bb{}\u00bb][et_pb_image src=\u00bbhttps:\/\/museros.org\/wp-content\/uploads\/2021\/08\/logo-altaguals-200&#215;160-1.jpg\u00bb title_text=\u00bblogo-altaguals-200&#215;160&#8243; url=\u00bbhttps:\/\/www.museros.org\/ca\/alta-guals\/\u00bb use_overlay=\u00bbon\u00bb overlay_icon_color=\u00bbrgba(12,113,195,0.7)\u00bb hover_overlay_color=\u00bbrgba(255,255,255,0.5)\u00bb hover_icon=\u00bb&#xe04e;||divi||400&#8243; align=\u00bbcenter\u00bb align_tablet=\u00bb\u00bb align_phone=\u00bb\u00bb align_last_edited=\u00bbon|phone\u00bb _builder_version=\u00bb4.16&#8243; _module_preset=\u00bbdefault\u00bb width_tablet=\u00bb70%\u00bb width_phone=\u00bb\u00bb width_last_edited=\u00bbon|tablet\u00bb global_colors_info=\u00bb{}\u00bb src__hover_enabled=\u00bbon|desktop\u00bb src__hover=\u00bbhttps:\/\/museros.org\/wp-content\/uploads\/2021\/08\/logo-altaguals-200&#215;160-1.jpg\u00bb][\/et_pb_image][\/et_pb_column][et_pb_column type=\u00bb1_5&#8243; _builder_version=\u00bb4.16&#8243; _module_preset=\u00bbdefault\u00bb global_colors_info=\u00bb{}\u00bb][et_pb_image src=\u00bbhttps:\/\/museros.org\/wp-content\/uploads\/2021\/08\/logo-subhastes-200&#215;160-1.jpg\u00bb title_text=\u00bblogo-subhastes-200&#215;160&#8243; url=\u00bbhttps:\/\/www.museros.org\/ca\/subhastes\/\u00bb use_overlay=\u00bbon\u00bb overlay_icon_color=\u00bbrgba(12,113,195,0.7)\u00bb hover_overlay_color=\u00bbrgba(255,255,255,0.5)\u00bb hover_icon=\u00bb&#xe04e;||divi||400&#8243; align=\u00bbcenter\u00bb src_tablet=\u00bbhttp:\/\/museros.org\/wp-content\/uploads\/2020\/12\/subastas-410.png\u00bb src_phone=\u00bbhttp:\/\/museros.org\/wp-content\/uploads\/2020\/12\/subastas-410.png\u00bb src_last_edited=\u00bbon|desktop\u00bb _builder_version=\u00bb4.16&#8243; _module_preset=\u00bbdefault\u00bb width_tablet=\u00bb70%\u00bb width_phone=\u00bb60%\u00bb width_last_edited=\u00bbon|tablet\u00bb global_colors_info=\u00bb{}\u00bb src__hover_enabled=\u00bbon|desktop\u00bb src__hover=\u00bb\u00bb][\/et_pb_image][\/et_pb_column][\/et_pb_row][et_pb_row _builder_version=\u00bb4.16&#8243; _module_preset=\u00bbdefault\u00bb global_colors_info=\u00bb{}\u00bb][et_pb_column type=\u00bb4_4&#8243; _builder_version=\u00bb4.16&#8243; _module_preset=\u00bbdefault\u00bb global_colors_info=\u00bb{}\u00bb][et_pb_divider color=\u00bb#0099cc\u00bb divider_weight=\u00bb4px\u00bb _builder_version=\u00bb4.16&#8243; _module_preset=\u00bbdefault\u00bb width=\u00bb100%\u00bb module_alignment=\u00bbright\u00bb custom_margin=\u00bb0px||20px||false|false\u00bb custom_padding=\u00bb0px||0px||false|false\u00bb locked=\u00bboff\u00bb global_colors_info=\u00bb{}\u00bb][\/et_pb_divider][\/et_pb_column][\/et_pb_row][\/et_pb_section]<\/p>\n","protected":false},"excerpt":{"rendered":"<p>Pla Museros Plus Amb el Pla Museros Plus, podr\u00e0 pagar en 10 quotes mensuals, de febrer a novembre, els seus impostos locals (IBI, IVTM, guals i IAE), i et beneficiar\u00e0s d&#8217;un 2 % de bonificaci\u00f3 sobre el total a pagar. Per a sol\u00b7licitar-lo, nom\u00e9s cal presentar la sol\u00b7licitud abans del 15 de desembre en les [&hellip;]<\/p>\n","protected":false},"author":8,"featured_media":0,"parent":0,"menu_order":0,"comment_status":"closed","ping_status":"closed","template":"","meta":{"_et_pb_use_builder":"on","_et_pb_old_content":"","_et_gb_content_width":"","_mc_calendar":[],"footnotes":""},"wf_page_folders":[155],"class_list":["post-246340","page","type-page","status-publish","hentry"],"_links":{"self":[{"href":"https:\/\/museros.org\/inici\/wp-json\/wp\/v2\/pages\/246340","targetHints":{"allow":["GET"]}}],"collection":[{"href":"https:\/\/museros.org\/inici\/wp-json\/wp\/v2\/pages"}],"about":[{"href":"https:\/\/museros.org\/inici\/wp-json\/wp\/v2\/types\/page"}],"author":[{"embeddable":true,"href":"https:\/\/museros.org\/inici\/wp-json\/wp\/v2\/users\/8"}],"replies":[{"embeddable":true,"href":"https:\/\/museros.org\/inici\/wp-json\/wp\/v2\/comments?post=246340"}],"version-history":[{"count":37,"href":"https:\/\/museros.org\/inici\/wp-json\/wp\/v2\/pages\/246340\/revisions"}],"predecessor-version":[{"id":266486,"href":"https:\/\/museros.org\/inici\/wp-json\/wp\/v2\/pages\/246340\/revisions\/266486"}],"wp:attachment":[{"href":"https:\/\/museros.org\/inici\/wp-json\/wp\/v2\/media?parent=246340"}],"wp:term":[{"taxonomy":"wf_page_folders","embeddable":true,"href":"https:\/\/museros.org\/inici\/wp-json\/wp\/v2\/wf_page_folders?post=246340"}],"curies":[{"name":"wp","href":"https:\/\/api.w.org\/{rel}","templated":true}]}}