{"id":246197,"date":"2021-08-17T15:29:43","date_gmt":"2021-08-17T15:29:43","guid":{"rendered":"https:\/\/museros.org\/?page_id=246197"},"modified":"2021-08-25T16:36:43","modified_gmt":"2021-08-25T16:36:43","slug":"juliol-musical-2021","status":"publish","type":"page","link":"https:\/\/museros.org\/inici\/juliol-musical-2021\/","title":{"rendered":"Juliol Musical 2021"},"content":{"rendered":"<p>[et_pb_section fb_built=\u00bb1&#8243; _builder_version=\u00bb4.10.4&#8243; _module_preset=\u00bbdefault\u00bb min_height=\u00bb130px\u00bb custom_margin=\u00bb||0px||false|false\u00bb custom_padding=\u00bb0px||0px||false|false\u00bb hover_enabled=\u00bb0&#8243; locked=\u00bboff\u00bb global_colors_info=\u00bb{}\u00bb sticky_enabled=\u00bb0&#8243;][et_pb_row _builder_version=\u00bb4.9.7&#8243; _module_preset=\u00bbdefault\u00bb custom_margin=\u00bb||0px||false|false\u00bb custom_padding=\u00bb0px||0px||false|false\u00bb global_colors_info=\u00bb{}\u00bb][et_pb_column type=\u00bb4_4&#8243; _builder_version=\u00bb4.9.7&#8243; _module_preset=\u00bbdefault\u00bb global_colors_info=\u00bb{}\u00bb][et_pb_image src=\u00bbhttps:\/\/museros.org\/wp-content\/uploads\/2021\/06\/capselera.jpg\u00bb title_text=\u00bbcapselera\u00bb url=\u00bbhttps:\/\/museros.org\/concejalia-de-cultura\u00bb use_overlay=\u00bbon\u00bb overlay_icon_color=\u00bb#E02B20&#8243; hover_overlay_color=\u00bbrgba(255,255,255,0.7)\u00bb hover_icon=\u00bb%%197%%\u00bb src_tablet=\u00bbhttps:\/\/museros.org\/wp-content\/uploads\/2021\/06\/capselera.jpg\u00bb src_phone=\u00bbhttps:\/\/museros.org\/wp-content\/uploads\/2021\/06\/capselera.jpg\u00bb src_last_edited=\u00bbon|phone\u00bb show_bottom_space_tablet=\u00bb\u00bb show_bottom_space_phone=\u00bb\u00bb show_bottom_space_last_edited=\u00bbon|tablet\u00bb align_tablet=\u00bbleft\u00bb align_phone=\u00bbleft\u00bb align_last_edited=\u00bbon|phone\u00bb _builder_version=\u00bb4.9.7&#8243; _module_preset=\u00bbdefault\u00bb width=\u00bb80%\u00bb width_tablet=\u00bb80%\u00bb width_phone=\u00bb100%\u00bb width_last_edited=\u00bbon|tablet\u00bb custom_margin=\u00bb||0px||false|false\u00bb custom_padding=\u00bb||0px||false|false\u00bb global_colors_info=\u00bb{}\u00bb][\/et_pb_image][\/et_pb_column][\/et_pb_row][\/et_pb_section][et_pb_section fb_built=\u00bb1&#8243; _builder_version=\u00bb4.9.7&#8243; _module_preset=\u00bbdefault\u00bb custom_margin=\u00bb||0px||false|false\u00bb custom_padding=\u00bb||0px||false|false\u00bb locked=\u00bboff\u00bb global_colors_info=\u00bb{}\u00bb][et_pb_row column_structure=\u00bb1_3,1_3,1_3&#8243; _builder_version=\u00bb4.9.7&#8243; _module_preset=\u00bbdefault\u00bb custom_margin=\u00bb0px||||false|false\u00bb custom_padding=\u00bb0px||||false|false\u00bb global_colors_info=\u00bb{}\u00bb][et_pb_column type=\u00bb1_3&#8243; _builder_version=\u00bb4.9.7&#8243; _module_preset=\u00bbdefault\u00bb global_colors_info=\u00bb{}\u00bb][et_pb_image src=\u00bbhttps:\/\/museros.org\/wp-content\/uploads\/2021\/06\/composion.jpg\u00bb title_text=\u00bbcomposion\u00bb src_tablet=\u00bbhttps:\/\/museros.org\/wp-content\/uploads\/2021\/06\/composion.jpg\u00bb src_phone=\u00bbhttps:\/\/museros.org\/wp-content\/uploads\/2021\/06\/composion.jpg\u00bb src_last_edited=\u00bbon|phone\u00bb _builder_version=\u00bb4.9.7&#8243; _module_preset=\u00bbdefault\u00bb width=\u00bb100%\u00bb width_tablet=\u00bb40%\u00bb width_phone=\u00bb80%\u00bb width_last_edited=\u00bbon|tablet\u00bb module_alignment=\u00bbleft\u00bb global_colors_info=\u00bb{}\u00bb][\/et_pb_image][\/et_pb_column][et_pb_column type=\u00bb1_3&#8243; _builder_version=\u00bb4.9.7&#8243; _module_preset=\u00bbdefault\u00bb global_colors_info=\u00bb{}\u00bb][et_pb_image src=\u00bbhttps:\/\/museros.org\/wp-content\/uploads\/2021\/06\/2-ensemblebombardins.jpg\u00bb title_text=\u00bb2-ensemblebombardins\u00bb show_bottom_space=\u00bboff\u00bb align=\u00bbcenter\u00bb src_tablet=\u00bbhttps:\/\/museros.org\/wp-content\/uploads\/2021\/06\/2-ensemblebombardins.jpg\u00bb src_phone=\u00bbhttps:\/\/museros.org\/wp-content\/uploads\/2021\/06\/2-ensemblebombardins.jpg\u00bb src_last_edited=\u00bbon|phone\u00bb _builder_version=\u00bb4.9.7&#8243; _module_preset=\u00bbdefault\u00bb custom_margin=\u00bb||25px||false|false\u00bb global_colors_info=\u00bb{}\u00bb][\/et_pb_image][et_pb_text _builder_version=\u00bb4.9.7&#8243; _module_preset=\u00bbdefault\u00bb custom_margin=\u00bb||50px||false|false\u00bb global_colors_info=\u00bb{}\u00bb]<\/p>\n<p>Divendres,<span style=\"color: #008080;\"><strong> 2<\/strong><\/span><br \/><em><span style=\"color: #000080;\"><strong>Entre mons<\/strong><\/span><\/em><br \/><span style=\"color: #808080;\">Ensemble de Bombardins Vicente Costa<\/span><br \/>Lloc: parc de la M\u00fasica<br \/>A les <strong>20.00<\/strong> h \u2022 Duraci\u00f3: <strong>60<\/strong>\u2019<\/p>\n<p>[\/et_pb_text][et_pb_image src=\u00bbhttps:\/\/museros.org\/wp-content\/uploads\/2021\/06\/3-bb-estiu.jpg\u00bb title_text=\u00bb3-bb-estiu\u00bb show_bottom_space=\u00bboff\u00bb src_tablet=\u00bbhttps:\/\/museros.org\/wp-content\/uploads\/2021\/06\/3-bb-estiu.jpg\u00bb src_phone=\u00bbhttps:\/\/museros.org\/wp-content\/uploads\/2021\/06\/3-bb-estiu.jpg\u00bb src_last_edited=\u00bbon|phone\u00bb _builder_version=\u00bb4.9.7&#8243; _module_preset=\u00bbdefault\u00bb custom_margin=\u00bb||22px||false|false\u00bb global_colors_info=\u00bb{}\u00bb][\/et_pb_image][et_pb_text _builder_version=\u00bb4.9.7&#8243; _module_preset=\u00bbdefault\u00bb custom_margin=\u00bb||50px||false|false\u00bb custom_padding=\u00bb||2px|||\u00bb global_colors_info=\u00bb{}\u00bb]<\/p>\n<p>Dissabte,<span style=\"color: #008080;\"><strong> 3<\/strong><\/span><br \/><em><span style=\"color: #000080;\"><strong>Concert a la fresca<\/strong><\/span><br \/><\/em><span style=\"color: #808080;\">Big Band SUMM<\/span><br \/>Lloc: parc de la M\u00fasica<br \/>A les <strong>20.00<\/strong> h<br \/>Duraci\u00f3: <strong>90<\/strong>\u2019<\/p>\n<p>[\/et_pb_text][et_pb_image src=\u00bbhttps:\/\/museros.org\/wp-content\/uploads\/2021\/06\/10-al-compas-del-romani.jpg\u00bb title_text=\u00bb10-al-compas-del-romani\u00bb show_bottom_space=\u00bboff\u00bb src_tablet=\u00bbhttps:\/\/museros.org\/wp-content\/uploads\/2021\/06\/10-al-compas-del-romani.jpg\u00bb src_phone=\u00bbhttps:\/\/museros.org\/wp-content\/uploads\/2021\/06\/10-al-compas-del-romani.jpg\u00bb src_last_edited=\u00bbon|desktop\u00bb _builder_version=\u00bb4.9.7&#8243; _module_preset=\u00bbdefault\u00bb custom_margin=\u00bb||25px||false|false\u00bb global_colors_info=\u00bb{}\u00bb][\/et_pb_image][et_pb_text _builder_version=\u00bb4.9.7&#8243; _module_preset=\u00bbdefault\u00bb custom_margin=\u00bb||50px||false|false\u00bb custom_padding=\u00bb||2px|||\u00bb global_colors_info=\u00bb{}\u00bb]<\/p>\n<p>Dissabte,<span style=\"color: #008080;\"><strong> 10<\/strong><\/span><br \/><em><span style=\"color: #000080;\"><strong>Al comp\u00e0s del roman\u00ed<\/strong><\/span><\/em><br \/><span style=\"color: #808080;\">En Clave de Clot<\/span><br \/>Lloc: CEIP Blasco Ib\u00e1\u00f1ez<br \/>A les <strong>22.30<\/strong> h<br \/>Duraci\u00f3: <strong>90<\/strong>\u2019<\/p>\n<p>[\/et_pb_text][\/et_pb_column][et_pb_column type=\u00bb1_3&#8243; _builder_version=\u00bb4.9.7&#8243; _module_preset=\u00bbdefault\u00bb global_colors_info=\u00bb{}\u00bb][et_pb_image src=\u00bbhttps:\/\/museros.org\/wp-content\/uploads\/2021\/06\/17-guajiro-sax.jpg\u00bb title_text=\u00bb17-guajiro-sax\u00bb show_bottom_space=\u00bboff\u00bb src_tablet=\u00bbhttps:\/\/museros.org\/wp-content\/uploads\/2021\/06\/17-guajiro-sax.jpg\u00bb src_phone=\u00bb\u00bb src_last_edited=\u00bbon|desktop\u00bb _builder_version=\u00bb4.9.7&#8243; _module_preset=\u00bbdefault\u00bb custom_margin=\u00bb||25px||false|false\u00bb global_colors_info=\u00bb{}\u00bb][\/et_pb_image][et_pb_text _builder_version=\u00bb4.9.7&#8243; _module_preset=\u00bbdefault\u00bb custom_margin=\u00bb||50px||false|false\u00bb custom_padding=\u00bb||||false|false\u00bb global_colors_info=\u00bb{}\u00bb]<\/p>\n<p>Dissabte,<span style=\"color: #008080;\"><strong> 17<\/strong><\/span><br \/><em><span style=\"color: #000080;\"><strong>Latin jazz<\/strong><\/span><\/em><br \/><span style=\"color: #808080;\">Guajiro\u2019s Sax<\/span><br \/>Lloc: CEIP Blasco Ib\u00e1\u00f1ez<br \/>A les <strong>20.30<\/strong> h<br \/>Duraci\u00f3: <strong>90<\/strong>\u2019<\/p>\n<p>[\/et_pb_text][et_pb_image src=\u00bbhttps:\/\/museros.org\/wp-content\/uploads\/2021\/06\/23-de-canc\u0327ons-i-de-llunes.jpg\u00bb title_text=\u00bb23-de-canc\u0327ons-i-de-llunes\u00bb show_bottom_space=\u00bboff\u00bb src_tablet=\u00bbhttps:\/\/museros.org\/wp-content\/uploads\/2021\/06\/23-de-canc\u0327ons-i-de-llunes.jpg\u00bb src_phone=\u00bb\u00bb src_last_edited=\u00bbon|desktop\u00bb _builder_version=\u00bb4.9.7&#8243; _module_preset=\u00bbdefault\u00bb custom_margin=\u00bb||25px||false|false\u00bb global_colors_info=\u00bb{}\u00bb][\/et_pb_image][et_pb_text _builder_version=\u00bb4.9.7&#8243; _module_preset=\u00bbdefault\u00bb custom_margin=\u00bb||50px||false|false\u00bb custom_padding=\u00bb||2px|||\u00bb global_colors_info=\u00bb{}\u00bb]<\/p>\n<p>Divendres,<span style=\"color: #008080;\"><strong> 23<\/strong><\/span><br \/><em><span style=\"color: #000080;\"><strong>De can\u00e7ons i de llunes<\/strong><\/span><\/em><br \/><span style=\"color: #808080;\">Ester And\u00fajar, Ricardo Belda i Rafael Hammerlinck<\/span><br \/>Lloc: jardins de l\u2019ermita<br \/>A les <strong>20.30<\/strong> h<br \/>Duraci\u00f3: <strong>90<\/strong>\u2019<\/p>\n<p>[\/et_pb_text][et_pb_image src=\u00bbhttps:\/\/museros.org\/wp-content\/uploads\/2021\/06\/24-distopia.jpg\u00bb title_text=\u00bb24-distopia\u00bb show_bottom_space=\u00bboff\u00bb src_tablet=\u00bbhttps:\/\/museros.org\/wp-content\/uploads\/2021\/06\/24-distopia.jpg\u00bb src_phone=\u00bb\u00bb src_last_edited=\u00bbon|phone\u00bb _builder_version=\u00bb4.9.7&#8243; _module_preset=\u00bbdefault\u00bb custom_margin=\u00bb||25px||false|false\u00bb global_colors_info=\u00bb{}\u00bb][\/et_pb_image][et_pb_text _builder_version=\u00bb4.9.7&#8243; _module_preset=\u00bbdefault\u00bb custom_margin=\u00bb||0px||false|false\u00bb custom_padding=\u00bb||2px|||\u00bb global_colors_info=\u00bb{}\u00bb]<\/p>\n<p><strong>0<\/strong>Dissabte,<span style=\"color: #008080;\"><strong> 24<\/strong><\/span><br \/><em><span style=\"color: #000080;\"><strong>Distopia<\/strong><\/span><\/em><br \/><span style=\"color: #808080;\">Borumbaia Percussi\u00f3<\/span><br \/>Lloc: CEIP Blasco Ib\u00e1\u00f1ez<br \/>A les <strong>22<\/strong><strong>.30<\/strong> h<br \/>Duraci\u00f3: <strong>60<\/strong>\u2019<\/p>\n<p>[\/et_pb_text][\/et_pb_column][\/et_pb_row][\/et_pb_section][et_pb_section fb_built=\u00bb1&#8243; _builder_version=\u00bb4.9.7&#8243; _module_preset=\u00bbdefault\u00bb custom_margin=\u00bb0px||0px||false|false\u00bb custom_padding=\u00bb0px||0px||false|false\u00bb locked=\u00bboff\u00bb global_colors_info=\u00bb{}\u00bb][et_pb_row _builder_version=\u00bb4.9.7&#8243; _module_preset=\u00bbdefault\u00bb global_colors_info=\u00bb{}\u00bb][et_pb_column type=\u00bb4_4&#8243; _builder_version=\u00bb4.9.7&#8243; _module_preset=\u00bbdefault\u00bb global_colors_info=\u00bb{}\u00bb][et_pb_text _builder_version=\u00bb4.9.7&#8243; _module_preset=\u00bbdefault\u00bb global_colors_info=\u00bb{}\u00bb]<\/p>\n<p><span style=\"color: #000000;\"><strong>Entrada gratu\u00efta<\/strong><\/span><br \/><span style=\"color: #008080;\"><strong>RECOLLIDA D\u2019ENTRADES<\/strong><\/span><br \/><strong>Taquilla de la Casa de Cultura<\/strong>:<br \/>de<strong> mat\u00ed<\/strong>, de dilluns a dijous, de <strong>10.30<\/strong> h a <strong>13.30<\/strong> h, i de <strong>vesprada<\/strong>, dilluns i dijous, de<strong> 17.30<\/strong> h a <strong>19.30<\/strong> h.<\/p>\n<p><strong>En el lloc de l\u2019actuaci\u00f3<\/strong>: venda d\u2019entrades en taquilla <strong>una hora abans<\/strong> de comen\u00e7ar l\u2019espectacle.<\/p>\n<p><strong>En l\u00ednia per Servientrada<\/strong>: <a href=\"http:\/\/agendamuseros.com\" target=\"_blank\" rel=\"noopener\">agendamuseros.com<\/a><\/p>\n<p>[\/et_pb_text][\/et_pb_column][\/et_pb_row][et_pb_row _builder_version=\u00bb4.9.7&#8243; _module_preset=\u00bbdefault\u00bb global_colors_info=\u00bb{}\u00bb][et_pb_column type=\u00bb4_4&#8243; _builder_version=\u00bb4.9.7&#8243; _module_preset=\u00bbdefault\u00bb global_colors_info=\u00bb{}\u00bb][et_pb_divider color=\u00bb#E02B20&#8243; divider_weight=\u00bb4px\u00bb _builder_version=\u00bb4.9.7&#8243; _module_preset=\u00bbdefault\u00bb global_colors_info=\u00bb{}\u00bb][\/et_pb_divider][\/et_pb_column][\/et_pb_row][\/et_pb_section]<\/p>\n","protected":false},"excerpt":{"rendered":"<p>Divendres, 2Entre monsEnsemble de Bombardins Vicente CostaLloc: parc de la M\u00fasicaA les 20.00 h \u2022 Duraci\u00f3: 60\u2019Dissabte, 3Concert a la frescaBig Band SUMMLloc: parc de la M\u00fasicaA les 20.00 hDuraci\u00f3: 90\u2019Dissabte, 10Al comp\u00e0s del roman\u00edEn Clave de ClotLloc: CEIP Blasco Ib\u00e1\u00f1ezA les 22.30 hDuraci\u00f3: 90\u2019Dissabte, 17Latin jazzGuajiro\u2019s SaxLloc: CEIP Blasco Ib\u00e1\u00f1ezA les 20.30 hDuraci\u00f3: 90\u2019Divendres, [&hellip;]<\/p>\n","protected":false},"author":8,"featured_media":0,"parent":0,"menu_order":0,"comment_status":"closed","ping_status":"closed","template":"","meta":{"_et_pb_use_builder":"on","_et_pb_old_content":"","_et_gb_content_width":"","_mc_calendar":[],"footnotes":""},"wf_page_folders":[995],"class_list":["post-246197","page","type-page","status-publish","hentry"],"_links":{"self":[{"href":"https:\/\/museros.org\/inici\/wp-json\/wp\/v2\/pages\/246197","targetHints":{"allow":["GET"]}}],"collection":[{"href":"https:\/\/museros.org\/inici\/wp-json\/wp\/v2\/pages"}],"about":[{"href":"https:\/\/museros.org\/inici\/wp-json\/wp\/v2\/types\/page"}],"author":[{"embeddable":true,"href":"https:\/\/museros.org\/inici\/wp-json\/wp\/v2\/users\/8"}],"replies":[{"embeddable":true,"href":"https:\/\/museros.org\/inici\/wp-json\/wp\/v2\/comments?post=246197"}],"version-history":[{"count":5,"href":"https:\/\/museros.org\/inici\/wp-json\/wp\/v2\/pages\/246197\/revisions"}],"predecessor-version":[{"id":247507,"href":"https:\/\/museros.org\/inici\/wp-json\/wp\/v2\/pages\/246197\/revisions\/247507"}],"wp:attachment":[{"href":"https:\/\/museros.org\/inici\/wp-json\/wp\/v2\/media?parent=246197"}],"wp:term":[{"taxonomy":"wf_page_folders","embeddable":true,"href":"https:\/\/museros.org\/inici\/wp-json\/wp\/v2\/wf_page_folders?post=246197"}],"curies":[{"name":"wp","href":"https:\/\/api.w.org\/{rel}","templated":true}]}}