{"id":245920,"date":"2021-08-16T10:19:17","date_gmt":"2021-08-16T10:19:17","guid":{"rendered":"https:\/\/museros.org\/?page_id=245920"},"modified":"2022-04-16T15:15:10","modified_gmt":"2022-04-16T15:15:10","slug":"accions-de-formacio","status":"publish","type":"page","link":"https:\/\/museros.org\/inici\/accions-de-formacio\/","title":{"rendered":"Accions de formaci\u00f3"},"content":{"rendered":"<p>[et_pb_section fb_built=\u00bb1&#8243; _builder_version=\u00bb4.16&#8243; _module_preset=\u00bbdefault\u00bb custom_padding=\u00bb0px||||false|false\u00bb locked=\u00bboff\u00bb global_colors_info=\u00bb{}\u00bb][et_pb_row column_structure=\u00bb1_4,3_4&#8243; _builder_version=\u00bb4.16&#8243; _module_preset=\u00bbdefault\u00bb custom_padding=\u00bb0px||||false|false\u00bb global_colors_info=\u00bb{}\u00bb][et_pb_column type=\u00bb1_4&#8243; _builder_version=\u00bb4.16&#8243; _module_preset=\u00bbdefault\u00bb global_colors_info=\u00bb{}\u00bb][et_pb_image src=\u00bbhttps:\/\/museros.org\/wp-content\/uploads\/2021\/08\/logo-accions-200&#215;160-1.jpg\u00bb title_text=\u00bblogo-accions-200&#215;160&#8243; url=\u00bbhttps:\/\/museros.org\/ca\/aodl\u00bb use_overlay=\u00bbon\u00bb overlay_icon_color=\u00bb#E02B20&#8243; hover_overlay_color=\u00bbrgba(255,255,255,0.7)\u00bb hover_icon=\u00bb&#xe04d;||divi||400&#8243; align=\u00bbcenter\u00bb _builder_version=\u00bb4.16&#8243; _module_preset=\u00bbdefault\u00bb width=\u00bb100%\u00bb custom_margin=\u00bb0px||0px||false|false\u00bb custom_padding=\u00bb0px||0px||false|false\u00bb global_colors_info=\u00bb{}\u00bb][\/et_pb_image][\/et_pb_column][et_pb_column type=\u00bb3_4&#8243; _builder_version=\u00bb4.16&#8243; _module_preset=\u00bbdefault\u00bb global_colors_info=\u00bb{}\u00bb][et_pb_text _builder_version=\u00bb4.16&#8243; _module_preset=\u00bbdefault\u00bb global_colors_info=\u00bb{}\u00bb]<\/p>\n<h1>Accions de formaci\u00f3<\/h1>\n<p>[\/et_pb_text][et_pb_text _builder_version=\u00bb4.16&#8243; _module_preset=\u00bbdefault\u00bb global_colors_info=\u00bb{}\u00bb]<\/p>\n<p>&#8211; <strong>Formaci\u00f3<\/strong> professional ocupacional per a persones en atur.<\/p>\n<p>&#8211; <strong>Formaci\u00f3<\/strong> cont\u00ednua per a persones ocupades, de la qual s&#8217;ofereix informaci\u00f3 sobre els possibles cursos i centres de formaci\u00f3.<\/p>\n<p>&#8211; <strong>Organitzaci\u00f3<\/strong> de confer\u00e8ncies i tallers.<\/p>\n<p>&#8211; <strong>Suport<\/strong> a la creaci\u00f3 d&#8217;empreses: atenci\u00f3 de consultes puntuals de promotors sobre formes jur\u00eddiques, tr\u00e0mits legals i ajudes per a la creaci\u00f3 d&#8217;empreses.<\/p>\n<p>&#8211; <strong>Acompanyament<\/strong> a PIMES industrials i comercials: informaci\u00f3 i assessorament sobre els programes d&#8217;ajuda de l&#8217;Administraci\u00f3 auton\u00f2mica, estatal i comunit\u00e0ria.<\/p>\n<p>&#8211; <strong>Promoci\u00f3<\/strong> de la inserci\u00f3 laboral dels aturats, especialment els col\u00b7lectius m\u00e9s desfavorits, a trav\u00e9s d&#8217;ocupaci\u00f3 p\u00fablica.<\/p>\n<p>&#8211; <strong>Participaci\u00f3<\/strong> en el Pacte territorial per a l&#8217;ocupaci\u00f3, Pactem Nord, que t\u00e9 com a objectius:<\/p>\n<p>&#8211; <strong>Con\u00e9ixer <\/strong>la realitat socioecon\u00f2mica dels municipis signants; la situaci\u00f3 i tend\u00e8ncies del mercat de treball; les noves oportunitats per a la creaci\u00f3 d&#8217;ocupaci\u00f3; les manques i necessitats per a la creaci\u00f3 i el desenvolupament de les empreses, i les millors pr\u00e0ctiques per a la inserci\u00f3 laboral dels col\u00b7lectius m\u00e9s desfavorits.<\/p>\n<p>&#8211; <strong>Coordinar<\/strong> les diverses pol\u00edtiques i programes de formaci\u00f3 i promoci\u00f3 de l&#8217;\u00fas de les entitats signants, per a millorar l&#8217;efici\u00e8ncia i afavorir la sinergia dels recursos p\u00fablics i privats a ells destinats.<\/p>\n<p>&#8211; <strong>Dissenyar<\/strong>, planificar i posar en marxa tota mena d&#8217;accions, programes i projectes conjunts dirigits a la creaci\u00f3 d&#8217;ocupaci\u00f3, a la inserci\u00f3 laboral de les persones desocupades, al foment de la iniciativa empresarial i al desenvolupament de les petites i mitjanes empreses dels municipis afectats.<\/p>\n<p>&#8211; <strong>Compartir<\/strong> metodologies d&#8217;intervenci\u00f3, experi\u00e8ncies i recursos per a la creaci\u00f3 d&#8217;ocupaci\u00f3, aix\u00ed com la informaci\u00f3 disponible sobre els sectors econ\u00f2mics i el mercat de treball.<\/p>\n<p>&#8211; <strong>Promocionar<\/strong>, en l&#8217;\u00e0mbit del territori afectat, els diferents programes, l\u00ednies d&#8217;acci\u00f3 i ajudes de la Generalitat Valenciana i de la Uni\u00f3 Europea, per a la creaci\u00f3 d&#8217;ocupaci\u00f3 i per al desenvolupament empresarial.<\/p>\n<p>[\/et_pb_text][et_pb_divider color=\u00bb#999999&#8243; divider_style=\u00bbdotted\u00bb divider_weight=\u00bb7px\u00bb _builder_version=\u00bb4.16&#8243; _module_preset=\u00bbdefault\u00bb custom_margin=\u00bb50px||||false|false\u00bb global_colors_info=\u00bb{}\u00bb][\/et_pb_divider][\/et_pb_column][\/et_pb_row][et_pb_row column_structure=\u00bb1_5,1_5,1_5,1_5,1_5&#8243; _builder_version=\u00bb4.16&#8243; _module_preset=\u00bbdefault\u00bb custom_margin=\u00bb-25px||0px||false|false\u00bb custom_padding=\u00bb0px||0px||false|false\u00bb global_colors_info=\u00bb{}\u00bb][et_pb_column type=\u00bb1_5&#8243; _builder_version=\u00bb4.16&#8243; _module_preset=\u00bbdefault\u00bb global_colors_info=\u00bb{}\u00bb][\/et_pb_column][et_pb_column type=\u00bb1_5&#8243; _builder_version=\u00bb4.16&#8243; _module_preset=\u00bbdefault\u00bb global_colors_info=\u00bb{}\u00bb][et_pb_image src=\u00bbhttps:\/\/museros.org\/wp-content\/uploads\/2022\/03\/noticiesocupacio-230&#215;180-1.jpg\u00bb title_text=\u00bbnoticiesocupacio-230&#215;180&#8243; url=\u00bbhttps:\/\/museros.org\/inici\/el-punt-mobil-de-labora-visita-museros\/\u00bb use_overlay=\u00bbon\u00bb overlay_icon_color=\u00bb#E02B20&#8243; hover_overlay_color=\u00bbrgba(255,255,255,0.68)\u00bb hover_icon=\u00bb&#xe04e;||divi||400&#8243; _builder_version=\u00bb4.16&#8243; _module_preset=\u00bbdefault\u00bb custom_margin=\u00bb0px||||false|false\u00bb custom_padding=\u00bb0px||||false|false\u00bb locked=\u00bboff\u00bb global_colors_info=\u00bb{}\u00bb][\/et_pb_image][\/et_pb_column][et_pb_column type=\u00bb1_5&#8243; _builder_version=\u00bb4.16&#8243; _module_preset=\u00bbdefault\u00bb global_colors_info=\u00bb{}\u00bb][et_pb_image src=\u00bbhttps:\/\/museros.org\/wp-content\/uploads\/2021\/08\/logo-borsadocp-200&#215;160-1.jpg\u00bb title_text=\u00bblogo-borsadocp-200&#215;160&#8243; url=\u00bbhttps:\/\/museros.org\/ca\/borsa-docupacio\u00bb use_overlay=\u00bbon\u00bb overlay_icon_color=\u00bb#E02B20&#8243; hover_overlay_color=\u00bbrgba(255,255,255,0.7)\u00bb hover_icon=\u00bb&#xe04e;||divi||400&#8243; align=\u00bbcenter\u00bb admin_label=\u00bbImage\u00bb _builder_version=\u00bb4.16&#8243; _module_preset=\u00bbdefault\u00bb width=\u00bb100%\u00bb module_alignment=\u00bbcenter\u00bb global_colors_info=\u00bb{}\u00bb][\/et_pb_image][\/et_pb_column][et_pb_column type=\u00bb1_5&#8243; _builder_version=\u00bb4.16&#8243; _module_preset=\u00bbdefault\u00bb global_colors_info=\u00bb{}\u00bb][et_pb_image src=\u00bbhttps:\/\/museros.org\/wp-content\/uploads\/2021\/08\/logo-tallers-200&#215;160-1.jpg\u00bb title_text=\u00bblogo-tallers-200&#215;160&#8243; url=\u00bbhttps:\/\/museros.org\/ca\/tallers-i-cursos\u00bb use_overlay=\u00bbon\u00bb overlay_icon_color=\u00bb#E02B20&#8243; hover_overlay_color=\u00bbrgba(255,255,255,0.7)\u00bb hover_icon=\u00bb&#xe04e;||divi||400&#8243; align=\u00bbcenter\u00bb _builder_version=\u00bb4.16&#8243; _module_preset=\u00bbdefault\u00bb width=\u00bb100%\u00bb module_alignment=\u00bbcenter\u00bb global_colors_info=\u00bb{}\u00bb][\/et_pb_image][\/et_pb_column][et_pb_column type=\u00bb1_5&#8243; _builder_version=\u00bb4.16&#8243; _module_preset=\u00bbdefault\u00bb global_colors_info=\u00bb{}\u00bb][et_pb_image src=\u00bbhttps:\/\/museros.org\/wp-content\/uploads\/2021\/08\/logo-pactemnord.jpg\u00bb title_text=\u00bblogo-pactemnord\u00bb url=\u00bbhttps:\/\/www.consorci.info\/\u00bb url_new_window=\u00bbon\u00bb use_overlay=\u00bbon\u00bb overlay_icon_color=\u00bb#E02B20&#8243; hover_overlay_color=\u00bbrgba(255,255,255,0.7)\u00bb hover_icon=\u00bb&#xe04e;||divi||400&#8243; align=\u00bbcenter\u00bb _builder_version=\u00bb4.16&#8243; _module_preset=\u00bbdefault\u00bb width=\u00bb100%\u00bb width_tablet=\u00bb\u00bb width_phone=\u00bb\u00bb width_last_edited=\u00bbon|phone\u00bb module_alignment=\u00bbcenter\u00bb custom_margin=\u00bb0px||0px||false|false\u00bb custom_padding=\u00bb0px||0px||false|false\u00bb global_colors_info=\u00bb{}\u00bb][\/et_pb_image][\/et_pb_column][\/et_pb_row][et_pb_row _builder_version=\u00bb4.16&#8243; _module_preset=\u00bbdefault\u00bb global_colors_info=\u00bb{}\u00bb][et_pb_column type=\u00bb4_4&#8243; _builder_version=\u00bb4.16&#8243; _module_preset=\u00bbdefault\u00bb global_colors_info=\u00bb{}\u00bb][et_pb_divider color=\u00bb#E02B20&#8243; divider_weight=\u00bb4px\u00bb _builder_version=\u00bb4.16&#8243; _module_preset=\u00bbdefault\u00bb global_colors_info=\u00bb{}\u00bb][\/et_pb_divider][\/et_pb_column][\/et_pb_row][\/et_pb_section]<\/p>\n","protected":false},"excerpt":{"rendered":"<p>Accions de formaci\u00f3- Formaci\u00f3 professional ocupacional per a persones en atur. &#8211; Formaci\u00f3 cont\u00ednua per a persones ocupades, de la qual s&#8217;ofereix informaci\u00f3 sobre els possibles cursos i centres de formaci\u00f3. &#8211; Organitzaci\u00f3 de confer\u00e8ncies i tallers. &#8211; Suport a la creaci\u00f3 d&#8217;empreses: atenci\u00f3 de consultes puntuals de promotors sobre formes jur\u00eddiques, tr\u00e0mits legals i [&hellip;]<\/p>\n","protected":false},"author":8,"featured_media":0,"parent":0,"menu_order":0,"comment_status":"closed","ping_status":"closed","template":"","meta":{"_et_pb_use_builder":"on","_et_pb_old_content":"","_et_gb_content_width":"","_mc_calendar":[],"footnotes":""},"wf_page_folders":[157],"class_list":["post-245920","page","type-page","status-publish","hentry"],"_links":{"self":[{"href":"https:\/\/museros.org\/inici\/wp-json\/wp\/v2\/pages\/245920","targetHints":{"allow":["GET"]}}],"collection":[{"href":"https:\/\/museros.org\/inici\/wp-json\/wp\/v2\/pages"}],"about":[{"href":"https:\/\/museros.org\/inici\/wp-json\/wp\/v2\/types\/page"}],"author":[{"embeddable":true,"href":"https:\/\/museros.org\/inici\/wp-json\/wp\/v2\/users\/8"}],"replies":[{"embeddable":true,"href":"https:\/\/museros.org\/inici\/wp-json\/wp\/v2\/comments?post=245920"}],"version-history":[{"count":19,"href":"https:\/\/museros.org\/inici\/wp-json\/wp\/v2\/pages\/245920\/revisions"}],"predecessor-version":[{"id":258107,"href":"https:\/\/museros.org\/inici\/wp-json\/wp\/v2\/pages\/245920\/revisions\/258107"}],"wp:attachment":[{"href":"https:\/\/museros.org\/inici\/wp-json\/wp\/v2\/media?parent=245920"}],"wp:term":[{"taxonomy":"wf_page_folders","embeddable":true,"href":"https:\/\/museros.org\/inici\/wp-json\/wp\/v2\/wf_page_folders?post=245920"}],"curies":[{"name":"wp","href":"https:\/\/api.w.org\/{rel}","templated":true}]}}