{"id":245852,"date":"2021-08-16T08:01:12","date_gmt":"2021-08-16T08:01:12","guid":{"rendered":"https:\/\/museros.org\/?page_id=245852"},"modified":"2023-12-06T07:42:29","modified_gmt":"2023-12-06T07:42:29","slug":"politica-de-privacitat-2","status":"publish","type":"page","link":"https:\/\/museros.org\/inici\/politica-de-privacitat-2\/","title":{"rendered":"Pol\u00edtica de privacitat"},"content":{"rendered":"<p>[et_pb_section fb_built=\u00bb1&#8243; _builder_version=\u00bb4.16&#8243; _module_preset=\u00bbdefault\u00bb custom_padding=\u00bb0px||||false|false\u00bb locked=\u00bboff\u00bb global_colors_info=\u00bb{}\u00bb][et_pb_row _builder_version=\u00bb4.23.1&#8243; _module_preset=\u00bbdefault\u00bb custom_margin=\u00bb40px||||false|false\u00bb custom_padding=\u00bb0px||||false|false\u00bb global_colors_info=\u00bb{}\u00bb][et_pb_column type=\u00bb4_4&#8243; _builder_version=\u00bb4.16&#8243; _module_preset=\u00bbdefault\u00bb global_colors_info=\u00bb{}\u00bb][et_pb_text _builder_version=\u00bb4.23.1&#8243; _module_preset=\u00bbdefault\u00bb hover_enabled=\u00bb0&#8243; global_colors_info=\u00bb{}\u00bb sticky_enabled=\u00bb0&#8243;]<\/p>\n<p>D&#8217;acord amb l&#8217;article 10 de la Llei 34\/2002, d&#8217;11 de juliol, de Serveis de la Societat de la Informaci\u00f3 i Comer\u00e7 Electr\u00f2nic, posem en el seu coneixement que Ajuntament de Museros, amb C.I.F. P4617900H i domicili en Pla\u00e7a del Castell 1 &#8211; 46136 Museros \u00e9s l&#8217;encarregada de la gesti\u00f3 i funcionament de la web www.museros.org i l&#8217;aplicaci\u00f3 Reserva Paellers Museros.<\/p>\n<p>Si desitja contactar amb nosaltres pot fer-ho mitjan\u00e7ant correu postal a l&#8217;adre\u00e7a indicada m\u00e9s amunt o b\u00e9 a trav\u00e9s del correu electr\u00f2nic <a href=\"mailto:museros@museros.es\">museros@museros.es<\/a><\/p>\n<p>L&#8217;acc\u00e9s al nostre domini pot realitzar-se directament o a trav\u00e9s de qualsevol redirecci\u00f3 existent, com \u00e9s el cas de museros.es, ayunt-museros.com i ajunt-museros.com, sent la Pol\u00edtica de Privacitat aplicable esta mateixa.<\/p>\n<p>&nbsp;<\/p>\n<h1>POL\u00cdTICA DE PRIVACITAT<\/h1>\n<p>Esta Pol\u00edtica de Privacitat descriu el mode en qu\u00e8 tractem les seues dades personals (per ex. recollida, \u00fas, comunicaci\u00f3, conservaci\u00f3 i protecci\u00f3 de la seua informaci\u00f3 personal) i proporciona informaci\u00f3 sobre els seus drets com a interessat\/a.<\/p>\n<p><strong>Ajuntament de Museros<\/strong> \u00e9s el responsable del tractament, aix\u00ed com de la recollida, \u00fas, comunicaci\u00f3, conservaci\u00f3 i protecci\u00f3 de les seues dades personals, d&#8217;acord amb el Reglament General de Protecci\u00f3 de Dades, regles i pol\u00edtiques internes o qualsevol normativa nacional aplicable.<\/p>\n<p>En compliment de la Llei org\u00e0nica 3\/2018 de 5 de desembre, de Protecci\u00f3 de Dades Personals i Garantia dels Drets Digitals (LOPDGDD), aix\u00ed com el Reglament General (UE) 2016\/679 del Parlament Europeu i del Consell de 27 d&#8217;Abril de 2016, per mitj\u00e0 del present document, <strong>Ajuntament de Museros<\/strong> informa:<\/p>\n<p><span style=\"text-decoration: underline;\"><strong>Identitat i dades de contacte del Responsable<\/strong><\/span><\/p>\n<p>La nostra informaci\u00f3 identificativa:<\/p>\n<p><strong>Ajuntament de Museros<\/strong><\/p>\n<p>Pot contactar amb nosaltres<\/p>\n<ul>\n<li>Per correu postal: Pla\u00e7a del Castell 1 &#8211; 46136 Museros<\/li>\n<li>Per correu electr\u00f2nic: <a href=\"mailto:museros@museros.es\">museros@museros.es<\/a><\/li>\n<li>Per tel\u00e8fon: 961441680<\/li>\n<li>P\u00e0gina web: <a href=\"http:\/\/www.museros.es\">museros.es<\/a><\/li>\n<\/ul>\n<p>L&#8217;informem que de conformitat amb el RGPD en el seu article 37.1 recull l&#8217;obligatorietat de la designaci\u00f3 d&#8217;un Delegat de Protecci\u00f3 de Dades al qual podr\u00e0 dirigir-se per correu electr\u00f2nic o b\u00e9 per tel\u00e8fon i davant el qual podr\u00e0 dirigir totes les q\u00fcestions, dubtes, suggeriments o per a l&#8217;exercici dels seus drets a l&#8217;empara del present Reglament quant al tractament de les seues dades personals.<\/p>\n<p>Dades del nostre DPO:<\/p>\n<ul>\n<li>Caler Consultores, S.L.<\/li>\n<li>dpo@museros.es<\/li>\n<\/ul>\n<p><strong><u>Categories de dades personals<\/u><\/strong><\/p>\n<p>Tractem les seg\u00fcents categories de dades personals:<\/p>\n<ul>\n<li><strong>Dades identificatives<\/strong>\u2013 nom i cognoms, DNI o equivalent.<\/li>\n<li><strong>Dades de contacte<\/strong>\u2013 correu electr\u00f2nic, n\u00famero de tel\u00e8fon i adre\u00e7a.<\/li>\n<li><strong>Dades digitals<\/strong> \u2013cookies, adre\u00e7a IP, p\u00e0gines webs i xarxes socials i altres dades accessibles p\u00fablicament en Internet, etc.<\/li>\n<li><strong>Dades municipals <\/strong>\u2013 dades com a ve\u00ed de Museros.<\/li>\n<li><strong>Altres dades necess\u00e0ries per al tractament &#8211;\u00a0<\/strong>per a m\u00e9s informaci\u00f3 sobre la categoria de dades personals en el desenvolupament de la nostra Activitat, pot consultar el nostre Registre d&#8217;Activitats.<\/li>\n<\/ul>\n<p><strong><u>Com recollim les seues dades?<\/u><\/strong><\/p>\n<p><strong><\/strong>Recollim informaci\u00f3 sobre vost\u00e9 de les seg\u00fcents fonts:<\/p>\n<p>Des de la nostra web:<\/p>\n<ul>\n<li>A trav\u00e9s de formularis presents en la nostra web com per exemple el OMAC en l\u00ednia.<\/li>\n<\/ul>\n<p>Des d&#8217;altres fonts d&#8217;internet:<\/p>\n<ul>\n<li>A trav\u00e9s de les nostres xarxes socials.<\/li>\n<li>A trav\u00e9s del correu electr\u00f2nic a Prove\u00efdors amb els quals ja ha existit una relaci\u00f3 comercial pr\u00e8via.<\/li>\n<li>A trav\u00e9s del correu electr\u00f2nic a interessats sense relaci\u00f3 comercial dels quals encara no tenim el consentiment expl\u00edcit.<\/li>\n<li>A trav\u00e9s del correu electr\u00f2nic a Interessats dels quals disposem el consentiment a trav\u00e9s dels diferents formularis de contacte.<\/li>\n<\/ul>\n<p>Des de la nostra aplicaci\u00f3:<\/p>\n<ul>\n<li>A trav\u00e9s del formulari de Registre de l&#8217;APP.<\/li>\n<\/ul>\n<p>Des d&#8217;altres fonts:<\/p>\n<ul>\n<li>A trav\u00e9s dels diferents canals de comunicaci\u00f3 de l&#8217;Ajuntament.<\/li>\n<li>De les nostres bases de dades internes.<\/li>\n<li>Sol\u00b7licituds presentades en format electr\u00f2nic o entregades personalment a l&#8217;ajuntament relacionades amb els serveis municipals disponibles com la piscina.<\/li>\n<li>A trav\u00e9s del nostre registre d&#8217;entrada.<\/li>\n<li>Padr\u00f3 municipal d&#8217;habitants.<\/li>\n<li>Sol\u00b7licituds de Subvencions i Ajudes.<\/li>\n<li>Sol\u00b7licituds d&#8217;Obres i Llic\u00e8ncies.<\/li>\n<li>Inscripcions en Borses de treball.<\/li>\n<li>\u00das de la Biblioteca municipal.<\/li>\n<\/ul>\n<p>Per a m\u00e9s informaci\u00f3 sobre els diferents mecanismes de recollides de dades en el desenvolupament de la nostra activitat, pot consultar el nostre Registre d&#8217;Activitats.<\/p>\n<p><strong>Quant temps conservem les seues dades? (Termini de Conservaci\u00f3)<\/strong><\/p>\n<p>Les dades seran conservades mentre existisca una relaci\u00f3 comercial, contractual o professional amb l&#8217;interessat\/a i posteriorment durant els anys necessaris per a complir amb les obligacions legals corresponents en cada cas. Sense perjudici de l&#8217;anterior, es conservaran mentre siguen necessaris per al tractament i l&#8217;interessat\/a no sol\u00b7licite la seua supressi\u00f3.<\/p>\n<p>Quant a les dades de car\u00e0cter laboral o relacionats amb la seguretat social, documentaci\u00f3 o els registres o suports inform\u00e0tics en qu\u00e8 s&#8217;hagen transm\u00e9s les corresponents dades que acrediten el compliment de les obligacions en mat\u00e8ria d&#8217;afiliaci\u00f3, altes, baixes o variacions que, si \u00e9s el cas, es produ\u00efren en relaci\u00f3 amb aquestes mat\u00e8ries, aix\u00ed com els documents de cotitzaci\u00f3 i els rebuts justificatius del pagament de salaris i del pagament delegat de prestacions, segons l&#8217;Article 21 del Reial decret legislatiu 5\/2000, de 4 d&#8217;agost, pel qual s&#8217;aprova el text ref\u00f3s de la Llei sobre Infraccions i Sancions en l&#8217;Ordre Social, la seua conservaci\u00f3 ser\u00e0 de 4 anys.<\/p>\n<p>Quant a Documentaci\u00f3 comptable i fiscal, a efectes fiscals, els llibres de comptabilitat i altres llibres registres obligatoris segons la normativa tribut\u00e0ria que procedisca (IRPF, IVA, IS, etc), aix\u00ed com els suports documentals que justifiquen les anotacions registrades en els llibres (inclosos els programes i arxius inform\u00e0tics i qualsevol altre justificant que tinga transcend\u00e8ncia fiscal), han de conservar-se, almenys, durant el per\u00edode en qu\u00e8 l&#8217;Administraci\u00f3 t\u00e9 dret a comprovar i investigar i en conseq\u00fc\u00e8ncia, a liquidar deute tributari, segons els Articles del 66 al 70 de la Llei General Tribut\u00e0ria, ser\u00e0 de 4 anys.<\/p>\n<p>Quant a Documentaci\u00f3 comptable i fiscal, a efectes mercantils, llibres, correspond\u00e8ncia, documentaci\u00f3 i justificants concernents al seu negoci, degudament ordenats a partir de l&#8217;\u00faltim seient realitzat en els llibres, excepte el que s&#8217;establisca per disposicions generals o especials (Esta obligaci\u00f3 mercantil s&#8217;est\u00e9n tant als llibres obligatoris (ingressos, despeses, b\u00e9ns d&#8217;inversi\u00f3 i provisions a m\u00e9s de la documentaci\u00f3 i justificants en qu\u00e8 se suporten les anotacions registrades en els llibres (factures emeses i rebudes, tiquets, factures rectificatives, documents bancaris, etc), segons l&#8217;Article 30 del Codi de Comer\u00e7, ser\u00e0 de 6 anys.<\/p>\n<p>Els conjunts documentals que constitueixen els arxius de les administracions locals tenen la categoria de patrimoni des del moment en qu\u00e8 la llei 16\/1985 de Patrimoni Hist\u00f2ric Espanyol (Art. 46 i 149.1.28a. CE i Art. 25.2 LBRL i art. 42.2.e) Llei 7\/99 en parlar de \u201cpatrimoni historicoart\u00edstic\u201d) estableix en el seu article 49.2 que \u201cformen part del Patrimoni Documental els documents de qualsevol \u00e8poca generats, conservats o reunits en l&#8217;exercici de la seua funci\u00f3 per qualsevol organisme o entitat de car\u00e0cter p\u00fablic\u201d (incloses, per tant les Entitats Locals).<\/p>\n<p>S&#8217;aplicar\u00e0 la normativa d&#8217;arxiu i documentaci\u00f3 pr\u00f2pia de l&#8217;ajuntament.<\/p>\n<p>Per a m\u00e9s informaci\u00f3 sobre la conservaci\u00f3 de les dades en el desenvolupament de la nostra activitat, pot consultar el nostre Registre d&#8217;Activitats.<\/p>\n<p><strong>A qui cedim les seues dades?<\/strong><\/p>\n<p><strong><\/strong>Depenent de la finalitat del tractament, es podrien cedir les seues dades personals a diferents categories de destinataris:<\/p>\n<ul>\n<li>Col\u00b7laboradors (M\u00fatua encarregada de la vigil\u00e0ncia de la salut, Empresa de Prevenci\u00f3 de Riscos Laborals, Entitats p\u00fabliques o privades externes a l&#8217;Ajuntament per a la correcta prestaci\u00f3 dels seus serveis)<\/li>\n<li>Professionals Externs (Empreses o Aut\u00f2nom amb treball puntual amb acc\u00e9s a dades)<\/li>\n<li>Administracions p\u00fabliques (Tresoreria General de la Seguretat Social, al Servei P\u00fablic d&#8217;Ocupaci\u00f3 Estatal, al Ministeri de Treball, al Ministeri d&#8217;Hisenda, i\/o a les entitats p\u00fabliques, que els utilitzaran en exercici leg\u00edtim de les seues compet\u00e8ncies)<\/li>\n<\/ul>\n<p>De tota manera, cedim les seues dades nom\u00e9s en la mesura en qu\u00e8 siga estrictament necessari i en la forma que es requereix per a dur a terme les finalitats descrites en esta pol\u00edtica de privacitat i \u00fanicament a entitats amb les quals hem signat acords protegint els seus drets i llibertats en relaci\u00f3 amb les seues dades personals. Estes entitats i\/o professionals considerats com a Encarregats del Tractament es regiran pel que es disposa en l&#8217;Art. 28 del RGPD i esta entitat s&#8217;encarrega que prenguen totes les mesures de seguretat necess\u00e0ries de conformitat amb l&#8217;Art. 32 del present RGPD.<\/p>\n<p>L&#8217;ajuntament, sempre tria un encarregat del tractament que oferisca garanties suficients respecte a la implantaci\u00f3 i el manteniment de les mesures t\u00e8cniques i organitzatives apropiades, d&#8217;acord amb el que s&#8217;estableix en el RGPD, i que garantisca la protecci\u00f3 dels drets de les persones afectades. Existeix, per tant, un deure de dilig\u00e8ncia en l&#8217;elecci\u00f3 del responsable. El Considerant 81 del RGPD preveu que l&#8217;encarregat del tractament ha d&#8217;oferir suficients garanties referent a coneixements especialitzats, fiabilitat i recursos, amb vista a l&#8217;aplicaci\u00f3 de mesures t\u00e8cniques i organitzatives que complisquen els requisits del Reglament, inclosa la seguretat del tractament, aix\u00ed com del compliment de la normativa de protecci\u00f3 de dades.<\/p>\n<p>Per a m\u00e9s informaci\u00f3 sobre la cessi\u00f3 a tercers de les dades en el desenvolupament de la nostra activitat, pot consultar el nostre Registre d&#8217;Activitats.<\/p>\n<p><strong>On tractem les seues dades?<\/strong><\/p>\n<p>Amb la finalitat de dur a terme la nostra activitat, la prestaci\u00f3 dels nostres serveis,\u00a0tractem les seues dades personals d&#8217;acord amb les condicions establides en esta pol\u00edtica de privacitat dins de la Uni\u00f3 Europea (UE).<\/p>\n<p>Per a m\u00e9s informaci\u00f3 sobre on tractem les dades en el desenvolupament de la nostra activitat, pot consultar el nostre\u00a0Registre d&#8217;Activitats.<\/p>\n<p><strong>Amb que finalitats tractem les seues dades?<\/strong><\/p>\n<p>Les seues dades es recaptaran per a les operacions de tractament rellevants per a les seg\u00fcents finalitats:<\/p>\n<p>Finalitats pr\u00f2pies dels elements de la nostra web:<\/p>\n<ul>\n<li>Formularis:<\/li>\n<ul>\n<li>Finalitats indicades en el mateix formulari.<\/li>\n<\/ul>\n<li>Tractament espec\u00edfic en xarxes socials (veure apartat xarxes socials)<\/li>\n<li>En el cas d&#8217;interessats dels quals no disposem el consentiment expl\u00edcit, este se sol\u00b7licitar\u00e0 via email per a poder continuar mantenint la comunicaci\u00f3.<\/li>\n<\/ul>\n<p>Finalitats pr\u00f2pies de l&#8217;aplicaci\u00f3:<\/p>\n<ul>\n<li>Gesti\u00f3 de la reserva i resoluci\u00f3 de problemes derivats d&#8217;esta.<\/li>\n<li>Confirmaci\u00f3 de les dades de l&#8217;usuari.<\/li>\n<\/ul>\n<p>Finalitats generals:<\/p>\n<ul>\n<li>Rebre informaci\u00f3 de contacte o altres sol\u00b7licituds realitzades per vost\u00e9 a trav\u00e9s de qualsevol dels nostres canals de comunicaci\u00f3.<\/li>\n<li>Padr\u00f3 municipal d&#8217;habitants.<\/li>\n<li>Subvencions i ajudes.<\/li>\n<li>Sancions.<\/li>\n<li>Obres i llic\u00e8ncies.<\/li>\n<li>Policia local.<\/li>\n<li>Gesti\u00f3 de tributs.<\/li>\n<li>Borses de treball.<\/li>\n<li>Recaptaci\u00f3 executiva.<\/li>\n<li>Registre de documents.<\/li>\n<li>Cementeri municipal.<\/li>\n<li>Recursos humans.<\/li>\n<li>Biblioteca municipal.<\/li>\n<li>Serveis socials.<\/li>\n<li>Educaci\u00f3 infantil.<\/li>\n<li>Gesti\u00f3 econ\u00f2mica.<\/li>\n<li>Gesti\u00f3 de la targeta ciutadana.<\/li>\n<\/ul>\n<p>Respecte al tractament en el marc funcionarial i laboral, tenim els seg\u00fcents tractaments:<\/p>\n<ul>\n<li>Rebre informaci\u00f3, sobre la pol\u00edtica de personal, aix\u00ed com sobre les dades referents a l&#8217;evoluci\u00f3 de les retribucions, evoluci\u00f3 probable de l&#8217;ocupaci\u00f3 en l&#8217;\u00e0mbit corresponent i programes de millora del rendiment.<\/li>\n<li>Emetre informe, a sol\u00b7licitud de l&#8217;Administraci\u00f3 P\u00fablica corresponent, sobre el trasllat total o parcial de les instal\u00b7lacions i implantaci\u00f3 o revisi\u00f3 dels seus sistemes d&#8217;organitzaci\u00f3 i m\u00e8todes de treball.<\/li>\n<li>Ser informats de totes les sancions imposades per faltes molt greus.<\/li>\n<li>Tindre coneixement i ser sentits en l&#8217;establiment de la jornada laboral i horari de treball, aix\u00ed com en el r\u00e8gim de vacances i permisos.<\/li>\n<li>Vigilar el compliment de les normes vigents en mat\u00e8ria de condicions de treball, prevenci\u00f3 de riscos laborals, Seguretat Social i ocupaci\u00f3 i exercir, si \u00e9s el cas, les accions legals oportunes davant els organismes competents.<\/li>\n<li>Col\u00b7laborar amb l&#8217;Administraci\u00f3 corresponent per a aconseguir l&#8217;establiment de quantes mesures procuren el manteniment i increment de la productivitat.<\/li>\n<\/ul>\n<p>Per a m\u00e9s informaci\u00f3 sobre les finalitats del tractament de les dades en el desenvolupament de la nostra activitat, pot consultar el nostre Registre d&#8217;Activitats.<\/p>\n<p>Podr\u00e0 retirar el seu consentiment en qualsevol moment de manera gratu\u00efta exercitant els seus drets, dirigint la seua petici\u00f3 per escrit i degudament identificat mitjan\u00e7ant algun document acreditatiu, en la nostra adre\u00e7a Pla\u00e7a del Castell 1 &#8211; 46136 Museros o per correu electr\u00f2nic en l&#8217;adre\u00e7a <a href=\"mailto:dpo@museros.es\">dpo@museros.es<\/a>, per a una informaci\u00f3 m\u00e9s detallada sobre l&#8217;Exercici dels seus drets pot consultar el nostre Registre d&#8217;Activitats.<\/p>\n<p><strong>Per qu\u00e8 podem tractar les seues dades? (Legitimaci\u00f3)<\/strong><\/p>\n<p>L&#8217;\u00fas de les seues dades en les condicions anteriorment descrites est\u00e0 perm\u00e9s per la normativa de protecci\u00f3 de dades europea i espanyola de conformitat amb les seg\u00fcents bases jur\u00eddiques:<\/p>\n<p><strong><em><u>Art.6. RGPD<\/u><\/em><\/strong><\/p>\n<ul>\n<li><em>L&#8217;interessat\/a va donar el seu consentiment per al tractament de les seues dades personals per a un o diversos fins espec\u00edfics.<br \/><\/em><\/li>\n<li><em>El tractament \u00e9s necessari per a l&#8217;execuci\u00f3 d&#8217;un contracte en el qual l&#8217;interessat\/a \u00e9s part o per a l&#8217;aplicaci\u00f3 a petici\u00f3 d&#8217;este de mesures precontractuals.<\/em><\/li>\n<li><em>El tractament \u00e9s necessari per al compliment d&#8217;una obligaci\u00f3 legal aplicable al responsable del tractament.<\/em><\/li>\n<li><em>El tractament \u00e9s necessari per a protegir interessos vitals de l&#8217;interessat\/a o d&#8217;una altra persona f\u00edsica.<br \/><\/em><\/li>\n<li><em>El tractament \u00e9s necessari per al compliment d&#8217;una missi\u00f3 realitzada en inter\u00e9s p\u00fablic o en l&#8217;exercici de poders p\u00fablics conferits al responsable del tractament.<br \/><\/em><\/li>\n<li><em>El tractament \u00e9s necessari per a la satisfacci\u00f3 d&#8217;interessos leg\u00edtims perseguits pel responsable del tractament o per un tercer, sempre que sobre aquests interessos no prevalguen els interessos o els drets i llibertats fonamentals de l&#8217;interessat\/al fet que requerisquen la protecci\u00f3 de dades personals, en particular quan l&#8217;interessat\/a siga un xiquet.<br \/><\/em><\/li>\n<\/ul>\n<p>Per a m\u00e9s informaci\u00f3 sobre la base jur\u00eddica del tractament de les dades en el desenvolupament de la nostra activitat, pot consultar el nostre Registre d&#8217;Activitats.<\/p>\n<p><strong>Qu\u00e8 i quins s\u00f3n els seus drets?<\/strong><\/p>\n<p>La normativa de protecci\u00f3 de dades permet que puga exercir davant el Responsable del tractament els seus drets d&#8217;acc\u00e9s, rectificaci\u00f3, oposici\u00f3, supressi\u00f3 (\u201cdret a l&#8217;oblit\u201d), limitaci\u00f3 del tractament, portabilitat i de no ser objecte de decisions individualitzades.<\/p>\n<p>Qualsevol interessat\/a t\u00e9 el Dret al fet que se li facilite Abans que les seues dades siguen recollits, d&#8217;una informaci\u00f3 b\u00e0sica en un primer nivell, de forma resumida, en el mateix moment i en el mateix mitj\u00e0 en el qual es recullen les seues dades personals i, d&#8217;altra banda, que se li remeta la resta de la informaci\u00f3, en un mitj\u00e0 m\u00e9s adequat per a la seua presentaci\u00f3 i compressi\u00f3.<\/p>\n<p>La informaci\u00f3 que facilitar per capes o nivells seria la seg\u00fcent:<\/p>\n<p><strong>Informaci\u00f3 1a Capa<\/strong><\/p>\n<ul>\n<li>La identitat del Responsable del Tractament.<\/li>\n<li>Quines dades seran tractats.<\/li>\n<li>Amb quina finalitat.<\/li>\n<li>On i com han sigut obtinguts.<\/li>\n<li>La base jur\u00eddica del tractament.<\/li>\n<li>Si es comunicaran, cediran o seran tractats per tercers.<\/li>\n<li>La refer\u00e8ncia al procediment d&#8217;Exercici dels Drets.<\/li>\n<\/ul>\n<p><strong>Informaci\u00f3 2a Capa<\/strong><\/p>\n<ul>\n<li>Dades de contacte del responsable. Identitat i dades del representant (si existira). Dades de contacte del delegat de protecci\u00f3 de dades (si existira).<\/li>\n<li>Descripci\u00f3 ampliada dels fins del tractament. Terminis o criteris de conservaci\u00f3 de les dades. Decisions automatitzades, perfils i l\u00f2gica aplicada.<\/li>\n<li>Detall de la base jur\u00eddica del tractament, en els casos d&#8217;obligaci\u00f3 legal, inter\u00e9s p\u00fablic o inter\u00e9s leg\u00edtim. Obligaci\u00f3 o no de facilitar dades i conseq\u00fc\u00e8ncies de no fer-ho.<\/li>\n<li>Destinataris o categories de destinataris. Decisions d&#8217;adequaci\u00f3, garanties, normes corporatives vinculants o situacions espec\u00edfiques aplicables.<\/li>\n<li>Com exercir els drets d&#8217;acc\u00e9s, rectificaci\u00f3, supressi\u00f3 i portabilitat de les dades, i la limitaci\u00f3 o oposici\u00f3 al seu tractament.<\/li>\n<li>Dret a retirar el consentiment prestat.<\/li>\n<li>Dret a reclamar davant l&#8217;Autoritat de Control.<\/li>\n<\/ul>\n<p><strong><em>(El seg\u00fcent quadre indica quins s\u00f3n els seus drets).<\/em><\/strong><\/p>\n<table width=\"588\">\n<tbody>\n<tr>\n<td width=\"169\"><strong>Dret d&#8217;acc\u00e9s<\/strong><\/td>\n<td width=\"419\">Per a con\u00e9ixer quines dades seues estan sent tractats, amb quina finalitat es tracten, on han aconseguit les dades i si els comunicaran o els han comunicats a alg\u00fa.<\/td>\n<\/tr>\n<tr>\n<td width=\"169\"><strong>Dret de rectificaci\u00f3<\/strong><\/td>\n<td width=\"419\">Per a modificar aquelles dades seues inexactes o incomplets.<\/td>\n<\/tr>\n<tr>\n<td width=\"169\"><strong>Dret de cancel\u00b7laci\u00f3<\/strong><\/td>\n<td width=\"419\">Per a cancel\u00b7lar les seues dades inadequades o excessives.<\/td>\n<\/tr>\n<tr>\n<td width=\"169\"><strong>Dret d&#8217;oposici\u00f3<\/strong><\/td>\n<td width=\"419\">Per a evitar que es tracten les seues dades o que deixen de tractar-se, encara que nom\u00e9s en els sup\u00f2sits que estableix la llei.<\/td>\n<\/tr>\n<tr>\n<td width=\"169\"><strong>Dret de limitaci\u00f3 del tractament<\/strong><\/td>\n<td width=\"419\">Per a sol\u00b7licitar que se suspenga el tractament de dades en els sup\u00f2sits que estableix la llei.<\/td>\n<\/tr>\n<tr>\n<td width=\"169\"><strong>Dret a la portabilitat de les dades<\/strong><\/td>\n<td width=\"419\">Per a poder rebre les seues dades facilitades en un format electr\u00f2nic estructurat, d&#8217;\u00fas habitual i poder transmetre&#8217;ls a un altre Responsable.<\/td>\n<\/tr>\n<tr>\n<td width=\"169\"><strong>Dret a no ser objecte de decisions individualitzades<\/strong><\/td>\n<td width=\"419\">Amb la fi que no es prenga una decisi\u00f3 sobre vost\u00e9, que produ\u00efsca efectes jur\u00eddics o l&#8217;afecte, basada \u00fanicament en el tractament de les seues dades.<\/td>\n<\/tr>\n<\/tbody>\n<\/table>\n<p>&nbsp;<\/p>\n<p>Estos drets es caracteritzen pel seg\u00fcent:<\/p>\n<ul>\n<li>El seu exercici \u00e9s gratu\u00eft.<\/li>\n<li>Pot exercitar els drets directament o per mitj\u00e0 d&#8217;algun representant legal.<\/li>\n<li>Si la sol\u00b7licitud es presenta per mitjans electr\u00f2nics, la informaci\u00f3 es facilitar\u00e0 per estos mitjans quan siga possible, llevat que l&#8217;interessat\/a sol\u00b7licite que siga d&#8217;una altra manera.<\/li>\n<li>Abans d&#8217;exercir els seus drets, hem d&#8217;identificar-li per a protegir les seues dades personals contra intents fraudulents.<\/li>\n<li>La seua sol\u00b7licitud ser\u00e0 resolta en el termini d&#8217;un mes.<\/li>\n<li>El responsable est\u00e0 obligat a informar-lo sobre els mitjans per a exercitar estos drets. Estos mitjans han de ser accessibles i no es pot denegar este dret nom\u00e9s pel motiu que s&#8217;opte per un altre mitj\u00e0.<\/li>\n<li>Si el responsable no dona curs a la sol\u00b7licitud, informar\u00e0 i a tot tardar en un mes, de les raons de la seua no actuaci\u00f3 i la possibilitat de reclamar davant una Autoritat de Control.<\/li>\n<\/ul>\n<p>Si desitja exercir qualsevol dels drets descrits, pot posar-se en contacte amb nosaltres a trav\u00e9s del nostre Delegat de Protecci\u00f3 de Dades:<\/p>\n<ul>\n<li>Per adre\u00e7a postal:<\/li>\n<\/ul>\n<p><strong>Ajuntament de Museros<\/strong><\/p>\n<p>Att. Delegat Protecci\u00f3 de Dades<\/p>\n<p>Pla\u00e7a del Castell 1 &#8211; 46136 Museros<\/p>\n<ul>\n<li>O per correu electr\u00f2nic a la dre\u00e7a: <a href=\"mailto:dpo@museros.es\">dpo@museros.es<\/a><\/li>\n<\/ul>\n<p>L&#8217;informem que de conformitat amb el RGPD en el seu article 37.1 recull l&#8217;obligatorietat de la designaci\u00f3 d&#8217;un Delegat de Protecci\u00f3 de Dades al qual podr\u00e0 dirigir-se per correu electr\u00f2nic a l&#8217;adre\u00e7a indicada i davant el qual podr\u00e0 dirigir totes les q\u00fcestions, dubtes, suggeriments o per a l&#8217;exercici dels seus drets degudament identificat mitjan\u00e7ant algun document acreditatiu a l&#8217;empara del present Reglament quant al tractament de les seues dades personals.<\/p>\n<p><strong><u>Autoritat de Control<\/u><\/strong><\/p>\n<p>Si desitja plantejar una reclamaci\u00f3 en relaci\u00f3 amb el tractament de les seues dades per part d&#8217;<strong>Ajuntament de Museros<\/strong>, l&#8217;informem que pot posar-se en contacte amb l&#8217;Ag\u00e8ncia Espanyola de Protecci\u00f3 de dades, C\/ Jorge Juan, 6 28001-Madrid <a href=\"http:\/\/www.agpd.es\">http:\/\/www.agpd.es<\/a><\/p>\n<p><strong><u>Cookies<\/u><\/strong><\/p>\n<p>Les cookies s\u00f3n arxius que es descarreguen en el seu ordinador per a recopilar informaci\u00f3 de registre d&#8217;internet est\u00e0ndard i informaci\u00f3 sobre h\u00e0bits de navegaci\u00f3. Esta informaci\u00f3 s&#8217;usa, per exemple, per a rastrejar l&#8217;\u00fas de visitants del lloc web i recopilar informes estad\u00edstics sobre l&#8217;activitat del lloc web.<\/p>\n<p>Pot configurar el seu navegador perqu\u00e8 no accepte cookies. No obstant aix\u00f2, algunes cookies de primera part s\u00f3n necess\u00e0ries per a permetre que la sessi\u00f3 de l&#8217;usuari del lloc web use els nostres serveis.<\/p>\n<p>Per a m\u00e9s informaci\u00f3, visite la Pol\u00edtica de Cookies del lloc web.<\/p>\n<p><strong>Xarxes socials<\/strong><\/p>\n<p><strong>Ajuntament de Museros<\/strong> t\u00e9 pres\u00e8ncia en xarxes socials, com ara: Facebook, Twitter, YouTube i Instagram sent la finalitat del tractament de dades personals les establides dins de les condicions afectes al servei. En el cas que el registre a determinats serveis s&#8217;efectuara mitjan\u00e7ant dades personals associats a un compte d&#8217;usuari, s&#8217;informa que compartir\u00e0 determinada informaci\u00f3 continguda en el seu compte. <strong>Ajuntament de Museros<\/strong> recorda que ha de con\u00e9ixer les pol\u00edtiques de privacitat d&#8217;aquests mitjans o xarxes socials en els quals estiga registrat en llaures a evitar compartir informaci\u00f3 no desitjada.<\/p>\n<p>Disposa de les configuracions de privacitat i gesti\u00f3 del compte en les xarxes socials per a gestionar les prefer\u00e8ncies de privacitat, identitat, publicitat i altres extrems afectes.<\/p>\n<p>En el cas que el registre a determinats serveis s&#8217;efectuara mitjan\u00e7ant dades personals associats a un compte d&#8217;usuari, s&#8217;informa que compartir\u00e0 determinada informaci\u00f3 continguda en el seu compte.<\/p>\n<p>Les finalitats de les dades recollides en les diferents xarxes socials s\u00f3n:<\/p>\n<ul>\n<li>Publicitat i prospecci\u00f3.<\/li>\n<li>Difusi\u00f3 de les nostres activitats i serveis entre els nostres seguidors.<\/li>\n<li>Comunicaci\u00f3 amb interessats.<\/li>\n<\/ul>\n<p>Detallant cadascuna de les xarxes socials, en\u00a0<strong>Facebook<\/strong>, quan un usuari es fa fan de la de la Fan Page oficial a trav\u00e9s del bot\u00f3 \u201cM&#8217;agrada\u201d autoritza que les seues dades personals s&#8217;utilitzen \u00fanicament en esta plataforma de Facebook per a la gesti\u00f3 de la \u201cFan Page\u201d i de les comunicacions que es mantinguen de manera bidireccional amb aquests seguidors a trav\u00e9s de xat, publicacions, comentaris, missatges o altres mitjans de comunicaci\u00f3 que permeta la xarxa social ara i en el futur. Este tractament estar\u00e0 subjecte a les pol\u00edtiques de privacitat d&#8217;esta xarxa social i que l&#8217;usuari pot consultar en el seg\u00fcent enlla\u00e7: <a href=\"https:\/\/www.facebook.com\/policy.php\">https:\/\/www.facebook.com\/policy.php<\/a>. En fer-se fan es tindr\u00e0 acc\u00e9s al llistat de membres o seguidors que s&#8217;han unit a la Fan Page. Tamb\u00e9 s&#8217;informa que quan un usuari es fa fan, les not\u00edcies que es publiquen apareixeran tamb\u00e9 en la seua p\u00e0gina d&#8217;inici i que, si l&#8217;usuari fan fa comentaris d&#8217;estes publicacions, ser\u00e0 accessible pels altres fans tant el seu comentari com el nom del seu perfil i, si \u00e9s el cas, la fotografia que tinga en el mateix o segons la seua configuraci\u00f3 de privacitat, o biografia i etiquetatge. En tot cas, \u00e9s responsabilitat de l&#8217;usuari l&#8217;\u00fas que fa\u00e7a de la xarxa social.<\/p>\n<p>En relaci\u00f3 a\u00a0<strong>Twitter<\/strong>, quan un usuari segueix el nostre perfil punxant el bot\u00f3 \u201cSeguir\u201d, es tindr\u00e0 acc\u00e9s a la p\u00e0gina de perfil de les persones que ho segueixen, concretament, el nom d&#8217;usuari, fotografia (en cas que l&#8217;usuari haja posat una fotografia en el perfil), i comentaris o \u201cTuits\u201d o respostes realitzades per l&#8217;usuari o per uns altres esmentant-lo a este, aix\u00ed com a la resta de la informaci\u00f3 que s&#8217;haja publicat en el perfil de l&#8217;usuari com per exemple usuaris als quals se segueix, als seus seguidors o als favorits del perfil. Les dades dels usuaris que segueixen en Twitter al nostre perfil s&#8217;utilitzen \u00fanicament per a gestionar i respondre els \u201cTuits\u201d o missatges que s&#8217;intercanvien entre tots dos. La pol\u00edtica de privacitat que regeix en esta xarxa social es pot consultar en el seg\u00fcent enlla\u00e7: <a href=\"https:\/\/twitter.com\/privacy\">https:\/\/twitter.com\/privacy<\/a><\/p>\n<p>De la mateixa manera, en relaci\u00f3 amb\u00a0<strong>YouTube<\/strong>, es tindr\u00e0 acc\u00e9s a la informaci\u00f3 de les persones que se subscriuen al nostre canal, concretament, el nom d&#8217;usuari, fotografia (en cas que l&#8217;usuari haja posat una fotografia en el seu perfil), i comentaris realitzats als v\u00eddeos del canal, els v\u00eddeos de subscriptor, les llistes de reproduccions i altres canals als quals s&#8217;ha subscrit.<\/p>\n<p>En relaci\u00f3 amb\u00a0<strong>Instagram<\/strong>, quan un usuari segueix el nostre perfil punxant el bot\u00f3 \u201cSeguir\u201d, es tindr\u00e0 acc\u00e9s a la p\u00e0gina de perfil de les persones que ho segueixen, concretament, el nom d&#8217;usuari, fotografies (en cas que l&#8217;usuari haja posat una fotografia en el perfil), i publicacions realitzades per l&#8217;usuari, aix\u00ed com a la resta de la informaci\u00f3 que s&#8217;haja publicat en el perfil de l&#8217;usuari com per exemple usuaris als quals se segueix o els seus seguidors. Les dades dels usuaris que segueixen en Instagram al nostre perfil s&#8217;utilitzen \u00fanicament per a gestionar la informaci\u00f3 que s&#8217;intercanvien entre tots dos. La pol\u00edtica de privacitat que regeix en esta xarxa social es pot consultar en el seg\u00fcent enlla\u00e7: <a href=\"https:\/\/help.instagram.com\/519522125107875\">https:\/\/help.instagram.com\/519522125107875<\/a><\/p>\n<p><strong>Sol\u00b7licitud de Baixa<\/strong><\/p>\n<p>Per a sol\u00b7licitar la baixa de qualsevol servei en el qual estiga donat d&#8217;alta, l&#8217;informem que pot exercitar el dret de cancel\u00b7laci\u00f3 o oposici\u00f3 al tractament de les seues dades dirigint-se a <strong>Pla\u00e7a del Castell 1 &#8211; 46136 Museros<\/strong> o enviant un missatge al correu electr\u00f2nic <a href=\"mailto:dpo@museros.es\">dpo@museros.es<\/a>, amb l&#8217;assumpte SOL\u00b7LICITUD DE BAIXA i indicant les seues dades i la direcci\u00f3 d&#8217;email amb la qual est\u00e0 donat d&#8217;alta. Respondrem a la seua sol\u00b7licitud indicant l&#8217;estat d&#8217;esta o si precisem m\u00e9s informaci\u00f3 sobre aquest tema.<\/p>\n<p><strong>Aplicacions m\u00f2bils<\/strong><\/p>\n<p>Els usuaris que ho desitgen poden descarregar i instal\u00b7lar programari de l&#8217;aplicaci\u00f3 per a m\u00f2bils d&#8217;Ajuntament de Museros, sent aplicables per a l&#8217;\u00fas d&#8217;estes, les mateixes condicions que per a la resta dels serveis en els quals es recapten dades personals mitjan\u00e7ant l&#8217;acc\u00e9s i navegaci\u00f3 des d&#8217;aquesta aplicaci\u00f3. L&#8217;aplicaci\u00f3 pot recaptar dades personals pr\u00f2pies de la desc\u00e0rrega i de la utilitzaci\u00f3 d&#8217;esta: IP de connexi\u00f3, ubicaci\u00f3, geolocalitzaci\u00f3, a m\u00e9s de dades recaptades a trav\u00e9s de la cambra o formularis dins de l&#8217;aplicaci\u00f3. Per a la comunicaci\u00f3 amb aquestes aplicacions, s&#8217;utilitzar\u00e0 el sistema conegut com PUSH.<\/p>\n<p>Ajuntament de Museros no es fa responsable de la informaci\u00f3 personal recaptada per tercers intervinents: fabricants de dispositius, desenvolupadors, prestadors de serveis de desc\u00e0rrega.<\/p>\n<p>Actualment les aplicacions que tenim actives en les diferents plataformes s\u00f3n:<\/p>\n<p>\u201cPaellers Museros\u201d la finalitat dels quals \u00e9s la reserva de l&#8217;espai p\u00fablic dels paellers.<\/p>\n<p>\u201cReservar Espais Culturals\u201d la finalitat dels quals \u00e9s la reserva d&#8217;espais culturals del municipi.<\/p>\n<p>En totes les nostres aplicacions, si es requereix alguna dada per part de l&#8217;usuari, s&#8217;indicar\u00e0 en el formulari el tractament de dades corresponent.<\/p>\n<p><strong>Menors<\/strong><\/p>\n<p>L&#8217;Usuari certifica que \u00e9s major de 14 anys i que per tant posseeix la capacitat legal necess\u00e0ria per a la prestaci\u00f3 del consentiment quant al tractament de les seues dades de car\u00e0cter personal i tot aix\u00f2, de conformitat amb el que s&#8217;estableix en la present Pol\u00edtica de Privacitat.<\/p>\n<p>Si desitja usar els nostres serveis a trav\u00e9s de la web i tens 14 anys o menys, necessitarem el consentiment del seu tutor legal per a emmagatzemar les seues dades, en cas que no el tinguem, podrem bloquejar o eliminar-lo.<\/p>\n<p><strong>Seguretat<\/strong><strong><\/strong><\/p>\n<p><strong>Ajuntament de Museros<\/strong> adopta mesures organitzatives i t\u00e8cniques amb la finalitat de garantir la seguretat de les dades de car\u00e0cter personal i evitar la seua alteraci\u00f3, p\u00e8rdua, tractament o acc\u00e9s no autoritzat, tenint en compte de l&#8217;estat de la tecnologia, la naturalesa de les dades emmagatzemades i els riscos al fet que estan exposats.<\/p>\n<p><strong>Actualitzacions<\/strong><\/p>\n<p><strong><\/strong>Mantenim la nostra pol\u00edtica de privacitat sota revisi\u00f3 i podem canviar-la ocasionalment (principalment per a complir amb les pr\u00e0ctiques legals i de protecci\u00f3 de dades).<\/p>\n<p>Les versions actualitzades es publicaran en la nostra p\u00e0gina web.<\/p>\n<p><strong>Legislaci\u00f3 Aplicable i tribunals competents<\/strong><\/p>\n<p>Els termes i condicions que regeixen este web *site, aix\u00ed com les relacions que pogueren derivar-se estan protegides i queden subjectes a la legislaci\u00f3 espanyola. Per a la resoluci\u00f3 de qualsevol tipus de controv\u00e8rsia, litigi o discrep\u00e0ncia que poguera suscitar-se entre l&#8217;usuari i <strong>Ajuntament de Museros<\/strong> per l&#8217;\u00fas d&#8217;este lloc web, s&#8217;acorda el sotmetiment d&#8217;estes als Jutjats i Tribunals de Val\u00e8ncia, Espanya.<\/p>\n<p><em>\u00daltima Actualitzaci\u00f3: 05 de Desembre de 2023<\/em><\/p>\n<p>[\/et_pb_text][\/et_pb_column][\/et_pb_row][et_pb_row _builder_version=\u00bb4.16&#8243; _module_preset=\u00bbdefault\u00bb global_colors_info=\u00bb{}\u00bb][et_pb_column type=\u00bb4_4&#8243; _builder_version=\u00bb4.16&#8243; _module_preset=\u00bbdefault\u00bb global_colors_info=\u00bb{}\u00bb][et_pb_divider color=\u00bb#E02B20&#8243; divider_weight=\u00bb4px\u00bb _builder_version=\u00bb4.16&#8243; _module_preset=\u00bbdefault\u00bb global_colors_info=\u00bb{}\u00bb][\/et_pb_divider][\/et_pb_column][\/et_pb_row][\/et_pb_section]<\/p>\n","protected":false},"excerpt":{"rendered":"<p>D&#8217;acord amb l&#8217;article 10 de la Llei 34\/2002, d&#8217;11 de juliol, de Serveis de la Societat de la Informaci\u00f3 i Comer\u00e7 Electr\u00f2nic, posem en el seu coneixement que Ajuntament de Museros, amb C.I.F. P4617900H i domicili en Pla\u00e7a del Castell 1 &#8211; 46136 Museros \u00e9s l&#8217;encarregada de la gesti\u00f3 i funcionament de la web www.museros.org [&hellip;]<\/p>\n","protected":false},"author":8,"featured_media":0,"parent":0,"menu_order":0,"comment_status":"closed","ping_status":"closed","template":"","meta":{"_et_pb_use_builder":"on","_et_pb_old_content":"","_et_gb_content_width":"","_mc_calendar":[],"footnotes":""},"wf_page_folders":[153],"class_list":["post-245852","page","type-page","status-publish","hentry"],"_links":{"self":[{"href":"https:\/\/museros.org\/inici\/wp-json\/wp\/v2\/pages\/245852","targetHints":{"allow":["GET"]}}],"collection":[{"href":"https:\/\/museros.org\/inici\/wp-json\/wp\/v2\/pages"}],"about":[{"href":"https:\/\/museros.org\/inici\/wp-json\/wp\/v2\/types\/page"}],"author":[{"embeddable":true,"href":"https:\/\/museros.org\/inici\/wp-json\/wp\/v2\/users\/8"}],"replies":[{"embeddable":true,"href":"https:\/\/museros.org\/inici\/wp-json\/wp\/v2\/comments?post=245852"}],"version-history":[{"count":10,"href":"https:\/\/museros.org\/inici\/wp-json\/wp\/v2\/pages\/245852\/revisions"}],"predecessor-version":[{"id":266927,"href":"https:\/\/museros.org\/inici\/wp-json\/wp\/v2\/pages\/245852\/revisions\/266927"}],"wp:attachment":[{"href":"https:\/\/museros.org\/inici\/wp-json\/wp\/v2\/media?parent=245852"}],"wp:term":[{"taxonomy":"wf_page_folders","embeddable":true,"href":"https:\/\/museros.org\/inici\/wp-json\/wp\/v2\/wf_page_folders?post=245852"}],"curies":[{"name":"wp","href":"https:\/\/api.w.org\/{rel}","templated":true}]}}