{"id":245824,"date":"2021-08-16T06:21:57","date_gmt":"2021-08-16T06:21:57","guid":{"rendered":"https:\/\/museros.org\/?page_id=245824"},"modified":"2025-11-19T13:28:39","modified_gmt":"2025-11-19T11:28:39","slug":"instancies","status":"publish","type":"page","link":"https:\/\/museros.org\/inici\/instancies\/","title":{"rendered":"Inst\u00e0ncies"},"content":{"rendered":"<p>[et_pb_section fb_built=\u00bb1&#8243; _builder_version=\u00bb4.16&#8243; _module_preset=\u00bbdefault\u00bb custom_padding=\u00bb0px||69px||false|false\u00bb locked=\u00bboff\u00bb global_colors_info=\u00bb{}\u00bb][et_pb_row column_structure=\u00bb1_4,3_4&#8243; _builder_version=\u00bb4.16&#8243; _module_preset=\u00bbdefault\u00bb custom_padding=\u00bb0px||||false|false\u00bb global_colors_info=\u00bb{}\u00bb][et_pb_column type=\u00bb1_4&#8243; _builder_version=\u00bb4.16&#8243; _module_preset=\u00bbdefault\u00bb global_colors_info=\u00bb{}\u00bb][et_pb_image src=\u00bbhttps:\/\/museros.org\/wp-content\/uploads\/2021\/08\/logo-instancies-230&#215;180-1.jpg\u00bb title_text=\u00bblogo-instancies-230&#215;180&#8243; url=\u00bbhttps:\/\/museros.org\/ca\/tramits\u00bb use_overlay=\u00bbon\u00bb overlay_icon_color=\u00bb#E02B20&#8243; hover_overlay_color=\u00bbrgba(255,255,255,0.7)\u00bb hover_icon=\u00bb&#xe04d;||divi||400&#8243; align=\u00bbcenter\u00bb _builder_version=\u00bb4.16&#8243; _module_preset=\u00bbdefault\u00bb width=\u00bb100%\u00bb global_colors_info=\u00bb{}\u00bb][\/et_pb_image][\/et_pb_column][et_pb_column type=\u00bb3_4&#8243; _builder_version=\u00bb4.16&#8243; _module_preset=\u00bbdefault\u00bb global_colors_info=\u00bb{}\u00bb][et_pb_accordion open_toggle_text_color=\u00bb#FFFFFF\u00bb icon_color=\u00bbrgba(153,0,0,0.35)\u00bb use_icon_font_size=\u00bbon\u00bb icon_font_size=\u00bb20px\u00bb admin_label=\u00bbAcorde\u00f3n 2020&#8243; _builder_version=\u00bb4.27.4&#8243; _module_preset=\u00bbdefault\u00bb toggle_text_color=\u00bb#990000&#8243; toggle_font=\u00bb|600|||||||\u00bb toggle_font_size=\u00bb16px\u00bb body_font=\u00bb||||||||\u00bb locked=\u00bboff\u00bb global_colors_info=\u00bb{}\u00bb][et_pb_accordion_item title=\u00bbInst\u00e0ncies\u00bb open=\u00bbon\u00bb open_toggle_text_color=\u00bb#FFFFFF\u00bb open_toggle_background_color=\u00bbrgba(0,0,0,0.3)\u00bb closed_toggle_text_color=\u00bb#ffffff\u00bb closed_toggle_background_color=\u00bbrgba(0,0,0,0.3)\u00bb icon_color=\u00bbrgba(99,0,0,0.2)\u00bb use_icon_font_size=\u00bbon\u00bb icon_font_size=\u00bb20px\u00bb _builder_version=\u00bb4.16&#8243; _module_preset=\u00bbdefault\u00bb width=\u00bb100%\u00bb global_colors_info=\u00bb{}\u00bb toggle_text_color=\u00bb#ffffff\u00bb toggle_level=\u00bbh4&#8243; toggle_font=\u00bb|600|||||||\u00bb toggle_font_size=\u00bb24px\u00bb closed_toggle_font_size=\u00bb20px\u00bb][\/et_pb_accordion_item][et_pb_accordion_item title=\u00bbGenerals\u00bb open_toggle_text_color=\u00bb#000000&#8243; _builder_version=\u00bb4.17.0&#8243; _module_preset=\u00bbdefault\u00bb global_colors_info=\u00bb{}\u00bb open=\u00bboff\u00bb]<\/p>\n<p>\u2022 Sol\u00b7licitud general <a href=\"https:\/\/museros.org\/wp-content\/uploads\/2022\/04\/a-sollicitud-general.pdf\" target=\"_blank\" rel=\"noopener\">PDF&gt;<\/a><\/p>\n<p>[\/et_pb_accordion_item][et_pb_accordion_item title=\u00bbRecaptaci\u00f3\u00bb open_toggle_text_color=\u00bb#000000&#8243; _builder_version=\u00bb4.27.4&#8243; _module_preset=\u00bbdefault\u00bb hover_enabled=\u00bb0&#8243; global_colors_info=\u00bb{}\u00bb open=\u00bboff\u00bb sticky_enabled=\u00bb0&#8243;]<\/p>\n<p>\u2022 Sol\u00b7licitud de bonificaci\u00f3 per familia nombrosa IBI <a href=\"https:\/\/museros.org\/wp-content\/uploads\/2022\/04\/a-bonificacio-familia-nombrosa.pdf\" target=\"_blank\" rel=\"noopener\">PDF&gt;<\/a><br \/>\u2022 Sol\u00b7licitud per a les notificacions electr\u00f2niques de l\u2019Oficina Tribut\u00e0ria de l&#8217;Ajuntament de Museros (OTAM) <a href=\"https:\/\/museros.org\/wp-content\/uploads\/2025\/11\/a-sollicitud-notificacionselectroniques_otam.pdf\" target=\"_blank\" rel=\"noopener\">PDF&gt;<\/a><br \/>\u2022 Sol\u00b7licitud per al pla Museros Plus <a href=\"https:\/\/museros.org\/wp-content\/uploads\/2022\/04\/a-sollicitud-plamuserosplus.pdf\" target=\"_blank\" rel=\"noopener\">PDF&gt;<\/a><br \/>\u2022 Sol\u00b7licitud de domiciliaci\u00f3 banc\u00e0ria <a href=\"https:\/\/museros.org\/wp-content\/uploads\/2022\/04\/a-domiciliacio-bancaria.pdf\" target=\"_blank\" rel=\"noopener\">PDF&gt;<\/a><br \/>\u2022 Declaraci\u00f3 tribut\u00e0ria sobre plusvalia <a href=\"https:\/\/museros.org\/wp-content\/uploads\/2022\/04\/a-declaracio-plusvalia.pdf\" target=\"_blank\" rel=\"noopener\">PDF&gt;<\/a><br \/>\u2022 Documentaci\u00f3 per a la sol\u00b7licitud d&#8217;exempci\u00f3 per discapacitat <a href=\"https:\/\/museros.org\/wp-content\/uploads\/2022\/04\/b-sollicitud-dexempcio.pdf\" target=\"_blank\" rel=\"noopener\">PDF&gt;<\/a><br \/>\u2022 Manteniment de tercers <a href=\"https:\/\/museros.org\/wp-content\/uploads\/2022\/04\/a-manteniment-de-tercers.pdf\" target=\"_blank\" rel=\"noopener\">PDF&gt;<\/a><\/p>\n<p>[\/et_pb_accordion_item][et_pb_accordion_item title=\u00bbUrbanisme\u00bb open_toggle_text_color=\u00bb#000000&#8243; _builder_version=\u00bb4.17.4&#8243; _module_preset=\u00bbdefault\u00bb global_colors_info=\u00bb{}\u00bb open=\u00bboff\u00bb]<\/p>\n<p>\u2022 Sol\u00b7licitud altes guals <a href=\"https:\/\/museros.org\/wp-content\/uploads\/2022\/04\/a-sollicitud-guals.pdf\" target=\"_blank\" rel=\"noopener\">PDF&gt;<\/a><br \/>\u2022 Sol\u00b7licitud canvi titularitat d&#8217;activitat <a href=\"https:\/\/museros.org\/wp-content\/uploads\/2022\/04\/a-sollicitud-cambi-titularitat.pdf\" target=\"_blank\" rel=\"noopener\">PDF&gt;<\/a><br \/>\u2022 Sol\u00b7licitud compatibilitat urbanistica d&#8217;activitat <a href=\"https:\/\/museros.org\/wp-content\/uploads\/2022\/04\/a-certificat-compatibilitat-urbanistica.pdf\" target=\"_blank\" rel=\"noopener\">PDF&gt;<\/a><br \/>\u2022 Sol\u00b7licitud declaraci\u00f3 responsable ambiental d&#8217;activitat <a href=\"https:\/\/museros.org\/wp-content\/uploads\/2022\/04\/a-sollicitud-declaracio-responsable-ambiental-dactivitat.pdf\" target=\"_blank\" rel=\"noopener\">PDF&gt;<\/a><br \/>\u2022 Sol\u00b7licitud d&#8217;ocupaci\u00f3 via p\u00fablica <a href=\"https:\/\/museros.org\/wp-content\/uploads\/2022\/04\/a-sollicitud-ocupacio-via-publica.pdf\" target=\"_blank\" rel=\"noopener\">PDF&gt;<\/a><br \/>\u2022 Sol\u00b7licitud de certificat o Informe Urban\u00edstic <a href=\"https:\/\/museros.org\/wp-content\/uploads\/2022\/04\/a-sollicitud-informe-o-certificat.pdf\" target=\"_blank\" rel=\"noopener\">PDF&gt;<\/a><br \/>\u2022 Sol\u00b7licitud comunicaci\u00f3 ambiental d&#8217;activitat <a href=\"https:\/\/museros.org\/wp-content\/uploads\/2022\/04\/a-sollicitud-de-comunicacio-ambiental-dactivitat.pdf\" target=\"_blank\" rel=\"noopener\">PDF&gt;<\/a><br \/>\u2022 Sol\u00b7licitud declaraci\u00f3 responsable obra menor + Annex 1 <a href=\"https:\/\/museros.org\/wp-content\/uploads\/2022\/06\/a-declaracio-dobra-menor-annex-I.pdf\" target=\"_blank\" rel=\"noopener\">PDF&gt;<\/a><br \/>\u2022 Sol\u00b7licitud llic\u00e8ncia ambiental d&#8217;activitat <a href=\"https:\/\/museros.org\/wp-content\/uploads\/2022\/04\/a-sollicitud-llicencia-ambiental.pdf\" target=\"_blank\" rel=\"noopener\">PDF&gt;<\/a><br \/>\u2022 Sol\u00b7licitud llic\u00e8ncia d&#8217;obres <a href=\"https:\/\/museros.org\/wp-content\/uploads\/2022\/04\/a-sollicitud-llicencia-dobres.pdf\" target=\"_blank\" rel=\"noopener\">PDF&gt;<\/a><br \/>\u2022 Sol\u00b7licitud vivenda primera ocupaci\u00f3 <a href=\"https:\/\/museros.org\/wp-content\/uploads\/2022\/04\/a-sollicitud-llicencia-primera-ocupacio.pdf\" target=\"_blank\" rel=\"noopener\">PDF&gt;<\/a><br \/>\u2022 Sol\u00b7licitud vivenda segona ocupaci\u00f3 <a href=\"https:\/\/museros.org\/wp-content\/uploads\/2022\/04\/a-sollicitud-llicencia-segona-ocupacio.pdf\" target=\"_blank\" rel=\"noopener\">PDF&gt;<\/a><br \/>\u2022 Sol\u00b7licitud perm\u00eds abocaments <a href=\"https:\/\/museros.org\/wp-content\/uploads\/2022\/04\/a-sollicitud-permis-abocaments.pdf\" target=\"_blank\" rel=\"noopener\">PDF&gt;<\/a><\/p>\n<p>[\/et_pb_accordion_item][et_pb_accordion_item title=\u00bbServeis Socials\u00bb open_toggle_text_color=\u00bb#000000&#8243; _builder_version=\u00bb4.27.4&#8243; _module_preset=\u00bbdefault\u00bb global_colors_info=\u00bb{}\u00bb open=\u00bboff\u00bb]<\/p>\n<p style=\"text-align: left;\">1. Sol\u00b7licitud d&#8217;ajuda per emerg\u00e8ncia social <a href=\"https:\/\/museros.org\/wp-content\/uploads\/2022\/06\/1-SOLICITUD-AJUDA-EMERGENCIASOCIAL.pdf\" target=\"_blank\" rel=\"noopener\">PDF&gt;<\/a><br \/>2. Sol\u00b7licitud bonometro <a href=\"https:\/\/museros.org\/wp-content\/uploads\/2022\/06\/2-SOLICITUD-BONO-METRO.pdf\" target=\"_blank\" rel=\"noopener\">PDF&gt;<\/a><br \/>3. Model de domiciliaci\u00f3 banc\u00e0ria <a href=\"https:\/\/museros.org\/wp-content\/uploads\/2022\/06\/3-DOCUMENTO-DOMICILIACION-BANCARIA.pdf\" target=\"_blank\" rel=\"noopener\">PDF&gt;<\/a><br \/>4. Sol\u00b7licitud programa d&#8217;ocupaci\u00f3 social <a href=\"https:\/\/museros.org\/wp-content\/uploads\/2022\/06\/5-SOLICITUD-PROGRAMA-OCUPACIO-SOCIAL.pdf\" target=\"_blank\" rel=\"noopener\">PDF&gt;<\/a><br \/>5. Sol\u00b7licitud targeta daurada <a href=\"https:\/\/museros.org\/wp-content\/uploads\/2022\/06\/6-SOLICITUD-TARGETA-DAURADA.pdf\" target=\"_blank\" rel=\"noopener\">PDF&gt;<\/a><br \/>6. Sol\u00b7licitud targeta estacionament diversitat funcional <a href=\"https:\/\/museros.org\/wp-content\/uploads\/2022\/06\/7-SOLICITUD-ESTACIONAMENT-DIVERSITAT-FUNCIONAL.pdf\" target=\"_blank\" rel=\"noopener\">PDF&gt;<\/a><br \/>7. Inst\u00e0ncia general <a href=\"https:\/\/museros.org\/wp-content\/uploads\/2022\/06\/8-GENERAL.pdf\" target=\"_blank\" rel=\"noopener\">PDF&gt;<\/a><br \/>8. Ajudes en mat\u00e8ria d&#8217;habitatge <a href=\"https:\/\/museros.org\/wp-content\/uploads\/2022\/06\/9-AYUDAS-MATERIA-DE-VIVIENDA.pdf\" target=\"_blank\" rel=\"noopener\">PDF&gt;<\/a><br \/>9. Justificant d&#8217;ajuda <a href=\"https:\/\/museros.org\/wp-content\/uploads\/2022\/06\/10-JUSTIFICANT-AJUDA.pdf\" target=\"_blank\" rel=\"noopener\">PDF&gt;<\/a><br \/>10. Sol\u00b7licitud d&#8217;activitats en per\u00edode estival <a href=\"https:\/\/museros.org\/wp-content\/uploads\/2022\/06\/11-SOLICITUD-ACTIVIDADES-ESTIO.pdf\" target=\"_blank\" rel=\"noopener\">PDF&gt;<\/a><br \/>11. Depend\u00e8ncia <a href=\"https:\/\/museros.org\/wp-content\/uploads\/2022\/06\/12-ESCRITO-DEPENDENCIA.pdf\" target=\"_blank\" rel=\"noopener\">PDF&gt;<\/a><br \/>12. Escrit per a presentar documentaci\u00f3 <a href=\"https:\/\/museros.org\/wp-content\/uploads\/2022\/06\/13-ESCRITO-PRESENTAR-DOCUMENTACION.pdf\" target=\"_blank\" rel=\"noopener\">PDF&gt;<\/a><br \/>13. Renda valenciana d&#8217;inclusi\u00f3 <a href=\"https:\/\/museros.org\/wp-content\/uploads\/2022\/06\/14-RENDA-DINCLUSIO.pdf\" target=\"_blank\" rel=\"noopener\">PDF&gt;<\/a><br \/>14. Tramitaci\u00f3 SAD <a href=\"https:\/\/museros.org\/wp-content\/uploads\/2022\/06\/15-ESCRITO-SAD.pdf\" target=\"_blank\" rel=\"noopener\">PDF&gt;<\/a><\/p>\n<p>[\/et_pb_accordion_item][et_pb_accordion_item title=\u00bbPersonal RR HH\u00bb open_toggle_text_color=\u00bb#000000&#8243; _builder_version=\u00bb4.19.3&#8243; _module_preset=\u00bbdefault\u00bb global_colors_info=\u00bb{}\u00bb open=\u00bboff\u00bb]<\/p>\n<p style=\"text-align: left;\">Sol\u00b7licitud processos selectius <a href=\"https:\/\/museros.org\/wp-content\/uploads\/2022\/12\/Sol\u00b7licitud-processos-selectius.pdf\" target=\"_blank\" rel=\"noopener\">pdf&gt;<\/a><\/p>\n<p>[\/et_pb_accordion_item][et_pb_accordion_item title=\u00bbAgricultura i Medi Ambient\u00bb open_toggle_text_color=\u00bb#000000&#8243; _builder_version=\u00bb4.17.1&#8243; _module_preset=\u00bbdefault\u00bb global_colors_info=\u00bb{}\u00bb open=\u00bboff\u00bb]<\/p>\n<p>&nbsp;<\/p>\n<p>\u2022 Declaraci\u00f3 responsable horts socials <a href=\"https:\/\/museros.org\/wp-content\/uploads\/2022\/04\/a-declaracio-horts-socials.pdf\" target=\"_blank\" rel=\"noopener\">PDF&gt;<\/a><br \/>\u2022 Sol\u00b7licitud horts socials <a href=\"https:\/\/museros.org\/wp-content\/uploads\/2022\/04\/a-sollicitud-horts-socials.pdf\" target=\"_blank\" rel=\"noopener\">PDF&gt;<\/a><br \/>\u2022 Sol\u00b7licitud tancament camins rurals <a href=\"https:\/\/museros.org\/wp-content\/uploads\/2022\/04\/a-sollicitud-tancament-camins.pdf\" target=\"_blank\" rel=\"noopener\">PDF&gt;<\/a><\/p>\n<p>[\/et_pb_accordion_item][et_pb_accordion_item title=\u00bbCultura\u00bb open_toggle_text_color=\u00bb#000000&#8243; _builder_version=\u00bb4.17.1&#8243; _module_preset=\u00bbdefault\u00bb global_colors_info=\u00bb{}\u00bb toggle_text_color=\u00bb#990000&#8243; open=\u00bboff\u00bb]<\/p>\n<p>\u2022 Sol\u00b7licitud de cessi\u00f3 d\u2019espai p\u00fablic <a href=\"https:\/\/museros.org\/wp-content\/uploads\/2022\/04\/a-sollicitud-espai.pdf\" target=\"_blank\" rel=\"noopener\">PDF&gt;<\/a><\/p>\n<p>[\/et_pb_accordion_item][et_pb_accordion_item title=\u00bbPolicia\u00bb open_toggle_text_color=\u00bb#000000&#8243; _builder_version=\u00bb4.17.0&#8243; _module_preset=\u00bbdefault\u00bb global_colors_info=\u00bb{}\u00bb open=\u00bboff\u00bb]<\/p>\n<p>Sol\u00b7licitud de llicencia d&#8217;animal potencialment perill\u00f3s <a href=\"https:\/\/museros.org\/wp-content\/uploads\/2022\/04\/a-sollicitud-llicencia-gosos-perillosos.pdf\" target=\"_blank\" rel=\"noopener\">PDF&gt;<\/a><br \/>Declaraci\u00f3 responsable d&#8217;animal potencialment perill\u00f3s <a href=\"https:\/\/museros.org\/wp-content\/uploads\/2022\/04\/a-declaracio-responsable-gosos-perillosos.pdf\" target=\"_blank\" rel=\"noopener\">PDF&gt;<\/a><br \/>Declaraci\u00f3 responsable d&#8217;\u00fas de pirot\u00e8cnia <a href=\"https:\/\/museros.org\/wp-content\/uploads\/2022\/04\/a-declaracio-responsable-acte-pirotecnic.pdf\" target=\"_blank\" rel=\"noopener\">PDF&gt;<\/a><br \/>Autoritzaci\u00f3 disminuci\u00f3 d&#8217;edats d&#8217;\u00fas d&#8217;artificio <a href=\"https:\/\/museros.org\/wp-content\/uploads\/2021\/05\/model-dautoritzacio.pdf\" target=\"_blank\" rel=\"noopener\">PDF&gt;<\/a><\/p>\n<p>[\/et_pb_accordion_item][et_pb_accordion_item title=\u00bbAssociacions\u00bb open_toggle_text_color=\u00bb#000000&#8243; _builder_version=\u00bb4.17.0&#8243; _module_preset=\u00bbdefault\u00bb global_colors_info=\u00bb{}\u00bb open=\u00bboff\u00bb]<\/p>\n<p>Registre municipal d&#8217;associacions ve\u00efnals <a href=\"https:\/\/museros.org\/wp-content\/uploads\/2022\/04\/a-asociaciones-vecinales.pdf\" target=\"_blank\" rel=\"noopener\">PDF&gt;<\/a><\/p>\n<p>[\/et_pb_accordion_item][et_pb_accordion_item title=\u00bbEscola Infantil Municipal de Primer Cicle\u00bb open_toggle_text_color=\u00bb#000000&#8243; _builder_version=\u00bb4.27.4&#8243; _module_preset=\u00bbdefault\u00bb global_colors_info=\u00bb{}\u00bb open=\u00bboff\u00bb]<\/p>\n<p>Sol\u00b7licitud de servei d\u2019horari extra <a href=\"https:\/\/museros.org\/wp-content\/uploads\/2025\/06\/solicitud-de-servicio-de-horario-extra-en-la-escoleta.pdf\" target=\"_blank\" rel=\"noopener\">PDF&gt;<\/a><\/p>\n<p>[\/et_pb_accordion_item][\/et_pb_accordion][et_pb_divider color=\u00bb#999999&#8243; divider_style=\u00bbdotted\u00bb divider_weight=\u00bb7px\u00bb _builder_version=\u00bb4.16&#8243; _module_preset=\u00bbdefault\u00bb min_height=\u00bb26px\u00bb custom_margin=\u00bb40px||0px||false|false\u00bb custom_padding=\u00bb||0px||false|false\u00bb locked=\u00bboff\u00bb global_colors_info=\u00bb{}\u00bb][\/et_pb_divider][\/et_pb_column][\/et_pb_row][et_pb_row column_structure=\u00bb1_4,1_4,1_4,1_4&#8243; _builder_version=\u00bb4.16&#8243; _module_preset=\u00bbdefault\u00bb custom_margin=\u00bb0px||0px||false|false\u00bb custom_padding=\u00bb0px||0px||false|false\u00bb global_colors_info=\u00bb{}\u00bb][et_pb_column type=\u00bb1_4&#8243; _builder_version=\u00bb4.16&#8243; _module_preset=\u00bbdefault\u00bb global_colors_info=\u00bb{}\u00bb][\/et_pb_column][et_pb_column type=\u00bb1_4&#8243; _builder_version=\u00bb4.16&#8243; _module_preset=\u00bbdefault\u00bb global_colors_info=\u00bb{}\u00bb][et_pb_image src=\u00bbhttps:\/\/museros.org\/wp-content\/uploads\/2021\/08\/logo-ordenances-230&#215;180-1.jpg\u00bb title_text=\u00bblogo-ordenances-230&#215;180&#8243; url=\u00bbhttps:\/\/museros.org\/ca\/ordenances\u00bb use_overlay=\u00bbon\u00bb overlay_icon_color=\u00bb#E02B20&#8243; hover_overlay_color=\u00bbrgba(255,255,255,0.7)\u00bb hover_icon=\u00bb&#xe04e;||divi||400&#8243; align=\u00bbcenter\u00bb _builder_version=\u00bb4.16&#8243; _module_preset=\u00bbdefault\u00bb width=\u00bb100%\u00bb global_colors_info=\u00bb{}\u00bb][\/et_pb_image][\/et_pb_column][et_pb_column type=\u00bb1_4&#8243; _builder_version=\u00bb4.16&#8243; _module_preset=\u00bbdefault\u00bb global_colors_info=\u00bb{}\u00bb][et_pb_image src=\u00bbhttps:\/\/museros.org\/wp-content\/uploads\/2021\/08\/logo-inscripcions-230&#215;180-1.jpg\u00bb title_text=\u00bblogo-inscripcions-230&#215;180&#8243; url=\u00bbhttps:\/\/museros.org\/ca\/inscripcions\u00bb use_overlay=\u00bbon\u00bb overlay_icon_color=\u00bb#E02B20&#8243; hover_overlay_color=\u00bbrgba(255,255,255,0.7)\u00bb hover_icon=\u00bb&#xe04e;||divi||400&#8243; align=\u00bbcenter\u00bb _builder_version=\u00bb4.16&#8243; _module_preset=\u00bbdefault\u00bb width=\u00bb100%\u00bb global_colors_info=\u00bb{}\u00bb][\/et_pb_image][\/et_pb_column][et_pb_column type=\u00bb1_4&#8243; _builder_version=\u00bb4.16&#8243; _module_preset=\u00bbdefault\u00bb global_colors_info=\u00bb{}\u00bb][\/et_pb_column][\/et_pb_row][et_pb_row _builder_version=\u00bb4.16&#8243; _module_preset=\u00bbdefault\u00bb custom_margin=\u00bb|auto|3px|auto||\u00bb global_colors_info=\u00bb{}\u00bb][et_pb_column type=\u00bb4_4&#8243; _builder_version=\u00bb4.16&#8243; _module_preset=\u00bbdefault\u00bb global_colors_info=\u00bb{}\u00bb][et_pb_divider color=\u00bb#E02B20&#8243; divider_weight=\u00bb4px\u00bb _builder_version=\u00bb4.16&#8243; _module_preset=\u00bbdefault\u00bb global_colors_info=\u00bb{}\u00bb][\/et_pb_divider][\/et_pb_column][\/et_pb_row][\/et_pb_section]<\/p>\n","protected":false},"excerpt":{"rendered":"<p>\u2022 Sol\u00b7licitud general PDF&gt;\u2022 Sol\u00b7licitud de bonificaci\u00f3 per familia nombrosa IBI PDF&gt;\u2022 Sol\u00b7licitud per a les notificacions electr\u00f2niques de l\u2019Oficina Tribut\u00e0ria de l&#8217;Ajuntament de Museros (OTAM) PDF&gt;\u2022 Sol\u00b7licitud per al pla Museros Plus PDF&gt;\u2022 Sol\u00b7licitud de domiciliaci\u00f3 banc\u00e0ria PDF&gt;\u2022 Declaraci\u00f3 tribut\u00e0ria sobre plusvalia PDF&gt;\u2022 Documentaci\u00f3 per a la sol\u00b7licitud d&#8217;exempci\u00f3 per discapacitat PDF&gt;\u2022 Manteniment de [&hellip;]<\/p>\n","protected":false},"author":8,"featured_media":0,"parent":0,"menu_order":0,"comment_status":"closed","ping_status":"closed","template":"","meta":{"_et_pb_use_builder":"on","_et_pb_old_content":"","_et_gb_content_width":"","_mc_calendar":[],"footnotes":""},"wf_page_folders":[309],"class_list":["post-245824","page","type-page","status-publish","hentry"],"_links":{"self":[{"href":"https:\/\/museros.org\/inici\/wp-json\/wp\/v2\/pages\/245824","targetHints":{"allow":["GET"]}}],"collection":[{"href":"https:\/\/museros.org\/inici\/wp-json\/wp\/v2\/pages"}],"about":[{"href":"https:\/\/museros.org\/inici\/wp-json\/wp\/v2\/types\/page"}],"author":[{"embeddable":true,"href":"https:\/\/museros.org\/inici\/wp-json\/wp\/v2\/users\/8"}],"replies":[{"embeddable":true,"href":"https:\/\/museros.org\/inici\/wp-json\/wp\/v2\/comments?post=245824"}],"version-history":[{"count":86,"href":"https:\/\/museros.org\/inici\/wp-json\/wp\/v2\/pages\/245824\/revisions"}],"predecessor-version":[{"id":277623,"href":"https:\/\/museros.org\/inici\/wp-json\/wp\/v2\/pages\/245824\/revisions\/277623"}],"wp:attachment":[{"href":"https:\/\/museros.org\/inici\/wp-json\/wp\/v2\/media?parent=245824"}],"wp:term":[{"taxonomy":"wf_page_folders","embeddable":true,"href":"https:\/\/museros.org\/inici\/wp-json\/wp\/v2\/wf_page_folders?post=245824"}],"curies":[{"name":"wp","href":"https:\/\/api.w.org\/{rel}","templated":true}]}}