{"id":243374,"date":"2021-05-31T15:06:22","date_gmt":"2021-05-31T15:06:22","guid":{"rendered":"https:\/\/museros.org\/?page_id=243374"},"modified":"2025-04-14T11:50:57","modified_gmt":"2025-04-14T11:50:57","slug":"asociaciones","status":"publish","type":"page","link":"https:\/\/museros.org\/inici\/es\/asociaciones\/","title":{"rendered":"Asociaciones"},"content":{"rendered":"<p>[et_pb_section fb_built=\u00bb1&#8243; _builder_version=\u00bb4.16&#8243; _module_preset=\u00bbdefault\u00bb custom_padding=\u00bb0px||||false|false\u00bb global_colors_info=\u00bb{}\u00bb][et_pb_row column_structure=\u00bb1_3,1_3,1_3&#8243; _builder_version=\u00bb4.16&#8243; _module_preset=\u00bbdefault\u00bb custom_padding=\u00bb0px||||false|false\u00bb global_colors_info=\u00bb{}\u00bb][et_pb_column type=\u00bb1_3&#8243; _builder_version=\u00bb4.16&#8243; _module_preset=\u00bbdefault\u00bb global_colors_info=\u00bb{}\u00bb][et_pb_image src=\u00bbhttps:\/\/museros.org\/wp-content\/uploads\/2021\/08\/logo-asociaciones-1.jpg\u00bb title_text=\u00bblogo-asociaciones\u00bb url=\u00bbhttps:\/\/museros.org\/inici\/es\/\u00bb use_overlay=\u00bbon\u00bb overlay_icon_color=\u00bb#E02B20&#8243; hover_overlay_color=\u00bbrgba(255,255,255,0.7)\u00bb hover_icon=\u00bb&#xe04d;||divi||400&#8243; align=\u00bbcenter\u00bb _builder_version=\u00bb4.16&#8243; _module_preset=\u00bbdefault\u00bb width=\u00bb100%\u00bb custom_margin=\u00bb0px||||false|false\u00bb global_colors_info=\u00bb{}\u00bb][\/et_pb_image][\/et_pb_column][et_pb_column type=\u00bb1_3&#8243; _builder_version=\u00bb4.16&#8243; _module_preset=\u00bbdefault\u00bb global_colors_info=\u00bb{}\u00bb][et_pb_text _builder_version=\u00bb4.20.2&#8243; _module_preset=\u00bbdefault\u00bb custom_padding=\u00bb||1px|||\u00bb global_colors_info=\u00bb{}\u00bb]<\/p>\n<p><strong>Amics de la Festa de Sant Vicent<\/strong><br \/><a href=\"mailto:amicsdelafestasantvicent@gmail.com\" target=\"_blank\" rel=\"noopener\">amicsdelafestasantvicent@gmail.com<\/a><br \/><span style=\"color: #0000ff;\"><a href=\"https:\/\/bit.ly\/3fZ6lZG\" target=\"_blank\" rel=\"noopener\" style=\"color: #0000ff;\"><span style=\"color: #3366ff;\">facebook<\/span><\/a><\/span><\/p>\n<p><strong>Amics del Betlem de Museros<\/strong><br \/><a href=\"mailto:amicsdelbetlemmuseros@gmail.com\" target=\"_blank\" rel=\"noopener\">amicsdelbetlemmuseros@gmail.com<\/a><br \/><span style=\"color: #3366ff;\"><a href=\"https:\/\/bit.ly\/3c6eWsi\" target=\"_blank\" rel=\"noopener\" style=\"color: #3366ff;\">facebook<\/a><\/span><\/p>\n<p><strong>AMPA CEIP Blasco Ib\u00e1\u00f1ez de Museros<\/strong><br \/><a href=\"mailto:ampamuseros@gmail.com\" target=\"_blank\" rel=\"noopener\">ampamuseros@gmail.com<\/a><br \/><span style=\"color: #3366ff;\"><a href=\"https:\/\/bit.ly\/2R5xvFE\" target=\"_blank\" rel=\"noopener\" style=\"color: #3366ff;\">facebook<\/a><\/span><\/p>\n<p><strong>AMPA de l&#8217;IES de Museros<\/strong><br \/><a href=\"mailto:aiesmuseros@gmail.com\" target=\"_blank\" rel=\"noopener\">aiesmuseros@gmail.com<\/a><br \/><a href=\"https:\/\/bit.ly\/2R5qmVS\" target=\"_blank\" rel=\"noopener\"><span style=\"color: #3366ff;\">facebook<\/span><\/a><\/p>\n<p><strong>AMPA Escola La Mas\u00eda<\/strong><br \/><a href=\"mailto:ampa@lamasia.org\">ampa@lamasia.org<\/a><\/p>\n<p><strong>Asociaci\u00f3n de Jubilados y Pensionistas de Museros<br \/><\/strong>Jubipen DE Museros<br \/><a href=\"https:\/\/www.facebook.com\/profile.php?id=100089925096889\" target=\"_blank\" rel=\"noopener\"><span style=\"color: #3366ff;\">facebook<\/span><\/a><br \/><a href=\"mailto:jubipenmuseros@gmail.com\" target=\"_blank\" rel=\"noopener\">jubipenmuseros@gmail.com<\/a><\/p>\n<p><strong>Associaci\u00f3 C\u00edvica Valenciana Tirant lo Blanc<\/strong><br \/><a href=\"mailto:administracio@tirant.org\" target=\"_blank\" rel=\"noopener\">administracio@tirant.org<\/a><\/p>\n<p><strong>Associaci\u00f3 de Ve\u00efnes i Ve\u00efns de Museros<\/strong><br \/><a href=\"mailto:info@aavvmuseros.org\" target=\"_blank\" rel=\"noopener\">info@aavvmuseros.org<\/a><\/p>\n<p><strong>CAMU<\/strong> (Comer\u00e7os Associats de Museros)<br \/><a href=\"mailto:asociacioncomerciosmuseros@gmail.com\" target=\"_blank\" rel=\"noopener\" title=\"asociacioncomerciosmuseros@gmail.com\">asociacioncomerciosmuseros@gmail.com<\/a><br \/><a href=\"https:\/\/bit.ly\/3yO0Jdb\" target=\"_blank\" rel=\"noopener\"><span style=\"color: #3366ff;\">facebook<\/span><\/a><\/p>\n<p><strong>CB Estudiantes Museros<\/strong><br \/><a href=\"mailto:viclosan16@hotmail.com\" target=\"_blank\" rel=\"noopener\">viclosan16@hotmail.com<\/a><br \/><a href=\"https:\/\/bit.ly\/3uL9rpD\" target=\"_blank\" rel=\"noopener\"><span style=\"color: #3366ff;\">facebook<\/span><\/a><\/p>\n<p><strong>Centre de Formaci\u00f3 Secular Obreras de la Cruz<\/strong><br \/><a href=\"mailto:museros.isoc@gmail.com\">museros.isoc@gmail.com<\/a><\/p>\n<p><strong>Club Ciclista Pascual Bolea<\/strong><br \/><a href=\"mailto:vicentebolearuiz@gmail.com\" target=\"_blank\" rel=\"noopener\">vicentebolearuiz@gmail.com<\/a><\/p>\n<p><strong>Club de Pilota Valenciana Museros<\/strong><br \/><a href=\"mailto:enrique.ruiz.gimeno@gmail.com\" target=\"_blank\" rel=\"noopener\">enrique.ruiz.gimeno@gmail.com<\/a><\/p>\n<p><strong>Club Deportivo de Caza de Museros<\/strong><br \/><a href=\"mailto:pjmartinez1453@gmail.com\" target=\"_blank\" rel=\"noopener\">pjmartinez1453@gmail.com<\/a><span style=\"color: #3366ff;\"><a href=\"https:\/\/bit.ly\/34vHpDx\" target=\"_blank\" rel=\"noopener\" style=\"color: #3366ff;\"><span style=\"color: #3366ff;\"><\/span><\/a><\/span><\/p>\n<p><strong>Falla de Museros<br \/><\/strong><a href=\"mailto:secretariamuseros@gmail.com\" target=\"_blank\" rel=\"noopener\">secretariamuseros@gmail.com<\/a><br \/><span style=\"color: #3366ff;\"><a href=\"https:\/\/bit.ly\/34vHpDx\" target=\"_blank\" rel=\"noopener\" style=\"color: #3366ff;\">facebook<\/a><\/span><\/p>\n<p>[\/et_pb_text][\/et_pb_column][et_pb_column type=\u00bb1_3&#8243; _builder_version=\u00bb4.16&#8243; _module_preset=\u00bbdefault\u00bb global_colors_info=\u00bb{}\u00bb][et_pb_text _builder_version=\u00bb4.27.4&#8243; _module_preset=\u00bbdefault\u00bb hover_enabled=\u00bb0&#8243; global_colors_info=\u00bb{}\u00bb sticky_enabled=\u00bb0&#8243;]<\/p>\n<p><span style=\"color: #3366ff;\"><\/span><strong>Falla el Castell<\/strong><br \/><a href=\"mailto:fallaelcastellsecretaria@gmail.com\" target=\"_blank\" rel=\"noopener\">fallaelcastellsecretaria@gmail.com<\/a><br \/><span style=\"color: #3366ff;\"><a href=\"https:\/\/bit.ly\/3i54aWZ\" target=\"_blank\" rel=\"noopener\" style=\"color: #3366ff;\">facebook<\/a><\/span><\/p>\n<p><strong>Grupo Deportivo Recreativo de Grup C\u00f3rrer Museros<\/strong><br \/><a href=\"mailto:grupcorrermuseros@gmail.com\" target=\"_blank\" rel=\"noopener\">grupcorrermuseros@gmail.com<\/a><br \/><span style=\"color: #3366ff;\"><a href=\"https:\/\/bit.ly\/3p6Sch8\" target=\"_blank\" rel=\"noopener\" style=\"color: #3366ff;\">facebook<\/a><\/span><\/p>\n<p><span style=\"color: #000000;\"><strong>Junta Local AECC Museros<\/strong><\/span><span style=\"color: #3366ff;\"><br \/><a href=\"mailto:juntalocalmuseros@hotmail.com\" target=\"_blank\" rel=\"noopener\">juntalocalmuseros@hotmail.com<\/a><\/span><\/p>\n<p><strong>Museros CF<\/strong><br \/><a href=\"mailto:museroscf@gmail.com\" target=\"_blank\" rel=\"noopener\">museroscf@gmail.com<\/a><br \/><span style=\"color: #3366ff;\"><a href=\"https:\/\/bit.ly\/3fzwZcs\" target=\"_blank\" rel=\"noopener\" style=\"color: #3366ff;\">facebook<\/a><\/span><\/p>\n<p><strong>Penya Ciclista Museros<\/strong><br \/><a href=\"mailto:josepmuseros@gmail.com\" target=\"_blank\" rel=\"noopener\">josepmuseros@gmail.com<\/a><\/p>\n<p><strong>Penya El Coet de Sant Vicent Ferrer<\/strong><br \/><a href=\"mailto:elbolomuseros@gmail.com\" target=\"_blank\" rel=\"noopener\">elbolomuseros@gmail.com<\/a><br \/><span style=\"color: #3366ff;\"><a href=\"https:\/\/bit.ly\/34Bb0vo\" target=\"_blank\" rel=\"noopener\" style=\"color: #3366ff;\">facebook<\/a><\/span><\/p>\n<p><strong>Penya Taurina Els de la Por<\/strong><br \/><span style=\"color: #3366ff;\"><a href=\"https:\/\/bit.ly\/2RW5CjK\" target=\"_blank\" rel=\"noopener\" style=\"color: #3366ff;\">facebook<\/a><\/span><\/p>\n<p><strong>Penya Taurina Els Valents<\/strong><br \/><a href=\"mailto:penyataurinaelsvalents1976@gmail.com\" target=\"_blank\" rel=\"noopener\">penyataurinaelsvalents1976@gmail.com<\/a><br \/><span style=\"color: #3366ff;\"><a href=\"https:\/\/bit.ly\/3wJIcgn\" target=\"_blank\" rel=\"noopener\" style=\"color: #3366ff;\">facebook<\/a><\/span><\/p>\n<p><strong>Penya Taurina Gent Jove<\/strong><br \/><a href=\"mailto:josema19_89@hotmail.com\" target=\"_blank\" rel=\"noopener\">josema19_89@hotmail.com<\/a><br \/><span style=\"color: #3366ff;\"><a href=\"https:\/\/bit.ly\/3c6gUJ0\" target=\"_blank\" rel=\"noopener\" style=\"color: #3366ff;\">facebook<\/a><\/span><\/p>\n<p><strong>Penya Taurina Museros<\/strong><br \/><a href=\"mailto:javiercruzlliso@gmail.com\" target=\"_blank\" rel=\"noopener\">javiercruzlliso@gmail.com<\/a><br \/><span style=\"color: #3366ff;\"><a href=\"https:\/\/bit.ly\/3i7f66G\" target=\"_blank\" rel=\"noopener\" style=\"color: #3366ff;\">facebook<\/a><\/span><\/p>\n<p><strong>Penya Taurina Sant Antoni<br \/><\/strong><a href=\"mailto:santantonimuseros@gmail.com\">santantonimuseros@gmail.com<\/a><br \/><a href=\"https:\/\/bit.ly\/4ijpZ0H\" target=\"_blank\" rel=\"noopener\" style=\"color: #3366ff;\">instagram<\/a><\/p>\n<p><strong>Penya Taurina Sant Roc<\/strong><br \/><span style=\"color: #3366ff;\"><a href=\"https:\/\/bit.ly\/3paHoyr\" target=\"_blank\" rel=\"noopener\" style=\"color: #3366ff;\">facebook<\/a><\/span><\/p>\n<p><strong>Pro.Gat.Mus<\/strong> (Societat Protectora de Gats de Museros)<br \/><a href=\"mailto:asociacionprogatmus@gmail.com\" target=\"_blank\" rel=\"noopener\">asociacionprogatmus@gmail.com<\/a><br \/><span style=\"color: #3366ff;\"><a href=\"https:\/\/bit.ly\/3i7fBh4\" target=\"_blank\" rel=\"noopener\" style=\"color: #3366ff;\">facebook<\/a><\/span><\/p>\n<p><strong>Seguretat Autodefensa Val\u00e8ncia<\/strong><br \/><a href=\"mailto:jiujitsumuseros@gmail.com\" target=\"_blank\" rel=\"noopener\">jiujitsumuseros@gmail.com<\/a><\/p>\n<p><strong>Societat Uni\u00f3 Musical de Museros<\/strong><br \/><a href=\"mailto:societatuniomusicalmuseros@gmail.com\" target=\"_blank\" rel=\"noopener\">societatuniomusicalmuseros@gmail.com<\/a><br \/><a href=\"https:\/\/bit.ly\/3p5Rq3W\" target=\"_blank\" rel=\"noopener\"><span style=\"color: #3366ff;\">facebook<\/span><\/a><\/p>\n<p>[\/et_pb_text][\/et_pb_column][\/et_pb_row][et_pb_row _builder_version=\u00bb4.16&#8243; _module_preset=\u00bbdefault\u00bb custom_margin=\u00bb25px||||false|false\u00bb global_colors_info=\u00bb{}\u00bb][et_pb_column type=\u00bb4_4&#8243; _builder_version=\u00bb4.16&#8243; _module_preset=\u00bbdefault\u00bb global_colors_info=\u00bb{}\u00bb][et_pb_divider color=\u00bb#E02B20&#8243; divider_weight=\u00bb4px\u00bb _builder_version=\u00bb4.16&#8243; _module_preset=\u00bbdefault\u00bb min_height=\u00bb23px\u00bb global_colors_info=\u00bb{}\u00bb][\/et_pb_divider][\/et_pb_column][\/et_pb_row][\/et_pb_section]<\/p>\n","protected":false},"excerpt":{"rendered":"<p>Amics de la Festa de Sant Vicentamicsdelafestasantvicent@gmail.comfacebook Amics del Betlem de Muserosamicsdelbetlemmuseros@gmail.comfacebook AMPA CEIP Blasco Ib\u00e1\u00f1ez de Muserosampamuseros@gmail.comfacebook AMPA de l&#8217;IES de Muserosaiesmuseros@gmail.comfacebook AMPA Escola La Mas\u00edaampa@lamasia.org Asociaci\u00f3n de Jubilados y Pensionistas de MuserosJubipen DE Muserosfacebookjubipenmuseros@gmail.com Associaci\u00f3 C\u00edvica Valenciana Tirant lo Blancadministracio@tirant.org Associaci\u00f3 de Ve\u00efnes i Ve\u00efns de Muserosinfo@aavvmuseros.org CAMU (Comer\u00e7os Associats de Museros)asociacioncomerciosmuseros@gmail.comfacebook CB [&hellip;]<\/p>\n","protected":false},"author":8,"featured_media":0,"parent":0,"menu_order":0,"comment_status":"closed","ping_status":"closed","template":"","meta":{"_et_pb_use_builder":"on","_et_pb_old_content":"","_et_gb_content_width":"","_mc_calendar":[],"footnotes":""},"wf_page_folders":[371],"class_list":["post-243374","page","type-page","status-publish","hentry"],"_links":{"self":[{"href":"https:\/\/museros.org\/inici\/wp-json\/wp\/v2\/pages\/243374","targetHints":{"allow":["GET"]}}],"collection":[{"href":"https:\/\/museros.org\/inici\/wp-json\/wp\/v2\/pages"}],"about":[{"href":"https:\/\/museros.org\/inici\/wp-json\/wp\/v2\/types\/page"}],"author":[{"embeddable":true,"href":"https:\/\/museros.org\/inici\/wp-json\/wp\/v2\/users\/8"}],"replies":[{"embeddable":true,"href":"https:\/\/museros.org\/inici\/wp-json\/wp\/v2\/comments?post=243374"}],"version-history":[{"count":25,"href":"https:\/\/museros.org\/inici\/wp-json\/wp\/v2\/pages\/243374\/revisions"}],"predecessor-version":[{"id":273546,"href":"https:\/\/museros.org\/inici\/wp-json\/wp\/v2\/pages\/243374\/revisions\/273546"}],"wp:attachment":[{"href":"https:\/\/museros.org\/inici\/wp-json\/wp\/v2\/media?parent=243374"}],"wp:term":[{"taxonomy":"wf_page_folders","embeddable":true,"href":"https:\/\/museros.org\/inici\/wp-json\/wp\/v2\/wf_page_folders?post=243374"}],"curies":[{"name":"wp","href":"https:\/\/api.w.org\/{rel}","templated":true}]}}