{"id":243185,"date":"2021-05-28T17:11:11","date_gmt":"2021-05-28T17:11:11","guid":{"rendered":"https:\/\/museros.org\/?page_id=243185"},"modified":"2022-04-14T09:00:17","modified_gmt":"2022-04-14T09:00:17","slug":"proteccion-ciudadana","status":"publish","type":"page","link":"https:\/\/museros.org\/inici\/es\/proteccion-ciudadana\/","title":{"rendered":"Protecci\u00f3n ciudadana"},"content":{"rendered":"<p>[et_pb_section fb_built=\u00bb1&#8243; _builder_version=\u00bb4.16&#8243; _module_preset=\u00bbdefault\u00bb custom_padding=\u00bb0px||||false|false\u00bb locked=\u00bboff\u00bb global_colors_info=\u00bb{}\u00bb][et_pb_row column_structure=\u00bb1_4,3_4&#8243; _builder_version=\u00bb4.16&#8243; _module_preset=\u00bbdefault\u00bb custom_margin=\u00bb0px||0px||false|false\u00bb custom_padding=\u00bb0px||0px||false|false\u00bb locked=\u00bboff\u00bb global_colors_info=\u00bb{}\u00bb][et_pb_column type=\u00bb1_4&#8243; _builder_version=\u00bb4.16&#8243; _module_preset=\u00bbdefault\u00bb global_colors_info=\u00bb{}\u00bb][et_pb_image src=\u00bbhttps:\/\/museros.org\/wp-content\/uploads\/2021\/08\/logo-proteccionciud-200&#215;160-1.jpg\u00bb title_text=\u00bblogo-proteccionciud-200&#215;160&#8243; url=\u00bbhttps:\/\/museros.org\/inici\/es\/area-de-seguridad-ciudadana\/\u00bb use_overlay=\u00bbon\u00bb overlay_icon_color=\u00bb#E02B20&#8243; hover_overlay_color=\u00bbrgba(255,255,255,0.67)\u00bb hover_icon=\u00bb&#xe04d;||divi||400&#8243; align=\u00bbcenter\u00bb _builder_version=\u00bb4.16&#8243; _module_preset=\u00bbdefault\u00bb global_colors_info=\u00bb{}\u00bb][\/et_pb_image][\/et_pb_column][et_pb_column type=\u00bb3_4&#8243; _builder_version=\u00bb4.16&#8243; _module_preset=\u00bbdefault\u00bb global_colors_info=\u00bb{}\u00bb][et_pb_text _builder_version=\u00bb4.17.0&#8243; _module_preset=\u00bbdefault\u00bb custom_margin=\u00bb0px||0px||false|false\u00bb custom_padding=\u00bb0px||0px||false|false\u00bb global_colors_info=\u00bb{}\u00bb]<\/p>\n<h1>Protecci\u00f3n ciudadana<\/h1>\n<p>La clave de la prevenci\u00f3n de la violencia familiar, de g\u00e9nero, el acoso escolar o cualquier tipo de violencia se encuentra en una socializaci\u00f3n y una educaci\u00f3n basada en la igualdad con tal de desempe\u00f1ar una labor de prevenci\u00f3n. La socializaci\u00f3n es el proceso en el cual asumimos las reglas y normas de comportamiento seg\u00fan la familia, la escuela, los amigos, etc.<\/p>\n<p>[\/et_pb_text][et_pb_image src=\u00bbhttps:\/\/museros.org\/wp-content\/uploads\/2021\/05\/violencia.jpg\u00bb title_text=\u00bbviolencia-mv\u00bb show_bottom_space=\u00bboff\u00bb src_tablet=\u00bb\u00bb src_phone=\u00bbhttps:\/\/museros.org\/wp-content\/uploads\/2021\/05\/violencia-mv.jpg\u00bb src_last_edited=\u00bbon|phone\u00bb _builder_version=\u00bb4.16&#8243; _module_preset=\u00bbdefault\u00bb custom_margin=\u00bb40px||30px||false|false\u00bb global_colors_info=\u00bb{}\u00bb][\/et_pb_image][et_pb_text _builder_version=\u00bb4.17.0&#8243; _module_preset=\u00bbdefault\u00bb custom_margin=\u00bb||30px||false|false\u00bb global_colors_info=\u00bb{}\u00bb]<\/p>\n<h3>Violencia de g\u00e9nero<\/h3>\n<p>Se entiende por violencia de g\u00e9nero cualquier acto violento o agresi\u00f3n, basados en una situaci\u00f3n de desigualdad en el marco de un sistema de relaciones de dominaci\u00f3n de los hombres sobre las mujeres que tenga o pueda tener como consecuencia un da\u00f1o f\u00edsico, sexual o psicol\u00f3gico, incluidas las amenazas de tales actos y la coacci\u00f3n o privaci\u00f3n arbitraria de la libertad, tanto si ocurren en el \u00e1mbito p\u00fablico como en la vida familiar o personal.<\/p>\n<p>El concepto violencia de g\u00e9nero da nombre a un problema, que incluso hace poco, formaba parte del entorno privado de las personas; era considerado un asunto de familia que no deb\u00eda trascender de puertas para fuera y, por lo tanto, en el que no se deb\u00eda intervenir. Entender la violencia como un asunto personal refuerza a las mujeres a una situaci\u00f3n de subordinaci\u00f3n respeto del hombre e implica asumir las relaciones de poder hist\u00f3ricamente desiguales entre ambos y a trav\u00e9s de las cuales se legitima al hombre a mantener su status-quo de la dominaci\u00f3n incluso a trav\u00e9s de la violencia. Esta percepci\u00f3n contribuye a que las mujeres no denuncien su situaci\u00f3n por miedo, verg\u00fcenza o culpabilidad.<\/p>\n<p>[\/et_pb_text][\/et_pb_column][\/et_pb_row][et_pb_row column_structure=\u00bb1_4,1_4,1_4,1_4&#8243; _builder_version=\u00bb4.16&#8243; _module_preset=\u00bbdefault\u00bb custom_margin=\u00bb0px||-30px||false|false\u00bb custom_padding=\u00bb0px||0px||false|false\u00bb global_colors_info=\u00bb{}\u00bb][et_pb_column type=\u00bb1_4&#8243; _builder_version=\u00bb4.16&#8243; _module_preset=\u00bbdefault\u00bb global_colors_info=\u00bb{}\u00bb][\/et_pb_column][et_pb_column type=\u00bb1_4&#8243; _builder_version=\u00bb4.16&#8243; _module_preset=\u00bbdefault\u00bb global_colors_info=\u00bb{}\u00bb][et_pb_image src=\u00bbhttps:\/\/museros.org\/wp-content\/uploads\/2021\/08\/logo-protocolo-vg-200&#215;160-1.jpg\u00bb title_text=\u00bblogo-protocolo-vg-200&#215;160&#8243; url=\u00bbhttps:\/\/museros.org\/wp-content\/uploads\/2021\/05\/PROTOCOLO-VIOLENCIA-DE-GENERO-AYUNTAMIENTO-DE-MUSEROS..pdf\u00bb url_new_window=\u00bbon\u00bb use_overlay=\u00bbon\u00bb overlay_icon_color=\u00bb#8300E9&#8243; hover_overlay_color=\u00bbrgba(255,255,255,0.7)\u00bb hover_icon=\u00bb&#xe04c;||divi||400&#8243; align=\u00bbcenter\u00bb _builder_version=\u00bb4.16&#8243; _module_preset=\u00bbdefault\u00bb global_colors_info=\u00bb{}\u00bb][\/et_pb_image][\/et_pb_column][et_pb_column type=\u00bb1_4&#8243; _builder_version=\u00bb4.16&#8243; _module_preset=\u00bbdefault\u00bb global_colors_info=\u00bb{}\u00bb][et_pb_image src=\u00bbhttps:\/\/museros.org\/wp-content\/uploads\/2021\/11\/logo-informacionvg-200&#215;160-2.jpg\u00bb title_text=\u00bblogo-informacionvg-200&#215;160&#8243; url=\u00bbhttps:\/\/museros.org\/wp-content\/uploads\/2021\/11\/PRESENTACION-VIOLENCIA-DE-GENERO.pdf\u00bb url_new_window=\u00bbon\u00bb use_overlay=\u00bbon\u00bb overlay_icon_color=\u00bb#8300E9&#8243; hover_overlay_color=\u00bbrgba(255,255,255,0.7)\u00bb hover_icon=\u00bb&#xe04c;||divi||400&#8243; align=\u00bbcenter\u00bb _builder_version=\u00bb4.16&#8243; _module_preset=\u00bbdefault\u00bb global_colors_info=\u00bb{}\u00bb][\/et_pb_image][\/et_pb_column][et_pb_column type=\u00bb1_4&#8243; _builder_version=\u00bb4.16&#8243; _module_preset=\u00bbdefault\u00bb global_colors_info=\u00bb{}\u00bb][et_pb_image src=\u00bbhttps:\/\/museros.org\/wp-content\/uploads\/2021\/08\/logo-proactivas-vg-200&#215;160-1.jpg\u00bb title_text=\u00bblogo-proactivas-vg-200&#215;160&#8243; url=\u00bbhttps:\/\/museros.org\/wp-content\/uploads\/2021\/05\/TECNICAS-PROACTIVAS-EN-EL-AMBITO-DE-LA-VIOLENCIA-DE-GENERO.pdf\u00bb url_new_window=\u00bbon\u00bb use_overlay=\u00bbon\u00bb overlay_icon_color=\u00bb#8300E9&#8243; hover_overlay_color=\u00bbrgba(255,255,255,0.7)\u00bb hover_icon=\u00bb&#xe04c;||divi||400&#8243; align=\u00bbcenter\u00bb _builder_version=\u00bb4.16&#8243; _module_preset=\u00bbdefault\u00bb global_colors_info=\u00bb{}\u00bb][\/et_pb_image][\/et_pb_column][\/et_pb_row][et_pb_row column_structure=\u00bb1_4,3_4&#8243; _builder_version=\u00bb4.16&#8243; _module_preset=\u00bbdefault\u00bb custom_margin=\u00bb-1px||-25px||false|false\u00bb locked=\u00bboff\u00bb global_colors_info=\u00bb{}\u00bb][et_pb_column type=\u00bb1_4&#8243; _builder_version=\u00bb4.16&#8243; _module_preset=\u00bbdefault\u00bb global_colors_info=\u00bb{}\u00bb][\/et_pb_column][et_pb_column type=\u00bb3_4&#8243; _builder_version=\u00bb4.16&#8243; _module_preset=\u00bbdefault\u00bb global_colors_info=\u00bb{}\u00bb][et_pb_divider color=\u00bb#999999&#8243; divider_style=\u00bbdotted\u00bb divider_weight=\u00bb7px\u00bb _builder_version=\u00bb4.16&#8243; _module_preset=\u00bbdefault\u00bb min_height=\u00bb26px\u00bb custom_margin=\u00bb15px||25px||false|false\u00bb custom_padding=\u00bb||0px||false|false\u00bb locked=\u00bboff\u00bb global_colors_info=\u00bb{}\u00bb][\/et_pb_divider][et_pb_text _builder_version=\u00bb4.17.0&#8243; _module_preset=\u00bbdefault\u00bb custom_margin=\u00bb||30px||false|false\u00bb global_colors_info=\u00bb{}\u00bb]<\/p>\n<h3>Violencia dom\u00e9stica<\/h3>\n<p>Definimos la violencia dom\u00e9stica como un incidente o patr\u00f3n de incidentes de comportamiento controlador, coercitivo, amenazante, degradante y violento, incluida la violencia sexual, en la mayor\u00eda de los casos ejercido por parte de una pareja o expareja, pero tambi\u00e9n de un familiar o cuidador. Es muy com\u00fan, por lo general, implica un c\u00f3nyuge o pareja, pero tambi\u00e9n puede ser un ni\u00f1o, pariente mayor u otro miembro de la familia. En la gran mayor\u00eda de los casos lo padecen las mujeres y lo perpetren los hombres.<\/p>\n<p>La violencia dom\u00e9stica puede incluir diferentes tipos de abuso, como:<br \/>\u2022 Violencia f\u00edsica: Puede provocar lesiones como contusiones o fracturas (huesos rotos)<br \/>\u2022 Violencia sexual: Incluye la agresi\u00f3n sexual<br \/>\u2022 Abuso emocional: Incluye amenazas, insultos, humillaciones y menosprecios. Tambi\u00e9n puede implicar una conducta controladora, como decirle a la v\u00edctima c\u00f3mo actuar o vestirse y no dejar que vea a familiares o amigos<br \/>\u2022 Abuso econ\u00f3mico: Implica controlar el acceso al dinero<br \/>\u2022 Acoso o acecho: Contacto repetido y no deseado que causa temor o preocupaci\u00f3n por la seguridad de la v\u00edctima. Puede incluir observar o seguir a la v\u00edctima. El acosador puede realizar llamadas telef\u00f3nicas o mensajes de texto repetidos y no deseados.<br \/>La violencia dom\u00e9stica puede sucederle a hombres o mujeres de todas las edades. Afecta a personas de todos los niveles de ingresos y educaci\u00f3n.<\/p>\n<p>[\/et_pb_text][\/et_pb_column][\/et_pb_row][et_pb_row column_structure=\u00bb1_4,1_4,1_4,1_4&#8243; _builder_version=\u00bb4.16&#8243; _module_preset=\u00bbdefault\u00bb custom_margin=\u00bb0px||0px||false|false\u00bb custom_padding=\u00bb0px||0px||false|false\u00bb global_colors_info=\u00bb{}\u00bb][et_pb_column type=\u00bb1_4&#8243; _builder_version=\u00bb4.16&#8243; _module_preset=\u00bbdefault\u00bb global_colors_info=\u00bb{}\u00bb][\/et_pb_column][et_pb_column type=\u00bb1_4&#8243; _builder_version=\u00bb4.16&#8243; _module_preset=\u00bbdefault\u00bb global_colors_info=\u00bb{}\u00bb][et_pb_image src=\u00bbhttps:\/\/museros.org\/wp-content\/uploads\/2021\/08\/logo-protocolo-vd-200&#215;160-1.jpg\u00bb title_text=\u00bblogo-protocolo-vd-200&#215;160&#8243; url=\u00bbhttps:\/\/museros.org\/wp-content\/uploads\/2021\/05\/PROTOCOLO-VIOLENCIA-DOMESTICA.pdf\u00bb url_new_window=\u00bbon\u00bb use_overlay=\u00bbon\u00bb overlay_icon_color=\u00bb#8300E9&#8243; hover_overlay_color=\u00bbrgba(255,255,255,0.7)\u00bb hover_icon=\u00bb&#xe04c;||divi||400&#8243; align=\u00bbcenter\u00bb _builder_version=\u00bb4.16&#8243; _module_preset=\u00bbdefault\u00bb global_colors_info=\u00bb{}\u00bb][\/et_pb_image][\/et_pb_column][et_pb_column type=\u00bb1_4&#8243; _builder_version=\u00bb4.16&#8243; _module_preset=\u00bbdefault\u00bb global_colors_info=\u00bb{}\u00bb][et_pb_image src=\u00bbhttps:\/\/museros.org\/wp-content\/uploads\/2021\/08\/logo-proteccion-vdg-200&#215;160-1.jpg\u00bb title_text=\u00bblogo-proteccion-vdg-200&#215;160&#8243; url=\u00bbhttps:\/\/museros.org\/wp-content\/uploads\/2021\/05\/PROTOCOLO-PARA-LA-IMPLANTACION-DE-LA-ORDEN-DE-PROTECCION-DE-VIOLENCIA-DOMESTICA-Y-DE-GENERO.pdf\u00bb url_new_window=\u00bbon\u00bb use_overlay=\u00bbon\u00bb overlay_icon_color=\u00bb#8300E9&#8243; hover_overlay_color=\u00bbrgba(255,255,255,0.7)\u00bb hover_icon=\u00bb&#xe04c;||divi||400&#8243; align=\u00bbcenter\u00bb _builder_version=\u00bb4.16&#8243; _module_preset=\u00bbdefault\u00bb global_colors_info=\u00bb{}\u00bb][\/et_pb_image][\/et_pb_column][et_pb_column type=\u00bb1_4&#8243; _builder_version=\u00bb4.16&#8243; _module_preset=\u00bbdefault\u00bb global_colors_info=\u00bb{}\u00bb][et_pb_image src=\u00bbhttps:\/\/museros.org\/wp-content\/uploads\/2021\/08\/logo-orden-prot-200&#215;160-1.jpg\u00bb title_text=\u00bblogo-orden-prot-200&#215;160&#8243; url=\u00bbhttps:\/\/museros.org\/wp-content\/uploads\/2022\/04\/a-sollicitud-ordre-proteccio.pdf\u00bb url_new_window=\u00bbon\u00bb use_overlay=\u00bbon\u00bb overlay_icon_color=\u00bb#8300E9&#8243; hover_overlay_color=\u00bbrgba(255,255,255,0.7)\u00bb hover_icon=\u00bb&#xe04c;||divi||400&#8243; align=\u00bbcenter\u00bb _builder_version=\u00bb4.17.0&#8243; _module_preset=\u00bbdefault\u00bb global_colors_info=\u00bb{}\u00bb][\/et_pb_image][et_pb_text _builder_version=\u00bb4.16&#8243; _module_preset=\u00bbdefault\u00bb text_font_size=\u00bb14px\u00bb text_line_height=\u00bb1.4em\u00bb global_colors_info=\u00bb{}\u00bb]<\/p>\n<p style=\"text-align: center;\"><a href=\"https:\/\/www.poderjudicial.es\" target=\"_blank\" rel=\"noopener\">poderjudicial.es<\/a><br \/><a href=\"https:\/\/violenciagenero.igualdad.gob.es\" target=\"_blank\" rel=\"noopener\">violenciagenero.igualdad.gob.es<\/a><\/p>\n<p>[\/et_pb_text][\/et_pb_column][\/et_pb_row][et_pb_row column_structure=\u00bb1_4,3_4&#8243; _builder_version=\u00bb4.16&#8243; _module_preset=\u00bbdefault\u00bb locked=\u00bboff\u00bb global_colors_info=\u00bb{}\u00bb][et_pb_column type=\u00bb1_4&#8243; _builder_version=\u00bb4.16&#8243; _module_preset=\u00bbdefault\u00bb global_colors_info=\u00bb{}\u00bb][\/et_pb_column][et_pb_column type=\u00bb3_4&#8243; _builder_version=\u00bb4.16&#8243; _module_preset=\u00bbdefault\u00bb global_colors_info=\u00bb{}\u00bb][et_pb_divider color=\u00bb#999999&#8243; divider_style=\u00bbdotted\u00bb divider_weight=\u00bb7px\u00bb _builder_version=\u00bb4.16&#8243; _module_preset=\u00bbdefault\u00bb min_height=\u00bb26px\u00bb custom_margin=\u00bb15px||25px||false|false\u00bb custom_padding=\u00bb||0px||false|false\u00bb locked=\u00bboff\u00bb global_colors_info=\u00bb{}\u00bb][\/et_pb_divider][et_pb_image src=\u00bbhttps:\/\/museros.org\/wp-content\/uploads\/2021\/05\/bullying.jpg\u00bb title_text=\u00bbbullying-mv\u00bb src_tablet=\u00bb\u00bb src_phone=\u00bbhttps:\/\/museros.org\/wp-content\/uploads\/2021\/05\/bullying-mv.jpg\u00bb src_last_edited=\u00bbon|phone\u00bb _builder_version=\u00bb4.16&#8243; _module_preset=\u00bbdefault\u00bb custom_margin=\u00bb15px||32px||false|false\u00bb global_colors_info=\u00bb{}\u00bb][\/et_pb_image][et_pb_text _builder_version=\u00bb4.17.0&#8243; _module_preset=\u00bbdefault\u00bb custom_padding=\u00bb3px|||||\u00bb global_colors_info=\u00bb{}\u00bb]<\/p>\n<h3>Acoso escolar<\/h3>\n<p>M\u00e1s conocido como <em>bullying<\/em>, es una palabra inglesa que significa intimidaci\u00f3n. Desgraciadamente, esta palabra est\u00e1 de moda debido a los innumerables casos de persecuci\u00f3n y de agresiones que se est\u00e1n detectando en las escuelas y colegios, y que est\u00e1n llevando a muchos escolares a vivir situaciones verdaderamente aterradoras.<\/p>\n<p>El <em>bullying<\/em> se refiere a todas las formas de actitudes agresivas, intencionadas y repetidas, que ocurren sin motivaci\u00f3n evidente, adoptadas por uno o m\u00e1s estudiantes contra otro u otros.<\/p>\n<p>La persona que ejerce el <em>bullying<\/em> lo hace para imponer su poder sobre el otro, a trav\u00e9s de constantes amenazas, insultos, agresiones o vejaciones, y as\u00ed tenerlo bajo su completo dominio a lo largo de meses e incluso a\u00f1os. La v\u00edctima sufre callada en la mayor\u00eda de los casos. El maltrato intimidatorio le hace sentir dolor, angustia y miedo, hasta tal punto que, en algunos casos, puede llevarle a consecuencias devastadoras como el suicidio.<\/p>\n<p>[\/et_pb_text][\/et_pb_column][\/et_pb_row][et_pb_row column_structure=\u00bb1_4,1_4,1_4,1_4&#8243; _builder_version=\u00bb4.16&#8243; _module_preset=\u00bbdefault\u00bb custom_margin=\u00bb0px||-30px||false|false\u00bb custom_padding=\u00bb0px||0px||false|false\u00bb global_colors_info=\u00bb{}\u00bb][et_pb_column type=\u00bb1_4&#8243; _builder_version=\u00bb4.16&#8243; _module_preset=\u00bbdefault\u00bb global_colors_info=\u00bb{}\u00bb][\/et_pb_column][et_pb_column type=\u00bb1_4&#8243; _builder_version=\u00bb4.16&#8243; _module_preset=\u00bbdefault\u00bb global_colors_info=\u00bb{}\u00bb][et_pb_image src=\u00bbhttps:\/\/museros.org\/wp-content\/uploads\/2021\/08\/logo-acosoescolar-200&#215;160-1.jpg\u00bb title_text=\u00bblogo-acosoescolar-200&#215;160&#8243; url=\u00bbhttps:\/\/museros.org\/wp-content\/uploads\/2021\/05\/PROTOCOLO-ACOSO-ESCOLAR-MUSEROS.pdf\u00bb url_new_window=\u00bbon\u00bb use_overlay=\u00bbon\u00bb overlay_icon_color=\u00bb#8300E9&#8243; hover_overlay_color=\u00bbrgba(255,255,255,0.7)\u00bb hover_icon=\u00bb&#xe04c;||divi||400&#8243; align=\u00bbcenter\u00bb _builder_version=\u00bb4.16&#8243; _module_preset=\u00bbdefault\u00bb global_colors_info=\u00bb{}\u00bb][\/et_pb_image][\/et_pb_column][et_pb_column type=\u00bb1_4&#8243; _builder_version=\u00bb4.16&#8243; _module_preset=\u00bbdefault\u00bb global_colors_info=\u00bb{}\u00bb][et_pb_image src=\u00bbhttps:\/\/museros.org\/wp-content\/uploads\/2021\/08\/logo-esqu-acoso-200&#215;160-1.jpg\u00bb title_text=\u00bblogo-esqu-acoso-200&#215;160&#8243; url=\u00bbhttps:\/\/museros.org\/wp-content\/uploads\/2021\/05\/ESQUEMA-PROTOCOLO-ACOSO-ESCOLAR-MUSEROS.pdf\u00bb url_new_window=\u00bbon\u00bb use_overlay=\u00bbon\u00bb overlay_icon_color=\u00bb#8300E9&#8243; hover_overlay_color=\u00bbrgba(255,255,255,0.7)\u00bb hover_icon=\u00bb&#xe04c;||divi||400&#8243; align=\u00bbcenter\u00bb _builder_version=\u00bb4.16&#8243; _module_preset=\u00bbdefault\u00bb global_colors_info=\u00bb{}\u00bb][\/et_pb_image][\/et_pb_column][et_pb_column type=\u00bb1_4&#8243; _builder_version=\u00bb4.16&#8243; _module_preset=\u00bbdefault\u00bb global_colors_info=\u00bb{}\u00bb][et_pb_image src=\u00bbhttps:\/\/museros.org\/wp-content\/uploads\/2021\/08\/logo-policia-menores-200&#215;160-1.jpg\u00bb title_text=\u00bblogo-policia-menores-200&#215;160&#8243; url=\u00bbhttps:\/\/museros.org\/wp-content\/uploads\/2021\/05\/PROTOCOLO-ACTUACION-POLICIAL-CON-MENORES.pdf\u00bb url_new_window=\u00bbon\u00bb use_overlay=\u00bbon\u00bb overlay_icon_color=\u00bb#8300E9&#8243; hover_overlay_color=\u00bbrgba(255,255,255,0.7)\u00bb hover_icon=\u00bb&#xe04c;||divi||400&#8243; align=\u00bbcenter\u00bb _builder_version=\u00bb4.16&#8243; _module_preset=\u00bbdefault\u00bb global_colors_info=\u00bb{}\u00bb][\/et_pb_image][\/et_pb_column][\/et_pb_row][et_pb_row _builder_version=\u00bb4.16&#8243; _module_preset=\u00bbdefault\u00bb custom_margin=\u00bb50px||||false|false\u00bb custom_padding=\u00bb0px|||||\u00bb global_colors_info=\u00bb{}\u00bb][et_pb_column type=\u00bb4_4&#8243; _builder_version=\u00bb4.16&#8243; _module_preset=\u00bbdefault\u00bb global_colors_info=\u00bb{}\u00bb][et_pb_divider color=\u00bb#E02B20&#8243; divider_weight=\u00bb4px\u00bb _builder_version=\u00bb4.16&#8243; _module_preset=\u00bbdefault\u00bb global_colors_info=\u00bb{}\u00bb][\/et_pb_divider][\/et_pb_column][\/et_pb_row][\/et_pb_section]<\/p>\n","protected":false},"excerpt":{"rendered":"<p>Protecci\u00f3n ciudadana La clave de la prevenci\u00f3n de la violencia familiar, de g\u00e9nero, el acoso escolar o cualquier tipo de violencia se encuentra en una socializaci\u00f3n y una educaci\u00f3n basada en la igualdad con tal de desempe\u00f1ar una labor de prevenci\u00f3n. La socializaci\u00f3n es el proceso en el cual asumimos las reglas y normas de [&hellip;]<\/p>\n","protected":false},"author":8,"featured_media":0,"parent":0,"menu_order":0,"comment_status":"closed","ping_status":"closed","template":"","meta":{"_et_pb_use_builder":"on","_et_pb_old_content":"","_et_gb_content_width":"","_mc_calendar":[],"footnotes":""},"wf_page_folders":[278],"class_list":["post-243185","page","type-page","status-publish","hentry"],"_links":{"self":[{"href":"https:\/\/museros.org\/inici\/wp-json\/wp\/v2\/pages\/243185","targetHints":{"allow":["GET"]}}],"collection":[{"href":"https:\/\/museros.org\/inici\/wp-json\/wp\/v2\/pages"}],"about":[{"href":"https:\/\/museros.org\/inici\/wp-json\/wp\/v2\/types\/page"}],"author":[{"embeddable":true,"href":"https:\/\/museros.org\/inici\/wp-json\/wp\/v2\/users\/8"}],"replies":[{"embeddable":true,"href":"https:\/\/museros.org\/inici\/wp-json\/wp\/v2\/comments?post=243185"}],"version-history":[{"count":62,"href":"https:\/\/museros.org\/inici\/wp-json\/wp\/v2\/pages\/243185\/revisions"}],"predecessor-version":[{"id":257875,"href":"https:\/\/museros.org\/inici\/wp-json\/wp\/v2\/pages\/243185\/revisions\/257875"}],"wp:attachment":[{"href":"https:\/\/museros.org\/inici\/wp-json\/wp\/v2\/media?parent=243185"}],"wp:term":[{"taxonomy":"wf_page_folders","embeddable":true,"href":"https:\/\/museros.org\/inici\/wp-json\/wp\/v2\/wf_page_folders?post=243185"}],"curies":[{"name":"wp","href":"https:\/\/api.w.org\/{rel}","templated":true}]}}