{"id":242978,"date":"2021-05-17T06:33:27","date_gmt":"2021-05-17T06:33:27","guid":{"rendered":"https:\/\/museros.org\/?page_id=242978"},"modified":"2026-04-27T12:54:14","modified_gmt":"2026-04-27T10:54:14","slug":"area-de-comercio","status":"publish","type":"page","link":"https:\/\/museros.org\/inici\/es\/area-de-comercio\/","title":{"rendered":"\u00c1rea de Comercio"},"content":{"rendered":"<p>[et_pb_section fb_built=\u00bb1&#8243; _builder_version=\u00bb4.16&#8243; _module_preset=\u00bbdefault\u00bb custom_padding=\u00bb0px||||false|false\u00bb locked=\u00bboff\u00bb global_colors_info=\u00bb{}\u00bb][et_pb_row column_structure=\u00bb1_3,2_3&#8243; _builder_version=\u00bb4.16&#8243; _module_preset=\u00bbdefault\u00bb custom_margin=\u00bb0px||0px||false|false\u00bb custom_padding=\u00bb0px||0px||false|false\u00bb global_colors_info=\u00bb{}\u00bb][et_pb_column type=\u00bb1_3&#8243; _builder_version=\u00bb4.16&#8243; _module_preset=\u00bbdefault\u00bb global_colors_info=\u00bb{}\u00bb][et_pb_image src=\u00bbhttps:\/\/museros.org\/wp-content\/uploads\/2021\/06\/logo-comercio-cl-230&#215;180-1.jpg\u00bb title_text=\u00bblogo-comercio-cl-230&#215;180&#8243; url=\u00bbhttps:\/\/museros.org\/inici\/es\/concejalias\u00bb use_overlay=\u00bbon\u00bb overlay_icon_color=\u00bb#E02B20&#8243; hover_overlay_color=\u00bbrgba(255,255,255,0.7)\u00bb hover_icon=\u00bb&#xe04d;||divi||400&#8243; align=\u00bbcenter\u00bb _builder_version=\u00bb4.16&#8243; _module_preset=\u00bbdefault\u00bb width=\u00bb100%\u00bb width_tablet=\u00bb\u00bb width_phone=\u00bb\u00bb width_last_edited=\u00bbon|phone\u00bb module_alignment=\u00bbcenter\u00bb custom_margin=\u00bb0px||0px||false|false\u00bb custom_padding=\u00bb0px||0px||false|false\u00bb global_colors_info=\u00bb{}\u00bb][\/et_pb_image][\/et_pb_column][et_pb_column type=\u00bb2_3&#8243; _builder_version=\u00bb4.16&#8243; _module_preset=\u00bbdefault\u00bb global_colors_info=\u00bb{}\u00bb][et_pb_text _builder_version=\u00bb4.16&#8243; _module_preset=\u00bbdefault\u00bb custom_margin=\u00bb0px||0px||false|false\u00bb custom_padding=\u00bb0px||0px||false|false\u00bb global_colors_info=\u00bb{}\u00bb]<\/p>\n<h2>\u00c1rea de Comercio<\/h2>\n<p>Trabajamos en fomentar la importancia de tener una red comercial amplia y variada que aparte de crear\u00a0 riqueza al municipio, nos presta un servicio de calidad y un trato cercano, evitando desplazamientos y sobre todo ofreciendo a nuestros mayores que tienen menos facilidad para desplazarse todos aquellos productos que puedan necesitar en el d\u00eda a\u00a0 d\u00eda, en ese sentido y en colaboraci\u00f3n con la Asociaci\u00f3n de Comercios de Museros (CAMU) llevamos a lo largo del a\u00f1o diversas acciones y campa\u00f1as, todas ellas destinadas al apoyo, fomento y uso del comercio local.<\/p>\n<p>[\/et_pb_text][et_pb_divider color=\u00bbrgba(0,0,0,0.36)\u00bb divider_style=\u00bbdotted\u00bb divider_weight=\u00bb7px\u00bb _builder_version=\u00bb4.23.1&#8243; _module_preset=\u00bbdefault\u00bb custom_margin=\u00bb40px||0px||false|false\u00bb custom_padding=\u00bb0px||0px||false|false\u00bb global_colors_info=\u00bb{}\u00bb][\/et_pb_divider][\/et_pb_column][\/et_pb_row][et_pb_row column_structure=\u00bb1_4,1_4,1_4,1_4&#8243; _builder_version=\u00bb4.17.0&#8243; _module_preset=\u00bbdefault\u00bb locked=\u00bboff\u00bb global_colors_info=\u00bb{}\u00bb][et_pb_column type=\u00bb1_4&#8243; _builder_version=\u00bb4.16&#8243; _module_preset=\u00bbdefault\u00bb global_colors_info=\u00bb{}\u00bb][\/et_pb_column][et_pb_column type=\u00bb1_4&#8243; _builder_version=\u00bb4.16&#8243; _module_preset=\u00bbdefault\u00bb global_colors_info=\u00bb{}\u00bb][\/et_pb_column][et_pb_column type=\u00bb1_4&#8243; _builder_version=\u00bb4.17.0&#8243; _module_preset=\u00bbdefault\u00bb global_colors_info=\u00bb{}\u00bb][\/et_pb_column][et_pb_column type=\u00bb1_4&#8243; _builder_version=\u00bb4.16&#8243; _module_preset=\u00bbdefault\u00bb global_colors_info=\u00bb{}\u00bb][et_pb_image src=\u00bbhttps:\/\/museros.org\/wp-content\/uploads\/2023\/12\/nuevo-listado-400&#215;320-1.jpg\u00bb title_text=\u00bbnuevo-listado-400&#215;320&#8243; url=\u00bbhttps:\/\/museros.org\/inici\/es\/listado-comercios-2\/\u00bb use_overlay=\u00bbon\u00bb overlay_icon_color=\u00bb#E02B20&#8243; hover_overlay_color=\u00bbrgba(255,255,255,0.7)\u00bb hover_icon=\u00bb&#xe04e;||divi||400&#8243; _builder_version=\u00bb4.23.3&#8243; _module_preset=\u00bbdefault\u00bb locked=\u00bboff\u00bb global_colors_info=\u00bb{}\u00bb][\/et_pb_image][\/et_pb_column][\/et_pb_row][et_pb_row _builder_version=\u00bb4.24.0&#8243; _module_preset=\u00bbdefault\u00bb custom_margin=\u00bb0px||0px||false|false\u00bb custom_padding=\u00bb0px||0px||false|false\u00bb global_colors_info=\u00bb{}\u00bb][et_pb_column type=\u00bb4_4&#8243; _builder_version=\u00bb4.24.0&#8243; _module_preset=\u00bbdefault\u00bb global_colors_info=\u00bb{}\u00bb][et_pb_divider color=\u00bbrgba(0,0,0,0.36)\u00bb divider_style=\u00bbdotted\u00bb divider_weight=\u00bb7px\u00bb _builder_version=\u00bb4.24.0&#8243; _module_preset=\u00bbdefault\u00bb custom_margin=\u00bb0px||0px||false|false\u00bb custom_padding=\u00bb0px||0px||false|false\u00bb global_colors_info=\u00bb{}\u00bb][\/et_pb_divider][\/et_pb_column][\/et_pb_row][et_pb_row column_structure=\u00bb1_3,1_3,1_3&#8243; _builder_version=\u00bb4.24.0&#8243; _module_preset=\u00bbdefault\u00bb locked=\u00bboff\u00bb global_colors_info=\u00bb{}\u00bb][et_pb_column type=\u00bb1_3&#8243; _builder_version=\u00bb4.24.0&#8243; _module_preset=\u00bbdefault\u00bb global_colors_info=\u00bb{}\u00bb][et_pb_button button_url=\u00bbhttps:\/\/museros.org\/inici\/es\/11a-feria-del-comercio\/\u00bb button_text=\u00bbFERIA COMERCIO LOCAL 2025&#8243; admin_label=\u00bb11 Feria del comercio\u00bb _builder_version=\u00bb4.27.4&#8243; _module_preset=\u00bbdefault\u00bb global_colors_info=\u00bb{}\u00bb][\/et_pb_button][et_pb_button button_url=\u00bbhttps:\/\/museros.org\/inici\/es\/programa-x-feria\u00bb button_text=\u00bbFERIA COMERCIO LOCAL 2024&#8243; admin_label=\u00bb10 Feria del comercio\u00bb _builder_version=\u00bb4.27.4&#8243; _module_preset=\u00bbdefault\u00bb global_colors_info=\u00bb{}\u00bb][\/et_pb_button][et_pb_button button_url=\u00bbhttps:\/\/museros.org\/inici\/es\/programa-9-feria\/\u00bb button_text=\u00bbFERIA COMERCIO LOCAL 2023&#8243; admin_label=\u00bb9 Feria del comercio\u00bb _builder_version=\u00bb4.24.3&#8243; _module_preset=\u00bbdefault\u00bb global_colors_info=\u00bb{}\u00bb][\/et_pb_button][et_pb_button button_url=\u00bbhttps:\/\/museros.org\/inici\/es\/8a-feria-del-comercio\/\u00bb button_text=\u00bbFERIA COMERCIO LOCAL 2022&#8243; admin_label=\u00bb8 Feria del comercio\u00bb _builder_version=\u00bb4.24.3&#8243; _module_preset=\u00bbdefault\u00bb global_colors_info=\u00bb{}\u00bb][\/et_pb_button][et_pb_divider color=\u00bb#E02B20&#8243; divider_style=\u00bbdotted\u00bb divider_weight=\u00bb5px\u00bb _builder_version=\u00bb4.24.0&#8243; _module_preset=\u00bbdefault\u00bb custom_margin=\u00bb||0px||false|false\u00bb custom_padding=\u00bb0px||0px||false|false\u00bb locked=\u00bboff\u00bb global_colors_info=\u00bb{}\u00bb][\/et_pb_divider][et_pb_button button_url=\u00bbhttps:\/\/museros.org\/inici\/es\/premios-m-2025\/\u00bb button_text=\u00bbPREMIOS M 2025&#8243; admin_label=\u00bbPremios M 2024&#8243; _builder_version=\u00bb4.27.4&#8243; _module_preset=\u00bbdefault\u00bb global_colors_info=\u00bb{}\u00bb][\/et_pb_button][et_pb_button button_url=\u00bbhttps:\/\/museros.org\/inici\/es\/premio-m-24\/\u00bb button_text=\u00bbPREMIOS M 2024&#8243; admin_label=\u00bbPremios M 2024&#8243; _builder_version=\u00bb4.27.4&#8243; _module_preset=\u00bbdefault\u00bb global_colors_info=\u00bb{}\u00bb][\/et_pb_button][et_pb_button button_url=\u00bbhttps:\/\/museros.org\/es\/inici\/premios-m-2023\/\u00bb button_text=\u00bbPREMIOS M 2023&#8243; admin_label=\u00bbPremios M 2023&#8243; _builder_version=\u00bb4.24.0&#8243; _module_preset=\u00bbdefault\u00bb global_colors_info=\u00bb{}\u00bb][\/et_pb_button][et_pb_button button_url=\u00bbhttps:\/\/museros.org\/inici\/es\/premios-m-2021\/\u00bb button_text=\u00bbPREMIOS M 2021&#8243; admin_label=\u00bbPremios M 2021&#8243; _builder_version=\u00bb4.24.0&#8243; _module_preset=\u00bbdefault\u00bb global_colors_info=\u00bb{}\u00bb][\/et_pb_button][et_pb_divider color=\u00bb#E02B20&#8243; divider_style=\u00bbdotted\u00bb divider_weight=\u00bb5px\u00bb _builder_version=\u00bb4.24.0&#8243; _module_preset=\u00bbdefault\u00bb custom_margin=\u00bb||0px||false|false\u00bb custom_padding=\u00bb0px||0px||false|false\u00bb locked=\u00bboff\u00bb global_colors_info=\u00bb{}\u00bb][\/et_pb_divider][et_pb_button button_url=\u00bbhttps:\/\/museros.org\/inici\/es\/campana-dia-del-comercio-2025\/\u00bb button_text=\u00bbD\u00cdA DEL COMERCIO 2025&#8243; admin_label=\u00bbD\u00eda del comercio 2025&#8243; _builder_version=\u00bb4.27.4&#8243; _module_preset=\u00bbdefault\u00bb global_colors_info=\u00bb{}\u00bb][\/et_pb_button][et_pb_button button_url=\u00bbhttps:\/\/museros.org\/inici\/es\/25-de-octubre-2024&#8243; button_text=\u00bbD\u00cdA DEL COMERCIO 2024&#8243; admin_label=\u00bbD\u00eda del comercio 2024&#8243; _builder_version=\u00bb4.27.4&#8243; _module_preset=\u00bbdefault\u00bb global_colors_info=\u00bb{}\u00bb][\/et_pb_button][et_pb_button button_url=\u00bbhttps:\/\/museros.org\/inici\/es\/campanya-dia-del-comercio\/\u00bb button_text=\u00bbD\u00cdA DEL COMERCIO 2023&#8243; admin_label=\u00bbD\u00eda del comercio 2023&#8243; _builder_version=\u00bb4.24.0&#8243; _module_preset=\u00bbdefault\u00bb global_colors_info=\u00bb{}\u00bb][\/et_pb_button][et_pb_button button_url=\u00bbhttps:\/\/museros.org\/inici\/es\/dia-del-comercio-2022&#8243; button_text=\u00bbD\u00cdA DEL COMERCIO 2022&#8243; admin_label=\u00bbD\u00eda del comercio 2022&#8243; _builder_version=\u00bb4.24.0&#8243; _module_preset=\u00bbdefault\u00bb global_colors_info=\u00bb{}\u00bb][\/et_pb_button][et_pb_button button_url=\u00bbhttps:\/\/museros.org\/inici\/es\/dia-del-comercio-2021&#8243; button_text=\u00bbD\u00cdA DEL COMERCIO 2021&#8243; admin_label=\u00bbD\u00eda del comercio 2021&#8243; _builder_version=\u00bb4.24.0&#8243; _module_preset=\u00bbdefault\u00bb global_colors_info=\u00bb{}\u00bb][\/et_pb_button][et_pb_divider color=\u00bb#E02B20&#8243; divider_style=\u00bbdotted\u00bb divider_weight=\u00bb5px\u00bb _builder_version=\u00bb4.24.0&#8243; _module_preset=\u00bbdefault\u00bb custom_margin=\u00bb||0px||false|false\u00bb custom_padding=\u00bb0px||0px||false|false\u00bb locked=\u00bboff\u00bb global_colors_info=\u00bb{}\u00bb][\/et_pb_divider][\/et_pb_column][et_pb_column type=\u00bb1_3&#8243; _builder_version=\u00bb4.24.0&#8243; _module_preset=\u00bbdefault\u00bb global_colors_info=\u00bb{}\u00bb][et_pb_button button_url=\u00bbhttps:\/\/museros.org\/inici\/es\/bono-comercio-2024\/\u00bb button_text=\u00bbBONO COMERIO 2024&#8243; admin_label=\u00bbBono comercio 2024&#8243; _builder_version=\u00bb4.27.4&#8243; _module_preset=\u00bbdefault\u00bb global_colors_info=\u00bb{}\u00bb][\/et_pb_button][et_pb_button button_url=\u00bbhttps:\/\/museros.org\/inici\/es\/bono-comercio-2023\/\u00bb button_text=\u00bbBONO COMERIO 2023&#8243; admin_label=\u00bbBono comercio 2023&#8243; _builder_version=\u00bb4.24.0&#8243; _module_preset=\u00bbdefault\u00bb global_colors_info=\u00bb{}\u00bb][\/et_pb_button][et_pb_divider color=\u00bb#E02B20&#8243; divider_style=\u00bbdotted\u00bb divider_weight=\u00bb5px\u00bb _builder_version=\u00bb4.24.0&#8243; _module_preset=\u00bbdefault\u00bb custom_margin=\u00bb||0px||false|false\u00bb custom_padding=\u00bb0px||0px||false|false\u00bb locked=\u00bboff\u00bb global_colors_info=\u00bb{}\u00bb][\/et_pb_divider][et_pb_button button_url=\u00bbhttps:\/\/museros.org\/inici\/es\/dia-de-la-madre-26\/\u00bb button_text=\u00bbD\u00cdA DE LA MADRE 2026&#8243; admin_label=\u00bbD\u00eda de la madre 2026&#8243; _builder_version=\u00bb4.27.6&#8243; _module_preset=\u00bbdefault\u00bb hover_enabled=\u00bb0&#8243; global_colors_info=\u00bb{}\u00bb sticky_enabled=\u00bb0&#8243;][\/et_pb_button][et_pb_button button_url=\u00bbhttps:\/\/museros.org\/inici\/es\/dia-de-la-madre-2025\/\u00bb button_text=\u00bbD\u00cdA DE LA MADRE 2025&#8243; admin_label=\u00bbD\u00eda de la madre 2025&#8243; _builder_version=\u00bb4.27.5&#8243; _module_preset=\u00bbdefault\u00bb global_colors_info=\u00bb{}\u00bb][\/et_pb_button][et_pb_button button_url=\u00bbhttps:\/\/museros.org\/inici\/es\/gracias-mama\/\u00bb button_text=\u00bbD\u00cdA DE LA MADRE 2024&#8243; admin_label=\u00bbD\u00eda de la madre 2024&#8243; _builder_version=\u00bb4.27.5&#8243; _module_preset=\u00bbdefault\u00bb global_colors_info=\u00bb{}\u00bb][\/et_pb_button][et_pb_button button_url=\u00bbhttps:\/\/museros.org\/inici\/es\/dia-de-la-madre\/\u00bb button_text=\u00bbD\u00cdA DE LA MADRE 2023&#8243; admin_label=\u00bbD\u00eda de la madre 2023&#8243; _builder_version=\u00bb4.27.5&#8243; _module_preset=\u00bbdefault\u00bb global_colors_info=\u00bb{}\u00bb][\/et_pb_button][et_pb_button button_url=\u00bbhttps:\/\/museros.org\/inici\/es\/dia-de-la-madre-2022\/\u00bb button_text=\u00bbD\u00cdA DE LA MADRE 2022&#8243; admin_label=\u00bbD\u00eda de la madre 2022&#8243; _builder_version=\u00bb4.27.5&#8243; _module_preset=\u00bbdefault\u00bb global_colors_info=\u00bb{}\u00bb][\/et_pb_button][et_pb_divider color=\u00bb#E02B20&#8243; divider_style=\u00bbdotted\u00bb divider_weight=\u00bb5px\u00bb _builder_version=\u00bb4.24.0&#8243; _module_preset=\u00bbdefault\u00bb custom_margin=\u00bb||0px||false|false\u00bb custom_padding=\u00bb0px||0px||false|false\u00bb locked=\u00bboff\u00bb global_colors_info=\u00bb{}\u00bb][\/et_pb_divider][et_pb_button button_url=\u00bbhttps:\/\/museros.org\/inici\/es\/dia-del-padre-2026\/\u00bb button_text=\u00bbD\u00cdA DEL PADRE 2026&#8243; admin_label=\u00bbD\u00eda del padre 2026&#8243; _builder_version=\u00bb4.27.5&#8243; _module_preset=\u00bbdefault\u00bb global_colors_info=\u00bb{}\u00bb][\/et_pb_button][et_pb_button button_url=\u00bbhttps:\/\/museros.org\/inici\/dia-del-padre-2025\/\u00bb button_text=\u00bbD\u00cdA DEL PADRE 2025&#8243; admin_label=\u00bbD\u00eda del padre 2025&#8243; _builder_version=\u00bb4.27.4&#8243; _module_preset=\u00bbdefault\u00bb global_colors_info=\u00bb{}\u00bb][\/et_pb_button][et_pb_button button_url=\u00bbhttps:\/\/museros.org\/inici\/es\/mejor-padre-2024\/\u00bb button_text=\u00bbD\u00cdA DEL PADRE 2024&#8243; admin_label=\u00bbD\u00eda del padre 2024&#8243; _builder_version=\u00bb4.27.4&#8243; _module_preset=\u00bbdefault\u00bb global_colors_info=\u00bb{}\u00bb][\/et_pb_button][et_pb_button button_url=\u00bbhttps:\/\/museros.org\/inici\/es\/dia-del-padre\/\u00bb button_text=\u00bbD\u00cdA DEL PADRE 2023&#8243; admin_label=\u00bbD\u00eda del padre 2023&#8243; _builder_version=\u00bb4.24.0&#8243; _module_preset=\u00bbdefault\u00bb global_colors_info=\u00bb{}\u00bb][\/et_pb_button][et_pb_divider color=\u00bb#E02B20&#8243; divider_style=\u00bbdotted\u00bb divider_weight=\u00bb5px\u00bb _builder_version=\u00bb4.24.0&#8243; _module_preset=\u00bbdefault\u00bb custom_margin=\u00bb||0px||false|false\u00bb custom_padding=\u00bb0px||0px||false|false\u00bb locked=\u00bboff\u00bb global_colors_info=\u00bb{}\u00bb][\/et_pb_divider][et_pb_button button_url=\u00bbhttps:\/\/museros.org\/inici\/es\/san-valentin-2026\/\u00bb button_text=\u00bbSAN VALENT\u00cdN 2026&#8243; admin_label=\u00bbSan Valent\u00edn 2026&#8243; _builder_version=\u00bb4.27.5&#8243; _module_preset=\u00bbdefault\u00bb global_colors_info=\u00bb{}\u00bb][\/et_pb_button][et_pb_button button_url=\u00bbhttps:\/\/museros.org\/inici\/es\/san-valentin-2025\/\u00bb button_text=\u00bbSAN VALENT\u00cdN 2025&#8243; admin_label=\u00bbSan Valent\u00edn 2025&#8243; _builder_version=\u00bb4.27.4&#8243; _module_preset=\u00bbdefault\u00bb global_colors_info=\u00bb{}\u00bb][\/et_pb_button][et_pb_button button_url=\u00bbhttps:\/\/museros.org\/inici\/es\/san-valentin-2024\/\u00bb button_text=\u00bbSAN VALENT\u00cdN 2024&#8243; admin_label=\u00bbSan Valent\u00edn 2024&#8243; _builder_version=\u00bb4.27.4&#8243; _module_preset=\u00bbdefault\u00bb global_colors_info=\u00bb{}\u00bb][\/et_pb_button][et_pb_button button_url=\u00bbhttps:\/\/museros.org\/inici\/es\/san-valentin\/\u00bb button_text=\u00bbSAN VALENT\u00cdN 2023&#8243; admin_label=\u00bbSan Valent\u00edn 2023&#8243; _builder_version=\u00bb4.24.0&#8243; _module_preset=\u00bbdefault\u00bb global_colors_info=\u00bb{}\u00bb][\/et_pb_button][et_pb_divider color=\u00bb#E02B20&#8243; divider_style=\u00bbdotted\u00bb divider_weight=\u00bb5px\u00bb _builder_version=\u00bb4.24.0&#8243; _module_preset=\u00bbdefault\u00bb custom_margin=\u00bb||0px||false|false\u00bb custom_padding=\u00bb0px||0px||false|false\u00bb locked=\u00bboff\u00bb global_colors_info=\u00bb{}\u00bb][\/et_pb_divider][\/et_pb_column][et_pb_column type=\u00bb1_3&#8243; _builder_version=\u00bb4.24.0&#8243; _module_preset=\u00bbdefault\u00bb global_colors_info=\u00bb{}\u00bb][et_pb_button button_url=\u00bbhttps:\/\/museros.org\/inici\/es\/campana-navidad-2023\/\u00bb button_text=\u00bbCAMPA\u00d1A NAVIDAD 2023&#8243; admin_label=\u00bbCampa\u00f1a Navidad 2023&#8243; _builder_version=\u00bb4.24.0&#8243; _module_preset=\u00bbdefault\u00bb global_colors_info=\u00bb{}\u00bb][\/et_pb_button][et_pb_divider color=\u00bb#E02B20&#8243; divider_style=\u00bbdotted\u00bb divider_weight=\u00bb5px\u00bb _builder_version=\u00bb4.24.0&#8243; _module_preset=\u00bbdefault\u00bb custom_margin=\u00bb||0px||false|false\u00bb custom_padding=\u00bb0px||0px||false|false\u00bb locked=\u00bboff\u00bb global_colors_info=\u00bb{}\u00bb][\/et_pb_divider][et_pb_button button_url=\u00bbhttps:\/\/museros.org\/inici\/es\/concurso-de-escaparates-2025\/\u00bb button_text=\u00bbVII CONCURSO DE ESCAPARATES\u00bb admin_label=\u00bbVII Concurso de escaparates\u00bb _builder_version=\u00bb4.27.4&#8243; _module_preset=\u00bbdefault\u00bb global_colors_info=\u00bb{}\u00bb][\/et_pb_button][et_pb_button button_url=\u00bbhttps:\/\/museros.org\/inici\/es\/concurso-de-escaparates-2024\/\u00bb button_text=\u00bbVI CONCURSO DE ESCAPARATES\u00bb admin_label=\u00bbVI Concurso de escaparates\u00bb _builder_version=\u00bb4.27.4&#8243; _module_preset=\u00bbdefault\u00bb global_colors_info=\u00bb{}\u00bb][\/et_pb_button][et_pb_button button_url=\u00bbhttps:\/\/museros.org\/inici\/es\/concurso-escaparates-2023&#8243; button_text=\u00bbV CONCURSO DE ESCAPARATES\u00bb admin_label=\u00bbV Concurso de escaparates\u00bb _builder_version=\u00bb4.24.0&#8243; _module_preset=\u00bbdefault\u00bb global_colors_info=\u00bb{}\u00bb][\/et_pb_button][et_pb_button button_url=\u00bbhttps:\/\/museros.org\/inici\/es\/cuarto-concurso-escaparates\u00bb button_text=\u00bbIV CONCURSO DE ESCAPARATES\u00bb admin_label=\u00bbIV Concurso de escaparates\u00bb _builder_version=\u00bb4.23.4&#8243; _module_preset=\u00bbdefault\u00bb global_colors_info=\u00bb{}\u00bb][\/et_pb_button][et_pb_button button_url=\u00bbhttps:\/\/museros.org\/inici\/es\/concurso-escaparates-2021&#8243; button_text=\u00bbIII CONCURSO DE ESCAPARATES\u00bb admin_label=\u00bbIII Concurso de escaparates\u00bb _builder_version=\u00bb4.23.4&#8243; _module_preset=\u00bbdefault\u00bb global_colors_info=\u00bb{}\u00bb][\/et_pb_button][et_pb_divider color=\u00bb#E02B20&#8243; divider_style=\u00bbdotted\u00bb divider_weight=\u00bb5px\u00bb _builder_version=\u00bb4.24.0&#8243; _module_preset=\u00bbdefault\u00bb custom_margin=\u00bb||0px||false|false\u00bb custom_padding=\u00bb0px||0px||false|false\u00bb locked=\u00bboff\u00bb global_colors_info=\u00bb{}\u00bb][\/et_pb_divider][et_pb_button button_url=\u00bbhttps:\/\/museros.org\/inici\/es\/mercadillo-solidario-2025\/\u00bb button_text=\u00bbMERCADILLO SOLIDARIO 2025&#8243; admin_label=\u00bbMercadillo Solidario 2025&#8243; _builder_version=\u00bb4.27.4&#8243; _module_preset=\u00bbdefault\u00bb global_colors_info=\u00bb{}\u00bb][\/et_pb_button][et_pb_button button_url=\u00bbhttps:\/\/museros.org\/inici\/mercadillo-solidario-2024\/\u00bb button_text=\u00bbMERCADILLO SOLIDARIO 2024&#8243; admin_label=\u00bbMercadillo Solidario 2024&#8243; _builder_version=\u00bb4.27.4&#8243; _module_preset=\u00bbdefault\u00bb global_colors_info=\u00bb{}\u00bb][\/et_pb_button][et_pb_button button_url=\u00bbhttps:\/\/museros.org\/inici\/es\/mercadillo-solidario-2023\/\u00bb button_text=\u00bbMERCADILLO SOLIDARIO 2023&#8243; admin_label=\u00bbMercadillo Solidario 2023&#8243; _builder_version=\u00bb4.24.0&#8243; _module_preset=\u00bbdefault\u00bb global_colors_info=\u00bb{}\u00bb][\/et_pb_button][et_pb_button button_url=\u00bbhttps:\/\/museros.org\/inici\/es\/mercado-solidario-22\/\u00bb button_text=\u00bbMERCADILLO SOLIDARIO 2022&#8243; admin_label=\u00bbMercadillo Solidario 2022&#8243; _builder_version=\u00bb4.24.0&#8243; _module_preset=\u00bbdefault\u00bb global_colors_info=\u00bb{}\u00bb][\/et_pb_button][et_pb_button button_url=\u00bbhttps:\/\/museros.org\/inici\/es\/mercadillo-solidario-2021\/\u00bb button_text=\u00bbMERCADILLO SOLIDARIO 2021&#8243; admin_label=\u00bbMercadillo Solidario 2021&#8243; _builder_version=\u00bb4.24.0&#8243; _module_preset=\u00bbdefault\u00bb global_colors_info=\u00bb{}\u00bb][\/et_pb_button][et_pb_divider color=\u00bb#E02B20&#8243; divider_style=\u00bbdotted\u00bb divider_weight=\u00bb5px\u00bb _builder_version=\u00bb4.24.0&#8243; _module_preset=\u00bbdefault\u00bb custom_margin=\u00bb||0px||false|false\u00bb custom_padding=\u00bb0px||0px||false|false\u00bb locked=\u00bboff\u00bb global_colors_info=\u00bb{}\u00bb][\/et_pb_divider][\/et_pb_column][\/et_pb_row][et_pb_row _builder_version=\u00bb4.16&#8243; _module_preset=\u00bbdefault\u00bb custom_margin=\u00bb50px||0px||false|false\u00bb custom_padding=\u00bb0px||0px||false|false\u00bb global_colors_info=\u00bb{}\u00bb][et_pb_column type=\u00bb4_4&#8243; _builder_version=\u00bb4.16&#8243; _module_preset=\u00bbdefault\u00bb global_colors_info=\u00bb{}\u00bb][et_pb_divider color=\u00bb#E02B20&#8243; divider_weight=\u00bb4px\u00bb _builder_version=\u00bb4.16&#8243; _module_preset=\u00bbdefault\u00bb custom_margin=\u00bb0px||0px||false|false\u00bb custom_padding=\u00bb0px||0px||false|false\u00bb global_colors_info=\u00bb{}\u00bb][\/et_pb_divider][\/et_pb_column][\/et_pb_row][\/et_pb_section]<\/p>\n","protected":false},"excerpt":{"rendered":"<p>\u00c1rea de Comercio Trabajamos en fomentar la importancia de tener una red comercial amplia y variada que aparte de crear\u00a0 riqueza al municipio, nos presta un servicio de calidad y un trato cercano, evitando desplazamientos y sobre todo ofreciendo a nuestros mayores que tienen menos facilidad para desplazarse todos aquellos productos que puedan necesitar en [&hellip;]<\/p>\n","protected":false},"author":8,"featured_media":0,"parent":0,"menu_order":0,"comment_status":"closed","ping_status":"closed","template":"","meta":{"_et_pb_use_builder":"on","_et_pb_old_content":"","_et_gb_content_width":"","_mc_calendar":[],"footnotes":""},"wf_page_folders":[294],"class_list":["post-242978","page","type-page","status-publish","hentry"],"_links":{"self":[{"href":"https:\/\/museros.org\/inici\/wp-json\/wp\/v2\/pages\/242978","targetHints":{"allow":["GET"]}}],"collection":[{"href":"https:\/\/museros.org\/inici\/wp-json\/wp\/v2\/pages"}],"about":[{"href":"https:\/\/museros.org\/inici\/wp-json\/wp\/v2\/types\/page"}],"author":[{"embeddable":true,"href":"https:\/\/museros.org\/inici\/wp-json\/wp\/v2\/users\/8"}],"replies":[{"embeddable":true,"href":"https:\/\/museros.org\/inici\/wp-json\/wp\/v2\/comments?post=242978"}],"version-history":[{"count":152,"href":"https:\/\/museros.org\/inici\/wp-json\/wp\/v2\/pages\/242978\/revisions"}],"predecessor-version":[{"id":279531,"href":"https:\/\/museros.org\/inici\/wp-json\/wp\/v2\/pages\/242978\/revisions\/279531"}],"wp:attachment":[{"href":"https:\/\/museros.org\/inici\/wp-json\/wp\/v2\/media?parent=242978"}],"wp:term":[{"taxonomy":"wf_page_folders","embeddable":true,"href":"https:\/\/museros.org\/inici\/wp-json\/wp\/v2\/wf_page_folders?post=242978"}],"curies":[{"name":"wp","href":"https:\/\/api.w.org\/{rel}","templated":true}]}}