{"id":242605,"date":"2021-04-22T16:11:07","date_gmt":"2021-04-22T16:11:07","guid":{"rendered":"https:\/\/museros.org\/?page_id=242605"},"modified":"2022-03-17T12:34:00","modified_gmt":"2022-03-17T12:34:00","slug":"acciones-de-formacion","status":"publish","type":"page","link":"https:\/\/museros.org\/inici\/es\/acciones-de-formacion\/","title":{"rendered":"Acciones de formaci\u00f3n"},"content":{"rendered":"<p>[et_pb_section fb_built=\u00bb1&#8243; _builder_version=\u00bb4.10.4&#8243; _module_preset=\u00bbdefault\u00bb custom_padding=\u00bb0px||||false|false\u00bb global_colors_info=\u00bb{}\u00bb][et_pb_row column_structure=\u00bb1_4,3_4&#8243; _builder_version=\u00bb4.10.4&#8243; _module_preset=\u00bbdefault\u00bb custom_padding=\u00bb0px||||false|false\u00bb global_colors_info=\u00bb{}\u00bb][et_pb_column type=\u00bb1_4&#8243; _builder_version=\u00bb4.9.4&#8243; _module_preset=\u00bbdefault\u00bb global_colors_info=\u00bb{}\u00bb][et_pb_image src=\u00bbhttps:\/\/museros.org\/wp-content\/uploads\/2021\/08\/logo-acciones-200&#215;160-1.jpg\u00bb title_text=\u00bblogo-acciones-200&#215;160&#8243; url=\u00bbhttps:\/\/museros.org\/inici\/es\/aedl\u00bb use_overlay=\u00bbon\u00bb overlay_icon_color=\u00bb#E02B20&#8243; hover_overlay_color=\u00bbrgba(255,255,255,0.7)\u00bb hover_icon=\u00bb&#xe04d;||divi||400&#8243; align=\u00bbcenter\u00bb _builder_version=\u00bb4.14.9&#8243; _module_preset=\u00bbdefault\u00bb width=\u00bb100%\u00bb custom_margin=\u00bb0px||0px||false|false\u00bb custom_padding=\u00bb0px||0px||false|false\u00bb global_colors_info=\u00bb{}\u00bb][\/et_pb_image][\/et_pb_column][et_pb_column type=\u00bb3_4&#8243; _builder_version=\u00bb4.9.4&#8243; _module_preset=\u00bbdefault\u00bb global_colors_info=\u00bb{}\u00bb][et_pb_text _builder_version=\u00bb4.9.4&#8243; _module_preset=\u00bbdefault\u00bb global_colors_info=\u00bb{}\u00bb]<\/p>\n<h1>Acciones de formaci\u00f3n<\/h1>\n<p>[\/et_pb_text][et_pb_text _builder_version=\u00bb4.9.4&#8243; _module_preset=\u00bbdefault\u00bb global_colors_info=\u00bb{}\u00bb]<\/p>\n<p>&#8211; <strong>Formaci\u00f3n<\/strong> profesional ocupacional para personas en paro.<\/p>\n<p>&#8211; <strong>Formaci\u00f3n<\/strong> continua para personas ocupadas, de la cual se ofrece informaci\u00f3n acerca de los posibles cursos y centros de formaci\u00f3n.<\/p>\n<p>&#8211; <strong>Organizaci\u00f3n<\/strong> de conferencias y talleres.<\/p>\n<p>&#8211; <strong>Apoyo<\/strong> a la creaci\u00f3n de empresas: atenci\u00f3n de consultas puntuales de promotores sobre formas jur\u00eddicas, tr\u00e1mites legales y ayudas para la creaci\u00f3n de empresas.<\/p>\n<p>&#8211; <strong>Acompa\u00f1amiento<\/strong> a PYMES industriales y comerciales: informaci\u00f3n y asesoramiento sobre los programas de ayuda de la Administraci\u00f3n auton\u00f3mica, estatal y comunitaria.<\/p>\n<p>&#8211; <strong>Promoci\u00f3n<\/strong> de la inserci\u00f3n laboral de los desempleados, especialmente los colectivos m\u00e1s desfavorecidos, a trav\u00e9s de empleo p\u00fablico.<\/p>\n<p>&#8211; <strong>Participaci\u00f3n<\/strong> en el Pacto territorial para el empleo, Pactem Nord, que tiene com a objetivos:<\/p>\n<p>&#8211; <strong>Conocer<\/strong> la realidad socioecon\u00f3mica de los municipios firmantes; la situaci\u00f3n y tendencias del mercado de trabajo; las nuevas oportunidades para la creaci\u00f3n de empleo; las carencias y necesidades para la creaci\u00f3n y el desarrollo de las empresas, y las mejores pr\u00e1cticas para la inserci\u00f3n laboral de los colectivos m\u00e1s desfavorecidos.<\/p>\n<p>&#8211; <strong>Coordinar<\/strong> las diversas pol\u00edticas y programas de formaci\u00f3n y promoci\u00f3n del empleo de las entidades firmantes, para mejorar la eficiencia y favorecer la sinergia de los recursos p\u00fablicos y privados a ellos destinados.<\/p>\n<p>&#8211; <strong>Dise\u00f1ar<\/strong>, planificar y poner en marcha todo tipo de acciones, programas y proyectos conjuntos dirigidos a la creaci\u00f3n de empleo, a la inserci\u00f3n laboral de las personas desocupadas, al fomento de la iniciativa empresarial y al desarrollo de las peque\u00f1as y medianas empresas de los municipios afectados.<\/p>\n<p>&#8211; <strong>Compartir<\/strong> metodolog\u00edas de intervenci\u00f3n, experiencias y recursos para la creaci\u00f3n de empleo, as\u00ed como la informaci\u00f3n disponible sobre los sectores econ\u00f3micos y el mercado de trabajo.<\/p>\n<p>&#8211; <strong>Promocionar<\/strong>, en el \u00e1mbito del territorio afectado, los diferentes programas, l\u00edneas de acci\u00f3n y ayudas de la Generalitat Valenciana y de la Uni\u00f3n Europea, para la creaci\u00f3n de empleo y para el desarrollo empresarial.<\/p>\n<p>[\/et_pb_text][et_pb_divider color=\u00bb#999999&#8243; divider_style=\u00bbdotted\u00bb divider_weight=\u00bb7px\u00bb _builder_version=\u00bb4.9.4&#8243; _module_preset=\u00bbdefault\u00bb custom_margin=\u00bb50px||||false|false\u00bb global_colors_info=\u00bb{}\u00bb][\/et_pb_divider][\/et_pb_column][\/et_pb_row][et_pb_row column_structure=\u00bb1_5,1_5,1_5,1_5,1_5&#8243; _builder_version=\u00bb4.14.7&#8243; _module_preset=\u00bbdefault\u00bb custom_margin=\u00bb-25px||0px||false|false\u00bb custom_padding=\u00bb0px||0px||false|false\u00bb global_colors_info=\u00bb{}\u00bb][et_pb_column type=\u00bb1_5&#8243; _builder_version=\u00bb4.9.4&#8243; _module_preset=\u00bbdefault\u00bb global_colors_info=\u00bb{}\u00bb][\/et_pb_column][et_pb_column type=\u00bb1_5&#8243; _builder_version=\u00bb4.9.4&#8243; _module_preset=\u00bbdefault\u00bb global_colors_info=\u00bb{}\u00bb][et_pb_image src=\u00bbhttps:\/\/museros.org\/wp-content\/uploads\/2022\/03\/noticiasempleo-230&#215;180-1.jpg\u00bb title_text=\u00bbnoticiasempleo-230&#215;180&#8243; url=\u00bbhttps:\/\/museros.org\/inici\/es\/el-punto-movil-de-labora-visita-museros\/\u00bb use_overlay=\u00bbon\u00bb overlay_icon_color=\u00bb#E02B20&#8243; hover_overlay_color=\u00bbrgba(255,255,255,0.7)\u00bb hover_icon=\u00bb&#xe04e;||divi||400&#8243; align=\u00bbcenter\u00bb _builder_version=\u00bb4.14.9&#8243; _module_preset=\u00bbdefault\u00bb width=\u00bb100%\u00bb module_alignment=\u00bbcenter\u00bb global_colors_info=\u00bb{}\u00bb][\/et_pb_image][\/et_pb_column][et_pb_column type=\u00bb1_5&#8243; _builder_version=\u00bb4.9.4&#8243; _module_preset=\u00bbdefault\u00bb global_colors_info=\u00bb{}\u00bb][et_pb_image src=\u00bbhttps:\/\/museros.org\/wp-content\/uploads\/2021\/08\/logo-bolsaemp-200&#215;160-1.jpg\u00bb title_text=\u00bblogo-bolsaemp-200&#215;160&#8243; url=\u00bbhttps:\/\/museros.org\/inici\/es\/bolsa-de-empleo\u00bb use_overlay=\u00bbon\u00bb overlay_icon_color=\u00bb#E02B20&#8243; hover_overlay_color=\u00bbrgba(255,255,255,0.7)\u00bb hover_icon=\u00bb&#xe04e;||divi||400&#8243; align=\u00bbcenter\u00bb _builder_version=\u00bb4.14.9&#8243; _module_preset=\u00bbdefault\u00bb width=\u00bb100%\u00bb module_alignment=\u00bbcenter\u00bb custom_margin=\u00bb0px||||false|false\u00bb custom_padding=\u00bb0px||||false|false\u00bb global_colors_info=\u00bb{}\u00bb][\/et_pb_image][\/et_pb_column][et_pb_column type=\u00bb1_5&#8243; _builder_version=\u00bb4.9.4&#8243; _module_preset=\u00bbdefault\u00bb global_colors_info=\u00bb{}\u00bb][et_pb_image src=\u00bbhttps:\/\/museros.org\/wp-content\/uploads\/2021\/08\/logo-talleres-200&#215;160-1.jpg\u00bb title_text=\u00bblogo-talleres-200&#215;160&#8243; url=\u00bbhttps:\/\/museros.org\/inici\/es\/talleres-y-cursos\u00bb use_overlay=\u00bbon\u00bb overlay_icon_color=\u00bb#E02B20&#8243; hover_overlay_color=\u00bbrgba(255,255,255,0.7)\u00bb hover_icon=\u00bb&#xe04e;||divi||400&#8243; _builder_version=\u00bb4.14.2&#8243; _module_preset=\u00bbdefault\u00bb width=\u00bb100%\u00bb module_alignment=\u00bbcenter\u00bb global_colors_info=\u00bb{}\u00bb][\/et_pb_image][\/et_pb_column][et_pb_column type=\u00bb1_5&#8243; _builder_version=\u00bb4.9.4&#8243; _module_preset=\u00bbdefault\u00bb global_colors_info=\u00bb{}\u00bb][et_pb_image src=\u00bbhttps:\/\/museros.org\/wp-content\/uploads\/2021\/08\/logo-pactemnord.jpg\u00bb title_text=\u00bblogo-pactemnord\u00bb url=\u00bbhttps:\/\/www.consorci.info\/\u00bb url_new_window=\u00bbon\u00bb use_overlay=\u00bbon\u00bb overlay_icon_color=\u00bb#E02B20&#8243; hover_overlay_color=\u00bbrgba(255,255,255,0.7)\u00bb hover_icon=\u00bb&#xe04e;||divi||400&#8243; align=\u00bbcenter\u00bb _builder_version=\u00bb4.14.9&#8243; _module_preset=\u00bbdefault\u00bb width=\u00bb100%\u00bb width_tablet=\u00bb\u00bb width_phone=\u00bb\u00bb width_last_edited=\u00bbon|phone\u00bb module_alignment=\u00bbcenter\u00bb custom_margin=\u00bb0px||0px||false|false\u00bb custom_padding=\u00bb0px||0px||false|false\u00bb global_colors_info=\u00bb{}\u00bb][\/et_pb_image][\/et_pb_column][\/et_pb_row][et_pb_row _builder_version=\u00bb4.9.4&#8243; _module_preset=\u00bbdefault\u00bb global_colors_info=\u00bb{}\u00bb][et_pb_column type=\u00bb4_4&#8243; _builder_version=\u00bb4.9.4&#8243; _module_preset=\u00bbdefault\u00bb global_colors_info=\u00bb{}\u00bb][et_pb_divider color=\u00bb#E02B20&#8243; divider_weight=\u00bb4px\u00bb _builder_version=\u00bb4.9.4&#8243; _module_preset=\u00bbdefault\u00bb global_colors_info=\u00bb{}\u00bb][\/et_pb_divider][\/et_pb_column][\/et_pb_row][\/et_pb_section]<\/p>\n","protected":false},"excerpt":{"rendered":"<p>Acciones de formaci\u00f3n- Formaci\u00f3n profesional ocupacional para personas en paro. &#8211; Formaci\u00f3n continua para personas ocupadas, de la cual se ofrece informaci\u00f3n acerca de los posibles cursos y centros de formaci\u00f3n. &#8211; Organizaci\u00f3n de conferencias y talleres. &#8211; Apoyo a la creaci\u00f3n de empresas: atenci\u00f3n de consultas puntuales de promotores sobre formas jur\u00eddicas, tr\u00e1mites legales [&hellip;]<\/p>\n","protected":false},"author":8,"featured_media":0,"parent":0,"menu_order":0,"comment_status":"closed","ping_status":"closed","template":"","meta":{"_et_pb_use_builder":"on","_et_pb_old_content":"","_et_gb_content_width":"","_mc_calendar":[],"footnotes":""},"wf_page_folders":[157],"class_list":["post-242605","page","type-page","status-publish","hentry"],"_links":{"self":[{"href":"https:\/\/museros.org\/inici\/wp-json\/wp\/v2\/pages\/242605","targetHints":{"allow":["GET"]}}],"collection":[{"href":"https:\/\/museros.org\/inici\/wp-json\/wp\/v2\/pages"}],"about":[{"href":"https:\/\/museros.org\/inici\/wp-json\/wp\/v2\/types\/page"}],"author":[{"embeddable":true,"href":"https:\/\/museros.org\/inici\/wp-json\/wp\/v2\/users\/8"}],"replies":[{"embeddable":true,"href":"https:\/\/museros.org\/inici\/wp-json\/wp\/v2\/comments?post=242605"}],"version-history":[{"count":27,"href":"https:\/\/museros.org\/inici\/wp-json\/wp\/v2\/pages\/242605\/revisions"}],"predecessor-version":[{"id":255064,"href":"https:\/\/museros.org\/inici\/wp-json\/wp\/v2\/pages\/242605\/revisions\/255064"}],"wp:attachment":[{"href":"https:\/\/museros.org\/inici\/wp-json\/wp\/v2\/media?parent=242605"}],"wp:term":[{"taxonomy":"wf_page_folders","embeddable":true,"href":"https:\/\/museros.org\/inici\/wp-json\/wp\/v2\/wf_page_folders?post=242605"}],"curies":[{"name":"wp","href":"https:\/\/api.w.org\/{rel}","templated":true}]}}