{"id":242438,"date":"2021-04-20T21:51:54","date_gmt":"2021-04-20T21:51:54","guid":{"rendered":"https:\/\/museros.org\/?page_id=242438"},"modified":"2022-03-22T17:58:24","modified_gmt":"2022-03-22T17:58:24","slug":"aedl","status":"publish","type":"page","link":"https:\/\/museros.org\/inici\/es\/aedl\/","title":{"rendered":"AEDL"},"content":{"rendered":"<p>[et_pb_section fb_built=\u00bb1&#8243; _builder_version=\u00bb4.15&#8243; _module_preset=\u00bbdefault\u00bb custom_padding=\u00bb0px||||false|false\u00bb global_colors_info=\u00bb{}\u00bb][et_pb_row column_structure=\u00bb1_4,3_4&#8243; _builder_version=\u00bb4.15&#8243; _module_preset=\u00bbdefault\u00bb custom_padding=\u00bb0px||||false|false\u00bb global_colors_info=\u00bb{}\u00bb][et_pb_column type=\u00bb1_4&#8243; _builder_version=\u00bb4.15&#8243; _module_preset=\u00bbdefault\u00bb global_colors_info=\u00bb{}\u00bb][et_pb_image src=\u00bbhttps:\/\/museros.org\/wp-content\/uploads\/2022\/03\/logo-aedl-230&#215;180-1.jpg\u00bb title_text=\u00bblogo-aedl-230&#215;180&#8243; url=\u00bbhttps:\/\/museros.org\/inici\/es\/area-de-empleo\u00bb use_overlay=\u00bbon\u00bb overlay_icon_color=\u00bb#E02B20&#8243; hover_overlay_color=\u00bbrgba(255,255,255,0.7)\u00bb hover_icon=\u00bb&#xe04d;||divi||400&#8243; align=\u00bbcenter\u00bb _builder_version=\u00bb4.15&#8243; _module_preset=\u00bbdefault\u00bb width=\u00bb100%\u00bb custom_margin=\u00bb||||false|false\u00bb global_colors_info=\u00bb{}\u00bb][\/et_pb_image][\/et_pb_column][et_pb_column type=\u00bb3_4&#8243; _builder_version=\u00bb4.15&#8243; _module_preset=\u00bbdefault\u00bb global_colors_info=\u00bb{}\u00bb][et_pb_text _builder_version=\u00bb4.15&#8243; _module_preset=\u00bbdefault\u00bb global_colors_info=\u00bb{}\u00bb]<\/p>\n<h1>Agencia de Empleo y Desarrollo Local<\/h1>\n<p>[\/et_pb_text][et_pb_text _builder_version=\u00bb4.15&#8243; _module_preset=\u00bbdefault\u00bb custom_padding=\u00bb|||3px||\u00bb global_colors_info=\u00bb{}\u00bb]<\/p>\n<p>La Agencia de Empleo y Desarrollo Local es un servicio municipal dirigido a personas desocupadas y a empresas, con el fin de favorecer el desarrollo socioecon\u00f3mico y la creaci\u00f3n de ocupaci\u00f3n en el municipio de Museros.<\/p>\n<p>Entre las diferentes actuaciones que se llevan a cabo, destacan:<br \/>\u2022 Apoyo a emprendedores y emprendedoras que crean su empresa: asesoramiento, formaci\u00f3n, tramitaci\u00f3n de ayudas y de subvenciones y acompa\u00f1amiento y promoci\u00f3n en los momentos iniciales de la creaci\u00f3n de una empresa, minimizando los riesgos de abandono y maximizando los aspectos que resultan favorables para el mantenimiento y consolidaci\u00f3n de los proyectos empresariales puestos en marcha.<br \/>\u2022 Colaboraci\u00f3n con las empresas y los comercios del municipio: gesti\u00f3n de ofertas de trabajo, asesoramiento en materia de responsabilidad social empresarial, formaci\u00f3n, informaci\u00f3n sobre subvenciones y ayudas y promoci\u00f3n del asociacionismo.<br \/>\u2022 Orientaci\u00f3n, informaci\u00f3n laboral y formaci\u00f3n para personas paradas o con necesidad de una mejora de empleo, que buscan trabajo y calificaci\u00f3n profesional.<\/p>\n<p>El Ayuntamiento de Museros participa en la Agencia P\u00fablica de Empleo de l&#8217;Horta Nord, n.\u00ba 1000000110, impulsada desde el Consorcio Pactem Nord, con el objetivo de vertebrar la comarca, garantizar la accesibilidad de la ciudadan\u00eda a los servicios de ocupaci\u00f3n y ofrecer, a las empresas, un servicio gratuito de intermediaci\u00f3n laboral. Para mayor informaci\u00f3n, en <a href=\"https:\/\/www.consorci.info\/webempleo.html\" target=\"_blank\" rel=\"noopener\">https:\/\/www.consorci.info\/webempleo.html<\/a><\/p>\n<p>Para inscribirte a la Agencia P\u00fablica de Empleo de l&#8217;Hord Nord, como usuario o usuaria de Museros, tienes que solicitar cita previa y puedes hacerlo telef\u00f3nicamente en el 961441680, ext. 5, o presencialmente, de lunes a viernes, de 12.00 h a 14.00 h.<\/p>\n<p>[\/et_pb_text][et_pb_divider color=\u00bb#999999&#8243; divider_style=\u00bbdotted\u00bb divider_weight=\u00bb7px\u00bb _builder_version=\u00bb4.15&#8243; _module_preset=\u00bbdefault\u00bb custom_margin=\u00bb46px||-18px||false|false\u00bb custom_padding=\u00bb||0px||false|false\u00bb global_colors_info=\u00bb{}\u00bb][\/et_pb_divider][\/et_pb_column][\/et_pb_row][et_pb_row column_structure=\u00bb1_5,1_5,1_5,1_5,1_5&#8243; use_custom_gutter=\u00bbon\u00bb gutter_width=\u00bb1&#8243; _builder_version=\u00bb4.15&#8243; _module_preset=\u00bbdefault\u00bb custom_margin=\u00bb0px||0px||false|false\u00bb custom_padding=\u00bb0px||0px||false|false\u00bb global_colors_info=\u00bb{}\u00bb][et_pb_column type=\u00bb1_5&#8243; _builder_version=\u00bb4.15&#8243; _module_preset=\u00bbdefault\u00bb global_colors_info=\u00bb{}\u00bb][\/et_pb_column][et_pb_column type=\u00bb1_5&#8243; _builder_version=\u00bb4.15&#8243; _module_preset=\u00bbdefault\u00bb global_colors_info=\u00bb{}\u00bb][et_pb_image src=\u00bbhttps:\/\/museros.org\/wp-content\/uploads\/2021\/08\/logo-bolsaemp-200&#215;160-1.jpg\u00bb title_text=\u00bblogo-bolsaemp-200&#215;160&#8243; url=\u00bbhttps:\/\/museros.org\/inici\/es\/bolsa-de-empleo\u00bb use_overlay=\u00bbon\u00bb overlay_icon_color=\u00bb#E02B20&#8243; hover_overlay_color=\u00bbrgba(255,255,255,0.7)\u00bb hover_icon=\u00bb&#xe04e;||divi||400&#8243; align=\u00bbcenter\u00bb _builder_version=\u00bb4.15&#8243; _module_preset=\u00bbdefault\u00bb width=\u00bb100%\u00bb global_colors_info=\u00bb{}\u00bb][\/et_pb_image][\/et_pb_column][et_pb_column type=\u00bb1_5&#8243; _builder_version=\u00bb4.15&#8243; _module_preset=\u00bbdefault\u00bb global_colors_info=\u00bb{}\u00bb][et_pb_image src=\u00bbhttps:\/\/museros.org\/wp-content\/uploads\/2021\/08\/logo-talleres-200&#215;160-1.jpg\u00bb title_text=\u00bblogo-talleres-200&#215;160&#8243; url=\u00bbhttps:\/\/museros.org\/inici\/es\/talleres-y-cursos\u00bb use_overlay=\u00bbon\u00bb overlay_icon_color=\u00bb#E02B20&#8243; hover_overlay_color=\u00bbrgba(255,255,255,0.7)\u00bb hover_icon=\u00bb&#xe04e;||divi||400&#8243; align=\u00bbcenter\u00bb _builder_version=\u00bb4.15&#8243; _module_preset=\u00bbdefault\u00bb width=\u00bb100%\u00bb global_colors_info=\u00bb{}\u00bb][\/et_pb_image][\/et_pb_column][et_pb_column type=\u00bb1_5&#8243; _builder_version=\u00bb4.15&#8243; _module_preset=\u00bbdefault\u00bb global_colors_info=\u00bb{}\u00bb][et_pb_image src=\u00bbhttps:\/\/museros.org\/wp-content\/uploads\/2021\/08\/logo-acciones-200&#215;160-1.jpg\u00bb title_text=\u00bblogo-acciones-200&#215;160&#8243; url=\u00bbhttps:\/\/museros.org\/inici\/es\/acciones-de-formacion\u00bb use_overlay=\u00bbon\u00bb overlay_icon_color=\u00bb#e02b20&#8243; hover_overlay_color=\u00bbrgba(255,255,255,0.7)\u00bb hover_icon=\u00bb&#xe04e;||divi||400&#8243; align=\u00bbcenter\u00bb _builder_version=\u00bb4.15&#8243; _module_preset=\u00bbdefault\u00bb width=\u00bb100%\u00bb global_colors_info=\u00bb{}\u00bb][\/et_pb_image][\/et_pb_column][et_pb_column type=\u00bb1_5&#8243; _builder_version=\u00bb4.15&#8243; _module_preset=\u00bbdefault\u00bb global_colors_info=\u00bb{}\u00bb][et_pb_image src=\u00bbhttps:\/\/museros.org\/wp-content\/uploads\/2021\/08\/logo-pactemnord.jpg\u00bb title_text=\u00bblogo-pactemnord\u00bb url=\u00bbhttps:\/\/www.consorci.info\/webempleo.html\u00bb url_new_window=\u00bbon\u00bb use_overlay=\u00bbon\u00bb overlay_icon_color=\u00bb#E02B20&#8243; hover_overlay_color=\u00bbrgba(255,255,255,0.69)\u00bb hover_icon=\u00bb&#xe04e;||divi||400&#8243; _builder_version=\u00bb4.15&#8243; _module_preset=\u00bbdefault\u00bb global_colors_info=\u00bb{}\u00bb][\/et_pb_image][\/et_pb_column][\/et_pb_row][et_pb_row _builder_version=\u00bb4.15&#8243; _module_preset=\u00bbdefault\u00bb global_colors_info=\u00bb{}\u00bb][et_pb_column type=\u00bb4_4&#8243; _builder_version=\u00bb4.15&#8243; _module_preset=\u00bbdefault\u00bb global_colors_info=\u00bb{}\u00bb][et_pb_divider color=\u00bb#999999&#8243; divider_style=\u00bbdotted\u00bb divider_weight=\u00bb7px\u00bb _builder_version=\u00bb4.15&#8243; _module_preset=\u00bbdefault\u00bb custom_margin=\u00bb||||false|false\u00bb custom_padding=\u00bb||0px||false|false\u00bb global_colors_info=\u00bb{}\u00bb][\/et_pb_divider][et_pb_text _builder_version=\u00bb4.15&#8243; _module_preset=\u00bbdefault\u00bb custom_margin=\u00bb0px||||false|false\u00bb custom_padding=\u00bb0px||||false|false\u00bb global_colors_info=\u00bb{}\u00bb]<\/p>\n<h1>Noticias<\/h1>\n<p>[\/et_pb_text][et_pb_blog fullwidth=\u00bboff\u00bb posts_number=\u00bb3&#8243; include_categories=\u00bb1146&#8243; show_author=\u00bboff\u00bb show_pagination=\u00bboff\u00bb admin_label=\u00bbBlog noticias\u00bb _builder_version=\u00bb4.15&#8243; _module_preset=\u00bbdefault\u00bb box_shadow_style=\u00bbpreset1&#8243; locked=\u00bboff\u00bb global_colors_info=\u00bb{}\u00bb][\/et_pb_blog][et_pb_divider color=\u00bb#E02B20&#8243; divider_weight=\u00bb4px\u00bb _builder_version=\u00bb4.15&#8243; _module_preset=\u00bbdefault\u00bb global_colors_info=\u00bb{}\u00bb][\/et_pb_divider][\/et_pb_column][\/et_pb_row][\/et_pb_section]<\/p>\n","protected":false},"excerpt":{"rendered":"<p>Agencia de Empleo y Desarrollo LocalLa Agencia de Empleo y Desarrollo Local es un servicio municipal dirigido a personas desocupadas y a empresas, con el fin de favorecer el desarrollo socioecon\u00f3mico y la creaci\u00f3n de ocupaci\u00f3n en el municipio de Museros. Entre las diferentes actuaciones que se llevan a cabo, destacan:\u2022 Apoyo a emprendedores y [&hellip;]<\/p>\n","protected":false},"author":8,"featured_media":0,"parent":0,"menu_order":0,"comment_status":"closed","ping_status":"closed","template":"","meta":{"_et_pb_use_builder":"on","_et_pb_old_content":"","_et_gb_content_width":"","_mc_calendar":[],"footnotes":""},"wf_page_folders":[157],"class_list":["post-242438","page","type-page","status-publish","hentry"],"_links":{"self":[{"href":"https:\/\/museros.org\/inici\/wp-json\/wp\/v2\/pages\/242438","targetHints":{"allow":["GET"]}}],"collection":[{"href":"https:\/\/museros.org\/inici\/wp-json\/wp\/v2\/pages"}],"about":[{"href":"https:\/\/museros.org\/inici\/wp-json\/wp\/v2\/types\/page"}],"author":[{"embeddable":true,"href":"https:\/\/museros.org\/inici\/wp-json\/wp\/v2\/users\/8"}],"replies":[{"embeddable":true,"href":"https:\/\/museros.org\/inici\/wp-json\/wp\/v2\/comments?post=242438"}],"version-history":[{"count":47,"href":"https:\/\/museros.org\/inici\/wp-json\/wp\/v2\/pages\/242438\/revisions"}],"predecessor-version":[{"id":255716,"href":"https:\/\/museros.org\/inici\/wp-json\/wp\/v2\/pages\/242438\/revisions\/255716"}],"wp:attachment":[{"href":"https:\/\/museros.org\/inici\/wp-json\/wp\/v2\/media?parent=242438"}],"wp:term":[{"taxonomy":"wf_page_folders","embeddable":true,"href":"https:\/\/museros.org\/inici\/wp-json\/wp\/v2\/wf_page_folders?post=242438"}],"curies":[{"name":"wp","href":"https:\/\/api.w.org\/{rel}","templated":true}]}}