{"id":241695,"date":"2021-04-13T08:07:26","date_gmt":"2021-04-13T08:07:26","guid":{"rendered":"https:\/\/museros.org\/?page_id=241695"},"modified":"2026-03-30T13:42:55","modified_gmt":"2026-03-30T11:42:55","slug":"area-de-fiestas","status":"publish","type":"page","link":"https:\/\/museros.org\/inici\/es\/area-de-fiestas\/","title":{"rendered":"\u00c1rea de fiestas"},"content":{"rendered":"<p>[et_pb_section fb_built=\u00bb1&#8243; _builder_version=\u00bb4.16&#8243; _module_preset=\u00bbdefault\u00bb custom_padding=\u00bb0px||||false|false\u00bb global_colors_info=\u00bb{}\u00bb][et_pb_row column_structure=\u00bb1_4,3_4&#8243; _builder_version=\u00bb4.16&#8243; _module_preset=\u00bbdefault\u00bb custom_margin=\u00bb0px||0px||false|false\u00bb custom_padding=\u00bb0px||0px||false|false\u00bb locked=\u00bboff\u00bb global_colors_info=\u00bb{}\u00bb][et_pb_column type=\u00bb1_4&#8243; _builder_version=\u00bb4.16&#8243; _module_preset=\u00bbdefault\u00bb global_colors_info=\u00bb{}\u00bb][et_pb_image src=\u00bbhttps:\/\/museros.org\/wp-content\/uploads\/2022\/12\/logo-fiestas-vl-cl-230&#215;115-1.jpg\u00bb title_text=\u00bblogo-fiestas-vl-cl-230&#215;115&#8243; url=\u00bbhttps:\/\/museros.org\/inici\/es\/concejalias\u00bb use_overlay=\u00bbon\u00bb overlay_icon_color=\u00bb#E02B20&#8243; hover_overlay_color=\u00bbrgba(255,255,255,0.7)\u00bb hover_icon=\u00bb&#xe04d;||divi||400&#8243; align=\u00bbcenter\u00bb _builder_version=\u00bb4.19.4&#8243; _module_preset=\u00bbdefault\u00bb width=\u00bb100%\u00bb width_tablet=\u00bb\u00bb width_phone=\u00bb\u00bb width_last_edited=\u00bbon|desktop\u00bb custom_margin=\u00bb0px||0px||false|false\u00bb global_colors_info=\u00bb{}\u00bb][\/et_pb_image][\/et_pb_column][et_pb_column type=\u00bb3_4&#8243; _builder_version=\u00bb4.16&#8243; _module_preset=\u00bbdefault\u00bb global_colors_info=\u00bb{}\u00bb][et_pb_text _builder_version=\u00bb4.19.4&#8243; _module_preset=\u00bbdefault\u00bb custom_margin=\u00bb0px||0px||false|false\u00bb custom_padding=\u00bb0px||0px||false|false\u00bb global_colors_info=\u00bb{}\u00bb]<\/p>\n<h1>Fiestas locales<\/h1>\n<p>[\/et_pb_text][\/et_pb_column][\/et_pb_row][et_pb_row column_structure=\u00bb1_4,1_4,1_4,1_4&#8243; _builder_version=\u00bb4.19.3&#8243; _module_preset=\u00bbdefault\u00bb custom_margin=\u00bb0px||0px||false|false\u00bb custom_padding=\u00bb0px||0px||false|false\u00bb global_colors_info=\u00bb{}\u00bb][et_pb_column type=\u00bb1_4&#8243; _builder_version=\u00bb4.16&#8243; _module_preset=\u00bbdefault\u00bb global_colors_info=\u00bb{}\u00bb][\/et_pb_column][et_pb_column type=\u00bb1_4&#8243; _builder_version=\u00bb4.16&#8243; _module_preset=\u00bbdefault\u00bb global_colors_info=\u00bb{}\u00bb][et_pb_image src=\u00bbhttps:\/\/museros.org\/wp-content\/uploads\/2026\/02\/sanvicente26.jpg\u00bb title_text=\u00bbsanvicente26&#8243; show_bottom_space=\u00bboff\u00bb _builder_version=\u00bb4.27.5&#8243; _module_preset=\u00bbdefault\u00bb global_colors_info=\u00bb{}\u00bb][\/et_pb_image][\/et_pb_column][et_pb_column type=\u00bb1_4&#8243; _builder_version=\u00bb4.16&#8243; _module_preset=\u00bbdefault\u00bb global_colors_info=\u00bb{}\u00bb][et_pb_image src=\u00bbhttps:\/\/museros.org\/wp-content\/uploads\/2026\/02\/sanroque26.jpg\u00bb title_text=\u00bbsanroque26&#8243; _builder_version=\u00bb4.27.5&#8243; _module_preset=\u00bbdefault\u00bb global_colors_info=\u00bb{}\u00bb][\/et_pb_image][\/et_pb_column][et_pb_column type=\u00bb1_4&#8243; _builder_version=\u00bb4.16&#8243; _module_preset=\u00bbdefault\u00bb global_colors_info=\u00bb{}\u00bb][et_pb_button button_url=\u00bbhttps:\/\/museros.org\/wp-content\/uploads\/2026\/02\/dogv-10238-festius-local.pdf\u00bb url_new_window=\u00bbon\u00bb button_text=\u00bbCalendario de fiestas locales de la Comunitat Valenciana para el a\u00f1o 2026&#8243; _builder_version=\u00bb4.27.5&#8243; _module_preset=\u00bbdefault\u00bb locked=\u00bboff\u00bb global_colors_info=\u00bb{}\u00bb][\/et_pb_button][et_pb_button button_url=\u00bbhttps:\/\/museros.org\/wp-content\/uploads\/2026\/02\/autorizacion-generalitat-artificios-2026.pdf\u00bb url_new_window=\u00bbon\u00bb button_text=\u00bbAutorizaci\u00f3n uso de petardos por menores de edad\u00bb _builder_version=\u00bb4.27.5&#8243; _module_preset=\u00bbdefault\u00bb locked=\u00bboff\u00bb global_colors_info=\u00bb{}\u00bb][\/et_pb_button][\/et_pb_column][\/et_pb_row][et_pb_row _builder_version=\u00bb4.23.1&#8243; _module_preset=\u00bbdefault\u00bb global_colors_info=\u00bb{}\u00bb][et_pb_column type=\u00bb4_4&#8243; _builder_version=\u00bb4.23.1&#8243; _module_preset=\u00bbdefault\u00bb global_colors_info=\u00bb{}\u00bb][et_pb_divider color=\u00bb#999999&#8243; divider_style=\u00bbdotted\u00bb divider_weight=\u00bb7px\u00bb _builder_version=\u00bb4.23.1&#8243; _module_preset=\u00bbdefault\u00bb min_height=\u00bb26px\u00bb custom_margin=\u00bb0px||0px||false|false\u00bb custom_padding=\u00bb||0px||false|false\u00bb locked=\u00bboff\u00bb global_colors_info=\u00bb{}\u00bb][\/et_pb_divider][\/et_pb_column][\/et_pb_row][et_pb_row column_structure=\u00bb1_4,1_4,1_4,1_4&#8243; _builder_version=\u00bb4.24.0&#8243; _module_preset=\u00bbdefault\u00bb global_colors_info=\u00bb{}\u00bb][et_pb_column type=\u00bb1_4&#8243; _builder_version=\u00bb4.23.1&#8243; _module_preset=\u00bbdefault\u00bb global_colors_info=\u00bb{}\u00bb][et_pb_button button_url=\u00bbhttps:\/\/museros.org\/wp-content\/uploads\/2025\/07\/festes-museros-2025-programa.pdf\u00bb url_new_window=\u00bbon\u00bb button_text=\u00bbFIESTAS PATRONALES 25&#8243; admin_label=\u00bbFiestas 2025&#8243; _builder_version=\u00bb4.27.4&#8243; _module_preset=\u00bbdefault\u00bb global_colors_info=\u00bb{}\u00bb][\/et_pb_button][et_pb_button button_url=\u00bbhttps:\/\/museros.org\/wp-content\/uploads\/2024\/07\/programa-museros-20224.pdf\u00bb url_new_window=\u00bbon\u00bb button_text=\u00bbFIESTAS PATRONALES 24&#8243; admin_label=\u00bbFiestas 2024&#8243; _builder_version=\u00bb4.27.4&#8243; _module_preset=\u00bbdefault\u00bb global_colors_info=\u00bb{}\u00bb][\/et_pb_button][et_pb_button button_url=\u00bbhttps:\/\/museros.org\/wp-content\/uploads\/2024\/08\/Festes-2023.pdf\u00bb url_new_window=\u00bbon\u00bb button_text=\u00bbFIESTAS PATRONALES 23&#8243; admin_label=\u00bbFiestas 2023&#8243; _builder_version=\u00bb4.27.0&#8243; _module_preset=\u00bbdefault\u00bb global_colors_info=\u00bb{}\u00bb][\/et_pb_button][et_pb_button button_url=\u00bbhttps:\/\/museros.org\/wp-content\/uploads\/2022\/07\/Llibre-Festes-Patronals-Museros-2022.pdf\u00bb url_new_window=\u00bbon\u00bb button_text=\u00bbFIESTAS PATRONALES 22&#8243; admin_label=\u00bbFiestas 2022&#8243; _builder_version=\u00bb4.24.0&#8243; _module_preset=\u00bbdefault\u00bb global_colors_info=\u00bb{}\u00bb][\/et_pb_button][et_pb_button button_url=\u00bbhttps:\/\/museros.org\/wp-content\/uploads\/2023\/11\/llibre-de-festes.pdf\u00bb url_new_window=\u00bbon\u00bb button_text=\u00bbFIESTAS PATRONALES 21&#8243; admin_label=\u00bbFiestas 2021&#8243; _builder_version=\u00bb4.24.2&#8243; _module_preset=\u00bbdefault\u00bb global_colors_info=\u00bb{}\u00bb][\/et_pb_button][et_pb_button button_url=\u00bbhttps:\/\/museros.org\/wp-content\/uploads\/2024\/07\/LLIBRE-DE-FESTES-2020.pdf\u00bb url_new_window=\u00bbon\u00bb button_text=\u00bbFIESTAS PATRONALES 20&#8243; admin_label=\u00bbFiestas 2020&#8243; _builder_version=\u00bb4.27.4&#8243; _module_preset=\u00bbdefault\u00bb locked=\u00bboff\u00bb global_colors_info=\u00bb{}\u00bb][\/et_pb_button][et_pb_button button_url=\u00bbhttps:\/\/museros.org\/wp-content\/uploads\/2024\/07\/LLIBRE-DE-FESTES-2019.pdf\u00bb url_new_window=\u00bbon\u00bb button_text=\u00bbFIESTAS PATRONALES 19&#8243; admin_label=\u00bbFiestas 2019&#8243; _builder_version=\u00bb4.27.4&#8243; _module_preset=\u00bbdefault\u00bb global_colors_info=\u00bb{}\u00bb][\/et_pb_button][et_pb_button button_url=\u00bbhttps:\/\/museros.org\/wp-content\/uploads\/2024\/03\/LLIBRE-DE-FESTES-2018.pdf\u00bb url_new_window=\u00bbon\u00bb button_text=\u00bbFIESTAS PATRONALES 18&#8243; admin_label=\u00bbFiestas 2018&#8243; _builder_version=\u00bb4.27.4&#8243; _module_preset=\u00bbdefault\u00bb global_colors_info=\u00bb{}\u00bb][\/et_pb_button][et_pb_button button_url=\u00bbhttps:\/\/museros.org\/wp-content\/uploads\/2024\/07\/LLIBRE-DE-FESTES-2017.pdf\u00bb url_new_window=\u00bbon\u00bb button_text=\u00bbFIESTAS PATRONALES 17&#8243; admin_label=\u00bbFiestas 2017&#8243; _builder_version=\u00bb4.26.0&#8243; _module_preset=\u00bbdefault\u00bb global_colors_info=\u00bb{}\u00bb][\/et_pb_button][et_pb_button button_url=\u00bbhttps:\/\/museros.org\/wp-content\/uploads\/2024\/08\/LLIBRE-FESTES-2016.pdf\u00bb url_new_window=\u00bbon\u00bb button_text=\u00bbFIESTAS PATRONALES 16&#8243; admin_label=\u00bbFiestas 2016&#8243; _builder_version=\u00bb4.27.0&#8243; _module_preset=\u00bbdefault\u00bb global_colors_info=\u00bb{}\u00bb][\/et_pb_button][et_pb_button button_url=\u00bbhttps:\/\/museros.org\/wp-content\/uploads\/2024\/03\/LLIBRE-DE-FESTES-2015.pdf\u00bb url_new_window=\u00bbon\u00bb button_text=\u00bbFIESTAS PATRONALES 15&#8243; admin_label=\u00bbFiestas 2015&#8243; _builder_version=\u00bb4.24.2&#8243; _module_preset=\u00bbdefault\u00bb global_colors_info=\u00bb{}\u00bb][\/et_pb_button][\/et_pb_column][et_pb_column type=\u00bb1_4&#8243; _builder_version=\u00bb4.23.1&#8243; _module_preset=\u00bbdefault\u00bb global_colors_info=\u00bb{}\u00bb][et_pb_button button_url=\u00bbhttps:\/\/museros.org\/inici\/es\/concurso-balcones-2025\/\u00bb button_text=\u00bbVI CONCURSO BALCONES\u00bb admin_label=\u00bbBalcones 2025&#8243; _builder_version=\u00bb4.27.4&#8243; _module_preset=\u00bbdefault\u00bb global_colors_info=\u00bb{}\u00bb][\/et_pb_button][et_pb_button button_url=\u00bbhttps:\/\/museros.org\/inici\/es\/concurso-balcones-2024\/\u00bb button_text=\u00bbV CONCURSO BALCONES\u00bb admin_label=\u00bbBalcones 2024&#8243; _builder_version=\u00bb4.27.4&#8243; _module_preset=\u00bbdefault\u00bb global_colors_info=\u00bb{}\u00bb][\/et_pb_button][et_pb_button button_url=\u00bbhttps:\/\/museros.org\/inici\/es\/concurso-balcones-2023&#8243; button_text=\u00bbIV CONCURSO BALCONES\u00bb admin_label=\u00bbBalcones 2023&#8243; _builder_version=\u00bb4.24.0&#8243; _module_preset=\u00bbdefault\u00bb global_colors_info=\u00bb{}\u00bb][\/et_pb_button][et_pb_button button_url=\u00bbhttps:\/\/museros.org\/inici\/es\/tercer-concurso-balcones\/\u00bb button_text=\u00bbIII CONCURSO BALCONES\u00bb admin_label=\u00bbBalcones 2022&#8243; _builder_version=\u00bb4.24.0&#8243; _module_preset=\u00bbdefault\u00bb global_colors_info=\u00bb{}\u00bb][\/et_pb_button][et_pb_button button_url=\u00bbhttps:\/\/museros.org\/inici\/es\/concurso-balcones-2021\/\u00bb button_text=\u00bbII CONCURSO BALCONES\u00bb admin_label=\u00bbBalcones 2021&#8243; _builder_version=\u00bb4.24.0&#8243; _module_preset=\u00bbdefault\u00bb global_colors_info=\u00bb{}\u00bb][\/et_pb_button][\/et_pb_column][et_pb_column type=\u00bb1_4&#8243; _builder_version=\u00bb4.23.1&#8243; _module_preset=\u00bbdefault\u00bb global_colors_info=\u00bb{}\u00bb][et_pb_button button_url=\u00bbhttps:\/\/museros.org\/inici\/es\/nadalenca-museros-2025\/\u00bb button_text=\u00bbLA NADALENCA 2025&#8243; admin_label=\u00bbLa Navide\u00f1a 2024&#8243; _builder_version=\u00bb4.27.4&#8243; _module_preset=\u00bbdefault\u00bb global_colors_info=\u00bb{}\u00bb][\/et_pb_button][et_pb_button button_url=\u00bbhttps:\/\/museros.org\/inici\/es\/navidenos-24\/\u00bb button_text=\u00bbLA NADALENCA 2024&#8243; admin_label=\u00bbLa Navide\u00f1a 2024&#8243; _builder_version=\u00bb4.27.4&#8243; _module_preset=\u00bbdefault\u00bb global_colors_info=\u00bb{}\u00bb][\/et_pb_button][et_pb_button button_url=\u00bbhttps:\/\/museros.org\/inici\/es\/navidenos\/\u00bb button_text=\u00bbLA NADALENCA 2023&#8243; admin_label=\u00bbLa Navide\u00f1a 2023&#8243; _builder_version=\u00bb4.24.0&#8243; _module_preset=\u00bbdefault\u00bb global_colors_info=\u00bb{}\u00bb][\/et_pb_button][et_pb_button button_url=\u00bbhttps:\/\/museros.org\/inici\/es\/navidad-en-museros\/\u00bb button_text=\u00bbNAVIDAD MUSEROS 2022&#8243; admin_label=\u00bbNavidad Museros 2022&#8243; _builder_version=\u00bb4.24.0&#8243; _module_preset=\u00bbdefault\u00bb global_colors_info=\u00bb{}\u00bb][\/et_pb_button][et_pb_button button_url=\u00bbhttps:\/\/museros.org\/inici\/es\/actos-navidad-2021\/\u00bb button_text=\u00bbACTOS NAVIDAD 2021&#8243; admin_label=\u00bbActos navidad 2021&#8243; _builder_version=\u00bb4.24.0&#8243; _module_preset=\u00bbdefault\u00bb global_colors_info=\u00bb{}\u00bb][\/et_pb_button][\/et_pb_column][et_pb_column type=\u00bb1_4&#8243; _builder_version=\u00bb4.23.1&#8243; _module_preset=\u00bbdefault\u00bb global_colors_info=\u00bb{}\u00bb][et_pb_button button_url=\u00bbhttps:\/\/museros.org\/inici\/es\/san-vicente-2026\/\u00bb button_text=\u00bbSANT VICENT 2026&#8243; admin_label=\u00bbSan Vicente 2026&#8243; _builder_version=\u00bb4.27.6&#8243; _module_preset=\u00bbdefault\u00bb hover_enabled=\u00bb0&#8243; global_colors_info=\u00bb{}\u00bb sticky_enabled=\u00bb0&#8243;][\/et_pb_button][et_pb_button button_url=\u00bbhttps:\/\/museros.org\/inici\/es\/san-vicente-2025\/\u00bb button_text=\u00bbSANT VICENT 2025&#8243; admin_label=\u00bbSan Vicente 2025&#8243; _builder_version=\u00bb4.27.4&#8243; _module_preset=\u00bbdefault\u00bb global_colors_info=\u00bb{}\u00bb][\/et_pb_button][et_pb_button button_url=\u00bbhttps:\/\/museros.org\/inici\/es\/san-vicente-2024\/\u00bb button_text=\u00bbSANT VICENT 2024&#8243; admin_label=\u00bbSan Vicente 2024&#8243; _builder_version=\u00bb4.24.3&#8243; _module_preset=\u00bbdefault\u00bb global_colors_info=\u00bb{}\u00bb][\/et_pb_button][et_pb_divider color=\u00bb#E02B20&#8243; divider_style=\u00bbdotted\u00bb divider_weight=\u00bb5px\u00bb _builder_version=\u00bb4.24.0&#8243; _module_preset=\u00bbdefault\u00bb custom_margin=\u00bb||0px||false|false\u00bb custom_padding=\u00bb0px||0px||false|false\u00bb locked=\u00bboff\u00bb global_colors_info=\u00bb{}\u00bb][\/et_pb_divider][et_pb_button button_url=\u00bbhttps:\/\/museros.org\/inici\/es\/san-antonio-2026\/\u00bb button_text=\u00bbSANT ANTONI 2026&#8243; admin_label=\u00bbSan Antonio 2026&#8243; _builder_version=\u00bb4.27.5&#8243; _module_preset=\u00bbdefault\u00bb global_colors_info=\u00bb{}\u00bb][\/et_pb_button][et_pb_button button_url=\u00bbhttps:\/\/museros.org\/inici\/es\/san-antonio-25\/\u00bb button_text=\u00bbSANT ANTONI 2025&#8243; admin_label=\u00bbSan Antonio 2025&#8243; _builder_version=\u00bb4.27.4&#8243; _module_preset=\u00bbdefault\u00bb global_colors_info=\u00bb{}\u00bb][\/et_pb_button][et_pb_button button_url=\u00bbhttps:\/\/museros.org\/inici\/es\/san-antonio-2024\/\u00bb button_text=\u00bbSANT ANTONI 2024&#8243; admin_label=\u00bbSan Antonio 2024&#8243; _builder_version=\u00bb4.24.0&#8243; _module_preset=\u00bbdefault\u00bb global_colors_info=\u00bb{}\u00bb][\/et_pb_button][et_pb_button button_url=\u00bbhttps:\/\/museros.org\/inici\/es\/san-antonio-23\/\u00bb button_text=\u00bbSANT ANTONI 2023&#8243; admin_label=\u00bbSan Antonio 2023&#8243; _builder_version=\u00bb4.24.0&#8243; _module_preset=\u00bbdefault\u00bb global_colors_info=\u00bb{}\u00bb][\/et_pb_button][et_pb_button button_url=\u00bbhttps:\/\/museros.org\/inici\/es\/san-antonio-2022\/\u00bb button_text=\u00bbSANT ANTONI 2022&#8243; admin_label=\u00bbSan Antonio 2022&#8243; _builder_version=\u00bb4.24.0&#8243; _module_preset=\u00bbdefault\u00bb global_colors_info=\u00bb{}\u00bb][\/et_pb_button][\/et_pb_column][\/et_pb_row][et_pb_row _builder_version=\u00bb4.23.1&#8243; _module_preset=\u00bbdefault\u00bb global_colors_info=\u00bb{}\u00bb][et_pb_column type=\u00bb4_4&#8243; _builder_version=\u00bb4.23.1&#8243; _module_preset=\u00bbdefault\u00bb global_colors_info=\u00bb{}\u00bb][et_pb_divider color=\u00bb#999999&#8243; divider_style=\u00bbdotted\u00bb divider_weight=\u00bb7px\u00bb _builder_version=\u00bb4.23.1&#8243; _module_preset=\u00bbdefault\u00bb min_height=\u00bb26px\u00bb custom_margin=\u00bb0px||0px||false|false\u00bb custom_padding=\u00bb||0px||false|false\u00bb locked=\u00bboff\u00bb global_colors_info=\u00bb{}\u00bb][\/et_pb_divider][\/et_pb_column][\/et_pb_row][et_pb_row column_structure=\u00bb1_4,3_4&#8243; _builder_version=\u00bb4.27.0&#8243; _module_preset=\u00bbdefault\u00bb custom_margin=\u00bb0px||0px||false|false\u00bb custom_padding=\u00bb0px||0px||false|false\u00bb locked=\u00bboff\u00bb global_colors_info=\u00bb{}\u00bb][et_pb_column type=\u00bb1_4&#8243; _builder_version=\u00bb4.16&#8243; _module_preset=\u00bbdefault\u00bb global_colors_info=\u00bb{}\u00bb][\/et_pb_column][et_pb_column type=\u00bb3_4&#8243; _builder_version=\u00bb4.16&#8243; _module_preset=\u00bbdefault\u00bb global_colors_info=\u00bb{}\u00bb][et_pb_accordion open_toggle_text_color=\u00bb#FFFFFF\u00bb open_toggle_background_color=\u00bb#ffffff\u00bb closed_toggle_background_color=\u00bb#ffffff\u00bb icon_color=\u00bb#336666&#8243; use_icon_font_size=\u00bbon\u00bb icon_font_size=\u00bb20px\u00bb admin_label=\u00bbAcorde\u00f3n 2020&#8243; _builder_version=\u00bb4.25.0&#8243; _module_preset=\u00bbdefault\u00bb toggle_text_color=\u00bb#990000&#8243; toggle_font=\u00bb|600|||||||\u00bb toggle_font_size=\u00bb16px\u00bb body_font=\u00bb||||||||\u00bb custom_margin=\u00bb30px||||false|false\u00bb locked=\u00bboff\u00bb global_colors_info=\u00bb{}\u00bb][et_pb_accordion_item title=\u00bbAnuario festivo de Museros\u00bb open=\u00bbon\u00bb open_toggle_text_color=\u00bb#FFFFFF\u00bb open_toggle_background_color=\u00bb#669999&#8243; closed_toggle_text_color=\u00bb#ffffff\u00bb closed_toggle_background_color=\u00bb#669999&#8243; icon_color=\u00bbrgba(99,0,0,0.2)\u00bb use_icon_font_size=\u00bbon\u00bb icon_font_size=\u00bb20px\u00bb _builder_version=\u00bb4.17.1&#8243; _module_preset=\u00bbdefault\u00bb body_text_color=\u00bb#ffffff\u00bb background_color=\u00bb#990000&#8243; background_enable_color=\u00bbon\u00bb width=\u00bb100%\u00bb global_colors_info=\u00bb{}\u00bb toggle_text_color=\u00bb#FFFFFF\u00bb toggle_level=\u00bbh4&#8243; toggle_font=\u00bb|600|||||||\u00bb toggle_font_size=\u00bb22px\u00bb closed_toggle_font_size=\u00bb22px\u00bb]<\/p>\n<p>Las fiestas son una parte importante de nuestro pueblo, puesto que representan un espacio de socializaci\u00f3n y arraigo. Durante todo el a\u00f1o Museros acoge una diversidad de fiestas; algunas de car\u00e1cter m\u00e1s tradicional y otras nuevas. Las fiestas patronales de &#8216;Sant Roc&#8217; tienen lugar durante el mes de agosto. Desde el Ayuntamiento os invitamos a participado y disfrutar de todas ellas.<\/p>\n<p>[\/et_pb_accordion_item][et_pb_accordion_item title=\u00bbSant Antoni del Porquet\u00bb open_toggle_text_color=\u00bb#336666&#8243; use_icon_font_size=\u00bbon\u00bb icon_font_size=\u00bb24px\u00bb _builder_version=\u00bb4.16&#8243; _module_preset=\u00bbdefault\u00bb global_colors_info=\u00bb{}\u00bb toggle_text_color=\u00bb#000000&#8243; open=\u00bboff\u00bb]<\/p>\n<p><img loading=\"lazy\" decoding=\"async\" src=\"https:\/\/museros.org\/wp-content\/uploads\/2021\/05\/santantoni-200x300.jpg\" alt=\"\" class=\"wp-image-242897 alignnone size-medium\" width=\"200\" height=\"300\" \/><\/p>\n<p>Antiguamente, esta fiesta celebrada en el <strong>mes de enero<\/strong>, inclu\u00eda carreras de caballos y competiciones al m\u00e1s puro estilo medieval, y se hac\u00edan hogueras en todas las calles. En la actualidad, la fiesta dura <strong>dos d\u00edas<\/strong>. El primer d\u00eda, por la tarde, tiene lugar el <strong>traslado de la imagen<\/strong> de Sant Antoni acompa\u00f1ada con el tabalet y la dulzaina, la <em>crem\u00e1<\/em> de la <strong>gran hoguera<\/strong> de Sant Antoni y la misa solemne en honor al santo. Por la ma\u00f1ana del d\u00eda siguiente, la calle Mayor se convierte en un desfile de los tradicionales <strong>carros tirados por caballos y mulos<\/strong>, as\u00ed como de jinetes con impresionantes <strong>caballos<\/strong>, que esperan su bendici\u00f3n a la puerta de la iglesia. Adem\u00e1s de las vecinas y de los vecinos de Museros, que acercan sus <strong>animales dom\u00e9sticos.<\/strong><\/p>\n<p>[\/et_pb_accordion_item][et_pb_accordion_item title=\u00bbSan Vicente\u00bb open_toggle_text_color=\u00bb#336666&#8243; _builder_version=\u00bb4.17.1&#8243; _module_preset=\u00bbdefault\u00bb global_colors_info=\u00bb{}\u00bb toggle_text_color=\u00bb#000000&#8243; open=\u00bboff\u00bb]<\/p>\n<p><img loading=\"lazy\" decoding=\"async\" src=\"https:\/\/museros.org\/wp-content\/uploads\/2021\/05\/sant-vicent-265x300.jpg\" alt=\"\" class=\"wp-image-242911 alignnone size-medium\" width=\"265\" height=\"300\" \/><\/p>\n<p>La fiesta de San Vicente se celebra en los primeros d\u00edas del mes de abril y tiene un car\u00e1cter principalmente religioso. Unas semanas antes la Asociaci\u00f3n de Amigos de la Fiesta de San Vicente realizan un acto para todo el pueblo donde se presenta el cartel y la programaci\u00f3n. La fiesta empieza por la tarde con el traslado de la imagen de San Vicente desde la iglesia en la Casa de Cultura, donde se hace una representaci\u00f3n teatral de los milagros de San Vicente. En el d\u00eda siguiente, la calle se llena de vida con las actividades organizadas por el Ayuntamiento, para las m\u00e1s peque\u00f1as y los m\u00e1s peque\u00f1os, y las tradicionales paellas de San Vicente. A continuaci\u00f3n, una orquesta ameniza la velada hasta la hora de la paseada de la imagen de San Vicente, acompa\u00f1ada del espect\u00e1culo de cohetes y la <em>cord\u00e1<\/em> infantil. Por la noche los vecinas y las vecinas de Museros se vuelven reunir para cenar de pan y puerta en el cercado del recinto donde, a las doce de la noche, tendr\u00e1 lugar la<em> cord\u00e1<\/em> por las calles del pueblo, y la <em>cord\u00e1<\/em> en el recinto cerrado. El \u00faltimo d\u00eda de fiesta, tiene lugar la procesi\u00f3n de comulgar de impedido y, a continuaci\u00f3n, la misa solemne en honor en San Vicente.<\/p>\n<p>[\/et_pb_accordion_item][et_pb_accordion_item title=\u00bbTxupinazo\u00bb open_toggle_text_color=\u00bb#336666&#8243; _builder_version=\u00bb4.17.1&#8243; _module_preset=\u00bbdefault\u00bb global_colors_info=\u00bb{}\u00bb toggle_text_color=\u00bb#000000&#8243; open=\u00bboff\u00bb]<\/p>\n<p><img loading=\"lazy\" decoding=\"async\" src=\"https:\/\/museros.org\/wp-content\/uploads\/2021\/05\/el-txupinazo-262x300.jpg\" alt=\"\" class=\"wp-image-242966 alignnone size-medium\" width=\"262\" height=\"300\" \/><\/p>\n<p>Los \u00faltimos d\u00edas del mes de julio los vecinos y las vecinas de Museros se concentran ante el Ayuntamiento para celebrar el inicio de las fiestas municipales. Es tradici\u00f3n que la alcaldesa o alcalde, junto con los festeros y festeras de ese a\u00f1o, lanzo desde el balc\u00f3n del Ayuntamiento el <em>txupinazo<\/em>. A continuaci\u00f3n, un pasacalle acompa\u00f1ado de una charanga recorre las calles del pueblo, y por la noche, la velada contin\u00faa con una discom\u00f3vil.<\/p>\n<p>[\/et_pb_accordion_item][et_pb_accordion_item title=\u00bbSemana taurina\u00bb open_toggle_text_color=\u00bb#336666&#8243; _builder_version=\u00bb4.17.3&#8243; _module_preset=\u00bbdefault\u00bb global_colors_info=\u00bb{}\u00bb toggle_text_color=\u00bb#000000&#8243; open=\u00bboff\u00bb]<\/p>\n<p><img loading=\"lazy\" decoding=\"async\" src=\"https:\/\/museros.org\/wp-content\/uploads\/2021\/05\/setmanataurina-300x300.jpg\" alt=\"\" class=\"wp-image-243121 alignnone size-medium\" width=\"300\" height=\"300\" \/><\/p>\n<p>Museros siempre ha sido un pueblo muy vinculado a las celebraciones taurinas, es por eso que cada a\u00f1o el pueblo dedica la \u00faltima semana de julio en la fiesta de los bueyes. Durante la semana taurina, diferentes ganader\u00edas participan a los concursos que tienen lugar durante las tardes. Por la noche tiene lugar la fiesta del <em>bou embola<\/em>t, donde cada noche corre a cargo de una ganader\u00eda. La \u00faltima noche, adem\u00e1s, tiene lugar la exhibici\u00f3n de recortes con la intervenci\u00f3n del recortadores del pueblo. Y para acabar, una discom\u00f3vil ameniza la velada.<\/p>\n<p>[\/et_pb_accordion_item][et_pb_accordion_item title=\u00bbCavalgata y baile de disfraces\u00bb open_toggle_text_color=\u00bb#336666&#8243; _builder_version=\u00bb4.17.1&#8243; _module_preset=\u00bbdefault\u00bb global_colors_info=\u00bb{}\u00bb toggle_text_color=\u00bb#000000&#8243; open=\u00bboff\u00bb]<\/p>\n<p><img loading=\"lazy\" decoding=\"async\" src=\"https:\/\/museros.org\/wp-content\/uploads\/2021\/05\/disfresses-300x300.jpg\" alt=\"\" class=\"wp-image-243124 alignnone size-medium\" width=\"300\" height=\"300\" \/><\/p>\n<p>La noche de disfraces de agosto en Museros es una de las noches m\u00e1s divertidas del a\u00f1o. Familias y pandillas de amigos y amigas, se re\u00fanen para disfrazarse y disfrutar de una noche m\u00e1gica. La noche empieza con la tradicional cabalgata de disfraces acompa\u00f1ada de una charanga y finaliza con una discom\u00f3vil.<\/p>\n<p>[\/et_pb_accordion_item][et_pb_accordion_item title=\u00bbSolemnidad de la Inmaculada Concepci\u00f3n\u00bb open_toggle_text_color=\u00bb#336666&#8243; _builder_version=\u00bb4.17.3&#8243; _module_preset=\u00bbdefault\u00bb global_colors_info=\u00bb{}\u00bb toggle_text_color=\u00bb#000000&#8243; open=\u00bboff\u00bb]<\/p>\n<p><img loading=\"lazy\" decoding=\"async\" src=\"https:\/\/museros.org\/wp-content\/uploads\/2022\/04\/inmaculada.jpg\" alt=\"\" class=\"wp-image-258554 alignnone size-full\" width=\"220\" height=\"244\" \/><\/p>\n<p>La fiesta de Inmaculada Concepci\u00f3 est\u00e1 dedicada a las chicas solteras del pueblo: Las Hijas de Maria. Antiguamente se celebraba en el mes de diciembre pero trasladaron la fecha en el primer fin de semana de agosto con un clima m\u00e1s c\u00e1lido. Tradicionalmente, se celebra el domingo anterior a Sant Roc, cuando las festeras abren las puertas de sus casas para mostrar los trajes. La fiesta empieza el d\u00eda anterior con el volteo general de campanas y el lanzamiento de truenos y carcasas. Por la noche tiene lugar la <em>Nit de Albaes<\/em>, donde se cantan a las festeras y familiares. El <em>tabalet i la dol\u00e7aina<\/em> amenizan la noche. El d\u00eda siguiente se celebra la <em>despert\u00e1<\/em> con las campanas y los petardos. A continuaci\u00f3n la recogida de las festeras y la misa en honor de Inmaculada Concepci\u00f3n. A medio d\u00eda tiene lugar la <em>masclet\u00e0<\/em> kilom\u00e9trica. Por la tarde se vuelve a tener lugar la recogida de las festeras y la procesi\u00f3n de Inmaculada Concepci\u00f3n. El d\u00eda acaba con espect\u00e1culo en la plaza del pueblo.<\/p>\n<p>&nbsp;<\/p>\n<p>[\/et_pb_accordion_item][et_pb_accordion_item title=\u00bbNoche de &#8216;conill amb tomaca'\u00bb open_toggle_text_color=\u00bb#336666&#8243; _builder_version=\u00bb4.17.3&#8243; _module_preset=\u00bbdefault\u00bb global_colors_info=\u00bb{}\u00bb toggle_text_color=\u00bb#000000&#8243; open=\u00bboff\u00bb]<\/p>\n<p><img loading=\"lazy\" decoding=\"async\" src=\"https:\/\/museros.org\/wp-content\/uploads\/2022\/04\/conillambtomaca1.jpg\" alt=\"\" class=\"wp-image-258568 alignnone size-full\" width=\"300\" height=\"300\" \/><\/p>\n<p>El 12 de agosto tiene lugar la cena popular de <em>conill amb tomaca<\/em>, una tradicional comida valenciana muy arraigada en nuestro pueblo. Despu\u00e9s de cenar, familias y amigos disfrutan con la actuaci\u00f3n de una orquesta.<\/p>\n<p>[\/et_pb_accordion_item][et_pb_accordion_item title=\u00bbNoche de las paellas\u00bb open_toggle_text_color=\u00bb#336666&#8243; _builder_version=\u00bb4.17.3&#8243; _module_preset=\u00bbdefault\u00bb global_colors_info=\u00bb{}\u00bb toggle_text_color=\u00bb#000000&#8243; open=\u00bboff\u00bb]<\/p>\n<p><img loading=\"lazy\" decoding=\"async\" src=\"https:\/\/museros.org\/wp-content\/uploads\/2022\/04\/nitdepaelles.jpg\" alt=\"\" class=\"wp-image-258555 alignnone size-full\" width=\"300\" height=\"300\" \/><\/p>\n<p>La noche de las paellas, celebrada el 13 de agosto, es una de las noches m\u00e1s populares de nuestro pueblo, donde amigos y familias se re\u00fanen en las calles para cocinar y disfrutar juntos de las paellas hechas a le\u00f1a. Tambi\u00e9n es la noche de fiesta m\u00e1s larga, puesto que despu\u00e9s de las paellas una orquesta acompa\u00f1a la gente hasta all\u00e1 las cuatro de la ma\u00f1ana, donde los m\u00e1s nocturnos bailan y acompa\u00f1an la charanga. Alrededor de las cinco de la ma\u00f1ana la fiesta contin\u00faa con la discom\u00f3vil. Por la ma\u00f1ana, festeros y madrugadores se juntan para disfrutar de la <em>horxata i els fartons<\/em> repartidos por el Ayuntamiento.<\/p>\n<p>[\/et_pb_accordion_item][et_pb_accordion_item title=\u00bb14 de agosto. Bou del poble\u00bb open_toggle_text_color=\u00bb#336666&#8243; _builder_version=\u00bb4.25.0&#8243; _module_preset=\u00bbdefault\u00bb global_colors_info=\u00bb{}\u00bb toggle_text_color=\u00bb#000000&#8243; open=\u00bboff\u00bb]<\/p>\n<p><img loading=\"lazy\" decoding=\"async\" src=\"https:\/\/museros.org\/wp-content\/uploads\/2021\/05\/bou-del-poble-1-300x300.jpg\" alt=\"\" class=\"wp-image-243106 alignnone size-medium\" width=\"300\" height=\"300\" \/><\/p>\n<p>El 14 de agosto es el d\u00eda de la fiesta taurina por excelencia. Esta fiesta empieza bien pronto por la ma\u00f1ana, justo cuando acaba la fiesta las paellas. La charanga da el inicio en el d\u00eda taurino, y a continuaci\u00f3n se realizan los c\u00e1nticos a <em>Sant Roc<\/em>. A las ocho de la ma\u00f1ana, tiene lugar el encierro. Al acabar, la charanga infantil precede la encierro infantil con carretillas. Por la tarde, los vecinos y las vecinas de Museros se concentran en la avenida de la Cruz para disfrutar de la <em>subida de caixons\u00a0tirats per haques<\/em>, acompa\u00f1ada por la charanga. Una vuelta en la calle Mayor, se realiza el espectacular desencajonada, y <em>l&#8217;embolada del bou<\/em>. Por la noche, otra charanga ameniza la velada hasta la<em> l&#8217;embolada de bous<\/em> de la tarde en la plaza de la Libertad.<\/p>\n<p>[\/et_pb_accordion_item][et_pb_accordion_item title=\u00bbSolemnidad de la Asunci\u00f3n de la Virgen Mar\u00eda a los Cielos\u00bb open_toggle_text_color=\u00bb#336666&#8243; _builder_version=\u00bb4.17.3&#8243; _module_preset=\u00bbdefault\u00bb global_colors_info=\u00bb{}\u00bb toggle_text_color=\u00bb#000000&#8243; toggle_text_align=\u00bbjustify\u00bb open=\u00bboff\u00bb]<\/p>\n<p><img loading=\"lazy\" decoding=\"async\" src=\"https:\/\/museros.org\/wp-content\/uploads\/2022\/04\/asuncion.jpg\" alt=\"\" class=\"wp-image-258567 alignnone size-full\" width=\"300\" height=\"300\" \/><\/p>\n<p>La noche anterior al 15 de agosto, el volteo general de campanas anuncia la fiesta en honor de la Virgen titular de la parroquia. A la ma\u00f1ana siguiente, la Santa misa de la solemnidad abre el d\u00eda. Despu\u00e9s, tiene lugar la recogida de las festeras, que contin\u00faa con la <em>Benedicci\u00f3 de les alf\u00e0begues<\/em>, la cual acompa\u00f1an las hijas de Maria. Al medio d\u00eda se celebra la Solemne eucarist\u00eda en honor de la Asunci\u00f3n de la Virgen Mar\u00eda y sus clavariesas. Por la tarde vuelve a tener lugar la recogida de las festeras, quienes acompa\u00f1ar\u00e1n la figura de la <em>Mare de Deu<\/em> en solemne procesi\u00f3n. Al acabar esta, tiene lugar la <em>masclet\u00e0 nocturna<\/em>. Para acabar la noche, los vecinos y las vecinas de Museros disfrutan con una velada de teatro y m\u00fasica.<\/p>\n<p>[\/et_pb_accordion_item][et_pb_accordion_item title=\u00bbFestividad en honor a Sant Roc\u00bb open_toggle_text_color=\u00bb#336666&#8243; _builder_version=\u00bb4.17.5&#8243; _module_preset=\u00bbdefault\u00bb global_colors_info=\u00bb{}\u00bb toggle_text_color=\u00bb#000000&#8243; open=\u00bboff\u00bb]<\/p>\n<p><img loading=\"lazy\" decoding=\"async\" src=\"https:\/\/museros.org\/wp-content\/uploads\/2022\/07\/sant-roc-color-120x300.jpg\" alt=\"\" class=\"wp-image-260959 alignnone size-medium\" width=\"120\" height=\"300\" \/><\/p>\n<p>Los &#8216;anderos&#8217; de <em>Sant Roc<\/em> organizan cada a\u00f1o la fiesta dedicada al patr\u00f3n de Museros, <em>Sant Roc<\/em>. La ma\u00f1ana del 16 de agosto, el volteo general de campanas anuncia el inicio de la fiesta, que contin\u00faa con la santa misa a la Ermita de <em>Sant Roc<\/em>. A continuaci\u00f3n, se traslada la imagen de <em>Sant Roc<\/em> desde la iglesia hasta la ermita, donde tiene lugar la otra misa en honor al patr\u00f3n, con la participaci\u00f3n de los clavarios y acompa\u00f1ados por el grupo de festeros. En medio d\u00eda, la gran <em>masclet\u00e0<\/em> con traca kilom\u00e9trica resuena en las calles de Museros. Por la noche se realiza la solemne procesi\u00f3n, que da por la noche de fiesta amenizado por alg\u00fan espect\u00e1culo musical.<\/p>\n<p>El a\u00f1o 2017 la imagen de <em>Sant Roc<\/em> cumpli\u00f3 75 a\u00f1os. Para celebrarlo las vecinas y los vecinas de Museros pintaron y decoraron las calles, y engalanaron sus balcones con los tapices de la imagen de nuestro patr\u00f3n, para recibirlo en las romer\u00edas que tuvieron lugar durante cinco d\u00edas en el pueblo.<\/p>\n<p>&nbsp;<\/p>\n<p>[\/et_pb_accordion_item][et_pb_accordion_item title=\u00bbD\u00eda de Acci\u00f3n de Gracias\u00bb open_toggle_text_color=\u00bb#336666&#8243; _builder_version=\u00bb4.17.3&#8243; _module_preset=\u00bbdefault\u00bb global_colors_info=\u00bb{}\u00bb toggle_text_color=\u00bb#000000&#8243; open=\u00bboff\u00bb]<\/p>\n<p><img loading=\"lazy\" decoding=\"async\" src=\"https:\/\/museros.org\/wp-content\/uploads\/2022\/04\/acciondegracias.jpg\" alt=\"\" class=\"wp-image-258612 alignnone size-full\" width=\"289\" height=\"300\" \/><\/p>\n<p>Esta fiesta, celebrada el d\u00eda 17 de agosto, empieza con el volteo general de campanas y contin\u00faa con la Solemne eucarist\u00eda en la acci\u00f3n de gracias, donde participan los festeros de <em>Sant Roc<\/em>, los clavarios y las clavariesas de la Asunci\u00f3n y de <em>Immaculada Concepci\u00f3<\/em>. Al medio d\u00eda se prepara una enorme paella para todo el vecindario. La noche empieza con la solemne procesi\u00f3n con las im\u00e1genes de nuestros patrones. La fiesta finaliza con alguna actuaci\u00f3n teatral o musical para toda la familia.<\/p>\n<p>[\/et_pb_accordion_item][et_pb_accordion_item title=\u00bb9 d\u2019Octubre\u00bb open_toggle_text_color=\u00bb#336666&#8243; _builder_version=\u00bb4.17.3&#8243; _module_preset=\u00bbdefault\u00bb global_colors_info=\u00bb{}\u00bb toggle_text_color=\u00bb#000000&#8243; open=\u00bboff\u00bb]<\/p>\n<p><img loading=\"lazy\" decoding=\"async\" src=\"https:\/\/museros.org\/wp-content\/uploads\/2022\/04\/noudoctubre.jpg\" alt=\"\" class=\"wp-image-258618 alignnone size-full\" width=\"300\" height=\"300\" \/><\/p>\n<p>Desde la inauguraci\u00f3n de la democracia se ha celebrado la festividad del <em>9 d&#8217;Octubre<\/em> con gran diversidad de actos culturales y festivos organizados por el Ayuntamiento. El m\u00e1s importante son las calderas populares para todos los vecinas y todas las vecinas del pueblo. Esta fiesta siempre va acompa\u00f1ada de m\u00fasica, pasacalles y espect\u00e1culos musicales y teatrales.<\/p>\n<p>[\/et_pb_accordion_item][et_pb_accordion_item title=\u00bbFiestas de Navidad\u00bb open_toggle_text_color=\u00bb#336666&#8243; _builder_version=\u00bb4.17.3&#8243; _module_preset=\u00bbdefault\u00bb global_colors_info=\u00bb{}\u00bb toggle_text_color=\u00bb#000000&#8243; open=\u00bboff\u00bb]<\/p>\n<p><img loading=\"lazy\" decoding=\"async\" src=\"https:\/\/museros.org\/wp-content\/uploads\/2022\/04\/nadal.jpg\" alt=\"\" class=\"wp-image-258613 alignnone size-full\" width=\"300\" height=\"261\" \/><\/p>\n<p>Durante las fiestas navide\u00f1as Museros acoge una gran diversidad de actos, tradicionales y no tan tradicionales, para toda la familia. La Asociaci\u00f3n de Amigos del Bel\u00e9n monta, cada a\u00f1o, un belen a gran escala que se puede visitar en la sala de exposiciones de la Casa de Cultura. La m\u00fasica tambi\u00e9n tiene un papel fundamental durante estas fiestas, puesto que es tradici\u00f3n el concierto de Navidad de la Banda Sinf\u00f3nica de la<em> Societat Uni\u00f3 Musical de Museros<\/em>. As\u00ed mismo, adem\u00e1s de la visita del cartero real los d\u00edas antes de reyes, y la tradicional cabalgata de reyes magos, el Ayuntamiento organiza varias actividades teatrales y musicales para los m\u00e1s peque\u00f1os y las m\u00e1s peque\u00f1as.<\/p>\n<p>[\/et_pb_accordion_item][\/et_pb_accordion][\/et_pb_column][\/et_pb_row][et_pb_row _builder_version=\u00bb4.16&#8243; _module_preset=\u00bbdefault\u00bb custom_margin=\u00bb50px||||false|false\u00bb custom_padding=\u00bb0px|||||\u00bb global_colors_info=\u00bb{}\u00bb][et_pb_column type=\u00bb4_4&#8243; _builder_version=\u00bb4.16&#8243; _module_preset=\u00bbdefault\u00bb global_colors_info=\u00bb{}\u00bb][et_pb_divider color=\u00bb#E02B20&#8243; divider_weight=\u00bb4px\u00bb _builder_version=\u00bb4.16&#8243; _module_preset=\u00bbdefault\u00bb global_colors_info=\u00bb{}\u00bb][\/et_pb_divider][\/et_pb_column][\/et_pb_row][\/et_pb_section][et_pb_section fb_built=\u00bb1&#8243; _builder_version=\u00bb4.16&#8243; _module_preset=\u00bbdefault\u00bb custom_padding=\u00bb0px||||false|false\u00bb locked=\u00bboff\u00bb global_colors_info=\u00bb{}\u00bb][\/et_pb_section]<\/p>\n","protected":false},"excerpt":{"rendered":"<p>Fiestas localesLas fiestas son una parte importante de nuestro pueblo, puesto que representan un espacio de socializaci\u00f3n y arraigo. Durante todo el a\u00f1o Museros acoge una diversidad de fiestas; algunas de car\u00e1cter m\u00e1s tradicional y otras nuevas. Las fiestas patronales de &#8216;Sant Roc&#8217; tienen lugar durante el mes de agosto. Desde el Ayuntamiento os invitamos [&hellip;]<\/p>\n","protected":false},"author":8,"featured_media":0,"parent":0,"menu_order":0,"comment_status":"closed","ping_status":"closed","template":"","meta":{"_et_pb_use_builder":"on","_et_pb_old_content":"","_et_gb_content_width":"","_mc_calendar":[],"footnotes":""},"wf_page_folders":[175],"class_list":["post-241695","page","type-page","status-publish","hentry"],"_links":{"self":[{"href":"https:\/\/museros.org\/inici\/wp-json\/wp\/v2\/pages\/241695","targetHints":{"allow":["GET"]}}],"collection":[{"href":"https:\/\/museros.org\/inici\/wp-json\/wp\/v2\/pages"}],"about":[{"href":"https:\/\/museros.org\/inici\/wp-json\/wp\/v2\/types\/page"}],"author":[{"embeddable":true,"href":"https:\/\/museros.org\/inici\/wp-json\/wp\/v2\/users\/8"}],"replies":[{"embeddable":true,"href":"https:\/\/museros.org\/inici\/wp-json\/wp\/v2\/comments?post=241695"}],"version-history":[{"count":241,"href":"https:\/\/museros.org\/inici\/wp-json\/wp\/v2\/pages\/241695\/revisions"}],"predecessor-version":[{"id":279280,"href":"https:\/\/museros.org\/inici\/wp-json\/wp\/v2\/pages\/241695\/revisions\/279280"}],"wp:attachment":[{"href":"https:\/\/museros.org\/inici\/wp-json\/wp\/v2\/media?parent=241695"}],"wp:term":[{"taxonomy":"wf_page_folders","embeddable":true,"href":"https:\/\/museros.org\/inici\/wp-json\/wp\/v2\/wf_page_folders?post=241695"}],"curies":[{"name":"wp","href":"https:\/\/api.w.org\/{rel}","templated":true}]}}