{"id":241679,"date":"2021-04-13T00:52:41","date_gmt":"2021-04-13T00:52:41","guid":{"rendered":"https:\/\/museros.org\/?page_id=241679"},"modified":"2026-04-22T16:00:45","modified_gmt":"2026-04-22T14:00:45","slug":"recursos-humanos","status":"publish","type":"page","link":"https:\/\/museros.org\/inici\/es\/recursos-humanos\/","title":{"rendered":"Recursos humanos"},"content":{"rendered":"<p>[et_pb_section fb_built=\u00bb1&#8243; _builder_version=\u00bb4.16&#8243; _module_preset=\u00bbdefault\u00bb custom_margin=\u00bb30px||||false|false\u00bb custom_padding=\u00bb0px||||false|false\u00bb global_colors_info=\u00bb{}\u00bb][et_pb_row column_structure=\u00bb1_4,3_4&#8243; _builder_version=\u00bb4.16&#8243; _module_preset=\u00bbdefault\u00bb custom_padding=\u00bb0px||||false|false\u00bb global_colors_info=\u00bb{}\u00bb][et_pb_column type=\u00bb1_4&#8243; _builder_version=\u00bb4.16&#8243; _module_preset=\u00bbdefault\u00bb global_colors_info=\u00bb{}\u00bb][et_pb_image src=\u00bbhttps:\/\/museros.org\/wp-content\/uploads\/2022\/03\/personal-rrhh-230&#215;180-1.jpg\u00bb title_text=\u00bbpersonal-rrhh-230&#215;180&#8243; url=\u00bbhttps:\/\/museros.org\/inici\/es\/area-de-personal-cs\u00bb use_overlay=\u00bbon\u00bb overlay_icon_color=\u00bb#E02B20&#8243; hover_overlay_color=\u00bbrgba(255,255,255,0.7)\u00bb hover_icon=\u00bb&#xe04d;||divi||400&#8243; align=\u00bbcenter\u00bb _builder_version=\u00bb4.16&#8243; _module_preset=\u00bbdefault\u00bb global_colors_info=\u00bb{}\u00bb][\/et_pb_image][\/et_pb_column][et_pb_column type=\u00bb3_4&#8243; _builder_version=\u00bb4.16&#8243; _module_preset=\u00bbdefault\u00bb global_colors_info=\u00bb{}\u00bb][et_pb_accordion open_toggle_text_color=\u00bb#000000&#8243; icon_color=\u00bbrgba(153,0,0,0.35)\u00bb use_icon_font_size=\u00bbon\u00bb icon_font_size=\u00bb20px\u00bb admin_label=\u00bbinformaci\u00f3n general\u00bb _builder_version=\u00bb4.27.5&#8243; _module_preset=\u00bbdefault\u00bb toggle_text_color=\u00bb#990000&#8243; toggle_font=\u00bb|600|||||||\u00bb body_font=\u00bb||||||||\u00bb locked=\u00bboff\u00bb global_colors_info=\u00bb{}\u00bb][et_pb_accordion_item title=\u00bbInformaci\u00f3n general para todos los procesos\u00bb open=\u00bbon\u00bb open_toggle_text_color=\u00bb#FFFFFF\u00bb open_toggle_background_color=\u00bbrgba(0,0,0,0.3)\u00bb closed_toggle_text_color=\u00bb#ffffff\u00bb closed_toggle_background_color=\u00bbrgba(0,0,0,0.3)\u00bb icon_color=\u00bbrgba(99,0,0,0.2)\u00bb use_icon_font_size=\u00bbon\u00bb icon_font_size=\u00bb20px\u00bb _builder_version=\u00bb4.27.5&#8243; _module_preset=\u00bbdefault\u00bb width=\u00bb100%\u00bb global_colors_info=\u00bb{}\u00bb toggle_text_color=\u00bb#ffffff\u00bb toggle_level=\u00bbh4&#8243; toggle_font=\u00bb|600|||||||\u00bb toggle_font_size=\u00bb20px\u00bb closed_toggle_font_size=\u00bb20px\u00bb]<\/p>\n<p>Informaci\u00f3n general para las personas aspirantes sobre la presentaci\u00f3n de solicitudes para participar en los procesos de selecci\u00f3n del Ayuntamiento de Museros\u00a0 <a href=\"https:\/\/museros.org\/wp-content\/uploads\/2025\/10\/informacionpersonasaspirantessolicitud.pdf\" target=\"_blank\" rel=\"noopener\">pdf&gt;<\/a><\/p>\n<p>Bases generales que regir\u00e1n las convocatorias para proveer en propiedad plazas de personal funcionario y personal laboral fijo, as\u00ed como constituci\u00f3n de bolsas de empleo temporal y mejora de empleo del Ayuntamiento de Museros<a href=\"https:\/\/museros.org\/wp-content\/uploads\/2025\/10\/anuncio-bases-generales-ayuntamiento-museros.pdf\" target=\"_blank\" rel=\"noopener\"> pdf&gt;<\/a><\/p>\n<p>Anuncio modificaci\u00f3n base decimoquinta de las bases generales <a href=\"https:\/\/museros.org\/wp-content\/uploads\/2025\/10\/anuncio-modificacion-de-base-15-de-las-basesgenerales.pdf\" target=\"_blank\" rel=\"noopener\">pdf&gt;<\/a><\/p>\n<p>Formas de pago de las tasas de derechos de examen de los procesos de selecci\u00f3n <a href=\"https:\/\/museros.org\/wp-content\/uploads\/2026\/02\/informacion-formas-pago-tasa-derechos-examen-procesos-seleccion.pdf\" target=\"_blank\" rel=\"noopener\">pdf&gt;<\/a><\/p>\n<p>[\/et_pb_accordion_item][\/et_pb_accordion][et_pb_accordion open_toggle_text_color=\u00bb#000000&#8243; icon_color=\u00bbrgba(153,0,0,0.35)\u00bb use_icon_font_size=\u00bbon\u00bb icon_font_size=\u00bb20px\u00bb admin_label=\u00bbAcorde\u00f3n 2026&#8243; _builder_version=\u00bb4.27.6&#8243; _module_preset=\u00bbdefault\u00bb toggle_text_color=\u00bb#990000&#8243; toggle_font=\u00bb|600|||||||\u00bb body_font=\u00bb||||||||\u00bb locked=\u00bboff\u00bb global_colors_info=\u00bb{}\u00bb][et_pb_accordion_item title=\u00bb2026&#8243; open=\u00bbon\u00bb open_toggle_text_color=\u00bb#FFFFFF\u00bb open_toggle_background_color=\u00bbrgba(0,0,0,0.3)\u00bb closed_toggle_text_color=\u00bb#ffffff\u00bb closed_toggle_background_color=\u00bbrgba(0,0,0,0.3)\u00bb icon_color=\u00bbrgba(99,0,0,0.2)\u00bb use_icon_font_size=\u00bbon\u00bb icon_font_size=\u00bb20px\u00bb _builder_version=\u00bb4.27.5&#8243; _module_preset=\u00bbdefault\u00bb width=\u00bb100%\u00bb global_colors_info=\u00bb{}\u00bb toggle_text_color=\u00bb#ffffff\u00bb toggle_level=\u00bbh4&#8243; toggle_font=\u00bb|600|||||||\u00bb toggle_font_size=\u00bb20px\u00bb closed_toggle_font_size=\u00bb20px\u00bb][\/et_pb_accordion_item][et_pb_accordion_item title=\u00bbProceso de selecci\u00f3n para proveer en propiedad una plaza de Oficial de Polic\u00eda Local por promoci\u00f3n interna. Las solicitudes se presentar\u00e1n desde el d\u00eda siguiente a la publicaci\u00f3n de la convocatoria en el BOE\u00bb open_toggle_text_color=\u00bb#000000&#8243; _builder_version=\u00bb4.27.6&#8243; _module_preset=\u00bbdefault\u00bb global_colors_info=\u00bb{}\u00bb open=\u00bboff\u00bb]<\/p>\n<p data-pm-slice=\"1 1 []\">Anuncio BOP aprobaci\u00f3n de las bases del proceso de selecci\u00f3n\u00a0<a href=\"https:\/\/museros.org\/wp-content\/uploads\/2026\/03\/anuncio-bop-n-43-de-4-03-26-aprobacion-bases-plaza-oficial-pl-por-promocion-interna-incluida-en-la-oep25.pdf\" target=\"_blank\" rel=\"noopener\">pdf&gt;<\/a><br \/>Formas de pago de las tasas de derechos de examen de los procesos de selecci\u00f3n <a href=\"https:\/\/museros.org\/wp-content\/uploads\/2026\/02\/informacion-formas-pago-tasa-derechos-examen-procesos-seleccion.pdf\" target=\"_blank\" rel=\"noopener\">pdf&gt;<\/a><br \/>Anuncio BOE <a href=\"https:\/\/museros.org\/wp-content\/uploads\/2026\/04\/anuncio-boe-convocatoria-plaza-oficial-pl-promocion-interna.pdf\" target=\"_blank\" rel=\"noopener\">pdf&gt;<\/a><\/p>\n<p>[\/et_pb_accordion_item][et_pb_accordion_item title=\u00bbProceso de selecci\u00f3n para proveer en propiedad tres plazas de agente de Polic\u00eda Local. Las solicitudes se presentar\u00e1n desde el d\u00eda siguiente a la publicaci\u00f3n de la convocatoria en el BOE\u00bb open_toggle_text_color=\u00bb#000000&#8243; _builder_version=\u00bb4.27.5&#8243; _module_preset=\u00bbdefault\u00bb global_colors_info=\u00bb{}\u00bb open=\u00bboff\u00bb]<\/p>\n<p data-pm-slice=\"1 1 []\">Anuncio BOP aprobaci\u00f3n de las bases del proceso de selecci\u00f3n\u00a0<a href=\"https:\/\/museros.org\/wp-content\/uploads\/2026\/02\/anuncio-bop-n-23-de-040226-aprobacion-bases-3-agente-pl-museros.pdf\" target=\"_blank\" rel=\"noopener\">pdf&gt;<\/a><br \/>Formas de pago de las tasas de derechos de examen de los procesos de selecci\u00f3n <a href=\"https:\/\/museros.org\/wp-content\/uploads\/2026\/02\/informacion-formas-pago-tasa-derechos-examen-procesos-seleccion.pdf\" target=\"_blank\" rel=\"noopener\">pdf&gt;<\/a><br \/>Anuncio BOE (plazo presentaci\u00f3n instancias del 13\/03\/26 al 31\/03\/26, ambos incluidos) <a href=\"https:\/\/museros.org\/wp-content\/uploads\/2026\/03\/anuncio-publicado-en-boe-12-03-26-de-convocatoria-3-plazas-agente-policia-local.pdf\" target=\"_blank\" rel=\"noopener\">pdf&gt;<\/a><\/p>\n<p>[\/et_pb_accordion_item][\/et_pb_accordion][et_pb_accordion open_toggle_text_color=\u00bb#000000&#8243; icon_color=\u00bbrgba(153,0,0,0.35)\u00bb use_icon_font_size=\u00bbon\u00bb icon_font_size=\u00bb20px\u00bb admin_label=\u00bbAcorde\u00f3n 2025&#8243; _builder_version=\u00bb4.27.6&#8243; _module_preset=\u00bbdefault\u00bb toggle_text_color=\u00bb#990000&#8243; toggle_font=\u00bb|600|||||||\u00bb body_font=\u00bb||||||||\u00bb hover_enabled=\u00bb0&#8243; locked=\u00bboff\u00bb global_colors_info=\u00bb{}\u00bb sticky_enabled=\u00bb0&#8243;][et_pb_accordion_item title=\u00bb2025&#8243; open=\u00bbon\u00bb open_toggle_text_color=\u00bb#FFFFFF\u00bb open_toggle_background_color=\u00bbrgba(0,0,0,0.3)\u00bb closed_toggle_text_color=\u00bb#ffffff\u00bb closed_toggle_background_color=\u00bbrgba(0,0,0,0.3)\u00bb icon_color=\u00bbrgba(99,0,0,0.2)\u00bb use_icon_font_size=\u00bbon\u00bb icon_font_size=\u00bb20px\u00bb _builder_version=\u00bb4.27.4&#8243; _module_preset=\u00bbdefault\u00bb width=\u00bb100%\u00bb global_colors_info=\u00bb{}\u00bb toggle_text_color=\u00bb#ffffff\u00bb toggle_level=\u00bbh4&#8243; toggle_font=\u00bb|600|||||||\u00bb toggle_font_size=\u00bb20px\u00bb closed_toggle_font_size=\u00bb20px\u00bb][\/et_pb_accordion_item][et_pb_accordion_item title=\u00bbProceso de selecci\u00f3n de dos plazas de personal de limpieza. Cerrado plazo de presentaci\u00f3n de instancias.\u00bb open_toggle_text_color=\u00bb#000000&#8243; _builder_version=\u00bb4.27.6&#8243; _module_preset=\u00bbdefault\u00bb hover_enabled=\u00bb0&#8243; global_colors_info=\u00bb{}\u00bb open=\u00bboff\u00bb sticky_enabled=\u00bb0&#8243;]<\/p>\n<p data-pm-slice=\"1 1 []\">Anuncio BOP aprobaci\u00f3n de las bases y convocatoria <a href=\"https:\/\/museros.org\/wp-content\/uploads\/2025\/11\/publicacio-bop-aprovacio-bases-2-peons-neteja25.pdf\" target=\"_blank\" rel=\"noopener\">pdf&gt;<\/a><br \/>Temario de apoyo a las personas opositoras &#8211; personal de limpieza <a href=\"https:\/\/museros.org\/wp-content\/uploads\/2025\/12\/temario-apoyo-a-las-personas-opositoras-dos-plazas-personal-limpieza.pdf\" target=\"_blank\" rel=\"noopener\">pdf&gt;<\/a><br \/>Anuncio BOE <a href=\"https:\/\/museros.org\/wp-content\/uploads\/2025\/12\/boe_a_2025-25298.pdf\" target=\"_blank\" rel=\"noopener\">pdf&gt;<\/a><br \/>Anuncio BOP lista provisional de personas admitidas y excluidas <a href=\"https:\/\/museros.org\/wp-content\/uploads\/2026\/02\/anuncio-bop-n-36-de-23-02-26-lista-provisional-limpieza.pdf\" target=\"_blank\" rel=\"noopener\">pdf&gt;<\/a><br \/>Anuncio BOP lista definitiva admitidos y excluidos proceso selecci\u00f3n 2 plazas limpiador\/a (OEP 2025), tribunal y fecha examen <a href=\"https:\/\/museros.org\/wp-content\/uploads\/2026\/03\/anuncio-lista-definitiva-admitidos-y-excluidos-2-plazas-limpiador-oep-25.pdf\" target=\"_blank\" rel=\"noopener\">pdf&gt;<\/a><br \/>Anuncio sobre instrucciones y criterios de examen <a href=\"https:\/\/museros.org\/wp-content\/uploads\/2026\/04\/anuncio-criterios-selecc-examen-personal-limpieza.pdf\" target=\"_blank\" rel=\"noopener\">pdf&gt;<\/a><\/p>\n<p>&nbsp;<\/p>\n<p>[\/et_pb_accordion_item][et_pb_accordion_item title=\u00bbProceso de selecci\u00f3n de operario de servicios m\u00faltiples. Cerrado plazo de presentaci\u00f3n de instancias \u00bb open_toggle_text_color=\u00bb#000000&#8243; _builder_version=\u00bb4.27.6&#8243; _module_preset=\u00bbdefault\u00bb global_colors_info=\u00bb{}\u00bb open=\u00bboff\u00bb]<\/p>\n<p data-pm-slice=\"1 1 []\">Anuncio bases espec\u00edficas <a href=\"https:\/\/museros.org\/wp-content\/uploads\/2025\/10\/anuncio-bop-bases-operario-servicios-multiples.pdf\" target=\"_blank\" rel=\"noopener\">pdf&gt;<\/a><br \/>Anuncio BOE <a href=\"https:\/\/museros.org\/wp-content\/uploads\/2025\/10\/boe20523operariserveismultiples.pdf\" target=\"_blank\" rel=\"noopener\">pdf&gt;<\/a><br \/>Anuncio listado provisional de personas admitidas y excluidas <a href=\"https:\/\/museros.org\/wp-content\/uploads\/2025\/11\/bop-11-2025-anuncio-listado-provisional-admitidos-y-excluidos-operario-de-servicios-multiples.pdf\" target=\"_blank\" rel=\"noopener\">pdf&gt;<\/a><br \/>Anuncio BOP lista definitiva del proceso de selecci\u00f3n de operario servicios m\u00faltiples, tribunal y fecha examen <a href=\"https:\/\/museros.org\/wp-content\/uploads\/2026\/01\/anuncio-bop-5-01-26-lista-definitiva-proceso-seleccion-operario-servicios-multiples-tribunal-y-fecha-examen.pdf\" target=\"_blank\" rel=\"noopener\">pdf&gt;<\/a><br \/>Anuncio de constituci\u00f3n del tribunal del proceso de selecci\u00f3n y los criterios de valoraci\u00f3n <a href=\"https:\/\/museros.org\/wp-content\/uploads\/2026\/02\/anuncio-criterios-selecc-operario-ser-multiples.pdf\" target=\"_blank\" rel=\"noopener\">pdf&gt;<\/a><br \/>Anuncio fecha de entrevista para completar la prueba psicot\u00e9cnica <a href=\"https:\/\/museros.org\/wp-content\/uploads\/2026\/02\/anuncio-fecha-entrevista-2-personas-aspirantes-para-completar-prueba-psicotecnica.pdf\" target=\"_blank\" rel=\"noopener\">pdf&gt;<\/a><br \/>Anuncio resultados de la fase oposici\u00f3n <a href=\"https:\/\/museros.org\/wp-content\/uploads\/2026\/02\/anuncio-resultados-fase-oposicion-proceso-selecc-operario-servicios-multiples.pdf\" target=\"_blank\" rel=\"noopener\">pdf&gt;<\/a><br \/>Anuncio baremaci\u00f3n provisional de m\u00e9ritos: plazo reclamaciones del 11 al 17 de marzo <a href=\"https:\/\/museros.org\/wp-content\/uploads\/2026\/03\/anuncio-baremacion-provisional-meritos-operario-serv-multiples.pdf\" target=\"_blank\" rel=\"noopener\">pdf&gt;<\/a><br \/>Anuncio de los resultados definitivos de baremaci\u00f3n de m\u00e9ritos y propuesta de contrataci\u00f3n de un operario servicios m\u00faltiples <a href=\"https:\/\/museros.org\/wp-content\/uploads\/2026\/03\/anuncio-resultados-definitivos-baremacion-meritos-y-propuesta-contratacion-operario-serv-multiples-personal-laboral-fijo.pdf\" target=\"_blank\" rel=\"noopener\">pdf&gt;<\/a><br \/>Anuncio constituci\u00f3n bolsa de trabajo operario de servicios m\u00faltiples (OEP 2024) <a href=\"https:\/\/museros.org\/wp-content\/uploads\/2026\/03\/anuncio-constitucion-bolsa-operario-ser-multiples.pdf\" target=\"_blank\" rel=\"noopener\">pdf&gt;<\/a><\/p>\n<p>[\/et_pb_accordion_item][et_pb_accordion_item title=\u00bbProceso de selecci\u00f3n de 2 peones\/as de la brigada municipal. Cerrado plazo de presentaci\u00f3n de instancias\u00bb open_toggle_text_color=\u00bb#000000&#8243; _builder_version=\u00bb4.27.6&#8243; _module_preset=\u00bbdefault\u00bb global_colors_info=\u00bb{}\u00bb open=\u00bboff\u00bb]<\/p>\n<p data-pm-slice=\"1 1 []\">Anuncio bases espec\u00edficas <a href=\"https:\/\/museros.org\/wp-content\/uploads\/2025\/10\/publicacionbopnum189anunciobases.pdf\" target=\"_blank\" rel=\"noopener\">pdf&gt;<\/a><br \/>Anuncio BOE <a href=\"https:\/\/museros.org\/wp-content\/uploads\/2025\/10\/publicacionboe247.pdf\" target=\"_blank\" rel=\"noopener\">pdf&gt;<\/a><br \/>Lista provisional de personas admitidas y excluidas al proceso de selecci\u00f3n de dos plazas de peones de la brigada municipal <a href=\"https:\/\/museros.org\/wp-content\/uploads\/2025\/11\/anuncio-listado-provisional-personas-admitidas-y-excluidas-provisional-2-peones-brigada-municipal25.pdf\" target=\"_blank\" rel=\"noopener\">pdf&gt;<\/a><br \/>Anuncio BOP lista definitiva del proceso de selecci\u00f3n de dos peones de la brigada, tribunal y fecha de examen <a href=\"https:\/\/museros.org\/wp-content\/uploads\/2026\/01\/anuncio-bop-5-01-26-aprobacion-lista-definitiva-proceso-seleccion-peones-brigada-tribunal-y-fecha-examen.pdf\" target=\"_blank\" rel=\"noopener\">pdf&gt;<\/a><br \/>Anuncio criterios de selecci\u00f3n <a href=\"https:\/\/museros.org\/wp-content\/uploads\/2026\/01\/anuncio-criterios-selecc-peones-26.pdf\" target=\"_blank\" rel=\"noopener\">pdf &gt;<\/a><br \/>Anuncio de los resultados del ejercicio te\u00f3rico-pr\u00e1ctico <a href=\"https:\/\/museros.org\/wp-content\/uploads\/2026\/02\/anuncio-correccion-examen-teorico-practico-peon-o-peona-brigada-municipal.pdf\" target=\"_blank\" rel=\"noopener\">pdf&gt;<\/a><br \/>Anuncio baremaci\u00f3n provisional de m\u00e9ritos: plazo reclamaciones del 11 al 17 de marzo <a href=\"https:\/\/museros.org\/wp-content\/uploads\/2026\/03\/anuncio-baremacion-provisional-meritos-peones-brigada.pdf\" target=\"_blank\" rel=\"noopener\">pdf&gt;<\/a><br \/>Anuncio resultados definitivos baremaci\u00f3n de m\u00e9ritos y propuesta de contrataci\u00f3n 2 peones brigadas laborales fijos <a href=\"https:\/\/museros.org\/wp-content\/uploads\/2026\/03\/anuncio-resultados-definitivos-baremacion-de-meritos-y-propuesta-de-contratacion-2-peones-brigadas-laborales-fijos.pdf\" target=\"_blank\" rel=\"noopener\">pdf&gt;<\/a><br \/>Anuncio propuesta contrataci\u00f3n laboral fija de Diego M.Q. como pe\u00f3n de brigada municipal, por renuncia de Francisco S.M. <a href=\"https:\/\/museros.org\/wp-content\/uploads\/2026\/04\/anuncio-propuesta-contratacion-laboral-fija-de-diego-mq-por-renuncia-de-francisco-sm.pdf\" target=\"_blank\" rel=\"noopener\">pdf&gt;<\/a><br \/>Anuncio constituci\u00f3n bolsa de trabajo peones de la brigada municipal <a href=\"https:\/\/museros.org\/wp-content\/uploads\/2026\/04\/anuncio-constitucion-bolsa-peones-brigada.pdf\" target=\"_blank\" rel=\"noopener\">pdf&gt;<\/a><\/p>\n<p>[\/et_pb_accordion_item][et_pb_accordion_item title=\u00bb Proceso de selecci\u00f3n de una bolsa extraordinaria de personal de limpieza municipal (edificios y viaria) para sustituciones\u00bb open_toggle_text_color=\u00bb#000000&#8243; _builder_version=\u00bb4.27.4&#8243; _module_preset=\u00bbdefault\u00bb global_colors_info=\u00bb{}\u00bb open=\u00bboff\u00bb]<\/p>\n<p data-pm-slice=\"1 1 []\">Bases espec\u00edficas <a href=\"https:\/\/museros.org\/wp-content\/uploads\/2025\/06\/aprobacion-bases-proceso-selecc-personal-limpieza-sustituciones-2025.pdf\" target=\"_blank\" rel=\"noopener\">pdf&gt;<\/a><\/p>\n<p data-pm-slice=\"1 1 []\">Convocatoria para la formaci\u00f3n de una bolsa de trabajo extraordinaria de personal de limpieza municipal (edificios y viaria) para sustituciones <a href=\"https:\/\/museros.org\/wp-content\/uploads\/2025\/06\/anuncio-2025-convocatoria-bolsa-extraordinaria-personal-limpieza-para-sustituciones.pdf\" target=\"_blank\" rel=\"noopener\">pdf&gt;<\/a><\/p>\n<p>Declaraci\u00f3n responsable <a href=\"https:\/\/museros.org\/wp-content\/uploads\/2025\/06\/declaracion-responsable-personal-limpieza-2025.pdf\" target=\"_blank\" rel=\"noopener\">pdf&gt;<\/a><\/p>\n<p>Anuncio lista definitiva de personas admitidas y excluidas del proceso de selecci\u00f3n y constituci\u00f3n de una bolsa de limpieza (edificios y viaria) <a href=\"https:\/\/museros.org\/wp-content\/uploads\/2025\/06\/anuncio-personas-admitidas-y-excluidas-borsa-provisional-limpieza.pdf\" target=\"_blank\" rel=\"noopener\">pdf&gt;<\/a><\/p>\n<p>Anuncio de los resultados del primero y \u00fanico ejercicio del proceso selectivo <a href=\"https:\/\/museros.org\/wp-content\/uploads\/2025\/07\/anuncio-resultado-ejercicio-practico-bolsa-extraordinaria-limpieza.pdf\" target=\"_blank\" rel=\"noopener\">pdf&gt;<\/a><\/p>\n<p>Anuncio constituci\u00f3n de la bolsa \u00a0<a href=\"https:\/\/museros.org\/wp-content\/uploads\/2025\/07\/anuncio-constitucion-bolsa-extraordinaria-de-personal-de-limpieza-072025.pdf\" target=\"_blank\" rel=\"noopener\">pdf&gt;<\/a><\/p>\n<p>&nbsp;<br \/>\n[\/et_pb_accordion_item][et_pb_accordion_item title=\u00bbOferta de empleo p\u00fablico ordinaria 2025&#8243; open_toggle_text_color=\u00bb#000000&#8243; _builder_version=\u00bb4.27.4&#8243; _module_preset=\u00bbdefault\u00bb global_colors_info=\u00bb{}\u00bb open=\u00bboff\u00bb]<\/p>\n<p data-pm-slice=\"1 1 []\">Anuncio de la oferta de empleo p\u00fablica de 2025 <a href=\"https:\/\/museros.org\/wp-content\/uploads\/2025\/06\/anuncio-de-la-oferta-de-empleo-publica-de-2025.pdf\" target=\"_blank\" rel=\"noopener\">pdf&gt;<\/a><\/p>\n<p>[\/et_pb_accordion_item][et_pb_accordion_item title=\u00bbColaboraci\u00f3n SEPE con las Corporaciones Locales para 2025. Programa de Fomento de Empleo Agrario-Zonas Rurales Deprimidas\u00bb open_toggle_text_color=\u00bb#000000&#8243; _builder_version=\u00bb4.27.4&#8243; _module_preset=\u00bbdefault\u00bb global_colors_info=\u00bb{}\u00bb open=\u00bboff\u00bb]<\/p>\n<p data-pm-slice=\"1 1 []\">Acta de baremaci\u00f3n anonimizada <a href=\"https:\/\/museros.org\/wp-content\/uploads\/2025\/06\/acta-peones-agrarios-2025-anonimizada.pdf\" target=\"_blank\" rel=\"noopener\">pdf&gt;<\/a><\/p>\n<p>[\/et_pb_accordion_item][\/et_pb_accordion][et_pb_accordion open_toggle_text_color=\u00bb#000000&#8243; icon_color=\u00bbrgba(153,0,0,0.35)\u00bb use_icon_font_size=\u00bbon\u00bb icon_font_size=\u00bb20px\u00bb admin_label=\u00bbAcorde\u00f3n 2024&#8243; _builder_version=\u00bb4.27.4&#8243; _module_preset=\u00bbdefault\u00bb toggle_text_color=\u00bb#990000&#8243; toggle_font=\u00bb|600|||||||\u00bb body_font=\u00bb||||||||\u00bb locked=\u00bboff\u00bb global_colors_info=\u00bb{}\u00bb][et_pb_accordion_item title=\u00bb2024&#8243; open=\u00bbon\u00bb open_toggle_text_color=\u00bb#FFFFFF\u00bb open_toggle_background_color=\u00bbrgba(0,0,0,0.3)\u00bb closed_toggle_text_color=\u00bb#ffffff\u00bb closed_toggle_background_color=\u00bbrgba(0,0,0,0.3)\u00bb icon_color=\u00bbrgba(99,0,0,0.2)\u00bb use_icon_font_size=\u00bbon\u00bb icon_font_size=\u00bb20px\u00bb _builder_version=\u00bb4.24.3&#8243; _module_preset=\u00bbdefault\u00bb width=\u00bb100%\u00bb global_colors_info=\u00bb{}\u00bb toggle_text_color=\u00bb#ffffff\u00bb toggle_level=\u00bbh4&#8243; toggle_font=\u00bb|600|||||||\u00bb toggle_font_size=\u00bb20px\u00bb closed_toggle_font_size=\u00bb20px\u00bb][\/et_pb_accordion_item][et_pb_accordion_item title=\u00bbBases generales que regir\u00e1n las convocatorias de personal del ayuntamiento de Museros \u00bb _builder_version=\u00bb4.27.4&#8243; _module_preset=\u00bbdefault\u00bb global_colors_info=\u00bb{}\u00bb open=\u00bboff\u00bb]Anuncio bases generales ayuntamiento Museros <a href=\"https:\/\/museros.org\/wp-content\/uploads\/2023\/01\/Anuncio-bases-generales-ayuntamiento-Museros.pdf\" target=\"_blank\" rel=\"noopener\">pdf&gt;<\/a><br \/>\nInformaci\u00f3n sobre la presentaci\u00f3n de solicitudes de procesos de selecci\u00f3n Museros <a href=\"https:\/\/museros.org\/wp-content\/uploads\/2024\/04\/Informacion-sobre-la-presentacion-de-solicitudes-de-procesos-de-seleccion-Museros.pdf\" target=\"_blank\" rel=\"noopener\">pdf&gt;<\/a><br \/>\n[\/et_pb_accordion_item][et_pb_accordion_item title=\u00bbOferta de empleo p\u00fablico ordinaria 2024&#8243; _builder_version=\u00bb4.27.4&#8243; _module_preset=\u00bbdefault\u00bb global_colors_info=\u00bb{}\u00bb open=\u00bboff\u00bb]Anuncio de la oferta de empleo publica de 2024 <a href=\"https:\/\/museros.org\/wp-content\/uploads\/2024\/04\/Anuncio-BOP-OEP-2024-WEB.pdf\" target=\"_blank\" rel=\"noopener\">pdf&gt;<\/a><br \/>\n[\/et_pb_accordion_item][et_pb_accordion_item title=\u00bbProceso de selecci\u00f3n y constituci\u00f3n de una bolsa de trabajo de conserjes para la piscina municipal\u00bb _builder_version=\u00bb4.27.4&#8243; _module_preset=\u00bbdefault\u00bb global_colors_info=\u00bb{}\u00bb open=\u00bboff\u00bb]Anuncio Publicaci\u00f3n Bases y Convocatoria Conserjes Piscina <a href=\"https:\/\/museros.org\/wp-content\/uploads\/2024\/04\/Anuncio-Publicacion-Bases-y-Convocatoria-WEB-Conserjes-Piscina-def.pdf\" target=\"_blank\" rel=\"noopener\">pdf&gt;<\/a><br \/>\nSolicitud conserje de piscina municipal <a href=\"https:\/\/museros.org\/wp-content\/uploads\/2024\/05\/A-sollicitud-conserge-piscina-2024.pdf\" target=\"_blank\" rel=\"noopener\">pdf&gt;<\/a><br \/>\nInformaci\u00f3n sobre la presentaci\u00f3n de solicitudes de procesos de selecci\u00f3n Museros <a href=\"https:\/\/museros.org\/wp-content\/uploads\/2024\/04\/Informacion-sobre-la-presentacion-de-solicitudes-de-procesos-de-seleccion-Museros.pdf\" target=\"_blank\" rel=\"noopener\">pdf&gt;<\/a><br \/>\nAnuncio lista provisional personas admitidas y excluidas conserje piscina 2024 <a href=\"https:\/\/museros.org\/wp-content\/uploads\/2024\/05\/Anuncio-Lista-Provisional-conserje-piscina-2024.pdf\" target=\"_blank\" rel=\"noopener\">pdf&gt;<\/a><br \/>\nAnuncio lista definitiva conserje piscina <a href=\"https:\/\/museros.org\/wp-content\/uploads\/2024\/05\/Anuncio-Lista-Definitiva-conserje-piscina.pdf\" target=\"_blank\" rel=\"noopener\">pdf&gt;<\/a><br \/>\nAnuncio y criterios de baremaci\u00f3n ejercicio fase-oposici\u00f3n Conserjes de piscina <a href=\"https:\/\/museros.org\/wp-content\/uploads\/2024\/05\/Anuncio-instrucciones-y-criterios-de-baremacion-ejercicio-fase-oposicion-Conserjes-Piscina.pdf\" target=\"_blank\" rel=\"noopener\">pdf&gt;<\/a><br \/>\nResultats examen prova psicot\u00e8cnica bossa conserges piscina <a href=\"https:\/\/museros.org\/wp-content\/uploads\/2024\/05\/Anuncio-resultados-examen-prueba-psicotecnica-bolsa-conserjes-piscina-municipal-Museros.pdf\" target=\"_blank\" rel=\"noopener\">pdf&gt;<\/a><br \/>\nResoluci\u00f3n alegaci\u00f3n y resultados del concurso de m\u00e9ritos y propuesta de formaci\u00f3n de bolsa de conserjes de piscina <a href=\"https:\/\/museros.org\/wp-content\/uploads\/2024\/06\/Anuncio-resultados-concurso-meritos-y-propuesta-formacion-bolsa-de-trabajo.pdf\" target=\"_blank\" rel=\"noopener\">pdf&gt;<\/a><br \/>\nResoluci\u00f3n de alegaciones de la baremaci\u00f3n provisional de conserjes de piscina <a href=\"https:\/\/museros.org\/wp-content\/uploads\/2024\/06\/Anuncio-resolucion-alegaciones-de-la-baremacion-provisional-Conserjes-Piscina.pdf\" target=\"_blank\" rel=\"noopener\">pdf&gt;<\/a><br \/>\nConstituci\u00f3n de la bolsa de conserjes para la piscina municipal <a href=\"https:\/\/museros.org\/wp-content\/uploads\/2024\/06\/Anuncio-Constitucion-Bolsa-de-trabajo-de-Conserjes-para-piscina-municipal.pdf\" target=\"_blank\" rel=\"noopener\">pdf&gt;<\/a><br \/>\n[\/et_pb_accordion_item][et_pb_accordion_item title=\u00bbProceso de selecci\u00f3n de segunda bolsa extraordinaria de socorristas\u00bb _builder_version=\u00bb4.27.4&#8243; _module_preset=\u00bbdefault\u00bb global_colors_info=\u00bb{}\u00bb open=\u00bboff\u00bb]Anunci Bases Especi\u0301fiques Socorristes <a href=\"https:\/\/museros.org\/wp-content\/uploads\/2024\/04\/Anunci-Bases-Espeiifiques-Socorristes-Def.pdf\" target=\"_blank\" rel=\"noopener\">pdf&gt;<\/a><br \/>\nSolicitud socorrista de piscina municipal <a href=\"https:\/\/museros.org\/wp-content\/uploads\/2024\/05\/A-sollicitud-socorrista-piscina-2024.pdf\" target=\"_blank\" rel=\"noopener\">pdf&gt;<\/a><br \/>\nInformaci\u00f3n sobre la presentaci\u00f3n de solicitudes de procesos de selecci\u00f3n Museros <a href=\"https:\/\/museros.org\/wp-content\/uploads\/2024\/04\/Informacion-sobre-la-presentacion-de-solicitudes-de-procesos-de-seleccion-Museros.pdf\" target=\"_blank\" rel=\"noopener\">pdf&gt;<\/a><br \/>\nAdmitidos Provisional socorristas piscina <a href=\"https:\/\/museros.org\/wp-content\/uploads\/2024\/05\/Admitidos-Provisional-socorristas-piscina.pdf\" target=\"_blank\" rel=\"noopener\">pdf&gt;<\/a><br \/>\nLista definitiva personas admitidas y excluidas socorristas piscina <a href=\"https:\/\/museros.org\/wp-content\/uploads\/2024\/05\/Lista-definitiva-personas-admitidas-y-excluidas-socorristas-piscina.pdf\" target=\"_blank\" rel=\"noopener\">pdf&gt;<\/a><br \/>\nFormaci\u00f3n de una segunda bolsa de trabajo extraordinaria de socorristas piscina <a href=\"https:\/\/museros.org\/wp-content\/uploads\/2024\/05\/Anuncio-instrucciones-y-criterios-prueba-socorristas-Piscina.pdf\" target=\"_blank\" rel=\"noopener\">pdf&gt;<\/a><br \/>\nResultados del ejercicio segunda bolsa extraordinaria de Socorristas <a href=\"https:\/\/museros.org\/wp-content\/uploads\/2024\/06\/Resultados-del-ejercicio-segunda-bolsa-extraordinaria-de-Socorristas.pdf\" target=\"_blank\" rel=\"noopener\">pdf&gt;<\/a><br \/>\nAnuncio resultados concurso de m\u00e9ritos y baremaci\u00f3n provisional segunda bolsa de trabajo extraordinaria socorristas <a href=\"https:\/\/museros.org\/wp-content\/uploads\/2024\/06\/Anuncio-resultados-concurso-meritos-segunda-bolsa-de-trabajo-extraordinaria-de-socorristas.pdf\" target=\"_blank\" rel=\"noopener\">pdf&gt;<\/a><br \/>\nAnuncio constituci\u00f3n segunda bolsa extraordinaria socorristas piscina municipal <a href=\"https:\/\/museros.org\/wp-content\/uploads\/2024\/06\/Anuncio-Constitucion-2a-Bolsa-extraordinaria-socorristas-piscina-municipal.pdf\" target=\"_blank\" rel=\"noopener\">pdf&gt;<\/a><br \/>\n[\/et_pb_accordion_item][et_pb_accordion_item title=\u00bbProceso de selecci\u00f3n de una plaza de operario de servicios m\u00faltiples, incluida en la OEP de 2024&#8243; _builder_version=\u00bb4.27.4&#8243; _module_preset=\u00bbdefault\u00bb global_colors_info=\u00bb{}\u00bb open=\u00bboff\u00bb]Informaci\u00f3n sobre la presentaci\u00f3n de solicitudes de procesos de selecci\u00f3n Museros <a href=\"https:\/\/museros.org\/wp-content\/uploads\/2024\/04\/Informacion-sobre-la-presentacion-de-solicitudes-de-procesos-de-seleccion-Museros.pdf\" target=\"_blank\" rel=\"noopener\">pdf&gt;<\/a><br \/>\n[\/et_pb_accordion_item][et_pb_accordion_item title=\u00bbProceso de selecci\u00f3n de tres plazas de personal de limpieza (VIARIA), incluida en la OEP de 2024&#8243; _builder_version=\u00bb4.27.4&#8243; _module_preset=\u00bbdefault\u00bb global_colors_info=\u00bb{}\u00bb open=\u00bboff\u00bb]Informaci\u00f3n sobre la presentaci\u00f3n de solicitudes de procesos de selecci\u00f3n Museros <a href=\"https:\/\/museros.org\/wp-content\/uploads\/2024\/04\/Informacion-sobre-la-presentacion-de-solicitudes-de-procesos-de-seleccion-Museros.pdf\" target=\"_blank\" rel=\"noopener\">pdf&gt;<\/a><br \/>\nAnuncio aprobaci\u00f3n de las bases del proceso de selecci\u00f3n de personal limpieza 2024 <a href=\"https:\/\/museros.org\/wp-content\/uploads\/2024\/06\/Anuncio-aprobacion-bases-proceso-selecc-personal-limpieza-2024-para-web-y-otros-medios.pdf\" target=\"_blank\" rel=\"noopener\">pdf&gt;<\/a><br \/>\nAnuncio convocatoria de 3 plazas para personal de limpieza (viaria) <a href=\"https:\/\/museros.org\/wp-content\/uploads\/2024\/06\/Anuncio-convocatoria-3-plazas-personal-limpieza-viaria-para-web-y-otros-medios.pdf\" target=\"_blank\" rel=\"noopener\">pdf&gt;<\/a><br \/>\nTEMARIO DE APOYO A LAS PERSONAS OPOSITORAS PERSONAL DE LIMPIEZA VIARIA <a href=\"https:\/\/museros.org\/wp-content\/uploads\/2024\/07\/TEMARIO-APOYO-AL-OPOSITOR-LIMPIEZA-VIARIA.pdf\" target=\"_blank\" rel=\"noopener\">pdf&gt;<\/a><br \/>\nAnuncio relativo a las personas admitidas y excluidas provisionalmente del proceso de selecci\u00f3n de tres plazas de personal de limpieza viaria <a href=\"https:\/\/museros.org\/wp-content\/uploads\/2024\/08\/Anuncio-Personas-admitidas-y-excluidas-provisional-Limpieza-Viaria-web.pdf\" target=\"_blank\" rel=\"noopener\">pdf&gt;<\/a><br \/>\nAnuncio listado definitivo de personas admitidas y excluidas limpieza viaria <a href=\"https:\/\/museros.org\/wp-content\/uploads\/2024\/09\/Anuncio-listado-definitivo-personas-admitidas-y-excluidas-limpieza-viaria.pdf\" target=\"_blank\" rel=\"noopener\">pdf&gt;<\/a><br \/>\nAnuncio Instrucciones y criterios ejercicio (Proceso &#8211; 3 plazas de personal de limpieza Viaria) <a href=\"https:\/\/museros.org\/wp-content\/uploads\/2024\/09\/Anuncio-Instrucciones-y-criterios-ejercicio-Proceso-3-plazas-de-limpieza-Viaria-1.pdf\" target=\"_blank\" rel=\"noopener\">pdf&gt;<\/a><br \/>\nAnuncio convocatoria 2\u00aa prueba expte 617 24 <a href=\"https:\/\/museros.org\/wp-content\/uploads\/2024\/09\/anuncio-convocatoria-2a-prueba-expte-617-24.pdf\" target=\"_blank\" rel=\"noopener\">pdf&gt;<\/a><br \/>\nAnuncio resultados primera y segunda prueba \u00fanico ejercicio fase oposici\u00f3n proceso selecci\u00f3n 3 plazas limpiador\/a (limpieza viaria) OEP 2024 <a href=\"https:\/\/museros.org\/wp-content\/uploads\/2024\/10\/Anuncio-resultados-primera-y-segunda-prueba-del-unico-ejercicio-fase-oposicion-proceso-seleccion-3-plazas-limp.-limpieza-viaria-OEP-2024.pdf\" target=\"_blank\" rel=\"noopener\">pdf&gt;<\/a><br \/>\nAnuncio anulaci\u00f3n pregunta 10 del cuestionario y su sustituci\u00f3n por la 1\u00aa de reserva, as\u00ed como correcci\u00f3n de todos de nuevo <a href=\"https:\/\/museros.org\/wp-content\/uploads\/2024\/10\/Anuncio-anulacion-preg-10-del-cuestionario-y-su-sustitucion-por-la-1-de-reserva-asi-como-correcccion-de-todos-de-nuevo.pdf\" target=\"_blank\" rel=\"noopener\">pdf&gt;<\/a><br \/>\nPlantilla correctora examen tipo test <a href=\"https:\/\/museros.org\/wp-content\/uploads\/2024\/10\/Plantilla-correctora-examen-tipo-test.pdf\" target=\"_blank\" rel=\"noopener\">pdf&gt;<\/a><br \/>\nAnuncio sobre alegaci\u00f3n a la fase de oposici\u00f3n, baremaci\u00f3n provisional de m\u00e9ritos y propuesta de contrataci\u00f3n personal limpieza <a href=\"https:\/\/museros.org\/wp-content\/uploads\/2024\/10\/Anuncio-sobre-alegacion-presentada-resultados-baremacion-provisional-meritos-y-prop-contratacion.pdf\" target=\"_blank\" rel=\"noopener\">pdf&gt;<\/a><br \/>\nAnuncio de la reuni\u00f3n OTS sobre alegaci\u00f3n de Ivana GG y el recurso de alzada de Rosa Mar\u00eda QQ as\u00ed como la baremaci\u00f3n definitiva y la propuesta de contrataci\u00f3n <a href=\"https:\/\/museros.org\/wp-content\/uploads\/2024\/11\/Anuncio-reunion-OTS-13-nov-sobre-alegacion-Ivana-GG-y-rec-alzada-Rosa-M-QQ-asi-como-baremac-def-y-prop-contrat.pdf\" target=\"_blank\" rel=\"noopener\">pdf&gt;<\/a><br \/>\nAnuncio constituci\u00f3n bolsa limpiador-a (limpieza viaria) <a href=\"https:\/\/museros.org\/wp-content\/uploads\/2024\/12\/Anuncio-constitucion-bolsa-limpiador-a-Limpieza-viaria.pdf\" target=\"_blank\" rel=\"noopener\">pdf&gt;<\/a><br \/>\n[\/et_pb_accordion_item][et_pb_accordion_item title=\u00bbColaboraci\u00f3n SEPE con las Corporaciones Locales para 2024. Programa de Fomento de Empleo Agrario-Zonas Rurales Deprimidas\u00bb _builder_version=\u00bb4.27.4&#8243; _module_preset=\u00bbdefault\u00bb global_colors_info=\u00bb{}\u00bb open=\u00bboff\u00bb]Acta de baremaci\u00f3n anonimizada <a href=\"https:\/\/museros.org\/wp-content\/uploads\/2024\/06\/Acta-peones-agricolas-2024.pdf\" target=\"_blank\" rel=\"noopener\">pdf&gt;<\/a><br \/>\n[\/et_pb_accordion_item][et_pb_accordion_item title=\u00bbComisi\u00f3n servicios agentes polic\u00eda local de Museros\u00bb _builder_version=\u00bb4.27.4&#8243; _module_preset=\u00bbdefault\u00bb global_colors_info=\u00bb{}\u00bb open=\u00bboff\u00bb]Anuncio Comision servicios agentes pol\u00edcia-local. <a href=\"https:\/\/museros.org\/wp-content\/uploads\/2024\/11\/Anuncio-CS-agentes-policia-local.pdf\" target=\"_blank\" rel=\"noopener\">pdf&gt;<\/a><br \/>\n[\/et_pb_accordion_item][\/et_pb_accordion][et_pb_accordion open_toggle_text_color=\u00bb#000000&#8243; icon_color=\u00bbrgba(153,0,0,0.35)\u00bb use_icon_font_size=\u00bbon\u00bb icon_font_size=\u00bb20px\u00bb admin_label=\u00bbAcorde\u00f3n 2023&#8243; _builder_version=\u00bb4.27.4&#8243; _module_preset=\u00bbdefault\u00bb toggle_text_color=\u00bb#990000&#8243; toggle_font=\u00bb|600|||||||\u00bb body_font=\u00bb||||||||\u00bb locked=\u00bboff\u00bb global_colors_info=\u00bb{}\u00bb][et_pb_accordion_item title=\u00bb2023&#8243; open=\u00bbon\u00bb open_toggle_text_color=\u00bb#FFFFFF\u00bb open_toggle_background_color=\u00bbrgba(0,0,0,0.3)\u00bb closed_toggle_text_color=\u00bb#ffffff\u00bb closed_toggle_background_color=\u00bbrgba(0,0,0,0.3)\u00bb icon_color=\u00bbrgba(99,0,0,0.2)\u00bb use_icon_font_size=\u00bbon\u00bb icon_font_size=\u00bb20px\u00bb _builder_version=\u00bb4.19.4&#8243; _module_preset=\u00bbdefault\u00bb width=\u00bb100%\u00bb global_colors_info=\u00bb{}\u00bb toggle_text_color=\u00bb#ffffff\u00bb toggle_level=\u00bbh4&#8243; toggle_font=\u00bb|600|||||||\u00bb toggle_font_size=\u00bb20px\u00bb closed_toggle_font_size=\u00bb20px\u00bb][\/et_pb_accordion_item][et_pb_accordion_item title=\u00bbBases generales que regir\u00e1n las convocatorias de personal del ayuntamiento de Museros \u00bb _builder_version=\u00bb4.27.4&#8243; _module_preset=\u00bbdefault\u00bb global_colors_info=\u00bb{}\u00bb open=\u00bboff\u00bb]Anuncio bases generales ayuntamiento Museros <a href=\"https:\/\/museros.org\/wp-content\/uploads\/2023\/01\/Anuncio-bases-generales-ayuntamiento-Museros.pdf\" target=\"_blank\" rel=\"noopener\">pdf&gt;<\/a><br \/>\nInformaci\u00f3n sobre la presentaci\u00f3n de solicitudes de procesos de estabilizaci\u00f3n Museros <a href=\"https:\/\/museros.org\/wp-content\/uploads\/2023\/03\/Informacion-sobre-la-presentacion-de-solicitudes-de-procesos-de-estabilizacion-Museros.pdf\" target=\"_blank\" rel=\"noopener\">pdf&gt;<\/a><br \/>\nModificaci\u00f3n de las bases <a href=\"https:\/\/museros.org\/wp-content\/uploads\/2024\/11\/Anuncio-modificacion-de-la-base-15-de-las-Bases-Generales.pdf\" target=\"_blank\" rel=\"noopener\">pdf&gt;<\/a><br \/>\n[\/et_pb_accordion_item][et_pb_accordion_item title=\u00bbProceso de selecci\u00f3n de una plaza de administrativo\/a de gesti\u00f3n tributaria, OEP estabilizaci\u00f3n 2021 (personal funcionario de carrera)\u00bb _builder_version=\u00bb4.27.4&#8243; _module_preset=\u00bbdefault\u00bb global_colors_info=\u00bb{}\u00bb open=\u00bboff\u00bb]Anuncio BOP n 250 30 12 22 BE administrativo\/a gesti\u00f3n tributaria <a href=\"https:\/\/museros.org\/wp-content\/uploads\/2023\/01\/Anuncio-BOP-n-250-30-12-22-BE-advo-gestion-tribut.pdf\" target=\"_blank\" rel=\"noopener\">pdf&gt;<\/a><br \/>\nInformaci\u00f3n sobre la presentaci\u00f3n de solicitudes de procesos de estabilizaci\u00f3n Museros <a href=\"https:\/\/museros.org\/wp-content\/uploads\/2023\/03\/Informacion-sobre-la-presentacion-de-solicitudes-de-procesos-de-estabilizacion-Museros.pdf\" target=\"_blank\" rel=\"noopener\">pdf&gt;<\/a><br \/>\nAnuncio convocatoria e inicio del plazo de presentaci\u00f3n de instancias para una plaza de administrativo\/a gesti\u00f3n tributaria <a href=\"https:\/\/museros.org\/wp-content\/uploads\/2024\/11\/Anuncio-convocatoria-Administrativo-a-Gestion-Tributaria.pdf\" target=\"_blank\" rel=\"noopener\">pdf&gt;<\/a><br \/>\nPersonas admitidas y excluidas lista provisional administraci\u00f3n gesti\u00f3n tributaria <a href=\"https:\/\/museros.org\/wp-content\/uploads\/2025\/01\/Personas-admitidas-excluidas-provisional-admin-gestion-tributaria.pdf\" target=\"_blank\" rel=\"noopener\">pdf&gt;<\/a><br \/>\nAnuncio lista definitiva personas admitidas y excluidas administrativo gesti\u00f3n tributaria <a href=\"https:\/\/museros.org\/wp-content\/uploads\/2025\/02\/Anuncio-lista-definitiva-personas-admitidas-y-excluidas-administrativo-gestion-tributaria.pdf\" target=\"_blank\" rel=\"noopener\">pdf&gt;<\/a><br \/>\nAnuncio resultados concurso y propuesta de contrataci\u00f3n administrativo-a gesti\u00f3n tributaria <a href=\"https:\/\/museros.org\/wp-content\/uploads\/2025\/02\/Anuncio-resultados-concurso-y-propuesta-contratacion-ADMINISTRATIVO-A-GESTION-TRIBUTARIA.pdf\" target=\"_blank\" rel=\"noopener\">pdf&gt;<\/a><br \/>\nAnuncio bolsa de administrativo\/a de gesti\u00f3n tributaria <a href=\"https:\/\/museros.org\/wp-content\/uploads\/2025\/05\/Anuncio-constitucion-bolsa-de-administrativo-gestion-tributaria.pdf\" target=\"_blank\" rel=\"noopener\">pdf&gt;<\/a><br \/>\n[\/et_pb_accordion_item][et_pb_accordion_item title=\u00bbProceso de selecci\u00f3n de una plaza de arquitecto\/a t\u00e9cnico\/a, OEP estabilizaci\u00f3n 2021 (personal funcionario de carrera)\u00bb _builder_version=\u00bb4.27.4&#8243; _module_preset=\u00bbdefault\u00bb global_colors_info=\u00bb{}\u00bb open=\u00bboff\u00bb]Anuncio BOP n 250 30 12 22 BE arquitecto\/a t\u00e9cnico\/a <a href=\"https:\/\/museros.org\/wp-content\/uploads\/2023\/01\/Anuncio-BOP-n-250-30-12-22-BE-arq-tec.pdf\" target=\"_blank\" rel=\"noopener\">pdf&gt;<\/a><br \/>\nConvocatoria e inicio del plazo de presentaci\u00f3n de instancias del proceso de selecci\u00f3n de una plaza de arquitecto\/a t\u00e9cnico\/a <a href=\"https:\/\/museros.org\/wp-content\/uploads\/2023\/02\/Anuncio-arquitecto-tecnico.pdf\" target=\"_blank\" rel=\"noopener\">pdf&gt;<\/a><br \/>\nInformaci\u00f3n sobre la presentaci\u00f3n de solicitudes de procesos de estabilizaci\u00f3n Museros <a href=\"https:\/\/museros.org\/wp-content\/uploads\/2023\/03\/Informacion-sobre-la-presentacion-de-solicitudes-de-procesos-de-estabilizacion-Museros.pdf\" target=\"_blank\" rel=\"noopener\">pdf&gt;<\/a><br \/>\nLista provisional personas admitidas y excluidas proceso selecci\u00f3n arquitecto t\u00e9cnico <a href=\"https:\/\/museros.org\/wp-content\/uploads\/2023\/05\/Lista-provisional-personas-admitidas-y-excluidas-proceso-seleccion-arquitecto-tecnico.pdf\" target=\"_blank\" rel=\"noopener\">pdf&gt;<\/a><br \/>\nResultados del concurso y propuesta nombramiento de arquitecto-a t\u00e9cnico-a funcionario de carrera <a href=\"https:\/\/museros.org\/wp-content\/uploads\/2023\/10\/ANUNCIO-RESULTADOS-DEL-CONCURSO-Y-PROPUESTA-NOMBRAMIENTO-DE-ARQUITECTO-A-TECNICO-A-FUNCIONARIO-DE-CARRERA.pdf\" target=\"_blank\" rel=\"noopener\">pdf&gt;<\/a><br \/>\nResultados revisi\u00f3n de las subsanaciones, resultado y llamamiento <a href=\"https:\/\/museros.org\/wp-content\/uploads\/2023\/11\/RESULTADOS-REVISION-DE-LAS-SUBSANACIONES-RESULTADO-Y-LLAMAMIENTO.pdf\" target=\"_blank\" rel=\"noopener\">pdf&gt;<\/a><br \/>\nAnuncio de constituci\u00f3n de la bolsa de arquitecto\/a t\u00e9cnico\/a <a href=\"https:\/\/museros.org\/wp-content\/uploads\/2024\/04\/Anuncio-Consitucion-Bolsa-de-Arquitectoa-Tecnicoa.pdf\" target=\"_blank\" rel=\"noopener\">pdf&gt;<\/a><br \/>\nAnuncio nombramiento funcionaria de carrera de Presentaci\u00f3n Asensi Valls como arquitecta t\u00e9cnica <a href=\"https:\/\/museros.org\/wp-content\/uploads\/2024\/06\/Anuncio-nombramiento-funcionaria-de-carrera-de-Presentacion-Asensi-Valls-como-arquitecta-tecnica.pdf\" target=\"_blank\" rel=\"noopener\">pdf&gt;<\/a><br \/>\n[\/et_pb_accordion_item][et_pb_accordion_item title=\u00bbProceso de selecci\u00f3n de una plaza de auxiliar administrativo\/a de recursos humanos, desarrollo local y auxilio judicial, OEP estabilizaci\u00f3n 2021 (personal funcionario de carrera)\u00bb _builder_version=\u00bb4.27.4&#8243; _module_preset=\u00bbdefault\u00bb global_colors_info=\u00bb{}\u00bb open=\u00bboff\u00bb]Anuncio BOP 30 12 22 BE Auxiliar Admin RRHH Desarrollo Local Auxilio Judicial <a href=\"https:\/\/museros.org\/wp-content\/uploads\/2023\/01\/Anuncio-BOP-30-12-22-BE-AARHDLAJudic.pdf\" target=\"_blank\" rel=\"noopener\">pdf&gt;<\/a><br \/>\nInformaci\u00f3n sobre la presentaci\u00f3n de solicitudes de procesos de estabilizaci\u00f3n Museros <a href=\"https:\/\/museros.org\/wp-content\/uploads\/2023\/03\/Informacion-sobre-la-presentacion-de-solicitudes-de-procesos-de-estabilizacion-Museros.pdf\" target=\"_blank\" rel=\"noopener\">pdf&gt;<\/a><br \/>\nAnuncio informaci\u00f3n publicaci\u00f3n err\u00f3nea BOE <a href=\"https:\/\/museros.org\/wp-content\/uploads\/2024\/04\/ANUNCIO-INFORMACION-PUBLICACION-ERRONEA-BOE.pdf\" target=\"_blank\" rel=\"noopener\">pdf&gt;<\/a><br \/>\nConvocatoria de una plaza de auxiliar de recursos humanos <a href=\"https:\/\/museros.org\/wp-content\/uploads\/2024\/05\/SEGUNDO-ANUNCIO-INFORMACION-PUBLICACION-ERRONEA-BOE-25-05-24.pdf\" target=\"_blank\" rel=\"noopener\">pdf&gt;<\/a><br \/>\nSegundo anuncio informaci\u00f3n publicaci\u00f3n err\u00f3nea BOE 25 05 24 <a href=\"https:\/\/museros.org\/wp-content\/uploads\/2024\/06\/SEGUNDO-ANUNCIO-INFORMACION-PUBLICACION-ERRONEA-BOE-25-05-24.pdf\" target=\"_blank\" rel=\"noopener\">pdf&gt;<\/a><br \/>\nAnuncio inicio presentaci\u00f3n de solicitudes proceso auxiliar administrativo\/a de recursos humanos, desarrollo local y auxilio judicial <a href=\"https:\/\/museros.org\/wp-content\/uploads\/2024\/06\/Anuncio-Aux.-Adm.-RRHH-WEB-DEFINITIVO.pdf\" target=\"_blank\" rel=\"noopener\">pdf&gt;<\/a><br \/>\nAnuncio de lista provisional de personas admitidas y excluidas al proceso de selecci\u00f3n de una plaza de auxiliar administrativo\/a de recursos humanos, desarrollo local y auxilio judicial <a href=\"https:\/\/museros.org\/wp-content\/uploads\/2024\/07\/Admitidos-Provisional-Auxiliar-admin-RRHH.pdf\" target=\"_blank\" rel=\"noopener\">pdf&gt;<\/a><br \/>\nLista definitiva admitidos y excluidos auxiliar de RR HH <a href=\"https:\/\/museros.org\/wp-content\/uploads\/2024\/07\/20240730_Otros_Anuncio-Admitidos-DEFINITIVO-AUX.-RRHH-WEB.pdf\" target=\"_blank\" rel=\"noopener\">pdf&gt;<\/a><br \/>\nResultados del concurso y propuesta de contrataci\u00f3n de los procesos de Auxiliares Administrativos de recursos humanos, empleo local y auxilio judicial <a href=\"https:\/\/museros.org\/wp-content\/uploads\/2024\/07\/20240730_Otros_Anuncio-resultados-concurso-y-prop-contratac-AUX.-ADM.-RRHH-1.pdf\" target=\"_blank\" rel=\"noopener\">pdf&gt;<\/a><br \/>\n[\/et_pb_accordion_item][et_pb_accordion_item title=\u00bbProceso de selecci\u00f3n de una plaza de auxiliar administrativo\/a de contabilidad, OEP estabilizaci\u00f3n 2021 (personal funcionario de carrera)\u00bb _builder_version=\u00bb4.27.4&#8243; _module_preset=\u00bbdefault\u00bb global_colors_info=\u00bb{}\u00bb open=\u00bboff\u00bb]Anuncio BOP n\u00ba 250 301222 BE auxiliar administrativo contable <a href=\"https:\/\/museros.org\/wp-content\/uploads\/2023\/01\/Anuncio-BOP-no-250-301222-BE-aux-advo-contab.pdf\" target=\"_blank\" rel=\"noopener\">pdf&gt;<\/a><br \/>\nInformaci\u00f3n sobre la presentaci\u00f3n de solicitudes de procesos de estabilizaci\u00f3n Museros <a href=\"https:\/\/museros.org\/wp-content\/uploads\/2023\/03\/Informacion-sobre-la-presentacion-de-solicitudes-de-procesos-de-estabilizacion-Museros.pdf\" target=\"_blank\" rel=\"noopener\">pdf&gt;<\/a><br \/>\nAnuncio informaci\u00f3n publicaci\u00f3n err\u00f3nea BOE <a href=\"https:\/\/museros.org\/wp-content\/uploads\/2024\/04\/ANUNCIO-INFORMACION-PUBLICACION-ERRONEA-BOE.pdf\" target=\"_blank\" rel=\"noopener\">pdf&gt;<\/a><br \/>\nSegundo anuncio informaci\u00f3n publicaci\u00f3n err\u00f3nea BOE 25 05 24 <a href=\"https:\/\/museros.org\/wp-content\/uploads\/2024\/06\/SEGUNDO-ANUNCIO-INFORMACION-PUBLICACION-ERRONEA-BOE-25-05-24.pdf\" target=\"_blank\" rel=\"noopener\">pdf&gt;<\/a><br \/>\nAnuncio inicio presentaci\u00f3n de solicitudes proceso auxiliar administrativo\/a de contabilidad <a href=\"https:\/\/museros.org\/wp-content\/uploads\/2024\/06\/Anuncio-Aux.-Adm.-Contabilidad-WEB-DEFINITIVO.pdf\" target=\"_blank\" rel=\"noopener\">pdf&gt;<\/a><br \/>\nAnuncio de lista provisional de personas admitidas y excluidas al proceso de selecci\u00f3n de una plaza de auxiliar administrativo\/a de contabilidad <a href=\"https:\/\/museros.org\/wp-content\/uploads\/2024\/07\/Admitidos-Provisional-Auxiliar-admin-contabilidad.pdf\" target=\"_blank\" rel=\"noopener\">pdf&gt;<\/a><br \/>\nLista definitiva admitidos y excluidos auxiliar contabilidad <a href=\"https:\/\/museros.org\/wp-content\/uploads\/2024\/07\/Anuncio-Admitidos-DEFINITIVO-AUX.-CONTABILIDAD-WEB.pdf\" target=\"_blank\" rel=\"noopener\">pdf&gt;<\/a><br \/>\nResultados del concurso y propuesta de contrataci\u00f3n de los procesos de Auxiliares Administrativos de contabilidad <a href=\"https:\/\/museros.org\/wp-content\/uploads\/2024\/07\/20240730_Otros_Anuncio-resultados-concurso-y-prop-nombramiento-AUX.CONTABILIDAD-1.pdf\" target=\"_blank\" rel=\"noopener\">pdf&gt;<\/a><br \/>\nAnuncio de las reclamaciones contra el concurso de m\u00e9ritos proceso de una plaza de auxiliar administrativo\/a de contabilidad <a href=\"https:\/\/museros.org\/wp-content\/uploads\/2024\/08\/ANUNCIO-RESULTADOS-REVISION-DE-LAS-SUBSANACIONES-RESULTADO-Y-LLAMAMIENTO-AUX.-CONTABILIDAD-CORRECTO.pdf\" target=\"_blank\" rel=\"noopener\">pdf&gt;<\/a><br \/>\nAnuncio relativo a la Correcci\u00f3n de errores de la revisi\u00f3n de las reclamaciones ante el concurso de m\u00e9ritos del proceso de una plaza de Aux. Adm. Contabilidad <a href=\"https:\/\/museros.org\/wp-content\/uploads\/2024\/08\/Anuncio-correccion-errores-revision-reclamaciones-de-los-resultados-concurso-meritos-y-PC-CONTABILIDAD.pdf\" target=\"_blank\" rel=\"noopener\">pdf&gt;<\/a><br \/>\nAnuncio constituci\u00f3n bolsa de personal auxiliar administrativo\/a de contabilidad <a href=\"https:\/\/museros.org\/wp-content\/uploads\/2024\/09\/Anuncio-Constitucion-bolsa-de-aux-adm-contabilidad-1.pdf\" target=\"_blank\" rel=\"noopener\">pdf&gt;<\/a><br \/>\n[\/et_pb_accordion_item][et_pb_accordion_item title=\u00bbProceso de selecci\u00f3n de una plaza de auxiliar de agencia de lectura, OEP estabilizaci\u00f3n 2021 (personal laboral fijo) \u00bb _builder_version=\u00bb4.27.4&#8243; _module_preset=\u00bbdefault\u00bb global_colors_info=\u00bb{}\u00bb open=\u00bboff\u00bb]Anuncio BOP n\u00ba 250 301222 BE auxiliar agencia lectura pdf&gt; <a href=\"https:\/\/museros.org\/wp-content\/uploads\/2023\/01\/Anuncio-BOP-no-250-301222-BE-aux-agencia-lectura.pdf\" target=\"_blank\" rel=\"noopener\">pdf&gt;<\/a><br \/>\nInformaci\u00f3n sobre la presentaci\u00f3n de solicitudes de procesos de estabilizaci\u00f3n Museros <a href=\"https:\/\/museros.org\/wp-content\/uploads\/2023\/03\/Informacion-sobre-la-presentacion-de-solicitudes-de-procesos-de-estabilizacion-Museros.pdf\" target=\"_blank\" rel=\"noopener\">pdf&gt;<\/a><br \/>\nProceso de selecci\u00f3n de una plaza de auxiliar de agencia de lectura <a href=\"https:\/\/museros.org\/wp-content\/uploads\/2023\/11\/Anuncio-aux.-agencia-lectura.pdf\" target=\"_blank\" rel=\"noopener\">pdf&gt;<\/a><br \/>\nAdmitidos provisional agencia de lectura <a href=\"https:\/\/museros.org\/wp-content\/uploads\/2024\/02\/Admitidos-Provisional-Auxiliar-Agencia-de-Lectura.pdf\" target=\"_blank\" rel=\"noopener\">pdf&gt;<\/a><br \/>\nLista definitiva Auxiliar Agencia de Lectura <a href=\"https:\/\/museros.org\/wp-content\/uploads\/2024\/03\/ANUNCIO-WEB-LISTA-DEFINITIVA-AUX-AGENCIA-LECTURA.pdf\" target=\"_blank\" rel=\"noopener\">pdf&gt;<\/a><br \/>\nResultados del concurso y la propuesta de contrataci\u00f3n de un auxiliar de agencia de lectura <a href=\"https:\/\/museros.org\/wp-content\/uploads\/2024\/03\/Anuncio-resultados-concurso-y-prop-contratac-auxiliar-agencia-lectura.pdf\" target=\"_blank\" rel=\"noopener\">pdf&gt;<\/a><br \/>\n[\/et_pb_accordion_item][et_pb_accordion_item title=\u00bbProceso de selecci\u00f3n de tres plazas de auxiliar de educaci\u00f3n infantil, OEP estabilizaci\u00f3n 2021 (personal laboral fijo discontinuo)\u00bb _builder_version=\u00bb4.27.4&#8243; _module_preset=\u00bbdefault\u00bb global_colors_info=\u00bb{}\u00bb open=\u00bboff\u00bb]Anuncio BOP n\u00ba 250 301222 BE auxiliar educaci\u00f3n infantil <a href=\"https:\/\/museros.org\/wp-content\/uploads\/2023\/01\/Anuncio-BOP-no-250-301222-BE-aux-ed-infantil.pdf\" target=\"_blank\" rel=\"noopener\">pdf&gt;<\/a><br \/>\nAnuncio BOP n\u00ba52 de 13_03_2024 correcci\u00f3n error bases auxiliar infantil <a href=\"https:\/\/museros.org\/wp-content\/uploads\/2024\/08\/Anuncio-BOP-no52-de-13_03_2024-correccion-error-bases-auxiliar-infantil-2.pdf\" target=\"_blank\" rel=\"noopener\">pdf&gt;<\/a><br \/>\nInformaci\u00f3n sobre la presentaci\u00f3n de solicitudes de procesos de estabilizaci\u00f3n Museros <a href=\"https:\/\/museros.org\/wp-content\/uploads\/2023\/03\/Informacion-sobre-la-presentacion-de-solicitudes-de-procesos-de-estabilizacion-Museros.pdf\" target=\"_blank\" rel=\"noopener\">pdf&gt;<\/a><br \/>\nAnuncio bases tres plazas de auxiliar de educaci\u00f3n infantil <a href=\"https:\/\/museros.org\/wp-content\/uploads\/2024\/03\/Anuncio-Aux.-Ed.-Infantil.pdf\" target=\"_blank\" rel=\"noopener\">pdf&gt;<\/a><br \/>\nAnuncio lista admitidos provisional AEI <a href=\"https:\/\/museros.org\/wp-content\/uploads\/2024\/05\/Anuncio-lista-admitidos-provisional-AEI.pdf\" target=\"_blank\" rel=\"noopener\">pdf&gt;<\/a><br \/>\nAnuncio lista definitiva de tres plazas de auxiliar de educaci\u00f3n infantil <a href=\"https:\/\/museros.org\/wp-content\/uploads\/2024\/06\/Anuncio-personas-admitidas-y-excluidas-definitivamente.pdf\" target=\"_blank\" rel=\"noopener\">pdf&gt;<\/a><br \/>\nAnuncio de los resultados del concurso de m\u00e9ritos y propuesta de contrataci\u00f3n de tres plazas de auxiliares de educaci\u00f3n infantil <a href=\"https:\/\/museros.org\/wp-content\/uploads\/2024\/07\/Anuncio-resultados-concurso-meritos-y-PC-AUX.-ED.-INF.pdf\" target=\"_blank\" rel=\"noopener\">pdf&gt;<\/a><br \/>\nAnuncio correcci\u00f3n error resultados concurso m\u00e9ritos y propuesta contrataci\u00f3n relativo al proceso de selecci\u00f3n tres plazas de auxiliares de educaci\u00f3n infantil <a href=\"https:\/\/museros.org\/wp-content\/uploads\/2024\/07\/Anuncio-correccion-error-resultados-concurso-meritos-y-PC-AUX.-ED.-INF.pdf\" target=\"_blank\" rel=\"noopener\">pdf&gt;<\/a><br \/>\nAnuncio de la revisi\u00f3n de las reclamaciones contra el concurso de m\u00e9ritos, resultados definitivos y propuesta de contrataci\u00f3n Auxiliares de Educaci\u00f3n Infantil <a href=\"https:\/\/museros.org\/wp-content\/uploads\/2024\/07\/Anuncio-revision-reclamaciones-resultados-concurso-y-prop-contratac-AUX.-ED.-INF.pdf\" target=\"_blank\" rel=\"noopener\">pdf&gt;<\/a><br \/>\n[\/et_pb_accordion_item][et_pb_accordion_item title=\u00bbProceso de selecci\u00f3n de una plaza de capataz, OEP estabilizaci\u00f3n 2021 (personal laboral fijo)\u00bb _builder_version=\u00bb4.27.4&#8243; _module_preset=\u00bbdefault\u00bb global_colors_info=\u00bb{}\u00bb open=\u00bboff\u00bb]Anuncio BOP n\u00ba 250 301222 BE capataz <a href=\"https:\/\/museros.org\/wp-content\/uploads\/2023\/01\/Anuncio-BOP-no-250-301222-BE-capataz.pdf\" target=\"_blank\" rel=\"noopener\">pdf&gt;<\/a><br \/>\nInformaci\u00f3n sobre la presentaci\u00f3n de solicitudes de procesos de estabilizaci\u00f3n Museros <a href=\"https:\/\/museros.org\/wp-content\/uploads\/2023\/03\/Informacion-sobre-la-presentacion-de-solicitudes-de-procesos-de-estabilizacion-Museros.pdf\" target=\"_blank\" rel=\"noopener\">pdf&gt;<\/a><br \/>\nAnuncio convocatoria e inicio del plazo de presentaci\u00f3n de instancias para una plaza de capataz <a href=\"https:\/\/museros.org\/wp-content\/uploads\/2024\/11\/Anuncio-convocatoria-capataz.pdf\" target=\"_blank\" rel=\"noopener\">pdf&gt;<\/a><br \/>\nAnuncio personas admitidas y excluidas definitiva Capataz <a href=\"https:\/\/museros.org\/wp-content\/uploads\/2024\/12\/Anuncio-Personas-admitidas-y-excluidas-definitiva-Capataz.pdf\" target=\"_blank\" rel=\"noopener\">pdf&gt;<\/a><br \/>\nAnuncio resultados concurso y propuesta contrataci\u00f3n capataz <a href=\"https:\/\/museros.org\/wp-content\/uploads\/2024\/12\/Anuncio-resultados-concurso-y-propuesta-contratacion-capataz.pdf\" target=\"_blank\" rel=\"noopener\">pdf&gt;<\/a><br \/>\n[\/et_pb_accordion_item][et_pb_accordion_item title=\u00bbProceso de selecci\u00f3n de una plaza de conserje, OEP estabilizaci\u00f3n 2021 (personal laboral fijo)\u00bb _builder_version=\u00bb4.27.4&#8243; _module_preset=\u00bbdefault\u00bb global_colors_info=\u00bb{}\u00bb open=\u00bboff\u00bb]Anuncio BOP n\u00ba 250 30 12 22 BE conserje <a href=\"https:\/\/museros.org\/wp-content\/uploads\/2023\/01\/Anuncio-BOP-no-250-30-12-22-BE-conserje.pdf\" target=\"_blank\" rel=\"noopener\">pdf&gt;<\/a><br \/>\nInformaci\u00f3n sobre la presentaci\u00f3n de solicitudes de procesos de estabilizaci\u00f3n Museros <a href=\"https:\/\/museros.org\/wp-content\/uploads\/2023\/03\/Informacion-sobre-la-presentacion-de-solicitudes-de-procesos-de-estabilizacion-Museros.pdf\" target=\"_blank\" rel=\"noopener\">pdf&gt;<\/a><br \/>\nPlazo de presentaci\u00f3n de instancias del proceso de selecci\u00f3n de una plaza de conserje\u00a0<a href=\"https:\/\/museros.org\/wp-content\/uploads\/2023\/11\/Plazo-de-presentacion-de-instancias-del-proceso-de-seleccion-de-una-plaza-de-conserje.pdf\" target=\"_blank\" rel=\"noopener\">pdf&gt;<\/a><br \/>\nAdmitidos provisional conserje <a href=\"https:\/\/museros.org\/wp-content\/uploads\/2024\/02\/Admitidos-Provisional-Conserje.pdf\" target=\"_blank\" rel=\"noopener\">pdf&gt;<\/a><br \/>\nAnuncio lista definitiva y miembros del OTS del proceso de selecci\u00f3n de una plaza de conserje incluida en la OEP extraordinaria estabilizaci\u00f3n empleo temporal (personal laboral fijo) para el ejercicio 2021 <a href=\"https:\/\/museros.org\/wp-content\/uploads\/2024\/04\/LISTA-DEFINITIVA-CONSERJE-1.pdf\" target=\"_blank\" rel=\"noopener\">pdf&gt;<\/a><br \/>\nAnuncio de los resultados del concurso y propuesta de contrataci\u00f3n para conserje <a href=\"https:\/\/museros.org\/wp-content\/uploads\/2024\/05\/Anuncio-resultados-concurso-y-prop-contratac-conserje.pdf\" target=\"_blank\" rel=\"noopener\">pdf&gt;<\/a><br \/>\n[\/et_pb_accordion_item][et_pb_accordion_item title=\u00bbProceso de selecci\u00f3n de una plaza de coordinador\/a de la casa de la cultura, OEP estabilizaci\u00f3n 2021 (personal laboral fijo)\u00bb _builder_version=\u00bb4.27.4&#8243; _module_preset=\u00bbdefault\u00bb global_colors_info=\u00bb{}\u00bb open=\u00bboff\u00bb]Anuncio BOP n\u00ba 250 30 12 22 BE coordinador\/a casa cultura <a href=\"https:\/\/museros.org\/wp-content\/uploads\/2023\/01\/Anuncio-BOP-no-250-30-12-22-BE-coord-casa-cultura.pdf\" target=\"_blank\" rel=\"noopener\">pdf&gt;<\/a><br \/>\nInformaci\u00f3n sobre la presentaci\u00f3n de solicitudes de procesos de estabilizaci\u00f3n Museros <a href=\"https:\/\/museros.org\/wp-content\/uploads\/2023\/03\/Informacion-sobre-la-presentacion-de-solicitudes-de-procesos-de-estabilizacion-Museros.pdf\" target=\"_blank\" rel=\"noopener\">pdf&gt;<\/a><br \/>\nAnuncio plazo presentaci\u00f3n instancias proceso selecci\u00f3n Coordinador-a Casa de Cultura <a href=\"https:\/\/museros.org\/wp-content\/uploads\/2024\/12\/Anuncio-plazo-presentacion-instancias-proceso-seleccion-Coordinador-a-Casa-de-Cultura.pdf\" target=\"_blank\" rel=\"noopener\">pdf&gt;<\/a><br \/>\nAnuncio personas admitidas y excluidas proceso de selecci\u00f3n provisional de una plaza de coordinador\/a de la Casa de Cultura <a href=\"https:\/\/museros.org\/wp-content\/uploads\/2025\/02\/Anuncio-personas-admitidas-y-excluidas-provisional-coordinadora-casa-cultura.pdf\" target=\"_blank\" rel=\"noopener\">pdf&gt;<\/a><br \/>\nAnuncio personas admitidas y excluidas para una plaza de coordinador\/a de la Casa de Cultura <a href=\"https:\/\/museros.org\/wp-content\/uploads\/2025\/03\/Anuncio-definitivo-lista-admitidos-y-excluidos-coordinador-a-casa-de-cultura.pdf\" target=\"_blank\" rel=\"noopener\">pdf&gt;<\/a><br \/>\nAnuncio resultado concurso y propuesta de contrataci\u00f3n de coordinador\/a de la Casa de Cultura <a href=\"https:\/\/museros.org\/wp-content\/uploads\/2025\/03\/anuncio-resultado-concurso-meritos-y-prop-contratacion-coordinador-a-casa-de-cultura.pdf\" target=\"_blank\" rel=\"noopener\">pdf&gt;<\/a><br \/>\n[\/et_pb_accordion_item][et_pb_accordion_item title=\u00bbProceso de selecci\u00f3n de una plaza de encargado\/a de limpieza, OEP estabilizaci\u00f3n 2021 (personal laboral fijo)\u00bb _builder_version=\u00bb4.27.4&#8243; _module_preset=\u00bbdefault\u00bb global_colors_info=\u00bb{}\u00bb open=\u00bboff\u00bb]Anuncio BOP n\u00ba 250 30 12 22 BE encargado\/a limpieza <a href=\"https:\/\/museros.org\/wp-content\/uploads\/2023\/01\/Anuncio-BOP-no-250-30-12-22-BE-encarg-limp.pdf\" target=\"_blank\" rel=\"noopener\">pdf&gt;<\/a><br \/>\nInformaci\u00f3n sobre la presentaci\u00f3n de solicitudes de procesos de estabilizaci\u00f3n Museros <a href=\"https:\/\/museros.org\/wp-content\/uploads\/2023\/03\/Informacion-sobre-la-presentacion-de-solicitudes-de-procesos-de-estabilizacion-Museros.pdf\" target=\"_blank\" rel=\"noopener\">pdf&gt;<\/a><br \/>\nAnuncio convocatoria e inicio del plazo de presentaci\u00f3n de instancias para una plaza de encargado\/a de limpieza <a href=\"https:\/\/museros.org\/wp-content\/uploads\/2024\/11\/Anuncio-convocatoria-encargado-a-de-limpieza.pdf\" target=\"_blank\" rel=\"noopener\">pdf&gt;<\/a><br \/>\nAnuncio Personas admitidas y excluidas definitivo encargado-a limpieza <a href=\"https:\/\/museros.org\/wp-content\/uploads\/2024\/12\/Anuncio-Personas-admitidas-y-excluidas-definitivo-encarg-limpieza.pdf\" target=\"_blank\" rel=\"noopener\">pdf&gt;<\/a><br \/>\nAnuncio resultados concurso y propuesta contrataci\u00f3n encargado-a limpieza <a href=\"https:\/\/museros.org\/wp-content\/uploads\/2024\/12\/Anuncio-resultados-concurso-y-propuesta-contratacion-encargado-a-limpieza.pdf\" target=\"_blank\" rel=\"noopener\">pdf&gt;<\/a><br \/>\n[\/et_pb_accordion_item][et_pb_accordion_item title=\u00bbProceso de selecci\u00f3n de veintid\u00f3s plazas de limpiador\/a, OEP estabilizaci\u00f3n 2021 (personal laboral fijo)\u00bb _builder_version=\u00bb4.27.4&#8243; _module_preset=\u00bbdefault\u00bb global_colors_info=\u00bb{}\u00bb open=\u00bboff\u00bb]Informaci\u00f3n sobre la presentaci\u00f3n de solicitudes de procesos de estabilizaci\u00f3n Museros <a href=\"https:\/\/museros.org\/wp-content\/uploads\/2023\/03\/Informacion-sobre-la-presentacion-de-solicitudes-de-procesos-de-estabilizacion-Museros.pdf\" target=\"_blank\" rel=\"noopener\">pdf&gt;<\/a><br \/>\nAnuncio BOP n\u00ba 250-301222 BE limpiador <a href=\"https:\/\/museros.org\/wp-content\/uploads\/2023\/03\/Anuncio-BOP-no-250-301222-BE-limpiador.pdf\" target=\"_blank\" rel=\"noopener\">pdf&gt;<\/a><br \/>\nAnuncio BOP correcci\u00f3n bases 22 plazas limpiador incluidas en OEP estabilizaci\u00f3n-empleo temporal-2021 <a href=\"https:\/\/museros.org\/wp-content\/uploads\/2023\/03\/Anuncio-BOP-no-38-de-23-02-23-correccion-bases-22-plazas-limpiador-incluidas-en-OEP-estabilizacion-empleo-temp-2021.pdf\" target=\"_blank\" rel=\"noopener\">pdf&gt;<\/a><br \/>\nAnuncio convocatoria e inicio del plazo de presentaci\u00f3n de instancias <a href=\"https:\/\/museros.org\/wp-content\/uploads\/2023\/03\/Anuncio-convocatoria-e-inicio-del-plazo-de-presentacion-de-instancias.pdf\" target=\"_blank\" rel=\"noopener\">pdf&gt;<\/a><br \/>\nLista provisional admitidas y excluidas limpiadoras <a href=\"https:\/\/museros.org\/wp-content\/uploads\/2023\/06\/Lista-provisional-admitidas-y-excluidas-limpiadoras.pdf\" target=\"_blank\" rel=\"noopener\">pdf&gt;<\/a><br \/>\nAnuncio resultado concurso y de contrataci\u00f3n 22 plazas personal limpieza <a href=\"https:\/\/museros.org\/wp-content\/uploads\/2023\/07\/Anuncio-resultado-concurso-y-de-contratacion-22-plazas-personal-limpieza.pdf\" target=\"_blank\" rel=\"noopener\">pdf&gt;<\/a><br \/>\nAnuncio BOLSA DE PERSONAL LIMPIEZA <a href=\"https:\/\/museros.org\/wp-content\/uploads\/2023\/10\/Anuncio-BOLSA-DE-PERSONAL-LIMPIEZA.pdf\" target=\"_blank\" rel=\"noopener\">pdf&gt;<\/a><br \/>\n[\/et_pb_accordion_item][et_pb_accordion_item title=\u00bbProceso de selecci\u00f3n de tres plazas maestro\/a en educaci\u00f3n infantil, OEP estabilizaci\u00f3n 2021 (personal laboral fijo)\u00bb _builder_version=\u00bb4.27.4&#8243; _module_preset=\u00bbdefault\u00bb global_colors_info=\u00bb{}\u00bb open=\u00bboff\u00bb]Anuncio BOP n\u00ba 250 301222 BE maestro\/a educaci\u00f3n infantil <a href=\"https:\/\/museros.org\/wp-content\/uploads\/2023\/01\/Anuncio-BOP-no-250-301222-BE-maestr-ed-infantil.pdf\" target=\"_blank\" rel=\"noopener\">pdf&gt;<\/a><br \/>\nInformaci\u00f3n sobre la presentaci\u00f3n de solicitudes de procesos de estabilizaci\u00f3n Museros <a href=\"https:\/\/museros.org\/wp-content\/uploads\/2023\/03\/Informacion-sobre-la-presentacion-de-solicitudes-de-procesos-de-estabilizacion-Museros.pdf\" target=\"_blank\" rel=\"noopener\">pdf&gt;<\/a><br \/>\nConvocatoria maestros de educaci\u00f3n infantil <a href=\"https:\/\/museros.org\/wp-content\/uploads\/2024\/01\/Convocatoria-maestros-de-educacion-infantil.pdf\" target=\"_blank\" rel=\"noopener\">pdf&gt;<\/a><br \/>\nAdmitidos provisional maestros de educaci\u00f3n infantil <a href=\"https:\/\/museros.org\/wp-content\/uploads\/2024\/03\/Anuncio-Admitidos-Provisional-MEI-web-NOTA-BOP.pdf\" target=\"_blank\" rel=\"noopener\">pdf&gt;<\/a><br \/>\nListado definitivo de personas admitidas y excluidas del proceso de tres plazas de maestros de educaci\u00f3n infantil <a href=\"https:\/\/museros.org\/wp-content\/uploads\/2024\/05\/Anuncio-Admitidos-def-MEI.pdf\" target=\"_blank\" rel=\"noopener\">pdf&gt;<\/a><br \/>\nPublicaci\u00f3n Anuncio Resultados del concurso de m\u00e9ritos y propuesta de contrataci\u00f3n proceso de tres plazas de maestros de educaci\u00f3n infantil <a href=\"https:\/\/museros.org\/wp-content\/uploads\/2024\/07\/nuncio-resultados-concurso-de-meritos-y-PC-MEI.pdf\" target=\"_blank\" rel=\"noopener\">pdf&gt;<\/a><br \/>\nAnuncio de los resultados de la revisi\u00f3n de las reclamaciones contra la baremaci\u00f3n, resultado del concurso y propuesta de contrataci\u00f3n de tres plazas de maestros\/as de educaci\u00f3n infantil <a href=\"https:\/\/museros.org\/wp-content\/uploads\/2024\/07\/ANUNCIO-RESULTADOS-REVISION-DE-LAS-RECLAMACIONES-RESULTADO-DEL-CONCURSO-Y-LLAMAMIENTO-MEI.pdf\" target=\"_blank\" rel=\"noopener\">pdf&gt;<\/a><br \/>\nAnuncio de la constituci\u00f3n de la Bolsa de Maestros\/as de Educaci\u00f3n Infantil <a href=\"https:\/\/museros.org\/wp-content\/uploads\/2024\/08\/ANUNCIO-RESULTADOS-REVISION-DE-LAS-SUBSANACIONES-RESULTADO-Y-LLAMAMIENTO-AUX.-CONTABILIDAD-CORRECTO.pdf\" target=\"_blank\" rel=\"noopener\">pdf&gt;<\/a><br \/>\n[\/et_pb_accordion_item][et_pb_accordion_item title=\u00bbProceso de selecci\u00f3n de una plaza de maestro\/a especialista en audici\u00f3n y lenguaje, OEP estabilizaci\u00f3n 2021 (personal laboral fijo)\u00bb _builder_version=\u00bb4.27.4&#8243; _module_preset=\u00bbdefault\u00bb global_colors_info=\u00bb{}\u00bb open=\u00bboff\u00bb]Anuncio BOP n\u00ba 250 301222 BE maestro\/a especialista audici\u00f3n y lenguaje <a href=\"https:\/\/museros.org\/wp-content\/uploads\/2023\/01\/Anuncio-BOP-no-250-301222-BE-mtro-esp-aud-y-leng.pdf\" target=\"_blank\" rel=\"noopener\">pdf&gt;<\/a><br \/>\nInformaci\u00f3n sobre la presentaci\u00f3n de solicitudes de procesos de estabilizaci\u00f3n Museros <a href=\"https:\/\/museros.org\/wp-content\/uploads\/2023\/03\/Informacion-sobre-la-presentacion-de-solicitudes-de-procesos-de-estabilizacion-Museros.pdf\" target=\"_blank\" rel=\"noopener\">pdf&gt;<\/a><br \/>\nConvocatoria maestro especialista audici\u00f3n y lenguaje <a href=\"https:\/\/museros.org\/wp-content\/uploads\/2024\/01\/Convocatoria-maestro-espec-audic-y-lenguaje.pdf\" target=\"_blank\" rel=\"noopener\">pdf&gt;<\/a><br \/>\nAdmitidos provisional maestro especialistas en audici\u00f3n y lenguaje <a href=\"https:\/\/museros.org\/wp-content\/uploads\/2024\/03\/Anuncio-Admitidos-Provisional-MAL-web-Nota-BOP.pdf\" target=\"_blank\" rel=\"noopener\">pdf&gt;<\/a><br \/>\nListado definitivo de personas admitidas y excluidas del proceso de una plaza de maestros de audici\u00f3n y lenguaje <a href=\"https:\/\/museros.org\/wp-content\/uploads\/2024\/05\/Anuncio-Listado-definitivo-de-Admitidos-y-Excluidos-Maestros-as-audicion-y-lenguaje.pdf\" target=\"_blank\" rel=\"noopener\">pdf&gt;<\/a><br \/>\nAnuncio de los resultados del concurso de m\u00e9ritos y propuesta de contrataci\u00f3n de una plaza de maestros\/as especialistas en audici\u00f3n y lenguaje <a href=\"https:\/\/museros.org\/wp-content\/uploads\/2024\/07\/20240705_Otros_Anuncio-resultados-concurso-y-prop-contratac-MAL.pdf\" target=\"_blank\" rel=\"noopener\">pdf&gt;<\/a><br \/>\n[\/et_pb_accordion_item][et_pb_accordion_item title=\u00bbProceso de selecci\u00f3n de una plaza de monitor\/a deportivo\/a, OEP estabilizaci\u00f3n 2021 (personal laboral fijo)\u00bb _builder_version=\u00bb4.27.4&#8243; _module_preset=\u00bbdefault\u00bb global_colors_info=\u00bb{}\u00bb open=\u00bboff\u00bb]Anuncio BOP n\u00ba 250 30 12 22 BE monitor\/a deportivo <a href=\"https:\/\/museros.org\/wp-content\/uploads\/2023\/01\/Anuncio-BOP-no-250-30-12-22-BE-monit-dep.pdf\" target=\"_blank\" rel=\"noopener\">pdf&gt;<\/a><br \/>\nConvocatoria e inicio plazo de presentaci\u00f3n procesos de selecci\u00f3n varias plazas <a href=\"https:\/\/museros.org\/wp-content\/uploads\/2023\/02\/Convocatoria-inicio-plazo-de-presentacion-instancias-procesos-seleccion-varias-plazas.pdf\" target=\"_blank\" rel=\"noopener\">pdf&gt;<\/a><br \/>\nInformaci\u00f3n sobre la presentaci\u00f3n de solicitudes de procesos de estabilizaci\u00f3n Museros <a href=\"https:\/\/museros.org\/wp-content\/uploads\/2023\/03\/Informacion-sobre-la-presentacion-de-solicitudes-de-procesos-de-estabilizacion-Museros.pdf\" target=\"_blank\" rel=\"noopener\">pdf&gt;<\/a><br \/>\nLista provisional personas admitidas y excluidas proceso selecci\u00f3n monitor deportivo <a href=\"https:\/\/museros.org\/wp-content\/uploads\/2023\/05\/Lista-provisional-personas-admitidas-y-excluidas-proceso-seleccion-monitor-deportivo.pdf\" target=\"_blank\" rel=\"noopener\">pdf&gt;<\/a><br \/>\nLista definitiva admitidas y excluidas proceso selecci\u00f3n monitor deportivo <a href=\"https:\/\/museros.org\/wp-content\/uploads\/2023\/06\/Lista-definitiva-admitidas-y-excluidas-proceso-seleccion-monitor-deportivo.pdf\" target=\"_blank\" rel=\"noopener\">pdf&gt;<\/a><br \/>\nAnuncio resultado concurso proceso selecci\u00f3n 1 plaza monitor-a deportivo <a href=\"https:\/\/museros.org\/wp-content\/uploads\/2023\/07\/ANUNCIO-RESULTADO-CONCURSO-PROCESO-SELECCION-1-PLAZA-MONITOR_A-DEPORTIVO.pdf\" target=\"_blank\" rel=\"noopener\">pdf&gt;<\/a><br \/>\nAnuncio creaci\u00f3n de una plaza monitor-a deportivo-a <a href=\"https:\/\/museros.org\/wp-content\/uploads\/2025\/02\/Anuncio-creacion-de-bolsa-de-Monitor-a-deportivo.pdf\" target=\"_blank\" rel=\"noopener\">pdf&gt;<\/a><br \/>\n[\/et_pb_accordion_item][et_pb_accordion_item title=\u00bbProceso de selecci\u00f3n de una plaza de monitor\/a de dibujo y pintura, OEP estabilizaci\u00f3n 2021 (personal laboral fijo discontinuo a tiempo parcial)\u00bb _builder_version=\u00bb4.27.4&#8243; _module_preset=\u00bbdefault\u00bb global_colors_info=\u00bb{}\u00bb open=\u00bboff\u00bb]Anuncio BOP n\u00ba 250 301222 BE monitor\/a dibujo y pintura <a href=\"https:\/\/museros.org\/wp-content\/uploads\/2023\/01\/Anuncio-BOP-no-250-301222-BE-monit-dibujo-y-pintura.pdf\" target=\"_blank\" rel=\"noopener\">pdf&gt;<\/a><br \/>\nConvocatoria e inicio plazo de presentaci\u00f3n procesos de selecci\u00f3n varias plazas <a href=\"https:\/\/museros.org\/wp-content\/uploads\/2023\/02\/Convocatoria-inicio-plazo-de-presentacion-instancias-procesos-seleccion-varias-plazas.pdf\" target=\"_blank\" rel=\"noopener\">pdf&gt;<\/a><br \/>\nInformaci\u00f3n sobre la presentaci\u00f3n de solicitudes de procesos de estabilizaci\u00f3n Museros <a href=\"https:\/\/museros.org\/wp-content\/uploads\/2023\/03\/Informacion-sobre-la-presentacion-de-solicitudes-de-procesos-de-estabilizacion-Museros.pdf\" target=\"_blank\" rel=\"noopener\">pdf&gt;<\/a><br \/>\nAnuncio lista definitiva admitidos monitor dibujo y pintura <a href=\"https:\/\/museros.org\/wp-content\/uploads\/2023\/07\/Anuncio-lista-definitiva-admitidos-monitor-dibujo-y-pintura.pdf\" target=\"_blank\" rel=\"noopener\">pdf&gt;<\/a><br \/>\nResultados concurso y propuesta contrataci\u00f3n monitora dibujo y pintura <a href=\"https:\/\/museros.org\/wp-content\/uploads\/2023\/06\/Anunci-resultats-concurs-i-proposta-contractacio-monitora-dibuix-i-pintura.pdf\" target=\"_blank\" rel=\"noopener\">pdf&gt;<\/a><br \/>\n[\/et_pb_accordion_item][et_pb_accordion_item title=\u00bbProceso de selecci\u00f3n de una plaza de monitor\/a de pilates, OEP estabilizaci\u00f3n 2021 (personal laboral fijo discontinuo a tiempo parcial)\u00bb _builder_version=\u00bb4.27.4&#8243; _module_preset=\u00bbdefault\u00bb global_colors_info=\u00bb{}\u00bb open=\u00bboff\u00bb]Anuncio BOP n\u00ba 250 301222 BE monitor\/a pilates <a href=\"https:\/\/museros.org\/wp-content\/uploads\/2023\/01\/Anuncio-BOP-no-250-301222-BE-monit-pilates.pdf\" target=\"_blank\" rel=\"noopener\">pdf&gt;<\/a><br \/>\nConvocatoria e inicio plazo de presentaci\u00f3n procesos de selecci\u00f3n varias plazas <a href=\"https:\/\/museros.org\/wp-content\/uploads\/2023\/02\/Convocatoria-inicio-plazo-de-presentacion-instancias-procesos-seleccion-varias-plazas.pdf\" target=\"_blank\" rel=\"noopener\">pdf&gt;<\/a><br \/>\nInformaci\u00f3n sobre la presentaci\u00f3n de solicitudes de procesos de estabilizaci\u00f3n Museros <a href=\"https:\/\/museros.org\/wp-content\/uploads\/2023\/03\/Informacion-sobre-la-presentacion-de-solicitudes-de-procesos-de-estabilizacion-Museros.pdf\" target=\"_blank\" rel=\"noopener\">pdf&gt;<\/a><br \/>\nAnuncio lista admitidos y excluidos proceso selecci\u00f3n monitor pilates <a href=\"https:\/\/museros.org\/wp-content\/uploads\/2023\/07\/Anuncio-lista-admitidos-y-excluidos-proceso-seleccion-monitor-pilates.pdf\" target=\"_blank\" rel=\"noopener\">pdf&gt;<\/a><br \/>\nAnuncio resultados concurso de m\u00e9ritos y propuesta contrato monitor pilates <a href=\"https:\/\/museros.org\/wp-content\/uploads\/2023\/06\/Anunci-resultats-concurs-de-merits-i-proposta-contract-monitor-pilates.pdf\" target=\"_blank\" rel=\"noopener\">pdf&gt;<\/a><br \/>\n[\/et_pb_accordion_item][et_pb_accordion_item title=\u00bbProceso de selecci\u00f3n una plaza de monitor\/a de restauraci\u00f3n y artesan\u00eda, OEP estabilizaci\u00f3n 2021 (personal laboral fijo discontinuo a tiempo parcial)\u00bb _builder_version=\u00bb4.27.4&#8243; _module_preset=\u00bbdefault\u00bb global_colors_info=\u00bb{}\u00bb open=\u00bboff\u00bb]Anuncio BOP n\u00ba 250 301222 BE monitor\/a restauraci\u00f3n y artesan\u00eda <a href=\"https:\/\/museros.org\/wp-content\/uploads\/2023\/01\/Anuncio-BOP-no-250-301222-BE-monit-rest-y-artesania.pdf\" target=\"_blank\" rel=\"noopener\">pdf&gt;<\/a><br \/>\nConvocatoria e inicio plazo de presentaci\u00f3n procesos de selecci\u00f3n varias plazas <a href=\"https:\/\/museros.org\/wp-content\/uploads\/2023\/02\/Convocatoria-inicio-plazo-de-presentacion-instancias-procesos-seleccion-varias-plazas.pdf\" target=\"_blank\" rel=\"noopener\">pdf&gt;<\/a><br \/>\nInformaci\u00f3n sobre la presentaci\u00f3n de solicitudes de procesos de estabilizaci\u00f3n Museros <a href=\"https:\/\/museros.org\/wp-content\/uploads\/2023\/03\/Informacion-sobre-la-presentacion-de-solicitudes-de-procesos-de-estabilizacion-Museros.pdf\" target=\"_blank\" rel=\"noopener\">pdf&gt;<\/a><br \/>\nLista provisional personas admitidas y excluidas monitor restauraci\u00f3n y artesan\u00eda <a href=\"https:\/\/museros.org\/wp-content\/uploads\/2023\/05\/Lista-provisional-personas-admitidas-y-excluidas-monitor-restauracion-y-artesania.pdf\" target=\"_blank\" rel=\"noopener\">pdf&gt;<\/a><br \/>\nLista definitiva admitidas y excluidas monitor restauraci\u00f3n y artesan\u00eda <a href=\"https:\/\/museros.org\/wp-content\/uploads\/2023\/06\/Lista-definitiva-admitidas-y-excluidas-monitor-restauracion-y-artesania.pdf\" target=\"_blank\" rel=\"noopener\">pdf&gt;<\/a><br \/>\nAnuncio resultados concurso de m\u00e9ritos y propuesta contrato monitor restauraci\u00f3n y artesan\u00eda <a href=\"https:\/\/museros.org\/wp-content\/uploads\/2023\/06\/Anunci-resultats-concurs-de-merits-i-proposta-contract-monitor-restauracio-i-artesania.pdf\" target=\"_blank\" rel=\"noopener\">pdf&gt;<\/a><br \/>\n[\/et_pb_accordion_item][et_pb_accordion_item title=\u00bbProceso de selecci\u00f3n una plaza de monitor\/a de yoga, OEP estabilizaci\u00f3n 2021 (personal laboral fijo discontinuo a tiempo parcial)\u00bb _builder_version=\u00bb4.27.4&#8243; _module_preset=\u00bbdefault\u00bb global_colors_info=\u00bb{}\u00bb open=\u00bboff\u00bb]Anuncio BOP n\u00ba 250 30 12 22 BE monitor\/a yoga <a href=\"https:\/\/museros.org\/wp-content\/uploads\/2023\/01\/Anuncio-BOP-no-250-30-12-22-BE-monit-yoga.pdf\" target=\"_blank\" rel=\"noopener\">pdf&gt;<\/a><br \/>\nConvocatoria e inicio plazo de presentaci\u00f3n procesos de selecci\u00f3n varias plazas <a href=\"https:\/\/museros.org\/wp-content\/uploads\/2023\/02\/Convocatoria-inicio-plazo-de-presentacion-instancias-procesos-seleccion-varias-plazas.pdf\" target=\"_blank\" rel=\"noopener\">pdf&gt;<\/a><br \/>\nInformaci\u00f3n sobre la presentaci\u00f3n de solicitudes de procesos de estabilizaci\u00f3n Museros <a href=\"https:\/\/museros.org\/wp-content\/uploads\/2023\/03\/Informacion-sobre-la-presentacion-de-solicitudes-de-procesos-de-estabilizacion-Museros.pdf\" target=\"_blank\" rel=\"noopener\">pdf&gt;<\/a><br \/>\nLista provisional personas admitidas y excluidas monitor yoga <a href=\"https:\/\/museros.org\/wp-content\/uploads\/2023\/05\/Lista-provisional-personas-admitidas-y-excluidas-monitor-yoga.pdf\" target=\"_blank\" rel=\"noopener\">pdf&gt;<\/a><br \/>\nLista definitiva admitidas y excluidas proceso selecci\u00f3n monitor yoga <a href=\"https:\/\/museros.org\/wp-content\/uploads\/2023\/06\/Lista-definitiva-admitidas-y-excluidas-proceso-seleccion-monitor-yoga.pdf\" target=\"_blank\" rel=\"noopener\">pdf&gt;<\/a><br \/>\nAnuncio resultados concurso de m\u00e9ritos propuesta formaci\u00f3n bolsa y propuesta contrato monitor yoga <a href=\"https:\/\/museros.org\/wp-content\/uploads\/2023\/06\/Anunci-resultats-concurs-de-merits-proposta-formacio-borsa-i-proposta-contract-monitor-ioga.pdf\" target=\"_blank\" rel=\"noopener\">pdf&gt;<\/a><br \/>\nConstituci\u00f3n Bolsa Monitores de Yoga Casa de la Cultura <a href=\"https:\/\/museros.org\/wp-content\/uploads\/2024\/01\/Constitucion-Bolsa-Monitores-de-Yoga-Casa-de-la-Cultura.pdf\" target=\"_blank\" rel=\"noopener\">pdf&gt;<\/a><br \/>\n[\/et_pb_accordion_item][et_pb_accordion_item title=\u00bbProceso de selecci\u00f3n de ocho plazas de peones\/as pertenecientes a la brigada municipal, OEP estabilizaci\u00f3n 2021 (personal laboral fijo)\u00bb _builder_version=\u00bb4.27.4&#8243; _module_preset=\u00bbdefault\u00bb global_colors_info=\u00bb{}\u00bb open=\u00bboff\u00bb]Anuncio BOP n\u00ba 250 301222 BE peones\/as <a href=\"https:\/\/museros.org\/wp-content\/uploads\/2023\/01\/Anuncio-BOP-no-250-301222-BE-peones.pdf\" target=\"_blank\" rel=\"noopener\">pdf&gt;<\/a><br \/>\nConvocatoria e inicio plazo de presentaci\u00f3n procesos de selecci\u00f3n varias plazas <a href=\"https:\/\/museros.org\/wp-content\/uploads\/2023\/02\/Convocatoria-inicio-plazo-de-presentacion-instancias-procesos-seleccion-varias-plazas.pdf\" target=\"_blank\" rel=\"noopener\">pdf&gt;<\/a><br \/>\nInformaci\u00f3n sobre la presentaci\u00f3n de solicitudes de procesos de estabilizaci\u00f3n Museros <a href=\"https:\/\/museros.org\/wp-content\/uploads\/2023\/03\/Informacion-sobre-la-presentacion-de-solicitudes-de-procesos-de-estabilizacion-Museros.pdf\" target=\"_blank\" rel=\"noopener\">pdf&gt;<\/a><br \/>\nLista provisional personas admitidas y excluidas peones <a href=\"https:\/\/museros.org\/wp-content\/uploads\/2023\/05\/Lista-provisional-personas-admitidas-y-excluidas-peones.pdf\" target=\"_blank\" rel=\"noopener\">pdf&gt;<\/a><br \/>\nLista definitiva personas admitidas y excluidas peones brigada <a href=\"https:\/\/museros.org\/wp-content\/uploads\/2023\/06\/Anuncio-web-y-tablon-lista-definitiva-personas-admitidas-y-excluidas-peones-brigada.pdf\" target=\"_blank\" rel=\"noopener\">pdf&gt;<\/a><br \/>\nAnuncio resultado concurso y de contrataci\u00f3n 8 peones brigada anonimizado <a href=\"https:\/\/museros.org\/wp-content\/uploads\/2023\/07\/Anuncio-resultado-concurso-y-de-contratacion-8-peones-brigada-anonimizado.pdf\" target=\"_blank\" rel=\"noopener\">pdf&gt;<\/a><br \/>\nAnuncio constituci\u00f3n BOLSA DE PEONES <a href=\"https:\/\/museros.org\/wp-content\/uploads\/2023\/10\/Anuncio-constitucion-BOLSA-DE-PEONES.pdf\" target=\"_blank\" rel=\"noopener\">pdf&gt;<\/a><br \/>\n[\/et_pb_accordion_item][et_pb_accordion_item title=\u00bbProceso de selecci\u00f3n de dos plazas de t\u00e9cnico\/a atenci\u00f3n especializada, OEP estabilizaci\u00f3n 2021 (personal laboral fijo)\u00bb _builder_version=\u00bb4.27.4&#8243; _module_preset=\u00bbdefault\u00bb global_colors_info=\u00bb{}\u00bb open=\u00bboff\u00bb]Anuncio BOP n\u00ba 250 301222 BE t\u00e9cnico atenci\u00f3n especializada <a href=\"https:\/\/museros.org\/wp-content\/uploads\/2023\/01\/Anuncio-BOP-no-250-301222-BE-tec-at-esp.pdf\" target=\"_blank\" rel=\"noopener\">pdf&gt;<\/a><br \/>\nInformaci\u00f3n sobre la presentaci\u00f3n de solicitudes de procesos de estabilizaci\u00f3n Museros <a href=\"https:\/\/museros.org\/wp-content\/uploads\/2023\/03\/Informacion-sobre-la-presentacion-de-solicitudes-de-procesos-de-estabilizacion-Museros.pdf\" target=\"_blank\" rel=\"noopener\">pdf&gt;<\/a><br \/>\nAnuncio TAE-TAEES <a href=\"https:\/\/museros.org\/wp-content\/uploads\/2024\/03\/Anuncio-TAE-TAEES-03-2024.pdf\" target=\"_blank\" rel=\"noopener\">pdf&gt;<\/a><br \/>\nAnuncio lista definitiva personas admitidas 2 plazas de t\u00e9cnico atenci\u00f3n especializada <a href=\"https:\/\/museros.org\/wp-content\/uploads\/2024\/06\/Lista-definitiva-personas-admitidas-2-plazas-de-tecnico-atencion-especializada.pdf\" target=\"_blank\" rel=\"noopener\">pdf&gt;<\/a><br \/>\nAnuncio de los resultados del concurso de m\u00e9ritos y propuesta de contrataci\u00f3n del proceso de selecci\u00f3n de dos plazas de t\u00e9cnico\/a de atenci\u00f3n especializada <a href=\"https:\/\/museros.org\/wp-content\/uploads\/2024\/11\/Anuncio-resultados-concurso-de-meritos-y-propuesta-de-contratac-TAE.pdf\" target=\"_blank\" rel=\"noopener\">pdf&gt;<\/a><br \/>\n[\/et_pb_accordion_item][et_pb_accordion_item title=\u00bbProceso de selecci\u00f3n de una plaza de t\u00e9cnico\/a atenci\u00f3n especializada\/educador\/a social OEP estabilizaci\u00f3n 2021 (personal laboral fijo)\u00bb _builder_version=\u00bb4.27.4&#8243; _module_preset=\u00bbdefault\u00bb global_colors_info=\u00bb{}\u00bb open=\u00bboff\u00bb]Anuncio BOP n\u00ba 250 301222 BE t\u00e9cnico\/a atenci\u00f3n especializada educador social <a href=\"https:\/\/museros.org\/wp-content\/uploads\/2023\/01\/Anuncio-BOP-no-250-301222-BE-tec-at-esp-ed-social.pdf\" target=\"_blank\" rel=\"noopener\">pdf&gt;<\/a><br \/>\nInformaci\u00f3n sobre la presentaci\u00f3n de solicitudes de procesos de estabilizaci\u00f3n Museros <a href=\"https:\/\/museros.org\/wp-content\/uploads\/2023\/03\/Informacion-sobre-la-presentacion-de-solicitudes-de-procesos-de-estabilizacion-Museros.pdf\" target=\"_blank\" rel=\"noopener\">pdf&gt;<\/a><br \/>\nAnuncio TAE-TAEES <a href=\"https:\/\/museros.org\/wp-content\/uploads\/2024\/03\/Anuncio-TAE-TAEES-03-2024.pdf\" target=\"_blank\" rel=\"noopener\">pdf&gt;<\/a><br \/>\nLista provisional de personas admitidas y excluidas al proceso de selecci\u00f3n de una plaza de t\u00e9cnico\/a de atenci\u00f3n especializada\/educador\/a social, incluida en la OEP extraordinaria para la estabilizaci\u00f3n de empleo temporal (personal laboral fijo) <a href=\"https:\/\/museros.org\/wp-content\/uploads\/2024\/04\/Anuncio-admitidos-y-excluidos-provisionalmente-TAEES-ed-social.pdf\" target=\"_blank\" rel=\"noopener\">pdf&gt;<\/a><br \/>\nAnuncio lista definitiva personas admitidas 1 plaza t\u00e9cnico atenci\u00f3n especializada\/educador-a social <a href=\"https:\/\/museros.org\/wp-content\/uploads\/2024\/06\/Lista-definitiva-personas-admitidas-1-plaza-tecnico-atencion-especializadaeducador-a-social.pdf\" target=\"_blank\" rel=\"noopener\">pdf&gt;<\/a><br \/>\nAnuncio de los resultados del concurso de m\u00e9ritos y propuesta de contrataci\u00f3n de una plaza de t\u00e9cnico\/a de atenci\u00f3n especializada\/Educador\/a Social <a href=\"https:\/\/museros.org\/wp-content\/uploads\/2024\/07\/Anuncio-resultados-concurso-y-prop-contratac-TAEES.pdf\" target=\"_blank\" rel=\"noopener\">pdf&gt;<\/a><br \/>\n[\/et_pb_accordion_item][et_pb_accordion_item title=\u00bbProceso de selecci\u00f3n de dos plazas de t\u00e9cnico\/a en educaci\u00f3n infantil, OEP estabilizaci\u00f3n 2021 (personal laboral fijo)\u00bb _builder_version=\u00bb4.27.4&#8243; _module_preset=\u00bbdefault\u00bb global_colors_info=\u00bb{}\u00bb open=\u00bboff\u00bb]Anuncio BOP n\u00ba 250 301222 BE t\u00e9cnico\/a educaci\u00f3n infantil <a href=\"https:\/\/museros.org\/wp-content\/uploads\/2023\/01\/Anuncio-BOP-no-250-301222-BE-TEI.pdf\" target=\"_blank\" rel=\"noopener\">pdf&gt;<\/a><br \/>\nInformaci\u00f3n sobre la presentaci\u00f3n de solicitudes de procesos de estabilizaci\u00f3n Museros <a href=\"https:\/\/museros.org\/wp-content\/uploads\/2023\/03\/Informacion-sobre-la-presentacion-de-solicitudes-de-procesos-de-estabilizacion-Museros.pdf\" target=\"_blank\" rel=\"noopener\">pdf&gt;<\/a><br \/>\nConvocatoria t\u00e9cnico de educaci\u00f3n infantil <a href=\"https:\/\/museros.org\/wp-content\/uploads\/2024\/01\/Convocatoria-tecnico-de-educacion-infantil.pdf\" target=\"_blank\" rel=\"noopener\">pdf&gt;<\/a><br \/>\nAdmitidos provisional t\u00e9cnicos de educaci\u00f3n infantil <a href=\"https:\/\/museros.org\/wp-content\/uploads\/2024\/03\/Anuncio-Admitidos-Provisional-TEI-web-Nota-BOP.pdf\" target=\"_blank\" rel=\"noopener\">pdf&gt;<\/a><br \/>\nResultados del concurso de m\u00e9ritos y propuesta de contrataci\u00f3n de dos plazas de t\u00e9cnico\/a en educaci\u00f3n infantil <a href=\"https:\/\/museros.org\/wp-content\/uploads\/2024\/05\/Anuncio-resultados-concurso-meritos-y-PC-TEI-1.pdf\" target=\"_blank\" rel=\"noopener\">pdf&gt;<\/a><br \/>\nAnuncio constituci\u00f3n bolsa trabajo t\u00e9cnicos educaci\u00f3n infantil <a href=\"https:\/\/museros.org\/wp-content\/uploads\/2024\/12\/Anuncio-constitucion-bolsa-tecnicos-ed-infantil-derivada-de-proceso-estabilizacion-empleo-temp.pdf\" target=\"_blank\" rel=\"noopener\">pdf&gt;<\/a><br \/>\n[\/et_pb_accordion_item][et_pb_accordion_item title=\u00bbColaboraci\u00f3n SEPE con las Corporaciones Locales para 2023, Planes especiales de empleo zonas rurales deprimidas \u201cProyectos de garant\u00eda de complemento de renta\u201d\u00bb _builder_version=\u00bb4.27.4&#8243; _module_preset=\u00bbdefault\u00bb global_colors_info=\u00bb{}\u00bb open=\u00bboff\u00bb]Acta baremaci\u00f3n Museros anonimizada <a href=\"https:\/\/museros.org\/wp-content\/uploads\/2023\/06\/Acta-baremacion-Museros-anonimizada.pdf\" target=\"_blank\" rel=\"noopener\">pdf&gt;<\/a><br \/>\n[\/et_pb_accordion_item][\/et_pb_accordion][et_pb_accordion open_toggle_text_color=\u00bb#FFFFFF\u00bb icon_color=\u00bbrgba(153,0,0,0.35)\u00bb use_icon_font_size=\u00bbon\u00bb icon_font_size=\u00bb20px\u00bb admin_label=\u00bbAcorde\u00f3n 2022&#8243; _builder_version=\u00bb4.27.4&#8243; _module_preset=\u00bbdefault\u00bb toggle_text_color=\u00bb#990000&#8243; toggle_font=\u00bb|600|||||||\u00bb body_font=\u00bb||||||||\u00bb global_colors_info=\u00bb{}\u00bb][et_pb_accordion_item title=\u00bb2022&#8243; open=\u00bbon\u00bb open_toggle_text_color=\u00bb#FFFFFF\u00bb open_toggle_background_color=\u00bbrgba(0,0,0,0.3)\u00bb closed_toggle_text_color=\u00bb#ffffff\u00bb closed_toggle_background_color=\u00bbrgba(0,0,0,0.3)\u00bb icon_color=\u00bbrgba(99,0,0,0.2)\u00bb use_icon_font_size=\u00bbon\u00bb icon_font_size=\u00bb20px\u00bb _builder_version=\u00bb4.16&#8243; _module_preset=\u00bbdefault\u00bb width=\u00bb100%\u00bb global_colors_info=\u00bb{}\u00bb toggle_text_color=\u00bb#ffffff\u00bb toggle_level=\u00bbh4&#8243; toggle_font=\u00bb|600|||||||\u00bb toggle_font_size=\u00bb20px\u00bb closed_toggle_font_size=\u00bb20px\u00bb][\/et_pb_accordion_item][et_pb_accordion_item title=\u00bbBolsa trabajo administrativo gesti\u00f3n tributaria por mejora de empleo\u00bb open_toggle_text_color=\u00bb#000000&#8243; _builder_version=\u00bb4.27.4&#8243; _module_preset=\u00bbdefault\u00bb global_colors_info=\u00bb{}\u00bb open=\u00bboff\u00bb]Anuncio constituci\u00f3n bolsa trabajo administrativo gesti\u00f3n tributaria por mejora de empleo <a href=\"https:\/\/museros.org\/wp-content\/uploads\/2023\/01\/Anuncio-sobre-Resolucion-alcaldia-bolsa-de-trabajo-advo-gestion-tributaria.pdf\" target=\"_blank\" rel=\"noopener\">pdf&gt;<\/a><br \/>\nAnuncio resultado valoraci\u00f3n m\u00e9ritos bolsa trabajo administrativo gesti\u00f3n tributaria por mejora empleo <a href=\"https:\/\/museros.org\/wp-content\/uploads\/2023\/01\/Anuncio-resultado-valoracion-meritos-bolsa-trabajo-administrativo-gestion-tributaria-por-mejora-empleo.pdf\" target=\"_blank\" rel=\"noopener\">pdf&gt;<\/a><br \/>\nLista de admitidos y excluidos puesto de administrativo gesti\u00f3n tributaria <a href=\"https:\/\/museros.org\/wp-content\/uploads\/2022\/12\/Edicto-sobre-lista-definitiva-de-admitidos-y-excluidos-ME-advos-gestion-tributaria.pdf\" target=\"_blank\" rel=\"noopener\">pdf&gt;<\/a><br \/>\nAnuncio bolsa trabajo administrativo gesti\u00f3n tributaria por mejora de empleo <a href=\"https:\/\/museros.org\/wp-content\/uploads\/2022\/11\/Anuncio-bolsa-trabajo-administrativo-gestion-tributaria-por-mejora-de-empleo.pdf\" target=\"_blank\" rel=\"noopener\">pdf&gt;<\/a><br \/>\nInstancia procesos selectivos ayuntamiento Museros <a href=\"https:\/\/museros.org\/wp-content\/uploads\/2022\/11\/SOLICITUD-PROCESOS-SELECTIVOS-AYUNTAMIENTO-DE-MUSEROS.pdf\" target=\"_blank\" rel=\"noopener\">pdf&gt;<\/a><br \/>\n[\/et_pb_accordion_item][et_pb_accordion_item title=\u00bbBolsa trabajo administrativo vacante por mejora de empleo\u00bb open_toggle_text_color=\u00bb#000000&#8243; _builder_version=\u00bb4.27.4&#8243; _module_preset=\u00bbdefault\u00bb global_colors_info=\u00bb{}\u00bb open=\u00bboff\u00bb]Anuncio constituci\u00f3n bolsa trabajo administrativo vacante por mejora de empleo <a href=\"https:\/\/museros.org\/wp-content\/uploads\/2023\/01\/Anuncio-sobre-Resolucion-alcaldia-bolsa-de-trabajo-advo-vacante.pdf\" target=\"_blank\" rel=\"noopener\">pdf&gt;<\/a><br \/>\nAnuncio resultado valoraci\u00f3n m\u00e9ritos bolsa trabajo administrativo vacante por mejora empleo <a href=\"https:\/\/museros.org\/wp-content\/uploads\/2023\/01\/Anuncio-resultado-valoracion-meritos-bolsa-trabajo-administrativo-vacante-por-mejora-empleo.pdf\" target=\"_blank\" rel=\"noopener\">pdf&gt;<\/a><br \/>\nLista de admitidos y excluidos puesto de administrativo vacante <a href=\"https:\/\/museros.org\/wp-content\/uploads\/2022\/12\/Edicto-sobre-lista-definitiva-de-admitidos-mbros-OTS-adv-vacante.pdf\" target=\"_blank\" rel=\"noopener\">pdf&gt;<\/a><br \/>\nAnuncio bolsa trabajo administrativo vacante por mejora de empleo <a href=\"https:\/\/museros.org\/wp-content\/uploads\/2022\/11\/Anuncio-bolsa-trabajo-administrativo-vacante-por-mejora-de-empleo.pdf\" target=\"_blank\" rel=\"noopener\">pdf&gt;<\/a><br \/>\nInstancia procesos selectivos ayuntamiento Museros <a href=\"https:\/\/museros.org\/wp-content\/uploads\/2022\/11\/SOLICITUD-PROCESOS-SELECTIVOS-AYUNTAMIENTO-DE-MUSEROS.pdf\" target=\"_blank\" rel=\"noopener\">pdf&gt;<\/a><br \/>\n[\/et_pb_accordion_item][et_pb_accordion_item title=\u00bbProceso de selecci\u00f3n plaza administrativo\/a contrataci\u00f3n administrativa por promoci\u00f3n interna, incluida en OEP ordinaria 2021&#8243; open_toggle_text_color=\u00bb#000000&#8243; _builder_version=\u00bb4.27.4&#8243; _module_preset=\u00bbdefault\u00bb global_colors_info=\u00bb{}\u00bb open=\u00bboff\u00bb]Anuncio nombramiento funcionaria de carrera <a href=\"https:\/\/museros.org\/wp-content\/uploads\/2023\/01\/Anuncio-nombramiento-funcionaria-de-carrera.pdf\" target=\"_blank\" rel=\"noopener\">pdf&gt;<\/a><br \/>\nResultados proceso selectivo administrativo contrataci\u00f3n administrativa <a href=\"https:\/\/museros.org\/wp-content\/uploads\/2022\/12\/Resultados-proceso-selectivo-administrativo-contratacion-administrativa.pdf\" target=\"_blank\" rel=\"noopener\">pdf&gt;<\/a><br \/>\nLista admitidos y excluidos miembros OTS y fecha examen <a href=\"https:\/\/museros.org\/wp-content\/uploads\/2022\/12\/Lista-admitidos-y-excluidos-miembros-OTS-y-fecha-examen.pdf\" target=\"_blank\" rel=\"noopener\">pdf&gt;<\/a><br \/>\nBases espec\u00edficas para la selecci\u00f3n de una plaza de administrativo\/a <a href=\"https:\/\/museros.org\/wp-content\/uploads\/2022\/11\/Bases-especificas-para-la-seleccion-de-una-plaza-de-administrativo-a.pdf\" target=\"_blank\" rel=\"noopener\">pdf&gt;<\/a><br \/>\nInstancia procesos selectivos ayuntamiento Museros <a href=\"https:\/\/museros.org\/wp-content\/uploads\/2022\/11\/SOLICITUD-PROCESOS-SELECTIVOS-AYUNTAMIENTO-DE-MUSEROS.pdf\" target=\"_blank\" rel=\"noopener\">pdf&gt;<\/a><br \/>\n[\/et_pb_accordion_item][et_pb_accordion_item title=\u00bbPrograma Explus 2022&#8243; open_toggle_text_color=\u00bb#000000&#8243; _builder_version=\u00bb4.18.0&#8243; _module_preset=\u00bbdefault\u00bb global_colors_info=\u00bb{}\u00bb open=\u00bboff\u00bb]Acata pe\u00f3n-peona jardiner\u00eda o auxiliar jardiner\u00eda <a href=\"https:\/\/museros.org\/wp-content\/uploads\/2022\/10\/ACTA-PEO-PEONA-JARDINERIA-O-AUX.-JARDINERIA.pdf\" target=\"_blank\" rel=\"noopener\">pdf&gt;<\/a><br \/>\nActa proceso selecci\u00f3n anexo II con c\u00f3digos firmado por todos c\u00f3digos <a href=\"https:\/\/museros.org\/wp-content\/uploads\/2022\/10\/acta-proceso-seleccion-anexo-II-con-codigos-firmado-por-todos-codigos.pdf\" target=\"_blank\" rel=\"noopener\">pdf&gt;<\/a>[\/et_pb_accordion_item][et_pb_accordion_item title=\u00bbComisi\u00f3n servicios puesto de T\u00e9cnico\/a de gesti\u00f3n coordinador\/a del \u00c1rea Sociocultural y de Promoci\u00f3n Econ\u00f3mica\u00bb open_toggle_text_color=\u00bb#000000&#8243; _builder_version=\u00bb4.27.4&#8243; _module_preset=\u00bbdefault\u00bb global_colors_info=\u00bb{}\u00bb open=\u00bboff\u00bb]Anuncio Comisi\u00f3n servicios T\u00e9cnico de gesti\u00f3n <a href=\"https:\/\/museros.org\/wp-content\/uploads\/2022\/09\/ANUNCIO-COMISION-SERVICIOS-TECNICO-GESTION.pdf\" target=\"_blank\" rel=\"noopener\">pdf&gt;<\/a><br \/>\n[\/et_pb_accordion_item][et_pb_accordion_item title=\u00bbPrograma EMPUJU 2022&#8243; open_toggle_text_color=\u00bb#000000&#8243; _builder_version=\u00bb4.18.0&#8243; _module_preset=\u00bbdefault\u00bb global_colors_info=\u00bb{}\u00bb open=\u00bboff\u00bb]<\/p>\n<h3>PROGRAMA EMPUJU 2022<\/h3>\n<p>Actas de selecci\u00f3n del programa EMPUJU 2022<br \/>\nPrograma de incentivos a la contrataci\u00f3n de personas desempleadas menores de 30 a\u00f1os por entidades locales de la Comunidad Valenciana.<\/p>\n<p>O.E. REACT-UE 1: Apoyar el acceso al mercado de trabajo, la creaci\u00f3n de puestos de trabajo y el empleo de calidad, as\u00ed como el mantenimiento del empleo, incluido el empleo juvenil, y el apoyo a los trabajadores y trabajadoras por cuenta propia y a los emprendedores y emprendedoras.<\/p>\n<p>Actuaci\u00f3n cofinanciada por la Uni\u00f3n Europea a trav\u00e9s del Programa Operativo del Fondo Social Europeo 2014-20 de la Comunitat Valenciana y el Programa de Ayuda REACT-UE como fondo extraordinario para paliar los efectos de la pandemia.<\/p>\n<p>Actas de selecci\u00f3n del programa EMPUJU 2022, de subvenciones destinadas a la contrataci\u00f3n de personas desempleadas menores de 30 a\u00f1os de edad, por entidades locales de la Comunidad Valenciana, en el marco del Programa Operativo del Fondo Social Europeo 2014-2020.<\/p>\n<p>1. Acta archivero-a <a href=\"https:\/\/museros.org\/wp-content\/uploads\/2022\/07\/ACTA-ARCHIVERO-A-CODIGOS-MUSEROS-firmado.pdf\" target=\"_blank\" rel=\"noopener\">pdf&gt;<\/a><br \/>\n2. Acta auxiliar administrativo-a <a href=\"https:\/\/museros.org\/wp-content\/uploads\/2022\/08\/ACTA-AUX.-ADM.-CODIGOS-MUSEROS-EMPUJU_firmado.pdf\" target=\"_blank\" rel=\"noopener\">pdf&gt;<\/a><\/p>\n<p>NOTA: Las personas interesadas tienen cinco d\u00edas h\u00e1biles, a contar desde el d\u00eda siguiente a la fecha del acta, para presentar, ante la comisi\u00f3n de baremaci\u00f3n, las reclamaciones o alegaciones que consideran adecuadas.<br \/>\n[\/et_pb_accordion_item][et_pb_accordion_item title=\u00bbProceso de selecci\u00f3n para plaza de t\u00e9cnico\/a especialista en educaci\u00f3n infantil\u00bb open_toggle_text_color=\u00bb#000000&#8243; _builder_version=\u00bb4.27.4&#8243; _module_preset=\u00bbdefault\u00bb global_colors_info=\u00bb{}\u00bb open=\u00bboff\u00bb]Anuncio Resoluci\u00f3n Alcald\u00eda constituci\u00f3n bolsa de trabajo <a href=\"https:\/\/museros.org\/wp-content\/uploads\/2023\/01\/Anuncio-sobre-Resolucion-Alcaldia-constitucion-bolsa-de-trabajo.pdf\" target=\"_blank\" rel=\"noopener\">pdf&gt;<\/a><br \/>\nAnuncio de los resultados de la fase de concurso y propuesta de contrataci\u00f3n t\u00e9cnico especialista en educaci\u00f3n infantil <a href=\"https:\/\/museros.org\/wp-content\/uploads\/2022\/12\/ANUNCIO-DE-LOS-RESULTADOS-DE-LA-FASE-DE-CONCURSO-Y-PROPUESTA-DE-CONTRATACION-TECNICO-ESPEC.-EDUCACION-INFANTIL.pdf\" target=\"_blank\" rel=\"noopener\">pdf&gt;<\/a><br \/>\nAnuncio resultados ejercicio fase oposici\u00f3n proceso selecci\u00f3n TEI <a href=\"https:\/\/museros.org\/wp-content\/uploads\/2022\/11\/Anuncio-resultados-ejercicio-fase-oposicion-proceso-seleccion-TEI.pdf\" target=\"_blank\" rel=\"noopener\">pdf&gt;<\/a><br \/>\nAnuncio lectura ejercicio proceso selecci\u00f3n t\u00e9cnico educaci\u00f3n infantil <a href=\"https:\/\/museros.org\/wp-content\/uploads\/2022\/11\/Anuncio-lectura-ejercicio-proceso-seleccion-tecnico-educacion-infantil.pdf\" target=\"_blank\" rel=\"noopener\">pdf&gt;<\/a><br \/>\nAnuncio admitidos y excluidos proceso selecci\u00f3n TEI, miembros OTS y fecha examen\u00a0<a href=\"https:\/\/museros.org\/wp-content\/uploads\/2022\/10\/Anuncio-lista-admitidos-y-excluidos-proceso-seleccion-TEI-miembros-OTS-y-fecha-examen.pdf\" target=\"_blank\" rel=\"noopener\">pdf&gt;<\/a><br \/>\nAnuncio convocatoria TEI en DOGV <a href=\"https:\/\/museros.org\/wp-content\/uploads\/2022\/08\/Anuncio-convocatoria-TEI-en-DOGV.pdf\" target=\"_blank\" rel=\"noopener\">pdf&gt;<\/a><br \/>\nAnuncio bases TEI en BOP <a href=\"https:\/\/museros.org\/wp-content\/uploads\/2022\/08\/Anuncio-bases-TEI-en-BOP.pdf\" target=\"_blank\" rel=\"noopener\">pdf&gt;<\/a><br \/>\nBases y convocatoria para proveer una plaza de t\u00e9cnico\/a especialista en educaci\u00f3n infantil <a href=\"https:\/\/museros.org\/wp-content\/uploads\/2022\/07\/Anuncio-bases-TEI.pdf\" target=\"_blank\" rel=\"noopener\">pdf&gt;<\/a><br \/>\n[\/et_pb_accordion_item][et_pb_accordion_item title=\u00bbProceso de selecci\u00f3n de bolsa extraordinaria de personal socorrista\u00bb open_toggle_text_color=\u00bb#000000&#8243; _builder_version=\u00bb4.27.4&#8243; _module_preset=\u00bbdefault\u00bb global_colors_info=\u00bb{}\u00bb open=\u00bboff\u00bb]Edicto <a href=\"https:\/\/museros.org\/wp-content\/uploads\/2022\/05\/Edicte-borsa-extraordinaria-de-socorristes.pdf\" target=\"_blank\" rel=\"noopener\">pdf&gt;<\/a><br \/>\nSolicitud <a href=\"https:\/\/museros.org\/wp-content\/uploads\/2022\/05\/Sollicitud-socorrista-piscina-municipal.pdf\" target=\"_blank\" rel=\"noopener\">pdf&gt;<\/a><br \/>\nLista provisional de personas admitidas <a href=\"https:\/\/museros.org\/wp-content\/uploads\/2022\/05\/Edicte-llista-provisional-socorristes-borsa-extraordinaria-OTS-i-data-prova.pdf\" target=\"_blank\" rel=\"noopener\">pdf&gt;<\/a><br \/>\nAnuncio acta 1 <a href=\"https:\/\/museros.org\/wp-content\/uploads\/2022\/06\/Anuncio-del-acta-1.pdf\" target=\"_blank\" rel=\"noopener\">pdf&gt;<\/a><br \/>\nAnuncio acta 2 <a href=\"https:\/\/museros.org\/wp-content\/uploads\/2022\/06\/Anuncio-del-acta-2.pdf\" target=\"_blank\" rel=\"noopener\">pdf&gt;<\/a><br \/>\nAnuncio constituci\u00f3n bolsa extraordinaria personal socorrista <a href=\"https:\/\/museros.org\/wp-content\/uploads\/2022\/06\/Anunci-de-la-constitucio-de-borsa-extraordinaria-de-personal-socorrista.pdf\" target=\"_blank\" rel=\"noopener\">pdf&gt;<\/a><br \/>\n[\/et_pb_accordion_item][et_pb_accordion_item title=\u00bbProceso de selecci\u00f3n de una plaza de conserje de polideportivo\u00bb open_toggle_text_color=\u00bb#000000&#8243; _builder_version=\u00bb4.27.4&#8243; _module_preset=\u00bbdefault\u00bb global_colors_info=\u00bb{}\u00bb open=\u00bboff\u00bb]Anuncio revisi\u00f3n alegaci\u00f3n de Miguel PM contra baremaci\u00f3n m\u00e9ritos proceso selectivo conserje polideportivo\u00a0<a href=\"https:\/\/museros.org\/wp-content\/uploads\/2022\/09\/Anuncio-revision-alegacion-de-Miguel-PM-contra-baremacion-meritos-proceso-selectivo-conserje-polideportivo.pdf\" target=\"_blank\" rel=\"noopener\">pdf&gt;<\/a><br \/>\nAnuncio del resultado de la revisi\u00f3n de los ejercicios de dos aspirantes y resultados de la fase del concurso del proceso selectivo para conserje del polideportivo <a href=\"https:\/\/museros.org\/wp-content\/uploads\/2022\/08\/Anuncio-resultado-revision-ejercicios-de-2-aspirantes-y-resultados-fase-concurso-proceso-selectivo-conserje-polideportivo.pdf\" target=\"_blank\" rel=\"noopener\">pdf&gt;<\/a><br \/>\nAnuncio del resultado del \u00fanico ejercicio del proceso selectivo de conserje del polideportivo <a href=\"https:\/\/museros.org\/wp-content\/uploads\/2022\/07\/Anuncio-resultado-unico-ejercicio-proceso-selectivo-plaza-conserje-polideportivo.pdf\" target=\"_blank\" rel=\"noopener\">pdf&gt;<\/a><br \/>\nLista de admitidos, miembros del OTS y fecha del \u00fanico ejercicio de proceso selectivo conserje polideportivo <a href=\"https:\/\/museros.org\/wp-content\/uploads\/2022\/06\/Edicto-publicado-en-BOP-admitidos-OTS-y-fecha-unico-ejercicio-BOP-no-117-de-20-junio.pdf\" target=\"_blank\" rel=\"noopener\">pdf&gt;<\/a><br \/>\nSolicitud de inscripci\u00f3n <a href=\"https:\/\/museros.org\/wp-content\/uploads\/2022\/04\/a-sollicitud-conserge-poliesportiu.pdf\" target=\"_blank\" rel=\"noopener\">pdf&gt;<\/a><br \/>\n<span style=\"color: #000000;\">Anuncio-DOGV <a href=\"https:\/\/museros.org\/wp-content\/uploads\/2022\/03\/2022.03.23-Anuncio-DOGV.pdf\" target=\"_blank\" rel=\"noopener\">pdf &gt;<\/a><br \/>\n<\/span><br \/>\n<span style=\"color: #000000;\">Bases <a href=\"https:\/\/museros.org\/wp-content\/uploads\/2022\/03\/Bases-de-seleccion-de-conserje-del-Polideportivo.pdf\" target=\"_blank\" rel=\"noopener\">pdf&gt;<\/a><\/span><br \/>\nTEMA 6. Protocolo de apertura y uso del polideportivo municipal de Museros <a href=\"https:\/\/museros.org\/wp-content\/uploads\/2022\/06\/tema-6.pdf\" target=\"_blank\" rel=\"noopener\">pdf&gt;<\/a><br \/>\nTEMA 7. Entidades y asociaciones deportivas del municipio de Museros <a href=\"https:\/\/museros.org\/wp-content\/uploads\/2022\/06\/tema-7.pdf\" target=\"_blank\" rel=\"noopener\">pdf&gt;<\/a><br \/>\nTEMA 8. Actividades deportivas de la Concejal\u00eda de deportes en el municipio de Museros <a href=\"https:\/\/museros.org\/wp-content\/uploads\/2022\/06\/tema-8.pdf\" target=\"_blank\" rel=\"noopener\">pdf&gt;<\/a><br \/>\n[\/et_pb_accordion_item][et_pb_accordion_item title=\u00bbOferta de empleo\u00bb open_toggle_text_color=\u00bb#000000&#8243; _builder_version=\u00bb4.27.4&#8243; _module_preset=\u00bbdefault\u00bb global_colors_info=\u00bb{}\u00bb open=\u00bboff\u00bb]Anuncio BOP 30 05 22 ampliaci\u00f3n OEP estabilizaci\u00f3n empleo temporal 2021 <a href=\"https:\/\/museros.org\/wp-content\/uploads\/2022\/06\/Anuncio-BOP-30-05-22-ampliacion-OEP-estabilizacion-empleo-temporal-2021.pdf\" target=\"_blank\" rel=\"noopener\">pdf&gt;<\/a><br \/>\nAnuncio bop n\u00ba 84 de 26 05 22 OEP ordinaria 2022 <a href=\"https:\/\/museros.org\/wp-content\/uploads\/2022\/06\/Anuncio-bop-no-84-de-26-05-22-OEP-ordinaria-2022.pdf\" target=\"_blank\" rel=\"noopener\">pdf&gt;<\/a><br \/>\nAnuncio OEP extraordinaria estabilizacio\u0301n temporal 2021 FUNCIONARIOS <a href=\"https:\/\/museros.org\/wp-content\/uploads\/2022\/06\/Anuncio-OEP-extraordinaria-estabilizacion-temporal-2021-FUNCIONARIOS.pdf\" target=\"_blank\" rel=\"noopener\">pdf&gt;<\/a><br \/>\nAnuncio OEP extraordinaria estabilizacio\u0301n temporal 2021 LABORALES <a href=\"https:\/\/museros.org\/wp-content\/uploads\/2022\/06\/Anuncio-OEP-extraordinaria-estabilizacion-temporal-2021-LABORALES.pdf\" target=\"_blank\" rel=\"noopener\">pdf&gt;<\/a><br \/>\nAnuncio OEP ordinaria 21 Museros <a href=\"https:\/\/museros.org\/wp-content\/uploads\/2022\/06\/Anuncio-OEP-ordinaria-21-Museros.pdf\" target=\"_blank\" rel=\"noopener\">pdf&gt;<\/a><br \/>\n[\/et_pb_accordion_item][\/et_pb_accordion][et_pb_accordion open_toggle_text_color=\u00bb#FFFFFF\u00bb icon_color=\u00bbrgba(153,0,0,0.35)\u00bb use_icon_font_size=\u00bbon\u00bb icon_font_size=\u00bb20px\u00bb admin_label=\u00bbAcorde\u00f3n 2021&#8243; _builder_version=\u00bb4.27.4&#8243; _module_preset=\u00bbdefault\u00bb toggle_text_color=\u00bb#990000&#8243; toggle_font=\u00bb|600|||||||\u00bb body_font=\u00bb||||||||\u00bb global_colors_info=\u00bb{}\u00bb][et_pb_accordion_item title=\u00bb2021&#8243; open=\u00bbon\u00bb open_toggle_text_color=\u00bb#FFFFFF\u00bb open_toggle_background_color=\u00bbrgba(0,0,0,0.3)\u00bb closed_toggle_text_color=\u00bb#ffffff\u00bb closed_toggle_background_color=\u00bbrgba(0,0,0,0.3)\u00bb icon_color=\u00bbrgba(99,0,0,0.2)\u00bb use_icon_font_size=\u00bbon\u00bb icon_font_size=\u00bb20px\u00bb _builder_version=\u00bb4.16&#8243; _module_preset=\u00bbdefault\u00bb width=\u00bb100%\u00bb global_colors_info=\u00bb{}\u00bb toggle_text_color=\u00bb#ffffff\u00bb toggle_level=\u00bbh4&#8243; toggle_font=\u00bb|600|||||||\u00bb toggle_font_size=\u00bb20px\u00bb closed_toggle_font_size=\u00bb20px\u00bb][\/et_pb_accordion_item][et_pb_accordion_item title=\u00bbPrograma EMCORP 2021&#8243; open_toggle_text_color=\u00bb#000000&#8243; _builder_version=\u00bb4.18.0&#8243; _module_preset=\u00bbdefault\u00bb global_colors_info=\u00bb{}\u00bb open=\u00bboff\u00bb]<\/p>\n<h3>PROGRAMA EMCORP 2021<\/h3>\n<p>Programa de incentivos a la contrataci\u00f3n de personas desocupadas de al menos 30 a\u00f1os de edad por entidades locales de la Comunidad Valenciana, en el marco del Programa operativo del Fondo Social Europeo 2014-2020 de la Comunidad Valenciana para el ejercicio 2021.<\/p>\n<p>Destinatarios: personas desocupadas de al menos 30 a\u00f1os, que figuran inscritas como demandantes de ocupaci\u00f3n en los Espacios Labora de la Generalitat, condici\u00f3n que tendr\u00e1n que cumplir en el momento de la contrataci\u00f3n.<\/p>\n<p>Subvenci\u00f3n concedida en el Ayuntamiento de Museros: 97.121,35 \u20ac<\/p>\n<p>Contrataci\u00f3n: 5 personas.<\/p>\n<p>Puestos de trabajo:<br \/>\n\u2022 2 limpiadoras<br \/>\n\u2022 2 peones<br \/>\n\u2022 1 auxiliar administrativa<\/p>\n<p>Duraci\u00f3n: 12 meses a jornada completa (de diciembre de 2021 a diciembre de 2022)<br \/>\n[\/et_pb_accordion_item][et_pb_accordion_item title=\u00bbPrograma EMPUJU 2021&#8243; open_toggle_text_color=\u00bb#000000&#8243; _builder_version=\u00bb4.18.0&#8243; _module_preset=\u00bbdefault\u00bb global_colors_info=\u00bb{}\u00bb open=\u00bboff\u00bb]<\/p>\n<h3>PROGRAMA EMPUJU 2021<\/h3>\n<p>Programa de incentivos a la contrataci\u00f3n de personas desempleadas menores de treinta a\u00f1os por mancomunidades de la Comunidad Valenciana, en el marco del Programa operativo del Fondo Social Europeo 2014-2020 de la Comunidad Valenciana.<\/p>\n<p>Personas destinatarias finales: personas desempleadas menores de 30 a\u00f1os de edad, que figuran inscritas como demandantes de ocupaci\u00f3n en los espacios Labora de la Generalitat, condici\u00f3n que tendr\u00e1n que cumplir en el momento de la contrataci\u00f3n.<\/p>\n<p>Subvenci\u00f3n concedida en el Ayuntamiento de Museros: 100.852,35 \u20ac<\/p>\n<p>Contrataci\u00f3n: 4 personas.<\/p>\n<p>Puestos de trabajo:<br \/>\n\u2022 1 t\u00e9cnico de Deportes <a href=\"https:\/\/museros.org\/wp-content\/uploads\/2021\/12\/TEC.-DEP..pdf\" target=\"_blank\" rel=\"noopener\">pdf&gt;<\/a><br \/>\n\u2022 1 t\u00e9cnica de Medio Ambiente <a href=\"https:\/\/museros.org\/wp-content\/uploads\/2021\/12\/TEC.-MEDIOAM..pdf\" target=\"_blank\" rel=\"noopener\">pdf&gt;<\/a><br \/>\n\u2022 1 arquitecta t\u00e9cnica <a href=\"https:\/\/museros.org\/wp-content\/uploads\/2021\/12\/ARC.-TEC..pdf\" target=\"_blank\" rel=\"noopener\">pdf&gt;<\/a><br \/>\n\u2022 1 t\u00e9cnica de Igualdad <a href=\"https:\/\/museros.org\/wp-content\/uploads\/2021\/12\/TEC.-IGUAL..pdf\" target=\"_blank\" rel=\"noopener\">pdf&gt;<\/a><\/p>\n<p>Duraci\u00f3n: 12 meses a jornada completa (de diciembre de 2021 a diciembre de 2022)<\/p>\n<p>M\u00e1s informaci\u00f3n:<\/p>\n<h4 class=\"ecl-heading ecl-heading--h1 ecl-u-color-white\"><a href=\"https:\/\/ec.europa.eu\/social\/home.jsp?langld=es\" target=\"_blank\" rel=\"noopener\">Employment, Social Affairs &amp; Inclusion<\/a><\/h4>\n<h4><a href=\"https:\/\/www.mites.gob.es\/uafse\/\" target=\"_blank\" rel=\"noopener\">UFASE<\/a><\/h4>\n<p>[\/et_pb_accordion_item][et_pb_accordion_item title=\u00bbProceso de selecci\u00f3n de bolsa de monitores y monitoras de tiempo libre para la Escuela de Verano 2021&#8243; open_toggle_text_color=\u00bb#000000&#8243; _builder_version=\u00bb4.27.4&#8243; _module_preset=\u00bbdefault\u00bb global_colors_info=\u00bb{}\u00bb open=\u00bboff\u00bb]Anunci resoluci\u00f3 alcaldia constituci\u00f3 borsa monitors o monitores de temps lliure escola estiu 2021 <a href=\"https:\/\/museros.org\/wp-content\/uploads\/2022\/03\/Anunci-resolucio-alcaldia-constitucio-borsa-monitors-o-monitores-de-temps-lliure-escola-estiu-2021.pdf\" target=\"_blank\" rel=\"noopener\">pdf&gt;<\/a><br \/>\nAnunci llista definitiva admesos borsa monitor o monitora de temps lliure escola estiu 21 <a href=\"https:\/\/museros.org\/wp-content\/uploads\/2022\/03\/Anunci-llista-definitiva-admesos-borsa-monitor-o-monitora-de-temps-lliure-escola-estiu-21.pdf\" target=\"_blank\" rel=\"noopener\">pdf&gt;<\/a><br \/>\nAnunci llista provisional admesos borsa monitors o monitores temps lliure escola estiu 2021 <a href=\"https:\/\/museros.org\/wp-content\/uploads\/2022\/03\/Anunci-llista-provisional-admesos-borsa-monitors-o-monitores-temps-lliure-escola-estiu-2021.pdf\" target=\"_blank\" rel=\"noopener\">pdf&gt;<\/a><br \/>\nAnunci bases de monitor o monitora temps lliure Escola estiu 2021 <a href=\"https:\/\/museros.org\/wp-content\/uploads\/2022\/03\/Anunci-bases-de-monitor-o-monitora-temps-lliure-Escola-estiu-2021.pdf\" target=\"_blank\" rel=\"noopener\">pdf&gt;<\/a><br \/>\nSol\u00b7licitud monitor o monitora Escola d&#8217;Estiu 2021 <a href=\"https:\/\/museros.org\/wp-content\/uploads\/2022\/03\/Sol\u00b7licitud-monitor-o-monitora-Escola-dEstiu-2021.pdf\" target=\"_blank\" rel=\"noopener\">pdf&gt;<\/a><br \/>\n[\/et_pb_accordion_item][et_pb_accordion_item title=\u00bbProceso de selecci\u00f3n de bolsa de personal socorrista y conserjes para la piscina municipal\u00bb open_toggle_text_color=\u00bb#000000&#8243; _builder_version=\u00bb4.27.4&#8243; _module_preset=\u00bbdefault\u00bb global_colors_info=\u00bb{}\u00bb open=\u00bboff\u00bb]Anunci resoluci\u00f3 alcaldia constituci\u00f3 borsa de treball de socorristes piscina municipal <a href=\"https:\/\/museros.org\/wp-content\/uploads\/2022\/03\/Anunci-resolucio-alcaldia-constitucio-borsa-de-treball-de-socorristes-piscina-municipal.pdf\" target=\"_blank\" rel=\"noopener\">pdf&gt;<\/a><br \/>\nAnunci resoluci\u00f3 alcaldia constituci\u00f3 borsa de treball de conserges piscina municipal <a href=\"https:\/\/museros.org\/wp-content\/uploads\/2022\/03\/Anunci-resolucio-alcaldia-constitucio-borsa-de-treball-de-conserges-piscina-municipal.pdf\" target=\"_blank\" rel=\"noopener\">pdf&gt;<\/a><br \/>\nAnunci llista definitiva admesos borsa socorristes i conserges piscina Museros 2021 <a href=\"https:\/\/museros.org\/wp-content\/uploads\/2022\/03\/Anunci-llista-definitiva-admesos-borsa-socorristes-i-conserges-piscina-Museros-2021.pdf\" target=\"_blank\" rel=\"noopener\">pdf&gt;<\/a><br \/>\nAnunci llista provisional borsa socorristes i conserges piscina, tribunal i data examen <a href=\"https:\/\/museros.org\/wp-content\/uploads\/2022\/03\/Anunci-llista-provisional-borsa-socorristes-i-conserges-piscina-tribunal-i-data-examen.pdf\" target=\"_blank\" rel=\"noopener\">pdf&gt;<\/a><br \/>\nAnunci resultats prova practica borsa socorristes piscina municipal Museros <a href=\"https:\/\/museros.org\/wp-content\/uploads\/2022\/03\/Anunci-resultats-prova-practica-borsa-socorristes-piscina-municipal-Museros.pdf\" target=\"_blank\" rel=\"noopener\">pdf&gt;<\/a><br \/>\nAnunci resultats prova psicot\u00e8cnica borsa conserges piscina municipal Museros <a href=\"https:\/\/museros.org\/wp-content\/uploads\/2022\/03\/Anunci-resultats-prova-psicotecnica-borsa-conserges-piscina-municipal-Museros.pdf\" target=\"_blank\" rel=\"noopener\">pdf&gt;<\/a><br \/>\nAnunci bases borsa socorristes i conserges piscina municipal <a href=\"https:\/\/museros.org\/wp-content\/uploads\/2022\/03\/Anunci-bases-borsa-socorristes-i-conserges-piscina-mpal.pdf\" target=\"_blank\" rel=\"noopener\">pdf&gt;<\/a><br \/>\nExamen socorristas <a href=\"https:\/\/museros.org\/wp-content\/uploads\/2022\/03\/Examen-socorristas.pdf\" target=\"_blank\" rel=\"noopener\">pdf&gt;<\/a><br \/>\n[\/et_pb_accordion_item][et_pb_accordion_item title=\u00bbPrograma ECOVID 2021&#8243; open_toggle_text_color=\u00bb#000000&#8243; _builder_version=\u00bb4.16&#8243; _module_preset=\u00bbdefault\u00bb global_colors_info=\u00bb{}\u00bb open=\u00bboff\u00bb]<\/p>\n<h3>PROGRAMA ECOVID 2021<\/h3>\n<p>Programa de incentivos a la contrataci\u00f3n de personas desocupadas de al menos 30 a\u00f1os de edad por entidades locales de la Comunidad Valenciana, en el marco del Programa operativo del Fondo Social Europeo 2014-2020 de la Comunidad Valenciana para el ejercicio 2021.<\/p>\n<p>Destinatarios: personas desocupadas de al menos 30 a\u00f1os, que figuran inscritas como demandantes de ocupaci\u00f3n en los Espacios Labora de la Generalitat, condici\u00f3n que tendr\u00e1n que cumplir en el momento de la contrataci\u00f3n.<\/p>\n<p>Subvenci\u00f3n concedida en el Ayuntamiento de Museros: 97.121,35 \u20ac<\/p>\n<p>Contrataci\u00f3n: 5 personas.<\/p>\n<p>Puestos de trabajo:<br \/>\n\u2022 2 limpiadoras<br \/>\n\u2022 2 peones<br \/>\n\u2022 1 auxiliar administrativa<\/p>\n<p>Duraci\u00f3n: 12 meses a jornada completa (de diciembre de 2021 a diciembre de 2022)<\/p>\n<p>&nbsp;<\/p>\n<p>M\u00e1s informaci\u00f3n:<\/p>\n<h4 class=\"ecl-heading ecl-heading--h1 ecl-u-color-white\"><a href=\"https:\/\/ec.europa.eu\/social\/home.jsp?langld=es\" target=\"_blank\" rel=\"noopener\">Employment, Social Affairs &amp; Inclusion<\/a><\/h4>\n<h4><a href=\"https:\/\/www.mites.gob.es\/uafse\/\" target=\"_blank\" rel=\"noopener\">UFASE<\/a><\/h4>\n<p>[\/et_pb_accordion_item][et_pb_accordion_item title=\u00bbProceso de selecci\u00f3n de peones agr\u00edcolas 2021&#8243; open_toggle_text_color=\u00bb#000000&#8243; _builder_version=\u00bb4.27.4&#8243; _module_preset=\u00bbdefault\u00bb global_colors_info=\u00bb{}\u00bb open=\u00bboff\u00bb]Acta selecci\u00f3n peones agr\u00edcolas <a href=\"https:\/\/museros.org\/wp-content\/uploads\/2022\/03\/2021.06.29-Acta-seleccion-peones-agricolas.pdf\" target=\"_blank\" rel=\"noopener\">pdf&gt;<\/a><br \/>\n[\/et_pb_accordion_item][\/et_pb_accordion][et_pb_accordion open_toggle_text_color=\u00bb#FFFFFF\u00bb icon_color=\u00bbrgba(153,0,0,0.35)\u00bb use_icon_font_size=\u00bbon\u00bb icon_font_size=\u00bb20px\u00bb admin_label=\u00bbAcorde\u00f3n 2020&#8243; _builder_version=\u00bb4.27.4&#8243; _module_preset=\u00bbdefault\u00bb toggle_text_color=\u00bb#990000&#8243; toggle_font=\u00bb|600|||||||\u00bb body_font=\u00bb||||||||\u00bb locked=\u00bboff\u00bb global_colors_info=\u00bb{}\u00bb][et_pb_accordion_item title=\u00bb2020&#8243; open=\u00bbon\u00bb open_toggle_text_color=\u00bb#FFFFFF\u00bb open_toggle_background_color=\u00bbrgba(0,0,0,0.3)\u00bb closed_toggle_text_color=\u00bb#ffffff\u00bb closed_toggle_background_color=\u00bbrgba(0,0,0,0.3)\u00bb icon_color=\u00bbrgba(99,0,0,0.2)\u00bb use_icon_font_size=\u00bbon\u00bb icon_font_size=\u00bb20px\u00bb _builder_version=\u00bb4.16&#8243; _module_preset=\u00bbdefault\u00bb width=\u00bb100%\u00bb global_colors_info=\u00bb{}\u00bb toggle_text_color=\u00bb#ffffff\u00bb toggle_level=\u00bbh4&#8243; toggle_font=\u00bb|600|||||||\u00bb toggle_font_size=\u00bb20px\u00bb closed_toggle_font_size=\u00bb20px\u00bb][\/et_pb_accordion_item][et_pb_accordion_item title=\u00bbPlaza de personal t\u00e9cnico de administracio\u0301n general\u00bb open_toggle_text_color=\u00bb#000000&#8243; _builder_version=\u00bb4.27.4&#8243; _module_preset=\u00bbdefault\u00bb global_colors_info=\u00bb{}\u00bb open=\u00bboff\u00bb]\u2022 Anuncio baremacio\u0301n de me\u0301ritos y calificacio\u0301n final <a href=\"https:\/\/museros.org\/wp-content\/uploads\/2021\/04\/ANUNCIO-BAREMACIO\u0301N-DE-ME\u0301RITOS-Y-CALIFICACIO\u0301N-FINAL.pdf\" target=\"_blank\" rel=\"noopener\">pdf&gt;<\/a><br \/>\n\u2022 Anuncio correccio\u0301n del cuarto ejercicio <a href=\"https:\/\/museros.org\/wp-content\/uploads\/2021\/04\/ANUNCIO-CORRECCIO\u0301N-DEL-CUARTO-EJERCICIO.pdf\" target=\"_blank\" rel=\"noopener\">pdf&gt;<\/a><br \/>\n\u2022 Anuncio nueva fecha cuarto ejercicio <a href=\"https:\/\/museros.org\/wp-content\/uploads\/2021\/04\/ANUNCIO-NUEVA-FECHA-CUARTO-EJERCICIO.pdf\" target=\"_blank\" rel=\"noopener\">pdf&gt;<\/a><br \/>\n\u2022 Anuncio suspensio\u0301n cuarto ejercicio <a href=\"https:\/\/museros.org\/wp-content\/uploads\/2021\/04\/ANUNCIO-SUSPENSIO\u0301N-CUARTO-EJERCICIO.pdf\" target=\"_blank\" rel=\"noopener\">pdf&gt;<\/a><br \/>\n\u2022 Anuncio correccio\u0301n y lectura del tercer ejercicio <a href=\"https:\/\/museros.org\/wp-content\/uploads\/2021\/04\/ANUNCIO-CORRECCIO\u0301N-Y-LECTURA-DEL-TERCER-EJERCICIO.pdf\" target=\"_blank\" rel=\"noopener\">pdf&gt;<\/a><br \/>\n\u2022 Anuncio lectura y correccio\u0301n del tercer ejercicio <a href=\"https:\/\/museros.org\/wp-content\/uploads\/2021\/04\/ANUNCIO-LECTURA-Y-CORRECCIO\u0301N-DEL-TERCER-EJERCICIO.pdf\" target=\"_blank\" rel=\"noopener\">pdf&gt;<\/a><br \/>\n\u2022 Anuncio del tercer ejercicio <a href=\"https:\/\/museros.org\/wp-content\/uploads\/2021\/04\/ANUNCIO-DEL-TERCER-EJERCICIO.pdf\" target=\"_blank\" rel=\"noopener\">pdf&gt;<\/a><br \/>\n\u2022 Anuncio correccio\u0301n y lectura del segundo ejercicio <a href=\"https:\/\/museros.org\/wp-content\/uploads\/2021\/04\/ANUNCIO-CORRECCIO\u0301N-Y-LECTURA-DEL-SEGUNDO-EJERCICIO.pdf\" target=\"_blank\" rel=\"noopener\">pdf&gt;<\/a><br \/>\n\u2022 Plantilla nueva correcio\u0301n examen <a href=\"https:\/\/museros.org\/wp-content\/uploads\/2021\/04\/PLANTILLA-NUEVA-CORRECIO\u0301N-EXAMEN.pdf\" target=\"_blank\" rel=\"noopener\">pdf&gt;<\/a><br \/>\n\u2022 Anuncio del segundo ejercicio <a href=\"https:\/\/museros.org\/wp-content\/uploads\/2021\/04\/ANUNCIO-DEL-SEGUNDO-EJERCICIO.pdf\" target=\"_blank\" rel=\"noopener\">pdf&gt;<\/a><br \/>\n\u2022 Anuncio del acta de la contestacio\u0301n de las alegaciones y nueva correccio\u0301n del primer ejercicio <a href=\"https:\/\/museros.org\/wp-content\/uploads\/2021\/04\/ANUNCIO-DEL-ACTA-DE-LA-CONTESTACIO\u0301N-DE-LAS-ALEGACIONES-Y-NUEVA-CORRECCIO\u0301N-DEL-PRIMER-EJERCICIO.pdf\" target=\"_blank\" rel=\"noopener\">pdf&gt;<\/a><br \/>\n[\/et_pb_accordion_item][et_pb_accordion_item title=\u00bbPlazas de agentes de la Policia Local\u00bb open_toggle_text_color=\u00bb#000000&#8243; _builder_version=\u00bb4.27.4&#8243; _module_preset=\u00bbdefault\u00bb global_colors_info=\u00bb{}\u00bb open=\u00bboff\u00bb]<span style=\"color: #808080;\">Proceso de selecci\u00f3n para proveer en propiedad cinco plazas de agente de la Polic\u00eda Local, tres por turno libre y dos, por movilidad.<\/span><\/p>\n<p>\u2022 Segundo Anuncio sobre Resoluci\u00f3n alcald\u00eda bolsa de trabajo agentes polic\u00eda local <a href=\"https:\/\/museros.org\/wp-content\/uploads\/2022\/07\/Segundo-Anuncio-sobre-Resolucion-alcaldia-bolsa-de-trabajo-agentes-policia-local.pdf\" target=\"_blank\" rel=\"noopener\">pdf&gt;<\/a><br \/>\n\u2022 Constitucio\u0301n bolsa de trabajo agentes Polic\u00eda Local <a href=\"https:\/\/museros.org\/wp-content\/uploads\/2022\/06\/2022-Anuncio-sobre-Resolucion-alcaldia-constitucion-bolsa-de-trabajo-agentes-policia-local-03-02-22.pdf\" target=\"_blank\" rel=\"noopener\">pdf&gt;<\/a><br \/>\n\u2022 Resultado reconocimiento m\u00e9dico, constituci\u00f3n bolsa trabajo proceso selectivo turno libre 3 plazas agente Polic\u00eda Local <a href=\"https:\/\/museros.org\/wp-content\/uploads\/2022\/06\/2021-24-ANUNCIO-RESULTADO-RECONOCIMIENTO-MEDICO-PPTA-NOMBRAMIENTO-Y-CONSTITUCION-BOLSA-TRABAJO-PROCESO-SELECTIVO-TURNO-LIBRE-3-PLAZAS-AGENTE-POLICIA-LOCAL-22-12-21.pdf\" target=\"_blank\" rel=\"noopener\">pdf&gt;<\/a><br \/>\n\u2022 Prueba reconocimiento m\u00e9dico turno libre proceso selectivo tres plazas agente Polic\u00eda Local <a href=\"https:\/\/museros.org\/wp-content\/uploads\/2022\/06\/2021-23-ANUNCIO-FECHA-PRUEBA-RECONOCIMIENTO-MEDICO-TURNO-LIBRE-PROCESO-SELECTIVO-TRES-PLAZAS-AGENTE-POLICIA-LOCAL-03-12-21.pdf\" target=\"_blank\" rel=\"noopener\">pdf&gt;<\/a><br \/>\n\u2022 Resultado sexto ejercicio valenciano proceso selectivo tres plazas agente Polic\u00eda Local <a href=\"https:\/\/museros.org\/wp-content\/uploads\/2022\/06\/2021-22-ANUNCIO-RESULTADO-SEXTO-EJERCICIO-VALENCIANO-PROCESO-SELECTIVO-TRES-PLAZAS-AGENTE-POLICIA-LOCAL-25-11-2021.pdf\" target=\"_blank\" rel=\"noopener\">pdf&gt;<\/a><br \/>\n\u2022 Resultados quinto ejercicio supuesto practico turno libre proceso selectivo tres plazas agentes Polici\u0301a Local <a href=\"https:\/\/museros.org\/wp-content\/uploads\/2022\/06\/2021-21-Anuncio-resultados-quinto-ejercicio-supuesto-practico-turno-libre-proceso-selectivo-tres-plazas-agentes-policia-local-28-10-2021.pdf\" target=\"_blank\" rel=\"noopener\">pdf&gt;<\/a><br \/>\n\u2022 Aprobados pruebas f\u00edsicas y convocatoria fecha ejercicio practico proceso selectivo tres plazas agente Polic\u00eda Local <a href=\"https:\/\/museros.org\/wp-content\/uploads\/2022\/06\/2021-20-APROBADOS-PRUEBAS-FiSICAS-Y-CONVOCATORIA-FECHA-EJERCICIO-PRACTICO-PROCESO-SELECTIVO-TRES-PLAZAS-AGENTE-POLICIA-LOCAL-08-10-21.pdf\" target=\"_blank\" rel=\"noopener\">pdf&gt;<\/a><br \/>\n\u2022 Nota aclaratoria pruebas f\u00edsicas proceso selectivo polic\u00edas locales <a href=\"https:\/\/museros.org\/wp-content\/uploads\/2022\/06\/2021-19-NOTA-ACLARATORIA-PRUEBAS-FISICAS-PROCESO-SELECTIVO-POLICIAS-LOCALES-AYTO-MUSEROS-30-09-21.pdf\" target=\"_blank\" rel=\"noopener\">pdf&gt;<\/a><br \/>\n\u2022 Nueva convocatoria pruebas f\u00edsicas turno libre agentes polic\u00eda local <a href=\"https:\/\/museros.org\/wp-content\/uploads\/2022\/06\/2021-18-Anuncio-nueva-convocatoria-pruebas-fisicas-turno-libre-agentes-policia-local-Ayuntamiento-Museros-23-09-2021.pdf\" target=\"_blank\" rel=\"noopener\">pdf&gt;<\/a><br \/>\n\u2022 Nombramiento dos agentes turno movilidad, proceso selectivo cinco plazas agente Polic\u00eda Local <a href=\"https:\/\/museros.org\/wp-content\/uploads\/2022\/06\/2021-17-ANUNCIO-NOMBRAMIENTO-DOS-AGENTES-TURNO-MOVILIDAD-PROCESO-SELECTIVO-CINCO-PLAZAS-AGENTE-POLICIA-LOCAL-13-07-21.pdf\" target=\"_blank\" rel=\"noopener\">pdf&gt;<\/a><br \/>\n\u2022 Cancelaci\u00f3n convocatoria pruebas f\u00edsicas proceso selecci\u00f3n 3 plazas por turno libre de agente Polic\u00eda Local <a href=\"https:\/\/museros.org\/wp-content\/uploads\/2022\/06\/2021-16-Anuncio-sobre-cancelacion-convocatoria-pruebas-fisicas-proceso-seleccion-3-plazas-por-turno-libre-de-agente-policia-local-01-07-21.pdf\" target=\"_blank\" rel=\"noopener\">pdf&gt;<\/a><br \/>\n\u2022 Resultados prueba reconocimiento m\u00e9dico y concurso m\u00e9ritos dos plazas de agente Polic\u00eda Local por turno movilidad <a href=\"https:\/\/museros.org\/wp-content\/uploads\/2022\/06\/2021-15-Anuncio-resultados-prueba-reconocimiento-medico-y-concurso-meritos-dos-plazas-de-agente-policia-local-por-turno-movilidad-30-06-21.pdf\" target=\"_blank\" rel=\"noopener\">pdf&gt;<\/a><br \/>\n\u2022 Resoluci\u00f3n alegaciones cuestionario tipo test y convocatoria pruebas f\u00edsicas turno libre agentes Polic\u00eda Local <a href=\"https:\/\/museros.org\/wp-content\/uploads\/2022\/06\/2021-14-Anuncio-resolucion-alegaciones-cuestionario-tipo-test-y-convocatoria-pruebas-fisicas-turno-libre-agentes-policia-local-Ayuntamiento-Museros-29-06-21.pdf\" target=\"_blank\" rel=\"noopener\">pdf&gt;<\/a><br \/>\n\u2022 Correccio\u0301n examen test agente polic\u00eda <a href=\"https:\/\/museros.org\/inici\/2021-13-otros-plantilla-correcion-examen-test-agente-policia-i-21-06-21\/\" target=\"_blank\" rel=\"noopener\">pdf&gt;<\/a><br \/>\n\u2022 Examen polic\u00eda tipo test <a href=\"https:\/\/museros.org\/wp-content\/uploads\/2022\/06\/2021-12-Otros-EXAMEN-POLICIA-TIPO-TEST-21-06-21.pdf\" target=\"_blank\" rel=\"noopener\">pdf&gt;<\/a><br \/>\n\u2022 Resultado tercer ejercicio cuestionario tipo test turno libre proceso selectivo cinco plazas agente Polic\u00eda Local <a href=\"https:\/\/museros.org\/wp-content\/uploads\/2022\/06\/2021-11-ANUNCIO-RESULTADO-TERCER-EJERCICIO-CUESTIONARIO-TIPO-TEST-TURNO-LIBRE-PROCESO-SELECTIVO-CINCO-PLAZAS-AGENTE-POLICIA-LOCAL-21-06-21.pdf\" target=\"_blank\" rel=\"noopener\">pdf&gt;<\/a><br \/>\n\u2022 Prueba reconocimiento m\u00e9dico turno movilidad proceso selectivo cinco plazas agente Polic\u00eda Local <a href=\"https:\/\/museros.org\/wp-content\/uploads\/2022\/06\/2021-10-ANUNCIO-FECHA-PRUEBA-RECONOCIMIENTO-MEDICO-TURNO-MOVILIDAD-PROCESO-SELECTIVO-CINCO-PLAZAS-AGENTE-POLICIA-LOCAL-11-06-21.pdf\" target=\"_blank\" rel=\"noopener\">pdf&gt;<\/a><br \/>\n\u2022 Revisi\u00f3n resultado prueba psicot\u00e9cnica turno libre y movilidad proceso selectivo cinco plazas agente Polic\u00eda Local <a href=\"https:\/\/museros.org\/wp-content\/uploads\/2022\/06\/2021-8-ANUNCIO-REVISION-RESULTADO-PRUEBA-PSICOTECNICA-TURNO-LIBRE-Y-MOVILIDAD-PROCESO-SELECTIVO-CINCO-PLAZAS-AGENTE-POLICIA-LOCAL-10-06-21.pdf\" target=\"_blank\" rel=\"noopener\">pdf&gt;<\/a><br \/>\n\u2022 Revisi\u00f3n resultado prueba psicot\u00e9cnica turno libre y movilidad proceso selectivo cinco plazas agente Polic\u00eda Local <a href=\"https:\/\/museros.org\/wp-content\/uploads\/2022\/06\/2021-7-ANUNCIO-FECHA-REVISION-RESULTADO-PRUEBA-PSICOTECNICA-TURNO-LIBRE-Y-MOVILIDAD-PROCESO-SELECTIVO-CINCO-PLAZAS-AGENTE-POLICIA-LOCAL-31-05-21.pdf\" target=\"_blank\" rel=\"noopener\">pdf&gt;<\/a><br \/>\n\u2022 Rectificaci\u00f3n fecha revisi\u00f3n resultado prueba psicot\u00e9cnica turno libre y movilidad proceso selectivo cinco plazas agente Polic\u00eda Local <a href=\"https:\/\/museros.org\/wp-content\/uploads\/2022\/06\/2021-6-ANUNCIO-RECTIFICACION-FECHA-REVISION-RESULTADO-PRUEBA-PSICOTECNICA-TURNO-LIBRE-Y-MOVILIDAD-PROCESO-SELECTIVO-CINCO-PLAZAS-AGENTE-POLICIA-LOCAL-31-05-21.pdf\" target=\"_blank\" rel=\"noopener\">pdf&gt;<\/a><br \/>\n\u2022 Resultado prueba psicot\u00e9cnica turno libre y movilidad proceso selectivo cinco plazas agente Polic\u00eda Local <a href=\"https:\/\/museros.org\/wp-content\/uploads\/2022\/06\/2021-5-ANUNCIO-RESULTADO-PRUEBA-PSICOTECNICA-TURNO-LIBRE-Y-MOVILIDAD-PROCESO-SELECTIVO-CINCO-PLAZAS-AGENTE-POLICIA-LOCAL-25-05-21.pdf\" target=\"_blank\" rel=\"noopener\">pdf&gt;<\/a><br \/>\n[\/et_pb_accordion_item][et_pb_accordion_item title=\u00bbProceso de selecci\u00f3n brigada municipal\u00bb open_toggle_text_color=\u00bb#000000&#8243; _builder_version=\u00bb4.27.4&#8243; _module_preset=\u00bbdefault\u00bb global_colors_info=\u00bb{}\u00bb open=\u00bboff\u00bb]<\/p>\n<p style=\"text-align: left;\"><span style=\"color: #808080;\"><strong>Proceso de selecci\u00f3n y constituci\u00f3n de una bolsa de trabajo de peones y peonas de la brigada municipal<\/strong><\/span><\/p>\n<p><span style=\"color: #808080;\">El plazo de presentaci\u00f3n de la solicitud y documentaci\u00f3n correspondiente es de 10 d\u00edas h\u00e1biles, del 19 de noviembre al 2 de diciembre de 2020, los dos incluidos.<\/span><\/p>\n<p>\u2022 Edicto bases bolsa personal brigada municipal <a href=\"https:\/\/museros.org\/wp-content\/uploads\/2021\/04\/Edicte-bases-borsa-personal-Brigada-municipal-2020.pdf\" target=\"_blank\" rel=\"noopener\">pdf&gt;<\/a><br \/>\n\u2022 Solicitud pe\u00f3n y peona brigada muncipal <a href=\"https:\/\/museros.org\/wp-content\/uploads\/2021\/04\/Sol\u00b7licitud-peo\u0301-i-peones-brigada-muncipal-2020.pdf\" target=\"_blank\" rel=\"noopener\">pdf&gt;<\/a><\/p>\n<p><span style=\"color: #808080;\">Se informa sobre la lista provisional de personas aspirantes admitidas y excluidas a la bolsa de trabajo de peones o peonas de la Brigada municipal, y designaci\u00f3n de los miembros del \u00f3rgano t\u00e9cnico de selecci\u00f3n.<\/span><\/p>\n<p><span style=\"color: #808080;\">El personal aspirante dispone de un plazo de dos d\u00edas, 17 y 18 de marzo, por motivos de urgencia, para enmendar las deficiencias corregibles o, en caso de personas excluidas, para formular las alegaciones que estiman convenientes para sus intereses.<\/span><\/p>\n<p>\u2022 Edicto lista provisional y OTS bolsa Brigada <a href=\"https:\/\/museros.org\/wp-content\/uploads\/2021\/04\/Edicte-llista-provisional-i-OTS-borsa-Brigada.pdf\" target=\"_blank\" rel=\"noopener\">pdf&gt;<\/a><\/p>\n<p><span style=\"color: #808080;\">Se informa sobre la lista definitiva de personas aspirantes admitidas y excluidas a la bolsa de trabajo de peones o peonas de la Brigada municipal.<\/span><\/p>\n<p>\u2022 Edicto lista definitiva bolsa Brigada <a href=\"https:\/\/museros.org\/wp-content\/uploads\/2021\/04\/Edicte-llista-definitiva-borsa-Brigada.pdf\" target=\"_blank\" rel=\"noopener\">pdf&gt;<\/a><\/p>\n<p><span style=\"color: #808080;\">Se anuncia el acta de selecci\u00f3n de la bolsa de trabajo de peones o peonas de la Brigada municipal.<\/span><\/p>\n<p>\u2022 Anuncio del acta selecci\u00f3n personal Brigada <a href=\"https:\/\/museros.org\/wp-content\/uploads\/2021\/04\/Anunci-de-lacta-seleccio\u0301-personal-Brigada-2020.pdf\" target=\"_blank\" rel=\"noopener\">pdf&gt;<\/a><\/p>\n<p><span style=\"color: #808080;\">Se anuncia el acta 2 de selecci\u00f3n de la bolsa de trabajo de peones o peonas de la Brigada municipal.<\/span><\/p>\n<p>\u2022 Anuncio del acta 2 selecci\u00f3n personal Brigada <a href=\"https:\/\/museros.org\/wp-content\/uploads\/2021\/04\/Anunci-de-lacta-2-seleccio\u0301-personal-Brigada-2020.pdf\" target=\"_blank\" rel=\"noopener\">pdf&gt;<\/a><\/p>\n<p><span style=\"color: #808080;\">Se anuncia el acta 3 de selecci\u00f3n y la resoluci\u00f3n de la lista y funcionamiento de la bolsa de trabajo de peones o peonas de la Brigada municipal.<\/span><\/p>\n<p>\u2022 Anunio del acta 3 selecci\u00f3n personal Brigada <a href=\"https:\/\/museros.org\/wp-content\/uploads\/2021\/04\/Anunio-del-acta-3-seleccio\u0301n-personal-Brigada-2020.pdf\" target=\"_blank\" rel=\"noopener\">pdf&gt;<\/a><br \/>\n\u2022 Resoluci\u00f3n lista y funcionamento bolsa brigada <a href=\"https:\/\/museros.org\/wp-content\/uploads\/2021\/04\/DECRET-2021-0206-Resolucio\u0301-llista-i-funcionament-borsa-Brigada.pdf\" target=\"_blank\" rel=\"noopener\">pdf&gt;<\/a><br \/>\n[\/et_pb_accordion_item][et_pb_accordion_item title=\u00bbPrograma ECOVID 2020&#8243; open_toggle_text_color=\u00bb#000000&#8243; _builder_version=\u00bb4.16&#8243; _module_preset=\u00bbdefault\u00bb global_colors_info=\u00bb{}\u00bb open=\u00bboff\u00bb]<span style=\"color: #808080;\">ECOVID 2020<\/span><br \/>\n<span style=\"color: #808080;\">Programa de subvenciones iniciativa social destinado a la contrataci\u00f3n de personas desocupadas de al menos 30 a\u00f1os de edad, desocupadas como consecuencia de la coyuntura derivada por la COVID 19, en colaboraci\u00f3n con las corporaciones locales.<\/span><\/p>\n<p>\u2022 Acta auxiliar administrativa ECOVID <a href=\"https:\/\/museros.org\/wp-content\/uploads\/2021\/04\/ACTA-AUXILIAR-ADMINIST.-ECOVID.pdf\" target=\"_blank\" rel=\"noopener\">pdf &gt;<\/a><br \/>\n\u2022 Acta pe\u00f3n ECOVID <a href=\"https:\/\/museros.org\/wp-content\/uploads\/2021\/04\/ACTA-PEO\u0301-ECOVID.pdf\" target=\"_blank\" rel=\"noopener\">pdf &gt;<\/a><br \/>\n\u2022 Acta personal limpieza ECOVID <a href=\"https:\/\/museros.org\/wp-content\/uploads\/2021\/04\/ACTA-PERSONAL-NETEJA-ECOVID.pdf\" target=\"_blank\" rel=\"noopener\">pdf &gt;<\/a><br \/>\n\u2022 Nueva acta de personal de limpieza <a href=\"https:\/\/museros.org\/wp-content\/uploads\/2021\/04\/ACTA-PERSONAL-NETEJA-ECOVID.pdf\" target=\"_blank\" rel=\"noopener\">pdf &gt;<\/a><br \/>\n[\/et_pb_accordion_item][et_pb_accordion_item title=\u00bbPrograma EMPUJU 2020&#8243; open_toggle_text_color=\u00bb#000000&#8243; _builder_version=\u00bb4.27.4&#8243; _module_preset=\u00bbdefault\u00bb global_colors_info=\u00bb{}\u00bb open=\u00bboff\u00bb]<span style=\"color: #808080;\">Programa de incentivos a la contrataci\u00f3n de personas j\u00f3venes por las entidades locales, en el marco del Sistema Nacional de Garant\u00eda Juvenil (AVALAMOS J\u00d3VENES), destinado a personas j\u00f3venes mayores de 16 a\u00f1os de edad, beneficiarias de AVALEM JOVEN de la Comunidad Valenciana.<\/span><\/p>\n<p><span style=\"color: #808080;\">Se publican las actas de selecci\u00f3n de 17 de diciembre de 2020 de los puestos de trabajo siguientes:<br \/>\n1 t\u00e9cnico o t\u00e9cnica de medio ambiente<br \/>\n1 arquitecto t\u00e9cnico<br \/>\nLas personas interesadas tienen tres d\u00edas h\u00e1biles, del 21 al 23 de diciembre de 2020, para presentar, ante la Comisi\u00f3n de Baremaci\u00f3n, las reclamaciones o alegaciones que estiman adecuada.<\/span><\/p>\n<p>\u2022 Acta t\u00e9cnico medio ambiente <a href=\"https:\/\/museros.org\/wp-content\/uploads\/2021\/04\/ACTA-TEC.-MEDIO-AMBIENTE.pdf\" target=\"_blank\" rel=\"noopener\">pdf&gt;<\/a><br \/>\n\u2022 Acta arquitecto t\u00e9cnico <a href=\"https:\/\/museros.org\/wp-content\/uploads\/2021\/04\/ACTA-ARQUITECTO-TE\u0301CNICO.pdf\" target=\"_blank\" rel=\"noopener\">pdf&gt;<\/a><\/p>\n<p><span style=\"color: #808080;\">Se publica nueva acta de selecci\u00f3n, de 25 de enero de 2021, del lugar de arquitecto t\u00e9cnico, por vacante.<br \/>\nLas personas interesadas tienen tres d\u00edas h\u00e1biles, del 26 al 28 de enero de 2021, para presentar, ante la Comisi\u00f3n de Baremaci\u00f3n, las reclamaciones o alegaciones que estiman adecuada.<\/span><\/p>\n<p>\u2022 Acta Museros arquitecto t\u00e9cnico <a href=\"https:\/\/museros.org\/wp-content\/uploads\/2021\/04\/ACTA-MUSEROS-ARQUITECTO-TE\u0301CNICO.pdf\" target=\"_blank\" rel=\"noopener\">pdf&gt;<\/a><br \/>\n[\/et_pb_accordion_item][et_pb_accordion_item title=\u00bbBolsa de trabajo del personal de limpieza de espacios p\u00edblicos\u00bb open_toggle_text_color=\u00bb#000000&#8243; _builder_version=\u00bb4.27.4&#8243; _module_preset=\u00bbdefault\u00bb global_colors_info=\u00bb{}\u00bb open=\u00bboff\u00bb]\u2022 Acta selecci\u00f3n personal limpieza espacios p\u00fablicos <a href=\"https:\/\/museros.org\/wp-content\/uploads\/2021\/04\/Acta-seleccio\u0301-personal-neteja-espais-pu\u0301blics-2020.pdf\" target=\"_blank\" rel=\"noopener\">pdf&gt;<\/a><br \/>\n\u2022 Edicto lista provisional personal admitido en bolsa limpieza espacios p\u00fablicos <a href=\"https:\/\/museros.org\/wp-content\/uploads\/2021\/04\/Edicte-llista-provisional-personal-adme\u0301s-en-borsa-neteja-espais-pu\u0301blics.pdf\" target=\"_blank\" rel=\"noopener\">pdf&gt;<\/a><br \/>\n\u2022 Edicto bases bolsa personal nlimpieza espacios p\u00fablicos <a href=\"https:\/\/museros.org\/wp-content\/uploads\/2021\/04\/Edicte-bases-borsa-personal-neteja-espais-pu\u0301blics-2020.pdf\" target=\"_blank\" rel=\"noopener\">pdf&gt;<\/a><br \/>\n\u2022 Solicitud personal limpieza espacios p\u00fablicos <a href=\"https:\/\/museros.org\/wp-content\/uploads\/2021\/04\/Sol\u00b7licitud-personal-neteja-espais-pu\u0301blics-2020.pdf\" target=\"_blank\" rel=\"noopener\">pdf&gt;<\/a><br \/>\n[\/et_pb_accordion_item][et_pb_accordion_item title=\u00bbMonitor o monitora de tiempo libre pata l&#8217;Escoala d&#8217;Estiu\u00bb open_toggle_text_color=\u00bb#000000&#8243; _builder_version=\u00bb4.27.4&#8243; _module_preset=\u00bbdefault\u00bb global_colors_info=\u00bb{}\u00bb open=\u00bboff\u00bb]\u2022 Acta de selecci\u00f3n personal Escola d&#8217;Estiu <a href=\"https:\/\/museros.org\/wp-content\/uploads\/2021\/04\/ACTA-SELECCION-PERSONAL-ESCOLA-DESTIU-2020.pdf\" target=\"_blank\" rel=\"noopener\">pdf&gt;<\/a><br \/>\n\u2022 Edicto lista definitiva personal exclu\u00eddo y admitidoe monitors i monitoras tiempo libre y OTS <a href=\"https:\/\/museros.org\/wp-content\/uploads\/2021\/04\/Edicte-llista-definitiva-personal-adme\u0301s-monitors-i-monitores-temps-lliure.pdf\" target=\"_blank\" rel=\"noopener\">pdf&gt;<\/a><br \/>\n\u2022 Edicto llista provisional personal exclu\u00eddo y admitido monitores i monitoras tiempo liblre y OTS <a href=\"https:\/\/museros.org\/wp-content\/uploads\/2021\/04\/Edicte-llista-provisional-personal-exclo\u0301s-i-adme\u0301s-monitors-i-monitores-temps-lliure-i-OTS.pdf\" target=\"_blank\" rel=\"noopener\">pdf&gt;<\/a><br \/>\n\u2022 Solicitud monitor o monitora para l\u2019Escola d\u2019Estiu <a href=\"https:\/\/museros.org\/wp-content\/uploads\/2021\/04\/Sol\u00b7licitud-monitor-Escola-dEstiu-2020-1.pdf\" target=\"_blank\" rel=\"noopener\">pdf&gt;<\/a><br \/>\n\u2022 Edicto bases monitor o monitora para l\u2019Escola d\u2019Estiu <a href=\"https:\/\/museros.org\/wp-content\/uploads\/2021\/04\/Edicte-bases-monitors-i-monitores-temps-lliure-per-a-Escola-dEstiu-2020.pdf\" target=\"_blank\" rel=\"noopener\">pdf&gt;<\/a><br \/>\n[\/et_pb_accordion_item][et_pb_accordion_item title=\u00bbBolsa de trabajo para auxiliar de la agencia de lectura\u00bb open_toggle_text_color=\u00bb#000000&#8243; _builder_version=\u00bb4.27.4&#8243; _module_preset=\u00bbdefault\u00bb global_colors_info=\u00bb{}\u00bb open=\u00bboff\u00bb]\u2022 Anuncio acta definitiva i resoluci\u00f3n de reclamaciones para la agencia lectura <a href=\"https:\/\/museros.org\/wp-content\/uploads\/2021\/04\/Anunci-acta-definitiva-i-resolucio\u0301-de-reclamacions-1.pdf\" target=\"_blank\" rel=\"noopener\">pdf&gt;<\/a><br \/>\n\u2022 Anuncio acta selecci\u00f3n auxiliar agencia lectura <a href=\"https:\/\/museros.org\/wp-content\/uploads\/2021\/04\/Anunci-acta-seleccio\u0301-auxiliar-age\u0300ncia-lectura-1.pdf\" target=\"_blank\" rel=\"noopener\">pdf&gt;<\/a><br \/>\n\u2022 Lista definitiva del personal aspirante admitido <a href=\"https:\/\/museros.org\/wp-content\/uploads\/2021\/04\/Edicte-llista-personal-adme\u0301s-auxiliar-age\u0300ncia-de-lectura-i-OTS-11.pdf\" target=\"_blank\" rel=\"noopener\">pdf&gt;<\/a><br \/>\n\u2022 Lista provisional del personal aspirante admitido y designaci\u00f3n de los miembreos del \u00f3rgano t\u00e9cnico de selecci\u00f3n <a href=\"https:\/\/museros.org\/wp-content\/uploads\/2021\/04\/Edicte-llista-personal-adme\u0301s-auxiliar-age\u0300ncia-de-lectura-i-OTS-1-2.pdf\" target=\"_blank\" rel=\"noopener\">pdf&gt;<\/a><br \/>\n\u2022 Solicitud auxiliar de agencia de lectura <a href=\"https:\/\/museros.org\/wp-content\/uploads\/2021\/04\/Sol\u00b7licitud-auxiliar-dage\u0300ncia-de-lectura-1-1.pdf\" target=\"_blank\" rel=\"noopener\">pdf&gt;<\/a><br \/>\n\u2022 Edicto bases auxiliar de agencia de lectura <a href=\"https:\/\/museros.org\/wp-content\/uploads\/2021\/04\/Edicte-bases-auxiliar-age\u0300ncia-de-lectura-1.pdf\" target=\"_blank\" rel=\"noopener\">pdf&gt;<\/a><br \/>\n[\/et_pb_accordion_item][et_pb_accordion_item title=\u00bbProceso de selecci\u00f3n para personal funcionario de carrera\u00bb open_toggle_text_color=\u00bb#000000&#8243; _builder_version=\u00bb4.27.4&#8243; _module_preset=\u00bbdefault\u00bb global_colors_info=\u00bb{}\u00bb open=\u00bboff\u00bb]\u2022 Resoluci\u00f3n de la Alcald\u00eda de aprobaci\u00f3n definitiva de la plaza de TAG <a href=\"https:\/\/museros.org\/wp-content\/uploads\/2022\/03\/Publicacio-anunci-nomenament-TAG.pdf\" target=\"_blank\" rel=\"noopener\">pdf&gt;<\/a><br \/>\n\u2022 Anuncio del nombramiento de funcionariado <a href=\"https:\/\/museros.org\/wp-content\/uploads\/2022\/03\/Publicacio-anunci-nomenament-TAG.pdf\" target=\"_blank\" rel=\"noopener\">pdf&gt;<\/a><br \/>\n\u2022 Anuncio de la correcci\u00f3n del cuarto exercicio <a href=\"https:\/\/museros.org\/wp-content\/uploads\/2022\/03\/ANUNCIO-CORRECCION-DEL-CUARTO-EJERCICIO-PROCESO-SELECTIVO-PROVISION-EN-PROPIEDAD-DE-UNA-PLAZA-DE-PERSONAL-TECNICO-DE-ADMINISTRACION-GENERAL.pdf\" target=\"_blank\" rel=\"noopener\">pdf&gt;<\/a><br \/>\n\u2022 Anuncio del tercer ejercicio <a href=\"https:\/\/museros.org\/wp-content\/uploads\/2022\/03\/ANUNCIO-DEL-TERCER-EJERCICIO-PROCESO-SELECTIVO-PROVISION-EN-PROPIEDAD-DE-UNA-PLAZA-DE-PERSONAL-TAG.pdf\" target=\"_blank\" rel=\"noopener\">pdf&gt;<\/a><br \/>\n\u2022 Anuncio de la correcci\u00f3n y lectua del segundo ejercicio <a href=\"https:\/\/museros.org\/wp-content\/uploads\/2022\/03\/ANUNCIO-CORRECCION-Y-LECTURA-DEL-SEGUNDO-EJERCICIO-PROCESO-SELECTIVO-PROVISION-EN-PROPIEDAD-DE-UNA-PLAZA-DE-PERSONAL-TECNICO-DE-ADMINISTRACION-GENERAL.pdf\" target=\"_blank\" rel=\"noopener\">pdf&gt;<\/a><br \/>\n\u2022 Anuncio del segundo ejercicio <a href=\"https:\/\/museros.org\/wp-content\/uploads\/2022\/03\/ANUNCIO-DEL-SEGUNDO-EJERCICIO-PROCESO-SELECTIVO-PROVISION-EN-PROPIEDAD-DE-UNA-PLAZA-DE-PERSONAL-TECNICO-DE-ADMINISTRACION-GENERAL.pdf\" target=\"_blank\" rel=\"noopener\">pdf&gt;<\/a><br \/>\n\u2022 Plantilla nueva de la correcci\u00f3n del examen <a href=\"https:\/\/museros.org\/wp-content\/uploads\/2022\/03\/PLANTILLA-NUEVA-CORRECION-EXAMEN-03-11-2020.pdf\" target=\"_blank\" rel=\"noopener\">pdf&gt;<\/a><br \/>\n\u2022 Anuncio del acta de la contestaci\u00f3n <a href=\"https:\/\/museros.org\/wp-content\/uploads\/2022\/03\/ANUNCIO-DEL-ACTA-DE-LA-CONTESTACION-DE-LAS-ALEGACIONES-Y-NUEVA-CORRECCION-DEL-PRIMER-EJERCICIO-PROCESO-SELECTIVO-PROVISION-EN-PROPIEDAD-DE-UNA-PLAZA-DE-PERSONAL-TECNICO-DE-ADM.-GENERAL.pdf\" target=\"_blank\" rel=\"noopener\">pdf&gt;<\/a><br \/>\n\u2022 Edicto de la lista definitiva de personal admitido <a href=\"https:\/\/museros.org\/wp-content\/uploads\/2022\/03\/Edicto-lista-definitiva-OTS-y-fecha-examen-TAG-BOP-06-10-2020.pdf\" target=\"_blank\" rel=\"noopener\">pdf&gt;<\/a><br \/>\n\u2022 Edicto de la ollista provisional de personal admitido <a href=\"https:\/\/museros.org\/wp-content\/uploads\/2022\/03\/Edicto-lista-provisional-TAG-BOP-18-08-2020-11.pdf\" target=\"_blank\" rel=\"noopener\">pdf&gt;<\/a><br \/>\n\u2022 Edicto bases BOP n\u00ba 83 26-03-2020 pdf&gt;<br \/>\n\u2022 Anuncio BOE n\u00ba 83 26-03-2020 <a href=\"https:\/\/museros.org\/wp-content\/uploads\/2021\/04\/Anuncio-BOE-no-83-26-03-2020.pdf\" target=\"_blank\" rel=\"noopener\">pdf&gt;<\/a><br \/>\n[\/et_pb_accordion_item][\/et_pb_accordion][et_pb_accordion open_toggle_text_color=\u00bb#FFFFFF\u00bb icon_color=\u00bbrgba(153,0,0,0.35)\u00bb use_icon_font_size=\u00bbon\u00bb icon_font_size=\u00bb20px\u00bb admin_label=\u00bbAcorde\u00f3n 2019&#8243; _builder_version=\u00bb4.27.4&#8243; _module_preset=\u00bbdefault\u00bb toggle_text_color=\u00bb#990000&#8243; toggle_font=\u00bb|600|||||||\u00bb body_font=\u00bb||||||||\u00bb global_colors_info=\u00bb{}\u00bb][et_pb_accordion_item title=\u00bb2019&#8243; open=\u00bbon\u00bb open_toggle_text_color=\u00bb#FFFFFF\u00bb open_toggle_background_color=\u00bbrgba(0,0,0,0.3)\u00bb closed_toggle_text_color=\u00bb#ffffff\u00bb closed_toggle_background_color=\u00bbrgba(0,0,0,0.3)\u00bb icon_color=\u00bbrgba(99,0,0,0.2)\u00bb use_icon_font_size=\u00bbon\u00bb icon_font_size=\u00bb20px\u00bb _builder_version=\u00bb4.16&#8243; _module_preset=\u00bbdefault\u00bb width=\u00bb100%\u00bb global_colors_info=\u00bb{}\u00bb toggle_text_color=\u00bb#FFFFFF\u00bb toggle_level=\u00bbh4&#8243; toggle_font=\u00bb|600|||||||\u00bb toggle_font_size=\u00bb20px\u00bb closed_toggle_font_size=\u00bb20px\u00bb][\/et_pb_accordion_item][et_pb_accordion_item title=\u00bbProceso de selecci\u00f3n de monitores de la Casa de Cultura. Ingl\u00e9s, valenciano, dibujo y pintura.\u00bb open_toggle_text_color=\u00bb#000000&#8243; _builder_version=\u00bb4.27.4&#8243; _module_preset=\u00bbdefault\u00bb global_colors_info=\u00bb{}\u00bb toggle_text_color=\u00bb#990000&#8243; open=\u00bboff\u00bb]<span style=\"color: #808080;\">Angl\u00e9s 2020<\/span><br \/>\n\u2022 Acta borsa treball monitor o monitora d&#8217;angl\u00e9s per substituci\u00f3 <a href=\"https:\/\/museros.org\/wp-content\/uploads\/2021\/04\/Acta-angle\u0301s-28-02-2020.pdf\" target=\"_blank\" rel=\"noopener\">pdf&gt;<\/a><br \/>\n\u2022 Edicte llista provisional d&#8217;angl\u00e9s <a href=\"https:\/\/museros.org\/wp-content\/uploads\/2021\/04\/Edicte-llista-provisional-angle\u0301s-1.pdf\" target=\"_blank\" rel=\"noopener\">pdf&gt;<\/a><br \/>\n\u2022 Edicte nou termini monitor o monitora d&#8217;angl\u00e9s per substituci\u00f3 <a href=\"https:\/\/museros.org\/wp-content\/uploads\/2021\/04\/Edicte-nou-termini-monitor-o-monitora-dangle\u0301s-per-substitucio\u0301-1.pdf\" target=\"_blank\" rel=\"noopener\">pdf&gt;<\/a><br \/>\n\u2022 Sol\u00b7licitud angl\u00e9s 2020 <a href=\"https:\/\/museros.org\/wp-content\/uploads\/2021\/04\/Sol\u00b7licitud-angle\u0301s-2020-1.pdf\" target=\"_blank\" rel=\"noopener\">pdf&gt;<\/a><\/p>\n<p><span style=\"color: #808080;\">Angl\u00e9s 2019-2020<\/span><br \/>\n\u2022 Anunci acta monitor o monitora angl\u00e9s <a href=\"https:\/\/museros.org\/wp-content\/uploads\/2021\/04\/Edicte-llista-provisional-dadmesos-i-dexclosos-a-moinitor-o-monitora-de-valencia\u0300-2019-2020-3.pdf\" target=\"_blank\" rel=\"noopener\">pdf&gt;<\/a><br \/>\n\u2022 Edicte llista definitiva i convocatoria de la prova pr\u00e0ctica monitor o monitora d&#8217;angl\u00e9s <a href=\"\/\/museros.org\/wp-content\/uploads\/2021\/04\/Edicte-llista-definitiva-valencia\u0300-2019-2.pdf\" target=\"_blank\" rel=\"noopener\">pdf&gt;<\/a><br \/>\n\u2022 Edicte nou termini monitor o de valenci\u00e0 i d&#8217;angl\u00e9s <a href=\"https:\/\/museros.org\/wp-content\/uploads\/2021\/04\/20190920_Publicacio\u0301n_Edicto_Edicte-nou-termini-valencia\u0300-i-angle\u0301s-3.pdf\" target=\"_blank\" rel=\"noopener\">pdf&gt;<\/a><br \/>\n\u2022 Sol\u00b7licitud monitor o monitora de valenci\u00e0 o d&#8217;angl\u00e9s <a href=\"https:\/\/museros.org\/wp-content\/uploads\/2021\/04\/Sol\u00b7licitud-valencia\u0300-i-angle\u0301s-2019-3.pdf\" target=\"_blank\" rel=\"noopener\">pdf&gt;<\/a><\/p>\n<p><span style=\"color: #808080;\">Valenci\u00e0<\/span><br \/>\n\u2022 Edicte llista definitiva d&#8217;admesos i d&#8217;exclosos a monitor monitora de valenci\u00e0 <a href=\"https:\/\/museros.org\/wp-content\/uploads\/2021\/04\/Edicte-llista-definitiva-valencia\u0300-2019-2.pdf\" target=\"_blank\" rel=\"noopener\">pdf&gt;<\/a><br \/>\n\u2022 Edicte llista provisional d&#8217;admesos i d&#8217;exclosos a monitor monitora de valenci\u00e0 <a href=\"https:\/\/museros.org\/wp-content\/uploads\/2021\/04\/Edicte-llista-provisional-dadmesos-i-dexclosos-a-moinitor-o-monitora-de-valencia\u0300-2019-2020-3.pdf\" target=\"_blank\" rel=\"noopener\">pdf&gt;<\/a><br \/>\n\u2022 Edicte llista provisional d&#8217;admesos i d&#8217;exclosos a monitor monitora de valenci\u00e0 <a href=\"https:\/\/museros.org\/wp-content\/uploads\/2021\/04\/Edicte-llista-provisional-dadmesos-i-dexclosos-a-moinitor-o-monitora-de-valencia\u0300-2019-20201.pdf\" target=\"_blank\" rel=\"noopener\">pdf&gt;<\/a><br \/>\n\u2022 Edicte nou termini monitor monitora de valenci\u00e0 i d&#8217;angl\u00e9s <a href=\"https:\/\/museros.org\/wp-content\/uploads\/2021\/04\/20190920_Publicacio\u0301n_Edicto_Edicte-nou-termini-valencia\u0300-i-angle\u0301s-3.pdf\" target=\"_blank\" rel=\"noopener\">pdf&gt;<\/a><br \/>\n\u2022 Sol\u00b7licitud monitor monitora de valenci\u00e0 o d&#8217;angl\u00e9s <a href=\"https:\/\/museros.org\/wp-content\/uploads\/2021\/04\/Sol\u00b7licitud-valencia\u0300-i-angle\u0301s-2019-3.pdf\" target=\"_blank\" rel=\"noopener\">pdf&gt;<\/a><br \/>\n[\/et_pb_accordion_item][et_pb_accordion_item title=\u00bbMonitor o monitora de dibujo y pintura de la Casa de Cultura\u00bb open_toggle_text_color=\u00bb#000000&#8243; _builder_version=\u00bb4.27.4&#8243; _module_preset=\u00bbdefault\u00bb global_colors_info=\u00bb{}\u00bb toggle_text_color=\u00bb#990000&#8243; open=\u00bboff\u00bb]\u2022 Sol\u00b7licitud dibuix i pintura 2019-2020 (2) <a href=\"https:\/\/museros.org\/wp-content\/uploads\/2021\/04\/Sol\u00b7licitud-dibuix-i-pintura-2019-2020-2.pdf\" target=\"_blank\" rel=\"noopener\">pdf&gt;<\/a><br \/>\n\u2022 Sol\u00b7licitud dibuix i pintura 2019-2020 (1) <a href=\"https:\/\/museros.org\/wp-content\/uploads\/2021\/04\/Sol\u00b7licitud-dibuix-i-pintura-2019-2020-1.pdf\" target=\"_blank\" rel=\"noopener\">pdf&gt;<\/a><br \/>\n\u2022 Edicte relaci\u00f3 personal adm\u00e9s i convocat\u00f2ria de prova pr\u00e0ctica <a href=\"https:\/\/museros.org\/wp-content\/uploads\/2021\/04\/Edicte-relacio\u0301-personal-adme\u0301s-i-convocato\u0300ria-de-prova-pra\u0300ctica.pdf\" target=\"_blank\" rel=\"noopener\">pdf&gt;<\/a><br \/>\n[\/et_pb_accordion_item][et_pb_accordion_item title=\u00bbCoordinador o coordinadora de la Casa de Cultura\u00bb open_toggle_text_color=\u00bb#000000&#8243; _builder_version=\u00bb4.16.0&#8243; _module_preset=\u00bbdefault\u00bb global_colors_info=\u00bb{}\u00bb toggle_text_color=\u00bb#990000&#8243; open=\u00bboff\u00bb]\u2022 Anunci de l&#8217;acta de 17 de desembre de 2019 <a href=\"https:\/\/museros.org\/wp-content\/uploads\/2021\/04\/Anunci-de-lacta-de-17-de-desembre-de-2019-1.pdf\" target=\"_blank\" rel=\"noopener\">pdf&gt;<\/a><br \/>\n\u2022 Anunci de l&#8217;acta del 9 de desembre de 2019 <a href=\"https:\/\/museros.org\/wp-content\/uploads\/2021\/04\/Anunci-de-lacta-del-9-de-desembre-de-2019-1.pdf\" target=\"_blank\" rel=\"noopener\">pdf&gt;<\/a><br \/>\n\u2022 Edicte bases coordinador o coordinadora de la Casa Cultura <a href=\"https:\/\/museros.org\/wp-content\/uploads\/2021\/04\/Edicte-bases-coordinador-o-coordinadora-de-la-Casa-Cultura-1.pdf\" target=\"_blank\" rel=\"noopener\">pdf&gt;<\/a><br \/>\n\u2022 Edicte llista definitiva, OTS i data prova a coordinador o coordinadora Casa Cultura <a href=\"https:\/\/museros.org\/wp-content\/uploads\/2021\/04\/Edicte-llista-definitiva-OTS-i-data-prova-a-coordinador-o-coordinadora-Casa-Cultura-1.pdf\" target=\"_blank\" rel=\"noopener\">pdf&gt;<\/a><br \/>\n\u2022 Edicte llista provisional admesos a coordinador o coordinadora Casa Cultura <a href=\"https:\/\/museros.org\/wp-content\/uploads\/2021\/04\/Edicte-llista-provisional-admesos-a-coordinador-o-coordinadora-Casa-Cultura-1.pdf\" target=\"_blank\" rel=\"noopener\">pdf&gt;<\/a><br \/>\n\u2022 Examen en valenci\u00e0 Casa de Cultura <a href=\"https:\/\/museros.org\/wp-content\/uploads\/2021\/04\/Examen-en-valencia\u0300-CASA-DE-CULTURA-1.pdf\" target=\"_blank\" rel=\"noopener\">pdf&gt;<\/a><br \/>\n\u2022 Resoluci\u00f3 943-2019 de constituci\u00f3 de borsa de treball de coordinador o coordinadora de la Casa de Cultura <a href=\"https:\/\/museros.org\/wp-content\/uploads\/2021\/04\/Resolucio\u0301-943-2019-de-constitucio\u0301-de-borsa-de-treball-de-coordinador-o-coordinadora-de-la-Casa-de-Cultura-1.pdf\" target=\"_blank\" rel=\"noopener\">pdf&gt;<\/a><br \/>\n\u2022 Sol\u00b7licitud coordinador o coordinadora Casa de Cultura <a href=\"https:\/\/museros.org\/wp-content\/uploads\/2021\/04\/Sol\u00b7licitud-coordinador-o-coordinadora-Casa-de-Cultura-1.pdf\" target=\"_blank\" rel=\"noopener\">pdf&gt;<\/a><br \/>\n\u2022 Solucionari <a href=\"https:\/\/museros.org\/wp-content\/uploads\/2021\/04\/SOLUCIONARI-1.pdf\" target=\"_blank\" rel=\"noopener\">pdf&gt;<\/a><br \/>\n[\/et_pb_accordion_item][et_pb_accordion_item title=\u00bbLa Dipu te Beca 2019&#8243; open_toggle_text_color=\u00bb#000000&#8243; _builder_version=\u00bb4.27.4&#8243; _module_preset=\u00bbdefault\u00bb global_colors_info=\u00bb{}\u00bb toggle_text_color=\u00bb#990000&#8243; open=\u00bboff\u00bb]\u2022 Inscripci\u00f3 Dipu et beca 2019 <a href=\"https:\/\/museros.org\/wp-content\/uploads\/2021\/04\/Inscripcio\u0301-Dipu-et-beca-2019.pdf\" target=\"_blank\" rel=\"noopener\">pdf&gt;<\/a><br \/>\n\u2022 Edicte bases Dipu et Beca 2019 <a href=\"https:\/\/museros.org\/wp-content\/uploads\/2021\/04\/Edicte-bases-Dipu-et-Beca-2019.pdf\" target=\"_blank\" rel=\"noopener\">pdf&gt;<\/a><br \/>\n\u2022 Edicte bases Dipu et Beca 2019 2a convocat\u00f2ria.<a href=\"https:\/\/museros.org\/wp-content\/uploads\/2021\/04\/Edicte-bases-Dipu-et-Beca-2019-2a-convocato\u0300ria.pdf\" target=\"_blank\" rel=\"noopener\">pdf&gt;<\/a><br \/>\n\u2022 Anunci acta Dipu et beca 2019 <a href=\"https:\/\/museros.org\/wp-content\/uploads\/2021\/04\/Anunci-acta-Dipu-et-beca-2019.pdf\" target=\"_blank\" rel=\"noopener\">pdf&gt;<\/a><br \/>\n\u2022 Acta de selecci\u00f3 Dipu et beca <a href=\"https:\/\/museros.org\/wp-content\/uploads\/2021\/04\/Acta-de-seleccio\u0301-Dipu-et-beca.pdf\" target=\"_blank\" rel=\"noopener\">pdf&gt;<\/a><br \/>\n[\/et_pb_accordion_item][et_pb_accordion_item title=\u00bbMonitores y monitoras de actividades de tiempo libre para l&#8217;Escola d&#8217;Estiu\u00bb open_toggle_text_color=\u00bb#000000&#8243; _builder_version=\u00bb4.27.4&#8243; _module_preset=\u00bbdefault\u00bb global_colors_info=\u00bb{}\u00bb toggle_text_color=\u00bb#990000&#8243; open=\u00bboff\u00bb]\u2022 Edicte bases Escola d&#8217;Estiu 2019 <a href=\"https:\/\/museros.org\/wp-content\/uploads\/2021\/04\/Edicte-bases-Escola-dEstiu-2019.pdf\" target=\"_blank\" rel=\"noopener\">pdf&gt;<\/a><br \/>\n\u2022 Acta selecci\u00f3 monitors i monitores de temps lliure <a href=\"https:\/\/museros.org\/wp-content\/uploads\/2021\/04\/Acta-seleccio\u0301-monitors-i-monitores-de-temps-lliure.pdf\" target=\"_blank\" rel=\"noopener\">pdf&gt;<\/a><br \/>\n[\/et_pb_accordion_item][et_pb_accordion_item title=\u00bbCoordinador o coordinadora de la Casa de Cultura\u00bb open_toggle_text_color=\u00bb#000000&#8243; _builder_version=\u00bb4.27.4&#8243; _module_preset=\u00bbdefault\u00bb global_colors_info=\u00bb{}\u00bb toggle_text_color=\u00bb#990000&#8243; open=\u00bboff\u00bb]\u2022 Solucionari <a href=\"https:\/\/museros.org\/wp-content\/uploads\/2021\/04\/SOLUCIONARI.pdf\" target=\"_blank\" rel=\"noopener\">pdf&gt;<\/a><br \/>\n\u2022 Sol\u00b7licitud coordinador o coordinadora Casa de Cultura <a href=\"https:\/\/museros.org\/wp-content\/uploads\/2021\/04\/Sol\u00b7licitud-coordinador-o-coordinadora-Casa-de-Cultura.pdf\" target=\"_blank\" rel=\"noopener\">pdf&gt;<\/a><br \/>\n\u2022 Resoluci\u00f3 943-2019 de constituci\u00f3 de borsa de treball de coordinador o coordinadora de la Casa de Cultura <a href=\"https:\/\/museros.org\/wp-content\/uploads\/2021\/04\/Resolucio\u0301-943-2019-de-constitucio\u0301-de-borsa-de-treball-de-coordinador-o-coordinadora-de-la-Casa-de-Cultura.pdf\" target=\"_blank\" rel=\"noopener\">pdf&gt;<\/a><br \/>\n\u2022 Examen en valenci\u00e0 Casa de Cultura <a href=\"https:\/\/museros.org\/wp-content\/uploads\/2021\/04\/Examen-en-valencia\u0300-CASA-DE-CULTURA.pdf\" target=\"_blank\" rel=\"noopener\">pdf&gt;<\/a><br \/>\n\u2022 Edicte llista provisional admesos a coordinador o coordinadora Casa Cultura <a href=\"https:\/\/museros.org\/wp-content\/uploads\/2021\/04\/Edicte-llista-provisional-admesos-a-coordinador-o-coordinadora-Casa-Cultura.pdf\" target=\"_blank\" rel=\"noopener\">pdf&gt;<\/a><br \/>\n\u2022 Edicte llista definitiva, OTS i data prova a coordinador o coordinadora Casa Cultura <a href=\"https:\/\/museros.org\/wp-content\/uploads\/2021\/04\/Edicte-llista-definitiva-OTS-i-data-prova-a-coordinador-o-coordinadora-Casa-Cultura.pdf\" target=\"_blank\" rel=\"noopener\">pdf&gt;<\/a><br \/>\n\u2022 Edicte bases coordinador o coordinadora de la Casa Cultura <a href=\"https:\/\/museros.org\/wp-content\/uploads\/2021\/04\/Edicte-bases-coordinador-o-coordinadora-de-la-Casa-Cultura.pdf\" target=\"_blank\" rel=\"noopener\">pdf&gt;<\/a><br \/>\n\u2022 Anunci de l&#8217;acta del 9 de desembre de 2019 <a href=\"https:\/\/museros.org\/wp-content\/uploads\/2021\/04\/Anunci-de-lacta-del-9-de-desembre-de-2019.pdf\" target=\"_blank\" rel=\"noopener\">pdf&gt;<\/a><br \/>\n\u2022 Anunci de l&#8217;acta de 17 de desembre de 2019 <a href=\"https:\/\/museros.org\/wp-content\/uploads\/2021\/04\/Anunci-de-lacta-de-17-de-desembre-de-2019.pdf\" target=\"_blank\" rel=\"noopener\">pdf&gt;<\/a><br \/>\n[\/et_pb_accordion_item][et_pb_accordion_item title=\u00bbSocorristas para la piscina municipal\u00bb open_toggle_text_color=\u00bb#000000&#8243; _builder_version=\u00bb4.27.4&#8243; _module_preset=\u00bbdefault\u00bb global_colors_info=\u00bb{}\u00bb toggle_text_color=\u00bb#990000&#8243; open=\u00bboff\u00bb]\u2022 Sol\u00b7licitud monitor nataci\u00f3 i aiguagim 2019 <a href=\"https:\/\/museros.org\/wp-content\/uploads\/2021\/04\/Sol\u00b7licitud-monitor-natacio\u0301-i-aiguagim-2019.pdf\" target=\"_blank\" rel=\"noopener\">pdf&gt;<\/a><br \/>\n\u2022 Edicte bases monitor o monitora de nataci\u00f3 i d&#8217;aiguagim 2019 <a href=\"https:\/\/museros.org\/wp-content\/uploads\/2021\/04\/Edicte-bases-monitor-o-monitora-de-natacio\u0301-i-daiguagim-2019.pdf\" target=\"_blank\" rel=\"noopener\">pdf&gt;<\/a><br \/>\n\u2022 Acta 2019 monitor nataci\u00f3n y aquagym <a href=\"https:\/\/museros.org\/wp-content\/uploads\/2021\/04\/Acta-2019-monitor-natacio\u0301n-y-aquagym.pdf\" target=\"_blank\" rel=\"noopener\">pdf&gt;<\/a><br \/>\n[\/et_pb_accordion_item][et_pb_accordion_item title=\u00bbTe\u00e9cnico o t\u00e9cnica superior en educacio\u0301n infantil\u00bb open_toggle_text_color=\u00bb#000000&#8243; _builder_version=\u00bb4.27.4&#8243; _module_preset=\u00bbdefault\u00bb global_colors_info=\u00bb{}\u00bb toggle_text_color=\u00bb#990000&#8243; open=\u00bboff\u00bb]\u2022 Sol\u00b7licitud t\u00e8cnic o t\u00e8cnica superior en Educaci\u00f3 Infantil amb contracte de relleu <a href=\"https:\/\/museros.org\/wp-content\/uploads\/2021\/04\/Sol\u00b7licitud-te\u0300cnic-o-te\u0300cnica-superior-en-Educacio\u0301-Infantil-amb-contracte-de-relleu.pdf\" target=\"_blank\" rel=\"noopener\">pdf&gt;<\/a><br \/>\n\u2022 Edicte llistat definitiu <a href=\"https:\/\/museros.org\/wp-content\/uploads\/2021\/04\/Edicte-llistat-definitiu.pdf\" target=\"_blank\" rel=\"noopener\">pdf&gt;<\/a><br \/>\n\u2022 Edicte llista provisional admesos i exclosos <a href=\"https:\/\/museros.org\/wp-content\/uploads\/2021\/04\/Edicte-llista-provisional-admesos-i-exclosos.pdf\" target=\"_blank\" rel=\"noopener\">pdf&gt;<\/a><br \/>\n\u2022 Edicte bases selecci\u00f3 t\u00e8cnic o t\u00e8cnica superior en Educaci\u00f3 Infantil amb contracte de relleu (1) <a href=\"https:\/\/museros.org\/wp-content\/uploads\/2021\/04\/Edicte-bases-seleccio\u0301-te\u0300cnic-o-te\u0300cnica-superior-en-Educacio\u0301-Infantil-amb-contracte-de-relleu-1.pdf\" target=\"_blank\" rel=\"noopener\">pdf&gt;<\/a><br \/>\n\u2022 Acta t\u00e8cnica superior educaci\u00f3 infantil <a href=\"https:\/\/museros.org\/wp-content\/uploads\/2021\/04\/Acta-te\u0300cnica-superior-educacio\u0301-infantil.pdf\" target=\"_blank\" rel=\"noopener\">pdf&gt;<\/a><br \/>\n\u2022 Acta 2 T\u00e8cnica Superior Educaci\u00f3n Infantil <a href=\"https:\/\/museros.org\/wp-content\/uploads\/2021\/04\/Acta-2-Te\u0300cnica-Superior-Educacio\u0301n-Infantil.pdf\" target=\"_blank\" rel=\"noopener\">pdf&gt;<\/a><br \/>\n[\/et_pb_accordion_item][et_pb_accordion_item title=\u00bbOficial de la Policia Local de Museros\u00bb open_toggle_text_color=\u00bb#000000&#8243; _builder_version=\u00bb4.27.4&#8243; _module_preset=\u00bbdefault\u00bb global_colors_info=\u00bb{}\u00bb toggle_text_color=\u00bb#990000&#8243; open=\u00bboff\u00bb]\u2022 Sol\u00b7licitud oficial de policia local <a href=\"https:\/\/museros.org\/wp-content\/uploads\/2021\/04\/Sol\u00b7licitud-oficial-de-policia-local.pdf\" target=\"_blank\" rel=\"noopener\">pdf&gt;<\/a><br \/>\n\u2022 Resoluci\u00f3n composici\u00f3n \u00f3rgano t\u00e9cnico selecci\u00f3n de oficial de polic\u00eda local <a href=\"https:\/\/museros.org\/wp-content\/uploads\/2021\/04\/Resolucio\u0301n-composicio\u0301n-o\u0301rgano-te\u0301cnico-seleccio\u0301n-de-oficial-de-polici\u0301a-local.pdf\" target=\"_blank\" rel=\"noopener\">pdf&gt;<\/a><br \/>\n\u2022 Edicto lista provisional oficial de polic\u00eda local <a href=\"https:\/\/museros.org\/wp-content\/uploads\/2021\/04\/Edicto-lista-provisional-oficial-de-polici\u0301a-local.pdf\" target=\"_blank\" rel=\"noopener\">pdf&gt;<\/a><br \/>\n\u2022 Edicto bases espec\u00edficas bolsa oficial de la polic\u00eda local <a href=\"https:\/\/museros.org\/wp-content\/uploads\/2021\/04\/EDICTO-BASES-ESPECI\u0301FICAS-BOLSA-OFICIAL-DE-LA-POLICI\u0301A-LOCAL.pdf\" target=\"_blank\" rel=\"noopener\">pdf&gt;<\/a><br \/>\n[\/et_pb_accordion_item][\/et_pb_accordion][\/et_pb_column][\/et_pb_row][et_pb_row _builder_version=\u00bb4.16&#8243; _module_preset=\u00bbdefault\u00bb global_colors_info=\u00bb{}\u00bb][et_pb_column type=\u00bb4_4&#8243; _builder_version=\u00bb4.16&#8243; _module_preset=\u00bbdefault\u00bb global_colors_info=\u00bb{}\u00bb][et_pb_divider color=\u00bb#E02B20&#8243; divider_weight=\u00bb4px\u00bb _builder_version=\u00bb4.16&#8243; _module_preset=\u00bbdefault\u00bb global_colors_info=\u00bb{}\u00bb][\/et_pb_divider][\/et_pb_column][\/et_pb_row][\/et_pb_section]<\/p>\n","protected":false},"excerpt":{"rendered":"<p>Informaci\u00f3n general para las personas aspirantes sobre la presentaci\u00f3n de solicitudes para participar en los procesos de selecci\u00f3n del Ayuntamiento de Museros\u00a0 pdf&gt; Bases generales que regir\u00e1n las convocatorias para proveer en propiedad plazas de personal funcionario y personal laboral fijo, as\u00ed como constituci\u00f3n de bolsas de empleo temporal y mejora de empleo del Ayuntamiento [&hellip;]<\/p>\n","protected":false},"author":8,"featured_media":0,"parent":0,"menu_order":0,"comment_status":"closed","ping_status":"closed","template":"","meta":{"_et_pb_use_builder":"on","_et_pb_old_content":"","_et_gb_content_width":"","_mc_calendar":[],"footnotes":""},"wf_page_folders":[156],"class_list":["post-241679","page","type-page","status-publish","hentry"],"_links":{"self":[{"href":"https:\/\/museros.org\/inici\/wp-json\/wp\/v2\/pages\/241679","targetHints":{"allow":["GET"]}}],"collection":[{"href":"https:\/\/museros.org\/inici\/wp-json\/wp\/v2\/pages"}],"about":[{"href":"https:\/\/museros.org\/inici\/wp-json\/wp\/v2\/types\/page"}],"author":[{"embeddable":true,"href":"https:\/\/museros.org\/inici\/wp-json\/wp\/v2\/users\/8"}],"replies":[{"embeddable":true,"href":"https:\/\/museros.org\/inici\/wp-json\/wp\/v2\/comments?post=241679"}],"version-history":[{"count":422,"href":"https:\/\/museros.org\/inici\/wp-json\/wp\/v2\/pages\/241679\/revisions"}],"predecessor-version":[{"id":279468,"href":"https:\/\/museros.org\/inici\/wp-json\/wp\/v2\/pages\/241679\/revisions\/279468"}],"wp:attachment":[{"href":"https:\/\/museros.org\/inici\/wp-json\/wp\/v2\/media?parent=241679"}],"wp:term":[{"taxonomy":"wf_page_folders","embeddable":true,"href":"https:\/\/museros.org\/inici\/wp-json\/wp\/v2\/wf_page_folders?post=241679"}],"curies":[{"name":"wp","href":"https:\/\/api.w.org\/{rel}","templated":true}]}}